{"id":5387,"date":"2022-12-15T09:05:07","date_gmt":"2022-12-15T08:05:07","guid":{"rendered":"https:\/\/niematerialne.nid.pl\/?page_id=5387"},"modified":"2026-02-26T17:02:15","modified_gmt":"2026-02-26T16:02:15","slug":"krajowa-lista-niematerialnego-dziedzictwa-kulturowego","status":"publish","type":"page","link":"https:\/\/niematerialne.nid.pl\/en\/krajowa-lista-niematerialnego-dziedzictwa-kulturowego\/","title":{"rendered":"National List of Intangible Cultural Heritage"},"content":{"rendered":"<p>[et_pb_section fb_built=&#8221;1&#8243; _builder_version=&#8221;4.16&#8243; _module_preset=&#8221;default&#8221; custom_padding=&#8221;0px||0px|||&#8221; global_colors_info=&#8221;{}&#8221;][et_pb_row _builder_version=&#8221;4.27.4&#8243; _module_preset=&#8221;default&#8221; background_image=&#8221;https:\/\/niematerialne.nid.pl\/wp-content\/uploads\/2025\/01\/niematerialne_header.jpg&#8221; width=&#8221;100%&#8221; max_width=&#8221;100%&#8221; height=&#8221;520px&#8221; custom_margin=&#8221;|auto||auto|false|false&#8221; custom_padding=&#8221;0px||0px|||&#8221; global_colors_info=&#8221;{}&#8221;][et_pb_column type=&#8221;4_4&#8243; _builder_version=&#8221;4.16&#8243; _module_preset=&#8221;default&#8221; global_colors_info=&#8221;{}&#8221;][\/et_pb_column][\/et_pb_row][\/et_pb_section][et_pb_section fb_built=&#8221;1&#8243; _builder_version=&#8221;4.16&#8243; _module_preset=&#8221;default&#8221; custom_padding=&#8221;0px|0px|0px|0px|false|false&#8221; global_colors_info=&#8221;{}&#8221;][et_pb_row _builder_version=&#8221;4.16&#8243; _module_preset=&#8221;default&#8221; width=&#8221;100%&#8221; max_width=&#8221;100%&#8221; custom_padding=&#8221;50px|50px|50px|50px|false|false&#8221; locked=&#8221;off&#8221; global_colors_info=&#8221;{}&#8221;][et_pb_column type=&#8221;4_4&#8243; _builder_version=&#8221;4.16&#8243; _module_preset=&#8221;default&#8221; global_colors_info=&#8221;{}&#8221;][et_pb_text module_id=&#8221;backButtonBox&#8221; _builder_version=&#8221;4.7.4&#8243; _module_preset=&#8221;default&#8221; custom_margin=&#8221;0px|0px|0px|0px|false|false&#8221; custom_padding=&#8221;0px|0px|0px|0px|false|false&#8221; global_module=&#8221;2594&#8243; locked=&#8221;off&#8221; global_colors_info=&#8221;{}&#8221;]<\/p>\n<div class=\"backButton\" onclick=\"javascript:window.history.back();\"><span>\u2190<\/span>Powr\u00f3t<\/div>\n<p>[\/et_pb_text][et_pb_divider _builder_version=&#8221;4.16&#8243; _module_preset=&#8221;default&#8221; background_color=&#8221;#e52330&#8243; height=&#8221;5px&#8221; custom_margin=&#8221;0px||25px||false|false&#8221; custom_padding=&#8221;0px||0px||false|false&#8221; global_colors_info=&#8221;{}&#8221;][\/et_pb_divider][et_pb_text _builder_version=&#8221;4.16&#8243; _dynamic_attributes=&#8221;content&#8221; _module_preset=&#8221;default&#8221; text_font_size=&#8221;26px&#8221; custom_margin=&#8221;||25px||false|false&#8221; custom_padding=&#8221;||||false|false&#8221; global_colors_info=&#8221;{}&#8221;]@ET-DC@eyJkeW5hbWljIjp0cnVlLCJjb250ZW50IjoicG9zdF90aXRsZSIsInNldHRpbmdzIjp7ImJlZm9yZSI6IiIsImFmdGVyIjoiIn19@[\/et_pb_text][et_pb_text _builder_version=&#8221;4.27.5&#8243; _module_preset=&#8221;default&#8221; custom_margin=&#8221;||27px|||&#8221; custom_padding=&#8221;||1px|||&#8221; global_colors_info=&#8221;{}&#8221;]<\/p>\n<p>Ratyfikowana przez Polsk\u0119 Konwencja UNESCO w sprawie ochrony niematerialnego dziedzictwa kulturowego z 2003 r. nak\u0142ada na Pa\u0144stwa-Strony obowi\u0105zek inwentaryzacji przejaw\u00f3w tego dziedzictwa znajduj\u0105cych si\u0119 na ich terytoriach zgodnie z zaleceniami i standardami Konwencji. Krajowa lista niematerialnego dziedzictwa kulturowego ma charakter informacyjny i stanowi realizacj\u0119 tego wymogu poprzez dokumentacj\u0119 \u017cywego niematerialnego dziedzictwa naszego kraju.<\/p>\n<p>Wszystkie \u015brodowiska zwi\u0105zane z praktykowaniem tradycji, zwyczaj\u00f3w, obyczaj\u00f3w, wykonywaniem tradycyjnego rzemios\u0142a i r\u0119kodzie\u0142a, kultywuj\u0105ce pami\u0119\u0107 historyczn\u0105, przechowuj\u0105ce wiedz\u0119 tradycyjn\u0105 i wierzenia, zajmuj\u0105ce si\u0119 tradycjami muzycznymi, widowiskowymi, j\u0119zykowymi i wszelkimi innymi przejawami usankcjonowanej tradycj\u0105 dzia\u0142alno\u015bci cz\u0142owieka zach\u0119camy do zg\u0142aszania tych zjawisk do wpisu na Krajowa list\u0119 niematerialnego dziedzictwa kulturowego.<\/p>\n<p>Wniosek nale\u017cy wys\u0142a\u0107 poczt\u0105 lub z\u0142o\u017cy\u0107 osobi\u015bcie w Kancelarii Narodowego Instytutu Dziedzictwa pod adresem: ul. M. Kopernika 36\/40, 00-924 Warszawa.<\/p>\n<p>&nbsp;<\/p>\n<p><strong>Obecnie na li\u015bcie znajduj\u0105 si\u0119 124 wpisy.<\/strong><\/p>\n<p>[\/et_pb_text][et_pb_text _builder_version=&#8221;4.16&#8243; _module_preset=&#8221;default&#8221; custom_margin=&#8221;||8px|||&#8221; global_colors_info=&#8221;{}&#8221;]<\/p>\n<h5><span style=\"color: #e52330;\"><strong>2014<\/strong><\/span><\/h5>\n<p>[\/et_pb_text][et_pb_toggle title=&#8221;1. Rusznikarstwo artystyczne i historyczne \u2013 wyroby wed\u0142ug tradycyjnej szko\u0142y cieszy\u0144skiej  |  Artistic and historical gunsmithing&#8221; open_toggle_text_color=&#8221;#e52330&#8243; title_last_edited=&#8221;off|tablet&#8221; _builder_version=&#8221;4.27.4&#8243; _module_preset=&#8221;default&#8221; title_font=&#8221;|600|||||||&#8221; closed_title_font=&#8221;|600|||||||&#8221; closed_title_font_size=&#8221;14px&#8221; min_height=&#8221;26px&#8221; custom_margin=&#8221;1px||4px||false|false&#8221; global_colors_info=&#8221;{}&#8221;]<\/p>\n<p style=\"text-align: right;\">Data wpisu na list\u0119:\u00a0<strong>23.05.2014<\/strong><\/p>\n<p><img loading=\"lazy\" decoding=\"async\" src=\"https:\/\/niematerialne.nid.pl\/wp-content\/uploads\/2023\/01\/Rusznikarstwo-artystyczne-i-historyczne-wyroby-wedlug-tradycyjnej-szkoly-cieszynskiej.jpg\" alt=\"Rusznikarstwo artystyczne i historyczne\" width=\"500\" height=\"469\" \/><\/p>\n<p>Sorry, this entry is only available in Polish.<\/p>\n<p><p>  <\/p><\/p>\n<p><p>  <\/p><\/p>\n<p><p>  <\/p><\/p>\n<p><img loading=\"lazy\" decoding=\"async\" src=\"https:\/\/niematerialne.nid.pl\/wp-content\/uploads\/2023\/01\/Rusznikarstwo-artystyczne-i-historyczne-wyroby-wedlug-tradycyjnej-szkoly-cieszynskiej-3.jpg\" alt=\"Rusznikarstwo artystyczne i historyczne\" width=\"500\" height=\"469\" \/><\/p>\n<p><p>  <\/p><\/p>\n<p><p>  <\/p>\u00a0<\/p>\n<p>[\/et_pb_toggle][et_pb_toggle title=&#8221;2. Szopkarstwo krakowskie   |   The Nativity Scene (szopka) tradition in Krak\u00f3w&#8221; open_toggle_text_color=&#8221;#e52330&#8243; _builder_version=&#8221;4.27.4&#8243; _module_preset=&#8221;default&#8221; title_font=&#8221;|600|||||||&#8221; closed_title_font=&#8221;|600|||||||&#8221; closed_title_font_size=&#8221;14px&#8221; min_height=&#8221;26px&#8221; custom_margin=&#8221;1px||4px||false|false&#8221; global_colors_info=&#8221;{}&#8221;]<\/p>\n<p style=\"text-align: right;\">\u00a0Data wpisu na list\u0119: <strong>23.05.2014<\/strong><\/p>\n<p><img loading=\"lazy\" decoding=\"async\" src=\"https:\/\/niematerialne.nid.pl\/wp-content\/uploads\/2023\/01\/Szopkarstwo-krakowskie.jpg\" alt=\"Szopkarstwo krakowskie\" width=\"500\" height=\"505\" \/><\/p>\n<p>Zwyczaj budowania szopek w okresie \u015bwi\u0105t Bo\u017cego Narodzenia wywodzi si\u0119 tradycji statycznych szopek \u015bwi\u0105tecznych oraz jase\u0142ek, niegdy\u015b wystawianych w ko\u015bcio\u0142ach w okresie \u015bwi\u0105t Bo\u017cego Narodzenia. Przewa\u017cnie by\u0142y to stajenki betlejemskie na tle skalistego krajobrazu. Umieszczano w nich figurki Dzieci\u0105tka w \u017c\u0142obku, Maryi, J\u00f3zefa.<\/p>\n<p>Pierwsze szopki powsta\u0142y w po\u0142owie XIX w. Tworzyli je cie\u015ble, murarze z podkrakowskich okolic, g\u0142\u00f3wnie ze Zwierzy\u0144ca. By\u0142o to dla nich dodatkowe zaj\u0119cie w czasie martwego sezonu budowlanego. W okresie \u015bwi\u0105t chodzili ze swymi szopkami po domach. Od 2 po\u0142. XIX w. w\u015br\u00f3d murarzy i robotnik\u00f3w budowlanych w Krakowie zacz\u0105\u0142 powstawa\u0107 swego rodzaju odr\u0119bny cech szopkarzy.<\/p>\n<p>Od dziesi\u0119cioleci niematerialne dziedzictwo kulturowe \u2013 tworzenie szopki krakowskiej, jest stale odtwarzane przez cz\u0142onk\u00f3w wsp\u00f3lnoty w relacji z ich otoczeniem \u2013 miastem Krakowem. Szopkarstwo krakowskie jest tradycyjnym rzemios\u0142em, kt\u00f3re przekazywane jest z pokolenia na pokolenie zapewniaj\u0105c jego nieustanne trwanie od XIX wieku.<\/p>\n<p>Od 1937 roku \u2013 z przerw\u0105 na lata II wojny \u015bwiatowej \u2013 zawsze w grudniu, odbywa si\u0119 konkurs, podczas kt\u00f3rego prezentowane s\u0105 r\u0119kodzie\u0142a. Tradycyjnie przynoszone s\u0105 one na Rynek G\u0142\u00f3wny w Krakowie i ustawiane u st\u00f3p pomnika Adama Mickiewicza. Od 1946 roku organizatorem konkursu jest Muzeum Historyczne Miasta Krakowa. Wsp\u00f3lnot\u0119 krakowskich szopkarzy tworz\u0105 cz\u0142onkowie o silnym poczuciu jedno\u015bci i to\u017csamo\u015bci lokalnej.<\/p>\n<p>Do \u015brodowiska szopkarzy nale\u017c\u0105 przedstawiciele czterech pokole\u0144, dla kt\u00f3rych coroczny konkurs na najpi\u0119kniejsz\u0105 szopk\u0119 krakowsk\u0105 jest zwie\u0144czeniem kilkumiesi\u0119cznych przygotowa\u0144 i pracy. W\u015br\u00f3d kilkudziesi\u0119ciu czynnych szopkarzy szczeg\u00f3ln\u0105 rol\u0119 w \u015brodowisku pe\u0142ni\u0105 tw\u00f3rcy, kt\u00f3rzy od pokole\u0144 podtrzymuj\u0105 tradycj\u0119 i dbaj\u0105 o jej rodzinny przekaz (Stanis\u0142aw, Andrzej, Anna i Rozalia Malikowie, Lucyna Paczy\u0144ska i Dariusz Czy\u017c, Marian D\u0142u\u017cniewski i Marzena Krawczyk, Tadeusz i Zbigniew Gillertowie, Jacek i Marek G\u0142uchowie, Edward i Marek Markowscy), s\u0105 cenionymi kontynuatorami tradycji nieprzerwanie od dziesi\u0119cioleci (Maciej Moszew, Jan Kirsz, Pawe\u0142 Nawa\u0142a, Kazimierz Stopi\u0144ski, Leszek Zarzycki, Marian Wi\u0119cek, Piotr Michalczyk), s\u0105 najm\u0142odszym, czynnym od kilku lat i ambitnym pokoleniem, kt\u00f3rych zainteresowa\u0142a tradycja i jej dziedzictwo Krakowa (Katarzyna Racka, Filip Fotomajczyk).<\/p>\n<p><img loading=\"lazy\" decoding=\"async\" src=\"https:\/\/niematerialne.nid.pl\/wp-content\/uploads\/2023\/01\/Szopkarstwo-krakowskie-2.jpg\" width=\"500\" height=\"469\" \/><\/p>\n<p>Konstrukcja szopki jest wykonana z listewek lub tektury i oklejona kolorowym papierem, staniolem. Ka\u017cda szopka zawiera scen\u0119 Bo\u017cego Narodzenia, kt\u00f3rej towarzysz\u0105 anio\u0142owie, trzej kr\u00f3lowie, pasterze i zwierz\u0119ta. Ponadto nawi\u0105zuje ona do wydarze\u0144 historycznych, prezentuj\u0105c znane postacie (bohater\u00f3w narodowych, postacie historyczne) tak\u017ce z legend krakowskich, folkloru miejskiego, w strojach ludowych (krakowiacy, g\u00f3rale) i znane wsp\u00f3\u0142cze\u015bnie osobisto\u015bci.<\/p>\n<p>Artystyczne rzemios\u0142o, kt\u00f3rym jest krakowskie szopkarstwo z biegiem lat ulega aktualizacji zgodnie z procesem jego rozwoju pod wp\u0142ywem zmieniaj\u0105cych si\u0119 potrzeb, warunk\u00f3w i okoliczno\u015bci. Najwa\u017cniejsze jednak, wi\u0119c wizualne nawi\u0105zywanie do architektury najwa\u017cniejszych zabytk\u00f3w Krakowa pozostaje niezmiennie. Stanowi lokalne zjawisko kulturowe, kt\u00f3re bardzo silnie wpisa\u0142o si\u0119 w tradycj\u0119 miasta Krakowa, a tak\u017ce Polski i \u015bwiata.<span style=\"font-size: 14px;\">\u00a0<\/span><\/p>\n<p>&#8211; &#8211; &#8211;<span style=\"font-size: 14px;\"><\/span><\/p>\n<p style=\"text-align: right;\">Date of the inclusion in the inventory: <strong>May 23, 2014<\/strong><\/p>\n<p>The Nativity Scene (szopka) tradition in Krakow The Nativity Scene (szopka) Christmas tradition derives from the tradition of stationary Christmas cribs and nativity plays that were staged in churches during Christmas time. Contrary to the first crib that presented the birth of Christ in a crib against a rocky background . Krak\u00f3w cribs located the Holy Family in the scenery of the city.<\/p>\n<p>The first Nativity scenes were made in the middle of 19th century by carpenters and bricklayers from the Krak\u00f3w area. mainly from Zwierzyniec. It enabled them to earn extra income in the dead ofwinter, when construction jobs were scarce. During Christmas, the cribs were carried by door-todoor carollers who obtained donations in return for a visit.\u00a0From the second half of the 19th century. the bricklayers and construction workers of Krak\u00f3w who specialised in making szopkas began to form a kind of a separate guild.<\/p>\n<p>For decades, the intangible cultural heritage of the Nativity Scene tradition in Krak\u00f3w has been continuously recreated by the members ofthe community and the citizens ofKrak\u00f3w. The szopka tradition is a traditional craft, which is transmitted from generation to generation, which has guaranteed its continuity since the 19th century.<\/p>\n<p>Since 1937- except for the World War 11 period- a competition presenting such artefacts has taken place each December. These works of art are traditionally brought to the Main Square of Krak\u00f3w and placed at the footsteps of the Adam Mickiewicz monument. Since 1946, the Historical Museum of the City of Krak\u00f3w has been responsible for organising this competition. The annual contest for the most beautiful szopka crowns several months of preparations and labour of the Krak\u00f3w szopka makers.<\/p>\n<p>The crib-making community encompasses four generations, for whom the competition for the most beautiful szopka marks an end to months of preparations and work. Among the group of several active constructors, the most active are the ones which have kept this tradition alive and transmitted it within families (Stanislaw, Anna and Rozalia Malik. Lucyna Paczynska and Dariusz Czyz, Marian Dluzniewski and Marzena Krawczyk, Tadeusz and Zbigniew Gillert. Jacek and Marek Gluch, Edward and Marek Markowski). Some of them have continued the tradition for decades (Maciej Moszew. Jan Kirsz, Pawel Nawata, Kazimierz Stopinski, Leszek Zarzycki, Marian Witrcek, Piotr Michalczyk). Others belong to the youngest. ambitious generation which has just became interested in this tradition and the heritage ofKrak\u00f3w (Katarzyna Racka, Filip Fotomajczyk).<\/p>\n<p><span style=\"font-size: 14px;\"><\/span><\/p>\n<p>[\/et_pb_toggle][et_pb_toggle title=&#8221;3. Poch\u00f3d Lajkonika  |  The procession of Lajkonik&#8221; open_toggle_text_color=&#8221;#e52330&#8243; _builder_version=&#8221;4.16&#8243; _module_preset=&#8221;default&#8221; title_font=&#8221;|600|||||||&#8221; closed_title_font=&#8221;|600|||||||&#8221; closed_title_font_size=&#8221;14px&#8221; min_height=&#8221;26px&#8221; custom_margin=&#8221;1px||4px||false|false&#8221; global_colors_info=&#8221;{}&#8221;]<\/p>\n<p style=\"text-align: right;\">Data wpisu na list\u0119:\u00a0<strong>23.05.2014<\/strong><\/p>\n<p><img loading=\"lazy\" decoding=\"async\" src=\"https:\/\/niematerialne.nid.pl\/wp-content\/uploads\/2023\/01\/Pochod-Lajkonika.jpg\" alt=\"Poch\u00f3d Lajkonika\" width=\"500\" height=\"469\" \/><\/p>\n<p>Poch\u00f3d Lajkonika, zwanego r\u00f3wnie\u017c Konikiem Zwierzynieckim, to doroczny zwyczaj i jednocze\u015bnie widowisko, kt\u00f3re odbywa si\u0119 na ulicach Krakowa w oktaw\u0119 \u015bwi\u0119ta Bo\u017cego Cia\u0142a (w nast\u0119pny czwartek przypadaj\u0105cy po tym \u015bwi\u0119cie) daj\u0105c w ten spos\u00f3b uczestnikom korowodu poczucie trwania spo\u0142eczno\u015bci w czasie i stanowi\u0105c istotny czynnik tworz\u0105cy to\u017csamo\u015b\u0107 grupow\u0105 i indywidualn\u0105.<\/p>\n<p>Zwyczaj ten polega na przemarszu przez Krak\u00f3w barwnego orszaku, kt\u00f3rego g\u0142\u00f3wn\u0105 postaci\u0105 jest je\u017adziec przebrany za Tatara i dosiadaj\u0105cy sztucznego konika i poruszaj\u0105cy si\u0119 faktycznie na w\u0142asnych nogach. Zwi\u0105zane jest to bowiem z legend\u0105 (potwierdzon\u0105 po raz pierwszy w 1820 roku), wedle kt\u00f3rej Krak\u00f3w zosta\u0142 ocalony przed najazdem tatarskim w XIII wieku za spraw\u0105 dzielnych w\u0142\u00f3czk\u00f3w (flisak\u00f3w wi\u015blanych) zamieszkuj\u0105cych wie\u015b Zwierzyniec na przedmie\u015bciach Krakowa. Zaatakowali oni z zasadzki zbli\u017caj\u0105cych si\u0119 Tatar\u00f3w i zabili ich wodza. Nast\u0119pnie jeden z w\u0142\u00f3czk\u00f3w ubra\u0142 si\u0119 w szaty tatarskiego chana i triumfalnie wjecha\u0142 do Krakowa. Rzeczywista geneza zwyczaju Lajkonika jest jednak niewyja\u015bniona. By\u0107 mo\u017ce wywodzi si\u0119 on z popularnego w\u015br\u00f3d mieszka\u0144c\u00f3w podkrakowskich wsi obrz\u0119du koniarza, czyli chodzenia na wiosn\u0119 z drewnianym konikiem.<\/p>\n<p>W pierwszej po\u0142owie XIX wieku ukszta\u0142towa\u0142 si\u0119 przebieg obchodu Lajkonika, kt\u00f3ry pozostaje niezmieniony do dzi\u015b. Najwa\u017cniejsz\u0105 postaci\u0105 w czasie uroczysto\u015bci jest oczywi\u015bcie sam Lajkonik. Jest on ubrany w fantastyczny str\u00f3j z elementami orientalnymi. Ucharakteryzowany jest na Tatara nosz\u0105cego g\u0119st\u0105 czarn\u0105 brod\u0105, a w r\u0119ku trzyma drewnian\u0105 bu\u0142aw\u0119. Bia\u0142y konik, w kt\u00f3rego wn\u0119trzu znajduje si\u0119 je\u017adziec r\u00f3wnie\u017c jest bogato udekorowany za pomoc\u0105 wysadzanego per\u0142ami i koralami czapraka, dzwoneczk\u00f3w i pi\u00f3ropusza z pawich pi\u00f3r. Za Lajkonikiem pod\u0105\u017c\u0105 orszak z\u0142o\u017cony z 36 os\u00f3b. Orszak zamyka 9-osobowa kapela zwana \u201eMlaskotami\u201d (od nazwiska rodziny, kt\u00f3ra do 1914 roku gra\u0142a muzyk\u0119 w czasie uroczysto\u015bci). Graj\u0105 oni na skrzypcach, tr\u0105bce, flecie, klarnecie, harmonii, basie i b\u0119bnie tradycyjne krakowskie melodie (krakowiaki, lajkoniki, walce, oberki, marsze), do kt\u00f3rych Lajkonik wykonuje ta\u0144ce na ca\u0142ej trasie pochodu.<\/p>\n<p>Cz\u0142onkowie grupy nie s\u0105 aktorami, kt\u00f3rzy realizuj\u0105 spisany scenariusz; stanowi\u0105 grup\u0119 os\u00f3b posiadaj\u0105cych wiedz\u0119 dotycz\u0105c\u0105 \u015bci\u015ble okre\u015blonego i niezmiennego przebiegu uroczysto\u015bci Lajkonika, kt\u00f3ra zosta\u0142a im przekazana przez wcze\u015bniejsze pokolenie (w niekt\u00f3rych przypadkach cz\u0142onk\u00f3w rodzin) bior\u0105ce w niej udzia\u0142. Cz\u0142onkowie grupy zdaj\u0105 sobie spraw\u0119 z wielowiekowej tradycji urz\u0105dzania pochodu Lajkonika, czuj\u0105 dum\u0119 z faktu bycia cz\u0142onkiem orszaku i uwa\u017caj\u0105 coroczny udzia\u0142 w uroczysto\u015bci za istotny element w\u0142asnej to\u017csamo\u015bci lokalnej.<\/p>\n<p><img loading=\"lazy\" decoding=\"async\" src=\"https:\/\/niematerialne.nid.pl\/wp-content\/uploads\/2023\/01\/Pochod-Lajkonika-2.jpg\" alt=\"Poch\u00f3d Lajkonika\" width=\"500\" height=\"469\" \/><\/p>\n<p>Zwyczaj Lajkonika zwi\u0105zany jest nierozerwalnie z okre\u015blon\u0105 przestrzeni\u0105 kulturow\u0105, czyli tras\u0105 pokonywan\u0105 od wiek\u00f3w przez orszak Lajkonika z krakowskiego Zwierzy\u0144ca (dawniej wsi na przedmie\u015bciach Krakowa, obecnie dzielnicy miasta) do Rynku G\u0142\u00f3wnego. Z tras\u0105 t\u0105 zwi\u0105zane s\u0105 niezmienne praktyki i zachowania cz\u0142onk\u00f3w orszaku, przede wszystkim ta\u0144ce Lajkonika z chor\u0105gwi\u0105 w \u015bci\u015ble okre\u015blonych miejscach i o sta\u0142ej porze, czy wizyty w lokalach, kt\u00f3re maj\u0105 nie zmienion\u0105 siedzib\u0119 od dziesi\u0105tek lat\u2026 Z pochodem Lajkonika zwi\u0105zane s\u0105 charakterystyczne stroje i ekwipunek cz\u0142onk\u00f3w, kt\u00f3re u\u017cywane s\u0105 tylko raz do roku w czasie pochodu, a tak\u017ce lokalna muzyka, kt\u00f3ra grana jest przez kapel\u0119 \u201eMlaskoty\u201d wchodz\u0105c\u0105 w sk\u0142ad orszaku.<\/p>\n<p>Poch\u00f3d Lajkonika jest z pewno\u015bci\u0105 dla uczestnik\u00f3w orszaku bardzo wa\u017cn\u0105 tradycj\u0105. Wielu z nich bierze w niej udzia\u0142, poniewa\u017c zast\u0105pili w orszaku swoich rodzic\u00f3w i dziadk\u00f3w. Niekt\u00f3rzy sprawuj\u0105 funkcje w orszaku od 20, 30 a nawet 40 lat. Wi\u0119kszo\u015b\u0107 zna poch\u00f3d Lajkonika od dziecka, kiedy jako widzowie przygl\u0105dali si\u0119 przemarszowi orszaku.[\/et_pb_toggle][et_pb_toggle title=&#8221;4. Flisackie tradycje w Ulanowie  |  Rafting traditions of Ulan\u00f3w&#8221; open_toggle_text_color=&#8221;#e52330&#8243; _builder_version=&#8221;4.16&#8243; _module_preset=&#8221;default&#8221; title_font=&#8221;|600|||||||&#8221; closed_title_font=&#8221;|600|||||||&#8221; closed_title_font_size=&#8221;14px&#8221; min_height=&#8221;26px&#8221; custom_margin=&#8221;1px||4px||false|false&#8221; global_colors_info=&#8221;{}&#8221;]<\/p>\n<p style=\"text-align: right;\">Data wpisu na list\u0119:<strong>\u00a023.05.2014<\/strong><\/p>\n<p><img loading=\"lazy\" decoding=\"async\" src=\"https:\/\/niematerialne.nid.pl\/wp-content\/uploads\/2023\/01\/Flisackie-tradycje-w-Ulanowie.jpg\" alt=\"Flisacy\" width=\"500\" height=\"463\" \/><\/p>\n<p>Ulan\u00f3w po\u0142o\u017cony nad uj\u015bciem Tanwi do Sanu stanowi\u0142 przez d\u0142ugi okres wa\u017cne centrum handlu i transportu wodnego Sanem i Wis\u0142\u0105 do Warszawy i Gda\u0144ska. Dlatego zwano go \u201eGalicyjskim Gda\u0144skiem\u201d. Usytuowanie miasteczka sprawi\u0142o, i\u017c \u00f3wcze\u015bni mieszka\u0144cy bardzo cz\u0119sto zajmowali si\u0119 zawodowo flisactwem.<\/p>\n<p>Flisactwo w Ulanowie w obecnej formie jest wci\u0105\u017c \u017cywym zjawiskiem, g\u0142\u00f3wnie za spraw\u0105 cz\u0142onk\u00f3w Bractwa Flisackiego p.w. \u015aw. Barbary, kt\u00f3rzy wiedz\u0119 i umiej\u0119tno\u015bci z zakresu flisactwa przekazuj\u0105 kolejnym pokoleniom. W swoich dzia\u0142aniach Bractwo Flisackie nawi\u0105zuje do tradycji flisackich i d\u0105\u017cy do rozwijania i kultywowania wsp\u00f3\u0142czesnych form tego\u017c dziedzictwa w lokalnej spo\u0142eczno\u015bci. Bractwo prowadzi sp\u0142ywy rzekami Sanem, Wis\u0142\u0105, Odr\u0105 i Wart\u0105.<\/p>\n<p>Kultywowane tradycje flisackie obejmuj\u0105 r\u00f3wnie\u017c wiele innych element\u00f3w dziedzictwa niematerialnego, takich jak: gwara, nazewnictwo, pie\u015bni, czy obrz\u0119dy flisackie. Szczeg\u00f3lnie widowiskowy jest obrz\u0119d promowania nowych adept\u00f3w na flisak\u00f3w zwyczajnych lub honorowych. Odbywa si\u0119 to zgodnie z tradycj\u0105 na tratwie i zwie chrztem frycowym.<\/p>\n<p>Du\u017cy wk\u0142ad w ochron\u0119 obyczaj\u00f3w i gwary flisackiej wnios\u0142a sztuka \u201eFrycowy pacierz\u201d, napisana przez cechmistrza Zdzis\u0142awa Nikolasa. Fragmenty tej sztuki wielokrotnie by\u0142y wystawiane przez tutejsz\u0105 m\u0142odzie\u017c szkoln\u0105 jako ilustracja \u017cycia na tratwie.<\/p>\n<p>Obok grupy flisak\u00f3w w Bractwie r\u00f3wnie\u017c aktywnie dzia\u0142aj\u0105 mieszczki ulanowskie, kt\u00f3re promuj\u0105 jad\u0142o flisackie i tradycje.<\/p>\n<p>Flisacy bardzo cz\u0119sto s\u0105 zapraszani do ulanowskiego gimnazjum, gdzie w ramach lekcji o regionalizmie przekazuj\u0105 uczniom wiedz\u0119 o tradycjach flisackich Ulanowa oraz dziel\u0105 si\u0119 swoimi do\u015bwiadczeniami i wra\u017ceniami z organizowanych flis\u00f3w.<\/p>\n<p>&nbsp;[\/et_pb_toggle][et_pb_toggle title=&#8221;5. Procesja Bo\u017cego Cia\u0142a w \u0141owiczu  |  Corpus Christi celebrations in \u0141owicz&#8221; open_toggle_text_color=&#8221;#e52330&#8243; _builder_version=&#8221;4.27.4&#8243; _module_preset=&#8221;default&#8221; title_font=&#8221;|600|||||||&#8221; closed_title_font=&#8221;|600|||||||&#8221; closed_title_font_size=&#8221;14px&#8221; min_height=&#8221;26px&#8221; custom_margin=&#8221;1px||4px||false|false&#8221; global_colors_info=&#8221;{}&#8221;]<\/p>\n<p style=\"text-align: right;\">Data wpisu na list\u0119:\u00a0<strong>23.05.2014<\/strong><\/p>\n<p><img loading=\"lazy\" decoding=\"async\" src=\"https:\/\/niematerialne.nid.pl\/wp-content\/uploads\/2023\/01\/Procesja-Bozego-Ciala-w-Lowiczu.jpg\" alt=\"\u0141owicz\" width=\"500\" height=\"468\" \/><\/p>\n<p>Procesja Bo\u017cego Cia\u0142a w \u0141owiczu stanowi zwyczaj praktykowany w szczeg\u00f3lny spos\u00f3b od pokole\u0144 przez mieszka\u0144c\u00f3w \u0141owicza i okolic, zwi\u0105zany silnie z przestrzeni\u0105 miasta \u0141owicza i katedr\u0105 \u0142owick\u0105.<\/p>\n<p>Bo\u017ce Cia\u0142o &#8211; to jedno z najwa\u017cniejszych \u015bwi\u0105t w ko\u015bciele katolickim. W 1264 roku papie\u017c Urban IV bull\u0105 \u201eTransiturus de hoc mundo\u201d skierowan\u0105 do patriarch\u00f3w ca\u0142ego Ko\u015bcio\u0142a ustanowi\u0142 uroczysto\u015b\u0107 Naj\u015bwi\u0119tszego Cia\u0142a i Krwi Chrystusa. Przypuszczalnie wtedy te\u017c otrzyma\u0142 te bull\u0119 arcybiskup gnie\u017anie\u0144ski (patriarcha Ko\u015bcio\u0142a Polskiego). W Ko\u015bcio\u0142ach Partykularnych Uroczysto\u015b\u0107 ta nie od razu zosta\u0142a przyj\u0119ta. Sob\u00f3r w Vienne w 1311 roku przypomnia\u0142 wszystkim lokalnym Ko\u015bcio\u0142om o celebracji tej Uroczysto\u015bci. Do jej rozpowszechnienia przyczyni\u0142a si\u0119 procesja b\u0119d\u0105ca g\u0142\u00f3wnie adoracj\u0105 Jezusa Chrystusa pod postaci\u0105 hostii. Wkr\u00f3tce jednak, bo ju\u017c w XV wieku modlitw\u0119 wielbi\u0105c\u0105 uzupe\u0142niono o proszaln\u0105. \u015awi\u0119tu nadano bowiem tak\u017ce charakter pro\u015bby o pogod\u0119, urodzaj, odsuni\u0119cie kl\u0119sk \u017cywio\u0142owych. Wtedy te\u017c wprowadzono zwyczaj czytania lub \u015bpiewania fragment\u00f3w ewangelii przy czterech o\u0142tarzach. By\u0142 on i jest nadal praktykowany w znacznej wi\u0119kszo\u015bci polskich parafii. Wielu wiernych uczestnicz\u0105cych w procesjach na terenie ca\u0142ej Polski przynosi do swych dom\u00f3w ga\u0142\u0105zki ro\u015blin zdobi\u0105cych o\u0142tarze. Jest to cz\u0119sto na\u015bladowanie zachowa\u0144 poprzednich pokole\u0144. Niewiele os\u00f3b pami\u0119ta o znaczeniu tego zwyczaju, o charakterze g\u0142\u00f3wnie magicznym, maj\u0105cym na celu zapewnienie domostwu ochrony i dobrobytu.<\/p>\n<p>Procesja \u0142owicka przebiega w okre\u015blony tradycj\u0105 spos\u00f3b z wykorzystaniem tradycyjnych przedmiot\u00f3w obrz\u0119dowych. Do cech procesji \u0142owickiej nale\u017cy przywdziewanie przez uczestnik\u00f3w od\u015bwi\u0119tnych stroj\u00f3w regionalnych, budowa o\u0142tarzy tradycyjnie w tych samych miejscach, przez okre\u015blone grupy jak r\u00f3wnie\u017c udzia\u0142 Miejsko \u2013 Stra\u017cackiej Orkiestry D\u0119tej.<\/p>\n<p>Tradycje zwi\u0105zane z procesj\u0105 Bo\u017cego Cia\u0142a przekazywane s\u0105 z pokolenia na pokolenie, ca\u0142e rodziny anga\u017cuj\u0105 si\u0119 w dekorowanie o\u0142tarzy, noszenie chor\u0105gwi parafialnych, figur i obraz\u00f3w przedstawiaj\u0105cych \u015bwi\u0119tych, noszenie sztandar\u00f3w, poduszek i sypanie kwiat\u00f3w. Dzie\u0144 Bo\u017cego Cia\u0142a to ogromne \u015bwi\u0119to w wielu rodzinach, a niekt\u00f3re osoby od ponad 54 lat bior\u0105 udzia\u0142 w tych szczeg\u00f3lnych uroczysto\u015bciach, a noszenie chor\u0105gwi parafialnych jest dla nich wielkim honorem i ogromnym wyr\u00f3\u017cnieniem.<\/p>\n<p><img loading=\"lazy\" decoding=\"async\" src=\"https:\/\/niematerialne.nid.pl\/wp-content\/uploads\/2023\/01\/Procesja-Bozego-Ciala-w-Lowiczu-2.jpg\" alt=\"\u0141owicz\" width=\"500\" height=\"528\" \/><\/p>\n<p>Kilkusetletnia historia Procesji Bo\u017cego Cia\u0142a w \u0141owiczu by\u0142a i jest symbolem wiary oraz okazj\u0105 do wyra\u017cenia niezwyk\u0142ego przywi\u0105zania \u0141owiczan do kultury swojego regionu. Wed\u0142ug \u0141owiczan, przekazanie tradycji zwyczaj\u00f3w, obrz\u0119d\u00f3w \u015bwi\u0105tecznych zapewniaj\u0105cych poczucie to\u017csamo\u015bci i ci\u0105g\u0142o\u015bci nast\u0119pnym pokoleniom jest ich obowi\u0105zkiem. Procesja Bo\u017cego Cia\u0142a w \u0141owiczu \u0142\u0105czy rodziny i pokolenia. Wielkie przywi\u0105zanie \u0141owiczan do tej tradycji sprawia, \u017ce wracaj\u0105 z dalekich stron (ze \u015bwiata) do rodzinnego domu by uczestniczy\u0107 w tym wyj\u0105tkowym dla nich \u015bwi\u0119cie.<\/p>\n<p>Przebywanie w \u0141owiczu w Bo\u017ce Cia\u0142o i uczestnictwo we Mszy \u015awi\u0119tej i Procesji, w strojach \u0142owickich, stanowi wa\u017cny czynnik buduj\u0105cy indywidualn\u0105 to\u017csamo\u015b\u0107, a tak\u017ce jest istotnym wyznacznikiem to\u017csamo\u015bci wszystkich mieszka\u0144c\u00f3w \u0141owicza i Ziemi \u0141owickiej. Barwna procesja zachwyca niezwyk\u0142ym klimatem i jest symbolem regionu \u0142owickiego. Razem z bogactwem kultury ludowej opasuj\u0105cej Prymasowski \u0141owicz z jego wielowiekow\u0105 tradycj\u0105 podkre\u015bla odr\u0119bno\u015b\u0107 etniczn\u0105 i jednocze\u015bnie jest ostoj\u0105 polsko\u015bci.<\/p>\n<p>[\/et_pb_toggle][et_pb_toggle title=&#8221;6. J\u0119zyk esperanto jako no\u015bnik kultury esperanckiej  |  Esperanto as a carrier of Esperanto culture&#8221; open_toggle_text_color=&#8221;#e52330&#8243; _builder_version=&#8221;4.16&#8243; _module_preset=&#8221;default&#8221; title_font=&#8221;|600|||||||&#8221; closed_title_font=&#8221;|600|||||||&#8221; closed_title_font_size=&#8221;14px&#8221; min_height=&#8221;26px&#8221; custom_margin=&#8221;1px||4px||false|false&#8221; global_colors_info=&#8221;{}&#8221;]<\/p>\n<p style=\"text-align: right;\">Data wpisu na list\u0119: <strong>31.10.2014<\/strong><\/p>\n<p><img loading=\"lazy\" decoding=\"async\" src=\"https:\/\/niematerialne.nid.pl\/wp-content\/uploads\/2023\/01\/Jezyk-esperanto-jako-nosnik-kultury-esperanckiej.jfif\" alt=\"Esperanto\" width=\"500\" height=\"528\" \/><\/p>\n<p>Esperanto jest j\u0119zykiem mi\u0119dzynarodowym, stworzonym przez urodzonego w Bia\u0142ymstoku Ludwika Zamenhofa (1859-1917), kt\u00f3ry w roku 1887 opublikowa\u0142 podr\u0119cznik wyk\u0142adaj\u0105cy podstawy tego j\u0119zyka, podpisuj\u0105c go pseudonimem Dr Esperanto, co znaczy maj\u0105cy nadziej\u0119; z czasem s\u0142owo \u201eesperanto\u201d przyj\u0119\u0142o si\u0119 jako nazwa samego j\u0119zyka.<\/p>\n<p>Ten stworzony sztucznie j\u0119zyk szybko zacz\u0105\u0142 \u017cy\u0107 w\u0142asnym \u017cyciem i sta\u0142 si\u0119 podstaw\u0105 do konsolidacji rosn\u0105cej grupy pos\u0142uguj\u0105cych si\u0119 nim os\u00f3b. W oparciu o esperanto na przestrzeni blisko 130 lat spo\u0142eczno\u015b\u0107 esperantyst\u00f3w wykszta\u0142ci\u0142a charakterystyczny, oparty na ideach Zamenhofa, \u015bwiatopogl\u0105d, a tak\u017ce zestaw zwyczaj\u00f3w, tradycji, zas\u00f3b literatury, symbolik\u0119, a nawet swoist\u0105 mitologi\u0119. Powsta\u0142o i nadal funkcjonuje wiele organizacji i zwi\u0105zk\u00f3w u\u0142atwiaj\u0105cych utrzymywanie kontaktu i wspieranie si\u0119 w dzia\u0142aniach zwi\u0105zanych z nauk\u0105 i promocj\u0105 esperanta oraz idei og\u00f3lnoludzkiego porozumienia zwi\u0105zanych z tym j\u0119zykiem. W\u015br\u00f3d esperantyst\u00f3w wykszta\u0142ci\u0142a si\u0119 silna identyfikacja i wi\u0119zi grupowe, kt\u00f3re wykraczaj\u0105 ponad \u015bwiadomo\u015b\u0107 to\u017csamo\u015bci narodowej czy etnicznej. Fakt bycia esperantyst\u0105 jest r\u00f3wnoznaczny z wyznawaniem pewnych warto\u015bci i pogl\u0105d\u00f3w.<\/p>\n<p>Do sta\u0142ych tradycji esperanckich nale\u017c\u0105 doroczne \u015awiatowe Kongresy Esperanta, odbywaj\u0105ce si\u0119 co roku w innym kraju czy Artystyczne Konferencje \u201eARKONES\u201d w Poznaniu. Do esperanckiej tradycji nale\u017cy tak\u017ce pami\u0119\u0107 o tw\u00f3rcy j\u0119zyka, dawnych \u015brodowiskach esperanckich i ich wk\u0142adzie w rozw\u00f3j esperanckiej kultury. W trakcie spotka\u0144 esperanckich praktykuje si\u0119 \u015bpiewanie hymnu esperanta, wyg\u0142aszanie przem\u00f3wie\u0144 i opowie\u015bci wspomnieniowych czy anegdot \u015brodowiskowych. Tak\u017ce pogrzeby esperantyst\u00f3w przebiegaj\u0105 w charakterystyczny spos\u00f3b, z po\u017cegnaniem wyg\u0142oszonym w j\u0119zyku esperanto z u\u017cyciem esperanckiej flagi. Za \u015bwi\u0119ta esperanckie uzna\u0107 mo\u017cna wydarzenia po\u015bwi\u0119cone Ludwikowi Zamenhofowi &#8211; dzie\u0144 urodzin (15 grudnia) i \u015bmierci (14 kwietnia).<\/p>\n<p>W j\u0119zyku esperanto wykszta\u0142ci\u0142y si\u0119 idiomy, zwroty i powiedzenia, kt\u00f3re nios\u0105 w sobie warto\u015bci kultury esperanckiej i specyfiki \u015brodowiskowej. Przyk\u0142adem mo\u017ce by\u0107 sformu\u0142owanie grzeczno\u015bciowe \u201eSamideano\u201d, t\u0142umaczone jako \u201eWsp\u00f3\u0142ideowcze\u201d. Istnieje tak\u017ce bogata literatura, tworzona w j\u0119zyku esperanto. Esperancka mitologia zawiera w sobie przede wszystkim stereotypowe wyobra\u017cenia o roli i mo\u017cliwo\u015bciach esperanta, przesadne podkre\u015blanie \u0142atwo\u015bci j\u0119zyka czy wiara w \u201efina venko\u201d &#8211; ko\u0144cowe zwyci\u0119stwo, czyli powszechne wprowadzenie esperanta w kontaktach mi\u0119dzyludzkich.<\/p>\n<p><img loading=\"lazy\" decoding=\"async\" src=\"https:\/\/niematerialne.nid.pl\/wp-content\/uploads\/2023\/01\/Jezyk-esperanto-jako-nosnik-kultury-esperanckiej-1.png\" alt=\"esperanto\" width=\"174\" height=\"116\" \/>\u00a0\u00a0<img loading=\"lazy\" decoding=\"async\" src=\"https:\/\/niematerialne.nid.pl\/wp-content\/uploads\/2023\/01\/Jezyk-esperanto-jako-nosnik-kultury-esperanckiej-2.png\" title=\"esperanto\" border=\"0\" alt=\"esperanto\" width=\"185\" height=\"177\" \/><span>\u00a0<\/span><img loading=\"lazy\" decoding=\"async\" src=\"https:\/\/niematerialne.nid.pl\/wp-content\/uploads\/2023\/01\/Jezyk-esperanto-jako-nosnik-kultury-esperanckiej-3.png\" title=\"esperanto\" border=\"0\" alt=\"esperanto\" width=\"185\" height=\"112\" \/><\/p>\n<p>Kultura esperancka obejmuje tak\u017ce rytua\u0142y i symbole wsp\u00f3lnotowe tworz\u0105ce i podtrzymuj\u0105ce esperanck\u0105 to\u017csamo\u015b\u0107. Symbole esperanckie to przede wszystkim god\u0142o (zielona pi\u0119cioramienna gwiazda), hymn (\u201eLa Espero\u201d &#8211; Nadzieja) i flaga oraz kolor nadziei &#8211; ziele\u0144. Inne symbole to kontury \u015bwiata (\u015bwiatowy zasi\u0119g j\u0119zyka), u\u015bcisk d\u0142oni (przyja\u017a\u0144), wie\u017ca Babel (niemo\u017cliwo\u015b\u0107 porozumienia si\u0119) i drzewo oznaczaj\u0105ce wzrost. Symbole te stosowane s\u0105 na wielu przedmiotach codziennego u\u017cytku i na przedmiotach pami\u0105tkowych.<\/p>\n<p>Sformu\u0142owanie wniosku o wpis \u201eJ\u0119zyka esperanto jako no\u015bnika kultury esperanckiej\u201d na Krajow\u0105 list\u0119 niematerialnego dziedzictwa kulturowego zosta\u0142o poprzedzone konsultacjami spo\u0142ecznymi, kt\u00f3re zaowocowa\u0142y wieloma g\u0142osami poparcia tej inicjatywy zar\u00f3wno ze strony samych esperantyst\u00f3w jak i sympatyk\u00f3w esperanta.<\/p>\n<p>&nbsp;[\/et_pb_toggle][et_pb_toggle title=&#8221;7.\tUmiej\u0119tno\u015b\u0107 wytwarzania instrumentu i praktyka gry na kozie  (dudach podhala\u0144skich)  |  The art of making and playing bagpipes&#8221; open_toggle_text_color=&#8221;#e52330&#8243; _builder_version=&#8221;4.16&#8243; _module_preset=&#8221;default&#8221; title_font=&#8221;|600|||||||&#8221; closed_title_font=&#8221;|600|||||||&#8221; closed_title_font_size=&#8221;14px&#8221; min_height=&#8221;26px&#8221; custom_margin=&#8221;1px||4px||false|false&#8221; global_colors_info=&#8221;{}&#8221;]<\/p>\n<p style=\"text-align: right;\">Data wpisu na list\u0119:\u00a0<strong>16.12.2014<\/strong><\/p>\n<p><img loading=\"lazy\" decoding=\"async\" src=\"https:\/\/niematerialne.nid.pl\/wp-content\/uploads\/2023\/01\/Umiejetnosc-wytwarzania-instrumentu-i-gry-na-kozie.jpg\" alt=\"Koza-podhale\" width=\"500\" height=\"468\" \/><\/p>\n<p>Instrument d\u0119ty zwany koz\u0105 (lub dudami podhala\u0144skimi ) i gra na nim to jeden z najstarszych element\u00f3w kultury g\u00f3rali staropodhala\u0144skich, wywodz\u0105cy si\u0119 bezpo\u015brednio z kultury wo\u0142oskiej. Na podstawie znanych materia\u0142\u00f3w archiwalnych mo\u017cna stwierdzi\u0107, \u017ce spos\u00f3b wykonywania tego instrumentu i gry na nim przekazywany jest z pokolenia na pokolenie i funkcjonuje w przestrzeni kulturowej Podhala co najmniej od XVI wieku.<\/p>\n<p>Koza to instrument polifoniczny, kt\u00f3ry m\u00f3g\u0142 ca\u0142\u0105 orkiestr\u0119, a w\u0142a\u015bciwie kapel\u0119, zast\u0105pi\u0107. Dzieje si\u0119 to dzi\u0119ki skomplikowanej konstrukcji instrumentu, kt\u00f3ry opr\u00f3cz piszcza\u0142ki melodycznej zaopatrzony jest tak\u017ce w piszcza\u0142k\u0119 burdonow\u0105, graj\u0105c\u0105 nieustannie ton podstawowy.<\/p>\n<p>Koza wykonana jest z element\u00f3w sk\u00f3rzanych, drewnianych, a niekiedy tak\u017ce metalowych. Elementy drewniane wykonane s\u0105 najcz\u0119\u015bciej przy u\u017cyciu drewna jaworowego lub z drzew owocowych (\u015bliwy, gruszy lub czere\u015bni). G\u0142\u00f3wk\u0119 wykonuje si\u0119 z jaworu lub lipy. Elementy drewniane zdobione s\u0105 odlewami cynowymi lub rze\u017abione s\u0105 w motywy geometryczne. Instrument sk\u0142ada si\u0119 z czterech zasadniczych cz\u0119\u015bci:<\/p>\n<p style=\"padding-left: 30px;\">1. zbiornika powietrza wykonanego z koziej sk\u00f3ry, \u015bci\u0105gni\u0119tej w odpowiedni, tradycyjny spos\u00f3b;<br \/>2. element\u00f3w drewnianych:<br \/>A) zoomorficznej g\u0142\u00f3wki przypominaj\u0105cej kozic\u0119 z poro\u017cem kozicy alpejskiej,<br \/>B) przebierki: strojonego w tonacji F-dur elementu s\u0142u\u017c\u0105cego do wykonywania melodii. W dudach podhala\u0144skich przebierka jest tr\u00f3jkana\u0142owa przy czym ka\u017cdy kana\u0142 ma osobny stroik. Dwa kana\u0142y s\u0142u\u017c\u0105 do wykonywania melodii, trzeci &#8211; dolny kana\u0142 wydaje d\u017awi\u0119k burdonowy &#8211; graj\u0105cy stale d\u017awi\u0119k C;<br \/>3. b\u0105k &#8211; burdon basowy generuj\u0105cy d\u017awi\u0119k F; sk\u0142adany jest z czterech cz\u0119\u015bci o \u0142\u0105cznej d\u0142ugo\u015bci ok. 70-80 cm, a strojony poprzez wyd\u0142u\u017canie lub skracanie;<br \/>4. duchac &#8211; rurka zaj\u0119ciowa, s\u0142u\u017c\u0105ca do wprowadzenia powietrza do zbiornika, posiada zaw\u00f3r zwrotny.<\/p>\n<p>Obecnie tylko 2 osoby posiadaj\u0105 wiedz\u0119 i umiej\u0119tno\u015bci niezb\u0119dne do wykonania tego instrumentu.<\/p>\n<p><img loading=\"lazy\" decoding=\"async\" src=\"https:\/\/niematerialne.nid.pl\/wp-content\/uploads\/2023\/01\/Umiejetnosc-wytwarzania-instrumentu-i-gry-na-kozie-2.jfif\" alt=\"Koza-podhale\" width=\"512\" height=\"371\" \/><\/p>\n<p>Muzyka grana na kozie zawsze odgrywa\u0142a znacz\u0105c\u0105 rol\u0119 w \u017cyciu Podhalan. Bace zabierali instrument na hale. Muzyka dudziarza z towarzyszeniem z\u0142\u00f3bcok\u00f3w (forma g\u0119\u015bli) rozbrzmiewa\u0142a podczas wesel i innych wydarze\u0144 o charakterze spo\u0142ecznym.<\/p>\n<p>Na prze\u0142omie XIX i XX wieku dudy podhala\u0144skie zacz\u0119\u0142y by\u0107 stopniowo wypierane przez skrzypce. W latach 60-tych XX wieku umiej\u0119tno\u015b\u0107 gry na kozie sta\u0142a si\u0119 zagro\u017cona zanikiem. Ostatnim bac\u0105 graj\u0105cym na tatrza\u0144skich halach by\u0142 J\u00f3zef Galica z Olczy. Pod koniec lat 60-tych za spraw\u0105 pasjonat\u00f3w: Boles\u0142awa Trzmiela, a w latach 80-tych tak\u017ce Tomasza Skupinia, nast\u0105pi\u0142a reaktywacja zainteresowania tym instrumentem, jednak nigdy nie wr\u00f3ci\u0142 ju\u017c na hale. Pe\u0142ni natomiast rol\u0119 we wsp\u00f3\u0142czesnej muzyce g\u00f3ralskiej i pojawia si\u0119 podczas wyst\u0119p\u00f3w estradowych. Obecnie gry na dudach uczy si\u0119 8 os\u00f3b w WTCKiS \u201eJutrzenka\u201d pod kierownictwem Szymona Bafii. Od 1998 r. z inicjatywy Jana Karpiela Bu\u0142ecki organizowane s\u0105 w Zakopanem \u201eDudaskie ostatki\u201d &#8211; doroczne spotkanie i koncert dudziarzy z ca\u0142ej Polski i zaproszonych kraj\u00f3w. Przy okazji Mi\u0119dzynarodowego Festiwalu Folkloru Ziem G\u00f3rskich w 2008 r. zorganizowane warsztaty dotycz\u0105ce budowy tego instrumentu. Wsp\u00f3\u0142czesne dudziarstwo na Podhalu ukazane jest w nagranym w 2010 roku filmie dokumentalnym.<\/p>\n<p>[\/et_pb_toggle][et_pb_text _builder_version=&#8221;4.16&#8243; _module_preset=&#8221;default&#8221; custom_margin=&#8221;20px||8px||false|false&#8221; global_colors_info=&#8221;{}&#8221;]<\/p>\n<h5><span style=\"color: #e52330;\"><strong>2015<\/strong><\/span><\/h5>\n<p>[\/et_pb_text][et_pb_toggle title=&#8221;8. Hafciarstwo kaszubskie szko\u0142y \u017cukowskiej  |  \u017bukowo school of the Kashubian embroidery&#8221; open_toggle_text_color=&#8221;#e52330&#8243; _builder_version=&#8221;4.16&#8243; _module_preset=&#8221;default&#8221; title_font=&#8221;|600|||||||&#8221; closed_title_font=&#8221;|600|||||||&#8221; closed_title_font_size=&#8221;14px&#8221; min_height=&#8221;26px&#8221; custom_margin=&#8221;1px||4px||false|false&#8221; global_colors_info=&#8221;{}&#8221;]<\/p>\n<p style=\"text-align: right;\"><span style=\"font-size: 14px;\">Data wpisu na list\u0119: <strong>12.10.2015<\/strong><\/span><\/p>\n<p><span style=\"font-size: 14px;\">\u00a0<\/span><\/p>\n<p><img loading=\"lazy\" decoding=\"async\" src=\"https:\/\/niematerialne.nid.pl\/wp-content\/uploads\/2023\/01\/Hafciarstwo-kaszubskie-szkoly-zukowskiej.jfif\" alt=\"Haft \u017bukowski\" width=\"500\" height=\"525\" \/><\/p>\n<p>R\u0119czne hafciarstwo kaszubskie szko\u0142y \u017cukowskiej jest jednym ze starszych element\u00f3w kultury na Kaszubach. Wiedza i umiej\u0119tno\u015bci zwi\u0105zane z nim przekazywane s\u0105 z pokolenia na pokolenie i stale odtwarzane przez hafciarki, kt\u00f3re uznaj\u0105 je za wa\u017cn\u0105 cz\u0119\u015b\u0107 kaszubskiego dziedzictwa. Dziedzictwo to jest \u017cywe, a kaszubskie artystki ludowe wci\u0105\u017c tworz\u0105 nowe konfiguracje element\u00f3w haftu i wymy\u015blaj\u0105 nowe wzory.<\/p>\n<p>Hafciarstwo kaszubskie szko\u0142y \u017cukowskiej to temat, kt\u00f3ry od dawna wzbudza zainteresowanie zar\u00f3wno mieszka\u0144c\u00f3w Kaszub jak i go\u015bci odwiedzaj\u0105cych ten region Polski. Haft \u017cukowski bywa uznawany za naj\u0142adniejszy i jest to jeden z najwa\u017cniejszych i najefektowniejszych wytwor\u00f3w kultury kaszubskiej. Jego elementy trafi\u0142y do herbu \u017bukowa. S\u0105 to g\u0142\u00f3wnie palmeta i niezapominajki. Haftowane kolorowo bia\u0142e bluzki i fartuchy widoczne s\u0105 w \u017bukowie podczas wydarze\u0144 o charakterze spo\u0142ecznym, np. w trakcie procesji. Nosz\u0105 je m.in. przedstawicielki kaszubskich zespo\u0142\u00f3w pie\u015bni i ta\u0144ca.<\/p>\n<p><strong>Historia haftu \u017cukowskiego<\/strong><br \/>\nKolebk\u0105 haftu \u017cukowskiego jest klasztor si\u00f3str norbertanek w \u017bukowie, ufundowany oko\u0142o 1209 r. przez gda\u0144skiego ksi\u0119cia M\u015bciwoja I. Jedn\u0105 z uczennic ostatnich norbertanek z \u017cukowskiego klasztoru by\u0142a Marianna Ptach z d. Okuniewska (ur. 1820 r.), kt\u00f3ra od si\u00f3str zakonnych nauczy\u0142a si\u0119 trudnej sztuki haftu. Swoje umiej\u0119tno\u015bci przekaza\u0142a wnuczce, Zofii Ptach (1896 \u2013 1970), a ta z kolei nauczy\u0142a pos\u0142ugiwania si\u0119 ig\u0142\u0105 swoj\u0105 siostr\u0119 Jadwig\u0119 (1902 \u2013 1968). W latach 30. XX w. Zofia Ptach wprowadza\u0142a w tajniki haftu tak\u017ce wiejskie dziewcz\u0119ta z \u017bukowa i okolic. Jadwiga Ptach &#8211; czo\u0142owa hafciarka Kaszub &#8211; odegra\u0142a wielk\u0105 rol\u0119 w adaptowaniu do ludowych serwet wzor\u00f3w z zasob\u00f3w ko\u015bcielnego skarbca ponorberta\u0144skiego. Komponowa\u0142a wzory haftu kaszubskiego wed\u0142ug w\u0142asnych pomys\u0142\u00f3w, ale zgodnie z tradycj\u0105. W 1967r. wykona\u0142a kolorowe elementy haftu \u017cukowskiego i wiele z nich nazwa\u0142a. Trafi\u0142y one do oprawionego maszynopisu i w kilku egzemplarzach przetrwa\u0142y do dzisiaj. Wykonany przez ni\u0105 haft znajduje si\u0119 w Muzeum Etnograficznym w Gda\u0144sku-Oliwie. Z\u0142ot\u0105 nici\u0105 wyhaftowa\u0142a szarf\u0119 do dzwonka mszalnego ko\u015bcio\u0142a poklasztornego w \u017bukowie (lata 50. XX w.). W skarbcu tego ko\u015bcio\u0142a znajdowa\u0142o si\u0119 wiele zabytkowych haft\u00f3w; niestety znaczna ich cz\u0119\u015b\u0107 zosta\u0142a skradziona w nocy z 25 na 26 sierpnia 1989 roku.<\/p>\n<p><strong>Cechy haftu \u017cukowskiego<\/strong><br \/>\nHaft kaszubski szko\u0142y \u017cukowskiej wykonany jest zwykle na bia\u0142ym p\u0142\u00f3tnie lnianym, a niekiedy na innym p\u0142\u00f3tnie np. szarym. Zdobi si\u0119 nim: bluzki, fartuszki, du\u017ce obrusy, bie\u017cniki, serwetki, poszewki na poduszki, makaty, szale, krawaty, torby na zakupy&#8230; Cechuje go siedem zasadniczych kolor\u00f3w: jasnoniebieski, \u015brednioniebieski, ciemnoniebieski, ziele\u0144 oliwkowa, \u017c\u00f3\u0142ty s\u0142oneczny, czerwony i czarny.<\/p>\n<p>Proces haftowania rozpoczyna si\u0119 od naszkicowania wzoru haftu na bezbarwn\u0105 kalk\u0119 techniczn\u0105. Nast\u0119pnie kalk\u0119 nak\u0142uwa si\u0119 ig\u0142\u0105 w drobnych odst\u0119pach, tworz\u0105c matryc\u0119. Gotow\u0105 matryc\u0119 g\u0142adzi si\u0119 palcem, aby kalka nie odstawa\u0142a w miejscach przek\u0142ucia. Nast\u0119pnie przypina si\u0119 j\u0105 szpilkami do tkaniny, na kt\u00f3rej wz\u00f3r ma zosta\u0107 wyhaftowany. Za pomoc\u0105 bawe\u0142nianej szmatki nas\u0105czonej naft\u0105 pobiera si\u0119 czarn\u0105 farb\u0119 z kalki i pociera si\u0119 matryc\u0119. Farba przenika przez nak\u0142ucia i tworzy wz\u00f3r na tkaninie. Po naniesieniu wzoru mo\u017cna przyst\u0105pi\u0107 do haftowania.<\/p>\n<p>Zaleca si\u0119 najpierw wyszy\u0107 ga\u0142\u0105zki, wisienki\/wiszenczi, li\u015bcie\/l\u00ebste, w\u0105sy\/w\u0105s\u00eb. \u0141ody\u017cki kwiatowe nie powi\u0105zane z ga\u0142\u0105zk\u0105 g\u0142\u00f3wn\u0105 (od niej oderwane) s\u0105 wed\u0142ug hafciarek pozbawione realizmu. Zwykle ich zdaniem nie powinny one by\u0107 w takiej wersji stosowane. Elementy kolorowe wykonane s\u0105 z nici muliny. Wa\u017cne elementy tego haftu posiadaj\u0105 swoje tradycyjne nazwy: \u017cuk\/k\u0142os, modrak\/m\u00f2dr\u00f4k, dzwonek\/zw\u00f3nk, niezapominajki\/niezab\u00f4tczi, tulipany\/t\u00eblp\u00eb, r\u00f3\u017ca\/r\u00f3\u017ca, lilia\/lelij\u00f4, bratek\/maceszka; elementy te wed\u0142ug Jadwigi Ptach pochodz\u0105 z haft\u00f3w szat liturgicznych. Wed\u0142ug niej z szat liturgicznych pochodz\u0105 r\u00f3wnie\u017c: go\u017adzik\/gran\u00f4tka, motylek\/m\u00f2tilk, ptasi dziobek\/pt\u00f4szi dz\u00f3bk. Istotne s\u0105 te\u017c m.in.: w\u0105s\/w\u0105s, wisienka\/wiszenka, p\u0105k\/p\u00e3czk, pawie oczko\/pawi\u00e9 \u00f2czk\u00f2, pszcz\u00f3\u0142ka\/pszcz\u00f3\u0142ka, gwiazda morska\/m\u00f2rsk\u00f4 gwi\u00f4zda, rozeta\/r\u00f3zeta, koniczynka\/konicz\u00ebnka, serce, li\u015b\u0107 ostu\/l\u00ebst \u00f2stu, li\u015b\u0107 d\u0119bu\/l\u00ebst d\u00e3bu, s\u0142oneczko\/s\u0142u\u0144ce, margerytka\/malbr\u00f3nka, palmeta\/palm\u00e9ta, owoc granatu\/brz\u00f4d granatu, gwiazda\/gwi\u00f4zda tzw. p\u00f3\u0142gwiazda\/p\u00f3\u0142gwi\u00f4zda i inne.<\/p>\n<p><img loading=\"lazy\" decoding=\"async\" src=\"https:\/\/niematerialne.nid.pl\/wp-content\/uploads\/2023\/01\/Hafciarstwo-kaszubskie-szkoly-zukowskiej-2.jpg\" alt=\"Haft \u017bukowski\" width=\"500\" height=\"529\" \/><\/p>\n<p>Tulipany, kt\u00f3rych jest wiele odmian, haftuje si\u0119 zwykle w dw\u00f3ch lub trzech odcieniach koloru niebieskiego. Rozeta wykonana jest kolorem jasnoniebieskim lub \u015brednioniebieskim, rzadziej czerwonym. W jej \u015brodku jest podw\u00f3jna obw\u00f3dka wype\u0142niona w\u0119ze\u0142kami. Kratk\u0119 wykonuje si\u0119 zgodnie z osnow\u0105 i w\u0105tkiem. Wisienka haftowana jest zgodnie z kierunkiem \u0142ody\u017cki. Obwodzi si\u0119 j\u0105 jedn\u0105 nitk\u0105, a w du\u017cych serwetach dwoma nitkami w kolorze czarnym. Li\u015b\u0107 ostu bywa\u0142 haftowany w dw\u00f3ch odcieniach zieleni, a dolna jego po\u0142owa by\u0142a ciemniejsza. Dawniej bywa\u0142y r\u00f3\u017ce w trzech odcieniach czerwonych i stosowano te\u017c nici br\u0105zowe. Z muliny z\u0142o\u017conej z 6 cienkich nitek, haft wykonujemy zwykle w 2 nitki. Na obrusach i poduszkach, kt\u00f3rych elementy s\u0105 wi\u0119ksze stosuje si\u0119 3 nitki. Bluzki haftuje si\u0119 1 nitk\u0105. Stosowane s\u0105 4 podstawowe rodzaje \u015bcieg\u00f3w: 1) wodny, 2) p\u0142aski, 3) krzy\u017cyki i 4) w\u0119ze\u0142ki. \u015acieg wodny bywa: pojedynczy, podw\u00f3jny, a znany jest te\u017c at\u0142askowy. Cegie\u0142k\u0119 \u017cukowsk\u0105 wykonuje si\u0119 zaczynaj\u0105c od \u015brodka motywu, a szachownic\u0119 pe\u0142n\u0105 \u017c\u00f3\u0142to-czarn\u0105 w \u015brodku s\u0142onecznika, ale inna jest szachownica w bratku. Promyki s\u0142oneczka haftuje si\u0119 nitk\u0105 podw\u00f3jn\u0105 przeci\u0105gaj\u0105c \u015bciegi tam i z powrotem. Liczne ryciny podaj\u0105 tu nawet kierunki haftowania. Brzegi haft\u00f3w cz\u0119sto wyka\u0144cza si\u0119 mere\u017ck\u0105, rzadziej z\u0105bkami lub fr\u0119dzlami.<\/p>\n<p><strong>Informacje dotycz\u0105ce wniosku<\/strong><br \/>\nR\u0119czne hafciarstwo kaszubskie szko\u0142y \u017cukowskiej zosta\u0142o zg\u0142oszone do wpisu na Krajow\u0105 list\u0119 niematerialnego dziedzictwa kulturowego przy szerokim udziale i zaanga\u017cowaniu zainteresowanych hafciarek, kt\u00f3re poza konsultacjami mog\u0142y g\u0142osowa\u0107 przez Internet, po uprzednim og\u0142oszeniu intencji dokonania wpisu w Internecie. Podczas g\u0142osowania hafciarki, kt\u00f3re tworz\u0105, utrzymuj\u0105 i przekazuj\u0105 r\u0119czne hafciarstwo kaszubskie szko\u0142y \u017cukowskiej wyrazi\u0142y \u015bwiadom\u0105 zgod\u0119 na wpis tego elementu dziedzictwa na Krajow\u0105 list\u0119 niematerialnego dziedzictwa kulturowego.<\/p>\n<p><strong>Wi\u0119cej informacji o hafcie \u017cukowskim:<\/strong><br \/>\nBarbara Rezmer, \u201eJak haftowa\u0107 po kaszubsku\u201d, Gda\u0144sk, 1979 r.<span style=\"font-size: 14px;\">\u00a0<\/span>[\/et_pb_toggle][et_pb_toggle title=&#8221;9. Sokolnictwo &#8211; \u017cywa tradycja  |  Falconry \u2013 a living tradition&#8221; open_toggle_text_color=&#8221;#e52330&#8243; _builder_version=&#8221;4.27.4&#8243; _module_preset=&#8221;default&#8221; title_font=&#8221;|600|||||||&#8221; closed_title_font=&#8221;|600|||||||&#8221; closed_title_font_size=&#8221;14px&#8221; min_height=&#8221;26px&#8221; custom_margin=&#8221;1px||4px||false|false&#8221; locked=&#8221;off&#8221; global_colors_info=&#8221;{}&#8221;]<\/p>\n<p style=\"text-align: right;\">Data wpisu na list\u0119: <strong>12.10.2015<\/strong><\/p>\n<p><img loading=\"lazy\" decoding=\"async\" src=\"https:\/\/niematerialne.nid.pl\/wp-content\/uploads\/2023\/01\/Sokolnictwo-zywa-tradycja.jpg\" alt=\"Sokolnictwo\" width=\"500\" height=\"535\" \/><\/p>\n<p>Sokolnictwo \u2013 oznaczaj\u0105ce \u0142owy z u\u0142o\u017conymi do tego celu ptakami drapie\u017cnymi, ma wiele tysi\u0119cy lat historii i jest jednym z najstarszych sposob\u00f3w polowania.<\/p>\n<p>Powsta\u0142o z praktycznej potrzeby zdobywania po\u017cywienia, jednak stopniowo zyska\u0142o charakter sztuki staj\u0105c si\u0119 elementem kultury wielu narod\u00f3w. W czasach wsp\u00f3\u0142czesnych sokolnictwo jest jednym z coraz rzadszych przyk\u0142ad\u00f3w tradycyjnej wi\u0119zi i wsp\u00f3\u0142pracy cz\u0142owieka ze zwierz\u0119ciem. Zawiera w sobie elementy zar\u00f3wno wielowiekowych tradycji, jak i najnowszej wiedzy i techniki.<\/p>\n<p>Pocz\u0105tki sokolnictwa, kt\u00f3rego historia si\u0119ga zamierzch\u0142ych czas\u00f3w naszej cywilizacji, s\u0105 trudne do ustalenia. Nie ma tak\u017ce dostatecznych \u017ar\u00f3de\u0142, na podstawie, kt\u00f3rych mo\u017cna by jednoznacznie okre\u015bli\u0107 miejsce, z kt\u00f3rego sokolnictwo si\u0119 wywodzi. Najbardziej popularna teoria g\u0142osi, \u017ce powsta\u0142o ono w Azji, a wiele \u017ar\u00f3de\u0142 i wi\u0119kszo\u015b\u0107 autor\u00f3w wskazuje na centraln\u0105 i po\u0142udniowo-wschodni\u0105 cz\u0119\u015b\u0107 tego kontynentu. Najstarsze znane przedstawienie sokolnictwa to petroglif z Golpaygan (Isfahan, Iran) obrazuj\u0105cy cz\u0142owieka na koniu z ptakiem drapie\u017cnym i gepardem, szacowane na 8-10 tysi\u0119cy lat przed nasz\u0105 er\u0105.<\/p>\n<p>Informacje \u017ar\u00f3d\u0142owe \u015bwiadcz\u0105 o wysoko rozwini\u0119tym sokolnictwie ju\u017c u zarania pa\u0144stwowo\u015bci w Polsce, mi\u0119dzy innymi za panowania Boles\u0142awa Chrobrego. Mo\u017cna zatem mniema\u0107, i\u017c uprawiane by\u0142o na ziemiach polskich znacznie wcze\u015bniej.<\/p>\n<p>Od wczesnego \u015bredniowiecza ten rodzaj \u0142ow\u00f3w nale\u017ca\u0142 do regali\u00f3w kr\u00f3lewskich, cieszy\u0142 si\u0119 wielkim zainteresowaniem w\u0142adc\u00f3w, o czym \u015bwiadczy \u015bredniowieczne prawo falcatio, nakazuj\u0105ce pod surow\u0105 kar\u0105 chroni\u0107 gniazda soko\u0142\u00f3w, jedno z najstarszych praw ochrony przyrody. Z czasem prawo polowania uzyskiwa\u0142y szersze grupy spo\u0142eczne, rycerstwo, kler, p\u00f3\u017aniej szlachta. Polowanie z jastrz\u0119biem prawdopodobnie nie by\u0142o tak ograniczane, jak prawo polowania z soko\u0142em i by\u0142o popularne w\u015br\u00f3d wolnych ch\u0142op\u00f3w.<\/p>\n<p><img loading=\"lazy\" decoding=\"async\" src=\"https:\/\/niematerialne.nid.pl\/wp-content\/uploads\/2023\/01\/Sokolnictwo-zywa-tradycja-2.jpg\" alt=\"Sokolnictwo\" width=\"500\" height=\"535\" \/><\/p>\n<p>Najwi\u0119kszy rozkwit sokolnictwa przypada na czasy Jagiellon\u00f3w i XVI wiek. Na skutek popularyzacji broni palnej jego popularno\u015b\u0107 mala\u0142a. Rozbiory pog\u0142\u0119bi\u0142y kryzys sokolnictwa, szlachta pozbawiana przez zaborc\u00f3w maj\u0105tk\u00f3w przestawa\u0142a uprawia\u0107 sokolnictwo. W XIX wieku i pierwszej po\u0142owie XX wieku sokolnictwo by\u0142o uprawianie przez nielicznych. Jego ponowny rozkwit jest wynikiem dzia\u0142a\u0144 pasjonat\u00f3w sokolnictwa, kt\u00f3rzy doprowadzili do odrodzenia sokolnictwa w Polsce w latach 70-tych XX wieku.<\/p>\n<p>Sokolnictwo jest tradycyjn\u0105 form\u0105 polowania, pozwalaj\u0105c\u0105 na bardzo bliski kontakt z przyrod\u0105. Wielowiekowe tradycje polskiego sokolnictwa s\u0105 g\u0142\u0119boko zakorzenione w kulturze. \u015awiadcz\u0105 o tym zar\u00f3wno \u015bwiadectwa materialne \u2013 monety, piecz\u0119cie, ryciny, obrazy, rze\u017aby, utensylia, tj. artefakty bezpo\u015brednio zwi\u0105zane z sokolnictwem, czy te\u017c obecno\u015b\u0107 ko\u015bci ptak\u00f3w drapie\u017cnych w wykopaliskach, jak i dzie\u0142a literatury praktycznej i pi\u0119knej dotycz\u0105ce sokolnictwa (albumy, ksi\u0105\u017cki i artyku\u0142y). Jednym z najstarszych zabytk\u00f3w pi\u015bmiennictwa w j\u0119zyku polskim jest \u201eMy\u015blistwo ptasze\u201d Mateusza Cyga\u0144skiego z 1584 roku, b\u0119d\u0105ce oryginalnym kompendium wiedzy sokolniczej, ornitologicznej i \u0142owieckiej. \u015awiadectwa niegdysiejszej powszechno\u015bci sokolnictwa znajdujemy w tradycjach j\u0119zykowych. Nadal (cho\u0107 coraz rzadziej) u\u017cywane s\u0105 przys\u0142owia z w\u0105tkiem sokolniczym (na przyk\u0142ad \u201epatrze\u0107 jak na raroga\u201d, \u201esokole oko\u201d). Do bardzo popularnych nale\u017cy polsko \u2013 ukrai\u0144ska pie\u015b\u0144 \u201eHej soko\u0142y\u201d. Wiele nazwisk mo\u017cna wywodzi\u0107 od dawnej profesji przodk\u00f3w, np. Sokolnicki. Rodow\u00f3d wielu nazw geograficznych \u015bwiadczy o zwi\u0105zkach z sokolnictwem, w tym wielu miejscowo\u015bci, np. Sokolniki, Soko\u0142owo, Sok\u00f3\u0142ka, Soko\u0142\u00f3w, Sokolig\u00f3ra, Jastrz\u0119bie, Jastrz\u0119bniki; g\u00f3ry Sokolnik i Sokolica czy nazwy ulic, np. ulica Sokolnicza.<\/p>\n<p>Sokolnicy u\u017cywaj\u0105 tradycyjnego s\u0142ownictwa, b\u0119d\u0105cego cz\u0119\u015bci\u0105 j\u0119zyka \u0142owieckiego. Istnieje wiele specyficznych s\u0142\u00f3w, u\u017cywanych wy\u0142\u0105cznie przez sokolnik\u00f3w, np. \u201e\u0107wik\u201d (oznaczaj\u0105ce do\u015bwiadczonego ptaka \u0142owczego, okre\u015blenie to wyst\u0119puje w pozdrowieniu sokolnik\u00f3w \u201eChwal \u0107wik\u201d), \u201ewabid\u0142o\u201d (imitacja ptaka s\u0142u\u017c\u0105ca do przywabiania ptak\u00f3w \u0142owczych) lub \u201ekarnal\u201d (kapturek zas\u0142aniaj\u0105cy oczy ptaka \u0142owczego, dzi\u0119ki czemu jest spokojniejszy), s\u0105 te\u017c okre\u015blenia maj\u0105ce dla sokolnik\u00f3w swoiste znaczenie, inne ni\u017c w j\u0119zyku potocznym, np. \u201eber\u0142o\u201d (przeno\u015bne siedzisko dla ptaka \u0142owczego), a tak\u017ce \u201eba\u0142wanek\u201d (imitacja zdobyczy s\u0142u\u017c\u0105ca treningowi) czy \u201enurek\u201d (do\u015bwiadczony sok\u00f3\u0142 poluj\u0105cy na czaple).<\/p>\n<p>Sokolnictwo od tysi\u0119cy lat bazuje na tych samych zasadach pracy z ptakami drapie\u017cnymi, na przyk\u0142ad liczne utensylia sokolnicze nie zmieni\u0142y si\u0119 od wiek\u00f3w. Sokolnictwo jest \u017cyw\u0105 praktyk\u0105, kt\u00f3ra do tradycyjnych element\u00f3w ci\u0105gle do\u0142\u0105cza zdobycze wsp\u00f3\u0142czesno\u015bci, tw\u00f3rczo adaptuj\u0105c je do potrzeb sokolnik\u00f3w. Sokolnictwo to tradycja przekazywana z pokolenia na pokolenie, nie jest to jednak grupa zamkni\u0119ta. Interesuj\u0105 si\u0119 nim ci\u0105gle nowi adepci, zar\u00f3wno tacy, kt\u00f3rzy zetkn\u0119li si\u0119 z nim w rodzinie, jak i nie posiadaj\u0105cy wcze\u015bniej \u017cadnego osobistego zwi\u0105zku z sokolnictwem.<\/p>\n<p><img loading=\"lazy\" decoding=\"async\" src=\"https:\/\/niematerialne.nid.pl\/wp-content\/uploads\/2023\/01\/Sokolnictwo-zywa-tradycja-3.jfif\" alt=\"Sokolnictwo\" width=\"500\" height=\"535\" \/><\/p>\n<p>Wsp\u00f3\u0142cze\u015bni sokolnicy kultywuj\u0105 i promuj\u0105 tradycj\u0119 \u0142ow\u00f3w z ptakami, kt\u00f3ra stanowi powr\u00f3t do historycznych, polskich tradycji. Tradycja ta nie trac\u0105c historycznych podstaw rozwija si\u0119 dzi\u0119ki aktywno\u015bci sokolnik\u00f3w, dla kt\u00f3rych stanowi \u017cyciow\u0105 pasj\u0119. U\u0142o\u017cenie soko\u0142a do \u0142ow\u00f3w wymaga co najmniej paru tygodni wyt\u0119\u017conej pracy.<\/p>\n<p>Sokolnictwo to tak\u017ce aktywna ochrona ptak\u00f3w drapie\u017cnych. Metody sokolnicze s\u0105 powszechnie u\u017cywane przy rehabilitacji chorych ptak\u00f3w drapie\u017cnych, sokolnicy opracowali metody hodowli ptak\u00f3w drapie\u017cnych i ich wypuszczania, czyli reintrodukcji. Dzi\u0119ki sokolnikom uratowane zosta\u0142y liczne gatunki ptak\u00f3w drapie\u017cnych. W Polsce sokolnicy prowadz\u0105 projekt reintrodukcji i ochrony soko\u0142a w\u0119drownego, kt\u00f3ry wygin\u0105\u0142 u nas w latach 60-tych XX wieku.<\/p>\n<p>Pasja sokolnicza to hodowla, troska, praca i wielka mi\u0142o\u015b\u0107 do ptaka \u0142owczego. To tak\u017ce polska tradycja jednocz\u0105ca przedstawicieli r\u00f3\u017cnych warstw spo\u0142ecznych w realizacji wsp\u00f3lnej pasji. Sokolnicy poznawszy pi\u0119kno tradycji \u0142ow\u00f3w z ptakami \u2013 nie wyobra\u017caj\u0105 sobie wr\u0119cz \u017cycia bez sokolnictwa.<\/p>\n<p>[\/et_pb_toggle][et_pb_toggle title=&#8221;10.\t Polskie ta\u0144ce narodowe  |  Polish national dances&#8221; open_toggle_text_color=&#8221;#e52330&#8243; _builder_version=&#8221;4.27.4&#8243; _module_preset=&#8221;default&#8221; title_font=&#8221;|600|||||||&#8221; closed_title_font=&#8221;|600|||||||&#8221; closed_title_font_size=&#8221;14px&#8221; min_height=&#8221;26px&#8221; custom_margin=&#8221;1px||4px||false|false&#8221; global_colors_info=&#8221;{}&#8221;]<\/p>\n<p style=\"text-align: right;\">Data wpisu na list\u0119: <strong>12.10.2015<\/strong><\/p>\n<p><img loading=\"lazy\" decoding=\"async\" src=\"https:\/\/niematerialne.nid.pl\/wp-content\/uploads\/2023\/01\/Polskie-tance-narodowe.jpg\" alt=\"Mazur\" width=\"500\" height=\"471\" \/><\/p>\n<p>Historia Polski, du\u017cego i znacz\u0105cego kraju w Europie, przez wieki pozbawionego pa\u0144stwowo\u015bci i wolno\u015bci, wiernie i dumnie trwaj\u0105cego przy zdobyczach w\u0142asnej kultury, pozostawia do dzisiaj w umys\u0142ach i postawach Polak\u00f3w wieczny \u015blad. Bez niezliczonych jej element\u00f3w niemo\u017cliwe by\u0142oby przetrwanie narodu polskiego. Polskie ta\u0144ce narodowe stanowi\u0142y przez lata jeden z fundament\u00f3w pami\u0119ci i to\u017csamo\u015bci Polaka.<\/p>\n<p>Polskie ta\u0144ce narodowe by\u0142y chronione przed zapomnieniem i dbano o ich przekazywanie z pokolenia na pokolenie niemal od pocz\u0105tk\u00f3w ich powstawania. Tradycja ta \u017cy\u0142a na dworkach szlacheckich, dworach kr\u00f3lewskich, balach w pa\u0142acach i zabawach w resursach, w widowiskach operowych, baletach i programach zespo\u0142\u00f3w profesjonalnych. W praktyce zawodowej nauczycieli ta\u0144ca, baletmistrz\u00f3w, choreograf\u00f3w i utalentowanych wykonawc\u00f3w. W programach korpus\u00f3w kadet\u00f3w, konwikt\u00f3w szlacheckich, Szko\u0142y Rycerskiej, pensji i innych szk\u00f3\u0142, w kt\u00f3rych ich nauczanie by\u0142o obligatoryjne. By\u0142a synonimem polsko\u015bci. \u017byje obecnie w setkach zespo\u0142\u00f3w artystycznych nieprofesjonalnego ruchu artystycznego oraz w funkcjonuj\u0105cych w miastach w domach ta\u0144ca.<\/p>\n<p>Powszechnie przyjmuje si\u0119, \u017ce polskie ta\u0144ce narodowe wywodz\u0105 si\u0119 z kultury ludowej, ale w trakcie swego rozwoju historycznego tak si\u0119 zmienia\u0142y, \u017ce obecnie niewiele maj\u0105 wsp\u00f3lnego ze swymi pierwowzorami wiejskimi. Pierwsze informacje o ich istnieniu zawarte w zachowanych nutach, kronikach, pami\u0119tnikach si\u0119gaj\u0105 wieku XVI, cho\u0107 cz\u0119\u015b\u0107 badaczy (m.in. Karol Czerniawski, Feliks Starczewski) przypuszcza\u0142o, \u017ce nawet wieku XIV. Skromne zasoby zachowanych materia\u0142\u00f3w \u017ar\u00f3d\u0142owych nie pozwalaj\u0105 precyzyjnie okre\u015bli\u0107 pocz\u0105tk\u00f3w historii kszta\u0142towania si\u0119 ich formy muzycznej i ruchowej oraz form pierwowzorowych.<\/p>\n<p>Polskie ta\u0144ce narodowe jako przejaw kultury zwi\u0105zane by\u0142y zawsze z okre\u015blonymi \u015brodowiskami i spe\u0142nia\u0142y okre\u015blone funkcje. W kszta\u0142towaniu ich formy muzycznej i tanecznej wa\u017cn\u0105 rol\u0119 odegra\u0142y \u015brodowiska szlacheckie, magnackie, mieszcza\u0144skie, a tak\u017ce scena polska. Powi\u0105zane s\u0105 z dziejami Polski, walkami narodowo-wyzwole\u0144czymi, tre\u015bciami patriotycznymi, kt\u00f3re przez prawie ca\u0142y wiek XIX czyni\u0142y z nich symbol &#8220;polsko\u015bci&#8221; narodu, kt\u00f3rego pa\u0144stwa na mapie \u015bwiata nie by\u0142o.<\/p>\n<p>Epoka romantyzmu w Polsce przynios\u0142a og\u00f3lne zainteresowanie folklorem i tradycj\u0105 obyczajow\u0105. Sprawi\u0142o ono, \u017ce w roku 1828 Kazimierz Brodzi\u0144ski wyda\u0142 pierwsz\u0105 rozpraw\u0119 &#8220;O ta\u0144cach polskich&#8221;, w kt\u00f3rej pojawia si\u0119 okre\u015blenie &#8220;polskie ta\u0144ce narodowe&#8221;.<\/p>\n<p><strong>Polonez<\/strong><\/p>\n<p>Polonez nale\u017cy do najstarszych ta\u0144c\u00f3w polskich. Jego pocz\u0105tk\u00f3w nale\u017cy si\u0119 doszukiwa\u0107 ju\u017c w bardzo wczesnych staros\u0142owia\u0144skich korowodach tanecznych. Zrodzi\u0142 si\u0119, podobnie jak inne polskie ta\u0144ce narodowe w\u015br\u00f3d ludu wiejskiego. Wyr\u00f3s\u0142 z ta\u0144ca zwanego chodzonym, towarzysz\u0105cego najcz\u0119\u015bciej wiejskiemu obrz\u0119dowi weselnemu. Ze \u015brodowisk wiejskich, przez szlacheckie za\u015bcianki, polonez przedosta\u0142 si\u0119 na dwory magnat\u00f3w i wreszcie na dw\u00f3r kr\u00f3lewski, sk\u0105d wyw\u0119drowa\u0142 poza granice Polski.<\/p>\n<p>Najwi\u0119kszy rozkwit poloneza zaznaczy\u0142 si\u0119 w ci\u0105gu drugiej po\u0142owy XVIII i pierwszej \u0107wierci XIX wieku, tj. w okresie, kiedy cieszy\u0142 si\u0119 najwi\u0119ksz\u0105 popularno\u015bci\u0105 jako taniec towarzyski i w kt\u00f3rym zaznaczy\u0142 si\u0119 najwi\u0119kszy rozw\u00f3j jego artystycznej muzyki stylizowanej. W tym czasie by\u0142 ta\u0144czony w r\u00f3\u017cnych \u015brodowiskach spo\u0142ecznych: przez ludno\u015b\u0107 wiejsk\u0105, mieszcza\u0144stwo, drobn\u0105 szlacht\u0119 za\u015bciankow\u0105 oraz magnateri\u0119. Uczono go w szko\u0142ach i prezentowano na scenach. W tym w\u0142a\u015bnie okresie ukszta\u0142towa\u0142 si\u0119 zasadniczy i najbardziej charakterystyczny zesp\u00f3\u0142 muzycznych i ruchowych cech tego ta\u0144ca.<\/p>\n<p>Pierwotny polonez, ta\u0144czony przez lud wiejski, w zale\u017cno\u015bci od regionu i rodzaju obrz\u0119d\u00f3w czy uroczysto\u015bci, podczas kt\u00f3rych by\u0142 wykonywany, nie zawsze posiada\u0142 t\u0119 sam\u0105 form\u0119 ruchow\u0105 (w ka\u017cdym regionie ta\u0144czono go nieco inaczej) i wyst\u0119powa\u0142 pod r\u00f3\u017cnymi nazwami. W literaturze muzycznej, traktuj\u0105cej o polskiej muzyce ludowej i o polskich ta\u0144cach ludowych, napotka\u0107 mo\u017cna ca\u0142y wachlarz tych nazw. Oto niekt\u00f3re z nich: polski, wielki, pieszy, chodzony, do-przodka, przodek, starodawny, nieskoczny, starosta, marsza\u0142ek, polonez, polezon\u2019a polizon\u2019a, \u0142a\u017cony, wolny, obchodny.<\/p>\n<p>Og\u00f3lnie o charakterze ruchu poloneza mo\u017cna powiedzie\u0107, \u017ce jest on ta\u0144cem wolnym, spokojnym, p\u0142ynnym, uroczystym, a jego zasadnicz\u0105 cech\u0105 jest dostojno\u015b\u0107.<\/p>\n<p>Niezwykle istotnym zagadnieniem jest to, i\u017c polonez ma obecnie powszechne zastosowanie jako forma celebracji dono\u015bnych wydarze\u0144 szkolnych. Tradycj\u0105 w szko\u0142ach ponadgimnazjalnych jest rozpoczynanie balu studni\u00f3wkowego w\u0142a\u015bnie od poloneza. Ten wa\u017cny zwyczaj jest wci\u0105\u017c \u017cywy, i pozostaje wa\u017cnym elementem szkolnych uroczysto\u015bci.<\/p>\n<p><strong>Mazur<\/strong><\/p>\n<p>Mazur nale\u017cy do grupy polskich ta\u0144c\u00f3w tr\u00f3jmiarowych. Jako polski taniec narodowy wywodzi si\u0119 z rodziny tr\u00f3jmiarowych ta\u0144c\u00f3w ludu wiejskiego, przede wszystkim Polski centralnej, ale r\u00f3wnie\u017c zachodniej i p\u00f3\u0142nocnej.<\/p>\n<p>Mazur jako taniec towarzyski by\u0142 najbardziej zwi\u0105zany ze \u015brodowiskiem szlacheckim i miejskim. Ta\u0144czony ch\u0119tnie przez szlacht\u0119 na r\u00f3\u017cnego rodzaju zabawach, balach i uroczysto\u015bciach, przesi\u0105k\u0142 z biegiem czasu do tego stopnia jej zwyczajami i obyczajami, \u017ce sta\u0142 si\u0119 w znacznej mierze odzwierciedleniem szlacheckiego charakteru i sposobu \u017cycia. Wed\u0142ug K. Czerniawskiego (\u201eCharakterystyka ta\u0144c\u00f3w\u201d) i innych autor\u00f3w (\u0141. Go\u0142\u0119biowskiego, M. Gorzkowskiego) mazur jest najbardziej reprezentacyjnym ta\u0144cem szlachty polskiej.<\/p>\n<p>Podobnie jak polonez, mazur na drodze swego rozwoju wykszta\u0142ci\u0142 kilka odmian kszta\u0142towanych przez epok\u0119 i \u015brodowisko, w kt\u00f3rych by\u0142 ta\u0144czony.<\/p>\n<p><strong>Kujawiak<\/strong><\/p>\n<p>Kujawiak jest jednym z ta\u0144c\u00f3w wchodz\u0105cych w sk\u0142ad rozpowszechnionego w\u015br\u00f3d ludu wiejskiego Kujaw cyklu ta\u0144c\u00f3w tr\u00f3jmiarowych, zwanych, zw\u0142aszcza w okolicach W\u0142oc\u0142awka (O. Kolberg Tom IV \u201eKujawy\u201d), wsp\u00f3lnym mianem \u201etaniec okr\u0105g\u0142y\u201d.<\/p>\n<p>Przypuszczalnym pierwowzorem kujawiaka by\u0142 taniec sk\u0142adaj\u0105cy si\u0119 z przy\u015bpiewki oraz zwyk\u0142ego chodu ta\u0144czonego parami do przodu i w obrotach dooko\u0142a izby. W publikacjach traktuj\u0105cych o dawnych formach tanecznych kujawiaka spotykamy nast\u0119puj\u0105ce nazwy: ksebka, wolny, \u015bpi\u0105cy, niesiony, kolebany, odsibka, g\u0142adki. Nale\u017cy je traktowa\u0107 jako charakterystyczne motywy czy figury tego ta\u0144ca.<\/p>\n<p>Kujawiak jako taniec towarzyski na drodze swej ewolucji wyw\u0119drowa\u0142 z ch\u0142opskich chat do innych \u015brodowisk (dworskich, mieszcza\u0144skich), gdzie przeobra\u017ca\u0142a si\u0119 i rozwija\u0142a jego pierwotna regionalna forma. W swej dzisiejszej postaci rozwojowej jako taniec narodowy \u0142\u0105czy wi\u0119c w sobie wiele r\u00f3\u017cnych odmian i sposob\u00f3w ta\u0144czenia, jest wykonywany delikatniej i bardziej elegancko, nie ma tego rozmachu, co jego pierwowz\u00f3r spod W\u0142oc\u0142awka, Aleksandrowa czy Inowroc\u0142awia, jest nieco mniej rozko\u0142ysany i pozbawiony niezwykle charakterystycznej dla ch\u0142opskiego kujawiaka przy\u015bpiewki.<\/p>\n<p>Wsp\u00f3\u0142czesnego kujawiaka towarzyskiego, stosowanego jeszcze niekiedy na dzisiejszych zabawach publicznych, ta\u0144czy si\u0119 najcz\u0119\u015bciej w tzw. rozsypce, tzn. ka\u017cda z par ta\u0144czy indywidualnie w dowolnie przez siebie wybranych kierunkach, zgodnych jednak z zasadami obowi\u0105zuj\u0105cymi og\u00f3lnie we wsp\u00f3\u0142czesnym ta\u0144cu towarzyskim.<\/p>\n<p><strong>Oberek<\/strong><\/p>\n<p>Spo\u015br\u00f3d wszystkich ta\u0144c\u00f3w narodowych oberek najbardziej reprezentowa\u0142 \u015brodowisko wiejskie i zachowa\u0142 do dzi\u015b najwi\u0119cej element\u00f3w ludowych.<\/p>\n<p>Powszechnie uznaje si\u0119, \u017ce oberek wywodzi si\u0119 z Mazowsza. Nie mo\u017cna tego jednak traktowa\u0107 jako pewnik. Wyra\u017ane (cz\u0119sto do\u015b\u0107 odmienne) \u015blady tego ta\u0144ca wyst\u0119puj\u0105 bowiem w tradycji Kujaw, regionu opoczy\u0144skiego, ziemi \u0142\u0119czyckiej, ziemi lubelskiej, na Rzeszowszczy\u017anie, na Warmii i Mazurach oraz w Wielkopolsce. Dzisiejszy oberek jako polski taniec narodowy stanowi wi\u0119c syntez\u0119 r\u00f3\u017cnych regionalnych odmian.<\/p>\n<p>Og\u00f3lnie o charakterze muzyki oberka mo\u017cna powiedzie\u0107, \u017ce jest ona \u017cywa, skoczna, radosna, \u201ej\u0119drna\u201d, ognista i pe\u0142na skupionego \u017cycia (K.Czerniawski \u201eCharakterystyka ta\u0144c\u00f3w\u201d).<\/p>\n<p>Podstawowym elementem tanecznym w dawnym oberku (tak jak i w dzisiejszym) by\u0142y obroty wirowe, podczas wykonywania kt\u00f3rych partnerzy jak gdyby si\u0119 wzajemnie na przemian obiegali \u2013 tancerz tancerk\u0119, to zn\u00f3w tancerka tancerza.<\/p>\n<p>W dzisiejszej postaci oberka z \u0142atwo\u015bci\u0105 mo\u017cna odnale\u017a\u0107 \u017cywy i weso\u0142y temperament dawnego obertasa. Zw\u0142aszcza formy oberkowe oparte na kroku tzw. przeskocznym cechuje du\u017ca dynamika i zadzier\u017cysto\u015b\u0107. Niemniej jednak og\u00f3lny charakter tego ta\u0144ca uleg\u0142 pewnemu z\u0142agodzeniu \u2013 zatraci\u0142 sw\u0105 dawn\u0105 rubaszno\u015b\u0107.<\/p>\n<p>Wsp\u00f3\u0142czesnego oberka towarzyskiego, podobnie jak i kujawiaka, ta\u0144czy si\u0119 dzi\u015b najcz\u0119\u015bciej w tzw. \u201erozsypce\u201d \u2013 pary taneczne kr\u0105\u017c\u0105 indywidualnie po sali tanecznej.<\/p>\n<p>W dost\u0119pnych opublikowanych pracach \u017ar\u00f3d\u0142owych traktuj\u0105cych o polskich ta\u0144cach ludowych taniec oberek wyst\u0119puje bardzo cz\u0119sto pod takimi nazwami jak: obertas, ober, obertany, ksebka, przewracany, zawijacz, zawijany, wyrwas. Najcz\u0119\u015bciej jednak oberek bywa uto\u017csamiany z obertasem.<\/p>\n<p><strong>Krakowiak<\/strong><\/p>\n<p>Wywodzi si\u0119 z regionu krakowskiego, ta\u0144czony w \u017cywym tempie, w takcie 2\/4, z charakterystycznymi rytmami synkopowymi. Jest to jedyny polski taniec narodowy, kt\u00f3ry nie jest ta\u0144czony w takcie 3\/4. Pocz\u0105tkowo, taniec ten by\u0142 ta\u0144czony jedynie przez lud wiejski ale stopniowo przenika\u0142 ze \u015brodowiska wiejskiego do innych \u015brodowisk.<\/p>\n<p>Z czasem jednak sta\u0142 si\u0119 tak popularny, \u017ce trafi\u0142 nie tylko do bogatych dom\u00f3w mieszcza\u0144skich i na dwory szlacheckie, ale r\u00f3wnie\u017c rozprzestrzeni\u0142 si\u0119 na ca\u0142\u0105 Polsk\u0119. W tej formie krakowiak pojawi\u0142 si\u0119 w XVIII wieku i oznacza\u0142 dwumiarowe ta\u0144ce krakowskie. Z czasem taniec ten upowszechni\u0142 si\u0119, przenikaj\u0105c do muzyki symfonicznej i scenicznej. Nieodzown\u0105 cz\u0119\u015bci\u0105 ta\u0144ca s\u0105 kolorowe stroje krakowskie, dodaj\u0105ce mu pi\u0119kna, uroku i \u015bwietno\u015bci. W muzyce ludowej krakowiak zwykle rozpoczyna si\u0119 przy\u015bpiewk\u0105.<\/p>\n<p>Krakowiak uznany dzi\u015b za polski taniec narodowy jest pochodzenia ludowego. Du\u017c\u0105 popularno\u015bci\u0105 cieszy\u0142 si\u0119 w\u015br\u00f3d szlachty za\u015bciankowej, kt\u00f3ra bardzo ch\u0119tnie ta\u0144czy\u0142a go na swych zabawach. W. Pascha\u0142ow, kt\u00f3ry twierdzi, \u017ce \u201ew dawnych czasach krakowiak, podobnie jak polonez, mia\u0142 charakter ta\u0144ca uroczystego. Ta\u0144czy\u0142a go nie tylko ludno\u015b\u0107 ziemi krakowskiej, ale ca\u0142a szlachta polska, a zw\u0142aszcza \u201ebra\u0107 szaraczkowa\u201d (W. Pascha\u0142ow \u201eChopin a polska muzyka ludowa\u201d).<\/p>\n<p>Og\u00f3lnie o charakterze muzyki krakowiaka mo\u017cna powiedzie\u0107, \u017ce jest ona weso\u0142a, radosna, \u017cywa, skoczna, t\u0119tni\u0105ca \u017cyciem<\/p>\n<p>W zale\u017cno\u015bci od miejscowo\u015bci, w kt\u00f3rej ta\u0144czono krakowiaka, taniec ten nosi\u0142 poza ju\u017c wymienionymi takie nazwy jak: skalmierzak, wi\u015bliczak, ksi\u0119\u017cak, kopieniak, proszowiak, stopniczak, w\u0142\u0105czek albo flisak.<span style=\"font-size: 14px;\">\u00a0<\/span><\/p>\n<p>[\/et_pb_toggle][et_pb_toggle title=&#8221;11.\t Uroczysto\u015bci odpustowe ku czci \u015aw. Rocha z obrz\u0119dem b\u0142ogos\u0142awie\u0144stwa zwierz\u0105t w Mikstacie  |  Celebrations in honour of St. Roch with the blessing of animals&#8221; open_toggle_text_color=&#8221;#e52330&#8243; _builder_version=&#8221;4.27.4&#8243; _module_preset=&#8221;default&#8221; title_font=&#8221;|600|||||||&#8221; closed_title_font=&#8221;|600|||||||&#8221; closed_title_font_size=&#8221;14px&#8221; min_height=&#8221;26px&#8221; custom_margin=&#8221;1px||4px||false|false&#8221; global_colors_info=&#8221;{}&#8221;]<\/p>\n<p style=\"text-align: right;\">Data wpisu na list\u0119: <strong>3.12.2015<\/strong><\/p>\n<p><img loading=\"lazy\" decoding=\"async\" src=\"https:\/\/niematerialne.nid.pl\/wp-content\/uploads\/2023\/01\/Uroczystosci-ku-czci-Sw.-Rocha-z-blogoslawienstwem-zwierzat.jfif\" alt=\"Mikstat, b\u0142ogos\u0142awie\u0144stwo zwierz\u0105t\" width=\"500\" height=\"469\" \/><\/p>\n<p>Uroczysto\u015bci odpustowe ku czci \u015awi\u0119tego Rocha po\u0142\u0105czone z obrz\u0119dem b\u0142ogos\u0142awie\u0144stwa zwierz\u0105t zwi\u0105zane s\u0105 z drewnianym ko\u015bcio\u0142em pobudowanym pod Jego wezwaniem na wzg\u00f3rzu nazywanym obecnie Wzg\u00f3rzem Cmentarnym b\u0105d\u017a Wzg\u00f3rzem \u015awi\u0119tego Rocha. Uroczysto\u015bci odpustowe po\u0142\u0105czone z obrz\u0119dem b\u0142ogos\u0142awie\u0144stwa zwierz\u0105t s\u0105 zwi\u0105zane z kultem \u015awi\u0119tego Rocha i odbywaj\u0105 si\u0119 nieprzerwanie od trzystu lat dzi\u0119ki przekazowi mi\u0119dzypokoleniowemu. Jak wierz\u0105 od pokole\u0144 Mikstaczanie uroczysto\u015b\u0107 stanowi wotum dzi\u0119kczynne za uratowanie mieszka\u0144c\u00f3w przed zaraz\u0105, kt\u00f3ra zbiera\u0142a \u015bmiertelne \u017cniwo w tych okolicach. Z przekaz\u00f3w ustnych wynika, \u017ce w czasie jednej z epidemii cholery wie\u015bniak jecha\u0142 z chor\u0105 \u017con\u0105 do lekarza do pobliskiego Ostrzeszowa. Na Wzg\u00f3rzu mia\u0142 ujrze\u0107 m\u0119\u017cczyzn\u0119 w czarnym kapeluszu, z lask\u0105 pielgrzymi\u0105 i psem. M\u0119\u017cczyzna mia\u0142 powiedzie\u0107 ch\u0142opu, m\u00f3dl si\u0119, twoja \u017cona wyzdrowieje. Gdy kobieta wyzdrowia\u0142a na Wzg\u00f3rzu pobudowano ko\u015bci\u00f3\u0142 ku czci \u015bw. Rocha. A poniewa\u017c \u015bw. Roch, jak podaj\u0105 hagiografowie, uzdrawia\u0142 nie tylko ludzi, ale i zwierz\u0119ta gospodarze przyprowadzaj\u0105 w dniu jego liturgicznego wspomnienia przed bram\u0119 prowadz\u0105c\u0105 do ko\u015bcio\u0142a, zwierz\u0119ta prosz\u0105c, by \u015bw. Roch si\u0119 nimi opiekowa\u0142. Ko\u015bci\u00f3\u0142 stoi w miejscu, w kt\u00f3rym mia\u0142a ukaza\u0107 si\u0119 posta\u0107 \u015bwi\u0119tego Rocha. W ka\u017cdej wsp\u00f3lnocie parafialnej obchodzone s\u0105 imieniny patrona parafii, czy ko\u015bcio\u0142\u00f3w znajduj\u0105cych si\u0119 na jej terenie. Uroczysto\u015bci odpustowe poza scenariuszem liturgicznym, kt\u00f3ry zgodny jest z wyk\u0142adni\u0105 ko\u015bcieln\u0105 zawiera cz\u0119sto wiele element\u00f3w specyficznych dla danej spo\u0142eczno\u015bci lokalnej b\u0119d\u0105cych wyrazem religijno\u015bci ludowej. Takie specyficzne elementy odnale\u017a\u0107 mo\u017cna w sposobie \u015bwi\u0119towania uroczysto\u015bci odpustowej w parafii mikstackiej le\u017c\u0105cej w Po\u0142udniowej Wielkopolsce:<\/p>\n<p>W mikstackiej spo\u0142eczno\u015bci uroczysto\u015bci odpustowe ku czci \u015awi\u0119tego Rocha po\u0142\u0105czone s\u0105 z niezwykle widowiskowym, ale maj\u0105cym tak\u017ce g\u0142\u0119bok\u0105 wymow\u0119 religijn\u0105 obrz\u0119dem b\u0142ogos\u0142awie\u0144stwa zwierz\u0105t. Uroczysto\u015bci odpustowe po\u0142\u0105czone z obrz\u0119dem b\u0142ogos\u0142awie\u0144stwa zwierz\u0105t odbywaj\u0105 si\u0119 tu nieprzerwanie od ponad trzystu lat. Najstarszy dokument, kt\u00f3ry dotychczas uda\u0142o si\u0119 odnale\u017a\u0107 potwierdzaj\u0105cy kultywowanie tego obrz\u0119du pochodzi z 1705 roku. Na te przepi\u0119kne uroczysto\u015bci \u0142atwo trafi, gdy\u017c tak jak przed wiekami odbywaj\u0105 si\u0119 one zawsze w dniu, w kt\u00f3rym przypada dzie\u0144 imienin Patrona. W wielu parafiach s\u0105 one przenoszone na niedziel\u0119. W parafii mikstackiej g\u0142\u00f3wne uroczysto\u015bci odpustowe ku czci \u015bw. Rocha po\u0142\u0105czone z obrz\u0119dem b\u0142ogos\u0142awie\u0144stwa zwierz\u0105t odbywaj\u0105 si\u0119 zawsze 16 sierpnia. Mimo to, nawet je\u015bli przypadaj\u0105 w dzie\u0144 powszedni gromadz\u0105 bardzo liczn\u0105 rzesz\u0119 parafian, pielgrzym\u00f3w, turyst\u00f3w, kt\u00f3rzy odpowiednio wcze\u015bnie dbaj\u0105 o to, aby ten dzie\u0144 by\u0142 dla nich dniem wolnym. Na odpust \u015bwi\u0119tego Rocha staraj\u0105 si\u0119 przyby\u0107 wszyscy ci, kt\u00f3rzy kiedy\u015b mieszkali w parafii. To efekt zakorzenienia ich w tej spo\u0142eczno\u015bci, ale tak\u017ce dow\u00f3d trwania w wierze przodk\u00f3w, wierno\u015bci przekazanym tradycjom. Depozytariusze podkre\u015blali, \u017ce osoby pochodz\u0105ce z Mikstatu przyje\u017cd\u017caj\u0105 cz\u0119sto na uroczysto\u015bci odpustowe ze swoimi dzie\u0107mi. Chc\u0105 pokaza\u0107 i przekaza\u0107 kolejnym pokoleniom niespotykane zwyczaje, a tak\u017ce niezwyk\u0142\u0105 i niezapomniana atmosfer\u0119, kt\u00f3ra towarzyszy tym uroczysto\u015bciom. Zatem \u015bwi\u0119ty Roch pe\u0142ni w tej spo\u0142eczno\u015bci wa\u017cn\u0105 rol\u0119. Integruje tych, kt\u00f3rzy dzi\u015b mieszkaj\u0105 w tym \u015brodowisku, z tymi, kt\u00f3rzy \u017cyli tutaj kiedy\u015b. Przebywaj\u0105 oni niekiedy setki kilometr\u00f3w, aby w tym niezwyk\u0142ym dniu by\u0107 zn\u00f3w w Mikstacie, wr\u00f3ci\u0107 wspomnieniami do prze\u017cy\u0107 z dzieci\u0144stwa i m\u0142odo\u015bci. Zatem masowy udzia\u0142 w uroczysto\u015bciach odpustowych sta\u0142 si\u0119 tradycj\u0105 tej spo\u0142eczno\u015bci. Zgodnie z wielowiekow\u0105 tradycj\u0105 uroczysto\u015bci odpustowe poprzedza 9-dnowa nowenna, a rozpoczyna je msza \u015bwi\u0119ta w intencji chorych w niedziel\u0119 poprzedzaj\u0105c\u0105 odpust. W przeddzie\u0144 odpustu, tj. 15 sierpnia, odprawiana jest msza \u015bwi\u0119ta w ko\u015bciele farnym o godz. 18:00. Po tej mszy \u015bwi\u0119tej procesja z Naj\u015bwi\u0119tszym Sakramentem i relikwiami \u015bw. Rocha &#8211; patrona uroczysto\u015bci, udaje si\u0119 do ko\u015bcio\u0142a pw. \u015bw. Rocha, gdzie parafianie tak jak ich przodkowie od wielu pokole\u0144 trwaj\u0105 na ca\u0142onocnej adoracji. Adoracja ta jest tak\u017ce form\u0105 duchowego przygotowania do odpustu. I tutaj warto zwr\u00f3ci\u0107 uwag\u0119 na jeden nowy element, kt\u00f3ry pojawi\u0142 si\u0119 w scenariuszu uroczysto\u015bci odpustowych. Od 1987 roku odprawiana jest o godzinie 24: 00 pasterka. W ten spos\u00f3b \u015bwi\u0119ty Roch zacz\u0105\u0142 odbiera\u0107 szczeg\u00f3ln\u0105 cze\u015b\u0107 wraz z rozpocz\u0119ciem dnia swoich imienin. Ta msza \u015bwi\u0119ta odprawiana jest zawsze przez kap\u0142an\u00f3w pochodz\u0105cych z tej parafii. Przychodz\u0105 oni na to Wzg\u00f3rze odda\u0107 cze\u015b\u0107 \u015bwi\u0119temu Rochowi jako reprezentanci tych, kt\u00f3rzy czuj\u0105 w dalszym ci\u0105gu wi\u0119\u017a z tradycj\u0105 przekazan\u0105 im przez przodk\u00f3w. Mo\u017cna doszukiwa\u0107 si\u0119 jeszcze jednego wymiaru symbolicznego w tej mszy \u015bwi\u0119tej. Wok\u00f3\u0142 ko\u015bci\u00f3\u0142ka znajduje si\u0119 cmentarz. Przystrojone gladiolami groby, pal\u0105ce si\u0119 znicze s\u0105 symbolem niezwyk\u0142ej wsp\u00f3lnoty tych, kt\u00f3rzy kiedy\u015b oddawali cze\u015b\u0107 \u015bw. Rochowi z tymi, kt\u00f3rzy czyni\u0105 to dzi\u015b. To w pewnym sensie spotkanie pokole\u0144, ho\u0142d sk\u0142adany tym, dzi\u0119ki kt\u00f3rym ta tradycja przetrwa\u0142a do dzi\u015b. To w\u0142a\u015bnie dzi\u0119ki tym osobom nad mogi\u0142ami, kt\u00f3rych stajemy trwaj\u0105 nadal pi\u0119kne tradycje uroczysto\u015bci odpustowych ku czci \u015bw. Rocha. Jak wskazuje S. Kowalik \u201eto w\u0142a\u015bnie groby ojc\u00f3w wi\u0105\u017c\u0105 nas najsilniej z ziemi\u0105 , na kt\u00f3rej wyrastali\u015bmy\u201d. W Mikstacie te mogi\u0142y znajduj\u0105 si\u0119 wok\u00f3\u0142 ko\u015bcio\u0142a \u015bw. Rocha, kt\u00f3ry zawsze jednoczy\u0142 i nadal jednoczy t\u0119 wsp\u00f3lnot\u0119. Uroczysto\u015bci odpustowe ku Jego czci, po\u0142\u0105czone z obrz\u0119dem b\u0142ogos\u0142awie\u0144stwa zwierz\u0105t s\u0105 wa\u017cnym elementem dziedzictwa kulturowego, kt\u00f3ry wi\u0105\u017ce tych, kt\u00f3rzy mieszkaj\u0105 obecnie poza Mikstatem z ma\u0142\u0105 Ojczyzn\u0105, w kt\u00f3rej wzrastali.<\/p>\n<p><img loading=\"lazy\" decoding=\"async\" src=\"https:\/\/niematerialne.nid.pl\/wp-content\/uploads\/2023\/01\/Uroczystosci-ku-czci-Sw.-Rocha-z-blogoslawienstwem-zwierzat-2.jfif\" alt=\"Mikstat, b\u0142ogos\u0142awie\u0144stwo zwierz\u0105t\" width=\"500\" height=\"469\" \/><\/p>\n<p><span>Charakterystycznym elementem odpustu jest odbywaj\u0105cy si\u0119 obrz\u0119d b\u0142ogos\u0142awie\u0144stwa zwierz\u0105t. Jak przed wiekami odbywa si\u0119 on po mszy \u015bwi\u0119tej wotywnej odprawianej o godzinie 8:00. Tak jak przed laty, jak wynika z materia\u0142\u00f3w \u017ar\u00f3d\u0142owych przed stoj\u0105cym przy cmentarnej bramie kap\u0142anem przechodzi niezwyk\u0142a procesja sk\u0142adaj\u0105ca si\u0119 z r\u00f3\u017cnych zwierz\u0105t oraz ich opiekun\u00f3w. Sam obrz\u0119d po\u015bwiecenia jest elementem sta\u0142ym, niezmiennym uroczysto\u015bci odpustowych. Zmieniaj\u0105 si\u0119 tylko jego uczestnicy. Dawniej na obrz\u0119d b\u0142ogos\u0142awie\u0144stwa gospodarze przyprowadzali przede wszystkim konie, krowy, owce, kozy, czasami \u015bwinie. By\u0142y to zatem zwierz\u0119ta, kt\u00f3re pomaga\u0142y cz\u0142owiekowi w pracach polowych, albo stanowi\u0142y dla niego \u017ar\u00f3d\u0142o po\u017cywienia. Jak wskazuje B. Januszkiewicz: \u201eW r. 1969 przy\u00acp\u0119dzono pod ko\u015bci\u00f3\u0142ek oko\u0142o 60 kr\u00f3w, 40 koni, 6 owiec i 2 psy. W roku nast\u0119pnym by\u0142o natomiast oko\u0142o 80 kr\u00f3w, 45 koni i 15 owiec (\u2026).<\/span><\/p>\n<p><span>Sam obrz\u0119d \u015bwi\u0119cenia odbywa si\u0119 wed\u0142ug \u015bci\u015ble ustalonego porz\u0105dku. Najpierw wyst\u0119puj\u0105 je\u017ad\u017acy na koniach, nast\u0119pnie konie zaprz\u0119\u017cone do pow\u00f3zek, potem p\u0119dzi si\u0119 krowy, a na samym ko\u0144cu jad\u0105 wozy. na kt\u00f3rych za\u0142adowane s\u0105 owce. Wiek os\u00f3b, kt\u00f3re przyprowadzaj\u0105 inwentarz, waha si\u0119 w granicach 15\u201470 lat. Starzy gospodarze przyprowadzaj\u0105 naj\u00accz\u0119\u015bciej byd\u0142o i owce, m\u0142odzie\u017c natomiast ch\u0119tnie dosiada konia. Doda\u0107 trzeba, \u017ce udzia\u0142 czynny maj\u0105 g\u0142\u00f3wnie przedstawiciele p\u0142ci m\u0119skiej\u201d. Zatem jak wynika z przytoczonego opisu rzadko w\u015br\u00f3d zwierz\u0105t przyprowadzanych na \u015bwi\u0119cenie spotka\u0107 mo\u017cna by\u0142o psa wiernego towarzysza \u015bw. Rocha, dominowa\u0142 inwentarz. Motywem przyprowadzania zwierz\u0105t by\u0142a silna wiara parafian w opiek\u0119 \u015bw. Rocha nad lud\u017ami i zwierz\u0119tami. Na pocz\u0105tku lat osiemdziesi\u0105tych coraz mniej gospodarzy przyprowadza\u0142o swoje zwierz\u0119ta. W tym w\u0142a\u015bnie okresie pojawili si\u0119 przedstawiciele TVP, aby zrealizowa\u0107 program o prawie zapomnianym i zanikaj\u0105cym w innych regionach zwyczaju. Sytuacja ta okaza\u0142a si\u0119 mobilizuj\u0105ca dla miejscowej spo\u0142eczno\u015bci. Na po\u015bwi\u0119ceniu pojawili si\u0119 nie tylko gospodarze ze swoim inwentarzem, ale tak\u017ce dzieci ze zwierz\u0105tkami, kt\u00f3re hodowa\u0142y w swoich domach.<\/span><\/p>\n<p><span>A jak wygl\u0105da dzi\u015b obrz\u0119d po\u015bwi\u0119cenia zwierz\u0105t? Tak jak przed laty stoi kap\u0142an obok bramy cmentarza na specjalnie przygotowanym podwy\u017cszeniu i kropi wod\u0105 \u015bwi\u0119con\u0105 zwierz\u0119ta. W okolicy coraz mniej gospodarstw zajmuje si\u0119 hodowl\u0105 zwierz\u0105t. Coraz rzadziej w tej przedziwnej procesji zobaczy\u0107 mo\u017cna krowy, kozy, owce, czyli zwierz\u0119ta, kt\u00f3re przed laty przyprowadzano na obrz\u0119d b\u0142ogos\u0142awie\u0144stwa. Jest natomiast sporo koni. Nie s\u0105 to jednak najcz\u0119\u015bciej konie, kt\u00f3re s\u0142u\u017c\u0105 do prac polowych, wi\u0119kszo\u015b\u0107 z nich wykorzystywana jest do cel\u00f3w rekreacyjnych i rehabilitacyjnych. Jak wynika z relacji B. Januszkiewicza na obrz\u0119d b\u0142ogos\u0142awie\u0144stwa przyprowadzali kiedy\u015b zwierz\u0119ta przede wszystkim m\u0119\u017cczy\u017ani. Obserwuj\u0105c uroczysto\u015bci odpustowe w czasach wsp\u00f3\u0142czesnych nie dostrzegamy ju\u017c takiej prawid\u0142owo\u015bci. Na obrz\u0119d b\u0142ogos\u0142awie\u0144stwa przyprowadzaj\u0105 b\u0105d\u017a przynosz\u0105 swe zwierz\u0119ta przedstawiciele obu p\u0142ci bior\u0105 w nim udzia\u0142 nie tyko doro\u015bli, ale przede wszystkim dzieci i m\u0142odzie\u017c. Chocia\u017c coraz mniej zwierz\u0105t gospodarskich, ale przed bram\u0119 cmentarn\u0105 m\u0142odzi parafianie przyprowadzili w 2009 roku 94 psy, 53 koty, 20 kr\u00f3lik\u00f3w, 12 koni, 8 chomik\u00f3w, 7 kr\u00f3w, a tak\u017ce przynie\u015bli 8 \u017c\u00f3\u0142wi, 5 akwari\u00f3w z rybkami i 5 \u015bwinek morskich. Ponadto zobaczy\u0107 mo\u017cna tam by\u0142o go\u0142\u0119bie, papugi, paj\u0105ka, a nawet legwana.<\/span><\/p>\n<p><span>Na obrz\u0119d b\u0142ogos\u0142awie\u0144stwa przyprowadzaj\u0105, czasami przynosz\u0105 b\u0105d\u017a przywo\u017c\u0105 swoje zwierz\u0119ta nie tylko parafianie mikstaccy, ale tak\u017ce go\u015bcie z r\u00f3\u017cnych stron kraju. Je\u015bli popatrzymy na list\u0119 zwierz\u0105t to mo\u017cemy wyobrazi\u0107 sobie, jak barwna jest ta niezwyk\u0142a procesja. Nale\u017cy zwr\u00f3ci\u0107 uwag\u0119 na du\u017c\u0105 liczb\u0119 w\u0142a\u015bcicieli ps\u00f3w pojawiaj\u0105cych si\u0119 ze swoimi ulubie\u0144cami na obrz\u0119dzie b\u0142ogos\u0142awie\u0144stwa. Pies jest nieod\u0142\u0105cznym atrybutem \u015bw. Rocha.<\/span><\/p>\n<p><span>Przemarsz zwierz\u0105t przed specjalnie przygotowanym podwy\u017cszeniem na kt\u00f3rym stoi kap\u0142an (od kilku lat obrz\u0119du tego dokonuj\u0105 zaproszeni ks. Biskupi) kropi\u0105cy wod\u0105 \u015bwi\u0119con\u0105 zwierz\u0119ta i ich w\u0142a\u015bcicieli odbywa si\u0119 w okre\u015blonej kolejno\u015bci. T\u0119 niezwyk\u0142\u0105 procesj\u0119 rozpoczynaj\u0105 je\u017ad\u017acy na koniach, za nimi jad\u0105 bryczki, na kt\u00f3rych opr\u00f3cz ludzi cz\u0119sto znajduj\u0105 si\u0119 tak\u017ce r\u00f3\u017cne zwierz\u0119ta. Najcz\u0119\u015bciej s\u0105 to psy b\u0105d\u017a koty. Za bryczkami zmierzaj\u0105 krowy i kozy wraz ze swoimi w\u0142a\u015bcicielami. Nast\u0119pnie przed bram\u0105 prowadzone, niesione, a czasami wiezione s\u0105 mniejsze zwierz\u0119ta, zw\u0142aszcza te hodowane przez dzieci. S\u0105 w\u015br\u00f3d nich psy, r\u00f3\u017cnych ras i wielko\u015bci, koty, chomiki, kr\u00f3liki, \u015bwinki morskie, papugi, ma\u0142e kurczaczki\u2026 Wszystkie te zwierz\u0119ta krocz\u0105 w tej niezwykle barwnej procesji, poniewa\u017c ich w\u0142a\u015bciciele troszcz\u0105 si\u0119 o to, by jak najlepiej si\u0119 prezentowa\u0142y. I chocia\u017c tak jak wskazano, coraz rzadziej kroczy w niej byd\u0142o i czasami z nostalgi\u0105 wzdycha si\u0119, gdzie si\u0119 podzia\u0142y zwierz\u0119ta, kt\u00f3re stanowi\u0142y kiedy\u015b trzon procesji \u015bwi\u0119torochowej, to trzeba pogodzi\u0107 si\u0119 z up\u0142ywem czasu, ze zmianami spo\u0142ecznymi i otworzy\u0107 si\u0119 na w pewnym sensie troch\u0119 odnowion\u0105 wersj\u0119 tradycji odziedziczonej od przodk\u00f3w. Bo to przecie\u017c ca\u0142y czas jest obrz\u0119d b\u0142ogos\u0142awie\u0144stwa, stanowi\u0105cy integraln\u0105 cz\u0119\u015b\u0107 uroczysto\u015bci odpustowych. Wi\u0119c dobrze, \u017ce w\u015br\u00f3d zwierz\u0105t uczestnicz\u0105cych w obrz\u0119dzie b\u0142ogos\u0142awie\u0144stwa pojawi\u0142y si\u0119 ma\u0142e zwierz\u0105tka, bo gdyby nie one i ich m\u0142odzi w\u0142a\u015bciciele zanik\u0142by, pi\u0119kny maj\u0105cy trzystuletni\u0105 tradycj\u0119 obrz\u0119d.<\/span><\/p>\n<p><span>Warto jeszcze zwr\u00f3ci\u0107 uwag\u0119, i\u017c mimo post\u0119pu nauk weterynaryjnych przyprowadzaj\u0105cy na po\u015bwi\u0119cenie swoje zwierz\u0119ta w dalszym ci\u0105gu podkre\u015blaj\u0105, \u017ce czyni\u0105 to, aby uchroni\u0107 je od chor\u00f3b. Wskazuj\u0105 na to wywiady przeprowadzane w\u015br\u00f3d uczestnik\u00f3w uroczysto\u015bci odpustowych po\u0142\u0105czonych obrz\u0119dem b\u0142ogos\u0142awie\u0144stwa zwierz\u0105t przez przedstawicieli medi\u00f3w, ale tak\u017ce cyklicznie prowadzone badania empiryczne przez rodowit\u0105 Mikstatczank\u0119 dr Ma\u0142gorzat\u0119 Strzelec z Uniwersytetu Jana Kochanowskiego w Kielcach.<\/span><\/p>\n<p><img loading=\"lazy\" decoding=\"async\" src=\"https:\/\/niematerialne.nid.pl\/wp-content\/uploads\/2023\/01\/Uroczystosci-ku-czci-Sw.-Rocha-z-blogoslawienstwem-zwierzat-3.jfif\" alt=\"Mikstat, b\u0142ogos\u0142awie\u0144stwo zwierz\u0105t\" width=\"500\" height=\"469\" \/><\/p>\n<p>W scenariuszu uroczysto\u015bci odpustowych nie mo\u017ce zabrakn\u0105\u0107 oczywi\u015bcie uroczystej sumy. Ta sprawowana jest o godz. 11:00. Ostatnim akcentem uroczysto\u015bci odpustowych jest Msza \u015awi\u0119ta sprawowana o godz. 18:00. W czasie tej Mszy \u015awi\u0119tej udzielane jest specjalne b\u0142ogos\u0142awie\u0144stwa dzieciom. Po tej Mszy \u015awi\u0119tej procesja z Naj\u015bwi\u0119tszym Sakramentem wraca do ko\u015bcio\u0142a farnego. Atrakcja dla dzieci, ale nie tylko dla nich jest odbywaj\u0105cy si\u0119 w ulicy poni\u017cej sanktuarium jarmark, zwany w mikstackiej spo\u0142eczno\u015bci \u201ebudami\u201d. Z tej okazji dzieci otrzymuj\u0105 od rodzic\u00f3w, dziadk\u00f3w pieni\u0105\u017cki, tzw. odpustowe. W ostatnich latach podj\u0119te zosta\u0142y pr\u00f3by nowego odczytania charyzmatu \u015awi\u0119tego Rocha. Zaowocowa\u0142y one w\u0142\u0105czeniem do scenariusza uroczysto\u015bci odpustowych dnia chorych, kt\u00f3ry prze\u017cywany jest w tej wsp\u00f3lnocie w niedziel\u0119 poprzedzaj\u0105c\u0105 uroczysto\u015bci odpustowe.<\/p>\n<p>\u015awi\u0119ty Roch by\u0142 tym, kt\u00f3ry sam do\u015bwiadczy\u0142 choroby i cierpienia, ale tak\u017ce pochyla\u0142 si\u0119 nad cierpi\u0105cymi, zara\u017conymi. Tak wi\u0119c uroczysto\u015bci odpustowe rozpoczynaj\u0105 przedstawiciele najstarszego pokolenia, nast\u0119pnie odbywaj\u0105 si\u0119 uroczysto\u015bci po\u0142\u0105czone z b\u0142ogos\u0142awie\u0144stwem zwierz\u0105t, ko\u0144czy b\u0142ogos\u0142awie\u0144stwo dzieci. W ten spos\u00f3b pewnym stopniu zamkni\u0119te zostaje ko\u0142o przekazu mi\u0119dzypokoleniowego.<\/p>\n<p>Uroczysto\u015bci odpustowe s\u0105 okazj\u0105 do przygotowania wystaw zwi\u0105zanych z postaci\u0105 \u015bw. Patrona. Obrz\u0119d b\u0142ogos\u0142awie\u0144stwa zwierz\u0105t znany by\u0142 w naszym kraju ju\u017c w XVI wieku, na co wskazuje Jan Stanis\u0142aw Bystro\u0144 opisuj\u0105c obyczaje w Polsce w tamtym okresie. By\u0142 bardzo popularny w naszym kraju, ale- na co wskazuje z kolei- Oskar Kolberg zacz\u0105\u0142 zanika\u0107 pod koniec XIX wieku. W mikstackiej wsp\u00f3lnocie parafialnej odbywa si\u0119 on nieprzerwanie od trzystu lat. \u015awiadczy to o sile wiary i tradycji. W \u201eDzie\u0142ach\u201d Oskara Kolberga znajdujemy taki oto opis Mikstatu.: \u201eMixtat, Mikstat ma pi\u0119kny ko\u015bci\u00f3\u0142; o\u017cywione jarmarki na byd\u0142o. Niegdy\u015b morowa zaraza ca\u0142e spustoszy\u0142a miasto; zosta\u0142o tylko siedm rodzin, kt\u00f3re zawczasu w lasy si\u0119 skry\u0142y, a kt\u00f3re p\u00f3\u00ac\u017aniej zn\u00f3w miasto zaludni\u0142y. Liczba ta odpowiada dzi\u015b jeszcze istniej\u0105cym 7 g\u0142\u00f3wnym nazwiskom, kt\u00f3re po kilka ju\u017c i kilka\u00acna\u015bcie \u017cyj\u0105cych obejmuje rodzin. Owa zaraza objawi\u0142a si\u0119 w po\u00acstaci bladej, wychud\u0142ej kobiety, bia\u0142em prze\u015bcierad\u0142em okrytej. Chodzi\u0142a od domu do domu i przez okno zapytywa\u0142a si\u0119 ludzi: \u015bpi\u0105-li czy si\u0119 modl\u0105? \u2014 Je\u017celi ich zastawa\u0142a \u015bpi\u0105cych, w\u00f3wczas m\u00f3wi\u0142a: Spijcie, \u015bpijcie, a wi\u0119cej nie wstaniecie. Je\u017celi za\u015b wi\u00acdzia\u0142a \u017ce si\u0119 modl\u0105, wtenczas m\u00f3wi\u0105c, \u017ce do nich niema prawa, znik\u0142a po nauczaj\u0105cem napomnieniu i zostawia\u0142a ich przy \u017cyciu\u201d. Zatem i O. Kolberg akcentuje fakt nawiedzania tych okolic przez zaraz\u0119, ale tak\u017ce podkre\u015bla fakt istnienia w mie\u015bcie pi\u0119knego ko\u015bcio\u0142a.<\/p>\n<p>Uroczysto\u015bci odpustowe ku czci \u015awi\u0119tego Rocha po\u0142\u0105czone z obrz\u0119dem b\u0142ogos\u0142awie\u0144stwa zwierz\u0105t s\u0105 przejawem \u017cywej tradycji. Zachowano w nich elementy tradycji przekazywanej z pokolenia na pokolenie. Kolejnym pokoleniom przekazuje si\u0119 to co dla danej spo\u0142eczno\u015bci jest najwa\u017cniejsze. Niew\u0105tpliwie takim wa\u017cnym dla mikstackiej wsp\u00f3lnoty parafialnej elementem niematerialnego dziedzictwa kulturowego s\u0105 uroczysto\u015bci odpustowe ku czci \u015awi\u0119tego Rocha po\u0142\u0105czone z obrz\u0119dem b\u0142ogos\u0142awie\u0144stwa zwierz\u0105t. W innej sytuacji trudno wyobrazi\u0107 sobie, by mog\u0142y przetrwa\u0107 przez ponad trzysta lat. Nigdy w procesie transmisji kultury nie przekazuje si\u0119 kolejnym pokoleniom ca\u0142ego dziedzictwa kulturowego spo\u0142eczno\u015bci, ale te jego elementy, kt\u00f3re s\u0105 dla niej najwa\u017cniejsze. Kolejne pokolenia wzbogacaj\u0105 je o nowe elementy, kt\u00f3re zwi\u0105zane s\u0105 z przemianami spo\u0142eczno- kulturowymi, dzi\u0119ki czemu tradycja staje si\u0119 \u017cywym elementem kulturowym spo\u0142eczno\u015bci. Takie zjawisko uwidacznia si\u0119 w mikstackiej wsp\u00f3lnocie parafialnej.<\/p>\n<p>Na stronie internetowej parafii znale\u017a\u0107 mo\u017cna szereg zdj\u0119\u0107 z uroczysto\u015bci odpustowych ku czci \u015bw. Rocha po\u0142\u0105czonych z obrz\u0119dem b\u0142ogos\u0142awie\u0144stwa zwierz\u0105t: <a href=\"http:\/\/www.parafia-mikstat.pl\/\" target=\"_blank\" rel=\"noopener noreferrer\" title=\"link zostanie otwarty w nowej karcie\">www.parafia-mikstat.pl<\/a>.<\/p>\n<p>[\/et_pb_toggle][et_pb_toggle title=&#8221;12.\tTradycyjna technika ludwisarska stosowana w ludwisarni Felczy\u0144skich w Taciszowie  |  Traditional bell foundry techniques used by the Felczy\u0144ski family in Tacisz\u00f3w &#8221; open_toggle_text_color=&#8221;#e52330&#8243; _builder_version=&#8221;4.16&#8243; _module_preset=&#8221;default&#8221; title_font=&#8221;|600|||||||&#8221; closed_title_font=&#8221;|600|||||||&#8221; closed_title_font_size=&#8221;14px&#8221; min_height=&#8221;26px&#8221; custom_margin=&#8221;1px||4px||false|false&#8221; global_colors_info=&#8221;{}&#8221;]<\/p>\n<p style=\"text-align: right;\">Data wpisu na list\u0119: <strong>3.12.2015<\/strong><\/p>\n<p><img loading=\"lazy\" decoding=\"async\" src=\"https:\/\/niematerialne.nid.pl\/wp-content\/uploads\/2023\/01\/Tradycyjna-technika-ludwisarska-Felczynskich-w-Taciszowie.jfif\" alt=\"Czyszczenie dzwonu\" width=\"500\" height=\"506\" \/><\/p>\n<p>Tradycyjna technika ludwisarska stosowana w ludwisarni Felczy\u0144skich w Taciszowie nie zosta\u0142a w kr\u0119gu rodzinnym w \u017caden spos\u00f3b zapisana. Wiedza oraz umiej\u0119tno\u015bci nauczane s\u0105 zawsze przez starszego z rodu, przekazywane ustnie oraz w praktyce. Obecnie ich wykonawc\u0105 jest Zbigniew Felczy\u0144ski, czynny ludwisarz, nauczony techniki przez swojego ojca.<\/p>\n<p>Rodow\u00f3d tradycyjnego rzemios\u0142a ludwisarskiego jest bardzo dawny, pocz\u0105tki formowa\u0142y si\u0119 najpewniej w Azji, p\u00f3\u017aniej umiej\u0119tno\u015b\u0107 przenikn\u0119\u0142a do Europy i zosta\u0142a zaadaptowania do naszych warunk\u00f3w oraz zapotrzebowania na instrumenty ko\u015bcielne. Technika formowania dzwon\u00f3w br\u0105zowych metod\u0105 na wosk tracony po raz pierwszy opisana zosta\u0142a w X wieku przez benedykty\u0144skiego mnicha Teofila, kt\u00f3ry pochodzi\u0142 z Grecji. W kolejnych wiekach technika ewoluowa\u0142a: odkrywano, \u017ce pewne elementy mo\u017cna wykona\u0107 \u0142atwiej i sprawniej. Ostatecznie ukszta\u0142towa\u0142a si\u0119 w renesansie, rozprzestrzeni\u0142a, i w takiej postaci znana by\u0142a jeszcze na prze\u0142omie XVIII i XIX wieku, kiedy to przedstawiciel rodziny Felczy\u0144skich pojecha\u0142 do Niemiec, aby uczy\u0107 si\u0119 u tamtejszych ludwisarzy. Pewny swoich umiej\u0119tno\u015bci wr\u00f3ci\u0142 i za\u0142o\u017cy\u0142 pierwsz\u0105 ludwisarni\u0119 w Ka\u0142uszu, mie\u015bcie le\u017c\u0105cym na terenie obecnej Ukrainy. Od tego czasu, to jest od roku 1808, kolejne pokolenia przekazuj\u0105 sobie wzajemnie niezb\u0119dne tajniki zawodu i kontynuuj\u0105 prace nad produkcj\u0105 dzwon\u00f3w w nast\u0119puj\u0105cych po sobie zak\u0142adach zmieniaj\u0105cych lokalizacje ze wzgl\u0119du na koleje historii, przywi\u0105zuj\u0105c wag\u0119 do wiernego na\u015bladowania tradycyjnej, jeszcze renesansowej techniki.<\/p>\n<p><img loading=\"lazy\" decoding=\"async\" src=\"https:\/\/niematerialne.nid.pl\/wp-content\/uploads\/2023\/01\/Tradycyjna-technika-ludwisarska-Felczynskich-w-Taciszowie-2.jfif\" alt=\"Odkopywanie dzwonu\" width=\"500\" height=\"494\" \/><\/p>\n<p>Aby stworzy\u0107 dzwon nale\u017cy wykona\u0107 wieloelementow\u0105 form\u0119 glinian\u0105, opracowa\u0107 j\u0105, zakopa\u0107 w jamie odlewniczej i wla\u0107 do niej roztopiony br\u0105z. Podczas tworzenia formy najpierw buduje si\u0119 rdze\u0144, czyli jej wewn\u0119trzn\u0105 cz\u0119\u015b\u0107. Zbudowany z cegie\u0142 sto\u017cek pokrywa si\u0119 grubymi warstwami mieszanki sk\u0142adaj\u0105cej si\u0119 g\u0142\u00f3wnie z gliny, nak\u0142adaj\u0105c j\u0105 r\u0119cznie na ca\u0142\u0105 powierzchni\u0119. Ka\u017cda kolejna warstwa gliny, tak teraz jak i podczas ca\u0142ego procesu tworzenia, musi dok\u0142adnie wyschn\u0105\u0107 przed na\u0142o\u017ceniem nast\u0119pnej. Stopniowo, z up\u0142ywem czasu i kolejnymi warstwami, pocz\u0105tkowo sto\u017ckowa forma zaobla si\u0119 i przybiera kszta\u0142t wewn\u0119trznej powierzchni przysz\u0142ego dzwonu. W utrzymaniu precyzji pomaga szablon, wyci\u0119ty z metalu w po\u017c\u0105dany kszta\u0142t, mo\u017cliwy do obracania wok\u00f3\u0142 budowanego rdzenia wykr\u00f3j odpowiadaj\u0105cy w\/w kszta\u0142towi. Po zako\u0144czeniu tego etapy budowy warstw\u0119 izoluje si\u0119 i zaczyna nak\u0142ada\u0107 grubo\u015b\u0107, czyli tzw dzwon fa\u0142szywy. Ta cz\u0119\u015b\u0107 odpowiada kszta\u0142tem przysz\u0142emu dzwonowi. Sk\u0142ada si\u0119 r\u00f3wnie\u017c z kolejnych warstw gliny, nak\u0142adanej tym razem p\u0119dzlem- cieniej i z wi\u0119ksz\u0105 uwag\u0105 i przy u\u017cyciu kolejnego szablonu. Dzwon fa\u0142szywy pokrywa si\u0119 \u0142ojem zwierz\u0119cym, oraz umieszcza na nim wykonane z wosku napisy, ornamenty i wizerunki takie, jakie widoczne b\u0119d\u0105 na gotowym odlewie. S\u0105 one przygotowywane r\u0119cznie- w przypadku liter odlewane z foremek i wycinane, a w przypadku wizerunk\u00f3w wykonywane jednorazowo przez p. Bogumi\u0142\u0119 Felczy\u0144sk\u0105, kt\u00f3ra dba, by wystr\u00f3j dzwonu nawi\u0105zywa\u0142 do tradycji i pasowa\u0142 do ka\u017cdej formy (dzwony r\u00f3\u017cni\u0105 si\u0119 rozmiarami, czasem umieszczona na nim plakieta b\u0119dzie mia\u0142a 10 cm a czasem 40). Przygotowan\u0105 w ten spos\u00f3b powierzchni\u0119 pokrywa si\u0119 wieloma cienkimi warstwami rzadko rozrobionej gliny tak, by masa otuli\u0142a wszystkie przymocowane dekoracje najdok\u0142adniej jak to mo\u017cliwe. Ma to ogromny wp\u0142yw na ich czytelno\u015b\u0107 w p\u00f3\u017aniejszym odlewnie. Ten etap jest niezwykle wra\u017cliwy na temperatur\u0119. Nie mo\u017cna pracowa\u0107 z mas\u0105 woskow\u0105 w skrajnych temperaturach, bo staje si\u0119 ona zbyt p\u0142ynna lub zbyt krucha, dlatego z zale\u017cno\u015bci od pory roku zmieniamy godziny dekorowania dzwon\u00f3w. Np. latem ludwisarze pracuj\u0105 o \u015bwicie, by efekt\u00f3w nie zniszczy\u0142y upa\u0142y przychodz\u0105ce w ci\u0105gu dnia.<\/p>\n<p>Wspomniane ju\u017c nowe, pokrywaj\u0105ce dekoracje warstwy gliny zaczynaj\u0105 sk\u0142ada\u0107 si\u0119 na zewn\u0119trzn\u0105 cz\u0119\u015b\u0107 formy \u2013 tzw. kap\u0119. Kolejne pow\u0142oki zabezpieczaj\u0105 dzwon fa\u0142szywy, a forma p\u0119cznieje i traci precyzyjny kszta\u0142t. Po zako\u0144czeniu budowy, form\u0119 dla pewno\u015bci jeszcze si\u0119 suszy. Wysoka temperatura jakiej zostaje poddana wytapia zamkni\u0119te mi\u0119dzy warstwami gliny elementy woskowe (tzw. metoda \u201e na wosk tracony\u201d), pozostawiaj\u0105c z zewn\u0119trznej pow\u0142oce luki czy te\u017c wg\u0142\u0119bienia odpowiadaj\u0105ce przysz\u0142ym napisom, wizerunkom i ornamentom. Nast\u0119pnie form\u0119 rozk\u0142ada si\u0119 na trzy kolejno budowane cz\u0119\u015bci: rdze\u0144, dzwon fa\u0142szywy i kap\u0119 i niszczy si\u0119 \u015brodkow\u0105. Rdze\u0144 i kap\u0119 \u0142\u0105czy si\u0119 ponownie ze sob\u0105, dbaj\u0105c o precyzyjne dopasowanie, do\u0142\u0105cza si\u0119 osobno przygotowan\u0105 form\u0119 korony, ca\u0142o\u015b\u0107 zakopuje si\u0119 w jamie odlewniczej, tzn. w wykopan\u0105 na terenie zak\u0142adu dziur\u0119 poni\u017cej poziomu gruntu, opuszcza si\u0119 gotow\u0105 form\u0119 i obsypuje si\u0119 j\u0105 ziemi\u0105, kt\u00f3ra zostaje mocno ubita by ca\u0142o\u015b\u0107 ustabilizowa\u0107. Zakopana forma jest ju\u017c gotowa do dalszych prac; kluczowego dnia ca\u0142ego procesu, kt\u00f3ry pan Zbigniew Felczy\u0144ski wybiera si\u0119 w zale\u017cno\u015bci od pory roku i pogody, odbywa si\u0119 odlew. W tym czasie nie mo\u017ce pada\u0107, bo tradycyjny piec szybowy, kt\u00f3rego u\u017cywamy, nie b\u0119dzie w stanie roztopi\u0107 metalu. Ze wzgl\u0119du na sprzyjaj\u0105ce pr\u0105dy powietrza najlepiej dokonywa\u0107 odlewu w nocy lub o \u015bwicie. Ten etap trwa kilkana\u015bcie godzin, najpierw rozgrzewa si\u0119 piec, potem wrzuca metale \u2013 cyn\u0119 (22%) i mied\u017a (78%), aby si\u0119 stopi\u0142y i po\u0142\u0105czy\u0142y w p\u0142ynny br\u0105z. Roztopiony metal uwalnia si\u0119 z pieca i kieruje specjalnymi rynienkami do formy, do kt\u00f3rej wlewa si\u0119 on przez otw\u00f3r pozostawiony w g\u00f3rnej cz\u0119\u015bci. Odlany dzwon, wci\u0105\u017c zabezpieczony wieloma warstwami gor\u0105cej teraz gliny zostawia si\u0119 w ziemi na nast\u0119pne kilka dni, aby powoli styg\u0142. Potem wydobywa si\u0119 go, rozbija otulaj\u0105c\u0105 go glin\u0119, czy\u015bci i poleruje, by metal, kt\u00f3ry przybra\u0142 kszta\u0142t dzwonu by\u0142 g\u0142adki i b\u0142yszcza\u0142 oraz by by\u0142o wyra\u017anie wida\u0107 umieszczone na nim dekoracje. Na koniec do\u0142\u0105cza si\u0119 elementy techniczne pozwalaj\u0105cych na jego prac\u0119 (serce, okucie) i przekazuje w miejsce przeznaczenia w kraju i za granicami \u2013 najcz\u0119\u015bciej na ko\u015bcieln\u0105 wie\u017c\u0119. W parafii odbywa si\u0119 z tej okazji zgodny w wytycznymi Stolicy Apostolskiej rytua\u0142 po\u015bwi\u0119cenia instrument\u00f3w.<\/p>\n<p><img loading=\"lazy\" decoding=\"async\" src=\"https:\/\/niematerialne.nid.pl\/wp-content\/uploads\/2023\/01\/Tradycyjna-technika-ludwisarska-Felczynskich-w-Taciszowie-3.jfif\" alt=\"Dzwon, ludwisarstwo\" width=\"500\" height=\"431\" \/><\/p>\n<p>Ludwisarze z Taciszowa szczeg\u00f3lnie dumni s\u0105 z wykonania 2 historycznych dzwon\u00f3w: pot\u0119\u017cny instrument nosz\u0105cy dwa imiona Ignacy &#8211; J\u00f3zef, wykonany w 1929 roku na wystaw\u0119 krajow\u0105 w Poznaniu, oraz ozdobny p\u0142askorze\u017abami wykonanymi przez Xawerego Dunikowskiego dzwon wys\u0142any w 1939 roku na \u015bwiatow\u0105 wystaw\u0119 w Nowym Jorku.<\/p>\n<p>W 2013 w warsztacie wykonany zosta\u0142 dzwon imieniem Serce \u0141odzi (2500 kg), kt\u00f3ry nawi\u0105zuje do Zygmunta, instrumentu, kt\u00f3ry wisia\u0142 wcze\u015bniej w tym samym miejscu, lecz zosta\u0142 zarekwirowany w czasie drugiej wojny \u015bwiatowej. Jego nast\u0119pca zosta\u0142 wykonany w setn\u0105 rocznic\u0119 powstania pierwszego. Inn\u0105 wyj\u0105tkow\u0105 prac\u0105 by\u0142o wykonanie dzwonu Kopernik dla olszty\u0144skiej katedry (1600 kg). Uczci\u0142 on obchody roku astronoma i na specjalne \u017cyczenie zosta\u0142 zabarwiony na granatowo, by jego powierzchnia przypomina\u0142a nocne niebo, na kt\u00f3rym umieszczono gwiazdy pokryte p\u0142atkowym z\u0142otem. Ciesz\u0105 nas r\u00f3wnie\u017c dzwony wykonywane do cerkwi prawos\u0142awnych. Ich dekoracj\u0119 stanowi\u0105 cz\u0119sto odwzorowania ikon, a po zawieszeniu na wie\u017cy, s\u0105 na nich odgrywane rytmiczne melodie.[\/et_pb_toggle][et_pb_text _builder_version=&#8221;4.16&#8243; _module_preset=&#8221;default&#8221; custom_margin=&#8221;25px||8px||false|false&#8221; custom_padding=&#8221;||0px|||&#8221; global_colors_info=&#8221;{}&#8221;]<\/p>\n<h5><span style=\"color: #e52330;\"><strong>2016<\/strong><\/span><\/h5>\n<p>[\/et_pb_text][et_pb_toggle title=&#8221;13.\t Gwara warmi\u0144ska jako no\u015bnik tradycji ustnych  |  The local dialect of Warmia as a medium of oral traditions &#8221; open_toggle_text_color=&#8221;#e52330&#8243; _builder_version=&#8221;4.16&#8243; _module_preset=&#8221;default&#8221; title_font=&#8221;|600|||||||&#8221; closed_title_font=&#8221;|600|||||||&#8221; closed_title_font_size=&#8221;14px&#8221; min_height=&#8221;26px&#8221; custom_margin=&#8221;1px||4px||false|false&#8221; locked=&#8221;off&#8221; global_colors_info=&#8221;{}&#8221;]<\/p>\n<p style=\"text-align: right;\">Data wpisu na list\u0119:\u00a0 <strong>10.03.2016<\/strong><\/p>\n<p>Gwara warmi\u0144ska powsta\u0142a w wyniku nak\u0142adania si\u0119 na siebie r\u00f3\u017cnych zjawisk j\u0119zykowych \u2013 pocz\u0105wszy od j\u0119zyka staroba\u0142tyjskiego (pruskiego), poprzez j\u0119zyk osadnik\u00f3w niemieckich i polskich, staropolszczyzn\u0119 powszechn\u0105 na ziemiach pruskich w okresie nowo\u017cytnym, ko\u0144cz\u0105c na germanizmach wprowadzanych w wieku XIX.<\/p>\n<p>Gwara by\u0142a g\u0142\u00f3wnie \u201ej\u0119zykiem domowym\u201d, ale znali j\u0105 zar\u00f3wno Polacy jak i Niemcy. St\u0105d te\u017c w kontaktach s\u0105siedzkich mogli oni si\u0119 dobrze porozumie\u0107. Sytuacja zmieni\u0142a si\u0119 po II wojnie \u015bwiatowej. Gwara warmi\u0144ska \u2013 do wojny uwa\u017cana za polsk\u0105, po wojnie by\u0142a kojarzona z j\u0119zykiem niemieckim, przez co p\u00f3\u017aniej prawie zanik\u0142a. Wyjazdy Warmiak\u00f3w do Niemiec, a tak\u017ce d\u0105\u017cenia ku nowoczesno\u015bci, powodowa\u0142y odej\u015bcie od tradycji, w tym tak\u017ce j\u0119zyka ojc\u00f3w. Dopiero od lat 90. XX wieku mo\u017cna zauwa\u017cy\u0107 powr\u00f3t i ch\u0119\u0107 odkrywania na nowo warmi\u0144skiej gwary.<\/p>\n<p><img loading=\"lazy\" decoding=\"async\" src=\"https:\/\/niematerialne.nid.pl\/wp-content\/uploads\/2023\/01\/Gwara-warminska-jako-nosnik-tradycji-ustnych.jpg\" width=\"500\" height=\"973\" \/><\/p>\n<p>Ochrona i popularyzacja gwary jest bardzo wa\u017cna dla powojennych pokole\u0144, kt\u00f3re patrz\u0105 otwarcie w przysz\u0142o\u015b\u0107 i pr\u00f3buj\u0105 odnale\u017a\u0107 na Warmii swoje miejsce, ale nie mo\u017cna budowa\u0107 przysz\u0142o\u015bci bez znajomo\u015bci przesz\u0142o\u015bci i bez mo\u017cliwo\u015bci uto\u017csamiania si\u0119 z ni\u0105. W ostatnich latach gwar\u0119 jest popularyzowana poprzez drukowanie gaw\u0119d warmi\u0144skich w lokalnej prasie i czytanie ich w Radio Olsztyn, organizowane s\u0105 szkolenia na podstawie Elementarzy gwary warmi\u0144skiej oraz prowadzony jest fanpage <a href=\"https:\/\/www.facebook.com\/GwaraWarminska\/\" target=\"_blank\" rel=\"noopener noreferrer\" title=\"link zostanie otwarty w nowym oknie\">\u201eGwara Warmi\u0144ska\u201d<\/a> na Facebooku. Do dzisiaj pozosta\u0142o kilkana\u015bcie rodzin, kt\u00f3re znaj\u0105 gwar\u0119 i j\u0105 rozumiej\u0105. Coraz wi\u0119cej os\u00f3b chce poznawa\u0107 nowe s\u0142\u00f3wka i wplata\u0107 je do swoich wypowiedzi. Wykorzystuj\u0105 j\u0105 zespo\u0142y muzyczne i \u015bpiewacze. Dla dzieci organizowane s\u0105 konkursy recytatorskie. Nie chodzi zatem o powszechn\u0105 i obowi\u0105zkow\u0105 nauk\u0119 gwary dla wszystkich, ale o umo\u017cliwienie poznania i kszta\u0142towania umiej\u0119tno\u015bci rozumienia poszczeg\u00f3lnych s\u0142\u00f3wek, zwrot\u00f3w, kr\u00f3tkich tekst\u00f3w i dialog\u00f3w.<\/p>\n<p>Poprzez to nast\u0119puje poznanie tradycyjnych zwyczaj\u00f3w, warto\u015bci i mentalno\u015bci poprzednich pokole\u0144, a tym samym transmisja warto\u015bciowych element\u00f3w dziedzictwa kulturowego do wsp\u00f3\u0142czesnego zglobalizowanego spo\u0142ecze\u0144stwa.[\/et_pb_toggle][et_pb_toggle title=&#8221;14.\t Przywo\u0142\u00f3wki dyngusowe w Szymborzu  |  Easter rhymes in Szymborze&#8221; open_toggle_text_color=&#8221;#e52330&#8243; _builder_version=&#8221;4.16&#8243; _module_preset=&#8221;default&#8221; title_font=&#8221;|600|||||||&#8221; closed_title_font=&#8221;|600|||||||&#8221; closed_title_font_size=&#8221;14px&#8221; min_height=&#8221;26px&#8221; custom_margin=&#8221;1px||4px||false|false&#8221; global_colors_info=&#8221;{}&#8221;]<\/p>\n<p style=\"text-align: right;\">Data wpisu na list\u0119: <strong>16.03.2016<\/strong><\/p>\n<p><img loading=\"lazy\" decoding=\"async\" src=\"https:\/\/niematerialne.nid.pl\/wp-content\/uploads\/2023\/01\/Przywolowki-dyngusowe-w-Szymborzu.jpg\" alt=\"Przywo\u0142\u00f3wki w Szymborzu\" width=\"500\" height=\"531\" \/><\/p>\n<p>Przywo\u0142\u00f3wki dyngusowe to dwudniowy zwyczaj zwi\u0105zany z obchodami \u015awi\u0105t Wielkanocnych bardzo powszechny na Kujawach do czas\u00f3w II wojny \u015bwiatowej, a w niekt\u00f3rych wsiach spotykany jeszcze do lat 60. XX wieku. Obecnie organizowany w Szymborzu, dawniej wsi, dzi\u015b dzielnicy Inowroc\u0142awia.<\/p>\n<p>Przywo\u0142\u00f3wki to kr\u00f3tkie teksty odnosz\u0105ce si\u0119 do ka\u017cdej z panien z danej wsi, obecnie ju\u017c Szymborza i okolic. Ka\u017cdy wierszyk sk\u0142ada\u0142 si\u0119 z takich cz\u0119\u015bci jak przedstawienie dziewczyny a tak\u017ce z opisania jej zalet (lub wad), stwierdzenia ile wody zostanie na ni\u0105 wylane w Poniedzia\u0142ek Wielkanocny, a tak\u017ce og\u0142oszenia czy kto\u015b \u201eza ni\u0105 stoi\u201d czyli czy jest kawaler, kt\u00f3ry jest ni\u0105 zainteresowany. Przywo\u0142\u00f3wka ko\u0144czy si\u0119 zawsze s\u0142owami: Niech \u015bpi, niech si\u0119 nie boi, bo za ni\u0105&#8230;&#8230;.. stoi. Ten j\u0105 wykupi\u0142!<\/p>\n<p>Tworzeniem przywo\u0142\u00f3wek zajmuj\u0105 si\u0119 cz\u0142onkowie Stowarzyszenia Klubu Kawaler\u00f3w, kt\u00f3rego rodow\u00f3d si\u0119ga prze\u0142omu 1833 i 1834 roku. Jest to grupa m\u0119\u017cczyzn (wg statutu powinno by\u0107 ich 10, ale jest to liczba zmienna), kt\u00f3rzy jak nazwa na to wskazuje musz\u0105 by\u0107 kawalerami, o nienagannej opinii. Kilku z nich bierze udzia\u0142 w tym obrz\u0119dzie od ok. dziesi\u0119ciu lat. Niekt\u00f3rzy cz\u0142onkowie poprzez swoje rodziny zwi\u0105zani s\u0105 z Klubem Kawaler\u00f3w ju\u017c od kilku pokole\u0144.<\/p>\n<p><img loading=\"lazy\" decoding=\"async\" src=\"https:\/\/niematerialne.nid.pl\/wp-content\/uploads\/2023\/01\/Przywolowki-dyngusowe-w-Szymborzu-2.jpg\" alt=\"Przywo\u0142\u00f3wki w Szymborzu\" width=\"500\" height=\"528\" \/><\/p>\n<p>Szymborskie przywo\u0142\u00f3wki maj\u0105 charakter uroczysty i widowiskowy. Odbywaj\u0105 si\u0119 na centralnym placu, w Wielk\u0105 Niedziel\u0119, po wieczornej mszy ofiarowanej za zmar\u0142ych cz\u0142onk\u00f3w Klubu. Widzami s\u0105 nie tylko mieszka\u0144cy Szymborza, ale i przyjezdni z okolicznych miejscowo\u015bci. Przygotowania rozpoczynaj\u0105 si\u0119 dwa tygodnie przed \u015bwi\u0119tami, kiedy to w siedzibie Klubu dy\u017curuj\u0105 jego cz\u0142onkowie i czekaj\u0105 na m\u0119\u017cczyzn, kt\u00f3rzy przychodz\u0105 sk\u0142ada\u0107 \u201eokup\u201d za swoje dziewczyny. Okupem jest najcz\u0119\u015bciej skromny datek pieni\u0119\u017cny. Informacje, kto kogo wykupi\u0142 s\u0105 zapisywane i stanowi\u0105 podstaw\u0119 do uk\u0142adania przywo\u0142\u00f3wek. Maj\u0105 one nie tylko charakter zalotny oraz towarzyski, ale tak\u017ce wychowawczy, przez to, \u017ce publicznie pochwalaj\u0105 pozytywne postawy i zachowania oraz pi\u0119tnuj\u0105 negatywne.<\/p>\n<p>Przywo\u0142\u00f3wki szymborskie r\u00f3\u017cni\u0105 si\u0119 od tych organizowanych niegdy\u015b w innych wsiach tym, \u017ce nie s\u0105 spontanicznie, lecz celowo organizowane i maj\u0105 ci\u0105g\u0142o\u015b\u0107 nie tylko ustnej, ale i pisemnej tradycji, poniewa\u017c teksty s\u0105 zapisywane w specjalnej ksi\u0119dze i przechowywane przez lata.[\/et_pb_toggle][et_pb_toggle title=&#8221;15. Zabawkarstwo \u017cywiecko-suskie  |  Toy-making craft in \u017bywiec and Sucha Beskidzka &#8221; open_toggle_text_color=&#8221;#e52330&#8243; _builder_version=&#8221;4.27.5&#8243; _module_preset=&#8221;default&#8221; title_font=&#8221;|600|||||||&#8221; closed_title_font=&#8221;|600|||||||&#8221; closed_title_font_size=&#8221;14px&#8221; min_height=&#8221;26px&#8221; custom_margin=&#8221;1px||4px||false|false&#8221; hover_enabled=&#8221;0&#8243; global_colors_info=&#8221;{}&#8221; sticky_enabled=&#8221;0&#8243;]<\/p>\n<p style=\"text-align: right;\">Data wpisu na list\u0119: <strong>4.06.2016<\/strong><\/p>\n<p><img loading=\"lazy\" decoding=\"async\" src=\"https:\/\/niematerialne.nid.pl\/wp-content\/uploads\/2023\/01\/Zabawkarstwo-zywiecko-suskie.jfif\" alt=\"zabawkarstwo\" width=\"500\" height=\"548\" \/><\/p>\n<p>Pierwsze wzmianki dotycz\u0105ce zabawkarstwa na terenie le\u017c\u0105cym mi\u0119dzy \u017bywcem a Such\u0105 Beskidzk\u0105 wpisuj\u0105 si\u0119 w XVIII w. Jednak dopiero w po\u0142owie XIX w. zabawkarstwo zacz\u0119\u0142o intensywnie si\u0119 rozwija\u0107. Chocia\u017c zabawki by\u0142y produktem ubocznym przy wyrobie r\u00f3\u017cnych przedmiot\u00f3w z drewna, ich sprzeda\u017c przynosi\u0142a doch\u00f3d. Po pewnym czasie zabawkarstwo sta\u0142o si\u0119 samodzieln\u0105 dzia\u0142alno\u015bci\u0105 rzemie\u015blnicz\u0105. Na terenie znanym powszechnie pod nazw\u0105 \u017cywieckiego o\u015brodka zabawkarskiego, w kt\u00f3rego sk\u0142ad wchodzi\u0142y wsie takie jak Przybor\u00f3w, Koszarawa, Pewel Wielka, Koco\u0144 oraz Lachowice, Kur\u00f3w. Kuk\u00f3w i Stryszawa nale\u017c\u0105ce do gminy Stryszawa stworzy\u0142 si\u0119 najstarszy w Polsce o\u015brodek cha\u0142upniczego wyrobu drewnianych zabawek ludowych. Opr\u00f3cz tego o\u015brodka zabawkarskiego istnia\u0142y jeszcze: my\u015blenicki, kielecki, rzeszowski, lubelski, podlaski i krakowski, jednak nasz o\u015brodek zwany te\u017c w opracowaniach \u017ar\u00f3d\u0142owych ze wzgl\u0119du na sw\u00f3j zasi\u0119g \u017cywiecko-suskim jest najbardziej znanym i uznanym o\u015brodkiem tradycyjnego zabawkarstwa ludowego w Polsce. Wsp\u00f3\u0142cze\u015bnie, bior\u0105c pod uwag\u0119 aktywno\u015b\u0107 tw\u00f3rc\u00f3w ludowych, mo\u017cna by m\u00f3wi\u0107 o o\u015brodku stryszawskim. Chocia\u017c zabawki wykonywane s\u0105 nadal w rejonie s\u0105siedniej Jele\u015bni, to jednak najwi\u0119cej powstaje ich w miejscowo\u015bciach wchodz\u0105cych w sk\u0142ad gminy Stryszawa. Dzi\u0119ki wielu dzia\u0142aniom r\u00f3\u017cnych instytucji, aktywno\u015bci\u0105 tw\u00f3rc\u00f3w, tradycja zabawkarska jest wci\u0105\u017c \u201e\u017cywa\u201d. Ca\u0142e rodziny zacz\u0119\u0142y zajmowa\u0107 si\u0119 wyrobem zabawek. Poszczeg\u00f3lni cz\u0142onkowie rodziny zajmowali si\u0119 r\u00f3\u017cnymi etapami tworzenia zabawki \u2013 struganie, malowanie, ryzowanie, etc. Dzi\u0119ki zaanga\u017cowaniu ca\u0142ej rodziny, tradycje zabawkarskie przekazywane by\u0142y z pokolenia na pokolenie.<\/p>\n<p>W\u015br\u00f3d najstarszych wzor\u00f3w zabawek, znanych jeszcze przed I wojn\u0105 \u015bwiatow\u0105 nale\u017cy wymieni\u0107 bryczki z konikami zwane \u201ekaretkami\u201d, ko\u0142yski zwane \u201ekolybkami\u201d, grzechotki zwane \u201escyrkowkami\u201d oraz taczki. Od pocz\u0105tku XX w. popularne sta\u0142y si\u0119 tak\u017ce ptaszki wykonywane w Stryszawie. Najpopularniejsze z nich to tzw. \u201erajskie ptaszki\u201d czyli ptaszki bardzo kolorowe, kt\u00f3rych nie odnajdziemy w przyrodzie. W\u0142a\u015bnie takimi ma\u0142ymi ptaszkami w Stryszawie dekorowano i dekoruje si\u0119 do dzisiaj choinki bo\u017conarodzeniowe.<\/p>\n<p>Poszerzenie asortymentu datuje si\u0119 na okres mi\u0119dzywojenny XX w. Wtedy pojawi\u0142y si\u0119 mi\u0119dzy innymi koniki na podstawce, koniki z wozami drabiniastymi oraz ruchome \u201eklepoki\u201d czyli ptaszki klepi\u0105ce skrzyde\u0142kami i karuzelki. Najstarsze wzory etnograficzne konik\u00f3w to tzw. \u201ecapy\u201d \u2013 czyli prymitywne, proste koniki. P\u00f3\u017aniej zacz\u0119to wytwarza\u0107 tzw. \u201ewy\u015bcigowce\u201d bardziej zbli\u017cone kszta\u0142tem do natury. Do wyrobu wi\u0119kszo\u015bci zabawek najcz\u0119\u015bciej wykorzystywano drewno sosny wejmutki, kt\u00f3re jest mi\u0119kkim drewnem i nie zawiera du\u017co \u017cywicy. Z twardszego drewna tworzono ruchome elementy zabawek, np. k\u00f3\u0142ka, skrzyd\u0142a \u201eklepok\u00f3w\u201d.<\/p>\n<p>Do wyrobu zabawek na pocz\u0105tku u\u017cywano prostych narz\u0119dzi, cz\u0119sto wykonanych przez samych tw\u00f3rc\u00f3w. Niekt\u00f3re z nich s\u0142u\u017c\u0105 do dzisiaj, np. ostry, szewski n\u00f3\u017c zwany \u201egnypem\u201d, cyrkiel do \u201eryzowania\u201d (ozdabiania wzorami geometrycznymi), czy te\u017c \u201edziadek\u201d, czyli rodzaj drewnianego imad\u0142a z siedziskiem.<\/p>\n<p><img loading=\"lazy\" decoding=\"async\" src=\"https:\/\/niematerialne.nid.pl\/wp-content\/uploads\/2023\/01\/Zabawkarstwo-zywiecko-suskie-2.jfif\" alt=\"zabawkarstwo\" width=\"500\" height=\"548\" \/><\/p>\n<p>Prawdopodobnie pierwsze tworzone zabawki nie by\u0142y malowane, mia\u0142y kolor drewna, z kt\u00f3rego zosta\u0142y zrobione. W miar\u0119 up\u0142ywu lat, wi\u0119kszej liczby wytw\u00f3rc\u00f3w i co za tym idzie konkurencji, rodziny zabawkarskie zacz\u0119\u0142y swoje wyroby ozdabia\u0107. Ka\u017cdy tw\u00f3rca ma sw\u00f3j wz\u00f3r, styl wytwarzania i zdobienia zabawki. Najpierw malowano zabawki dosy\u0107 skromnie kilkoma czystymi, jaskrawymi kolorami, poszerzaj\u0105c z czasem wykorzystywan\u0105 palet\u0119 barw. Zacz\u0119to tak\u017ce zdobi\u0107 zabawki ryzowaniem i ornamentem malowanym. Na pocz\u0105tku sprzeda\u017c\u0105 zabawek zajmowali si\u0119 sami wytw\u00f3rcy, zbywaj\u0105c swoje wyroby na okolicznych targach i jarmarkach. W miar\u0119 up\u0142ywu czasu handel zabawkami przej\u0119li po\u015brednicy, dzi\u0119ki czemu tutejsze zabawki dociera\u0142y w r\u00f3\u017cne zak\u0105tki Polski. Po II wojnie \u015bwiatowej zabawkarstwo zosta\u0142o obj\u0119te mecenatem pa\u0144stwa, a rozprowadzaniem kolorowych ptaszk\u00f3w, konik\u00f3w, bryczek oraz innych zabawek zaj\u0119\u0142a si\u0119 m.in. \u201eCepelia\u201d. Zar\u00f3wno w przesz\u0142o\u015bci, jak i obecnie zabawkarzy mo\u017cna spotka\u0107 na du\u017cych i ma\u0142ych imprezach oraz kiermaszach tw\u00f3rczo\u015bci ludowej.<\/p>\n<p>Czasy wsp\u00f3\u0142czesne to zwi\u0119kszenie zainteresowania tradycyjn\u0105, drewnian\u0105 zabawk\u0105 oraz kultywowanie rodzinnych tradycji zabawkarskich \u2013 wykonywanie zar\u00f3wno dawnych wzor\u00f3w zabawek, jak te\u017c poszukiwanie nowych form inspirowanych tradycj\u0105, zw\u0142aszcza przez m\u0142odych tw\u00f3rc\u00f3w.<\/p>\n<p>\u017bywiecko \u2013 suskie zabawkarstwo jest dla kultywuj\u0105cych je os\u00f3b dziedzictwem kulturowym, z kt\u00f3rego s\u0105 dumni. Tradycje zabawkarskie stanowi\u0105 dla lokalnej spo\u0142eczno\u015bci szczeg\u00f3ln\u0105 warto\u015b\u0107, z kt\u00f3r\u0105 mieszka\u0144cy uto\u017csamiaj\u0105 si\u0119 i kt\u00f3ra wyr\u00f3\u017cnia ich region spo\u015br\u00f3d innych. Rzemios\u0142em tradycyjnym zajmowa\u0142y si\u0119 ca\u0142e rodziny i dzi\u0119ki temu umiej\u0119tno\u015b\u0107 ta zosta\u0142a przekazana z pokolenia na pokolenie. Sta\u0142o si\u0119 ono wa\u017cnym, alternatywnym \u017ar\u00f3d\u0142em dochodu dla wielu rolnik\u00f3w nieumiej\u0105cych si\u0119 utrzyma\u0107 z pracy na roli, na nieurodzajnych ziemiach. Tw\u00f3rcy ch\u0119tnie bior\u0105 udzia\u0142 w wielu imprezach, targach promocyjnych, kiermaszach sztuki ludowej, a tak\u017ce konkursach, co anga\u017cuje i zach\u0119ca tw\u00f3rc\u00f3w do pracy na polu tw\u00f3rczo\u015bci i popularyzacji zabawkarstwa. Cz\u0119sto s\u0105 zapraszani przez r\u00f3\u017cne instytucje kultury, plac\u00f3wki szkolne do prowadzenia warsztat\u00f3w z malowania zabawek w\u015br\u00f3d dzieci lub uczestnik\u00f3w okoliczno\u015bciowych imprez folklorystycznych, dni regionalnych itp. To sprawia, \u017ce ich presti\u017c spo\u0142eczny wzrasta. Wi\u0119kszo\u015b\u0107 tw\u00f3rc\u00f3w ludowych zabawkarzy nale\u017cy do Stowarzyszenia Tw\u00f3rc\u00f3w Ludowych oraz innych, kt\u00f3re kultywuj\u0105 tradycje regionalne np. dzia\u0142aj\u0105ce na terenie Stowarzyszenie Lokalna Grupa Dzia\u0142ania \u201ePodbabiog\u00f3rze\u201d. Dodatkowo w Stryszawie organizowana jest impreza kulturalna \u2013\u015awi\u0119to Zabawki Ludowej, jedyna w Polsce tego typu, popularyzuj\u0105ca zabawkarstwo i ciesz\u0105ca si\u0119 du\u017cym zainteresowaniem.<\/p>\n<p>W roku 2016 organizowana jest po raz 20 \u2013ty i b\u0119dzie kontynuowana co roku. Organizatorzy, Gminny O\u015brodek Kultury w Stryszawie podejmuj\u0105 wiele innych dzia\u0142a\u0144 dotycz\u0105cych promocji i przekazu tych wa\u017cnych dla \u017cywiecko-suskiego o\u015brodka zabawkarskiego tradycji. Popularyzacja i ochrona zabawkarstwa, jako \u201egin\u0105cego zawodu\u201d jest priorytetowym kierunkiem dzia\u0142alno\u015bci GOK Stryszawa i takim pozostanie. Od pocz\u0105tku o\u015brodek by\u0142 wsparciem m.in. merytorycznym dla tw\u00f3rc\u00f3w, kt\u00f3rzy utrzymuj\u0105 z nim sta\u0142y kontakt, dokumentuje wszystkie dzia\u0142ania zwi\u0105zane z zabawk\u0105 i zabawkarstwem, wydaje publikacje, realizuje projekty promuj\u0105ce zabawkarstwo, prowadzi sta\u0142\u0105 wystaw\u0119 drewnianej zabawki ludowej, stworzy\u0142 Park Drewnianej Zabawki Ludowej, kt\u00f3ry cieszy si\u0119 du\u017cym zainteresowaniem. Prowadzi tak\u017ce Warsztaty Tw\u00f3rcze, gdzie mo\u017cna si\u0119 nauczy\u0107 rze\u017abi\u0107 i malowa\u0107 ptaszki czy pomalowa\u0107 konika, a tak\u017ce Babiog\u00f3rskie Sklepiki, gdzie tw\u00f3rcy mog\u0105 sprzeda\u0107 swoje wyroby. Spo\u0142eczno\u015bci zwi\u0105zanej z zabawkarstwem zale\u017cy, aby tradycja mia\u0142a kontynuator\u00f3w w\u015br\u00f3d m\u0142odych i by\u0142a wci\u0105\u017c \u201e\u017cywa\u201d. Dlatego ch\u0119tnie anga\u017cuj\u0105 si\u0119 w r\u00f3\u017cne dzia\u0142ania na tym polu i przekazuj\u0105 swoj\u0105 wiedz\u0119 i umiej\u0119tno\u015bci przy wsparciu instytucji kultury.<\/p>\n<p>\u017bywiecko-suskie zabawkarstwo zosta\u0142o zg\u0142oszone do wpisu na Krajow\u0105 list\u0119 niematerialnego dziedzictwa kulturowego przy zgodzie os\u00f3b tworz\u0105cych grup\u0119 (tw\u00f3rc\u00f3w ludowych \u2013 zabawkarzy). Zgoda zosta\u0142a wyra\u017cona w czasie spotkania, w kt\u00f3rym wzi\u0119\u0142a udzia\u0142 wi\u0119ksza cz\u0119\u015b\u0107 tw\u00f3rc\u00f3w dzia\u0142aj\u0105cych na terenie \u017cywiecko-suskiego o\u015brodka zabawkarskiego. Poparcie pomys\u0142u zg\u0142oszenia elementu wykaza\u0142y r\u00f3wnie\u017c: Muzeum Etnograficzne im. S. Udzieli w Krakowie, Gmina Stryszawa, Regionalny O\u015brodek Kultury w Bielsku-Bia\u0142ej.<\/p>\n<p>&nbsp;<\/p>\n<p><img loading=\"lazy\" decoding=\"async\" src=\"https:\/\/niematerialne.nid.pl\/wp-content\/uploads\/2023\/01\/Zabawkarstwo-zywiecko-suskie-3.jfif\" alt=\"zabawkarstwo\" width=\"500\" height=\"548\" \/><\/p>\n<p>&nbsp;<\/p>\n<p>&#8212;<\/p>\n<p style=\"text-align: right;\">Date of the inclusion in the inventory: <strong>June 4, 2016<\/strong><\/p>\n<p>&nbsp;<\/p>\n<p>The first mentions of toymaking in the area between \u017bywiec and Sucha Beskidzka date back to the 18th century. However, it wasn&#8217;t until the mid-19th century that toymaking began to develop rapidly. Although toys were a byproduct of making various wooden objects, their sale generated income. After some time, toymaking became an independent craft.<\/p>\n<p>In the area commonly known as the \u017bywiec Toy Center, which included the villages of Przybor\u00f3w, Koszarawa, Pewel Wielka, Koco\u0144, as well as Lachowice, and Kur\u00f3w. Kuk\u00f3w and Stryszawa are the oldest centers for wooden toymaking in Poland. In addition to this toy center, there were also toymaking centers in the My\u015blenice, Kielce, Rzesz\u00f3w, Lublin, Podlasie, and Krak\u00f3w regions. However, the \u017bywiec-Sucha area, due to its extensive reach, is the most well-known and recognized center of traditional wooden toymaking in Poland. Nowadays, considering the activity of folk artists, one could speak of a Stryszawa center. Although artisans still make toys in the neighboring Jele\u015bnia region, most of them are from villages within the Stryszawa commune. Thanks to the efforts of various institutions and the creative efforts of individual artists, the toy tradition remains alive. Entire families began to engage in toymaking. Individual family members handled various stages of toymaking, including carving, painting, and engraving. Thanks to the involvement of the entire family, the toy traditions were passed down from generation to generation.<\/p>\n<p>Among the oldest toy designs, known even before World War I, are horse-drawn carriages called &#8220;karetki,&#8221; cradles called &#8220;kolybki,&#8221; rattles called &#8220;scyrkowki,&#8221; and wheelbarrows. From the beginning of the 20th century, birds made in Stryszawa also became popular. The most popular of these are the so-called &#8220;paradise birds,&#8221; which are very colorful and do not occur in nature. These small birds were and still are used to decorate Christmas trees in Stryszawa.<\/p>\n<p>The product range expanded during the interwar period of the 20th century. At that time, horses on stands, horses with ladder carts, and moving &#8220;klepoki&#8221; (birds flapping their wings) and carousels appeared. The oldest ethnographic designs of rocking horses are the so-called &#8220;capy&#8221;. Later, so-called &#8220;racing horses&#8221; began to be produced, more closely resembling nature in shape. Most toys were made of white pine, a soft wood with little resin. Moving parts used harder wood, such as wheels and the wings of the &#8220;klepoki.&#8221;<\/p>\n<p>At first, simple tools, often made by the creators themselves, were used to make toys. Some of them are still in use today, such as a sharp shoemaker&#8217;s knife called a &#8220;gnyp,&#8221; a compass for &#8216;ryzowanie&#8217; (decorating with geometric patterns), or a &#8220;dziadek,&#8221; a type of wooden vise with a seat.<br \/>The first toys were likely unpainted; they were the color of their natural wood. As years passed, the number of manufacturers increased, and competition arose, toy families began to decorate their products. Each maker has their own design, style of making, and decorating their toys. At first, toys had quite modest paint jobs with a few pure, bright colors, and over time, the color palette expanded. Toys also began to be decorated with carving and painted ornaments. In the beginning, the makers themselves sold their toys at local fairs and markets. Over time, intermediaries took over the toy trade, allowing local toys to reach various corners of Poland.<\/p>\n<p>After World War II, wooden toymaking came under state patronage, and the distribution of colorful birds, horses, carriages, and other toys was taken over by, among others, &#8220;Cepelia&#8221; Cooperative. Both in the past and today, toy-makers can be found at large and small events and folk art fairs.<\/p>\n<p>Contemporary times bring an increased interest in traditional wooden toys and the cultivation of family toy traditions \u2013 the production of both old toy designs and the search for new forms inspired by tradition, especially by young makers.<\/p>\n<p>The \u017bywiec-Suskie toymakers are proud of their cultural heritage. Toymaking traditions hold a special value for the local community, one with which residents identify and which distinguishes their region from others. Entire families are engaged in traditional crafts, and as a result, the skill is passed down from generation to generation. It has become an important alternative source of income for many farmers unable to support themselves on infertile land. Artists participate in numerous events, promotional fairs, folk art fairs, and competitions, which engage and encourage them to work in the field of creativity and to promote toymaking. Various cultural institutions and schools often invite them to lead toy painting workshops for children or attend special folklore events, regional festivals, and so on. Thus they increases their social prestige. Most folk toy-makers belong to the Association of Folk Artists and others. Additionally, the village of Stryszawa hosts a cultural event, the Folk Toy Festival, the only one of its kind in Poland, which promotes toymaking and enjoys great popularity. <br \/>2016 was the 20th anniversary, and it will continue annually. The organizers, the Stryszawa Communal Cultural Center, undertake many other activities to promote and transmit these important traditions for the \u017bywiec-Suskie wooden toy center. The popularization and preservation of toymaking as a &#8220;vanishing craft&#8221; is a priority for the Stryszawa Communal Cultural Center and will remain so. From the very beginning, the center has provided substantive support to artists. It documents all activities related to toys and toymaking, publishes materials, implements projects promoting toymaking, runs a permanent exhibition of wooden folk toys, and has created a Wooden Folk Toy Park, which is very popular. It also runs Creative Workshops, where you can learn to carve and paint birds or paint a horse, as well as Babia G\u00f3ra Shops, where artists can sell their products. The toy makers&#8217; community wants young people to continue the tradition to keep it alive. That is why they are eager to engage in various activities in this field and pass on their knowledge and skills with the support of cultural institutions.<\/p>\n<p>The \u017bywiec-Sucha wooden toymaking center received a nomination for inclusion on the National List of Intangible Cultural Heritage, with the consent of the individuals who constitute the group of makers. The nomination occurred during a meeting attended by most of the artists operating within the \u017bywiec-Sucha toy center. The S. Udziela Ethnographic Museum also expressed support for the nomination in Krak\u00f3w, the Stryszawa Commune, and the Bielsko-Bia\u0142a Regional Cultural Center.<\/p>\n<p>[\/et_pb_toggle][et_pb_toggle title=&#8221;16.\tBartnictwo  |  Tree beekeeping&#8221; open_toggle_text_color=&#8221;#e52330&#8243; _builder_version=&#8221;4.16&#8243; _module_preset=&#8221;default&#8221; title_font=&#8221;|600|||||||&#8221; closed_title_font=&#8221;|600|||||||&#8221; closed_title_font_size=&#8221;14px&#8221; min_height=&#8221;26px&#8221; custom_margin=&#8221;1px||4px||false|false&#8221; global_colors_info=&#8221;{}&#8221;]<\/p>\n<p style=\"text-align: right;\">Data wpisu na list\u0119: <strong>4.06.2016<\/strong><\/p>\n<p><img loading=\"lazy\" decoding=\"async\" src=\"https:\/\/niematerialne.nid.pl\/wp-content\/uploads\/2023\/01\/Bartnictwo.jpg\" alt=\"Bartnictwo-wspinaczka\" width=\"500\" height=\"472\" \/><\/p>\n<p>&nbsp;<\/p>\n<p>Bartnictwo jest zestawem praktyk, wiedzy i tradycji dotycz\u0105cych pszczo\u0142y miodnej, jej zwyczaj\u00f3w, upodoba\u0144 i zachowa\u0144 w interakcji z cz\u0142owiekiem oraz otaczaj\u0105c\u0105 przyrod\u0105. Polega na przekonaniu, \u017ce pszczo\u0142a najlepiej \u017cyje i rozwija si\u0119 wysoko nad ziemi\u0105, a cz\u0142owiek nie powinien ingerowa\u0107 w rozw\u00f3j rodziny pszczelej. W tym celu przygotowuje si\u0119 w pniach drzew \u017cyj\u0105cych lub k\u0142odach wykonanych ze \u015bci\u0119tych pni dziuple, zwane \u201ebarciami\u201d, przeznaczone na gniazda dla pszczo\u0142y miodnej. Wykonanie \u201ebarci\u201d, czyli \u201edzianie\u201d, odbywa si\u0119 za pomoc\u0105 \u201epieszni\u201d \u2013 specjalnego d\u0142uta o szeroko\u015bci ostrza 4-5 cm, osadzonego na d\u0142ugim masywnym trzonku.<\/p>\n<p>Barcie wykonuje si\u0119 albo w \u017cywych drzewach (sosnach, d\u0119bach, lipach lub \u015bwierkach) na wysoko\u015bci powy\u017cej 4,5 metra, albo w k\u0142odach pozyskanych z drzew \u015bci\u0119tych. \u201eWydzian\u0105\u201d k\u0142od\u0119 nast\u0119pnie umocowuje si\u0119 na drzewie na wysoko\u015bci minimum 4 metr\u00f3w nad ziemi\u0105 i przeprowadza si\u0119 zabiegi maj\u0105ce na celu zwabienie do niej pszcz\u00f3\u0142, wykorzystuje si\u0119 do tego nalewki na bazie propolisu, zio\u0142a i fragmenty plastr\u00f3w. Do zasiedlonych barci zagl\u0105da si\u0119 maksymalnie kilka razy w trakcie sezonu, aby w pocz\u0105tku wrze\u015bnia, tradycyjnie po \u015bwi\u0119cie Narodzin Marii Panny (8 wrze\u015bnia), pobra\u0107 niedu\u017c\u0105 ilo\u015b\u0107 miodu. Bartnik odbiera swoj\u0105 cz\u0119\u015b\u0107 tak, by nie narazi\u0107 roju na \u015bmier\u0107 g\u0142odow\u0105 w trakcie zimy i unikn\u0105\u0107 konieczno\u015bci podkarmiania substytutami miodu.<\/p>\n<p><img loading=\"lazy\" decoding=\"async\" src=\"https:\/\/niematerialne.nid.pl\/wp-content\/uploads\/2023\/01\/Bartnictwo-2.jpg\" alt=\"Bartnictwo-wosk\" width=\"500\" height=\"472\" \/><\/p>\n<p><span>Bartnictwo jest to r\u00f3wnie\u017c pewnego rodzaju etos i przekonanie, \u017ce tylko cz\u0142owiek prawy i uczciwy mo\u017ce zajmowa\u0107 si\u0119 pszczo\u0142ami. Status bartnika jest powodem do dumy depozytariuszy tradycji bartnej i tych, kt\u00f3rych przodkowie zajmowali si\u0119 bartnictwem kilka pokole\u0144 wstecz. Bartnictwo jest powodem do dumy niewielkiej grupy os\u00f3b skupionej wok\u00f3\u0142 fundacji Bractwo Bartne, dumy z naszej lokalnej historii i tradycji. Tradycji \u017cycia w zgodzie z natur\u0105 z poszanowaniem jej praw i szacunku do pszczo\u0142y i jej odwiecznych zwyczaj\u00f3w. Bartnictwo jest te\u017c sposobem na zachowanie endemicznej pszczo\u0142y \u015brodkowoeuropejskiej linii Augustowskiej, kt\u00f3ra jest dominuj\u0105c\u0105 ras\u0105 pszcz\u00f3\u0142 na obszarze Puszczy Augustowskiej. Jest te\u017c sposobem sp\u0119dzania wolnego czasu w duchu wzajemnej pomocy i wsp\u00f3lnej pracy przy zak\u0142adaniu i dogl\u0105daniu kolejnych barci i k\u0142\u00f3d bartnych, kt\u00f3re wsp\u00f3lnie dziej\u0105.<\/span><\/p>\n<p>&nbsp;[\/et_pb_toggle][et_pb_toggle title=&#8221;17.\tPerebory \u2013 nadbu\u017ca\u0144skie tradycje tkackie  |  Perebory \u2013 weaving traditions in the Bug river region&#8221; open_toggle_text_color=&#8221;#e52330&#8243; _builder_version=&#8221;4.16&#8243; _module_preset=&#8221;default&#8221; title_font=&#8221;|600|||||||&#8221; closed_title_font=&#8221;|600|||||||&#8221; closed_title_font_size=&#8221;14px&#8221; min_height=&#8221;26px&#8221; custom_margin=&#8221;1px||4px||false|false&#8221; global_colors_info=&#8221;{}&#8221;]<\/p>\n<p style=\"text-align: right;\">Data wpisu na list\u0119: <strong>4.06.2016<\/strong><\/p>\n<p><img loading=\"lazy\" decoding=\"async\" src=\"https:\/\/niematerialne.nid.pl\/wp-content\/uploads\/2023\/01\/Perebory-nadbuzanskie-tradycje-tkackie.jpg\" alt=\"Spotkanie integracyjne tkaczek\" width=\"500\" height=\"470\" \/><\/p>\n<p>Perebor to pas ornamentu na tkaninie p\u0142\u00f3ciennej, kolorowy w\u0105tek na bia\u0142ej osnowie. S\u0142u\u017cy do zdobienia koszul, sp\u00f3dnic, r\u0119kaw\u00f3w. Jest to element charakterystyczny dla regionu nadbu\u017ca\u0144skiego. Trudno dok\u0142adne okre\u015bli\u0107 kiedy ten element zdobniczy powsta\u0142 na obszarze Po\u0142udniowego Podlasia i Wschodniej Lubelszczyzny. Region pogranicza administracyjnego, religijnego i kulturowego stanowi\u0142 teren \u015bcierania si\u0119 i \u0142\u0105czenia r\u00f3\u017cnych wp\u0142yw\u00f3w i tradycji. Ta w\u0142a\u015bnie \u201epograniczno\u015b\u0107\u201d sta\u0142a si\u0119 cech\u0105 tego obszaru, w kt\u00f3rym spaja\u0142y si\u0119 r\u00f3\u017cnorodne oddzia\u0142ywania Polski, Rusi, Litwy oraz innych mniejszo\u015bci zamieszkiwanych na tym terenie. Zdobion\u0105 w ten spos\u00f3b odzie\u017c nosi\u0142a wi\u0119kszo\u015b\u0107 mieszka\u0144c\u00f3w tych teren\u00f3w, a samo s\u0142owo \u201eperebory\u201d pochodzi z j\u0119zyka Rusin\u00f3w \u2013 rdzennych gospodarzy tych okolic.<\/p>\n<p>Nazwa \u201eperebor\u201d, nawi\u0105zuje do przebierania nici osnowy p\u0142ask\u0105 deseczk\u0105. Mozoln\u0105 czynno\u015b\u0107 trzeba powtarza\u0107 raz po raz. Technika ta jest wyj\u0105tkowo czasoch\u0142onna i trudna, dlatego perebory traktowano jak skarb. Pasy z wytkanymi rombami, gwiazdami i kwadratami naszywano na bia\u0142e lniane koszule, a gdy ubranie zniszczy\u0142o si\u0119, ornament odpruwano i ozdabiano nim kolejny r\u0119kaw czy st\u00f3jk\u0119. Charakterystyczne pasowe wzory na ziemiach polskich zacz\u0119\u0142y zanika\u0107 ju\u017c na prze\u0142omie XIX i XX wieku. Proces ten nabra\u0142 tempa w latach 20. i 30, za\u015b II wojna \u015bwiatowa mocno przyspieszy\u0142a te proces. Jednak\u017ce dzi\u0119ki zapa\u0142owi i motywacji os\u00f3b chc\u0105cych ocali\u0107 ten wz\u00f3r od zapomnienia powsta\u0142o szereg pracowni w kt\u00f3rych na nowo zacz\u0119to kultywowa\u0107 te tradycje tkackie.<\/p>\n<p>Wsp\u00f3\u0142cze\u015bnie perebor wykorzystywany jest jako inspiracja do poznawania przesz\u0142o\u015bci, czerpania z niej wiedzy i przekazywania przysz\u0142ym pokoleniom umiej\u0119tno\u015bci, kt\u00f3re nie by\u0142y powszechne, a wykonywa\u0142y je kobiety maj\u0105ce dobr\u0105 pami\u0119\u0107 i zdolno\u015bci manualne. Obecny proces edukacji, \u017cmudny i pracoch\u0142onny odbywa si\u0119 przez obserwacj\u0119 i pomaganie osobom starszym w ich pracy.<\/p>\n<p>&nbsp;[\/et_pb_toggle][et_pb_toggle title=&#8221;18.\tKrakowska koronka klockowa  |  Cracow bobbin lace&#8221; open_toggle_text_color=&#8221;#e52330&#8243; _builder_version=&#8221;4.16&#8243; _module_preset=&#8221;default&#8221; title_font=&#8221;|600|||||||&#8221; closed_title_font=&#8221;|600|||||||&#8221; closed_title_font_size=&#8221;14px&#8221; min_height=&#8221;26px&#8221; custom_margin=&#8221;1px||4px||false|false&#8221; global_colors_info=&#8221;{}&#8221;]<\/p>\n<p style=\"text-align: right;\">\n<p style=\"text-align: right;\">Data wpisu na list\u0119:<strong> 26.10.2016<\/strong><\/p>\n<p><img loading=\"lazy\" decoding=\"async\" src=\"https:\/\/niematerialne.nid.pl\/wp-content\/uploads\/2023\/01\/Krakowska-koronka-klockowa.jpg\" alt=\"Koronka krakowska - zaj\u0119cia z dzie\u0107mi w Szkole Podstawowej\" width=\"500\" height=\"529\" \/><\/p>\n<p>Umiej\u0119tno\u015b\u0107 wykonywania koronki klockowej stanowi zar\u00f3wno istotn\u0105 cz\u0119\u015b\u0107 kultury tradycyjnej Krakowa i okolic, a tak\u017ce jest elementem sk\u0142adaj\u0105cym si\u0119 na to\u017csamo\u015b\u0107 grupow\u0105 mieszkanek Ziemi Krakowskiej. Wykonywanie tego rodzaju tkanin jest jedn\u0105 z najtrudniejszych technik koronkarskich, wymaga du\u017co czasu, cierpliwo\u015bci i po\u015bwi\u0119cenia dzi\u0119ki czemu powstaj\u0105 misterne prace.<\/p>\n<p>Koronka klockowa powsta\u0142a we W\u0142oszech w XVI &#8211; XVIII wieku, rozwin\u0119\u0142a si\u0119 szczeg\u00f3lnie w Niderlandach, p\u00f3\u017aniej we Francji, Szwajcarii, Czechach, Rosji, a tak\u017ce w Polsce i innych krajach europejskich. Koronka klockowa w Krakowie pojawi\u0142a si\u0119 i zyska\u0142a popularno\u015b\u0107 za spraw\u0105 kr\u00f3lowej Bony, jednak od momentu wprowadzenia na rynek koronek wyrabianych maszynowo sztuka ta zacz\u0119\u0142a zanika\u0107. Dopiero na pocz\u0105tku XX wieku nast\u0105pi\u0142 jej renesans w Ma\u0142opolsce, a w szczeg\u00f3lno\u015bci w Krakowie. Do rozpowszechnienia si\u0119 na nowo tego rzemios\u0142a przyczyni\u0142a si\u0119 Zofia Dunajczan (1904-1985), kt\u00f3ra przez ponad p\u00f3\u0142 wieku uczy\u0142a tej trudnej sztuki inne kobiety, jej nast\u0119pczyni\u0105 zosta\u0142a Olga Szerauc (ur. 1908), a nast\u0119pnie Jadwiga W\u0119gorek (ur. 1952), kt\u00f3ra kontynuuje tradycje i przekazuje je nieustannie kolejnym pokoleniom. Obecnie umiej\u0119tno\u015b\u0107 wykonywania tego rodzaju koronki posiada zaledwie 30 kobiet zamieszkuj\u0105cych Krak\u00f3w i okolice.<br \/>Osoby, kt\u00f3re odgrywaj\u0105 szczeg\u00f3ln\u0105 rol\u0119 w kultywowaniu tego elementu niematerialnego dziedzictwa kulturowego to wspomniana wcze\u015bniej Jadwiga W\u0119gorek \u2013 tw\u00f3rczyni ludowa \u2013 kt\u00f3ra utworzy\u0142a w Krakowie autorskie Warsztaty R\u0119kodzie\u0142a Artystycznego \u201eCzar nici\u201d dzia\u0142aj\u0105ce od 1999 roku, gdzie uczy r\u00f3\u017cnych technik haftu i koronki. Opracowa\u0142a tak\u017ce autorski styl koronek klockowych dwukolorowych szaro-bia\u0142ych. Kolejn\u0105 tw\u00f3rczyni\u0105 ludow\u0105 jest Ma\u0142gorzata Grochola \u2013 odtwarza i rekonstruuje stare wzory na podstawie dawnych schemat\u00f3w i serwetek oraz Beata Ochab-Chrzan, nauczycielka nauczania pocz\u0105tkowego, kt\u00f3ra prowadzi zaj\u0119cia koronkarskie w jednej z krakowskich szk\u00f3\u0142 podstawowych.<\/p>\n<p>Technika tkania koronek klockowych, to jeden z typ\u00f3w koronki wykonywanej przy pomocy pod\u0142u\u017cnych szpulek, cz\u0119sto drewnianych, zwanych klockami. Rzemios\u0142o te polega na przeplataniu w grupach po cztery wielu nici nawini\u0119tych na klocki, podczas tkania wz\u00f3r umieszczany jest na specjalnym wa\u0142ku (poduszce, b\u0119bnie \u2013 nazwa w zale\u017cno\u015bci od regionu). Technika ta umo\u017cliwia uzyskanie delikatnych a\u017curowych wyrob\u00f3w o bardzo zr\u00f3\u017cnicowanych wzorach. Ka\u017cdy z wi\u0119kszych o\u015brodk\u00f3w Bobowa, Krak\u00f3w czy Zakopane wypracowa\u0142 w\u0142asny styl oparty na charakterystycznych dla niego splotach, wzorach i dominuj\u0105cych materia\u0142ach. W krakowskiej koronce wieloparkowej wykorzystuje si\u0119 nici lniane w naturalnych barwach, a najcz\u0119stsze sploty to: p\u0142\u00f3cienko, siekanka, paj\u0105czki, kratka czeska, wachlarzyki, listki, warkoczyki, itp.<\/p>\n<p>&nbsp;<\/p>\n<p>[\/et_pb_toggle][et_pb_toggle title=&#8221;19.\tTradycje kulturowe Biskupizny |  Cultural traditions of the Biskupizna region&#8221; open_toggle_text_color=&#8221;#e52330&#8243; _builder_version=&#8221;4.27.4&#8243; _module_preset=&#8221;default&#8221; title_font=&#8221;|600|||||||&#8221; closed_title_font=&#8221;|600|||||||&#8221; closed_title_font_size=&#8221;14px&#8221; min_height=&#8221;26px&#8221; custom_margin=&#8221;1px||4px||false|false&#8221; global_colors_info=&#8221;{}&#8221;]<\/p>\n<p style=\"text-align: right;\">\u00a0Data wpisu na list\u0119: <strong>5.12.2016<\/strong><\/p>\n<p>Biskupizna to mikroregion etnograficzny obejmuj\u0105cy wsie wok\u00f3\u0142 Krobi (Bukownica, Chumi\u0119tki, Domachowo, Posadowo, Potarzyca, Stara Krobia, Su\u0142kowice, Wymys\u0142owo, \u017bychlewo, R\u0119bowo, Piaski i Sikorzyn). Obszar ten od XIII do XVIII wieku stanowi\u0142 w\u0142asno\u015b\u0107 biskup\u00f3w pozna\u0144skich, co da\u0142o pocz\u0105tek nazwie makroregionu. Pod rz\u0105dami pozna\u0144skich biskup\u00f3w ch\u0142opom pa\u0144szczy\u017anianym w tzw. kluczu krobskim \u017cy\u0142o si\u0119 l\u017cej ni\u017c na s\u0105siednich terenach, b\u0119d\u0105cych dobrami szlacheckimi. W wyniku tej sytuacji w biskupianach zacz\u0119\u0142o wykszta\u0142ca\u0107 si\u0119 pewne poczucie odr\u0119bno\u015bci i kszta\u0142towa\u0107 si\u0119 zacz\u0105\u0142 charakterystyczny biskupia\u0144ski folklor.<\/p>\n<p><img loading=\"lazy\" decoding=\"async\" src=\"https:\/\/niematerialne.nid.pl\/wp-content\/uploads\/2023\/01\/Tradycje-kulturowe-Biskupizny.jpg\" alt=\"Do\u017cynki na Biskupi\u017anie\" width=\"500\" height=\"535\" \/><\/p>\n<p>Folklor biskupia\u0144ski przekazywany z pokolenia na pokolenie, zachowa\u0142 si\u0119 do dnia dzisiejszego i przejawia si\u0119 on poprzez zachowane tradycyjne ta\u0144ce, muzyk\u0119, zwyczaje i obrz\u0119dy oraz stroje ludowe.<\/p>\n<p align=\"justify\">Tradycyjne ta\u0144ce biskupia\u0144skie znane s\u0105 w ca\u0142ej Wielkopolsce, s\u0105 to: wiwat, przodek, r\u00f3wny, to co je odr\u00f3\u017cnia to typowy dla Biskupizny \u015bci\u015ble zachowany porz\u0105dek w jakim s\u0105 ta\u0144czone, rygorystycznie przestrzegana jest kolejno\u015b\u0107: najpierw wiwat, potem przodek, nast\u0119pnie r\u00f3wny ta\u0144czony w lewo, potem w prawo i na koniec siber.<\/p>\n<p align=\"justify\">Na Biskupi\u017anie do dzi\u015b praktykowana jest sztuka gry na dudach oraz skrzypcach podwi\u0105zanych. Muzyka dudziarska powi\u0105zana jest \u015bci\u015ble z tradycj\u0105 taneczn\u0105 poniewa\u017c jej podstawow\u0105 funkcj\u0105 by\u0142a zawsze gra do ta\u0144ca. Liczba os\u00f3b znaj\u0105cych szeroki repertuar tekst\u00f3w, melodii i przy\u015bpiewek jest niewielka, jednak od kilku do kilkunastu utwor\u00f3w znanych i \u015bpiewanych jest na Biskupi\u017anie powszechnie, niekt\u00f3re utwory za\u015b adaptowane s\u0105 do repertuar\u00f3w wsp\u00f3\u0142czesnych zespo\u0142\u00f3w i granych np. w formie \u201edisco-polo\u201d na zabawach tanecznych. Dobrze zachowana jest tak\u017ce gwara, w kt\u00f3rej przy\u015bpiewki s\u0105 wykonywane, ale kt\u00f3r\u0105 te\u017c m\u00f3wi si\u0119 powszechnie na wsiach.<\/p>\n<p align=\"justify\"><img loading=\"lazy\" decoding=\"async\" src=\"https:\/\/niematerialne.nid.pl\/wp-content\/uploads\/2023\/01\/Tradycje-kulturowe-Biskupizny-2.jpg\" alt=\"Do\u017cynki na Biskupi\u017anie\" width=\"500\" height=\"535\" \/><\/p>\n<p align=\"justify\">Ponadto cz\u0119\u015bciowo nadal kultywowane s\u0105 dawne zwyczaje, spo\u015br\u00f3d kt\u00f3rych wymieni\u0107 warto ostatni\u0105 zabaw\u0119 przed adwentem czyli \u201ekatarzynki\u201d oraz ko\u0144cz\u0105cy karnawa\u0142 \u201epodkozio\u0142ek\u201d. Zachowa\u0142y si\u0119 r\u00f3wnie\u017c obrz\u0119dy do\u017cynkowe. W cz\u0119\u015bci wiosek nadal bardzo \u017cywe s\u0105 zwyczaje wielkanocne zwi\u0105zane z lanym poniedzia\u0142kiem, kiedy to kawalerzy w przebraniach baby, dziada, nied\u017awiedzia, diab\u0142\u00f3w itp. z towarzyszeniem grajka obchodz\u0105 wszystkie domy w wiosce zbieraj\u0105c jajka oraz oblewaj\u0105c wod\u0105 i smaruj\u0105c sadz\u0105 dziewcz\u0119ta. W okresie Bo\u017cego Narodzenia za\u015b zachowa\u0142a si\u0119 tradycja chodzenia \u201egwiozdor\u00f3w\u201d z r\u00f3zg\u0105 oraz wystawiania furtek w noc sylwestrow\u0105.<\/p>\n<p align=\"justify\">Najbardziej charakterystycznym elementem biskupia\u0144skiego folkloru s\u0105 stroje ludowe, w kt\u00f3rych najbardziej wyr\u00f3\u017cnia si\u0119 panie\u0144ski czepek \u2013 kopka. Sztuka uk\u0142adania kopki jest unikalna w skali ca\u0142ego kraju i obecnie wykonywana tylko przez jedn\u0105 osob\u0119. Biskupizna posiada w\u0142asne motywy haft\u00f3w, kt\u00f3re pojawiaj\u0105 si\u0119 na fartuchach, kryzach oraz kopkach. Pozosta\u0142e elementy stroj\u00f3w biskupia\u0144skich r\u00f3wnie\u017c do dzi\u015b wykonywane s\u0105 metod\u0105 tradycyjn\u0105 \u2013 r\u0119cznie, aczkolwiek cz\u0119\u015b\u0107 lokalnych zak\u0142ad\u00f3w krawieckich tak\u017ce ma je w swojej ofercie. Do stroju przyk\u0142ada si\u0119 du\u017c\u0105 wag\u0119 i chocia\u017c nie jest ju\u017c powszechnie noszony to w wielu domach jest przechowywany jako pami\u0105tka rodzinna. Noszony jest przede wszystkim przez cz\u0142onk\u00f3w zespo\u0142\u00f3w folklorystycznych, ale pojawia si\u0119 r\u00f3wnie\u017c podczas wa\u017cniejszych uroczysto\u015bci ko\u015bcielnych (Bo\u017ce Cia\u0142o, Wielkanoc, odpusty) podczas kt\u00f3rych asyst\u0119 ksi\u0119dza tworz\u0105 parafianie w strojach ludowych. Cz\u0119ste jest tak\u017ce ubieranie dzieci w str\u00f3j ludowy do pierwszej komunii.<\/p>\n<p>[\/et_pb_toggle][et_pb_toggle title=&#8221;20.\tKol\u0119dowanie dziad\u00f3w noworocznych na \u017bywiecczy\u017anie  |  Going carolling tradition in \u017bywiec region&#8221; open_toggle_text_color=&#8221;#e52330&#8243; _builder_version=&#8221;4.16&#8243; _module_preset=&#8221;default&#8221; title_font=&#8221;|600|||||||&#8221; closed_title_font=&#8221;|600|||||||&#8221; closed_title_font_size=&#8221;14px&#8221; min_height=&#8221;26px&#8221; custom_margin=&#8221;1px||4px||false|false&#8221; global_colors_info=&#8221;{}&#8221;]<\/p>\n<p style=\"text-align: right;\">Data wpisu na list\u0119: <strong>5.12.2016<\/strong><\/p>\n<p>W ostatni dzie\u0144 ko\u0144cz\u0105cego si\u0119 roku oraz pierwszy dzie\u0144 nowego roku \u2013 na granicy \u201estarego i nowego czasu\u201d we wsiach le\u017c\u0105cych na po\u0142udnie i zach\u00f3d od \u017bywca oraz w samym \u017bywcu, w dzielnicy Zab\u0142ocie do dzisiaj spotka\u0107 mo\u017cna du\u017ce grupy noworocznych przebiera\u0144c\u00f3w zwanych Dziadami. Ubrani w kolorowe, nieco dziwne stroje, czyni\u0105c ha\u0142as, wrzaw\u0119 i zamieszanie id\u0105, a w zasadzie biegn\u0105, poruszaj\u0105c si\u0119 rytmicznie w takt d\u017awi\u0119ku dzwonk\u00f3w lub dynamicznej muzyki. Zaczepiaj\u0105 przechodni\u00f3w napotkanych na swej drodze, sk\u0142adaj\u0105 \u017cyczenia, za\u015b zatrzymawszy si\u0119 przed domami prezentuj\u0105 swoiste widowisko.<\/p>\n<p>Dla miejscowej ludno\u015bci pojawienie si\u0119 Dziad\u00f3w zwiastuje Nowy Rok. W przesz\u0142o\u015bci ich kol\u0119dowanie by\u0142o wa\u017cnym obrz\u0119dem kreuj\u0105cym pomy\u015blno\u015b\u0107 i dobrobyt w rozpoczynaj\u0105cym si\u0119 roku. Niezmienn\u0105 zasad\u0105 by\u0142o to, \u017ce przebiera\u0107 si\u0119 mogli tylko m\u0119\u017cczy\u017ani, niegdy\u015b tylko kawalerowie. Odgrywali oni \u015bci\u015ble okre\u015blone postacie, kt\u00f3rych role odtwarzano zgodnie z tradycyjnym stereotypem lub symbolik\u0105, pojawia\u0142y si\u0119 zatem: Konie, Nied\u017awiedzie, Diab\u0142y, \u015amier\u0107, \u017bydzi, Cyganie, Druciarze, Kominiarz, Ksi\u0105dz czasami tak\u017ce Cyrulik czy Fotograf. Ka\u017cda z postaci charakteryzowa\u0142a bogata symbolika, np. Ko\u0144 symbolizowa\u0142 si\u0142\u0119, zdrowie, witalno\u015b\u0107, zr\u0119czno\u015b\u0107 i \u017cywotno\u015b\u0107, Nied\u017awied\u017a \u2013 m\u0119stwo, moc, odwag\u0119 i p\u0142odno\u015b\u0107. Natomiast reprezentanci obcych \u015brodowisk mieli przynosi\u0107 pomy\u015blno\u015b\u0107.<\/p>\n<p><img loading=\"lazy\" decoding=\"async\" src=\"https:\/\/niematerialne.nid.pl\/wp-content\/uploads\/2023\/01\/Koledowanie-Dziadow-Noworocznych-na-Zywiecczyznie.jfif\" alt=\"Kol\u0119dowanie dziad\u00f3w noworocznych na \u017bywiecczy\u017anie\" width=\"500\" height=\"469\" \/><\/p>\n<p>Wsp\u00f3\u0142cze\u015bnie, chocia\u017c Dziady nabra\u0142y charakteru widowiska bardziej zabawowego, powy\u017csze zasady nadal obowi\u0105zuj\u0105 i s\u0105 respektowane. Zatem, jak dawniej, m\u0119\u017cczy\u017ani przebieraj\u0105 si\u0119 za postaci charakterystyczne dla swojego terenu, odgrywaj\u0105c zgodnie z tradycj\u0105 ich role. Ruchliwo\u015b\u0107 postaci, dynamika i \u017cywio\u0142owo\u015b\u0107, czynione psoty oraz ha\u0142as tworz\u0105 niesamowit\u0105 atmosfer\u0119 i zamieszanie. Obecnie kol\u0119dowanie Dziad\u00f3w jest wyrazem dba\u0142o\u015bci o tradycj\u0119. Z biegiem lat rozwijane s\u0105 prezentacje przekazywanie przez pokolenia. Coraz wi\u0119ksz\u0105 wag\u0119 przywi\u0105zuje si\u0119 do walor\u00f3w artystycznych prezentacji postaci, ich wygl\u0105du i estetyki stroj\u00f3w.<\/p>\n<p>Uczestnictwo w dziadach zawsze by\u0142o honorem, przynosi\u0142o dum\u0119 i zadowolenie, dostarcza\u0142o rado\u015b\u0107 i \u0142\u0105czy\u0142o ludzi. Tak jest r\u00f3wnie\u017c dzisiaj. Najwi\u0119ksze popisy odbywaj\u0105 si\u0119 przed du\u017cymi skupiskami ludzi w rodzimych miejscowo\u015bciach \u2013 przed ko\u015bcio\u0142em, na jakim\u015b placu \u2013 oraz przed domami by\u0142ych przebiera\u0144c\u00f3w.[\/et_pb_toggle][et_pb_text _builder_version=&#8221;4.16&#8243; _module_preset=&#8221;default&#8221; custom_margin=&#8221;25px||8px||false|false&#8221; custom_padding=&#8221;||0px|||&#8221; global_colors_info=&#8221;{}&#8221;]<\/p>\n<h5><span style=\"color: #e52330;\"><strong>2017<\/strong><\/span><\/h5>\n<p>[\/et_pb_text][et_pb_toggle title=&#8221;21. %22Turki%22 Grodziskie  |  Easter %22Turki%22 in Grodzisko region&#8221; open_toggle_text_color=&#8221;#e52330&#8243; _builder_version=&#8221;4.16&#8243; _module_preset=&#8221;default&#8221; title_font=&#8221;|600|||||||&#8221; closed_title_font=&#8221;|600|||||||&#8221; closed_title_font_size=&#8221;14px&#8221; min_height=&#8221;26px&#8221; custom_margin=&#8221;1px||4px||false|false&#8221; global_colors_info=&#8221;{}&#8221;]<\/p>\n<p style=\"text-align: right;\">Data wpisu na list\u0119: <strong>1.06.2017<\/strong><\/p>\n<p>\u201eTurki\u201d to potoczna nazwa oddzia\u0142\u00f3w wielkanocnej stra\u017cy grobowej, kt\u00f3re pe\u0142ni\u0105 wart\u0119 przy symbolicznych grobach Chrystusa w parafialnych ko\u015bcio\u0142ach, w okresie od Wielkiego Pi\u0105tku do Rezurekcji (Wielkiej Niedzieli). Na terenie funkcjonowania Stowarzyszenia \u201eTurki Grodziskie\u201d obejmuj\u0105cym rejon gminy Grodzisko Dolne dzia\u0142a 6 oddzia\u0142\u00f3w \u201eturk\u00f3w\u201d (zwanych do niedawna \u201epartiami\u201d) skupionych w pi\u0119ciu parafiach: Grodzisko Dolne, W\u00f3lka Grodziska, Chodacz\u00f3w, Zmys\u0142\u00f3wka, Grodzisko Nowe.<\/p>\n<p><img loading=\"lazy\" decoding=\"async\" src=\"https:\/\/niematerialne.nid.pl\/wp-content\/uploads\/2023\/01\/Turki-grodziskie.jpg\" alt=\"turki\" width=\"500\" height=\"529\" \/><span style=\"font-size: 14px;\"><\/span><\/p>\n<p>\u201eTurki\u201d to m\u0119skie formacje stra\u017cnik\u00f3w \u201eGrobu Pa\u0144skiego, sk\u0142adaj\u0105ce si\u0119 wy\u0142\u0105cznie z kawaler\u00f3w. Jedynie funkcj\u0119 dow\u00f3dcy grupy zwanego \u201estarszym\u201d, pe\u0142ni\u0107 mo\u017ce \u017conaty m\u0119\u017cczyzna. M\u0142odzi m\u0119\u017cczy\u017ani, kt\u00f3rzy chc\u0105 \u201es\u0142u\u017cy\u0107 za turka\u201d przychodz\u0105 na og\u0142aszane przez ksi\u0119\u017cy spotkanie oko\u0142o jednego miesi\u0105ca przed Wielkanoc\u0105, by rozpocz\u0105\u0107 \u0107wiczenie musztry paradnej. \u201eTurkami\u201d zostaj\u0105 najcz\u0119\u015bciej kawalerowie, kt\u00f3rzy piel\u0119gnuj rodzinn\u0105 tradycj\u0119. Komend\u0119 nad oddzia\u0142em sprawuje \u201estarszy\u201d, kt\u00f3ry samodzielnie odpowiada za wszystkie zadania zwi\u0105zane z nauk\u0105 musztry i trzymaniem warty przy Grobie Pa\u0144skim od Wielkiego Pi\u0105tku do Rezurekcji. W tym czasie wszystkie formacje nosz\u0105 wojskowe mundury \u017ca\u0142obne, s\u0105 to zielone wojskowe bluzy, czarne koszule i krawaty oraz czarne sznurowane buty. Mundur przepasany jest czarn\u0105 szarf\u0105. \u201eStarsi\u201d przydzielaj\u0105 funkcje cz\u0142onkom stra\u017cy, \u0107wicz\u0105 oddzia\u0142y przed wielkanocn\u0105 gal\u0105, aran\u017cuj\u0105 szyk i wydaj\u0105 komendy.<\/p>\n<p>Wszystkie oddzia\u0142y \u201eturk\u00f3w\u201d maj\u0105 taki sam tradycyjny \u201escenariusz\u201d wielkanocnych obchod\u00f3w ustalony w odleg\u0142ej przesz\u0142o\u015bci w grodziskiej parafii. Uczestnicz\u0105 w nabo\u017ce\u0144stwach wielkanocnych od Wielkiego Pi\u0105tku wieczorem do Wielkiego Poniedzia\u0142ku, pe\u0142ni\u0105c wart\u0119 przy symbolicznych grobach Chrystusa podczas liturgii w Wielki Pi\u0105tek i ca\u0142odzienn\u0105 w Wielk\u0105 Sobot\u0119. Bior\u0105 udzia\u0142 we mszy \u015bw. i procesji rezurekcyjnej. Trzykrotnie obchodz\u0105 ko\u015bcio\u0142y parafialne przy d\u017awi\u0119kach melodii marszowych granych przez zaanga\u017cowane w tym celu orkiestry, prezentuj\u0105c musztr\u0119 paradn\u0105, a po po\u0142udniowej mszy \u015bw. (sumie), odwiedzaj\u0105 probostwa, daj\u0105c pokaz musztry, nast\u0119pnie \u201echodz\u0105 po domach\u201d w paradnym marszu, g\u0142osz\u0105c nowin\u0119: \u201eChrystus zmartwychwsta\u0142\u201d.<\/p>\n<p>Dla podtrzymania \u017cywotno\u015bci tej unikatowej tradycji wielkanocnej w 1993 roku w Grodzisku Dolnym O\u015brodek Kultury zorganizowa\u0142 widowisko pod nazw\u0105 Wielkanocna Parada Stra\u017cy Grobowych \u201eTurki\u201d. W 1998 roku przyj\u0119\u0142a nazw\u0119 Ma\u0142opolskiej Parady Stra\u017cy Wielkanocnych. Do tego czasu mia\u0142a ona zasi\u0119g jedynie regionalny. Bra\u0142y w nich udzia\u0142 podobne grupy obrz\u0119dowe z terenu Podkarpacia. Jej regionalny charakter podkre\u015bla\u0142a przyj\u0119ta w 2000 roku nazwa Podkarpacka Parada Stra\u017cy Wielkanocnych. Zainteresowanie udzia\u0142em w niej oddzia\u0142\u00f3w stra\u017cy wielkanocnych z innych region\u00f3w Polski rozszerzy\u0142o jej zasi\u0119g terytorialny na tyle, \u017ce uzyska\u0142a ona status og\u00f3lnokrajowy. W zwi\u0105zku z tym od 2003 roku jest to ju\u017c Og\u00f3lnopolska Parada Stra\u017cy Wielkanocnych. W 2017 roku odby\u0142a jubileuszowa XXV Podkarpacka Parada Stra\u017cy Wielkanocnych i XIV Og\u00f3lnopolska Parada Stra\u017cy Wielkanocnych. Zgodnie z przyj\u0119t\u0105 w 1995 roku zasad\u0105, co drugi rok Parada odbywa si\u0119 w innej miejscowo\u015bci regionu. Przez ostatnie cztery kolejne lata organizowana by\u0142a poza Grodziskiem Dolnym. Parada unaocznia publiczno\u015bci r\u00f3\u017cnorodno\u015b\u0107, r\u00f3\u017cnobarwno\u015b\u0107 i odmienno\u015b\u0107 wielkanocnych stra\u017cy grobowych z r\u00f3\u017cnych teren\u00f3w regionu i Polski.[\/et_pb_toggle][et_pb_toggle title=&#8221;22.\tTradycje wytwarzania koronki koniakowskiej  |  The handicraft of Koniak\u00f3w lace&#8221; open_toggle_text_color=&#8221;#e52330&#8243; _builder_version=&#8221;4.16&#8243; _module_preset=&#8221;default&#8221; title_font=&#8221;|600|||||||&#8221; closed_title_font=&#8221;|600|||||||&#8221; closed_title_font_size=&#8221;14px&#8221; min_height=&#8221;26px&#8221; custom_margin=&#8221;1px||4px||false|false&#8221; global_colors_info=&#8221;{}&#8221;]<\/p>\n<p style=\"text-align: right;\">Data wpisu na list\u0119: <strong>1.06.2017<\/strong><\/p>\n<p>Tradycje wytwarzania koronki koniakowskiej Koronka koniakowska to technika r\u0119cznego szyde\u0142kowania serwet z nici tzw. kordonku. Zajmuj\u0105 si\u0119 ni\u0105 kobiety mieszkaj\u0105ce w Koniakowie, Istebnie i Jaworzynce, kt\u00f3re znajduj\u0105 si\u0119 w Beskidzie \u015al\u0105skim na po\u0142udniu Polski. Ten rodzaj koronki, nie powstaje w \u017cadnym innym regionie Polski, ani \u015bwiata.<\/p>\n<p><img loading=\"lazy\" decoding=\"async\" src=\"https:\/\/niematerialne.nid.pl\/wp-content\/uploads\/2023\/01\/Tradycje-wytwarzania-koronki-koniakowskiej.jpg\" alt=\"Koronka koniakowska\" width=\"500\" height=\"464\" \/><\/p>\n<p>Wykonywanie koronki koniakowskiej jest dziedzin\u0105 \u017cycia, kt\u00f3ra ma ogromny wp\u0142yw na codzienno\u015b\u0107 i obyczaje spo\u0142eczno\u015bci. Jest wszechobecna, towarzyszy wszystkim wa\u017cnym wydarzeniom w \u017cyciu tych trzech g\u00f3ralskich miejscowo\u015bci. Powstaj\u0105 liczne opowiadania i legendy o koronkach, kt\u00f3re przedstawiane s\u0105 w szko\u0142ach i na wa\u017cniejszych uroczysto\u015bciach. We wszystkich ko\u015bcio\u0142ach Tr\u00f3jwsi Beskidzkiej r\u00f3zie zdobi\u0105 o\u0142tarze, s\u0105 tak\u017ce obecne podczas wa\u017cnych uroczysto\u015bci ko\u015bcielnych i \u015bwieckich. W \u015bwiadomo\u015bci koronczarek niezwykle istotny jest fakt podzia\u0142u roboty, czyli szyde\u0142kowania na dzie\u0144 powszedni i \u015bwi\u0119ty. Wi\u0119kszo\u015b\u0107 z nich szyde\u0142kuje w dni powszednie, spotykaj\u0105 si\u0119 z s\u0105siadkami, w swoich przysi\u00f3\u0142kach lub rodzinnie i \u201ehekluj\u0105\u201d. Natomiast w niedziel\u0119 i \u015bwi\u0119ta nie mo\u017cna \u201eheklowa\u0107\u201d. Szyde\u0142kowanie jest tu postrzegane jako praca, a w \u015bwiadomo\u015bci katolickiej w niedziel\u0119 i \u015bwi\u0119ta nie powinno si\u0119 podejmowa\u0107 \u017cadnej pracy. Przyjmowanie zam\u00f3wie\u0144 na koronki lub ich sprzeda\u017c zawsze dokonuje si\u0119 w ci\u0105gu tygodnia. Jest to dow\u00f3d na to, i\u017c tradycja ta jest niezwykle zakorzeniona w \u015bwiadomo\u015bci, jest obecna, naturalna, dlatego tak wa\u017cna i wci\u0105\u017c \u017cywa.<\/p>\n<p>Z podstawowych splot\u00f3w: \u0142a\u0144cuszka, p\u00f3\u0142s\u0142upk\u00f3w i s\u0142upk\u00f3w tworzone s\u0105 elementy &#8211; motywy. Wzory do wykonania poszczeg\u00f3lnych element\u00f3w czerpane s\u0105 ze \u015bwiata przyrody i \u017cycia codziennego koniakowskich koronkarek przekazywane z pokolenia na pokolenie. Koronka koniakowska charakteryzuje si\u0119 przede wszystkim mnogo\u015bci\u0105 motyw\u00f3w, g\u0142\u00f3wnie przyrodniczych, skomponowanych koli\u015bcie lub gwie\u017adzi\u015bcie, wykonywanych z bia\u0142ych lub kremowych nici bawe\u0142nianych. Poszczeg\u00f3lne elementy wykonywane s\u0105 osobno, a nast\u0119pnie uk\u0142adane koli\u015bcie i \u0142\u0105czone szyde\u0142kiem od najmniejszego do coraz wi\u0119kszego, tworz\u0105c w ten spos\u00f3b serwetki o r\u00f3\u017cnych \u015brednicach i kszta\u0142tach. Najbardziej powszechne to okr\u0105g\u0142e, owalne, a na ko\u0144cu kwadratowe serwety. Serwety koniakowskie sk\u0142adaj\u0105 si\u0119 z r\u00f3\u017cnych motyw\u00f3w, najcz\u0119\u015bciej kwiatowych, cz\u0119\u015b\u0107 z nich przekazywanych z pokolenia na pokolenie, ale ka\u017cda koronczarka nadal wymy\u015bla swoje kwiaty i kompozycje.<\/p>\n<p><img loading=\"lazy\" decoding=\"async\" src=\"https:\/\/niematerialne.nid.pl\/wp-content\/uploads\/2023\/01\/Tradycje-wytwarzania-koronki-koniakowskiej-2.jpg\" alt=\"Koronka koniakowska\" width=\"500\" height=\"464\" \/><\/p>\n<p>Fenomen koronek koniakowskich polega na tym, i\u017c nie ma \u017cadnego szablonu, ani gotowego schematu wg, kt\u00f3rego koronczarka mo\u017ce wykona\u0107 koronk\u0119. Nie ma mo\u017cliwo\u015bci, by j\u0105 wcze\u015bniej narysowa\u0107, a potem wg takiego projektu wykona\u0107. Artystka zanim zabierze do r\u0119ki szyde\u0142ko i nici musi w g\u0142owie zaplanowa\u0107 co chce zrobi\u0107. Musi zastanowi\u0107 si\u0119 nad kwiatami, ich wielko\u015bci\u0105 i przede wszystkim musi umie\u0107 obliczy\u0107 ilo\u015b\u0107 oczek sk\u0142adaj\u0105cych si\u0119 na dany motyw, by w ca\u0142o\u015bci utworzy\u0107 r\u00f3wn\u0105 i pi\u0119knie uk\u0142adaj\u0105c\u0105 si\u0119 serwet\u0119. Samych motyw\u00f3w sk\u0142adaj\u0105cych si\u0119 na koronki koniakowskie jest niezliczona ilo\u015b\u0107. Z koronki koniakowskiej powstaj\u0105 ro\u017cnego rodzaju i kszta\u0142tu serwety, obrusy oraz konfekcje: ko\u0142nierzyki, mankiety, obrusy, r\u0119kawiczki, bluzki, sp\u00f3dnice, a nawet czapki, kapelusze i suknie \u015blubne. Powstaj\u0105 r\u00f3wnie\u017c wykonane t\u0105 technik\u0105 elementy stroju ludowego, kobiecego jak czepce, \u201eprzedniczki\u201d, mankiety do kabotk\u00f3w oraz ko\u0142nierze, bluzki, sukienki, r\u0119kawiczki, czapeczki, ozdoby bo\u017conarodzeniowe i wielkanocne. Zachwycaj\u0105c sw\u0105 niepowtarzalno\u015bci\u0105 i misternym wykonaniem sta\u0142y si\u0119 dekoracj\u0105 wielu wn\u0119trz, a koronkowe kreacje (od kilkunastu lat tak\u017ce bielizna) subtelnie podkre\u015blaj\u0105 kobiec\u0105 urod\u0119. Zdobi\u0105 sto\u0142y i nie tylko na ca\u0142ym \u015bwiecie i wszystkich kontynentach, s\u0105 w wielu muzeach w Polsce i za granic\u0105.<\/p>\n<p>Koronczarki z Koniakowa robi\u0142y koronki dla wielkich osobisto\u015bci m.in. dla kr\u00f3lowej belgijskiej w 1962 r., dla papie\u017ca Jana XXIII w 1963 r., dla papie\u017ca Paw\u0142a VI w 1966, dla papie\u017ca Jana Paw\u0142a II, dla kr\u00f3lowej angielskiej El\u017cbiety II, dla prezydent\u00f3w Polski, dla wielu projektant\u00f3w mody jak Christian Dior, Elie Saab, Louis Vuitton.[\/et_pb_toggle][et_pb_toggle title=&#8221;23.\tTradycje dudziarskie w Wielkopolsce  |  Bagpipes traditions in Wielkopolska region&#8221; open_toggle_text_color=&#8221;#e52330&#8243; _builder_version=&#8221;4.16&#8243; _module_preset=&#8221;default&#8221; title_font=&#8221;|600|||||||&#8221; closed_title_font=&#8221;|600|||||||&#8221; closed_title_font_size=&#8221;14px&#8221; min_height=&#8221;26px&#8221; custom_margin=&#8221;1px||4px||false|false&#8221; global_colors_info=&#8221;{}&#8221;]<\/p>\n<p style=\"text-align: right;\">Data wpisu na list\u0119:<strong> 31.07.2017<\/strong><\/p>\n<p>Tradycje dudziarskie w Wielkopolsce obejmuj\u0105 szerokie spektrum zjawisk, na kt\u00f3re sk\u0142adaj\u0105 si\u0119 w szczeg\u00f3lno\u015bci: muzyczna praktyka wykonawcza, wyr\u00f3b instrumentu i w\u0142a\u015bciwy muzyce tradycyjnej ustny przekaz mi\u0119dzypokoleniowy w formie relacji \u201emistrz-ucze\u0144\u201d oraz tzw. \u201emetod\u0105 nutow\u0105\u201d.<\/p>\n<p><img loading=\"lazy\" decoding=\"async\" src=\"https:\/\/niematerialne.nid.pl\/wp-content\/uploads\/2023\/01\/Tradycje-dudziarskie-w-Wielkopolsce.jpg\" alt=\"Dudziarze z Wielkopolski\" width=\"500\" height=\"489\" \/><\/p>\n<p>Szczeg\u00f3lne tradycje muzyczne Wielkopolski uwypuklone s\u0105 poprzez unikatowe instrumentarium, na kt\u00f3re sk\u0142ada si\u0119 pi\u0119\u0107 odmian dud: gosty\u0144sko-rawickie, ko\u015bcia\u0144sko-bukowskie, kozio\u0142 weselny, kozio\u0142 \u015blubny oraz sierszenki, a tak\u017ce system przekazu wiedzy i umiej\u0119tno\u015bci z zakresu praktyki muzycznej, to jest spos\u00f3b gry, maniery wykonawcze, repertuar, jak i budowy wspomnianych instrument\u00f3w.<\/p>\n<p>Dudy wielkopolskie s\u0105 aerofonem stroikowym, sk\u0142adaj\u0105cym si\u0119 z piszcza\u0142ki melodycznej (przebierki), burdonu (b\u0105ka), sk\u00f3rzanego worka (miecha) i mieszka (dymki) do pompowania powietrza (z wyj\u0105tkiem sierszenek nadmuchiwanych ustnie). Cech\u0105 charakterystyczn\u0105 tego instrumentu jest stylizowana g\u0142\u00f3wka kozy (dudy) lub koz\u0142a (tylko kozio\u0142 weselny), kt\u00f3ra os\u0142ania stroik trzcinowy typu klarnetowego (pojedynczy) osadzony we wlocie przebierki zwie\u0144czonej rogowym (lub drewnianym) kolanem i metalow\u0105 czar\u0105 g\u0142osow\u0105 (rezonatorem).<\/p>\n<p>Gra na dudach jest wymagaj\u0105ca, wymaga koordynacji ruch\u00f3w oraz du\u017cej si\u0142y fizycznej. Dlatego muzycy zaczynaj\u0105 nauk\u0119 gry na tym instrumencie od gry na samej przebierce, kt\u00f3r\u0105 zadymaj\u0105 ustami. Nauka odbywa si\u0119 od razu z my\u015bl\u0105 o stworzeniu kapeli, dlatego m\u0142odych muzyk\u00f3w jak najszybciej wprowadza si\u0119 w tajniki gry zespo\u0142owej, tj. z instrumentami takimi, jak skrzypce, skrzypce podwi\u0105zane, mazanki, klarnet.<\/p>\n<p>W wielkopolskiej kulturze ludowej repertuar kapel dudziarskich zwi\u0105zany jest przede wszystkim z ta\u0144cami (np. wiwat, szocz, walcerek, chodzony, przodek, marsz, polka, okr\u0105g\u0142y i inne) i jednog\u0142osowym repertuarem przy\u015bpiewek czy obrz\u0119dowych pie\u015bni nierozerwalnie zwi\u0105zanych z muzyk\u0105 dudziarsk\u0105, przez ni\u0105 ukszta\u0142towanych, przez co przejawia si\u0119 w nich (&#8230;) przede wszystkim \u017cywotno\u015b\u0107 tempa prowadzonej melodii, jej ruchliwo\u015b\u0107, (&#8230;) a tak\u017ce bogate \u201ezdobnictwo\u201d \u015bpiewanych melodii.\u201d Wykonywano je zazwyczaj podczas zabaw, wesel, do\u017cynek czy \u015bwi\u0105t Bo\u017cego Narodzenia. Dzi\u015b cz\u0119\u015b\u0107 tego repertuaru prezentowana jest tak\u017ce na r\u00f3\u017cnorodnych konkursach, festiwalach czy przegl\u0105dach tw\u00f3rczo\u015bci ludowej, a tak\u017ce podczas uroczysto\u015bci samorz\u0105dowych r\u00f3\u017cnego szczebla czy dzia\u0142a\u0144 promocyjnych danej instytucji b\u0105d\u017a \u015brodowiska.<\/p>\n<p>[\/et_pb_toggle][et_pb_toggle title=&#8221;24.\tUmiej\u0119tno\u015b\u0107 wyplatania kosza \u201ekab\u0142\u0105coka\u201d w Lucimi na  Radomszczy\u017anie  |  Weaving tradition of a %22kab\u0142\u0105cok%22 basket in Lucimia&#8221; open_toggle_text_color=&#8221;#e52330&#8243; _builder_version=&#8221;4.27.4&#8243; _module_preset=&#8221;default&#8221; title_font=&#8221;|600|||||||&#8221; closed_title_font=&#8221;|600|||||||&#8221; closed_title_font_size=&#8221;14px&#8221; min_height=&#8221;26px&#8221; custom_margin=&#8221;1px||4px||false|false&#8221; global_colors_info=&#8221;{}&#8221;]<\/p>\n<p style=\"text-align: right;\">Data wpisu na list\u0119:<strong> 31.07.2017<\/strong><\/p>\n<p><img loading=\"lazy\" decoding=\"async\" src=\"https:\/\/niematerialne.nid.pl\/wp-content\/uploads\/2023\/04\/Umiejetnosc-wyplatania-kosza-kablacoka-w-Lucimi-na-Radomszczyznie-fot.-Paulina-Adamska-Malesza-_1-scaled.jpg\" alt=\"Kosze\" width=\"500\" height=\"489\" \/><\/p>\n<p>Umiej\u0119tno\u015b\u0107 wyplatania kosza \u201ekab\u0142\u0105coka\u201d w Lucimi\u201d dotyczy wiklinowego kosza o przeznaczeniu gospodarczym. Powstaje on ze \u015bwie\u017cej, nieokorowanej wikliny (p\u0119d\u00f3w wierzby r\u00f3\u017cnych gatunk\u00f3w, najbardziej popularnego materia\u0142u plecionkarskiego w Polsce) z zastosowaniem techniki krzy\u017cowo-\u017ceberkowej. Kab\u0142\u0105k jest umiejscowiony w tylnej \u015bcianie kosza, co daje wyrobowi charakterystyczny wygl\u0105d \u2013 \u015bciana tylna jest p\u0142aska, a boki \u0142agodnie zaokr\u0105glone. Ten kszta\u0142t pozwala wygodnie nosi\u0107 kosz na biodrze, lub ustawi\u0107 go przy \u015bcianie.<\/p>\n<p>Kab\u0142\u0105coki s\u0105 wci\u0105\u017c u\u017cywane w regionie do cel\u00f3w gospodarczych, przede wszystkim jest to przechowywanie i przenoszenie warzyw \u2013 ziemniak\u00f3w, jab\u0142ek i innych; kosz ten pe\u0142ni wci\u0105\u017c rol\u0119 przy tzw. wykopkach, a wi\u0119c pracach zwi\u0105zanych z wykopywaniem ziemniak\u00f3w jako pojemnik do ich przenoszenia; jest lokalnym koszem zakupowym u\u017cywanym w formie \u201edo r\u0119ki\u201d lub \u201ena rower\u201d. W ostatnich latach plecionkarze lucimscy zacz\u0119li r\u00f3wnie\u017c wyplata\u0107 mniejsze wersje \u201ekab\u0142\u0105cok\u00f3w\u201d tzw. kwietoki \u2013 kt\u00f3re pe\u0142ni\u0105 funkcj\u0119 osn\u00f3w na doniczki do kwiat\u00f3w ustawianych w ogrodzie. Kosze te funkcjonuj\u0105 nie tylko w obr\u0119bie samej wsi Lucimia, ale s\u0105 rozpoznawalne w regionie jako kosze pochodz\u0105ce z Lucimi. Plecionkarzy z Lucimi nazywa si\u0119 \u201ekosycarzami\u201d. \u201eKab\u0142\u0105coki sprzedawane na okolicznych targach \u2013 m.in. w Zwoleniu, Lipsku, Kazimierzu Dolnym.<\/p>\n<p>Plecionkarstwo w Lucimi obejmuje takie czynno\u015bci jak: upraw\u0119 i utrzymanie przydomowych plantacji wikliny, wycink\u0119 i przechowywanie materia\u0142u plecionkarskiego \u2013 zar\u00f3wno z plantacji, jak i naturalnych stanowisk, przygotowywanie szkielet\u00f3w, ram konstrukcyjnych wyrob\u00f3w, samo wyplatanie, jak te\u017c zbyt gotowych produkt\u00f3w.<\/p>\n<p>Prace zwi\u0105zane plecionkarstwem odbywaj\u0105 si\u0119 ka\u017cdego roku podobnie \u2013 g\u0142\u00f3wnie od listopada do ko\u0144ca marca, a wi\u0119c trwaj\u0105 przede wszystkim zim\u0105. Wahania od podanych termin\u00f3w zale\u017c\u0105 od warunk\u00f3w pogodowych w poszczeg\u00f3lnych latach.<\/p>\n<p>Istotne jest to, \u017ce kosze \u201ekab\u0142\u0105coki\u201d i umiej\u0119tno\u015bci zwi\u0105zane z ich wyplataniem s\u0105 niezmienne od pokole\u0144, a tak\u017ce nieprzerwanie odtwarzane przez cz\u0142onk\u00f3w spo\u0142eczno\u015bci lokalnej Lucimi. Przekaz, dotycz\u0105cy ich wykonywania jest w obr\u0119bie wsi bezpo\u015bredni, ustny. Plecionkarstwo kszta\u0142tuje nie tylko tryb \u017cycia, ale i to\u017csamo\u015b\u0107 spo\u0142eczno\u015bci lokalnej.. Plecionkarstwo jest tak wplecione w \u017cycie miejscowo\u015bci, \u017ce pojawia si\u0119 r\u00f3wnie\u017c w folklorze s\u0142ownym \u2013 powiedzonkach , \u017cartach, piosenkach Kosze \u201ekab\u0142\u0105coki\u201d to r\u00f3wnie\u017c element dodatkowego zarobku gospodarzy. W\u015br\u00f3d m\u0142odszego pokolenia jest widoczne \u015bwiadome zainteresowanie miejscow\u0105 tradycj\u0105 i ch\u0119\u0107 jej zachowania. Tradycje rodzinne oraz zami\u0142owanie do plecionkarstwa powoduj\u0105, \u017ce m\u0142ode pokolenie kultywuje tradycj\u0119, staj\u0105c si\u0119 mistrzami dla nast\u0119pc\u00f3w.<\/p>\n<p><img loading=\"lazy\" decoding=\"async\" src=\"https:\/\/niematerialne.nid.pl\/wp-content\/uploads\/2023\/04\/Umiejetnosc-wyplatania-kosza-kablacoka-w-Lucimi-na-Radomszczyznie-fot.-Paulina-Adamska-Malesza-_2-scaled.jpg\" alt=\"Kosze\" width=\"500\" height=\"489\" \/>\u00a0 \u00a0 <img loading=\"lazy\" decoding=\"async\" src=\"https:\/\/niematerialne.nid.pl\/wp-content\/uploads\/2023\/04\/Umiejetnosc-wyplatania-kosza-kablacoka-w-Lucimi-na-Radomszczyznie-fot.-Paulina-Adamska-Malesza-_3-scaled.jpg\" alt=\"Kosze\" width=\"500\" height=\"489\" \/><\/p>\n<p>&nbsp;<\/p>\n<p>\u2013 \u2013 \u2013<span><\/span><\/p>\n<p style=\"text-align: right;\">Date of the inclusion in the inventory:\u00a0<strong> July 31, 2017<\/strong><\/p>\n<p>The skill of weaving a &#8220;Kab\u0142\u0105cok&#8221; basket in Lucimia&#8221; refers to a wicker basket for household purposes. It is made from fresh, unbarked wicker (willow shoots of various species, the most popular weaving material in Poland) using the cross-ribbed technique. The bow is positioned in the back, which gives the product its characteristic appearance &#8211; the back part is flat and the sides are gently rounded. This shape allows the basket to be carried comfortably on the hip or placed against a wall.<\/p>\n<p>Kab\u0142\u0105cok baskets are still used in the region for household purposes, primarily to store and carry vegetables &#8211; potatoes, apples and others; the basket still has a role during the so-called &#8220;potato digging&#8221;, i.e. the work of digging up potatoes as a container for carrying them; it is a local shopping basket used in the &#8221; hand&#8221; or &#8220;bicycle&#8221; form. In recent years, Lucimia weavers have also begun to weave smaller versions of the baskets &#8211; so-called &#8216;kwietoki&#8217; &#8211; which function as flower pot warps for flowers set up in the garden. These baskets are not only found within the village of Lucimia itself, but are recognisable in the region as baskets originating from Lucimia. The weavers from Lucimia are referred to as &#8216;basket makers&#8217;. &#8220;Kab\u0142\u0105coks&#8221; are sold at local fairs &#8211; including those in Zwole\u0144, Lipsk and Kazimierz Dolny.<\/p>\n<p>Weaving in Lucimia involves activities such as cultivating and maintaining of backyard wicker plantations, the cutting and storage of weaving material &#8211; both from plantations and natural sites, preparation of frameworks, construction frames for products, weaving itself, as well as selling of finished products.<br \/>Weaving takes place similarly every year &#8211; mainly from November to the end of March, so it is mainly carried out in winter. Variations from the dates given depend on the weather conditions in each year.<\/p>\n<p>What is important is that Kab\u0142\u0105cok baskets and the skills involved in weaving them have been unchanged for generations and have been continuously recreated by members of the Lucimia local community. The transmission concerning their making is direct and oral within the village. Weaving shapes not only the way of life, but also the identity of the local community. Basket making is so integrated into the life of the village that it also appears in verbal folklore &#8211; sayings, jokes and songs. A conscious interest in local traditions and a desire to safeguard them is evident among the younger generation. Family traditions and a love of weaving cause the younger generation to cultivate the tradition, becoming masters for their successors.<\/p>\n<p><em><\/em><\/p>\n<p>[\/et_pb_toggle][et_pb_toggle title=&#8221;25.\tTradycje weselne z Szamotu\u0142 i okolic  |  Wedding traditions from Szamotu\u0142y and the surrounding area&#8221; open_toggle_text_color=&#8221;#e52330&#8243; _builder_version=&#8221;4.16&#8243; _module_preset=&#8221;default&#8221; title_font=&#8221;|600|||||||&#8221; closed_title_font=&#8221;|600|||||||&#8221; closed_title_font_size=&#8221;14px&#8221; min_height=&#8221;26px&#8221; custom_margin=&#8221;1px||4px||false|false&#8221; global_colors_info=&#8221;{}&#8221;]<\/p>\n<p style=\"text-align: right;\">Data wpisu na list\u0119:<strong> 31.07.2017<\/strong><\/p>\n<p>Tradycyjne wesele szamotulskie jest bardzo wa\u017cnym elementem obrz\u0119dowo\u015bci rodzinnej mieszka\u0144c\u00f3w Szamotu\u0142 i okolic. Do dnia dzisiejszego w weselnych uroczysto\u015bciach odbywaj\u0105cych si\u0119 w tym regionie wykorzystuje si\u0119 wiele tradycyjnych element\u00f3w weselnych rytua\u0142\u00f3w. Wesele szamotulskie ma odpowiedni przebieg, wed\u0142ug kt\u00f3rego przed wielu laty m\u0142odzi brali i dzi\u015b bior\u0105 \u015bluby. Jest pi\u0119kne, barwne, pe\u0142ne temperamentu, \u0142ez wzruszenia, \u015bmiechu, rado\u015bci i emocji, od zawsze towarzyszy\u0142y i towarzysz\u0105 ceremonii \u015blubnej.<\/p>\n<p><img loading=\"lazy\" decoding=\"async\" src=\"https:\/\/niematerialne.nid.pl\/wp-content\/uploads\/2023\/01\/Tradycje-weselne-z-Szamotul-i-okolic.jfif\" alt=\"Wesele szamotulskie\" width=\"500\" height=\"496\" \/><\/p>\n<p>Wesele szamotulskie zawiera elementy ta\u0144ca i wielu gwarowych oracji, kt\u00f3re by\u0142y i nadal s\u0105 nieodzownym elementem uroczysto\u015bci weselnych. Na form\u0119 tego obrz\u0119du, sk\u0142adaj\u0105 si\u0119 wszystkie najwa\u017cniejsze elementy tradycyjnego wesela pocz\u0105wszy od zm\u00f3win rodzic\u00f3w Panny M\u0142odej z Faktorem reprezentuj\u0105cym Pana M\u0142odego, przez przygotowania do wyjazdu do ko\u015bcio\u0142a, mow\u0119 Dru\u017cby, po przyjazd do domu Panny M\u0142odej, gdzie odbywa si\u0119 wesele. Zaczyna si\u0119 ono od od\u015bpiewania przed zamkni\u0119tymi przed weselnikami drzwiami piosenki: \u201eMoja matulinko, otwierejcie drzwi, byndziecie radzi zi\u0119ciowi\u2026\u201d Tradycja ta, skupia w sobie wszystkie elementy szamotulskiego folkloru: muzyk\u0119, s\u0142owo w oracjach i pie\u015bniach, regionalny st\u00f3j i taniec. Mimo zmieniaj\u0105cych si\u0119 warunk\u00f3w i okoliczno\u015bci, przekazywana jest od wielu pokole\u0144 w swych naturalnych schematach i kontynuowana w \u017cyciu i uroczysto\u015bciach rodzinnych szamotulan Elementy tradycyjnych szamotulskich wesel celebrowane s\u0105 od ponad 80 lat przez kilka pokole\u0144 mieszka\u0144c\u00f3w Szamotu\u0142 i jej okolic. To oni przekazuj\u0105 sobie wymagane umiej\u0119tno\u015bci, uznaj\u0105c je za ich dobro, stworzone w ramach swej spo\u0142eczno\u015bci.<\/p>\n<p><img loading=\"lazy\" decoding=\"async\" src=\"https:\/\/niematerialne.nid.pl\/wp-content\/uploads\/2023\/01\/Tradycje-weselne-z-Szamotul-i-okolic-2.jfif\" alt=\"Wesele szamotulskie\" width=\"500\" height=\"496\" \/><\/p>\n<p>Elementy tego obrz\u0119du podlegaj\u0105 przekszta\u0142ceniom w wyniku zachodz\u0105cych zmian i kreatywno\u015bci jego uczestnik\u00f3w dysponuj\u0105cych indywidualnymi cechami. Podlegaj\u0105 tak\u017ce naturalnym ewolucyjnym zmianom w tre\u015bci, dostosowuj\u0105cej si\u0119 do zmieniaj\u0105cych si\u0119 warunk\u00f3w spo\u0142ecznych i przyjmowanych warto\u015bci. Form\u0105 upowszechniania tych tradycji by\u0142o zaprezentowanie \u201eWesela szamotulskiego\u201d z udzia\u0142em Kapeli Orlik\u00f3w w pa\u017adzierniku 1932 roku przy wsparciu Akademickiego Ko\u0142a Szamotulan przez Towarzystwo Kobiet Pracuj\u0105cych \u201eZjednoczenie\u201d. Tak\u017ce fakt powstania w 1945 roku Zespo\u0142u Folklorystycznego ,,Szamotu\u0142y\u201d, kt\u00f3ry funkcjonuje do dzi\u015b wi\u0105\u017ce si\u0119 z ch\u0119ci\u0105 ochrony w\u0142asnej tradycji. Do dnia dzisiejszego tradycyjnych obrz\u0119dowych wesel szamotulskich, kt\u00f3rych istnienie potwierdzaj\u0105 najstarsi z depozytariuszy odby\u0142o si\u0119 ponad pi\u0119\u0107dziesi\u0105t. Ostatnie w 2016 roku.<\/p>\n<p><img loading=\"lazy\" decoding=\"async\" src=\"https:\/\/niematerialne.nid.pl\/wp-content\/uploads\/2023\/01\/Tradycje-weselne-z-Szamotul-i-okolic-3.jfif\" alt=\"Wesele szamotulskie\" width=\"500\" height=\"496\" \/>[\/et_pb_toggle][et_pb_toggle title=&#8221;26.\tWy\u015bcigi kumoterek  |  %22Kumoterki%22 races&#8221; open_toggle_text_color=&#8221;#e52330&#8243; _builder_version=&#8221;4.16&#8243; _module_preset=&#8221;default&#8221; title_font=&#8221;|600|||||||&#8221; closed_title_font=&#8221;|600|||||||&#8221; closed_title_font_size=&#8221;14px&#8221; min_height=&#8221;26px&#8221; custom_margin=&#8221;1px||4px||false|false&#8221; global_colors_info=&#8221;{}&#8221;]<\/p>\n<p style=\"text-align: right;\">Data wpisu na list\u0119:<strong> 27.10.2017<\/strong><\/p>\n<p>Wy\u015bcigi kumoterek to zawody dwuosobowych zespo\u0142\u00f3w \u015bcigaj\u0105cych si\u0119 na \u015bnie\u017cnym torze w kumoterkach, czyli charakterystycznych dla regionu Podhala sankach. Cz\u0119sto s\u0105 one arcydzie\u0142ami sztuki snycerskiej, wykonywane z lokalnych gatunk\u00f3w drewna, zdobione a\u017curowymi wzorami i jesionow\u0105 plecionk\u0105, na siedzisko k\u0142adzie si\u0119 s\u0142om\u0119 lub siano i wyk\u0142ada si\u0119 je kraciast\u0105 g\u00f3ralsk\u0105 derk\u0105 z fr\u0119dzlami.<\/p>\n<p>Najstarsze informacje o tych powozach pochodz\u0105 z pocz\u0105tku XIX wieku. Ich nazwa pochodzi od kumotr\u00f3w \u2013 rodzic\u00f3w chrzestnych, kt\u00f3rzy takimi sankami zawozili niemowl\u0119 do chrztu w ko\u015bciele. Przez d\u0142ugi okres czasu kumoterki zaprz\u0119\u017cone w konia by\u0142y niezast\u0105pionym \u015brodkiem lokomocji podczas d\u0142ugich \u015bnie\u017cnych zim.<\/p>\n<p>Pierwsze wy\u015bcigi kumoterek organizowane by\u0142y na Podhalu w dwudziestoleciu mi\u0119dzywojennym, po II wojnie \u015bwiatowej zaniechano organizacji tej imprezy. Od 1973 roku ponownie zacz\u0119to urz\u0105dza\u0107 kumoterskie go\u0144by i parady gazdowskie. Te niezwykle barwne imprezy sportowe trwaj\u0105 cz\u0119sto nawet 2 miesi\u0105ce, w okresie karnawa\u0142u, skupiaj\u0105c wok\u00f3\u0142 siebie nie tylko wi\u0119kszo\u015b\u0107 g\u00f3rali-koniarzy, lecz tak\u017ce sporo turyst\u00f3w, kt\u00f3rzy niecz\u0119sto maj\u0105 mo\u017cliwo\u015b\u0107 spotka\u0107 g\u00f3rali bawi\u0105cych si\u0119 w prawdziwie g\u00f3ralskiej imprezie.<\/p>\n<p>W trakcie wy\u015bcigu zawodnicy maj\u0105 do pokonania tor o d\u0142ugo\u015bci od 800 do 1400 metr\u00f3w. Zaprz\u0119giem powozi m\u0119\u017cczyzna nazywany kumotrem, drug\u0105 osob\u0105 w parze jest kobieta zwana kumosk\u0105, kt\u00f3ra poprzez balans cia\u0142em ma za zadanie stabilizowa\u0107 tor jazdy i nie dopu\u015bci\u0107 do wywrotki.<\/p>\n<p>Obecnie w czasie karnawa\u0142u rywalizacj\u0119 kumoterek mo\u017cna obejrze\u0107 w siedmiu miejscowo\u015bciach na Podhalu: Zakopanem, Ko\u015bcielisku, Bia\u0142ym Dunajcu, Poroninie, Bukowinie Tatrza\u0144skiej, Szaflarach i Lud\u017amierzu.<\/p>\n<p>[\/et_pb_toggle][et_pb_toggle title=&#8221;27.\tUmiej\u0119tno\u015b\u0107 gry na dudach \u017cywieckich oraz spos\u00f3b ich wytwarzania  |  Art of playing and craftmaking of bagpipes in the \u017bywiec region&#8221; open_toggle_text_color=&#8221;#e52330&#8243; _builder_version=&#8221;4.16&#8243; _module_preset=&#8221;default&#8221; title_font=&#8221;|600|||||||&#8221; closed_title_font=&#8221;|600|||||||&#8221; closed_title_font_size=&#8221;14px&#8221; min_height=&#8221;26px&#8221; custom_margin=&#8221;1px||4px||false|false&#8221; global_colors_info=&#8221;{}&#8221;]<\/p>\n<p style=\"text-align: right;\">Data wpisu na list\u0119:<strong> 27.10.2017<\/strong><\/p>\n<p>Umiej\u0119tno\u015b\u0107 gry na dudach \u017cywieckich praktykowana jest na \u017bywiecczy\u017anie nieprzerwanie od co najmniej XVIw. Jest to jeden z najstarszych element\u00f3w tradycji muzycznych w tych stronach, a dzi\u0119ki \u017cyj\u0105cym dudziarzom graj\u0105cym w starym, niezmienionym stylu, przekaz mi\u0119dzypokoleniowy mistrz \u2013 ucze\u0144 jest tu ci\u0105gle praktykowany<\/p>\n<p>Instrument ten sk\u0142ada si\u0119 z czterech g\u0142\u00f3wnych element\u00f3w:<\/p>\n<p>1. w\u00f3r rezerwuarowy tradycyjnie wykonywany ze sk\u00f3ry koziej, 2. piszcza\u0142ka melodyczna (\u201eprzebierka\u201d, \u201egajdzica\u201d), 3. piszcza\u0142ka burdonowa, czyli tzw. \u201ehuk\u201d, 4. ustnik (\u201eduhac\u201d) sk\u0142adaj\u0105cy si\u0119 z dw\u00f3ch cz\u0119\u015bci: \u201eodlewaca\u201d znajduj\u0105cego si\u0119 wewn\u0105trz wora oraz wsuni\u0119tego do\u0144 ustnika w\u0142a\u015bciwego, zako\u0144czonego zaworem zwrotnym.<\/p>\n<p>Dudy \u017cywieckie s\u0105 najstarszym instrumentem, jaki na \u017bywiecczy\u017anie przygrywa\u0142 na zabawach i weselach, najcz\u0119\u015bciej z towarzyszeniem skrzypiec. Z czasem zast\u0105pi\u0142y je bardziej uniwersalne heligonki oraz wi\u0119ksze sk\u0142ady instrumentalne, za\u015b dudy znalaz\u0142y swoje nowe miejsce na scenach, wykorzystywane przez zespo\u0142y pie\u015bni i ta\u0144ca. Wci\u0105\u017c jednak \u017cyj\u0105 muzycy graj\u0105cy tradycyjn\u0105 charakterystyczn\u0105 technik\u0105 i przekazuj\u0105cy t\u0119 umiej\u0119tno\u015b\u0107 kolejnym pokoleniom, za\u015b budowniczowie tego instrumentu potrafi\u0105 wykona\u0107 go zgodnie z najstarszym pierwowzorem, ale te\u017c usprawniaj\u0105 go, korzystaj\u0105c z dost\u0119pnych wsp\u00f3\u0142cze\u015bnie materia\u0142\u00f3w.<\/p>\n<p>Obecnie coraz wi\u0119cej m\u0142odych muzyk\u00f3w zaczyna si\u0119ga\u0107 po ten instrument, prowadzone s\u0105 regularne zaj\u0119cia i warsztaty gry i budowy dud \u017cywieckich. Kolejne kapele g\u00f3ralskie wprowadzaj\u0105 je do swojego instrumentarium, tworz\u0105 si\u0119 nowe zespo\u0142y graj\u0105ce muzyk\u0119 zar\u00f3wno tradycyjn\u0105 jak i folkow\u0105, opart\u0105 na brzmieniu dud, a dzi\u0119ki zabawom i pota\u0144c\u00f3wkom dudy \u201ezesz\u0142y\u201d ze sceny i zaczynaj\u0105 odzyskiwa\u0107 sw\u00f3j \u201eu\u017cytkowy\u201d charakter i tak, jak dawniej, zn\u00f3w graj\u0105 do ta\u0144ca na wiejskich zabawach. Dudy grywaj\u0105 dzi\u015b r\u00f3wnie\u017c przy rozmaitych uroczysto\u015bciach, obrz\u0119dach i wydarzeniach na terenie ca\u0142ej \u017bywiecczyzny.<\/p>\n<p>[\/et_pb_toggle][et_pb_text _builder_version=&#8221;4.16&#8243; _module_preset=&#8221;default&#8221; custom_margin=&#8221;25px||8px||false|false&#8221; custom_padding=&#8221;||0px|||&#8221; global_colors_info=&#8221;{}&#8221;]<\/p>\n<h5><span style=\"color: #e52330;\"><strong>2018<\/strong><\/span><\/h5>\n<p>[\/et_pb_text][et_pb_toggle title=&#8221;28.\tProcesja Bo\u017cego Cia\u0142a z tradycj\u0105 kwietnych dywan\u00f3w w Spycimierzu  |  Corpus Chritsti procession with tradion of flower carpets in Spycimierz&#8221; open_toggle_text_color=&#8221;#e52330&#8243; _builder_version=&#8221;4.16&#8243; _module_preset=&#8221;default&#8221; title_font=&#8221;|600|||||||&#8221; closed_title_font=&#8221;|600|||||||&#8221; closed_title_font_size=&#8221;14px&#8221; min_height=&#8221;26px&#8221; custom_margin=&#8221;1px||4px||false|false&#8221; global_colors_info=&#8221;{}&#8221;]<\/p>\n<p style=\"text-align: right;\">Data wpisu na list\u0119:<strong> 14.02.2018<\/strong><\/p>\n<p><img loading=\"lazy\" decoding=\"async\" src=\"https:\/\/niematerialne.nid.pl\/wp-content\/uploads\/2023\/01\/Procesja-Bozego-Ciala-z-tradycja-kwietnych-dywanow-w-Spycimierzu.jpg\" alt=\"Bo\u017ce Cia\u0142o w Spycimierzu\" width=\"500\" height=\"468\" \/><\/p>\n<p>Spycimierskie Bo\u017ce Cia\u0142o ma oko\u0142o dwustuletni\u0105 tradycj\u0119 i spo\u015br\u00f3d innych procesji Bo\u017cego Cia\u0142a obchodzonych w kraju wyr\u00f3\u017cnia j\u0105 wyznaczenie trasy procesji kwietnym dywanem usypywanym w celu oddania czci Bogu, kt\u00f3ry wed\u0142ug tradycji ludowej tego dnia \u201eschodzi z o\u0142tarzy\u201d.<\/p>\n<p>Kwiaty niemal od zawsze wpisane by\u0142y w obchody tego \u015bwi\u0119ta. \u201eSpycimierski dywan kwiatowy\u201d licz\u0105cy oko\u0142o kilometra d\u0142ugo\u015bci usypywany jest z kolorowych p\u0142atk\u00f3w oraz ca\u0142ych kwiat\u00f3w ogrodowych i polnych. Praca nad jego przygotowaniem jest zadaniem anga\u017cuj\u0105cym ca\u0142\u0105 spo\u0142eczno\u015b\u0107 spycimierskiej parafii licz\u0105c\u0105 niewiele ponad 600 os\u00f3b.<\/p>\n<p><img loading=\"lazy\" decoding=\"async\" src=\"https:\/\/niematerialne.nid.pl\/wp-content\/uploads\/2023\/01\/Procesja-Bozego-Ciala-z-tradycja-kwietnych-dywanow-w-Spycimierzu-2.jpg\" alt=\"Bo\u017ce Cia\u0142o w Spycimierzu\" width=\"500\" height=\"468\" \/><\/p>\n<p>Szczeg\u00f3lnie zaabsorbowane prac\u0105 nad dywanem i czterema o\u0142tarzami, w pobli\u017cu kt\u00f3rych usypuje si\u0119 bardziej rozbudowane kompozycje, s\u0105 rodziny mieszkaj\u0105ce w pobli\u017cu trasy. Wsp\u00f3lnym wysi\u0142kiem doros\u0142ych, dzieci i m\u0142odzie\u017cy pod przewodnictwem proboszcza parafii powstaje ulotne dzie\u0142o, kt\u00f3re poza tym, \u017ce jest wyrazem czci dla Boga, umacnia wsp\u00f3lnot\u0119 poprzez wsp\u00f3lny wysi\u0142ek, a tak\u017ce przyci\u0105ga rzesze ludzi z ca\u0142ego kraju, kt\u00f3rzy chc\u0105 uczestniczy\u0107 w tym nabo\u017ce\u0144stwie i podziwia\u0107 pi\u0119kno kwietnego dywanu.[\/et_pb_toggle][et_pb_toggle title=&#8221;29.\tGajdy &#8211; umiej\u0119tno\u015b\u0107 wytwarzania instrumentu i praktyka gry  |  Art of playing and craftmaking of bagpipes in the Beskidy region &#8221; open_toggle_text_color=&#8221;#e52330&#8243; _builder_version=&#8221;4.16&#8243; _module_preset=&#8221;default&#8221; title_font=&#8221;|600|||||||&#8221; closed_title_font=&#8221;|600|||||||&#8221; closed_title_font_size=&#8221;14px&#8221; min_height=&#8221;26px&#8221; custom_margin=&#8221;1px||4px||false|false&#8221; global_colors_info=&#8221;{}&#8221;]<\/p>\n<p style=\"text-align: right;\">Data wpisu na list\u0119:<strong> 14.02.2018<\/strong><\/p>\n<p>W literaturze przedmiotu instrument ten okre\u015bla si\u0119 jako gajdy: beskidzkie, istebnia\u0144skie lub \u015bl\u0105skie \u2013 jest to instrument muzyczny charakterystyczny dla Beskidu \u015al\u0105skiego. Praktyka gry oraz umiej\u0119tno\u015b\u0107 wytwarzania gajd jest integraln\u0105 cz\u0119\u015bci\u0105 tradycji muzycznych beskidzkiego regionu, jest budulcem to\u017csamo\u015bci regionalnej oraz daje mieszka\u0144com tego obszaru poczucie wsp\u00f3lnoty.<\/p>\n<p>Depozytariusze na przestrzeni pokole\u0144 wypracowali system przekazu wiedzy i umiej\u0119tno\u015bci z zakresu budowy instrumentu oraz praktyki muzycznej. Gajdy mo\u017cna obecnie us\u0142ysze\u0107 nie tylko w prezentacjach muzyki tradycyjnej, ale r\u00f3wnie\u017c we wsp\u00f3\u0142czesnych aran\u017cacjach dawnego repertuaru beskidzkiego.<\/p>\n<p><img loading=\"lazy\" decoding=\"async\" src=\"https:\/\/niematerialne.nid.pl\/wp-content\/uploads\/2023\/01\/Gajdy-umiejetnosc-wytwarzania-instrumentu-i-praktyka-gry.jpg\" alt=\"Gra na gajdach\" width=\"500\" height=\"470\" \/><\/p>\n<p>S\u0105 instrumentem wymagaj\u0105cym nie tylko zdolno\u015bci muzycznych, ale i plastycznych. Budowanie instrumentu jest skomplikowanym procesem, poniewa\u017c wi\u0119kszo\u015b\u0107 element\u00f3w wykonywana jest r\u0119cznie. Elementami sk\u0142adowymi gajd s\u0105: gajdzica \u2013 kr\u00f3tka piszcza\u0142ka melodyczna, h\u00f3k \u2013 piszcza\u0142ka burdonowa, dymlok \u2013 mieszka do mechanicznego wpompowywania powietrza oraz miecha \u2013 du\u017cy sk\u00f3rzany worek, kt\u00f3ry jest rezerwuarem powietrza.<\/p>\n<p>G\u0142\u00f3wnym o\u015brodkiem dzia\u0142alno\u015bci gajdoszy, a tak\u017ce budowniczych gajd, by\u0142a i jest obecnie Tr\u00f3jwie\u015b Beskidzka (Istebna, Koniak\u00f3w, Jaworzynka) \u2013 Beskid \u015al\u0105ski. Na terenie Tr\u00f3jwsi obecnie umiej\u0119tno\u015b\u0107 gry na gajdach posiada 13 os\u00f3b, na \u017bywiecczy\u017anie s\u0105 to 3 osoby, na terenie Zaolzia 6 os\u00f3b.[\/et_pb_toggle][et_pb_toggle title=&#8221;30.\tBarb\u00f3rka g\u00f3rnik\u00f3w w\u0119gla kamiennego na G\u00f3rnym \u015al\u0105sku  |  Barb\u00f3rka tradition of coal miners in Upper Silesia&#8221; open_toggle_text_color=&#8221;#e52330&#8243; _builder_version=&#8221;4.27.4&#8243; _module_preset=&#8221;default&#8221; title_font=&#8221;|600|||||||&#8221; closed_title_font=&#8221;|600|||||||&#8221; closed_title_font_size=&#8221;14px&#8221; min_height=&#8221;26px&#8221; custom_margin=&#8221;1px||4px||false|false&#8221; global_colors_info=&#8221;{}&#8221;]<\/p>\n<p style=\"text-align: right;\">Data wpisu na list\u0119:<strong> 10.07.2018<\/strong><\/p>\n<p>Barb\u00f3rka jest zwyczajem dorocznym i obyczajem \u015bwi\u0105tecznym grupy zawodowej g\u00f3rnik\u00f3w w\u0119gla kamiennego na G\u00f3rnym \u015al\u0105sku praktykowanym od pocz\u0105tku XIX wieku do chwili obecnej. Obchodzona 4 grudnia, w dniu wspomnienia \u015bw. Barbary, wpisa\u0142a si\u0119 w przestrze\u0144 kulturow\u0105 g\u00f3rnik\u00f3w dzi\u0119ki przekazom pokoleniowemu i \u015brodowiskowemu. Stanowi nieod\u0142\u0105czny element g\u00f3rniczej to\u017csamo\u015bci piel\u0119gnowany przy wsp\u00f3\u0142udziale w\u0142a\u015bcicieli, dyrekcji i zarz\u0105d\u00f3w kopal\u0144, lokalnych parafii oraz stowarzysze\u0144, kt\u00f3rych przedstawiciele s\u0105 aktywnymi uczestnikami obchod\u00f3w.<\/p>\n<p>Uczestnictwo w uroczysto\u015bciach daje g\u00f3rnikom nie tylko poczucie wsp\u00f3lnoty, ale tak\u017ce godno\u015bci zawodowej, bowiem Barb\u00f3rka ma wymiar zar\u00f3wno duchowy, jak i zawodowy. Charakteryzuje si\u0119 wi\u0119c silnymi walorami wsp\u00f3lnototw\u00f3rczymi. Jest to szczeg\u00f3lnie wa\u017cne dla pracownik\u00f3w kopal\u0144 w\u0119gla kamiennego, bowiem od okresu gwa\u0142townej industrializacji, od ok. 1850 roku do lat 70. XX w. liczebno\u015b\u0107 wsp\u00f3lnoty opiera\u0142a si\u0119 w znacznym stopniu na ruchach migracyjnych. Wsp\u00f3lne \u015bwi\u0119towanie wspomaga\u0142o zar\u00f3wno w\u0142\u0105czenie si\u0119 w zasi\u0119g warto\u015bci charakteryzuj\u0105cych t\u0119 grup\u0119, a tak\u017ce wspiera\u0142o kszta\u0142towanie si\u0119 wi\u0119zi mi\u0119dzyludzkich, co w przypadku g\u00f3rnik\u00f3w stale przebywaj\u0105cych w warunkach zagro\u017cenia \u017cycia, jest niezmiernie istotne. \u015awi\u0119to ma tak\u017ce wymiar <span style=\"font-size: 14px;\">ponadwyznaniowy.<\/span><\/p>\n<p>Obchody Barb\u00f3rki s\u0105 kontynuowane, pomimo zmian politycznych, ekonomicznych i spo\u0142ecznych, co \u015bwiadczy o sile przekazu \u015brodowiskowego. Wybrane przez grup\u0119 tradycje s\u0105 piel\u0119gnowane od XIX wieku. Barb\u00f3rka ma tak\u017ce szersze, regionalne oraz ponadregionalne znaczenie, jest rozpoznawalna poza G\u00f3rnym \u015al\u0105skiem.<\/p>\n<p><img loading=\"lazy\" decoding=\"async\" src=\"https:\/\/niematerialne.nid.pl\/wp-content\/uploads\/2023\/01\/Barborka-gornikow-wegla-kamiennego-na-Gornym-Slasku.jpg\" alt=\"Barb\u00f3rka\" width=\"537\" height=\"357\" \/>\u00a0 \u00a0<img loading=\"lazy\" decoding=\"async\" src=\"https:\/\/niematerialne.nid.pl\/wp-content\/uploads\/2023\/01\/Barborka-gornikow-wegla-kamiennego-na-Gornym-Slasku-2.jpg\" alt=\"Barb\u00f3rka\" width=\"561\" height=\"356\" \/>\u00a0 \u00a0<img loading=\"lazy\" decoding=\"async\" src=\"https:\/\/niematerialne.nid.pl\/wp-content\/uploads\/2023\/01\/Barborka-gornikow-wegla-kamiennego-na-Gornym-Slasku-3.jfif\" alt=\"Barb\u00f3rka\" width=\"500\" height=\"356\" \/><\/p>\n<p>\u2013 \u2013 \u2013<span><\/span><\/p>\n<p style=\"text-align: right;\">Date of the inclusion in the inventory: <strong>July 10, 2018<\/strong><\/p>\n<p>Saint Barbara\u2019s celebration is an annual custom and a festive practice of the coal miners in Upper Silesia held from the early 19th century to the present day. Celebrated on the 4 December, the day on which Saint Barbara is commemorated, it has become part of the miners\u2019 cultural sphere through generational and communal transmission. It is an intrinsic part of the miners&#8217; identity, cherished with the involvement of the owners, management and board of the coal mines, local parishes and associations, whose representatives are active participants in the celebrations.<\/p>\n<p>Participation in the celebrations brings miners not only a sense of community but also professional dignity, since the Saint Barbara\u2019s celebration has both the spiritual, and\u00a0the professional dimension. It is therefore characterised by strong community-building values. This is particularly important for the coal mine workers, as from the period of rapid industrialisation, from the half of the 19th century until the 1970s, the\u00a0size of the community was based largely on migration. By celebrating together the inclusion in the range of values that characterised this group is supported. The formation of interpersonal bonds, which is extremely important for the\u00a0coal miners constantly in life-threatening conditions is also sustained by the celebration. The annual feast also has an inter-religious dimension.<\/p>\n<p>The Saint Barbara\u2019s celebration continues, despite political, economic and social changes, which demonstrates the strength of the communal message. The miners\u2019 traditions have been nurtured since the 19th century. Saint Barbara\u2019s celebration also has a wider, regional and cross-regional significance and is recognised beyond Upper Silesia.<\/p>\n<p>[\/et_pb_toggle][et_pb_toggle title=&#8221;31.\tPlecionkarstwo w Polsce  |  Basketry in Poland&#8221; open_toggle_text_color=&#8221;#e52330&#8243; _builder_version=&#8221;4.27.4&#8243; _module_preset=&#8221;default&#8221; title_font=&#8221;|600|||||||&#8221; closed_title_font=&#8221;|600|||||||&#8221; closed_title_font_size=&#8221;14px&#8221; min_height=&#8221;26px&#8221; custom_margin=&#8221;1px||4px||false|false&#8221; global_colors_info=&#8221;{}&#8221;]<\/p>\n<p style=\"text-align: right;\">Data wpisu na list\u0119:<strong> 10.07.2018<\/strong><\/p>\n<p>Plecionkarstwo nale\u017cy do najstarszych rzemios\u0142 uprawianych przez cz\u0142owieka, a wiele wskazuje na to, \u017ce jest najstarsz\u0105 umiej\u0119tno\u015bci\u0105 techniczn\u0105, jak\u0105 cz\u0142owiek posiad\u0142. Prawdopodobnie zacz\u0119to wyplata\u0107 wyroby s\u0142u\u017c\u0105ce do zaspokojenia podstawowych potrzeb, zanim jeszcze nauczono si\u0119 wypala\u0107 glin\u0119. Plecionkarstwo, inaczej zwane koszykarstwem by\u0142o umiej\u0119tno\u015bci\u0105 daj\u0105c\u0105 doch\u00f3d, z czasem staj\u0105c si\u0119 jedn\u0105 z dziedzin rzemie\u015blniczych. Przez stulecia wykonywano je na marginesie innych prac gospodarskich, jednak w regionach o s\u0142abo rozwini\u0119tym przemy\u015ble i s\u0142abej ziemi, sta\u0142o ono si\u0119 g\u0142\u00f3wnym zaj\u0119ciem. Przyk\u0142adem s\u0105 okolice Nowego Tomy\u015bla, gdzie od XVIII wieku rozwijano upraw\u0119 wikliny, kt\u00f3ra nie wymaga\u0142a ziem wysokiej klasy, stwarzaj\u0105c tym samym warunki do rozwoju plecionkarstwa.<\/p>\n<p><img loading=\"lazy\" decoding=\"async\" src=\"https:\/\/niematerialne.nid.pl\/wp-content\/uploads\/2023\/04\/Plecionkarstwo-w-Polsce_2-scaled.jpg\" alt=\"Plecionkarstwo \" width=\"500\" height=\"467\" \/><\/p>\n<p>Pocz\u0105tek szkolnictwu w zakresie plecionkarstwa da\u0142a Szko\u0142a Koszykarska w Rudniku nad Sanem utworzona w 1878 roku. Kolejne plac\u00f3wki powsta\u0142y w Kwidzynie i Skwierzynie.. Wk\u0142ad w kszta\u0142cenie plecionkarzy ma r\u00f3wnie\u017c Uniwersytet Ludowy w Woli S\u0119kowej. Du\u017c\u0105 rol\u0119 w popularyzacji wszelkich form plecionkarstwa odgrywaj\u0105 pasjonaci prowadz\u0105cy zaj\u0119cia z dzie\u0107mi i m\u0142odzie\u017c\u0105 w ramach pracowni dzia\u0142aj\u0105cych przy domach kultury czy prowadz\u0105cych warsztaty na terenie ca\u0142ego kraju. Generalnie jednak umiej\u0119tno\u015bci przezywane s\u0105 z pokolenia na pokolenie przez \u017cyj\u0105cych mistrz\u00f3w plecionkarskich, w du\u017cej mierze w rodzinie.<\/p>\n<p><img loading=\"lazy\" decoding=\"async\" src=\"https:\/\/niematerialne.nid.pl\/wp-content\/uploads\/2023\/04\/Plecionkarstwo-w-Polsce_1.jpg\" alt=\"Plecionkarstwo\" width=\"500\" height=\"527\" \/><\/p>\n<p>Spos\u00f3b, w jaki przekazuje si\u0119 wiedz\u0119 o technikach plecionkarskich zmieni\u0142 si\u0119 niewiele na przestrzeni wiek\u00f3w. Dzieje si\u0119 to poprzez podgl\u0105danie i na\u015bladownictwo mistrza przez ucznia, oraz poprzez przekaz ustny i \u0107wiczenia praktyczne pod okiem rodzic\u00f3w. Nieliczne podr\u0119czniki pochodz\u0105 z lat 50. i 70. ubieg\u0142ego wieku.<\/p>\n<p>Obecnie wielu plecionkarzy nale\u017cy do Og\u00f3lnopolskiego Stowarzyszenia Plecionkarzy i Wikliniarzy oraz innych stowarzysze\u0144 kultywuj\u0105cych tradycje regionalne. Wykonuj\u0105 zar\u00f3wno przedmioty o charakterze u\u017cytkowym, takie jak kosze zakupowe, meble i kufry w wersji tradycyjnej oraz nowe wzory wykonywane na specjalne \u017cyczenia klient\u00f3w. Poza tym tworz\u0105 te\u017c artystyczne formy przestrzenne i architektoniczne, na przyk\u0142ad rze\u017aby plenerowe. Obecnie plecionkarstwo jest \u017cyw\u0105 tradycj\u0105 na terenie Nadsania, Bieszczad, Mazowsza, Wielkopolski i Pomorza.<\/p>\n<p>&nbsp;<\/p>\n<p>\u2013 \u2013 \u2013<span><\/span><\/p>\n<p style=\"text-align: right;\">Date of the inclusion in the inventory: <strong>10.07.2018<\/strong><\/p>\n<p>Basketry is one of the oldest crafts practised by man, and there are many indications that it is the oldest technical skill that man has possessed. It is likely that weaving products to meet basic needs began before clay firing was even learned. Weaving, otherwise known as basketry, was an income-generating skill, over time becoming one of the crafts. For centuries it had been done on the margins of other farm work, but in regions with underdeveloped industry and poor land, it became a major occupation. An example of this is the area around Nowy Tomy\u015bl, where wicker cultivation was developed from the 18th century onwards, which did not require high-class land, thus creating the conditions for the development of basketry.<\/p>\n<p>The beginning of education in weaving was given by the Basketry School in Rudnik nad Sanem, established in 1878. Further facilities were opened in Kwidzyn and Skwierzyna. The Folk University in Wola S\u0119kowa also contributed to the education of weavers. An important role in the promotion of all forms of weaving is played by the enthusiasts who run classes for children and young people in ateliers at community centres or run workshops throughout the country. In general, skills are passed down from generation to generation by living master weavers, largely within families.<\/p>\n<p>The way in which knowledge of weaving techniques is passed on has changed little over the centuries. This happens through the watching and imitating of the master by the apprentice, and through oral transmission and practical training under the guidance of parents. The few manuals date from the 1950s and 1970s.<\/p>\n<p>Today, many weavers are members of the National Association of Weavers and Wicker Workers and other associations cultivating regional traditions. They make both functional objects, such as shopping baskets, furniture, and trunks in the traditional version, as well as new designs made to meet special customer requests. In addition, they also create artistic spatial and architectural forms, such as outdoor sculptures. Today, weaving is a living tradition in the Nadsanie, Bieszczady, Mazovia, Wielkopolska and Pomerania regions.<\/p>\n<p>[\/et_pb_toggle][et_pb_toggle title=&#8221;32.\tTradycje kulturowe Bambr\u00f3w Pozna\u0144skich  |  Bamber&#8217;s cultural traditions in Pozna\u0144&#8221; open_toggle_text_color=&#8221;#e52330&#8243; _builder_version=&#8221;4.16&#8243; _module_preset=&#8221;default&#8221; title_font=&#8221;|600|||||||&#8221; closed_title_font=&#8221;|600|||||||&#8221; closed_title_font_size=&#8221;14px&#8221; min_height=&#8221;26px&#8221; custom_margin=&#8221;1px||4px||false|false&#8221; global_colors_info=&#8221;{}&#8221;]<\/p>\n<p style=\"text-align: right;\">Data wpisu na list\u0119:<strong> 10.07.2018<\/strong><\/p>\n<p>Bambrzy to obecni mieszka\u0144cy Poznania b\u0119d\u0105cy potomkami osadnik\u00f3w przyby\u0142ych w XVII wieku z okolic Bambergu (cz\u0119\u015bci dzisiejszej Bawarii) na tereny kilku podpozna\u0144skich wsi. Osadnicy ci przez prawie 300 lat wsp\u00f3\u0142istnienia ze spo\u0142eczno\u015bci\u0105 Poznania wykszta\u0142cili szereg praktyk kulturowych b\u0119d\u0105cych po\u0142\u0105czeniem tradycji miejsca pochodzenia z obyczajami miejscowymi nie trac\u0105c przy tym to\u017csamo\u015bci grupowej i wynikaj\u0105cego z niej pewnego poczucia odr\u0119bno\u015bci. Przyk\u0142adami element\u00f3w wyr\u00f3\u017cniaj\u0105cych spo\u0142eczno\u015b\u0107 bambersk\u0105 s\u0105: praktyka noszenia stroju bamberskiego (zw\u0142aszcza kobiecego), udzia\u0142 Bamberek w paradach \u015awi\u0119tego Marcina, udzia\u0142 spo\u0142eczno\u015bci bamberskiej w procesjach Bo\u017cego Cia\u0142a, obchody \u015awi\u0119ta Bamberskiego czy dzia\u0142alno\u015b\u0107 Towarzystwa Bambr\u00f3w Pozna\u0144skich spajaj\u0105cego ca\u0142\u0105 spo\u0142eczno\u015b\u0107 bambersk\u0105.<\/p>\n<p><img loading=\"lazy\" decoding=\"async\" src=\"https:\/\/niematerialne.nid.pl\/wp-content\/uploads\/2023\/01\/Tradycje-kulturowe-Bambrow-Poznanskich.jpg\" alt=\"Bambrzy\" width=\"500\" height=\"712\" \/>[\/et_pb_toggle][et_pb_text _builder_version=&#8221;4.16&#8243; _module_preset=&#8221;default&#8221; custom_margin=&#8221;25px||8px||false|false&#8221; custom_padding=&#8221;||0px|||&#8221; global_colors_info=&#8221;{}&#8221;]<\/p>\n<h5><span style=\"color: #e52330;\"><strong>2019<\/strong><\/span><\/h5>\n<p>[\/et_pb_text][et_pb_toggle title=&#8221;33.\tKroszonkarstwo opolskie  |  Egg decoration handicraft in Opole region &#8221; open_toggle_text_color=&#8221;#e52330&#8243; _builder_version=&#8221;4.16&#8243; _module_preset=&#8221;default&#8221; title_font=&#8221;|600|||||||&#8221; closed_title_font=&#8221;|600|||||||&#8221; closed_title_font_size=&#8221;14px&#8221; min_height=&#8221;26px&#8221; custom_margin=&#8221;1px||4px||false|false&#8221; global_colors_info=&#8221;{}&#8221;]<\/p>\n<p style=\"text-align: right;\">Data wpisu na list\u0119: <strong>14.08.2019<\/strong><\/p>\n<p>Kroszonka to zabarwione jajo zdobione metod\u0105 rytownicz\u0105 (drapane), ozdabiane tradycyjnymi ornamentami ro\u015blinnymi: palmy, kwiaty, li\u015bcie etc. , kt\u00f3rych wzory s\u0105 cz\u0119sto spotykane tak\u017ce w haftowanych obrusach, zas\u0142onach, dekoracyjnej po\u015bcieli (kapach), strojach i malarstwie ludowym. R\u00f3\u017cnorodno\u015b\u0107 wzor\u00f3w zale\u017cy od inwencji artystycznej samego tw\u00f3rcy.<\/p>\n<p><img loading=\"lazy\" decoding=\"async\" src=\"https:\/\/niematerialne.nid.pl\/wp-content\/uploads\/2023\/01\/Kroszonkarstwo-opolskie.jpg\" alt=\"Kroszonka\" width=\"500\" height=\"621\" \/><\/p>\n<p><span>Kroszonkarstwo opolskie jest niew\u0105tpliwie symbolem Opolszczyzny. Pocz\u0105tkowo kroszonki wykonywane tylko w okresie \u015awi\u0105t Wielkanocnych, obecnie dzi\u0119ki formule konkursu sta\u0142y si\u0119 powszechn\u0105 cz\u0119\u015bci\u0105 element\u00f3w zdobniczych w wojew\u00f3dztwie opolskim.<\/span>[\/et_pb_toggle][et_pb_toggle title=&#8221;34.\tUmiej\u0119tno\u015b\u0107 r\u0119cznego malowania wzoru opolskiego  |  Handicraft of painting the Opole pattern&#8221; open_toggle_text_color=&#8221;#e52330&#8243; _builder_version=&#8221;4.16&#8243; _module_preset=&#8221;default&#8221; title_font=&#8221;|600|||||||&#8221; closed_title_font=&#8221;|600|||||||&#8221; closed_title_font_size=&#8221;14px&#8221; min_height=&#8221;26px&#8221; custom_margin=&#8221;1px||4px||false|false&#8221; global_colors_info=&#8221;{}&#8221;]<\/p>\n<p style=\"text-align: right;\">Data wpisu na list\u0119: <strong>14.08.2019<\/strong><\/p>\n<p>Wz\u00f3r opolski pochodzi z tradycyjnych kroszonek, jaj zdobionych na Wielkanoc technik\u0105 rytownicz\u0105. W 1957 roku aby podtrzyma\u0107 tradycj\u0119 ich wykonywania zorganizowano pierwszy konkurs kroszonkarski. W 1963 roku podczas obrad jury zrodzi\u0142 si\u0119 pomys\u0142, aby wzornictwo z kroszonek przenie\u015b\u0107 na bardziej trwa\u0142y materia\u0142 i rozpropagowa\u0107 go w\u015br\u00f3d szerszego grona odbiorc\u00f3w. Materia\u0142, kt\u00f3ry zastosowano to porcelit pozyskany z zak\u0142adu w Tu\u0142owicach. Piecz\u0119 nad ca\u0142o\u015bci\u0105 obj\u0119\u0142a Cepelia. Pod koniec l.60 XX w. zacz\u0119to to tego celu wykorzystywa\u0107 porcelan\u0119.<\/p>\n<p>Pocz\u0105tkowo wytwarzano wy\u0142\u0105cznie naczynia dwubarwne, udekorowane prostymi motywami zaczerpni\u0119tymi z kroszonek. Pocz\u0105tkowe wzory charakteryzowa\u0142a prostota formy i archaizm. Dominowa\u0142y i do dzi\u015b dominuj\u0105 motywy ro\u015blinne.<\/p>\n<p>Obecnie wz\u00f3r opolski to nie tylko porcelana. Grupa Opolskie Dziouchy zrzeszaj\u0105ca opolskie tw\u00f3rczynie ludowe przenosi wz\u00f3r opolski na produkty codziennego u\u017cytku, takie jak: zegary, breloczki i smycze do kluczy, broszki ceramiczne i bi\u017cuteria z drewna, \u015bwiece adwentowe z litego drewna czy elementy dekoracyjne, jak bombki. Z wykorzystaniem wzoru opolskiego powstaj\u0105 tak\u017ce tatua\u017ce na specjalne zam\u00f3wienie. Kolejnym wa\u017cnym obszarem wykorzystania i promowania wzoru opolskiego s\u0105 projekty graficzne, kt\u00f3re stanowi\u0105 baz\u0119 do tworzenia kolorowanek dla dzieci, oficjalnych zaprosze\u0144 z elementami wzoru, plakat\u00f3w promuj\u0105cych lokalne wydarzenia kulturalne w regionie oraz nadruk\u00f3w na koszulki, torby czy opaski.<\/p>\n<p>[\/et_pb_toggle][et_pb_toggle title=&#8221;35.\tZwyczaj wodzenia nied\u017awiedzia na \u015al\u0105sku Opolskim  |  The Shrove Tuesday tradition in Opole Silesia&#8221; open_toggle_text_color=&#8221;#e52330&#8243; _builder_version=&#8221;4.16&#8243; _module_preset=&#8221;default&#8221; title_font=&#8221;|600|||||||&#8221; closed_title_font=&#8221;|600|||||||&#8221; closed_title_font_size=&#8221;14px&#8221; min_height=&#8221;26px&#8221; custom_margin=&#8221;1px||4px||false|false&#8221; global_colors_info=&#8221;{}&#8221;]<\/p>\n<p style=\"text-align: right;\">Data wpisu na list\u0119: <strong>14.08.2019<\/strong><\/p>\n<p><img loading=\"lazy\" decoding=\"async\" src=\"https:\/\/niematerialne.nid.pl\/wp-content\/uploads\/2023\/01\/Zwyczaj-wodzenia-niedzwiedzia-na-Slasku-Opolskim.jfif\" alt=\"Wodzenie nied\u017awiedzia\" width=\"500\" height=\"528\" \/><\/p>\n<p>Wodzenie nied\u017awiedzia kultywowane jest obecnie w oko\u0142o stu miejscowo\u015bciach na \u015al\u0105sku Opolskim podczas karnawa\u0142u. Dawniej by\u0142 to obrz\u0119d o znaczeniu magicznym, obecnie to zabawa i widowisko podkre\u015blaj\u0105ce to\u017csamo\u015b\u0107 lokaln\u0105. W zwyczaju istotny element stanowi udzia\u0142 maszkary wyobra\u017caj\u0105cej nied\u017awiedzia oraz korowodu innych postaci \u2013 \u017candarma, \u015bmierci, le\u015bniczego, diab\u0142a, kominiarza, baby, panny m\u0142odej, kominiarz, ksi\u0119dza, lekarza czy rze\u017anika. W ka\u017cdej miejscowo\u015bci wodzenie przebiega nieco inaczej, jednak do sta\u0142ych element\u00f3w nale\u017cy odwiedzanie przez korow\u00f3d wszystkich dom\u00f3w, a na koniec wsp\u00f3lna zabawa po\u0142\u0105czona z symbolicznym zabiciem nied\u017awiedzia.<\/p>\n<p>[\/et_pb_toggle][et_pb_toggle title=&#8221;36.\tPolonez \u2013 taniec polski  |  Polonaise &#8211; Polish traditional dance&#8221; open_toggle_text_color=&#8221;#e52330&#8243; _builder_version=&#8221;4.27.4&#8243; _module_preset=&#8221;default&#8221; title_font=&#8221;|600|||||||&#8221; closed_title_font=&#8221;|600|||||||&#8221; closed_title_font_size=&#8221;14px&#8221; min_height=&#8221;26px&#8221; custom_margin=&#8221;1px||4px||false|false&#8221; global_colors_info=&#8221;{}&#8221;]<\/p>\n<p style=\"text-align: right;\">Data wpisu na list\u0119: <strong>14.08.2019<\/strong><\/p>\n<p><img loading=\"lazy\" decoding=\"async\" src=\"https:\/\/niematerialne.nid.pl\/wp-content\/uploads\/2023\/01\/Polonez-taniec-polski.jpg\" alt=\"Polonez\" width=\"500\" height=\"485\" \/><\/p>\n<p>Polonez jest ta\u0144cem, kt\u00f3ry cz\u0119sto nazywa si\u0119 chodzonym, pieszym i polskim, a w przesz\u0142o\u015bci r\u00f3wnie\u017c wielkim, przodkiem, polizonem, polonejz\u0105, wolnym, czy obchodnym. Najstarsze ta\u0144ce tego typu udokumentowane zosta\u0142y na terenie Polski ju\u017c w XVI wieku, cho\u0107 jego zasadnicza forma muzyczna i choreotechniczna stosowana do dzi\u015b wykrystalizowa\u0142a si\u0119 w XVIII wieku.<\/p>\n<p>Polonez by\u0142 znany na terenie ca\u0142ej Polski i ta\u0144czony przez r\u00f3\u017cne warstwy spo\u0142eczne, kt\u00f3re uwa\u017ca\u0142y go za cz\u0119\u015b\u0107 swojego dziedzictwa kulturowego. Taniec ten by\u0142 nieod\u0142\u0105cznym elementem kr\u00f3lewskiego ceremonia\u0142u, uroczysto\u015bci i bal\u00f3w magnackich, zwyczaj\u00f3w i zabaw szlacheckich, towarzyszy\u0142 uroczystym spotkaniom w resursach i mieszcza\u0144skich salonach, by\u0142 nieod\u0142\u0105cznym elementem weselnej obyczajowo\u015bci ch\u0142opskiej. Polonezy znajdowa\u0142y swoje miejsce w dzie\u0142ach operowych, utworach muzycznych, literaturze i przekazach ustnych. Stanowi\u0142y element dumy narodowej, kt\u00f3rym szczycono si\u0119 przed przedstawicielami innych narodowo\u015bci, a tak\u017ce wyrazem to\u017csamo\u015bci stanowej, kt\u00f3r\u0105 mi\u0119dzy innymi w ta\u0144cu przekazywano nast\u0119pnym pokoleniom.<\/p>\n<p>Ka\u017cda epoka wnosi\u0142a co\u015b nowego do jego rozwoju, a forma ta\u0144ca ewoluowa\u0142a b\u0119d\u0105c dostosowywana do preferencji nast\u0119pnych pokole\u0144. Dzi\u015b polonez jest ta\u0144cem, kt\u00f3rym m\u0142odzie\u017c licealna ch\u0119tnie manifestuje przekroczenie progu dojrza\u0142o\u015bci podczas bal\u00f3w studni\u00f3wkowych i maturalnych. Polonez cz\u0119sto rozpoczyna uroczyste bale, a w niekt\u00f3rych \u015brodowiskach towarzyszy tak\u017ce weselom. Wsp\u00f3lnoty lokalne ch\u0119tnie si\u0119gaj\u0105 po ten taniec chc\u0105c uczci\u0107 szczeg\u00f3lnie uroczyste \u015bwi\u0119ta. Cz\u0119sto jest te\u017c wykonywany tam, gdzie Polacy chc\u0105 poczu\u0107 si\u0119 wsp\u00f3lnot\u0105 skupion\u0105 wok\u00f3\u0142 istotnych idei i spraw spo\u0142ecznych.<\/p>\n<p>\u2013 \u2013 \u2013<\/p>\n<p><em><strong><\/strong><\/em><\/p>\n<p style=\"text-align: right;\">Date of the inclusion in the inventory: <strong>August 14, 2019<\/strong><\/p>\n<p>Polonaise is a dance that is often referred to as \u201cchodzony\u201d or \u201epieszy\u201d (\u201ethe walked\u201d) or \u201epolski\u201d (\u201ethe Polish\u201d), while in the past it was also known as \u201ewielki\u201d (\u201cthe great\u201d), \u201eprzodek\u201d, \u201epolizon\u201d, \u201epolonejza\u201d, \u201ewolny\u201d (&#8220;the slow&#8221;), czy \u201dobchodny\u201d. The oldest dances of this type were documented in Poland already in the 16th century, however, the musical and choreo-technical core, which is still practiced today, crystallized in the 18th century.<\/p>\n<p>The Polonaise has been known throughout Poland and practiced by various social groups who considered it a part of their cultural heritage. This dance was an inherent element of royal ceremonies, as well as the festivities and balls of magnates, the rituals and games of gentry, an element of solemn meetings in merchant and middle class houses, as well as it was an inseparable part of peasant wedding customs. Polonaises found their place in operas, pieces of music, literature and oral history. They constituted an element of national pride, which was presented with honor in front of representatives of other nationalities, as well as an expression of the class identity, which was passed on to the next generations through, among others, the dance.<\/p>\n<p>Each epoch contributed to its development, and the form of dance evolved in accordance to the preferences of the next generations. Today, high school students dance polonaise as a symbol of maturity during prom and graduation balls. The polonaise opens festive balls, and in some environments is also practiced during weddings. Local communities eagerly practice this dance to celebrate especially solemn celebrations. Polonaise is often performed when Poles want to emphasize the sense of community and unity around important ideas and social issues.<\/p>\n<p>&nbsp;<\/p>\n<p>[\/et_pb_toggle][et_pb_toggle title=&#8221;37.\tKaszubska Gwi\u00f4zdka  |  Kashubian Gwi\u00f4zdka&#8221; open_toggle_text_color=&#8221;#e52330&#8243; _builder_version=&#8221;4.16&#8243; _module_preset=&#8221;default&#8221; title_font=&#8221;|600|||||||&#8221; closed_title_font=&#8221;|600|||||||&#8221; closed_title_font_size=&#8221;14px&#8221; min_height=&#8221;26px&#8221; custom_margin=&#8221;1px||4px||false|false&#8221; global_colors_info=&#8221;{}&#8221;]<\/p>\n<p style=\"text-align: right;\">Data wpisu na list\u0119: <strong>27.08.2019<\/strong><\/p>\n<p><img loading=\"lazy\" decoding=\"async\" src=\"https:\/\/niematerialne.nid.pl\/wp-content\/uploads\/2023\/01\/Kaszubska-Gwiozdka.jpg\" alt=\"Kaszubska Gwiozdka\" width=\"500\" height=\"518\" \/><\/p>\n<p>Jednym ze \u015bwi\u0105tecznych obyczaj\u00f3w na Kaszubach jest Gwi\u00f4zdka, czyli odwiedzanie dom\u00f3w przez grupy kol\u0119dnicze w dzie\u0144 Wigilii Bo\u017cego Narodzenia. Wniosek dotyczy grup dzia\u0142aj\u0105cych w gminie Sierakowice. Zespo\u0142y gwi\u00f4zdek licz\u0105 zazwyczaj od 10 do 15 kawaler\u00f3w w wieku od 15 do 30 lat. Kol\u0119dowanie zaczyna si\u0119 w wigilijne popo\u0142udnie i trwa niemal do Pasterki. W tym czasie odwiedzanych jest kilkadziesi\u0105t gospodarstw z w\u0142asnej i s\u0105siednich wsi. Przez wszystkie lata chodzenia z gwi\u00f4zdk\u0105 jej cz\u0142onkowie nie uczestnicz\u0105 w wieczerzach wigilijnych przygotowywanych w rodzinnych domach. Przynale\u017cno\u015b\u0107 do grypy jest wyr\u00f3\u017cnieniem i na ka\u017cde zwalniaj\u0105ce si\u0119 miejsce czeka ju\u017c kilku ch\u0119tnych kawaler\u00f3w. Cz\u0119sto wa\u017cnym powodem przyst\u0105pienia do grupy jest rodzina tradycja.[\/et_pb_toggle][et_pb_text _builder_version=&#8221;4.16&#8243; _module_preset=&#8221;default&#8221; custom_margin=&#8221;25px||8px||false|false&#8221; custom_padding=&#8221;||0px|||&#8221; global_colors_info=&#8221;{}&#8221;]<\/p>\n<h5><span style=\"color: #e52330;\"><strong>2020<\/strong><\/span><\/h5>\n<p>[\/et_pb_text][et_pb_toggle title=&#8221;38.\tWycinankarstwo kurpiowskie z Puszczy Zielonej  |  Kurpie paper cut-out from Puszcza Zielona region&#8221; open_toggle_text_color=&#8221;#e52330&#8243; _builder_version=&#8221;4.16&#8243; _module_preset=&#8221;default&#8221; title_font=&#8221;|600|||||||&#8221; closed_title_font=&#8221;|600|||||||&#8221; closed_title_font_size=&#8221;14px&#8221; min_height=&#8221;26px&#8221; custom_margin=&#8221;1px||4px||false|false&#8221; global_colors_info=&#8221;{}&#8221;]<\/p>\n<p style=\"text-align: right;\">Data wpisu na list\u0119: <strong>4.03.2020<\/strong><\/p>\n<p>Tradycyjna wycinanka kurpiowska z Puszczy Zielonej jest ozdob\u0105 wykonywan\u0105 z bia\u0142ego lub kolorowego papieru technik\u0105 wycinania przy u\u017cyciu metalowych no\u017cyc do strzy\u017cenia owiec. Umiej\u0119tno\u015b\u0107 jej wykonywania jest przekazywana w spo\u0142eczno\u015bci lokalnej z pokolenia na pokolenie przez osoby uznane za mistrz\u00f3w drog\u0105 przekazu bezpo\u015bredniego. Dzieje si\u0119 tak od momentu pojawienia si\u0119 tej sztuki zdobniczej na Kurpiach w po\u0142owie XIX wieku.<\/p>\n<p><img loading=\"lazy\" decoding=\"async\" src=\"https:\/\/niematerialne.nid.pl\/wp-content\/uploads\/2023\/01\/Wycinankarstwo-kurpiowskie-z-Puszczy-Zielonej.jfif\" alt=\"Apolonia Nowak. Leluja\" width=\"500\" height=\"528\" \/><\/p>\n<p><em>Apolonia Nowak. Wycinanie lelui. fot. R. Dul<\/em><\/p>\n<p>Wycinanka jest jednym z najbardziej charakterystycznych i \u017cywotnych element\u00f3w dziedzictwa kulturowego w regionie. Jest tak\u017ce elementem kultury \u0142atwo rozpoznawalnym w innych cz\u0119\u015bciach kraju i za granic\u0105. Kiedy\u015b wycinanki zwyczajowo naklejano bezpo\u015brednio na bielon\u0105 \u015bcian\u0119 lub arkusz papieru, obecnie najcz\u0119\u015bciej umieszcza si\u0119 je w ramach. Pojawiaj\u0105 si\u0119 r\u00f3wnie\u017c w formie papierowych firanek w kuchennych oknach.<\/p>\n<p><img loading=\"lazy\" decoding=\"async\" src=\"https:\/\/niematerialne.nid.pl\/wp-content\/uploads\/2023\/01\/Wycinankarstwo-kurpiowskie-z-Puszczy-Zielonej-Gwiazda-wyk.Apolonia-Nowak.jpg\" alt=\"Gwiazda. Apolonia Nowak\" width=\"500\" height=\"437\" \/><\/p>\n<p><em>Gwiazda wyk. Apolonia Nowak<\/em><\/p>\n<p>Najpopularniejsze obecnie motywy to: wycinanki figuralne &#8211; koguty, ptaszki, pawie, koniki i je\u017ad\u017acy na koniach; drzewka i zielka; leluje, gwiazdy oraz nieco rzadziej tworzona ze wzgl\u0119du na stopie\u0144 skomplikowania wycinanka typu \u201elas\u201d powsta\u0142a w latach 40. XX wieku.<\/p>\n<p><img loading=\"lazy\" decoding=\"async\" src=\"https:\/\/niematerialne.nid.pl\/wp-content\/uploads\/2023\/01\/Wycinankarstwo-kurpiowskie-z-Puszczy-Zielonej-Leluja-wyk.Czeslawa-Kaczynska.jpg\" alt=\"Leluja Czes\u0142awy Kaczy\u0144skiej\" width=\"500\" height=\"747\" \/><\/p>\n<p><em>Leluja wyk. Czes\u0142awa Kaczy\u0144ska<\/em>[\/et_pb_toggle][et_pb_toggle title=&#8221;39.\tKrzy\u017coki w Borkach Ma\u0142ych  |  Easter Eve tradition (Krzy\u017coki) in Borki Ma\u0142e&#8221; open_toggle_text_color=&#8221;#e52330&#8243; _builder_version=&#8221;4.16&#8243; _module_preset=&#8221;default&#8221; title_font=&#8221;|600|||||||&#8221; closed_title_font=&#8221;|600|||||||&#8221; closed_title_font_size=&#8221;14px&#8221; min_height=&#8221;26px&#8221; custom_margin=&#8221;1px||4px||false|false&#8221; global_colors_info=&#8221;{}&#8221;]<\/p>\n<p style=\"text-align: right;\"><span>Data wpisu na list\u0119: <strong>4.03.2020<\/strong><\/span><\/p>\n<p><span>Zwyczaj krzy\u017cok\u00f3w w Borkach Ma\u0142ych polega na budowie bramy wielkanocnej z kilku tysi\u0119cy skorup jaj przez ca\u0142y okres Wielkiego Postu, wieszaniu jej w centrum wsi w Wielk\u0105 Sobot\u0119 w nocy, a tak\u017ce pieszym obchodzeniu p\u00f3l przed wschodem s\u0142o\u0144ca w Niedziel\u0119 Wielkanocn\u0105 przez dwunastu kawaler\u00f3w. Kultywowany jest wy\u0142\u0105cznie w so\u0142ectwie Borki Ma\u0142e w gminie Olesno w wojew\u00f3dztwie opolskim.<\/span><\/p>\n<p><img loading=\"lazy\" decoding=\"async\" src=\"https:\/\/niematerialne.nid.pl\/wp-content\/uploads\/2023\/01\/Krzyzoki-w-Borkach-Malych.jfif\" alt=\"Brama wielkanocna w Borkach Ma\u0142ych\" width=\"500\" height=\"527\" \/>[\/et_pb_toggle][et_pb_toggle title=&#8221;40.\tBabski comber na \u015al\u0105sku Opolskim  |  Carnival tradition of women&#8217;s %22Comber%22 in Opole Silesia&#8221; open_toggle_text_color=&#8221;#e52330&#8243; _builder_version=&#8221;4.16&#8243; _module_preset=&#8221;default&#8221; title_font=&#8221;|600|||||||&#8221; closed_title_font=&#8221;|600|||||||&#8221; closed_title_font_size=&#8221;14px&#8221; min_height=&#8221;26px&#8221; custom_margin=&#8221;1px||4px||false|false&#8221; global_colors_info=&#8221;{}&#8221;]<\/p>\n<p style=\"text-align: right;\">Data wpisu na list\u0119: <strong>10.03.2020<\/strong><\/p>\n<p>Babski Comber na \u015al\u0105sku Opolskim jest popularnym zwyczajem okresu ko\u0144ca karnawa\u0142u. Combry organizowane s\u0105 przez wiele grup kobiet na terenie ca\u0142ego wojew\u00f3dztwa, a uczestnicz\u0105 w nich r\u00f3wnie\u017c niemal wy\u0142\u0105cznie kobiety. Do czasu II wojny \u015bwiatowej funkcjonowa\u0142 on jako obrz\u0119d przej\u015bcia dla m\u0142odych m\u0119\u017catek inicjowany przez starsze zam\u0119\u017cne gospodynie. P\u00f3\u017aniej sta\u0142 si\u0119 zabaw\u0105 dla wszystkich kobiet z danej miejscowo\u015bci bez wzgl\u0119du na stan cywilny.<\/p>\n<p><img loading=\"lazy\" decoding=\"async\" src=\"https:\/\/niematerialne.nid.pl\/wp-content\/uploads\/2023\/01\/Babski-comber-na-Slasku-Opolskim.jfif\" alt=\"Babski comber w Walcach\" width=\"500\" height=\"377\" \/><\/p>\n<p>W tej formie istnia\u0142 co najmniej do lat 60-tych XX wieku, kiedy zacz\u0105\u0142 stopniowo ulega\u0107 zanikowi. W niekt\u00f3rych miejscowo\u015bciach by\u0142a to przerwa kilkuletnia, bo ju\u017c w latach 90 XX w. nast\u0105pi\u0142 powr\u00f3t do tej tradycji. W innych przerwa trwa\u0142a nawet 30 lat.<\/p>\n<p><img loading=\"lazy\" decoding=\"async\" src=\"https:\/\/niematerialne.nid.pl\/wp-content\/uploads\/2023\/01\/Babski-comber-na-Slasku-Opolskim-2.jpg\" alt=\"Babski comber w Strzeleczkach\" width=\"500\" height=\"527\" \/><\/p>\n<p>Obecnie przebieg zabawy w ka\u017cdej miejscowo\u015bci ma nieco inny scenariusz, jednak jego wsp\u00f3lnymi cechami niemal zawsze s\u0105: organizacja combra przez mieszkanki danej miejscowo\u015bci, zakaz wst\u0119pu m\u0119\u017cczyzn, z kt\u00f3rego zwolnieni s\u0105 cz\u0142onkowie orkiestry oraz pewna kameralno\u015b\u0107 imprezy (najcz\u0119\u015bciej na jednej zabawie bawi si\u0119 kilkadziesi\u0105t kobiet z najbli\u017cszej okolicy). Organizatorki podkre\u015blaj\u0105, \u017ce efektem kultywowania tej tradycji jest tworzenie wi\u0119zi mi\u0119dzypokoleniowych i poczucie wsp\u00f3lnoty.[\/et_pb_toggle][et_pb_toggle title=&#8221;41.\tProcesja Bo\u017cego Cia\u0142a z tradycj\u0105 uk\u0142adania kwietnych dywan\u00f3w w Kluczu, Olszowej, Zalesiu \u015al\u0105skim i Zimnej W\u00f3dce  |  Corpus Chritsti procession with tradion of flower carpets in Klucz, Olszowa, Zalesie \u015al\u0105skie and Zimna W\u00f3dka&#8221; open_toggle_text_color=&#8221;#e52330&#8243; _builder_version=&#8221;4.27.4&#8243; _module_preset=&#8221;default&#8221; title_font=&#8221;|600|||||||&#8221; closed_title_font=&#8221;|600|||||||&#8221; closed_title_font_size=&#8221;14px&#8221; min_height=&#8221;26px&#8221; custom_margin=&#8221;1px||4px||false|false&#8221; global_colors_info=&#8221;{}&#8221;]<\/p>\n<p style=\"text-align: right;\">Data wpisu na list\u0119: <strong>10.03.2020<\/strong><\/p>\n<p>Zwyczaj uk\u0142adania kwietnych dywan\u00f3w na procesj\u0119 Bo\u017cego Cia\u0142a w miejscowo\u015bciach: Klucz, Olszowa, Zalesie \u015al\u0105skie i Zimna W\u00f3dka przekazywany jest z pokolenia na pokolenie. Pocz\u0105tki tej tradycji w parafii Zalesie \u015al\u0105skie jest trudny do ustalenia. Przyjmuje si\u0119, \u017ce tradycja ta twa nieprzerwanie przynajmniej od 120 lat. We wszystkich czterech miejscowo\u015bciach zwyczaj ten kultywowany od kilku pokole\u0144 nieprzerwanie do czas\u00f3w obecnych.<\/p>\n<p>Tradycj\u0119 t\u0119 praktykuje spo\u0142eczno\u015b\u0107 w r\u00f3\u017cnym przedziale wiekowym, cz\u0119sto uczestnicz\u0105 w niej ca\u0142e rodziny. W opinii mieszka\u0144c\u00f3w zaniechanie jej by\u0142oby wielk\u0105 strat\u0105 dla wsp\u00f3lnot nie tylko pod wzgl\u0119dem kulturalnym, to\u017csamo\u015bciowym, ale r\u00f3wnie\u017c pod wzgl\u0119dem integracji mieszka\u0144c\u00f3w.<\/p>\n<p>Podstaw\u0105 do budowy kwietnych dywan\u00f3w s\u0105 w zale\u017cno\u015bci od miejscowo\u015bci: poci\u0119ta trawa, piasek i li\u015bcie paproci. Ze wzgl\u0119du na to, \u017ce Bo\u017ce Cia\u0142o jest \u015bwi\u0119tem ruchomym, parafianie wykorzystuj\u0105 te kwiaty, kt\u00f3rych jest w danym okresie najwi\u0119cej. W niekt\u00f3rych okresach dominuj\u0105 r\u00f3\u017ce, w innych piwonie, maki lub chabry. Czasem s\u0105 to kwiaty ogrodowe, a czasem kwiaty i zio\u0142a polne. Stosuje si\u0119 np. kalin\u0119, dziki bez, stokrotki, bratki, tulipany, agat czy kwiaty kasztanowca. Dopiero po zebraniu kwiat\u00f3w i ustaleniu dominuj\u0105cych kolor\u00f3w, mieszka\u0144cy opracowuj\u0105 wzory. S\u0105 to cz\u0119sto symbole religijne, np. baranek, oko Opatrzno\u015bci Bo\u017cej, kotwica, go\u0142\u0119bica, serce, kielich, napisy IHS czy litera M &#8211; symbol maryjny.<\/p>\n<p><img loading=\"lazy\" decoding=\"async\" src=\"https:\/\/niematerialne.nid.pl\/wp-content\/uploads\/2023\/01\/Procesja-Bozego-Ciala-z-tradycja-ukladania-kwietnych-dywanow-w-KluczuOlszowejZalesiu-Slaskim-i-Zimnej-Wodce-fot.J.Banik-3.jfif\" alt=\"uk\u0142adanie kwiat\u00f3w\" width=\"500\" height=\"528\" \/>\u00a0 \u00a0<img loading=\"lazy\" decoding=\"async\" src=\"https:\/\/niematerialne.nid.pl\/wp-content\/uploads\/2023\/01\/Procesja-Bozego-Ciala-z-tradycja-ukladania-kwietnych-dywanow-w-KluczuOlszowejZalesiu-Slaskim-i-Zimnej-Wodce-fot.J.Banik-2.jfif\" alt=\"Uk\u0142adania kwiat\u00f3w\" width=\"500\" height=\"528\" style=\"font-size: 14px; background-color: #ffffff;\" \/>\u00a0 \u00a0<img loading=\"lazy\" decoding=\"async\" src=\"https:\/\/niematerialne.nid.pl\/wp-content\/uploads\/2023\/01\/Procesja-Bozego-Ciala-z-tradycja-ukladania-kwietnych-dywanow-w-KluczuOlszowejZalesiu-Slaskim-i-Zimnej-Wodce-fot.J.Banik_.jfif\" alt=\"Uk\u0142adania kwiat\u00f3w\" width=\"500\" height=\"528\" style=\"font-size: 14px; background-color: #ffffff;\" \/><\/p>\n<p><em>fot. J. Banik<\/em><\/p>\n<p>[\/et_pb_toggle][et_pb_toggle title=&#8221;42.\tPisanie pisanek technik\u0105 batikow\u0105 na \u015al\u0105sku Opolskim  |  Decorating Easter eggs using the batik technique in Opole Silesia&#8221; open_toggle_text_color=&#8221;#e52330&#8243; _builder_version=&#8221;4.16&#8243; _module_preset=&#8221;default&#8221; title_font=&#8221;|600|||||||&#8221; closed_title_font=&#8221;|600|||||||&#8221; closed_title_font_size=&#8221;14px&#8221; min_height=&#8221;26px&#8221; custom_margin=&#8221;1px||4px||false|false&#8221; global_colors_info=&#8221;{}&#8221;]<\/p>\n<p style=\"text-align: right;\">Data wpisu na list\u0119: <strong>3.08.2020<\/strong><\/p>\n<p>Zdobienie jaj wielkanocnych metod\u0105 batikow\u0105, czyli tzw. pisanie pisanek, polega na nak\u0142adaniu warstwy lub kilku warstw wosku i moczeniu jajka w barwniku, kt\u00f3ry pokrywa miejsca nie polane woskiem. Technika ta, stosowana na terenie Opolszczyzny jeszcze pod koniec XIX wieku, zacz\u0119\u0142a stopniowo ulega\u0107 zapomnieniu. Sytuacja uleg\u0142a zmianie wraz z pojawieniem si\u0119 os\u00f3b przesiedlonych po II wojnie \u015bwiatowej z teren\u00f3w dzisiejszej Ukrainy, kt\u00f3re w\u015br\u00f3d swoich zwyczaj\u00f3w \u015bwi\u0105tecznych przywioz\u0142y r\u00f3wnie\u017c tradycj\u0119 zdobienia jaj metod\u0105 batikow\u0105 i przekaza\u0142y j\u0105 kolejnym pokoleniom zamieszkuj\u0105cym miejscowo\u015bci takie, jak Tu\u0142owice, Skarbiszowice, Niemodlin, Sady, Grodziec, Korfant\u00f3w, Przydro\u017ce i Puszyn.<\/p>\n<p>[\/et_pb_toggle][et_pb_toggle title=&#8221;43.\tZwyczaj dunajowania w \u0141ukowej i okolicach  |  Custom \u201cdunajowanie\u201d in \u0141ukowa and its vicinity &#8221; open_toggle_text_color=&#8221;#e52330&#8243; _builder_version=&#8221;4.16&#8243; _module_preset=&#8221;default&#8221; title_font=&#8221;|600|||||||&#8221; closed_title_font=&#8221;|600|||||||&#8221; closed_title_font_size=&#8221;14px&#8221; min_height=&#8221;26px&#8221; custom_margin=&#8221;1px||4px||false|false&#8221; global_colors_info=&#8221;{}&#8221;]<\/p>\n<p style=\"text-align: right;\">Data wpisu na list\u0119: <strong>5.11.2020<\/strong><\/p>\n<p>Chodzenie po dunaju to kol\u0119dowanie obywaj\u0105ce si\u0119 w drugi dzie\u0144 \u015awi\u0105t Bo\u017cego Narodzenia, w wiecz\u00f3r \u015awi\u0119tego Szczepana we wsiach dawnej parafii \u0141ukowa, czyli \u0141ukowej, Rak\u00f3wce i Zamchu. Ch\u0142opcy oraz m\u0142odzi, nie\u017conaci m\u0119\u017cczy\u017ani obchodz\u0105 domy \u015bpiewaj\u0105c tzw. kol\u0119dy \u017cycz\u0105ce skierowane do dziewcz\u0105t, kt\u00f3re jeszcze nie wysz\u0142y za m\u0105\u017c. Tre\u015b\u0107 pie\u015bni nawi\u0105zuje do zam\u0105\u017cp\u00f3j\u015bcia i ma na celu symboliczn\u0105 pomoc w przyspieszeniu plan\u00f3w matrymonialnych w kolejnym roku. Istniej\u0105 trzy podstawowe rodzaje pie\u015bni zr\u00f3\u017cnicowane ze wzgl\u0119du na wiek adresatki. Kol\u0119dnicy w zamian za \u015bpiew otrzymuj\u0105 tzw. zap\u0142atejk\u0119, kt\u00f3r\u0105 wykorzystuj\u0105 cz\u0119\u015bciowo podczas pocz\u0119stunku we w\u0142asnym gronie po zako\u0144czeniu dunajowania, dziel\u0105 si\u0119 ni\u0105 r\u00f3wnie\u017c miedzy sob\u0105, a pozosta\u0142\u0105 jej cz\u0119\u015b\u0107 przeznaczaj\u0105 na cele charytatywne.<\/p>\n<p>[\/et_pb_toggle][et_pb_toggle title=&#8221;44.\tTradycyjne \u015bwi\u0119cenie pokarm\u00f3w w D\u0105browie Chotomowskiej  |  Traditional blessing of food in D\u0105browa Chotomowska&#8221; open_toggle_text_color=&#8221;#e52330&#8243; _builder_version=&#8221;4.16&#8243; _module_preset=&#8221;default&#8221; title_font=&#8221;|600|||||||&#8221; closed_title_font=&#8221;|600|||||||&#8221; closed_title_font_size=&#8221;14px&#8221; min_height=&#8221;26px&#8221; custom_margin=&#8221;1px||4px||false|false&#8221; global_colors_info=&#8221;{}&#8221;]<\/p>\n<p style=\"text-align: right;\">Data wpisu na list\u0119: <strong>5.11.2020<\/strong><\/p>\n<p>W D\u0105browie Chotomowskiej przetrwa\u0142 do dzisiaj zwyczaj wielkanocnego \u015bwi\u0119cenia pokarm\u00f3w w jednym z prywatnych dom\u00f3w, popularny kiedy\u015b w ca\u0142ej Polsce. Do domu jednej z mieszkanek tej miejscowo\u015bci przyje\u017cd\u017ca ksi\u0105dz i \u015bwi\u0119ci pokarmy przyniesione przez mieszka\u0144c\u00f3w. Wed\u0142ug \u015bwiadectw uczestnik\u00f3w, po II wojnie \u015bwiatowej, zwyczaj odbywa\u0142 si\u0119 co roku do 1981 u jednej gospodyni, potem zosta\u0142 przekazany pod opiek\u0119 innej mieszkance, gdzie trwa do dzisiejszego dnia. Tradycj\u0119 t\u0119 zachowuj\u0105 przede wszystkim mieszka\u0144cy najstarszej cz\u0119\u015bci wsi, w tym wiele m\u0142odych os\u00f3b. Nowi mieszka\u0144cy zazwyczaj nosz\u0105 pokarmy do ko\u015bcio\u0142a.<\/p>\n<p>[\/et_pb_toggle][et_pb_toggle title=&#8221;45.\tWysiewanie serc i krzy\u017cy na polach w okolicach Strzelec Opolskich  |  Sowing hearts and crosses on the fields in Strzelce Opolskie vicinity.&#8221; open_toggle_text_color=&#8221;#e52330&#8243; _builder_version=&#8221;4.16&#8243; _module_preset=&#8221;default&#8221; title_font=&#8221;|600|||||||&#8221; closed_title_font=&#8221;|600|||||||&#8221; closed_title_font_size=&#8221;14px&#8221; min_height=&#8221;26px&#8221; custom_margin=&#8221;1px||4px||false|false&#8221; global_colors_info=&#8221;{}&#8221;]<\/p>\n<p style=\"text-align: right;\">Data wpisu na list\u0119: <strong>5.11.2020<\/strong><\/p>\n<p>W czasie jesiennych lub wiosennych zasiew\u00f3w zb\u00f3\u017c rolnicy rysuj\u0105 patykiem na ziemi symbol krzy\u017ca lub serca zako\u0144czonego krzy\u017cem. W wy\u017c\u0142obione miejsce siej\u0105 zbo\u017ce \u2013 najcz\u0119\u015bciej j\u0119czmie\u0144, lub \u017cyto. Znaki te maj\u0105 zapewni\u0107 siej\u0105cym urodzaj i ochroni\u0107 przed kataklizmem. Tradycja symbolicznego zasiewu krzy\u017cy i serc na polu na terenie dw\u00f3ch gmin opolskich: Strzelce Opolskie i Ujazd przetrwa\u0142a w kilku miejscowo\u015bciach i ma za sob\u0105 wieloletni\u0105 a prawdopodobnie i wielowiekow\u0105 tradycj\u0119. W ka\u017cdej z rodzin pami\u0119\u0107 o tym zwyczaju si\u0119ga kilku pokole\u0144. W zasiewaniu serc i krzy\u017cy bior\u0105 udzia\u0142 wszyscy cz\u0142onkowie rodziny. Siewc\u0105 mo\u017ce by\u0107 ka\u017cdy, od najstarszego cz\u0142onka rodziny po m\u0142odych, zar\u00f3wno m\u0119\u017cczyzn jaki i kobiet, a tak\u017ce dzieci.<\/p>\n<p>[\/et_pb_toggle][et_pb_toggle title=&#8221;46.\tWypiek by\u015bk\u00f3w i nowych latek Kurpi\u00f3w Puszczy Zielonej  |  Baking traditional New Year\u2019s pastry \u201cby\u015bki\u201d and \u201cnowe latka\u201d in the Kurpie Green Forest&#8221; open_toggle_text_color=&#8221;#e52330&#8243; _builder_version=&#8221;4.16&#8243; _module_preset=&#8221;default&#8221; title_font=&#8221;|600|||||||&#8221; closed_title_font=&#8221;|600|||||||&#8221; closed_title_font_size=&#8221;14px&#8221; min_height=&#8221;26px&#8221; custom_margin=&#8221;1px||4px||false|false&#8221; global_colors_info=&#8221;{}&#8221;]<\/p>\n<p style=\"text-align: right;\">Data wpisu na list\u0119: <strong>5.11.2020<\/strong><\/p>\n<p>Kurpiowskie by\u015bki i nowe latka to pieczywo obrz\u0119dowe, zwi\u0105zane z okresem od Bo\u017cego Narodzenia do Trzech Kr\u00f3li, funkcjonuj\u0105ce dawniej jako magiczne przedmioty pomocne w zaklinaniu obfito\u015bci i urodzaju w \u015bwiecie ro\u015blin i zwierz\u0105t. Mimo \u017ce obecnie zanik\u0142 magiczny charakter tej tradycji, jest ona nada nadal przekazywana z pokolenia na pokolenie. Lepieniem i wypiekiem by\u015bk\u00f3w zajmuj\u0105 si\u0119 cz\u0119sto ca\u0142e rodziny, cho\u0107 najwa\u017cniejsz\u0105 rol\u0119 odgrywa jedna osoba, gospodarz lub gospodyni. Pieczywo zwane nowym latkiem to posta\u0107 pastuszka otoczonego figurkami zwierz\u0105t domowych, umieszczonymi na kr\u0119gu z ciasta. Do nowych form nowych latek mo\u017cna zaliczy\u0107 postaci je\u017ad\u017aca na koniu czy rolnika z narz\u0119dziami, s\u0105 one jednak rzadziej wypiekane. By\u015bki to z kolei pojedyncze postaci zwierz\u0105t, przede wszystkich le\u015bnych: jelenie, sarny, zaj\u0105ce, wiewi\u00f3rki, jak r\u00f3wnie\u017c hodowlanych: konie, krowy, wo\u0142y, barany, owce, kozy, oraz ptaki. Kiedy\u015b jeden bysiek odpowiada\u0142 jednemu domownikowi czy jednemu zwierz\u0119ciu w gospodarstwie. Obecnie jednak liczba zwierz\u0105t i domownik\u00f3w nie jest ju\u017c powi\u0105zana z liczb\u0105 wypiekanych figurek, cho\u0107 nadal rozdaje si\u0119 je cz\u0142onkom rodziny i go\u015bciom. Cz\u0119sto przestrzega si\u0119 zasady by by\u015bki sprzed roku spali\u0107 nim dostanie si\u0119 nowe. Wypieka si\u0119 je r\u00f3wnie\u017c jako podarunki z regionu. Zachowany zosta\u0142 tradycyjny proces lepienia i wypieku. Wyr\u00f3\u017cnia si\u0119 kilku tw\u00f3rc\u00f3w i rodzin, kt\u00f3re bardzo aktywnie podtrzymuj\u0105 t\u0119 tradycj\u0119 i kt\u00f3rych wypieki mo\u017cna odr\u00f3\u017cni\u0107, rozpozna\u0107 po wykonuj\u0105cych je mistrzach.<\/p>\n<p>[\/et_pb_toggle][et_pb_toggle title=&#8221;47.\tCarillonowa muzyka w Gda\u0144sku  |  Carillon music in Gda\u0144sk&#8221; open_toggle_text_color=&#8221;#e52330&#8243; _builder_version=&#8221;4.16&#8243; _module_preset=&#8221;default&#8221; title_font=&#8221;|600|||||||&#8221; closed_title_font=&#8221;|600|||||||&#8221; closed_title_font_size=&#8221;14px&#8221; min_height=&#8221;26px&#8221; custom_margin=&#8221;1px||4px||false|false&#8221; global_colors_info=&#8221;{}&#8221;]<\/p>\n<p style=\"text-align: right;\">Data wpisu na list\u0119: <strong>30.12.2020<\/strong><\/p>\n<p>Carillon to zesp\u00f3\u0142 co najmniej 23 du\u017cych dzwon\u00f3w wie\u017cowych, na kt\u00f3rych mo\u017cna gra\u0107 r\u0119cznie, przy pomocy klawiatury po\u0142\u0105czonej systemem drut\u00f3w i przek\u0142adni z sercami dzwon\u00f3w. Kiedy naciskamy klawisz, serce uderza w czasz\u0119 nieruchomego dzwonu. To, co wyr\u00f3\u017cnia ten instrument, to przede wszystkim bogate, g\u0142\u0119bokie i monumentalne brzmienie, a tak\u017ce spos\u00f3b gry. Wykorzystywane s\u0105 tu 2 klawiatury: manua\u0142owa i peda\u0142owa. Klawisze przypominaj\u0105 ko\u0142ki, na kt\u00f3rych gra si\u0119 pi\u0119\u015bciami lub palcami. Posiada on r\u00f3wnie\u017c mechanizm gry automatycznej. Jest to instrument uliczny. W przypadku carillon\u00f3w stacjonarnych gra si\u0119 kilkadziesi\u0105t metr\u00f3w nad ziemi\u0105. D\u017awi\u0119k jest wi\u0119c za ka\u017cdym razem inaczej odbierany przez s\u0142uchaczy, bo zale\u017cy to od nat\u0119\u017cenia miejskiego gwaru, a tak\u017ce warunk\u00f3w atmosferycznych. Standardowy instrument, taki jak ten znajduj\u0105cy si\u0119 w ko\u015bciele pw. \u015bw. Katarzyny w Gda\u0144sku, liczy 50 dzwon\u00f3w wa\u017c\u0105cych \u0142\u0105cznie prawie 16 ton. Opr\u00f3cz tego w Gda\u0144sku jest drugi instrument \u2013 w wie\u017cy Ratusza G\u0142\u00f3wnego Miasta &#8211; 37 dzwon\u00f3w oraz carillon mobilny, z\u0142o\u017cony z 48 dzwon\u00f3w. Gda\u0144sk jest jedynym miastem w Polsce, posiadaj\u0105cym carillony, na kt\u00f3rych mo\u017cna koncertowa\u0107.<\/p>\n<p>[\/et_pb_toggle][et_pb_toggle title=&#8221;48.\tChodzenie z koz\u0105 na Kujawach  |  Walking with a goat in Kujawy&#8221; open_toggle_text_color=&#8221;#e52330&#8243; _builder_version=&#8221;4.16&#8243; _module_preset=&#8221;default&#8221; title_font=&#8221;|600|||||||&#8221; closed_title_font=&#8221;|600|||||||&#8221; closed_title_font_size=&#8221;14px&#8221; min_height=&#8221;26px&#8221; custom_margin=&#8221;1px||4px||false|false&#8221; global_colors_info=&#8221;{}&#8221;]<\/p>\n<p style=\"text-align: right;\">Data wpisu na list\u0119: <strong>30.12.2020<\/strong><\/p>\n<p>Chodzenie z koz\u0105 to zwyczaj obchodzenia dom\u00f3w na terenie Kujaw przez grupy przebiera\u0144c\u00f3w pod koniec karnawa\u0142u (od Tlustego Czwartku do wtorku przed Popielcem). Jest to kontynuacja dawnych ludowych praktyk o charakterze magicznym, kt\u00f3rych celem by\u0142o zapewnienie urodzaju. W\u015br\u00f3d przebiera\u0144c\u00f3w dominuj\u0105 postaci zwierz\u0119ce: koza, bocian, ko\u0144, nied\u017awied\u017a, jak r\u00f3wnie\u017c ludzkie figury \u201cobcych\u201d: \u017bydzi, Cyganie, oraz r\u00f3\u017cnie nazywane postaci dwoiste: \u201cdziad na babie\u201d, \u201c\u017cywy na umar\u0142ym\u201d. W ramach obchod\u00f3w zapustnych funkcjonuje r\u00f3wnie\u017c zabawa taneczna, zwana podkozio\u0142kiem. Kiedy\u015b mia\u0142a ona wa\u017cn\u0105 rol\u0119 obrz\u0119dow\u0105 (przede wszystkim o charakterze matrymonialnym), obecnie jest pota\u0144c\u00f3wk\u0105 ko\u0144cz\u0105c\u0105 okres karnawa\u0142u. W przypadku niekt\u00f3rych grup zapustnych, nazwa \u201cpodkozio\u0142ek\u201d przylgn\u0119\u0142a r\u00f3wnie\u017c do zwyczaju obchodzenie dom\u00f3w lub stosowana jest zamiennie z nazw\u0105 \u201cchodzenie z koz\u0105\u201d.<\/p>\n<p>[\/et_pb_toggle][et_pb_toggle title=&#8221;49.\tHafciarstwo z nadwi\u015bla\u0144skiego Urzecza  |  Embroidery from Urzecze on the Vistula river&#8221; open_toggle_text_color=&#8221;#e52330&#8243; _builder_version=&#8221;4.16&#8243; _module_preset=&#8221;default&#8221; title_font=&#8221;|600|||||||&#8221; closed_title_font=&#8221;|600|||||||&#8221; closed_title_font_size=&#8221;14px&#8221; min_height=&#8221;26px&#8221; custom_margin=&#8221;1px||4px||false|false&#8221; global_colors_info=&#8221;{}&#8221;]<\/p>\n<p style=\"text-align: right;\">Data wpisu na list\u0119: <strong>30.12.2020<\/strong><\/p>\n<p><img loading=\"lazy\" decoding=\"async\" src=\"https:\/\/niematerialne.nid.pl\/wp-content\/uploads\/2023\/01\/Hafciarstwo-z-nadwislanskiego-Urzecza-fot.Robert-Dul.jpg\" alt=\"Haft z Urzecza\" width=\"500\" height=\"528\" \/><\/p>\n<p>Hafciarstwo z mikroregionu Urzecze jest umiej\u0119tno\u015bci\u0105 wykonywan\u0105 przez kobiety mieszkaj\u0105ce po obu stronach Wis\u0142y na po\u0142udnie od Warszawy lub mieszkaj\u0105ce obecnie w Warszawie, ale wywodz\u0105ce si\u0119 z Urzecza. Sztuka hafciarstwa przekazywana jest poprzez bezpo\u015bredni\u0105 nauk\u0119 techniki wykonania haftu \u015bciegiem \u0142a\u0144cuszkowym czarn\u0105 nici\u0105 bawe\u0142nian\u0105. Hafty wykonuje si\u0119 na podstawie zachowanych oryginalnych chust czepcowych i koszul kobiecych stanowi\u0105cych dawny str\u00f3j od\u015bwi\u0119tny. Stosuje si\u0119 wy\u0142\u0105cznie motywy ro\u015blinne. Sztuka hafciarska z regionu Urzecza po II wojnie \u015bwiatowej zacz\u0119\u0142a ulega\u0107 zanikowi, w zwi\u0105zku z coraz wi\u0119ksz\u0105 popularno\u015bci\u0105 stroju miejskiego. Obecnie kontynuuje j\u0105 niewielkie grono depozytariuszek, kt\u00f3re jednak zajmuj\u0105 si\u0119 coraz bardziej aktywnie dzia\u0142alno\u015bci\u0105 popularyzatorsk\u0105 poprzez prowadzenie warsztat\u00f3w dla powi\u0119kszaj\u0105cej grupy ch\u0119tnych. Z pewno\u015bci\u0105 spory wp\u0142yw na przetrwanie tej tradycji by\u0142o funkcjonowanie zespo\u0142\u00f3w regionalnych, zamawiaj\u0105cych haftowane koszule i chusty. Niemniej istnieje on r\u00f3wnie\u017c w obiegu prywatnym, szczeg\u00f3lnie w postaci obrus\u00f3w i serwet przeznaczonych na prezenty \u015blubne. Coraz wi\u0119cej os\u00f3b zamawia r\u00f3wnie\u017c haftowane koszule dla podkre\u015blenia swojego zwi\u0105zku z regionem.[\/et_pb_toggle][et_pb_text _builder_version=&#8221;4.16&#8243; _module_preset=&#8221;default&#8221; custom_margin=&#8221;25px||8px||false|false&#8221; custom_padding=&#8221;||0px|||&#8221; global_colors_info=&#8221;{}&#8221;]<\/p>\n<h5><span style=\"color: #e52330;\"><strong>2021<\/strong><\/span><\/h5>\n<p>[\/et_pb_text][et_pb_toggle title=&#8221;50.\t Bziuki \u2013 wielkanocny zwyczaj dmuchania ogni w Koprzywnicy  |  \u201cBziuki\u201d \u2013 Easter tradition of blowing flames in Koprzywnica&#8221; open_toggle_text_color=&#8221;#e52330&#8243; _builder_version=&#8221;4.16&#8243; _module_preset=&#8221;default&#8221; title_font=&#8221;|600|||||||&#8221; closed_title_font=&#8221;|600|||||||&#8221; closed_title_font_size=&#8221;14px&#8221; min_height=&#8221;26px&#8221; custom_margin=&#8221;1px||4px||false|false&#8221; global_colors_info=&#8221;{}&#8221;]<\/p>\n<p style=\"text-align: right;\">Data wpisu na list\u0119: <strong>25.03.2021<\/strong><\/p>\n<p><img loading=\"lazy\" decoding=\"async\" src=\"https:\/\/niematerialne.nid.pl\/wp-content\/uploads\/2023\/01\/Bziuki\u2013wielkanocny-zwyczaj-dmuchania-ogni-w-Koprzywnicy-scaled.jpg\" width=\"500\" height=\"557\" \/><\/p>\n<p>Tradycja bziukania to wielkanocny zwyczaj \u201edmuchania ogni\u201d podczas rezurekcji w Wielk\u0105 Sobot\u0119. W procesji okr\u0105\u017caj\u0105cej trzykrotnie ko\u015bci\u00f3\u0142 w Koprzywnicy bior\u0105 udzia\u0142 stra\u017cacy z miejscowej Ochotniczej Stra\u017cy Po\u017carnej. Kilku z nich (najcz\u0119\u015bciej czterech) id\u0105c przed ksi\u0119dzem nios\u0105cym Naj\u015bwi\u0119tszy Sakrament wypryskuje na niesione pochodnie pobran\u0105 do ust naft\u0119, tworz\u0105c w ten spos\u00f3b kule lub s\u0142upy ognia. Nie jest do ko\u0144ca znane pochodzenie tego zwyczaju, wiadomo jednak, \u017ce si\u0119ga on co najmniej 100 lat. Uto\u017csamiaj\u0105 si\u0119 z nim mieszka\u0144cy zar\u00f3wno samej miejscowo\u015bci Koprzywnica, jak i ca\u0142ej gminy.[\/et_pb_toggle][et_pb_toggle title=&#8221;51.\t Umiej\u0119tno\u015b\u0107 wytwarzania tradycyjnych czepc\u00f3w warmi\u0144skich  |  Handicraft of making the Warmia caps&#8221; open_toggle_text_color=&#8221;#e52330&#8243; _builder_version=&#8221;4.27.4&#8243; _module_preset=&#8221;default&#8221; title_font=&#8221;|600|||||||&#8221; closed_title_font=&#8221;|600|||||||&#8221; closed_title_font_size=&#8221;14px&#8221; min_height=&#8221;26px&#8221; custom_margin=&#8221;1px||4px||false|false&#8221; global_colors_info=&#8221;{}&#8221;]<\/p>\n<p style=\"text-align: right;\">Data wpisu na list\u0119: <strong>25.03.2021<\/strong><\/p>\n<p><img loading=\"lazy\" decoding=\"async\" src=\"https:\/\/niematerialne.nid.pl\/wp-content\/uploads\/2023\/01\/Umiejetnosc-wytwarzania-czepcow-warminskich-1.jpg\" width=\"500\" height=\"530\" \/><\/p>\n<p>Czepiec warmi\u0144ski, inaczej twarda mycka lub galonek, to nakrycie g\u0142owy zam\u0119\u017cnej Warmianki, stanowi\u0105ce cz\u0119\u015b\u0107 stroju warmi\u0144skiego. By\u0142 to najcenniejszy i najbardziej strojny element tradycyjnego stroju m\u0119\u017catki.<\/p>\n<p>Czepiec sk\u0142ada si\u0119 z trzech g\u0142\u00f3wnych cz\u0119\u015bci: denka, otoku i wst\u0105\u017cek. Najwi\u0119ksz\u0105 uwag\u0119 przyci\u0105ga w\u0142a\u015bnie denko czepca, a dok\u0142adnie umieszczony na nim haft. Dawniej by\u0142 on wykonany z\u0142otymi i srebrnymi ni\u0107mi, dzisiaj bardziej kolorowymi, jedwabnymi. Najcz\u0119stszymi motywami s\u0105 \u201edrzewko \u017cycia\u201d, owoc granatu lub stylizowane motywy ro\u015blinne \u2013 k\u0142osy, listki czy kwiaty. Wzory uzupe\u0142niane s\u0105 cekinami, koralikami b\u0105d\u017a kolorowymi blaszkami.<\/p>\n<p>Element jest piel\u0119gnowany poprzez licznie spotkania popularyzatorskie, warsztaty r\u0119kodzielnicze, a tak\u017ce poprzez u\u017cywanie go jako wyrazu przynale\u017cno\u015bci do regionu, np. podczas \u015bwi\u0105t. Obecne depozytariuszki znajduj\u0105 swoje nast\u0119pczynie po\u015br\u00f3d m\u0142odszych pokole\u0144 zainteresowanych zar\u00f3wno atrakcyjno\u015bci\u0105 omawianego elementu, jak i budz\u0105c\u0105 si\u0119 to\u017csamo\u015bci\u0105 lokaln\u0105 regionu.<\/p>\n<p>[\/et_pb_toggle][et_pb_toggle title=&#8221;52.\t Tradycyjne szkutnictwo Pucka  |  Traditional boatbuilding in Puck&#8221; open_toggle_text_color=&#8221;#e52330&#8243; _builder_version=&#8221;4.16&#8243; _module_preset=&#8221;default&#8221; title_font=&#8221;|600|||||||&#8221; closed_title_font=&#8221;|600|||||||&#8221; closed_title_font_size=&#8221;14px&#8221; min_height=&#8221;26px&#8221; custom_margin=&#8221;1px||4px||false|false&#8221; global_colors_info=&#8221;{}&#8221;]<\/p>\n<p style=\"text-align: right;\">Data wpisu na list\u0119: <strong>29.06.2021<\/strong><\/p>\n<p><img loading=\"lazy\" decoding=\"async\" src=\"https:\/\/niematerialne.nid.pl\/wp-content\/uploads\/2023\/01\/Tradycyjne-szkutnictwo-Pucka.jpg\" width=\"504\" height=\"340\" \/><\/p>\n<p>Rzemios\u0142o szkutnicze jest zwi\u0105zane z budow\u0105 ma\u0142ych statk\u00f3w wodnych, jak r\u00f3wnie\u017c remontem lub modernizacj\u0105 starszych jednostek. Prace te wymagaj\u0105 od rzemie\u015blnika wiedzy i umiej\u0119tno\u015bci, kt\u00f3re s\u0105 przekazywane uczniowi przez mistrza oraz wyp\u0142ywaj\u0105 z w\u0142asnej praktyki.<\/p>\n<p>Podstaw\u0105 przy budowie nowej jednostki jest plan \u2013 rysunek, kt\u00f3ry okre\u015bla wielko\u015b\u0107, kszta\u0142t i inne istotne parametry jednostki. Na tym etapie pierwszorz\u0119dne znaczenie ma wiedza konstruktorska szkutnika. P\u00f3\u017aniej, w fazie realizacji pomys\u0142u, kluczowe s\u0105 znajomo\u015b\u0107 i umiej\u0119tno\u015b\u0107 doboru materia\u0142\u00f3w.<\/p>\n<p>Tradycyjnie u\u017cywane przez szkutnik\u00f3w drewno ma r\u00f3\u017cne w\u0142a\u015bciwo\u015bci w zale\u017cno\u015bci od gatunku drzewa, z kt\u00f3rego pochodzi. Szkutnik wie, kt\u00f3rych gatunk\u00f3w mo\u017ce u\u017cy\u0107 do wykonania poszczeg\u00f3lnych element\u00f3w konstrukcyjnych i jak je obrobi\u0107, aby uzyska\u0107 odpowiedni kszta\u0142t danego elementu. Wa\u017cna jest tak\u017ce umiej\u0119tno\u015b\u0107 odpowiedniego zakonserwowania jednostki.<\/p>\n<p>O ostatecznym efekcie pracy szkutnika decyduj\u0105 jego do\u015bwiadczenie, znajomo\u015b\u0107 materia\u0142\u00f3w wykorzystanych do budowy kad\u0142uba i jego wyposa\u017cenia oraz indywidualne cechy mistrza \u2013 powsta\u0142a w tradycyjny spos\u00f3b jednostka zawsze jest dzie\u0142em autorskim szkutnika.<\/p>\n<p>[\/et_pb_toggle][et_pb_toggle title=&#8221;53. Brodacze ze S\u0142awatycz \u2013 zwyczaj po\u017cegnania starego roku  |  \u201cBrodacze\u201d from S\u0142awatycze \u2013 farewell tradition to the old year&#8221; open_toggle_text_color=&#8221;#e52330&#8243; _builder_version=&#8221;4.16&#8243; _module_preset=&#8221;default&#8221; title_font=&#8221;|600|||||||&#8221; closed_title_font=&#8221;|600|||||||&#8221; closed_title_font_size=&#8221;14px&#8221; min_height=&#8221;26px&#8221; custom_margin=&#8221;1px||4px||false|false&#8221; global_colors_info=&#8221;{}&#8221;]<\/p>\n<p style=\"text-align: right;\">Data wpisu na list\u0119: <strong>1.12.2021<\/strong><\/p>\n<p><img loading=\"lazy\" decoding=\"async\" src=\"https:\/\/niematerialne.nid.pl\/wp-content\/uploads\/2023\/01\/Brodacze-ze-Slawatycz%E2%80%93zwyczaj-pozegnania-starego-roku.jpg\" width=\"500\" height=\"548\" \/><\/p>\n<p>Brodacze ze S\u0142awatycz \u2013 zwyczaj po\u017cegnania starego roku to forma m\u0119skiego kol\u0119dowania noworocznego, praktykowana w miejscowo\u015bci S\u0142awatycze w wojew\u00f3dztwie lubelskim. W ostatnich trzech dniach roku, grupa kol\u0119dnik\u00f3w, zwanych brodaczami, wychodzi na ulice S\u0142awatycz, zaczepiaj\u0105c przechodni\u00f3w i zatrzymuj\u0105c kierowc\u00f3w, od kt\u00f3rych otrzymuj\u0105 datki za umo\u017cliwienie przejazdu. Odwiedzaj\u0105 r\u00f3wnie\u017c prywatne domy z \u017cyczeniami noworocznymi.<\/p>\n<p>Najwa\u017cniejsz\u0105 rol\u0119 w kultywowaniu tradycji odgrywaj\u0105 m\u0142odzi m\u0119\u017cczy\u017ani samodzielnie przygotowuj\u0105cy str\u00f3j, stosuj\u0105c si\u0119 do obowi\u0105zuj\u0105cego wzoru z zachowaniem odpowiednich materia\u0142\u00f3w i techniki wykonania. Niekt\u00f3rzy z m\u0119\u017cczyzn b\u0119d\u0105cych ju\u017c parokrotnie brodaczami, instruuje m\u0142odszych koleg\u00f3w podczas wsp\u00f3lnego przygotowywania stroj\u00f3w. Jest to grupa oko\u0142o 20 os\u00f3b zmieniaj\u0105cych si\u0119 stale, poniewa\u017c jedni, po kilkuletnim pe\u0142nieniu funkcji, ust\u0119puj\u0105 miejsca kolejnym, kt\u00f3rzy osi\u0105gn\u0119li wiek umo\u017cliwiaj\u0105cy bycie brodaczem. Przekaz zwyczaju odbywa si\u0119 z pokolenia na pokolenie &#8211; je\u015bli ojciec by\u0142 brodaczem, w\u00f3wczas synowie przejmuje t\u0119 tradycj\u0119.[\/et_pb_toggle][et_pb_toggle title=&#8221;54.\t Tradycje kulturowe Buk\u00f3wca G\u00f3rnego  |  Culture tradition of Bukowiec G\u00f3rny&#8221; open_toggle_text_color=&#8221;#e52330&#8243; _builder_version=&#8221;4.16&#8243; _module_preset=&#8221;default&#8221; title_font=&#8221;|600|||||||&#8221; closed_title_font=&#8221;|600|||||||&#8221; closed_title_font_size=&#8221;14px&#8221; min_height=&#8221;26px&#8221; custom_margin=&#8221;1px||4px||false|false&#8221; global_colors_info=&#8221;{}&#8221;]<\/p>\n<p style=\"text-align: right;\">Data wpisu na list\u0119: <strong>1.12.2021<\/strong><\/p>\n<p><img loading=\"lazy\" decoding=\"async\" src=\"https:\/\/niematerialne.nid.pl\/wp-content\/uploads\/2023\/01\/Tradycje-kulturowe-Bukowca-Gornego-scaled.jpg\" width=\"500\" height=\"455\" \/><\/p>\n<p><span style=\"font-size: 14px;\">Mieszka\u0144cy po\u0142o\u017conej w po\u0142udniowo-wschodniej cz\u0119\u015bci Wielkopolski wsi Buk\u00f3wiec G\u00f3rny stanowi\u0105 do\u015b\u0107 hermetyczn\u0105 spo\u0142eczno\u015b\u0107 o d\u0142ugotrwa\u0142ej tradycji piel\u0119gnowania odr\u0119bnych w stosunku do ludno\u015bci s\u0105siednich wsi zwyczaj\u00f3w i obrz\u0119d\u00f3w, gwary, metod gospodarowania, stroj\u00f3w, form rozrywki etc. Wynikaj\u0105ca st\u0105d ekskluzywno\u015b\u0107 podtrzymywana jest zar\u00f3wno wewn\u0105trz spo\u0142eczno\u015bci (np. obyczaj pewnego rodzaju kwarantanny spo\u0142ecznej wobec nowych mieszka\u0144c\u00f3w wsi czy te\u017c formu\u0142a pozdrowienia Manu), jak r\u00f3wnie\u017c przez mieszka\u0144c\u00f3w innych miejscowo\u015bci mikroregionu (okre\u015blenia Tatarzy lub Manugi stosowane powszechnie wobec Buk\u00f3wczan).<\/span><\/p>\n<p>W sk\u0142ad \u017cywych element\u00f3w NDK wchodz\u0105 tradycyjne lokalne ta\u0144ce, muzyka wykonywana na dudach wielkopolskich i skrzypcach podwi\u0105zanych, pie\u015bni i przy\u015bpiewki, zwyczaje (nowe lotko, lotanie z klekotami, gwiozdory i gwiozdki, \u015bwi\u0119cenia oziminy oraz wiank\u00f3w i zi\u00f3\u0142, do\u017cynki-wiyniec, p\u0119pek, miysopusty, purtelam), gwara buk\u00f3wiecka pozbawiona typowych dla regionu wp\u0142yw\u00f3w j\u0119z. niemieckiego, sztuka ludowa (w szczeg\u00f3lno\u015bci rze\u017aba), stroje, lokalne potrawy i spos\u00f3b ich wytwarzania, a tak\u017ce bardzo silna tradycja hodowli i u\u017cytkowania koni symbolicznie wi\u0105zana z domniemanym, legendarnym tatarskim pochodzeniem mieszka\u0144c\u00f3w.[\/et_pb_toggle][et_pb_toggle title=&#8221;55.\t Demoscena \u2013 kultura tw\u00f3rc\u00f3w dem  |  Demoscena \u2013 demo creator culture &#8221; open_toggle_text_color=&#8221;#e52330&#8243; _builder_version=&#8221;4.16&#8243; _module_preset=&#8221;default&#8221; title_font=&#8221;|600|||||||&#8221; closed_title_font=&#8221;|600|||||||&#8221; closed_title_font_size=&#8221;14px&#8221; min_height=&#8221;26px&#8221; custom_margin=&#8221;1px||4px||false|false&#8221; global_colors_info=&#8221;{}&#8221;]<\/p>\n<p style=\"text-align: right;\">Data wpisu na list\u0119: <strong>1.12.2021<\/strong><\/p>\n<p><img loading=\"lazy\" decoding=\"async\" src=\"https:\/\/niematerialne.nid.pl\/wp-content\/uploads\/2023\/01\/Demoscena-kultura-tworcow-dem.jpg\" width=\"504\" height=\"283\" \/><\/p>\n<p>Demoscena to artystyczna kultura tworzenia cyfrowych prac audiowizualnych, w szczeg\u00f3lno\u015bci prezentacji obliczanych w czasie rzeczywistym \u2014 tzw. Dem, czyli niekomercyjnych produkcji multimedialnych generowanych programowo, przedstawianych w formie wykonywalnego programu komputerowego. Demo ma prezentowa\u0107 zar\u00f3wno umiej\u0119tno\u015bci programistyczne, muzyczne i graficzne tw\u00f3rc\u00f3w i tw\u00f3rczy\u0144, jak i faktyczne mo\u017cliwo\u015bci urz\u0105dzenia obliczeniowego. Wa\u017cnym aspektem tworzenia dema jest przekraczanie lub tw\u00f3rcze wykorzystanie ogranicze\u0144 platformy sprz\u0119towej, dla kt\u00f3rej zosta\u0142o stworzone.<\/p>\n<p>Arty\u015bci i artystki demosceny tworz\u0105 swoje prace na najr\u00f3\u017cniejszych platformach sprz\u0119towych. Tworz\u0105 spo\u0142eczno\u015b\u0107 o specyficznym j\u0119zyku i zwyczajach. Spotykaj\u0105 si\u0119 podczas festiwali tw\u00f3rczo\u015bci cyfrowej (tzw. demoparty) oraz w podczas konkurs\u00f3w, w kt\u00f3rych arty\u015bci i artystki oraz zorganizowane grupy wystawiaj\u0105 swoje prace pod ocen\u0119 publiczno\u015bci.<\/p>\n<p>Korzenie demosceny wywodz\u0105 si\u0119 z mi\u0119dzynarodowej kultury crackerskiej istniej\u0105cej w latach 80. zesz\u0142ego wieku, kiedy samoucy z dost\u0119pem do pierwszych komputer\u00f3w domowych programowali swoiste wizyt\u00f3wki dodawane do z\u0142amanych zabezpiecze\u0144 gier komputerowych. Tzw. crackerskie intra musia\u0142y spe\u0142nia\u0107 \u015bcis\u0142e ograniczenia techniczne i wymaga\u0142y niema\u0142ych umiej\u0119tno\u015bci programistycznych. Z czasem intra stawa\u0142y si\u0119 bardziej ambitne i wymagaj\u0105ce zar\u00f3wno technicznie, jak i estetycznie. Podobne prace zacz\u0119\u0142y powstawa\u0107 niezale\u017cnie od kultury crackerskiej \u2014 i tak, oko\u0142o roku 1985, narodzi\u0142a si\u0119 demoscena. Najwi\u0119kszy rozkwit demosceny w Polsce to pocz\u0105tek lat 90 XX wieku. Konsekwencje tego rozkwitu dzisiaj widzimy w obszarze aktualnej si\u0142y biznesowej polskich firm gamingowych, kt\u00f3re w wi\u0119kszo\u015bci mia\u0142y swoje korzenie w\u0142a\u015bnie na demoscenie.<\/p>\n<p>[\/et_pb_toggle][et_pb_text _builder_version=&#8221;4.16&#8243; _module_preset=&#8221;default&#8221; custom_margin=&#8221;25px||8px||false|false&#8221; custom_padding=&#8221;||0px|||&#8221; global_colors_info=&#8221;{}&#8221;]<\/p>\n<h5><span style=\"color: #e52330;\"><strong>2022<\/strong><\/span><\/h5>\n<p>[\/et_pb_text][et_pb_toggle title=&#8221;56.\t Bursztyniarstwo kurpiowskie z Puszczy Zielonej  |  Kurpie ambery in Puszcza Zielona region&#8221; open_toggle_text_color=&#8221;#e52330&#8243; _builder_version=&#8221;4.16&#8243; _module_preset=&#8221;default&#8221; title_font=&#8221;|600|||||||&#8221; closed_title_font=&#8221;|600|||||||&#8221; closed_title_font_size=&#8221;14px&#8221; min_height=&#8221;26px&#8221; custom_margin=&#8221;1px||4px||false|false&#8221; global_colors_info=&#8221;{}&#8221;]<\/p>\n<p style=\"text-align: right;\">Data wpisu na list\u0119: <strong>1.02.2022<\/strong><\/p>\n<p><img loading=\"lazy\" decoding=\"async\" src=\"https:\/\/niematerialne.nid.pl\/wp-content\/uploads\/2023\/01\/Bursztyniarstwo-kurpiowskie-z-Puszczy-Zielonej.jpg\" width=\"500\" height=\"469\" \/><\/p>\n<p>Bursztyniarstwo kurpiowskie to wiedza i umiej\u0119tno\u015bci dotycz\u0105ce tradycyjnego rzemios\u0142a zwi\u0105zanego z bursztynem kopalnym na terenie Kurpiowszczyzny Puszczy Zielonej, a konkretnie trzech miejscowo\u015bci: Wachu, Kadzid\u0142a i Ostro\u0142\u0119ki, w kt\u00f3rych mieszkaj\u0105 przedstawiciele dw\u00f3ch rodzin zajmuj\u0105cych si\u0119 obecnie tym fachem. Jest to w tej chwili 6 os\u00f3b, z czego 2 to uczniowie &#8211; niepe\u0142noletni synowie jednego z bursztyniarzy.<\/p>\n<p>Umiej\u0119tno\u015b\u0107 obr\u00f3bki i pozyskania bursztynu jest przekazywana w regionie drog\u0105 nauki bezpo\u015bredniej u mistrza i poprzez przekaz ustny. Odbywa si\u0119 przy pomocy tradycyjnych narz\u0119dzi do poszukiwania i obr\u00f3bki bry\u0142ek bursztynu.<\/p>\n<p><img loading=\"lazy\" decoding=\"async\" src=\"https:\/\/niematerialne.nid.pl\/wp-content\/uploads\/2023\/01\/Bursztyniarstwo-kurpiowskie-z-Puszczy-Zielonej-2.jpg\" width=\"500\" height=\"470\" \/><\/p>\n<p>Mimo, \u017ce os\u00f3b zajmuj\u0105cych si\u0119 obecnie tym rzemios\u0142em jest niewiele, staraj\u0105 si\u0119 one robi\u0107 wszystko, aby wiedza o bursztyniarstwie nie zanik\u0142a. Przekazuj\u0105 tradycj\u0119 zar\u00f3wno w gronie rodzinnym, jak te\u017c poprzez organizacj\u0119 wydarze\u0144 edukacyjnych w regionie. Prowadz\u0105 pokazy i \u017cywe lekcje dla uczni\u00f3w szk\u00f3\u0142 i senior\u00f3w, korzystaj\u0105 z mo\u017cliwo\u015bci promowania bursztyniarstwa podczas imprez regionalnych. Organizuj\u0105 r\u00f3wnie\u017c swoje w\u0142asne dzia\u0142ania edukacyjne w Muzeum Kurpiowskim w Wachu i Izbie Pami\u0119ci Czes\u0142awy Konopk\u00f3wny w Kadzidle \u2013 miejscach b\u0119d\u0105cych w\u0142asno\u015bci\u0105 zaanga\u017cowanych w to rzemios\u0142o rodzin.[\/et_pb_toggle][et_pb_toggle title=&#8221;57. Snutka goli\u0144ska \u2013 hafciarstwo po\u0142udniowej Wielkopolski  |  Golina \u201csnutka\u201d \u2013 south Wielkopolska embroidery&#8221; open_toggle_text_color=&#8221;#e52330&#8243; _builder_version=&#8221;4.16&#8243; _module_preset=&#8221;default&#8221; title_font=&#8221;|600|||||||&#8221; closed_title_font=&#8221;|600|||||||&#8221; closed_title_font_size=&#8221;14px&#8221; min_height=&#8221;26px&#8221; custom_margin=&#8221;1px||4px||false|false&#8221; global_colors_info=&#8221;{}&#8221;]<\/p>\n<p style=\"text-align: right;\">Data wpisu na list\u0119: <strong>1.02.2022<\/strong><\/p>\n<p><img loading=\"lazy\" decoding=\"async\" src=\"https:\/\/niematerialne.nid.pl\/wp-content\/uploads\/2023\/01\/Snutka-golinska%E2%80%93hafciarstwo-poludniowej-Wielkopolski-2-scaled.jpg\" width=\"500\" height=\"443\" \/><\/p>\n<p>Tradycja Snutek znana by\u0142a w Golinie prawdopodobnie ju\u017c w XV wieku. Badania etnograficzne wykaza\u0142y, \u017ce haft goli\u0144ski powsta\u0142 niezale\u017cnie \u2013 jest to oryginalny zamys\u0142, jego wykonanie cechuje wy\u0142\u0105cznie ten region Polski, za sprawa czego Snutki wyr\u00f3\u017cniaj\u0105 si\u0119 w skali ca\u0142ego kraju.<\/p>\n<p>Haft snutkowy jest odmian\u0105 haftu dziurkowanego. Wykonanie go sk\u0142ada si\u0119 z kilku etap\u00f3w. Pierwszym krokiem jest zaprojektowanie wzoru na papierze lub je\u015bli mamy gotowy wz\u00f3r, to go wykorzystujemy i nast\u0119pnie przenosimy za pomoc\u0105 kalki na bia\u0142e p\u0142\u00f3tno. Potem ca\u0142y wz\u00f3r musi by\u0107 naznaczony fastryg\u0105 dla wzmocnienia haftu. Nast\u0119pnie pomi\u0119dzy motywami nasnuwa si\u0119 na p\u0142\u00f3tnie nitki. Tak w\u0142a\u015bnie powstaj\u0105 \u201eSnutki\u201d. Im s\u0105 kr\u00f3tsze, tym lepiej.<\/p>\n<p><img loading=\"lazy\" decoding=\"async\" src=\"https:\/\/niematerialne.nid.pl\/wp-content\/uploads\/2023\/01\/Snutka-golinska%E2%80%93hafciarstwo-poludniowej-Wielkopolski.jpg\" width=\"500\" height=\"467\" \/><\/p>\n<p>Do haftu wykorzystuje si\u0119 \u015bcieg dziergany b\u0105d\u017a okr\u0119tkowy, rzadko \u0142a\u0144cuszkowy. Po zako\u0144czeniu haftowania trzeba wyr\u00f3b wypra\u0107 poprzez namoczenie, lekko nakrochmali\u0107, przeprasowa\u0107 na lewej stronie i powycina\u0107 p\u0142\u00f3tno znajduj\u0105ce si\u0119 pod nasnutymi nitkami. Po zewn\u0119trznej stronie nadmiar p\u0142\u00f3tna zostawiamy. W ten spos\u00f3b uzyskany zostanie tzw. efekt a\u017curowy. Wykonanie Snutki jest czynno\u015bci\u0105 \u017cmudn\u0105 i d\u0142ugotrwa\u0142\u0105. Wymaga od hafciarki du\u017cej dozy cierpliwo\u015bci i precyzji. Tak przygotowan\u0105 Snutk\u0119 trzeba ponownie wypra\u0107, mocno nakrochmali\u0107, naci\u0105gn\u0105\u0107, wyprasowa\u0107 i dopiero wtedy nale\u017cy obci\u0105\u0107 nadmiar p\u0142\u00f3tna, kt\u00f3ry pozosta\u0142 na brzegach.[\/et_pb_toggle][et_pb_toggle title=&#8221;58. Hafciarstwo kurpiowskie z Puszczy Bia\u0142ej  |  Kurpie embroidery in Puszcza Bia\u0142a region&#8221; open_toggle_text_color=&#8221;#e52330&#8243; _builder_version=&#8221;4.16&#8243; _module_preset=&#8221;default&#8221; title_font=&#8221;|600|||||||&#8221; closed_title_font=&#8221;|600|||||||&#8221; closed_title_font_size=&#8221;14px&#8221; min_height=&#8221;26px&#8221; custom_margin=&#8221;1px||4px||false|false&#8221; global_colors_info=&#8221;{}&#8221;]<\/p>\n<p style=\"text-align: right;\">Data wpisu na list\u0119: <strong>17.05.2022<\/strong><\/p>\n<p>&nbsp;<\/p>\n<p><img loading=\"lazy\" decoding=\"async\" src=\"https:\/\/niematerialne.nid.pl\/wp-content\/uploads\/2023\/01\/Hafciarstwo-kurpiowskie-z-Puszczy-Bialej-fot.G.Krolikowski.jpg\" width=\"500\" height=\"443\" \/>\u00a0 \u00a0 <img loading=\"lazy\" decoding=\"async\" src=\"https:\/\/niematerialne.nid.pl\/wp-content\/uploads\/2023\/01\/Hafciarstwo-kurpiowskie-z-Puszczy-Bialej-fot.G.Krolikowski-4.jpg\" width=\"500\" height=\"443\" \/><br \/><em>fot. G. Kr\u00f3likowski<\/em><\/p>\n<p>Haft Puszczy Bia\u0142ej nierozerwalnie zwi\u0105zany jest ze strojem i wyst\u0119puje w dw\u00f3ch odmianach: haft na p\u0142\u00f3tnie \u2013 czerwony, czerwony podkre\u015blony czarn\u0105 nici\u0105 i bia\u0142y na koszulach lnianych typu przyramkowego oraz haft bia\u0142y na tiulu na czepcach noszonych teraz tylko okazjonalnie a kiedy\u015b tylko przez m\u0119\u017catki. Do haftowania koszul kobiety wykorzystuj\u0105 nici bawe\u0142niane zwane gurem, kt\u00f3re na terenie Puszczy Bia\u0142ej pojawi\u0142y si\u0119 w po\u0142owie XIX wieku.<\/p>\n<p>Skomplikowane elementy i rozbudowane motywy ornamentacyjne uzyskuje si\u0119 przez stosowanie \u015bcieg\u00f3w: stebn\u00f3wkowego, at\u0142askowego, dzierganego, pojedynczego i \u0142a\u0144cuszkowego. Haft prze\u017cywa\u0142 sw\u00f3j rozkwit w okresie dwudziestolecia mi\u0119dzywojennego, wtedy te\u017c rozpocz\u0119to przenoszenie jego element\u00f3w z koszul na obrusy, bie\u017cniki, r\u0119czniki oraz odzie\u017c, przyczyniaj\u0105c si\u0119 do jego zachowania i popularyzacji.<\/p>\n<p><img loading=\"lazy\" decoding=\"async\" src=\"https:\/\/niematerialne.nid.pl\/wp-content\/uploads\/2023\/01\/Hafciarstwo-kurpiowskie-z-Puszczy-Bialej-fot.M.Pietrusza-2.jpg\" width=\"500\" height=\"443\" \/><br \/><em>fot. M. Pietrusza<\/em><\/p>\n<p><img loading=\"lazy\" decoding=\"async\" src=\"https:\/\/niematerialne.nid.pl\/wp-content\/uploads\/2023\/01\/Hafciarstwo-kurpiowskie-z-Puszczy-Bialej-fot.A.Slojkowska-Affelska-3.jpg\" width=\"500\" height=\"443\" \/>\u00a0 \u00a0<img loading=\"lazy\" decoding=\"async\" src=\"https:\/\/niematerialne.nid.pl\/wp-content\/uploads\/2023\/01\/Hafciarstwo-kurpiowskie-z-Puszczy-Bialej-fot.A.Slojkowska-Affelska-5.jpg\" width=\"500\" height=\"443\" \/><br \/><em>fot. A. S\u0142ojkowska-Affelska<\/em><\/p>\n<p>[\/et_pb_toggle][et_pb_toggle title=&#8221;59. Krzy\u017cyki z palmy wielkanocnej \u2013 tradycja z teren\u00f3w Opolszczyzny  |  Easter palm crosses &#8211; a custom from the Opole region&#8221; open_toggle_text_color=&#8221;#e52330&#8243; _builder_version=&#8221;4.27.4&#8243; _module_preset=&#8221;default&#8221; title_font=&#8221;|600|||||||&#8221; closed_title_font=&#8221;|600|||||||&#8221; closed_title_font_size=&#8221;14px&#8221; min_height=&#8221;26px&#8221; custom_margin=&#8221;1px||4px||false|false&#8221; global_colors_info=&#8221;{}&#8221;]<\/p>\n<p style=\"text-align: right;\">Data wpisu na list\u0119: <strong>17.05.2022<\/strong><\/p>\n<p><img loading=\"lazy\" decoding=\"async\" src=\"https:\/\/niematerialne.nid.pl\/wp-content\/uploads\/2023\/01\/Krzyzyki-z-palmy-wielkanocnej-fot.-Rajmund-Muskala.jpg\" width=\"280\" height=\"374\" \/>\u00a0 \u00a0 <img loading=\"lazy\" decoding=\"async\" src=\"https:\/\/niematerialne.nid.pl\/wp-content\/uploads\/2023\/01\/Krzyzyki-z-palmy-wielkanocnej-fot.-Rajmund-Muskala-4.jpg\" width=\"500\" height=\"443\" \/><br \/><em>fot. Rajmund Muskala<\/em><\/p>\n<p>Tworzenie krzy\u017cyk\u00f3w z palmy wielkanocnej jest zwyczajem charakterystycznym dla spo\u0142eczno\u015bci rolniczych zamieszkuj\u0105cych okolice Strzelec Opolskich, Olesna i Opola. Pocz\u0105tki zwyczaju s\u0105 trudne do ustalenia, z pewno\u015bci\u0105 jednak funkcjonowa\u0142 on w pe\u0142ni ju\u017c w XIX w. Polega on na wykonaniu palm wielkanocnych z bazi wierzby, po\u015bwi\u0119cenie ich w ko\u015bciele podczas Niedzieli Palmowej, a po przyniesieniu do domu trzymanie ich w wodzie obok krzy\u017ca a\u017c do Wielkiego Czwartku, nast\u0119pnie tworzenie z nich krzy\u017cyk\u00f3w (cz\u0119sto z udzia\u0142em ca\u0142ej rodziny), zaniesienie ich na pole w Wielki Pi\u0105tek z samego rana i umieszczenie ich w ziemi. W niekt\u00f3rych rodzinach krzy\u017cyki rozmieszcza si\u0119 w przydomowym obej\u015bciu, np. nad drzwiami wej\u015bciowymi do domu i budynk\u00f3w gospodarczych czy pod dachem na poddaszu.<\/p>\n<p><img loading=\"lazy\" decoding=\"async\" src=\"https:\/\/niematerialne.nid.pl\/wp-content\/uploads\/2023\/01\/Krzyzyki-z-palmy-wielkanocnej-fot.-Blazej-Duk_2.jpg\" width=\"500\" height=\"443\" \/>\u00a0 \u00a0 <img loading=\"lazy\" decoding=\"async\" src=\"https:\/\/niematerialne.nid.pl\/wp-content\/uploads\/2023\/01\/Krzyzyki-z-palmy-wielkanocnej-fot.-Blazej-Duk_3.jpg\" width=\"500\" height=\"443\" \/><br \/><em>fot. B\u0142a\u017cej Duk<\/em><\/p>\n<p>[\/et_pb_toggle][et_pb_toggle title=&#8221;60. Wielkanocne procesje konne na G\u00f3rnym \u015al\u0105sku   |   Easter horse processions in Upper Silesia&#8221; open_toggle_text_color=&#8221;#e52330&#8243; _builder_version=&#8221;4.27.4&#8243; _module_preset=&#8221;default&#8221; title_font=&#8221;|600|||||||&#8221; closed_title_font=&#8221;|600|||||||&#8221; closed_title_font_size=&#8221;14px&#8221; min_height=&#8221;26px&#8221; custom_margin=&#8221;1px||4px||false|false&#8221; global_colors_info=&#8221;{}&#8221;]<\/p>\n<p style=\"text-align: right;\">Data wpisu na list\u0119: <strong>11.07.2022<\/strong><\/p>\n<p><img loading=\"lazy\" decoding=\"async\" src=\"https:\/\/niematerialne.nid.pl\/wp-content\/uploads\/2023\/02\/Wielkanocne-procesje-konne-na-Gornym-Slasku-Ostropa-fot.-archiwum-wnioskodawcy.jpg\" width=\"500\" height=\"272\" \/><\/p>\n<p>Wielkanocna tradycja konnego objazdu p\u00f3l to jeden z najstarszych zwyczaj\u00f3w zachowanych na \u015al\u0105sku i \u0141u\u017cycach. Ten doroczny zwyczaj o charakterze agrarnym, zwany r\u00f3wnie\u017c rajtowaniem, krzy\u017cokami, czy jazd\u0105 za Panem Bogym, organizowany jest do dzisiaj w powiatach: gliwickim, oleskim, strzeleckim i raciborskim. Jego g\u0142\u00f3wnym celem by\u0142a (i jest) pro\u015bba o urodzaj i dobre plony, ale na przestrzeni lat zyska\u0142 dodatkowo charakter widowiska dla os\u00f3b zgromadzonych na trasie procesji. Na terenie wojew\u00f3dztwa \u015bl\u0105skiego procesje organizowane s\u0105 w Poniedzia\u0142ek Wielkanocny, w wojew\u00f3dztwie opolskim w Niedziel\u0119 Wielkanocn\u0105. Na zasadniczy przebieg zwyczaju sk\u0142ada si\u0119 objazd p\u00f3l, wy\u015bcigi konne oraz wie\u0144cz\u0105ce ca\u0142e wydarzenie nabo\u017ce\u0144stwo w ko\u015bciele. Na czele ka\u017cdej procesji jedzie gospodarz z krzy\u017cem procesyjnym, a nast\u0119pnie je\u017ad\u017acy wioz\u0105cy krzy\u017c wielkanocny oraz figur\u0119 Chrystusa Zmartwychwsta\u0142ego. G\u0142\u00f3wn\u0105 zmian\u0105, kt\u00f3ra zasz\u0142a na przestrzeni lat jest poszerzenie w latach 70. i 80. XX w. sk\u0142adu je\u017ad\u017ac\u00f3w o kobiety. \u00a0<\/p>\n<p>[\/et_pb_toggle][et_pb_toggle title=&#8221;61. Barb\u00f3rka g\u00f3rnik\u00f3w w\u0119gla kamiennego w Wa\u0142brzychu  |  Saint Barbara&#8217;s celebration of the coal miners in Wa\u0142brzych&#8221; open_toggle_text_color=&#8221;#e52330&#8243; _builder_version=&#8221;4.27.4&#8243; _module_preset=&#8221;default&#8221; title_font=&#8221;|600|||||||&#8221; closed_title_font=&#8221;|600|||||||&#8221; closed_title_font_size=&#8221;14px&#8221; min_height=&#8221;26px&#8221; custom_margin=&#8221;1px||4px||false|false&#8221; global_colors_info=&#8221;{}&#8221;]<\/p>\n<p style=\"text-align: right;\">Data wpisu na list\u0119: <strong>11.07.2022<\/strong><\/p>\n<p><img loading=\"lazy\" decoding=\"async\" src=\"https:\/\/niematerialne.nid.pl\/wp-content\/uploads\/2023\/09\/Barborka-gornikow-wegla-kamiennego-w-Walbrzychu-fot.-D.-Gdesz_1.jpg\" width=\"500\" height=\"272\" \/><\/p>\n<p>Zwyczaj obchodzenia Barb\u00f3rki, przypadaj\u0105cej 4 grudnia, jest praktykowany w Wa\u0142brzychu od 2. po\u0142. XX w., co wynika ze zmiany ludno\u015bciowej i przynale\u017cno\u015bci pa\u0144stwowej tych ziem po zako\u0144czeniu II wojny \u015bwiatowej. Barb\u00f3rka wa\u0142brzyska sk\u0142ada\u0142a si\u0119 z kilku sta\u0142ych element\u00f3w, \u00a0zwi\u0105zanych z uroczysto\u015bciami \u015bwi\u0119ta pn. \u201eDzie\u0144 G\u00f3rnika\u201d. Niekt\u00f3re kultywowane elementy Barb\u00f3rki wa\u0142brzyskiej nawi\u0105zywa\u0142y do historii gwarkowskich spotka\u0144 i bezpo\u015brednio odnosi\u0142y si\u0119 do powszechnej tradycji gwareckiej \u2013 spotka\u0144 gwark\u00f3w przy piwie, czy pasowania m\u0142odych lis\u00f3w, adept\u00f3w g\u00f3rnictwa \u2013 tradycji znanej na terenie G\u00f3rnego \u015al\u0105ska i podtrzymywanej przez Akademi\u0119 G\u00f3rniczo-Hutnicz\u0105.<\/p>\n<p>Po likwidacji kopal\u0144 wa\u0142brzyskich w latach 90. XX w., wydarzenia zwi\u0105zane z obchodami Barb\u00f3rki w Wa\u0142brzychu w spos\u00f3b naturalny ewoluowa\u0142y, co wi\u0105za\u0142o si\u0119 ze zmianami na gruncie polityczno \u2013 gospodarczym, a szczeg\u00f3lnie spo\u0142ecznym.<\/p>\n<p>Dzisiejsza Barb\u00f3rka sk\u0142ada si\u0119 z tych element\u00f3w, kt\u00f3re kultywowane s\u0105 \u00a0wyrazem ci\u0105g\u0142o\u015bci w zachowaniu lokalnego dziedzictwa kulturowego i piel\u0119gnowaniu poczucia to\u017csamo\u015bci g\u00f3rniczej. Barb\u00f3rka obfituje \u00a0w wydarzenia \u00a0nowe,wprowadzane celem ochrony elementu, nawi\u0105zuj\u0105ce do wydarze\u0144 historycznych. Wzbogaca to i jednocze\u015bnie podkre\u015bla indywidualny charakter obchod\u00f3w wa\u0142brzyskich w odniesieniu do \u015bwi\u0119ta Barb\u00f3rki na G\u00f3rnym \u015al\u0105sku. Wybrane przez grup\u0119 depozytariuszy elementy Barb\u00f3rki s\u0105 wyrazem kontynuacji tradycji i poszanowania to\u017csamo\u015bci lokalnej. Dzi\u015b obchody Barb\u00f3rkowe \u0142\u0105cz\u0105 pokolenia i\u00a0pozwalaj\u0105 na uczczenie g\u00f3rnictwa w gronie m\u0142odych, nieg\u00f3rniczych pokole\u0144.<\/p>\n<p>Do kontynuowanych zjawisk nale\u017c\u0105: spotkania gwark\u00f3w, karczmy piwne i\u00a0biesiady, msze \u015bwi\u0119te oraz parada g\u00f3rnicza pod pomnikiem Pami\u0119ci G\u00f3rnictwa Wa\u0142brzyskiego.<\/p>\n<p><strong><img loading=\"lazy\" decoding=\"async\" src=\"https:\/\/niematerialne.nid.pl\/wp-content\/uploads\/2023\/09\/Barborka-gornikow-wegla-kamiennego-w-Walbrzychu-fot.-D.-Gdesz_2.jpg\" width=\"500\" height=\"272\" \/><\/strong>\u00a0 \u00a0<img loading=\"lazy\" decoding=\"async\" src=\"https:\/\/niematerialne.nid.pl\/wp-content\/uploads\/2023\/09\/Barborka-gornikow-wegla-kamiennego-w-Walbrzychu-fot.-D.Gdesz_3-scaled.jpg\" width=\"500\" height=\"272\" \/><\/p>\n<p>\u2013 \u2013 \u2013<\/p>\n<p style=\"text-align: right;\">Date of the inclusion in the inventory:<strong> July 11, 2022<\/strong><\/p>\n<p style=\"text-align: left;\">The custom of the Saint Barbara\u2019s celebration, which falls on 4 December, has been practised in Wa\u0142brzych since the second half of the 20th century, as a result of the change in population and nationalities of these territories after the end of World War II. Saint Barbara\u2019s celebration in Wa\u0142brzych consist of several fixed elements, connected with the celebration of the holiday called the \u201cMiner\u2019s Day\u201d. Some of the practised elements of the Saint Barbara&#8217;s celebrations refers to the historical miners\u2019 meetings and are directly related to the common tradition of meetings over a beer, or the ceremony of accepting young foxes, trainee of mining \u2013 a tradition known in Upper Silesia and upheld by the Academy of Mining and Metallurgy.<\/p>\n<p style=\"text-align: left;\">After the closing down of the coal mines in Wa\u0142brzych in the 1990s, the events associated with the Saint Barbara\u2019s celebration naturally evolved, which was influenced by changes in the political, economic and especially social background.<\/p>\n<p style=\"text-align: left;\">Todays the Saint Barbara&#8217;s celebrations consists of those elements that are continuously cherished in order to preserve the local cultural heritage and support the sense of miners\u2019 identity. Saint Barbara\u2019s celebration abounds with new events, introduced to protect the element, which refer to historical events. This enriches and at the same time emphasises the individual character of the celebrations in Wa\u0142brzych relation to the Saint Barbara\u2019s celebrations in Upper Silesia. The elements of the Saint Barbara\u2019s celebrations chosen by the bearers are an expression of both, the continuation of tradition and the respect for local identity. Today, the Saint Barbara\u2019s celebrations bring together the generations and allow miners\u2019 traditions to be celebrated among the younger, non-mining generations.<\/p>\n<p style=\"text-align: left;\">Continued phenomena include: meetings of miners, beer feasts, Holy Masses and the miners\u2019 parade at the Wa\u0142brzych Mining Memorial.<strong><\/strong><em><strong><\/strong><\/em><em><\/em><\/p>\n<p>[\/et_pb_toggle][et_pb_toggle title=&#8221;62. Skubanie pierza na \u015al\u0105sku Opolskim  |  Feather plucking in Opole Silesia&#8221; open_toggle_text_color=&#8221;#e52330&#8243; _builder_version=&#8221;4.16&#8243; _module_preset=&#8221;default&#8221; title_font=&#8221;|600|||||||&#8221; closed_title_font=&#8221;|600|||||||&#8221; closed_title_font_size=&#8221;14px&#8221; min_height=&#8221;26px&#8221; custom_margin=&#8221;1px||4px||false|false&#8221; global_colors_info=&#8221;{}&#8221;]<\/p>\n<p style=\"text-align: right;\">Data wpisu na list\u0119: <strong>11.07.2022<\/strong><\/p>\n<p>Zwyczaj skubania pierza na \u015al\u0105sku Opolskim nale\u017cy do grupy zwyczaj\u00f3w gospodarskich znanych w ca\u0142ej Polsce (tzw. prz\u0105dki, skubaczki), w tym r\u00f3wnie\u017c na \u015al\u0105sku. Depozytariuszki z Opolszczyzny uzna\u0142y go za sw\u00f3j element dziedzictwa niematerialnego i zg\u0142osi\u0142y ch\u0119\u0107 wpisania go na Krajow\u0105 list\u0119 niematerialnego dziedzictwa kulturowego. Zwyczaj przekazywany jest z pokolenia na pokolenie w rodzinnych domach, ale tak\u017ce \u2013 zw\u0142aszcza ostatnio \u2013 w spos\u00f3b \u015bwiadomy i zorganizowany. Zwyczaj skubania pierza kultywowany jest dwutorowo: panie skubi\u0105 pierze w prywatnych domach w mniejszych grupach (w zale\u017cno\u015bci kto ma ile miejsca przy stole) i ma to charakter intymny, prywatny. Dodatkowo organizowane jest wsp\u00f3lne skubanie w \u015bwietlicy wiejskiej (G\u00f3rki, \u017b\u0119dowice), domu kultury (Chrz\u0105stowice), czy w szkole podstawowej lub Domu Stra\u017caka (Kad\u0142ub), na kt\u00f3re zapraszane jest m\u0142ode pokolenie miejscowych dziewcz\u0105t. Warto podkre\u015bli\u0107, \u017ce skubanie pierza jest przy tym bezinteresown\u0105 form\u0105 pomocy s\u0105siedzkiej i ma niezwykle integracyjny charakter.<\/p>\n<p>&nbsp;<\/p>\n<p>[\/et_pb_toggle][et_pb_toggle title=&#8221;63. Bacowanie  |  Herding&#8221; open_toggle_text_color=&#8221;#e52330&#8243; _builder_version=&#8221;4.16&#8243; _module_preset=&#8221;default&#8221; title_font=&#8221;|600|||||||&#8221; closed_title_font=&#8221;|600|||||||&#8221; closed_title_font_size=&#8221;14px&#8221; min_height=&#8221;26px&#8221; custom_margin=&#8221;1px||4px||false|false&#8221; global_colors_info=&#8221;{}&#8221;]<\/p>\n<p style=\"text-align: right;\">Data wpisu na list\u0119: <strong>26.10.2022<\/strong><\/p>\n<p>Bacowanie, czyli praktyka kulturowego wypasu owiec w polskich Karpatach obejmuje ca\u0142y \u0142uk od Beskidu \u015al\u0105skiego po Bieszczady. Bacowanie jest oparte na czterech zasadniczych i kluczowych dla wsp\u00f3lnoty elementach tj. wypasie wsp\u00f3lnotowy; ,,na cudzym\u2019\u2019; w oparciu o stare tradycje i zwyczaje z u\u017cytkowaniem mlecznym owiec. Ta tradycyjna praktyka (XVI w.) zwi\u0105zana z migracj\u0105 pasterzy i osadnictwem wo\u0142oskim przyczyni\u0142a si\u0119 do rozwoju obszar\u00f3w g\u00f3rskich, zapewnia\u0142a egzystencj\u0119 na obszarach peryferyjnych (m.in. dzi\u0119ki produkcji sera podpuszczkowego) i r\u00f3wnie\u017c obecnie odgrywa istotn\u0105 rol\u0119 w budowaniu lokalnej to\u017csamo\u015bci. Decyduj\u0105c\u0105 rol\u0119 w przekazie tradycji pe\u0142ni rodzina, jest to profesja kt\u00f3ra przechodzi zasadniczo z ojca na syna, a wszystkie dzia\u0142ania prowadzone s\u0105 z poszanowaniem dla natury i drugiego cz\u0142owieka (obrz\u0119dowo\u015b\u0107, krajobraz kulturowy). Niekt\u00f3re z hal maj\u0105 600 letni rodow\u00f3d i nale\u017c\u0105 do najcenniejszych zabytk\u00f3w kultury pasterskiej (Gorce, Beskid \u017bywiecki). Wa\u017cn\u0105 rol\u0119 odgrywaj\u0105 trasy redyk\u00f3w (szlaki historyczne), najbardziej znany to 6-cio dniowy redyk z Ratu\u0142owa na Podhalu przez Czarny Dunajec, Piekielniki, Zubrzyc\u0119, Zawoj\u0119, Koszaraw\u0119, Jele\u015bni\u0119, Sopotni\u0119 do Ujso\u0142 i Sobol\u00f3wki (130 km). Wypas owiec prowadzony jest w spos\u00f3b tradycyjny, ka\u017cdy baca wypasa owce pochodz\u0105ce przeci\u0119tnie od 5 w\u0142a\u015bcicieli, a obszar na kt\u00f3rym prowadzony jest wypas nie jest jego w\u0142asno\u015bci\u0105 (dotyczy to ok. 95% powierzchni). Z tym dziedzictwem wi\u0105\u017ce si\u0119 bogata tradycja duchowa kszta\u0142tuj\u0105ca postaw\u0119 cz\u0142owieka wobec \u015bwiata, przyrody i drugiego cz\u0142owieka, kt\u00f3ra wyra\u017ca si\u0119 m.in. poprzez bogat\u0105 obrz\u0119dowo\u015b\u0107, zwi\u0105zan\u0105 ze \u015awi\u0119tem Bac\u00f3w w Lud\u017amierzu, wiosennym redykiem, czyli mieszaniem owiec, oraz redykiem jesiennym tzw. po\u017cegnaniem hal. Spo\u015br\u00f3d licznych rzemios\u0142 powi\u0105zanych z bacowaniem zasadniczym pozostaje wyrabianie ser\u00f3w podpuszczkowych, czyli przekazywana przez pokolenia umiej\u0119tno\u015b\u0107 (z bundza poddanego odpowiedniemu przetworzeniu oraz procesowi w\u0119dzenia uzyskuje si\u0119 ca\u0142\u0105 gam\u0119 ser\u00f3w wo\u0142oskich). Bacowanie zapewnia spo\u0142eczno\u015bci pasterskiej poczucie to\u017csamo\u015bci i ci\u0105g\u0142o\u015bci kulturowej, a r\u00f3wnocze\u015bnie poczucie pokrewie\u0144stwa kulturowego w odniesieniu do przestrzeni pasterskiej Karpat i Ba\u0142kan\u00f3w.<\/p>\n<p>&nbsp;<\/p>\n<p>[\/et_pb_toggle][et_pb_toggle title=&#8221;64. Tkanie r\u0119kawic furma\u0144skich przez Czarnych G\u00f3rali  |  Wagoners\u2019 gloves weaving by the Czarni Highlanders&#8221; open_toggle_text_color=&#8221;#e52330&#8243; _builder_version=&#8221;4.16&#8243; _module_preset=&#8221;default&#8221; title_font=&#8221;|600|||||||&#8221; closed_title_font=&#8221;|600|||||||&#8221; closed_title_font_size=&#8221;14px&#8221; min_height=&#8221;26px&#8221; custom_margin=&#8221;1px||4px||false|false&#8221; global_colors_info=&#8221;{}&#8221;]<\/p>\n<p style=\"text-align: right;\">Data wpisu na list\u0119: <strong>26.10.2022<\/strong><\/p>\n<p>Tkanie r\u0119kawic furma\u0144skich na przestrzennej formie zwanej \u201edesk\u0105\u201d jest jednym z zachowanych do dzisiaj, a jednocze\u015bnie charakterystycznym elementem tradycji G\u00f3rali Nadpopradzkich. Umiej\u0119tno\u015b\u0107 ta od wiek\u00f3w towarzyszy obszarom Beskidu S\u0105deckiego, a jej korzeni nale\u017cy upatrywa\u0107 w kulturze pasterskiej g\u00f3rali Karpat. Pozyskiwana od owiec we\u0142na by\u0142a niegdy\u015b, obok lnu podstawowym \u017ar\u00f3d\u0142em surowca do tkania i szycia codziennych oraz od\u015bwi\u0119tnych stroj\u00f3w g\u00f3ralskich. R\u0119kawice furma\u0144skie tkane z resztek we\u0142ny by\u0142y niezb\u0119dnym elementem garderoby g\u00f3rali wykorzystywanym do zimowych prac w gospodarstwie i lesie.<\/p>\n<p>Pomimo zmiany stylu \u017cycia pod koniec XX w., silne przywi\u0105zanie mieszka\u0144c\u00f3w regionu do dziedzictwa po\u0142\u0105czone z jego \u017cywym przekazem pozwoli\u0142o zachowa\u0107 t\u0119 umiej\u0119tno\u015b\u0107.<\/p>\n<p>Sam proces wymaga drewnianej formy do tkania, zwanej \u201edesk\u0105\u201d sk\u0142adaj\u0105cej si\u0119 z dw\u00f3ch cz\u0119\u015bci (d\u0142oni i palucha), na kt\u00f3rych oddzielnie tkane s\u0105 dwie cz\u0119\u015bci r\u0119kawicy. Wielko\u015b\u0107 r\u0119kawicy zale\u017cy od wielko\u015bci u\u017cytej do tkania formy, niegdy\u015b, gdy r\u0119kawice by\u0142y noszone g\u0142\u00f3wnie przez m\u0119\u017cczyzn, by\u0142a to forma du\u017ca. Obecnie r\u0119kawice tkane s\u0105 zasadniczo na trzech rozmiarach form: ma\u0142ej, \u015bredniej i du\u017cej. W g\u00f3rnej cz\u0119\u015bci formy (na palce r\u0119kawicy) znajduj\u0105 si\u0119 naci\u0119cia, o kt\u00f3re b\u0119dzie zahaczona nic osnowy. Na dole formy s\u0105 ko\u0142eczki zazwyczaj w ilo\u015bci 25 szt. (ich liczba odpowiada ilo\u015bciom naci\u0119\u0107 w g\u00f3rnej cz\u0119\u015bci), na kt\u00f3re jest zak\u0142adana osnowa. Po zrobieniu r\u0119kawicy ko\u0142eczki s\u0105 wyjmowane i jest to pocz\u0105tek procesu zdejmowania gotowej r\u0119kawicy z formy.<\/p>\n<p>[\/et_pb_toggle][et_pb_text _builder_version=&#8221;4.16&#8243; _module_preset=&#8221;default&#8221; custom_margin=&#8221;25px||8px||false|false&#8221; custom_padding=&#8221;||0px|||&#8221; global_colors_info=&#8221;{}&#8221;]<\/p>\n<h5><span style=\"color: #e52330;\"><strong>2023<\/strong><\/span><\/h5>\n<p>[\/et_pb_text][et_pb_toggle title=&#8221;65. Koszyk wikowy \u2013 tradycja wyplatania w gminie Ci\u0119\u017ckowice  |  The \u201cwikowy\u201d basket &#8211; weaving tradition in the Ci\u0119\u017ckowice municipality&#8221; open_toggle_text_color=&#8221;#e52330&#8243; _builder_version=&#8221;4.27.4&#8243; _module_preset=&#8221;default&#8221; title_font=&#8221;|600|||||||&#8221; closed_title_font=&#8221;|600|||||||&#8221; closed_title_font_size=&#8221;14px&#8221; min_height=&#8221;26px&#8221; custom_margin=&#8221;1px||4px||false|false&#8221; global_colors_info=&#8221;{}&#8221;]<\/p>\n<p style=\"text-align: right;\">ata wpisu na list\u0119: <strong>3 marca 2023<\/strong><\/p>\n<p><img loading=\"lazy\" decoding=\"async\" src=\"https:\/\/niematerialne.nid.pl\/wp-content\/uploads\/2023\/03\/Koszyk-wikowy-tradycja-wyplatania-w-gminie-Ciezkowice.jpg\" width=\"500\" height=\"272\" \/><\/p>\n<p>Plecionkarstwo, stanowi sezonowe zaj\u0119cie w gminie Ci\u0119\u017ckowice od wielu lat. Tradycje wyplatania koszyka ,,wikowego\u2019\u2019 nadal praktykowana jest dzi\u0119ki rodzinnemu przekazowi.<\/p>\n<p>Tradycja wyplatania wyrob\u00f3w z wikliny wi\u0105\u017ce si\u0119 z \u0142atwo dost\u0119pnym materia\u0142em, , kt\u00f3ry porasta brzegi pobliskiej rzeki Bia\u0142ej.\u00a0Ci\u0119\u017ckowice, a szczeg\u00f3lnie obszar Zborowic, mo\u017cemy obecnie nazwa\u0107 zag\u0142\u0119biem kosza \u201ewikowego\u201d, kt\u00f3ry wykonywany jest z jednorocznych p\u0119d\u00f3w wierzby, najcz\u0119\u015bciej konopianki, lub wierzby purpurowej. Obecnie plecionkarze wykorzystuj\u0105 r\u00f3wnie\u017c m\u0142ode p\u0119dy derenia. Jako element konstrukcyjny wykorzystuje si\u0119 czeremch\u0119.<\/p>\n<p>Kosze \u201ewikowe\u201d wykonywane s\u0105 splotem krzy\u017cowym wielopr\u0119towym, a dok\u0142adniej krzy\u017cowo-\u017ceberkowym. Splot, w kt\u00f3rym w\u0105tek wielopr\u0119towy przeplatany jest pomi\u0119dzy dwupr\u0119towymi osnowami na przemian \u201eprzed jeden, za jeden\u201d tworz\u0105c wz\u00f3r o charakterystycznym u\u0142o\u017ceniu krzy\u017cowym.<\/p>\n<p>Ci\u0119\u017ckowickie kosze \u201ewikowe\u201d s\u0105 jedn\u0105 z najbardziej popularnych form plecionkarskich na tym terenie. Ze wzgl\u0119du na swoj\u0105 uniwersalno\u015b\u0107 zachowa\u0142y si\u0119 do dzisiaj i s\u0105 wyplatane w licznych domostwach.<\/p>\n<p><img loading=\"lazy\" decoding=\"async\" src=\"https:\/\/niematerialne.nid.pl\/wp-content\/uploads\/2023\/03\/Koszyk-wikowy-tradycja-wyplatania-w-gminie-Ciezkowice_2.jpg\" width=\"562\" height=\"374\" \/>\u00a0 \u00a0<img loading=\"lazy\" decoding=\"async\" src=\"https:\/\/niematerialne.nid.pl\/wp-content\/uploads\/2023\/03\/Koszyk-wikowy-tradycja-wyplatania-w-gminie-Ciezkowice_3.jpg\" width=\"500\" height=\"349\" \/><\/p>\n<p>&#8211; &#8211; &#8211;\u00a0<\/p>\n<p style=\"text-align: right;\">Date of the inclusion in the inventory: <strong>3 March 2023<\/strong><\/p>\n<p style=\"text-align: left;\">Weaving has been a seasonal activity in Ci\u0119\u017ckowice municipality for many years. The tradition of basket weaving is still practised thanks to family tradition. It is associated with the easily accessible material that grows on the banks of the nearby Bia\u0142a River.<\/p>\n<p style=\"text-align: left;\">Ci\u0119\u017ckowice, and particularly the area of Zborowice, can currently be called the &#8220;wika&#8221; basket centre, which is made from one-year old willow shoots, most often hemp willow or purple willow. Nowadays, weavers also use the young shoots of the dogwood. A bird cherry tree is used as a structural element.<\/p>\n<p style=\"text-align: left;\">This type of basket is made with a multi-strand cross weave, or more accurately, a cross-rib weave. A weave in which a multi-strand weft is interwoven between two-strand warps alternately \u201cbefore one, after one\u201d, creating a pattern with a distinctive cross-hatched arrangement.<\/p>\n<p style=\"text-align: left;\">Ci\u0119\u017ckowice &#8220;wika&#8221; baskets are one of the most popular weaving forms in the area. Due to their versatility, they have survived to this day and are still made in many households.<strong><\/strong>\u00a0<\/p>\n<p>[\/et_pb_toggle][et_pb_toggle title=&#8221;66. Wyplatanie z korzeni \u015bwierkowych w Beskidzie \u015al\u0105skim  |  Weaving from spruce roots in Silesian Beskid&#8221; open_toggle_text_color=&#8221;#e52330&#8243; _builder_version=&#8221;4.27.4&#8243; _module_preset=&#8221;default&#8221; title_font=&#8221;|600|||||||&#8221; closed_title_font=&#8221;|600|||||||&#8221; closed_title_font_size=&#8221;14px&#8221; min_height=&#8221;26px&#8221; custom_margin=&#8221;1px||4px||false|false&#8221; global_colors_info=&#8221;{}&#8221;]<\/p>\n<p style=\"text-align: right;\">\u00a0Data wpisu na list\u0119: <strong>3 marca 2023<\/strong><\/p>\n<p><img loading=\"lazy\" decoding=\"async\" src=\"https:\/\/niematerialne.nid.pl\/wp-content\/uploads\/2023\/03\/Wyplatanie-z-korzeni-swierkowych-w-Beskidzie-Slaskim_1.jpg\" width=\"500\" height=\"440\" \/><br \/>Po\u0142o\u017cony w zachodnim \u0142uku Karpat Beskid \u015al\u0105ski, charakteryzuje si\u0119 surowymi warunkami przyrody, co warunkowa\u0142o rozw\u00f3j lokalnej gospodarki i rzemios\u0142a., Miejscowi g\u00f3rale musieli korzysta\u0107 z zasob\u00f3w, kt\u00f3re by\u0142y dost\u0119pne lokalnie. W przypadku plecionkarstwa by\u0142 to korze\u0144 \u015bwierka, kt\u00f3ry porasta tamtejsze lasy.<\/p>\n<p>Lokalny tw\u00f3rca potrzebuje trzech rodzaj\u00f3w drewna, aby wykona\u0107 sw\u00f3j kosz. Drewniany krzy\u017cak strugany jest z buka, osnowa z jesionowego \u0142yka, pa\u0142\u0105kowaty uchwyt wykonuje si\u0119 z ga\u0142\u0105zki \u015bwierka, a najwa\u017cniejszym elementem, w\u0105tkiem spajaj\u0105cym kosz w jedn\u0105 ca\u0142o\u015b\u0107, jest \u015bwierkowy korze\u0144. To w\u0142a\u015bnie on stanowi serce koszy, a jego wyb\u00f3r oraz pozyskiwanie wymaga specjalistycznej wiedzy oraz umiej\u0119tno\u015bci.<\/p>\n<p>Korze\u0144 to trudny, ale za to bardzo wytrzyma\u0142y materia\u0142. Pozyskanie go jest pracoch\u0142onne \u2013 ka\u017cdy korze\u0144 trzeba najpierw \u201ewytropi\u0107\u201d, a p\u00f3\u017aniej wykopa\u0107. Do samego wyplatania potrzebne s\u0105 te najd\u0142u\u017csze. Trzeba te\u017c mie\u0107 du\u017c\u0105 wiedz\u0119 i wra\u017cliwo\u015b\u0107, aby odby\u0142o si\u0119 to bez szkody dla \u015brodowiska. Tw\u00f3rca przedmiot\u00f3w z tego surowca, Jan Zogata, kt\u00f3ry zajmuje si\u0119 plecionkarstwem ju\u017c ponad 50 lat, nauki pobiera\u0142 od dziadka:<\/p>\n<p>\u2013<em> Dziadek m\u00f3j wiedzia\u0142 wiele. Popatrzy\u0142 i wiedzia\u0142, kt\u00f3re (drzewo) b\u0119dzie mia\u0142o takie korzenie, co si\u0119 nadaj\u0105 do tego. Bo czasem to zale\u017cy od gleby. Taki korze\u0144 co szuko tego po\u017cywienia, to on si\u0119 ci\u0105gnie nieraz na dziesi\u0119\u0107 metr\u00f3w i on jest taki g\u0142adziutki. <\/em><\/p>\n<p><img loading=\"lazy\" decoding=\"async\" src=\"https:\/\/niematerialne.nid.pl\/wp-content\/uploads\/2023\/03\/Wyplatanie-z-korzeni-swierkowych-w-Beskidzie-Slaskim_2.jpg\" width=\"500\" height=\"440\" \/> \u00a0 <img loading=\"lazy\" decoding=\"async\" src=\"https:\/\/niematerialne.nid.pl\/wp-content\/uploads\/2023\/03\/Wyplatanie-z-korzeni-swierkowych-w-Beskidzie-Slaskim_3.jpg\" width=\"222\" height=\"333\" \/>\u00a0 \u00a0<img loading=\"lazy\" decoding=\"async\" src=\"https:\/\/niematerialne.nid.pl\/wp-content\/uploads\/2023\/03\/Wyplatanie-z-korzeni-swierkowych-w-Beskidzie-Slaskim_4.jpg\" width=\"222\" height=\"337\" \/><\/p>\n<p>&#8211; &#8211; &#8211;\u00a0<\/p>\n<p style=\"text-align: right;\">Date of the inclusion in the inventory: <strong>3 March 2023<\/strong><strong><\/strong><\/p>\n<p>Situated in the western arc of the Carpathian Mountains, the Silesian Beskid is characterised by harsh natural conditions, which determined the development of the local economy and crafts. The local highlanders had to make use of resources that were available locally. In the case of weaving, this was spruce root, which grows in the local forests.<\/p>\n<p>A local maker needs three types of wood to make the basket. The wooden cross is made from beech, the warp from ash, the handle is made from a spruce twig and the most important element, the thread that binds the basket together, is the spruce root. This is the heart of the basket and its selection and sourcing requires specialist knowledge and skill.<\/p>\n<p>Root is a difficult, but very durable material. Acquiring it is labour-intensive &#8211; each root must first be &#8216;traced&#8217; and then dug up. For the weaving itself, you need the longest ones. It also takes a great deal of knowledge and sensitivity to do this without harming the environment. The maker of objects from this raw material, Jan Zogata, who has been weaving for more than 50 years, learned from his grandfather:<\/p>\n<p>&#8211; <em>My grandfather knew a lot. He looked and knew which (tree) would have such roots, which were suitable. Because sometimes it depends on the soil. A root like that, which is looking for food, sometimes stretches for ten metres and is so smooth.<\/em><\/p>\n<p>&nbsp;<\/p>\n<p>[\/et_pb_toggle][et_pb_toggle title=&#8221;67. Tradycje Barb\u00f3rkowe oraz kult \u015aw. Kingi w\u015br\u00f3d g\u00f3rnik\u00f3w solnych kopalni w Bochni i Wieliczce  |  Saint Barbara\u2019s Day traditions and the cult of Saint Kinga among the halite miners of the Bochnia and Wieliczka halite mines&#8221; open_toggle_text_color=&#8221;#e52330&#8243; _builder_version=&#8221;4.27.4&#8243; _module_preset=&#8221;default&#8221; title_font=&#8221;|600|||||||&#8221; closed_title_font=&#8221;|600|||||||&#8221; closed_title_font_size=&#8221;14px&#8221; min_height=&#8221;26px&#8221; custom_margin=&#8221;1px||4px||false|false&#8221; global_colors_info=&#8221;{}&#8221;]<\/p>\n<p style=\"text-align: right;\">Data wpisu na list\u0119: <strong>3 marca 2023<\/strong><\/p>\n<p><img loading=\"lazy\" decoding=\"async\" src=\"https:\/\/niematerialne.nid.pl\/wp-content\/uploads\/2023\/03\/Tradycje-Barborkowe-oraz-kult-Sw.-Kingi-wsrod-gornikow-solnych-kopalni-w-Bochni-i-Wieliczce_1-scaled.jpg\" width=\"500\" height=\"272\" \/>\u00a0 \u00a0 <img loading=\"lazy\" decoding=\"async\" src=\"https:\/\/niematerialne.nid.pl\/wp-content\/uploads\/2023\/03\/Tradycje-Barborkowe-oraz-kult-Sw.-Kingi-wsrod-gornikow-solnych-kopalni-w-Bochni-i-Wieliczce_2-scaled.jpg\" width=\"500\" height=\"272\" \/><\/p>\n<p>Wszystkie elementy wchodz\u0105ce w sk\u0142ad zjawiska stanowi\u0105 cz\u0119\u015b\u0107 g\u00f3rniczej to\u017csamo\u015bci, przekazywanej z pokolenia na pokolenie \u2013 w przypadku Barb\u00f3rki od prze\u0142omu XVIII\/XIX w. W odniesieniu do kultu \u015bw. Kingi m\u00f3wimy o znacznie starszym zjawisku, kt\u00f3rego pocz\u0105tek mo\u017cemy datowa\u0107 na czasy si\u0119gaj\u0105ce \u015bredniowiecza i upatrywa\u0107 w szczeg\u00f3lnej czci jak\u0105 g\u00f3rnicy solni oddaj\u0105 \u015aw. Kindze. Kult ten zacz\u0105\u0142 si\u0119 wkr\u00f3tce po jej \u015bmierci i jest \u017cywy do dzi\u015b. Jan D\u0142ugosz zapisa\u0142, \u017ce w 1441 roku, kiedy wybuch\u0142 straszliwy po\u017car w kopalni boche\u0144skiej, do grobu Kingi w Starym S\u0105czu uda\u0142a si\u0119 pielgrzymka bochnian, aby b\u0142aga\u0107 King\u0119 o ratunek dla miasta. Oficjalny kult Kingi w Bochni i Wieliczce zapocz\u0105tkowany zosta\u0142 w 1670 r., kiedy komisja kr\u00f3lewska, wydelegowana do rewizji \u017cup krakowskich, og\u0142osi\u0142a j\u0105 patronk\u0105 rodzimego g\u00f3rnictwa solnego. Solni g\u00f3rnicy ka\u017cdego roku pielgrzymuj\u0105 do grobu \u015bw. Kingi w Starym S\u0105czu. Przy tej okazji uczestnicz\u0105 w mszy \u015bwi\u0119tej odprawianej ku jej czci w Kopalni Soli w Bochni i Wieliczce. Dla uczczenia swojej patronki, g\u00f3rnicy ch\u0119tnie nadaj\u0105 swoim c\u00f3rkom imi\u0119 Kinga.<\/p>\n<p>Relacja wielickiego g\u00f3rnika na temat znaczenia Barb\u00f3rki:<\/p>\n<p><em>&#8211; Dla mnie Barb\u00f3rka odmierza czas w kopalni, jest to taki g\u00f3rniczy Nowy Rok &#8211; moment podsumowania. Barb\u00f3rka dzieli si\u0119 na dwie cz\u0119\u015bci: spotkanie Jubilat\u00f3w, kt\u00f3rzy s\u0105 nagradzani za wieloletni\u0105 prac\u0119 oraz cz\u0119\u015b\u0107 drug\u0105 &#8211; Barb\u00f3rk\u0119 oficjaln\u0105, na kt\u00f3rej opisywany i przedstawiany jest ca\u0142y rok dzia\u0142alno\u015bci kopalni. Pami\u0119tam 4 grudnia na \u015al\u0105sku, gdy je\u017adzi\u0142em z rodzicami do dziadka \u2013 g\u00f3rnika, kt\u00f3ry mimo, \u017ce by\u0142 na emeryturze, celebrowa\u0142 to \u015bwi\u0119to w galowym mundurze. Potem, gdy m\u00f3j ojciec by\u0142 czynnym pracownikiem wielickiej kopalni, geologiem g\u00f3rniczym, ubiera\u0142 mundur, na wyprasowan\u0105 przez mam\u0119 bia\u0142\u0105 koszul\u0119. Pami\u0119tam t\u0119 domow\u0105 atmosfer\u0119, w kt\u00f3rej wyros\u0142em. Teraz sam kontynuuj\u0119 rodzinn\u0105 tradycj\u0119.<\/em><\/p>\n<p>Relacja boche\u0144skiego g\u00f3rnika na temat znaczenia \u015bw. Kingi:<\/p>\n<p><em>&#8211; My g\u00f3rnicy boche\u0144scy zawdzi\u0119czamy \u015bw. Kindze odkrycie boche\u0144skich z\u0142\u00f3\u017c soli w Bochni. W spos\u00f3b symboliczny traktuje o tym legenda o pier\u015bcieniu \u015bw. Kingi, wrzuconym do kopalni W\u0119gierskiej a odnalezionym w pierwszej wydobytej bryle soli w Bochni. Odkrycie kopalni soli pozwoli\u0142o na rozw\u00f3j miasta Bochni oraz regionu, tym samym umo\u017cliwiaj\u0105c prac\u0119 ludziom \u2013 mi\u0119dzy innymi takim jak ja \u2013 kt\u00f3rzy mogli utrzyma\u0107 swoje rodziny. \u015awi\u0119ta Kinga troszczy\u0142a si\u0119 o losy g\u00f3rnik\u00f3w i ich rodzin, dlatego po jej \u015bmierci g\u00f3rnicy zanosili do niej modlitwy i pro\u015bby czyni\u0105c to po dzie\u0144 dzisiejszy.<\/em><\/p>\n<p><img loading=\"lazy\" decoding=\"async\" src=\"https:\/\/niematerialne.nid.pl\/wp-content\/uploads\/2023\/03\/Tradycje-Barborkowe-oraz-kult-Sw.-Kingi-wsrod-gornikow-solnych-kopalni-w-Bochni-i-Wieliczce_3-scaled.jpg\" width=\"500\" height=\"272\" \/>\u00a0 \u00a0 <img loading=\"lazy\" decoding=\"async\" src=\"https:\/\/niematerialne.nid.pl\/wp-content\/uploads\/2023\/03\/Tradycje-Barborkowe-oraz-kult-Sw.-Kingi-wsrod-gornikow-solnych-kopalni-w-Bochni-i-Wieliczce_4-scaled.jpg\" width=\"500\" height=\"272\" \/><\/p>\n<p>&#8211; &#8211; &#8211;<\/p>\n<p style=\"text-align: right;\">Date of the inclusion in the inventory: <strong>March 3, 2023<\/strong><\/p>\n<p>All the components of the phenomenon are elements of the miners\u2019 identity, transmitted from generation to generation &#8211; in the case of Saint Barbara&#8217;s celebration since the turn of the 18th\/19th century. As far as the cult of Saint Kinga is concerned, we are talking about a much older phenomenon, the origins of which can be traced back to the Middle Ages and can be seen in the particular reverence paid to Saint Kinga by the salt miners. This cult emerged soon after her death and is still alive today. The chronicler Jan D\u0142ugosz recorded that in 1441, when a terrible fire broke out in the Bochnia mine, a pilgrimage of Bochnia inhabitants went to Kinga\u2019s tomb in Stary S\u0105cz to beg her to save the town. The official worship of Kinga in Bochnia and Wieliczka began in 1670, when a royal committee, delegated to revise the Cracow salt mines, declared her the patron saint of the domestic halite mining industry. Salt miners make an annual pilgrimage to the grave of Saint Kinga in Stary S\u0105cz. On this occasion, they attend a holy mass held in her honour at the Bochnia and Wieliczka salt mines. To honour their patron saint, miners are keen to name their daughters Kinga.<\/p>\n<p>A Wieliczka miner shares his thoughts on the meaning of Saint Barbara\u2019s celebration:<\/p>\n<p>&#8211; <em>For me, Saint Barbara\u2019s celebration marks the time at the mine, it is a kind of miner&#8217;s \u201cNew Year\u201d &#8211; a moment of recapitulation. Saint. Barbara\u2019s Day is divided into two parts: a gathering of Jubilarians, who are rewarded for their many years of work, and the second part &#8211; the official Saint Barbara\u2019s celebration, where the whole year of the mine\u2019s activities is presented and reviewed. I remember 4 December in Silesia, when I used to go with my parents to visit my grandfather, a miner, who, although retired, celebrated this day in his gala uniform. Later, when my father, the mining geologist was an active worker in the Wieliczka salt mine, he would wear his uniform over a white shirt ironed by my mother. I remember the family atmosphere in which I grew up. Now I continue the family tradition myself<\/em>.<\/p>\n<p>The statement of a Bochnia miner on the significance of Saint Kinga:<\/p>\n<p>&#8211; <em>We, the Bochnia miners owe the discovery of Bochnia\u2019s salt deposits to Saint Kinga. This is symbolised by the legend of Saint Kinga\u2019s ring, which was thrown into the Hungarian mine and found in the first excavated block of salt in Bochnia. The discovery of the salt mine allowed for the development of the town of Bochnia and the region, thus enabling people &#8211; like me among others &#8211; to provide for their families. Saint Kinga cared about miners and their families, which is why, after her death, miners offered prayers and supplications to her and continue to do so to this day<\/em>.<\/p>\n<p>[\/et_pb_toggle][et_pb_toggle title=&#8221;68. Zwyczaje zwi\u0105zane z kultem \u015aw. Barbary oraz tradycje g\u00f3rnik\u00f3w kruszcowych na ziemi tarnog\u00f3rskiej  |  Customs related to the worship of Saint Barbara and the traditions of the ore miners in the Tarnowskie G\u00f3ry region&#8221; open_toggle_text_color=&#8221;#e52330&#8243; _builder_version=&#8221;4.27.4&#8243; _module_preset=&#8221;default&#8221; title_font=&#8221;|600|||||||&#8221; closed_title_font=&#8221;|600|||||||&#8221; closed_title_font_size=&#8221;14px&#8221; min_height=&#8221;26px&#8221; custom_margin=&#8221;1px||4px||false|false&#8221; global_colors_info=&#8221;{}&#8221;]<\/p>\n<p style=\"text-align: right;\">Data wpisu na list\u0119: <strong>3 marca 2023<\/strong><\/p>\n<p><img loading=\"lazy\" decoding=\"async\" src=\"https:\/\/niematerialne.nid.pl\/wp-content\/uploads\/2023\/03\/Zwyczaje-zwiazane-z-kultem-Sw.-Barbary-oraz-tradycje-gornikow-kruszcowych-na-ziemi-tarnogorskiej_1.jpg\" width=\"500\" height=\"376\" \/><\/p>\n<p>Jak donosz\u0105 kroniki, to przybyli pod koniec XVII wieku do Tarnowskich G\u00f3r jezuici mieli zainspirowa\u0107 powstanie bractwa \u015bw. Barbary. \u00d3wczesny proboszcz parafii \u015bwi\u0119tych Piotra i Paw\u0142a, ksi\u0105dz Andrzej Augustyn Ziebrowski napisa\u0142 z tej okazji do Stolicy Apostolskiej list z pro\u015bb\u0105 o oficjalne zatwierdzenie istniej\u0105cego ju\u017c bractwa. W mi\u0119dzyczasie rozpocz\u0105\u0142 on wraz z opiekunami ko\u015bcio\u0142a, kt\u00f3rymi byli okoliczni w\u0142a\u015bciciele ziemscy i g\u00f3rnicy, budow\u0119 przyko\u015bcielnej kaplicy ku czci \u015bwi\u0119tej, kt\u00f3r\u0105 uko\u0144czono w roku 1730.<\/p>\n<p>Dzi\u015b zwyczaje zwi\u0105zane z kultem \u015bw. Barbary oraz tradycje g\u00f3rnik\u00f3w kopalni kruszcowych na ziemi tarnog\u00f3rskiej stanowi\u0105 kluczowy element to\u017csamo\u015bciowy miejscowej ludno\u015bci, skupionej wok\u00f3\u0142 Stowarzyszenia Mi\u0142o\u015bnik\u00f3w Ziemi Tarnog\u00f3rskiej oraz lokalnych parafii. W ramach organizowanych ka\u017cdego roku uroczysto\u015bci Barb\u00f3rkowych, w parafii \u015awi\u0119tych Piotra i Paw\u0142a w Tarnowskich G\u00f3rach wystawiana jest bulla Papieska z 1747 roku, potwierdzaj\u0105ca za\u0142o\u017cenie Bractwa \u015awi\u0119tej Barbary w Tarnowskich G\u00f3rach. W\u015br\u00f3d lokalnych tradycji znajduj\u0105 si\u0119 zjawiska zar\u00f3wno z przestrzeni sacrum, jak i profanum, w tym uroczysto\u015bci Barb\u00f3rkowe, obejmuj\u0105ce: msze, uroczysto\u015bci przy kapliczkach, wsp\u00f3ln\u0105 biesiad\u0119. Ci\u0105gle \u017cywe jest te\u017c pozdrowienie ,,Szcz\u0119\u015b\u0107 Bo\u017ce\u2019\u2019.<\/p>\n<p>Zwyczaje zwi\u0105zane z kultem \u015bw. Barbary i skupione wok\u00f3\u0142 niego artefakty, tradycje i zwyczaje daj\u0105 mocne podstawy do podkre\u015blania ci\u0105g\u0142o\u015bci elementu. Ksi\u0119ga Bractwa \u015bw. Barbary stanowi namacalny, \u017cywy i wyj\u0105tkowy przyk\u0142ad ci\u0105g\u0142o\u015bci kultu \u015bw. Barbary na ziemi tarnog\u00f3rskiej, kt\u00f3ry zosta\u0142 zapocz\u0105tkowany ju\u017c w 1721 r. i kontynuowany jest do czas\u00f3w wsp\u00f3\u0142czesnych.<\/p>\n<p><img loading=\"lazy\" decoding=\"async\" src=\"https:\/\/niematerialne.nid.pl\/wp-content\/uploads\/2023\/03\/Zwyczaje-zwiazane-z-kultem-Sw.-Barbary-oraz-tradycje-gornikow-kruszcowych-na-ziemi-tarnogorskiej_2.jpg\" width=\"500\" height=\"365\" \/>\u00a0 \u00a0 <img loading=\"lazy\" decoding=\"async\" src=\"https:\/\/niematerialne.nid.pl\/wp-content\/uploads\/2023\/03\/Zwyczaje-zwiazane-z-kultem-Sw.-Barbary-oraz-tradycje-gornikow-kruszcowych-na-ziemi-tarnogorskiej_3.jpg\" width=\"500\" height=\"365\" \/><\/p>\n<p>&#8211; &#8211; &#8211;<\/p>\n<p style=\"text-align: right;\">Date of the inclusion in the inventory: <strong>March 3, 2023<\/strong><\/p>\n<p>According to chronicles, it was the Jesuits who came to Tarnowskie G\u00f3ry at the end of the 17th century who were to inspire the founding of the Brotherhood of Saint Barbara. The then parish priest of Saints Peter and Paul, Father Andrzej Augustyn Ziebrowski, wrote a letter on that occasion to the Holy See requesting official approval of the already existing confraternity. In the meantime, together with the church&#8217;s benefactors, who were local landowners and miners, he began the construction of the Saint Barbara&#8217;s chapel, which was completed in 1730.<\/p>\n<p>Today, the customs associated with the worship of Saint Barbara and the traditions of the ore miners in the Tarnowskie G\u00f3ry area are a key element of the identity of the local people, gathered around the Association of the Enthusiasts of the Tarnowskie G\u00f3ry Region and local parishes. As part of the Saint Barbara&#8217;s celebrations organised each year, a papal bull from 1747 confirming the foundation of the Brotherhood of Saint Barbara in Tarnowskie G\u00f3ry is displayed in the Church of Saints Peter and Paul in Tarnowskie G\u00f3ry. The local traditions include phenomena from both the sacred and profane spheres, including the Saint Barbara&#8217;s festivities, which consist of: Holy Masses, celebrations at the chapels and a collective feast. The greeting &#8220;Szcz\u0119\u015b\u0107 Bo\u017ce&#8221; is also still alive.<\/p>\n<p>The customs associated with the worship of Saint Barbara and the artefacts, traditions and customs clustered around it provide a strong basis for emphasising the continuity of the element. The Register of the Brotherhood of Saint Barbara provides a tangible, living and unique example of the continuity of the devotion to Saint Barbara in the Tarnowskie G\u00f3ry area, which began as early as 1721 and has continued to the present day.<\/p>\n<p>[\/et_pb_toggle][et_pb_toggle title=&#8221;69. Tradycje kulturowe g\u00f3rniczych orkiestr d\u0119tych z G\u00f3rnego \u015al\u0105ska  |  The cultural traditions of the Upper Silesian miners\u2019 bands&#8221; open_toggle_text_color=&#8221;#e52330&#8243; _builder_version=&#8221;4.27.4&#8243; _module_preset=&#8221;default&#8221; title_font=&#8221;|600|||||||&#8221; closed_title_font=&#8221;|600|||||||&#8221; closed_title_font_size=&#8221;14px&#8221; min_height=&#8221;26px&#8221; custom_margin=&#8221;1px||4px||false|false&#8221; global_colors_info=&#8221;{}&#8221;]<\/p>\n<p style=\"text-align: right;\">Data wpisu na list\u0119: <strong>3 marca 2023<\/strong><\/p>\n<p><img loading=\"lazy\" decoding=\"async\" src=\"https:\/\/niematerialne.nid.pl\/wp-content\/uploads\/2023\/03\/Tradycje-kulturowe-gorniczych-orkiestr-detych-z-Gornego-Slaska_1-scaled.jpg\" width=\"500\" height=\"376\" \/>\u00a0 \u00a0 <img loading=\"lazy\" decoding=\"async\" src=\"https:\/\/niematerialne.nid.pl\/wp-content\/uploads\/2023\/03\/Tradycje-kulturowe-gorniczych-orkiestr-detych-z-Gornego-Slaska_2-scaled.jpg\" width=\"669\" height=\"376\" \/><\/p>\n<p>Pocz\u0105tkiem zbiorowego muzykowania by\u0142y \u015bpiewy religijne zwi\u0105zane z kultem \u015bw. Barbary, patronki g\u00f3rnik\u00f3w. Przed zjazdem pod ziemi\u0119 g\u00f3rnicy spotykali si\u0119 na modlitw\u0119 i \u015bpiewy. To wsp\u00f3lne wykonywanie pie\u015bni tworzy\u0142y pomi\u0119dzy g\u00f3rnikami wyj\u0105tkow\u0105 wi\u0119\u017a duchow\u0105. Z czasem \u015bpiewom zacz\u0119\u0142y towarzyszy\u0107 instrumenty.<\/p>\n<p>Zorganizowany ruch muzyczny i zwyczaj muzykowania w g\u00f3rniczej orkiestrze d\u0119tej na G\u00f3rnym \u015al\u0105sku si\u0119ga drugiej po\u0142owy XIX wieku. Tradycje gry na instrumentach przekazywane by\u0142y \u2013 i nadal s\u0105 \u2013 z pokolenia na pokolenie. Dawniej umiej\u0119tno\u015b\u0107 ta bywa\u0142a przydatna w zdobyciu pracy na kopalni, ale i w razie powo\u0142ania do wojska (wojskowy rodow\u00f3d orkiestr d\u0119tych). Stanowi\u0142a te\u017c nierzadko przepustk\u0119 do lepszego \u017cycia.<\/p>\n<p>Wraz z rozwojem zak\u0142ad\u00f3w przemys\u0142u ci\u0119\u017ckiego, rozwija\u0142y si\u0119 przy nich orkiestry d\u0119te. Konsekwentnie od drugiej po\u0142owy XIX wieku przez kolejne sto lat orkiestra g\u00f3rnicza przypisywana by\u0142a (i jest do dzi\u015b) do kopalni, stanowi\u0105c o presti\u017cu i sile przedsi\u0119biorstwa. Muzycy cieszyli si\u0119 powszechnym szacunkiem, kt\u00f3ry okazywany by\u0142 im przy ka\u017cdej mo\u017cliwej okazji, uczestniczyli bowiem w \u017cyciu wsp\u00f3lnoty i godnie j\u0105 reprezentowali. Orkiestry g\u00f3rnicze s\u0105 istotnym elementem tradycji Barb\u00f3rkowych, towarzysz\u0105 ceremonia\u0142owi zwi\u0105zanemu z tym \u015bwi\u0119tem.<\/p>\n<p>Orkiestry g\u00f3rnicze, sta\u0142y si\u0119 trwa\u0142ym elementem krajobrazu G\u00f3rnego \u015al\u0105ska, a ich wk\u0142ad w kultur\u0119 \u2013 nie tylko regionaln\u0105, ale te\u017c narodow\u0105 \u2013 fenomenem muzycznym oraz wizualnym.<\/p>\n<p>Warto doda\u0107, \u017ce w 2018 roku na Krajow\u0105 list\u0119 niematerialnego dziedzictwa kulturowego zosta\u0142a wpisana Barb\u00f3rka g\u00f3rnik\u00f3w w\u0119gla kamiennego na G\u00f3rnym \u015al\u0105sku. Ten doroczny zwyczaj \u015bwi\u0105teczny praktykowany jest od pocz\u0105tku XIX wieku, w dniu wspomnienia \u015bw. Barbary (4 grudnia). Stanowi nieod\u0142\u0105czny element g\u00f3rniczej to\u017csamo\u015bci.<\/p>\n<p>&#8211; &#8211; &#8211;\u00a0<\/p>\n<p style=\"text-align: right;\">Date of the inclusion in the inventory: <strong>March 3, 2023<\/strong><\/p>\n<p>The origins of collective music-making were religious hymns related to the worship of Saint Barbara, the patron saint of miners. Before going underground, the miners would meet to pray and sing. This communal singing created a unique spiritual bond between the miners. Over time, instruments began to accompany the singing.<\/p>\n<p>The organised music movement and the custom of making music in a miner\u2019s brass band in Upper Silesia dates back to the second half of the 19th century. The tradition of playing instruments was &#8211; and still is &#8211; passed on from generation to generation. In the past, this skill was useful for getting a job in a mine, but also in the event of being called up into the army (military origin of brass bands). It was also often the ticket to a better life.<\/p>\n<p>As the heavy industry sites developed, brass orchestras developed alongside them. Consistently from the second half of the 19th century for the next hundred years, the miners\u2019 orchestra was (and still is today) assigned to the mines, representing the prestige and strength of the company. The musicians enjoyed universal respect, which was shown to them at every possible opportunity, as they participated in the life of the community and represented it with dignity. Miners&#8217; orchestras are an essential part of the traditions of Saint Barbara\u2019s celebration, accompanying the ceremonies associated with the holiday.<\/p>\n<p>Mining orchestras have become a permanent element of the Upper Silesian cultural landscape and their contribution to the culture &#8211; not only regional, but also national &#8211; a musical and visual phenomenon.<\/p>\n<p>It is worth mentioning that in 2018, the Saint Barbara\u2019s celebration of the coal miners in Upper Silesia was included on the National List of Intangible Cultural Heritage. This annual festive custom has been practised since the early 19th century, on the day of commemoration of Saint Barbara (4 December). It is an integral part of the miner\u2019s identity.<\/p>\n<p>[\/et_pb_toggle][et_pb_toggle title=&#8221;70. Bobowska koronka klockowa  |  Bobbin lace in Bobowa&#8221; open_toggle_text_color=&#8221;#e52330&#8243; _builder_version=&#8221;4.16&#8243; _module_preset=&#8221;default&#8221; title_font=&#8221;|600|||||||&#8221; closed_title_font=&#8221;|600|||||||&#8221; closed_title_font_size=&#8221;14px&#8221; min_height=&#8221;26px&#8221; custom_margin=&#8221;1px||4px||false|false&#8221; global_colors_info=&#8221;{}&#8221;]<\/p>\n<p style=\"text-align: right;\">Data wpisu na list\u0119: <strong>3 marca 2023<\/strong><\/p>\n<p><img loading=\"lazy\" decoding=\"async\" src=\"https:\/\/niematerialne.nid.pl\/wp-content\/uploads\/2023\/03\/Bobowska-koronka-klockowa_1.jpg\" width=\"500\" height=\"376\" \/><\/p>\n<p>Data pojawiania si\u0119 koronkarstwa w Bobowej nie jest dok\u0142adnie znana. Wiadomo jedynie, \u017ce ju\u017c przed 1866 rokiem umiej\u0119tno\u015b\u0107 ta by\u0142a niezwykle popularna w Bobowej, a w 1899 roku w tej miejscowo\u015bci utworzono Zawodow\u0105 Szko\u0142\u0119 Koronkarstwa. Umiej\u0119tno\u015b\u0107 przekazywana by\u0142a z pokolenia na pokolenie i nadal odtwarzana jest przez miejscow\u0105 wsp\u00f3lnot\u0119 m.in. poprzez u\u017cywanie tradycyjnych wzor\u00f3w, stworzonych jeszcze w XIX wieku.<\/p>\n<p>Koronka wykonywana jest na wzorze, kt\u00f3ry koronczarka kopiuje na papierow\u0105 plansz\u0119, i rozpina j\u0105 na wa\u0142ek dostosowany do wielko\u015bci wzoru. Nast\u0119pnie przygotowuje odpowiedni\u0105 liczb\u0119 par klock\u00f3w i nawija na nie nici (ilo\u015b\u0107 par klock\u00f3w jest zale\u017cna od grubo\u015bci nici, stosowanego splotu i wielko\u015bci koronki). Charakterystyczne wzory dla Bobowskiej Koronki Klockowej (ma\u0142oparkowej) to motywy zaczerpni\u0119te z otaczaj\u0105cej przyrody, u\u0142o\u017cone na tle sze\u015bciobocznej siatki takie jak: \u015blimaki, girlandka, d\u0119b\u00f3wki, g\u0142\u00f3wki, anio\u0142ki, pawie pi\u00f3ra, chryzantema, lilie, kacze \u0142apy, tulipany, s\u0142onecznik, grzybki, dmuchawce, cyga\u0144ska droga.<\/p>\n<p>Tradycyjnie koronka s\u0142u\u017cy\u0142a jako ozdoba sto\u0142\u00f3w, bielizny, po\u015bcieli, szat liturgicznych, o\u0142tarzy i tak jest do dzisiaj. Warto\u015b\u0107 Bobowskich Koronek Klockowych docenia\u0142y niegdy\u015b rzesze kobiet rozmaitego pochodzenia. Stanowi\u0142y bowiem element \u015bwiadcz\u0105cy o wysokim statusie spo\u0142ecznym oraz zamo\u017cno\u015bci. Obecnie w dobrym tonie jest, aby M\u0142oda Para by\u0142a obdarowana obrazem Matki Boskiej lub \u015awi\u0119tej Rodziny wykonanej technik\u0105 koronki klockowej.<\/p>\n<p><img loading=\"lazy\" decoding=\"async\" src=\"https:\/\/niematerialne.nid.pl\/wp-content\/uploads\/2023\/03\/Bobowska-koronka-klockowa_2-scaled.jpg\" width=\"500\" height=\"343\" \/>\u00a0 \u00a0<img loading=\"lazy\" decoding=\"async\" src=\"https:\/\/niematerialne.nid.pl\/wp-content\/uploads\/2023\/03\/Bobowska-koronka-klockowa_3-scaled.jpg\" width=\"500\" height=\"400\" \/><\/p>\n<p>[\/et_pb_toggle][et_pb_toggle title=&#8221;71. Plecionkarstwo na \u015al\u0105sku Opolskim  |  Basketry in Opole Silesia &#8221; open_toggle_text_color=&#8221;#e52330&#8243; _builder_version=&#8221;4.27.4&#8243; _module_preset=&#8221;default&#8221; title_font=&#8221;|600|||||||&#8221; closed_title_font=&#8221;|600|||||||&#8221; closed_title_font_size=&#8221;14px&#8221; min_height=&#8221;26px&#8221; custom_margin=&#8221;1px||4px||false|false&#8221; global_colors_info=&#8221;{}&#8221;]<\/p>\n<p style=\"text-align: right;\">Data wpisu na list\u0119: <strong>3 marca 2023<\/strong><\/p>\n<p><img loading=\"lazy\" decoding=\"async\" src=\"https:\/\/niematerialne.nid.pl\/wp-content\/uploads\/2023\/03\/Plecionkarstwo-na-Slasku-Opolskim_2.jpg\" width=\"500\" height=\"401\" \/><br \/>Plecionkarstwo to wielowiekowe rzemios\u0142o i jedna z najstarszych umiej\u0119tno\u015bci, jak\u0105 posiad\u0142 cz\u0142owiek. Sztuka wyplatania na \u015al\u0105sku Opolskim r\u00f3wnie\u017c ma d\u0142ug\u0105 histori\u0119. Podczas bada\u0144 archeologicznych na Ostr\u00f3wku w Opolu odkryto plecionki s\u0142u\u017c\u0105ce jako wy\u015bci\u00f3\u0142ka pod\u0142\u00f3g budynk\u00f3w gospodarczych i mieszkalnych, a tak\u017ce p\u0142ot\u00f3w plecionych w X wieku. Powszechno\u015b\u0107 materia\u0142u, a tak\u017ce posiadane umiej\u0119tno\u015bci powodowa\u0142y rozkwit tej tradycji, a\u017c do XIX wieku. Kilka miejscowo\u015bci jak np. Chr\u00f3\u015bcice, Sio\u0142kowice czy Cisek sta\u0142y si\u0119 wa\u017cnymi centrami plecionkarstwa w regionie. Uzyskiwane przychody ze sprzeda\u017cy koszy, kapeluszy i mebli wyplatanych z wikliny by\u0142y ko\u0142em zamachowym rozwoju spo\u0142eczno-gospodarczego oraz przestrzennego tych wsi.<\/p>\n<p>W okresie mi\u0119dzywojennym rzemie\u015blnicy z Chr\u00f3\u015bcic zatrudniali w swoich lokalnych zak\u0142adach rzemie\u015blniczych wi\u0119kszo\u015b\u0107 mieszka\u0144c\u00f3w wsi. Warsztaty te eksportowa\u0142y swoje wyroby do Niemiec, Austrii, Belgii, Danii, Szwecji i Szwajcarii. Po II wojnie \u015bwiatowej plecionkarstwo w Chr\u00f3\u015bciciach nadal si\u0119 rozwija\u0142o i w 1947 r. powsta\u0142a Sp\u00f3\u0142dzielnia Koszykarska \u201eJedno\u015b\u0107\u201d, dzia\u0142aj\u0105ca do lat 90. XX w. Obecnie plecionkarstwem zajmuj\u0105 si\u0119 osoby, kt\u00f3re kontynuuj\u0105 tradycj\u0119 i wyplataj\u0105 wyroby gospodarstwa domowego, zabawki, elementy dekoracyjne z wikliny, s\u0142omy, sitowia i rogo\u017cyny.<\/p>\n<p><img loading=\"lazy\" decoding=\"async\" src=\"https:\/\/niematerialne.nid.pl\/wp-content\/uploads\/2023\/03\/Plecionkarstwo-na-Slasku-Opolskim_1.jpg\" width=\"225\" height=\"348\" \/>\u00a0 \u00a0<img loading=\"lazy\" decoding=\"async\" src=\"https:\/\/niematerialne.nid.pl\/wp-content\/uploads\/2023\/03\/Plecionkarstwo-na-Slasku-Opolskim_3.jpg\" width=\"254\" height=\"301\" \/><\/p>\n<p>&#8211; &#8211; &#8211;\u00a0<\/p>\n<p style=\"text-align: right;\">Date of the inclusion in the inventory: <strong>March 3, 2023<\/strong><\/p>\n<p style=\"text-align: left;\">Basketry is a centuries-old craft and one of the oldest skills possessed by man. The art of weaving in Opole Silesia also has a long history. Archaeological excavations at Ostr\u00f3wek in Opole uncovered plaits used as floor lining for farm and residential buildings, as well as plaited fences in the 10th century. The abundance of material, as well as the skills possessed, caused this tradition to flourish until the 19th century. Several villages such as Chr\u00f3\u015bcice, Sio\u0142kowice and Cisek became important centres of weaving in the region. The income generated from the sale of baskets, hats and wicker-woven furniture was the driving force behind the socio-economic and spatial development of these villages.<\/p>\n<p style=\"text-align: left;\">In the interwar period, craftsmen from Chr\u00f3\u015bcice employed most of the village inhabitants in their local craft workshops. These workshops exported their products to Germany, Austria, Belgium, Denmark, Sweden, and Switzerland. After World War II, the basketry in Chr\u00f3\u015bcice continued to develop and in 1947 the &#8220;Jedno\u015b\u0107&#8221; Basket Cooperative was established, which operated until the 1990s. Nowadays, weaving is practised by people who continue the tradition and weave household products, toys, and decorative elements from wicker, straw, bulrush, and cattail.<strong><br \/><\/strong><\/p>\n<p>[\/et_pb_toggle][et_pb_toggle title=&#8221;72. Zielarstwo i zio\u0142olecznictwo na \u015al\u0105sku Opolskim  |  Herbology and herbal medicine in Opole Silesia&#8221; open_toggle_text_color=&#8221;#e52330&#8243; _builder_version=&#8221;4.16&#8243; _module_preset=&#8221;default&#8221; title_font=&#8221;|600|||||||&#8221; closed_title_font=&#8221;|600|||||||&#8221; closed_title_font_size=&#8221;14px&#8221; min_height=&#8221;26px&#8221; custom_margin=&#8221;1px||4px||false|false&#8221; global_colors_info=&#8221;{}&#8221;]<\/p>\n<p style=\"text-align: right;\">\u00a0 \u00a0 \u00a0Data wpisu na list\u0119: <strong>3 marca 2023<\/strong><\/p>\n<p><img loading=\"lazy\" decoding=\"async\" src=\"https:\/\/niematerialne.nid.pl\/wp-content\/uploads\/2023\/03\/Zielarstwo-i-ziololecznictwo-na-Slasku_Opolskim_1.jpg\" width=\"500\" height=\"310\" \/>\u00a0 \u00a0<img loading=\"lazy\" decoding=\"async\" src=\"https:\/\/niematerialne.nid.pl\/wp-content\/uploads\/2023\/03\/Zielarstwo-i-ziololecznictwo-na-Slasku_Opolskim_6.jpg\" width=\"500\" height=\"310\" \/> \u00a0<span style=\"text-decoration: underline;\"><img loading=\"lazy\" decoding=\"async\" src=\"https:\/\/niematerialne.nid.pl\/wp-content\/uploads\/2023\/03\/Zielarstwo-i-ziololecznictwo-na-Slasku_Opolskim_3.jpg\" width=\"278\" height=\"375\" \/><\/span><\/p>\n<p>Opolskie lasy i \u0142\u0105ki kryj\u0105 bogactwo, z kt\u00f3rego czerpi\u0105 zielarki. Zio\u0142a zbierane s\u0105 praktycznie przez ca\u0142y rok, pocz\u0105wszy od pierwszych dni wiosny. Zielarstwo i zio\u0142olecznictwo jest tradycj\u0105 \u0142\u0105cz\u0105c\u0105 ludzi z przyrod\u0105, propaguj\u0105c\u0105 zdrowy i ekologiczny styl \u017cycia. Praktykowanie tego zwyczaju wymaga wiedzy, znajomo\u015bci w\u0142a\u015bciwo\u015bci i budowy poszczeg\u00f3lnych ro\u015blin. Wiedza ta przekazywana jest przede wszystkim w rodzinnym domu. To tutaj \u2013 zwykle \u2013 depozytariusze maj\u0105 sw\u00f3j pierwszy kontakt z t\u0105 praktyk\u0105 najpierw obserwuj\u0105c starsze pokolenia, potem uczestnicz\u0105c w tradycji, a nast\u0119pnie samodzielnie zdobywaj\u0105c bardziej szczeg\u00f3\u0142ow\u0105 i najnowsz\u0105 wiedz\u0119. Ka\u017cda grupa depozytariuszy ma swoje w\u0142asne praktyki, je\u015bli chodzi o zielarstwo i zio\u0142olecznictwo. Okazuje si\u0119 jednak, \u017ce wsp\u00f3lnym mianownikiem jest czas, w kt\u00f3rym zbiera si\u0119 zio\u0142a, poniewa\u017c kalendarz zbioru zi\u00f3\u0142 jest podstaw\u0105 dla ka\u017cdego, kto zajmuje si\u0119 zielarstwem. Wsp\u00f3lne dla wszystkich grup jest r\u00f3wnie\u017c przebywanie razem podczas kultywowania tego zwyczaju.<\/p>\n<p><img loading=\"lazy\" decoding=\"async\" src=\"https:\/\/niematerialne.nid.pl\/wp-content\/uploads\/2023\/03\/Zielarstwo-i-ziololecznictwo-na-Slasku_Opolskim_4.jpg\" width=\"500\" height=\"298\" \/>\u00a0 \u00a0<img loading=\"lazy\" decoding=\"async\" src=\"https:\/\/niematerialne.nid.pl\/wp-content\/uploads\/2023\/03\/Zielarstwo-i-ziololecznictwo-na-Slasku_Opolskim_5.jpg\" width=\"500\" height=\"376\" \/>[\/et_pb_toggle][et_pb_toggle title=&#8221;73. Tradycje hafciarskie w Dobrzeniu Wielkim  |  Embroidery traditions in Dobrze\u0144 Wielki&#8221; open_toggle_text_color=&#8221;#e52330&#8243; _builder_version=&#8221;4.16&#8243; _module_preset=&#8221;default&#8221; title_font=&#8221;|600|||||||&#8221; closed_title_font=&#8221;|600|||||||&#8221; closed_title_font_size=&#8221;14px&#8221; min_height=&#8221;26px&#8221; custom_margin=&#8221;1px||4px||false|false&#8221; global_colors_info=&#8221;{}&#8221;]<\/p>\n<p style=\"text-align: right;\">Data wpisu na list\u0119: <strong>3 marca 2023<\/strong><\/p>\n<p><img loading=\"lazy\" decoding=\"async\" src=\"https:\/\/niematerialne.nid.pl\/wp-content\/uploads\/2023\/03\/Tradycje-hafciarskie-w-Dobrzeniu-Wielkim_1.jpg\" width=\"500\" height=\"376\" \/><br \/><em>Etnofestiwal. fot. P. Uchorczak<\/em><\/p>\n<p>Zwyczaje hafciarskie przekazywane s\u0105 z pokolenia na pokolenie w rodzinnych domach, ale tak\u017ce \u2013 zw\u0142aszcza ostatnio \u2013 w spos\u00f3b \u015bwiadomy i zorganizowany dzi\u0119ki warsztatom organizowanym przez Dom Kultury w Dobrzeniu Wielkim. Tradycje zwi\u0105zane z haftem na \u015al\u0105sku Opolskim si\u0119gaj\u0105 ju\u017c X-XI wieku. Znane s\u0105 mi\u0119dzy innymi z bada\u0144 archeologicznych na Ostr\u00f3wku w Opolu, podczas kt\u00f3rych odkryto zdobione trzewiki.<\/p>\n<p>W tradycji ludowej hafty i wyszycia wyst\u0119powa\u0142y w \u015bcis\u0142ym powi\u0105zaniu ze strojem. Kr\u00f3j stroju, materia\u0142 z jakiego by\u0142 wykonany, typ u\u017cytych nici mia\u0142 wp\u0142yw na barw\u0119, ornament, kompozycj\u0119 haftu. Haft pe\u0142ni\u0142 nie tylko funkcj\u0119 zdobnicz\u0105, informowa\u0142 tak\u017ce o zamo\u017cno\u015bci i pozycji spo\u0142ecznej w\u0142a\u015bciciela, a tak\u017ce by\u0142 swoistym wyr\u00f3\u017cnikiem danej spo\u0142eczno\u015bci, gdy\u017c r\u00f3\u017cnice w haftach wyst\u0119powa\u0142y w obr\u0119bach danej wsp\u00f3lnoty, miejscowo\u015bci, czy parafii.<\/p>\n<p>W hafcie wykonywanym przez mieszkanki Dobrzenia Wielkiego, podobnie jak w hafcie \u015bl\u0105skim, dominuj\u0105 motywy ro\u015blinne \u2013 kwiaty i ga\u0142\u0105zki o naturalistycznych lub mocno stylizowanych formach. Najbardziej charakterystyczny jest motyw r\u00f3\u017c, nazywany r\u00f3\u017cami \u015bl\u0105skimi, kt\u00f3re przedstawiane s\u0105 w rozkwicie lub p\u0105czkach. Kwiaty te s\u0105 g\u0142\u00f3wnymi motywami wyszywanymi na fartuchach i naro\u017cnikach chust. Haftuje si\u0119 je \u015bciegiem p\u0142askim, at\u0142asowym.<\/p>\n<p><img loading=\"lazy\" decoding=\"async\" src=\"https:\/\/niematerialne.nid.pl\/wp-content\/uploads\/2023\/03\/Tradycje-hafciarskie-w-Dobrzeniu-Wielkim_2.jpg\" width=\"283\" height=\"376\" \/>\u00a0 \u00a0 <img loading=\"lazy\" decoding=\"async\" src=\"https:\/\/niematerialne.nid.pl\/wp-content\/uploads\/2023\/03\/Tradycje-hafciarskie-w-Dobrzeniu-Wielkim_3.jpg\" width=\"283\" height=\"376\" \/>\u00a0 \u00a0 <img loading=\"lazy\" decoding=\"async\" src=\"https:\/\/niematerialne.nid.pl\/wp-content\/uploads\/2023\/03\/Tradycje-hafciarskie-w-Dobrzeniu-Wielkim_4.jpg\" width=\"282\" height=\"376\" \/> \u00a0\u00a0 <img loading=\"lazy\" decoding=\"async\" src=\"https:\/\/niematerialne.nid.pl\/wp-content\/uploads\/2023\/03\/Tradycje-hafciarskie-w-Dobrzeniu-Wielkim_6.jpg\" width=\"290\" height=\"376\" \/><\/p>\n<p>[\/et_pb_toggle][et_pb_toggle title=&#8221;74. Tradycja wykonywania, ubierania i noszenia \u017cywieckiego stroju mieszcza\u0144skiego  |  The tradition of making, dressing and wearing the \u017bywiec town costume&#8221; open_toggle_text_color=&#8221;#e52330&#8243; _builder_version=&#8221;4.16&#8243; _module_preset=&#8221;default&#8221; title_font=&#8221;|600|||||||&#8221; closed_title_font=&#8221;|600|||||||&#8221; closed_title_font_size=&#8221;14px&#8221; min_height=&#8221;26px&#8221; custom_margin=&#8221;1px||4px||false|false&#8221; global_colors_info=&#8221;{}&#8221;]<\/p>\n<p style=\"text-align: right;\">Data wpisu na list\u0119: <strong>28 czerwca 2023<\/strong><\/p>\n<p><img loading=\"lazy\" decoding=\"async\" src=\"https:\/\/niematerialne.nid.pl\/wp-content\/uploads\/2023\/07\/Tradycja-wykonywaniaubierania-i-noszenia-zywieckiego-stroju-mieszczanskiego_1-scaled.jpg\" width=\"500\" height=\"376\" \/><\/p>\n<p>Str\u00f3j \u017cywiecki nie jest strojem g\u00f3ralskim ani regionalnym, gdy\u017c nosz\u0105 go wy\u0142\u0105cznie mieszczanie. Proces kszta\u0142towania si\u0119 ubioru \u017cywieckiego trwa\u0142, co najmniej trzy stulecia. Zako\u0144czy\u0142 si\u0119 pod koniec XIX wieku i w takiej formie znamy go obecnie. Paradny str\u00f3j \u017cywczanki, jaki zosta\u0142 odtworzony z XVIII i XIX-wiecznych \u017ar\u00f3de\u0142 pisanych i ikonograficznych, sk\u0142ada si\u0119 z: czepca niewie\u015bciego zdobionego haftem z\u0142otym i koronkami, sp\u00f3dnicy z kosztownej tkaniny z galonkiem (rodzaj z\u0142otej ta\u015bmy), haftowanego gorsetu lub kamizelki, p\u0142\u00f3ciennego fartucha, ra\u0144tucha zwanego \u0142oktusz\u0105 (rodzaj szala) oraz chusty zdobionej haftem. Wygl\u0105d tego stroju wykazywa\u0142 podobie\u0144stwo do wielu stroj\u00f3w mieszcza\u0144skich noszonych w Ma\u0142opolsce i na \u015al\u0105sku.<\/p>\n<p>Prze\u0142omowym momentem w historii kobiecego stroju by\u0142o wprowadzenie bia\u0142ego tiulu w po\u0142owie XIX wieku, na kt\u00f3rym zdolne mieszczki umiej\u0119tnie haftowa\u0142y. To w\u0142a\u015bnie wtedy uroczysty str\u00f3j obywatelski sta\u0142 si\u0119 wyj\u0105tkowym ubiorem charakterystycznym dla \u017bywca. Najs\u0142ynniejszym elementem tego stroju sta\u0142y si\u0119 hafty ro\u015blinne, kt\u00f3re ozdabia\u0142y tiulowe krezki, chusty, krzy\u017c\u00f3wki, \u0142oktusze, fartuchy i chusteczki. W nowej, bogatszej formie str\u00f3j \u017cywiecki przetrwa\u0142 niezmieniony, opieraj\u0105c si\u0119 wp\u0142ywom mody europejskiej, a\u017c do pocz\u0105tk\u00f3w ubieg\u0142ego stulecia, stanowi\u0105c nie tylko relikt staropolskiej elegancji, ale tak\u017ce symbol lokalnego patriotyzmu.<br \/>\n\u017bywieckie tiule imponuj\u0105 swoim precyzyjnym wykonaniem oraz r\u00f3\u017cnorodno\u015bci\u0105 haft\u00f3w, kt\u00f3re przybieraj\u0105 form\u0119 szlak\u00f3w, motyw\u00f3w, koszy i rzucanek. Hafty te r\u00f3\u017cni\u0105 si\u0119 grubo\u015bci\u0105 i wielko\u015bci\u0105 oczek, ale to najcenniejsze z nich, nazywane &#8220;angielsk\u0105 mgie\u0142k\u0105&#8221; &#8211; delikatnym bawe\u0142nianym tiulem o bardzo drobnych oczkach, wymagaj\u0105 najwi\u0119kszej precyzji i najlepiej oddaj\u0105 mistrzostwo i talent hafciarski.<br \/>\n\u017bywiecki str\u00f3j od\u015bwi\u0119tny, noszony przez mieszczki, ma r\u00f3\u017cne warianty zale\u017cne od wieku i stanu cywilnego. M\u0119\u017catka, zw\u0142aszcza w dojrza\u0142ym wieku, nosi adamaszkow\u0105 lub at\u0142asow\u0105 sp\u00f3dnic\u0119 marszczon\u0105 oraz kamizelk\u0119 z pelerynk\u0105 i haftowanymi r\u0119kawami. Symbolem zamo\u017cno\u015bci s\u0105 czepce ozdobione z\u0142otem i koronkami. M\u0142odsze m\u0119\u017catki nosz\u0105 aksamitny gorset, a panny ubieraj\u0105 delikatne tiulowe stroje haftowane motywami kwiatowymi. Istniej\u0105 tak\u017ce stroje typu &#8220;pora&#8221;, czyli inna odmiana kobiecego stroju, sk\u0142adaj\u0105ca si\u0119 z drukowanej p\u0142\u00f3ciennej sp\u00f3dnicy i fartucha noszonego razem.<\/p>\n<p>Kobiecy str\u00f3j obywatelski to ubi\u00f3r od\u015bwi\u0119tny. Nie nale\u017cy do praktycznych i wygodnych &#8211; mo\u017ce wa\u017cy\u0107 nawet 12 kilogram\u00f3w. Ubieranie go to prawdziwa sztuka, wymagaj\u0105ca przygotowania i precyzji. Mieszczki poruszaj\u0105 si\u0119 w tych strojach z godno\u015bci\u0105 i powag\u0105, utrzymuj\u0105c g\u0142ow\u0119 wysoko.<\/p>\n<p>Str\u00f3j mieszczanina \u017cywieckiego w por\u00f3wnaniu ze strojem kobiety wygl\u0105da skromnie. Sk\u0142ada si\u0119 z aksamitnego \u017cupana, czarnych spodni i sukiennego p\u0142aszcza z dekoracyjnymi p\u0119tlicami. Na g\u0142owie nosi czapk\u0119 czamark\u0119. Ozdob\u0105 stroju jest jedwabny pas wzorowany na pasach s\u0142uckich. Dope\u0142nieniem ca\u0142o\u015bci jest skromna bi\u017cuteria wzorowana na klejnotach szlacheckich, sk\u0142adaj\u0105ca si\u0119 z ozdobnego guza spinaj\u0105cego \u017cupan pod szyj\u0105 oraz sygnetu. Wa\u017cnym elementem, nie tylko dekoracyjnym, ale tak\u017ce o charakterze patriotycznym, jest plakietka z wizerunkiem or\u0142a bia\u0142ego. Jeszcze przed II wojn\u0105 \u015bwiatow\u0105 kolor \u017cupana nie by\u0142 przypadkowy. Odzwierciedla\u0142 zaw\u00f3d danego mieszczanina. Rze\u017anicy, masarze i w\u0119dliniarze u\u017cywali czerwieni i jej odcieni, szewcy mieli zarezerwowany niebieski, a krawcy identyfikowali si\u0119 z zielonym.<\/p>\n<p>Stroje kobiecy i m\u0119ski od zawsze stanowi\u0142y par\u0119. Podczas \u015bwi\u0105t ko\u015bcielnych, patriotycznych czy uroczysto\u015bci cechowych dumni mieszczanie niezmiennie prezentuj\u0105 sw\u00f3j ubi\u00f3r.<\/p>\n<p><img loading=\"lazy\" decoding=\"async\" src=\"https:\/\/niematerialne.nid.pl\/wp-content\/uploads\/2023\/07\/Tradycja-wykonywaniaubierania-i-noszenia-zywieckiego-stroju-mieszczanskiego_4.jpg\" width=\"500\" height=\"376\" \/>\u00a0 \u00a0<img loading=\"lazy\" decoding=\"async\" src=\"https:\/\/niematerialne.nid.pl\/wp-content\/uploads\/2023\/07\/Tradycja-wykonywaniaubierania-i-noszenia-zywieckiego-stroju-mieszczanskiego_2.jpg\" width=\"500\" height=\"376\" \/>\u00a0 \u00a0<img loading=\"lazy\" decoding=\"async\" src=\"https:\/\/niematerialne.nid.pl\/wp-content\/uploads\/2023\/07\/Tradycja-wykonywaniaubierania-i-noszenia-zywieckiego-stroju-mieszczanskiego_3.jpg\" width=\"500\" height=\"376\" \/><\/p>\n<p>&nbsp;[\/et_pb_toggle][et_pb_toggle title=&#8221;75. Tradycje flisackie na Dunajcu w Pieninach  |  Rafting traditions on the Dunajec River in Pieniny&#8221; open_toggle_text_color=&#8221;#e52330&#8243; _builder_version=&#8221;4.16&#8243; _module_preset=&#8221;default&#8221; title_font=&#8221;|600|||||||&#8221; closed_title_font=&#8221;|600|||||||&#8221; closed_title_font_size=&#8221;14px&#8221; min_height=&#8221;26px&#8221; custom_margin=&#8221;1px||4px||false|false&#8221; global_colors_info=&#8221;{}&#8221;]<\/p>\n<p style=\"text-align: right;\">Data wpisu na list\u0119: <strong>28 czerwca 2023<\/strong><\/p>\n<p>&nbsp;<\/p>\n<p><em>\u201eGdzie Trzech Koron szczyt si\u0119ga niebios chmur, <\/em><br \/><em>Ju\u017c od wiek\u00f3w lud flisak\u00f3w strze\u017ce polskich g\u00f3r<\/em>\u201d<br \/>&#8211; Fragment Hymnu Flisak\u00f3w<\/p>\n<p><img loading=\"lazy\" decoding=\"async\" src=\"https:\/\/niematerialne.nid.pl\/wp-content\/uploads\/2023\/07\/Tradycje-flisackie-na-Dunajcu-w-Pieninach_1.jpg\" width=\"376\" height=\"500\" \/>\u00a0 \u00a0 \u00a0 \u00a0 \u00a0 <img loading=\"lazy\" decoding=\"async\" src=\"https:\/\/niematerialne.nid.pl\/wp-content\/uploads\/2023\/07\/Tradycje-flisackie-na-Dunajcu-w-Pieninach_2.jpg\" width=\"376\" height=\"500\" \/><\/p>\n<p>Pocz\u0105tki flisactwa si\u0119gaj\u0105 XVI wieku, a jego rozkwit przypad\u0142 na XVIII i XIX wiek. Pieni\u0144scy G\u00f3rale opracowali efektywny system pozyskiwania drewna, transportuj\u0105c je do sk\u0142adu nad brzegiem Dunajca i sk\u0142adaj\u0105c tratwy. Opr\u00f3cz drewna, na tratwach przewo\u017cono tak\u017ce w\u0119giel drzewny, smo\u0142\u0119, suszone owoce z okolic \u0141\u0105cka i Nowego S\u0105cza oraz zbo\u017ce. Niekt\u00f3re transporty dociera\u0142y a\u017c do Gda\u0144ska. Inne do Tarnowa i Uj\u015bcia Jezuickiego, gdzie Dunajec wpada do Wis\u0142y. Tam \u0142adunek by\u0142 przejmowany przez kolejnych przewo\u017anik\u00f3w lub kupc\u00f3w.<\/p>\n<p>Wraz z up\u0142ywem czasu, transport drewna i innych surowc\u00f3w zosta\u0142 zast\u0105piony przez \u015brodki transportu drogowego. Ostatnie tratwy z drewnem mo\u017cna by\u0142o jeszcze spotka\u0107 w latach 70. XX wieku. Mimo to, flisactwo w Pieninach nadal jest praktykowane dzi\u0119ki kontynuacji tradycji w postaci krajoznawczych sp\u0142yw\u00f3w, kt\u00f3re s\u0105 prowadzone przez cz\u0142onk\u00f3w tej spo\u0142eczno\u015bci.<\/p>\n<p>Historia sp\u0142yw\u00f3w krajobrazowych na \u0142odziach flisackich przez Prze\u0142om Dunajca si\u0119ga oko\u0142o 200 lat temu. Ju\u017c w 1815 roku w\u0119gierscy hrabiowie z zamku w Niedzicy oraz ich go\u015bcie korzystali z tego sposobu podr\u00f3\u017cowania. Pasa\u017cerowie wyp\u0142ywali na drewnianych \u0142odziach z miejscowymi flisakami. Ta atrakcja w\u015br\u00f3d wysokich wapiennych ska\u0142 i wartkich w\u00f3d Dunajca szybko sta\u0142a si\u0119 niezwyk\u0142\u0105 atrakcj\u0105. Pierwsze wycieczki odbywa\u0142y si\u0119 na po\u0142\u0105czonych ze sob\u0105 \u0142odziach zwanych &#8220;dw\u00f3jkami&#8221;.<\/p>\n<p>W po\u0142owie XIX wieku J\u00f3zef Szalay, w\u0142a\u015bciciel i promotor Szczawnicy, wykorzysta\u0142 sp\u0142yw przez Prze\u0142om Dunajca jako dodatkow\u0105 atrakcj\u0119 turystyczn\u0105 w Pieninach. Ju\u017c od 1842 roku p\u0142ywa\u0142 on z miejscowymi flisakami, a w tych spontanicznych wyprawach bra\u0142o udzia\u0142 kilkana\u015bcie lub kilkadziesi\u0105t os\u00f3b. Podczas podr\u00f3\u017cy \u015bpiewano pie\u015bni patriotyczne, cz\u0119sto przy akompaniamencie kapeli. W XIX wieku, gdy ziemie polskie by\u0142y pod zaborami, taka manifestacja patriotyzmu mia\u0142a du\u017ce znaczenie spo\u0142eczne. Uroczysty charakter tych wydarze\u0144 podkre\u015bla\u0142y tak\u017ce wystrza\u0142y z mo\u017adzierzy na pocz\u0105tku i ko\u0144cu sp\u0142ywu. Nietypow\u0105 rozrywk\u0105 dla podr\u00f3\u017cuj\u0105cych by\u0142y tzw. &#8220;\u017cywe obrazy&#8221;, kt\u00f3re by\u0142y przedstawiane na Polance lub w jej okolicy, a czasami mo\u017cna je by\u0142o zobaczy\u0107 tak\u017ce na innych odcinkach sp\u0142ywu. By\u0142y to rodzaj pantomimy, w kt\u00f3rej dziewcz\u0119ta wystawia\u0142y widowisko dla turyst\u00f3w p\u0142yn\u0105cych z flisakami, przebrane i ukierunkowane na mitologi\u0119 greck\u0105, lokalne legendy lub sceny biblijne.<\/p>\n<p>Wsp\u00f3\u0142cze\u015bnie, aby upami\u0119tni\u0107 tamte czasy, potomkowie pierwszych flisak\u00f3w organizuj\u0105 nocne sp\u0142ywy szalayowskie. Ta podr\u00f3\u017c \u0142odzi\u0105 wieczorem dostarcza pasa\u017cerom wielu emocji, a tak\u017ce ma bogat\u0105 opraw\u0119 artystyczn\u0105. Podczas sp\u0142ywu u\u017cywa si\u0119 pochodni, a uczestnicy ubrani s\u0105 w stroje z XIX wieku. Ta rzeczna wycieczka przez Pieniny odtwarza lokaln\u0105 histori\u0119 przekazywan\u0105 z pokolenia na pokolenie i jest sposobem na zachowanie dziedzictwa kulturowego.<\/p>\n<p>Niezwyk\u0142a popularno\u015b\u0107 jak\u0105 zdoby\u0142 w\u015br\u00f3d turyst\u00f3w sp\u0142yw Dunajcem spowodowa\u0142a, \u017ce z pocz\u0105tkiem XX w. zacz\u0119to my\u015ble\u0107 o uregulowaniu jego organizacji. W 1934 roku, powo\u0142ano Polskie Stowarzyszenie Flisak\u00f3w Pieni\u0144skich na rzece Dunajec. Stabilna sytuacja uleg\u0142a zmianie wraz z wybuchem II wojny \u015bwiatowej. W 1946 roku wznowiono dzia\u0142alno\u015b\u0107 kompletuj\u0105c kadr\u0119 flisak\u00f3w, w nowej rzeczywisto\u015bci. Od lat 50. a\u017c do 1991 roku organizacja sp\u0142ywu spocz\u0119\u0142a na barkach kolejnych organizacji pa\u0144stwowych. By\u0142y to sztuczne twory w stosunku do Stowarzyszenia, kt\u00f3re funkcjonowa\u0142o jako podwykonawca i nieprzerwanie realizowa\u0142o sp\u0142yw zgodnie z tradycj\u0105. W 1991 roku Stowarzyszenie po raz kolejny samodzielnie zacz\u0119\u0142o prowadzi\u0107 krajoznawcze sp\u0142ywy na Dunajcu.<\/p>\n<p>Wsp\u00f3lnota flisak\u00f3w, sk\u0142adaj\u0105ca si\u0119 z g\u00f3rali pieni\u0144skich zamieszkuj\u0105cych pi\u0119\u0107 osad przy trasie sp\u0142ywu Prze\u0142omem Dunajca (Sromowce Ni\u017cne, Sromowce Wy\u017cne, Kro\u015bcienko n\/D, Szczawnica i Czorsztyn), posiada w\u0142asne tradycje, zwyczaje i zasady funkcjonowania. Sezon flisacki trwa od 1 kwietnia do ko\u0144ca pa\u017adziernika, a jego inauguracja jest szczeg\u00f3lnie uroczysta. Na przystani w Sromowcach Wy\u017cnych odbywa si\u0119 msza \u015bwi\u0119ta dla cz\u0142onk\u00f3w wsp\u00f3lnoty, honorowych cz\u0142onk\u00f3w Stowarzyszenia, by\u0142ych prezes\u00f3w i pocztu sztandarowego. Po mszy \u015bwi\u0119tej duchowny (zwykle biskup) po\u015bwi\u0119ca \u0142odzie, otwieraj\u0105c tym samym sezon.<\/p>\n<p>W ramach wsp\u00f3lnoty ustalono sprawiedliwy podzia\u0142 pracy, kt\u00f3ry zosta\u0142 uwzgl\u0119dniony w statucie Stowarzyszenia, spisanym ju\u017c w latach 30. XX wieku. Flisakami mog\u0105 zosta\u0107 pe\u0142noletni m\u0119\u017cczy\u017ani o r\u00f3\u017cnym wykszta\u0142ceniu zawodowym, kt\u00f3rzy maj\u0105 wsp\u00f3ln\u0105 trosk\u0119 o zachowanie tradycji sp\u0142yw\u00f3w Prze\u0142omem Dunajca oraz dobr\u0105 znajomo\u015b\u0107 rzeki. Do\u015bwiadczenie cz\u0119sto zdobywaj\u0105 od najm\u0142odszych lat, najcz\u0119\u015bciej poprzez przekaz rodzinny, gdzie tradycja przechodzi z ojca na syna. Struktura Stowarzyszenia obejmuje mistrz\u00f3w flisackich, czeladnik\u00f3w (potocznie nazywanych flisakami) oraz pomocnik\u00f3w flisak\u00f3w (uczni\u00f3w). Na tratwie pracuje dw\u00f3ch flisak\u00f3w: przodownik i cokolnik. Obecnie nauka odbywa si\u0119 w trzyletnim systemie, po kt\u00f3rym mo\u017cna zdawa\u0107 egzamin na czeladnika (I stopie\u0144), a po kolejnych trzech latach flisak mo\u017ce przyst\u0105pi\u0107 do egzaminu na mistrza (II stopie\u0144).<br \/>Flisacy s\u0105 zrzeszeni w lokalnych ko\u0142ach, zgodnie z miejscowo\u015bci\u0105, z kt\u00f3rej pochodz\u0105. Chocia\u017c istnieje pi\u0119\u0107 k\u00f3\u0142, ca\u0142a wsp\u00f3lnota tworzy jedno cia\u0142o, wspieraj\u0105c si\u0119 w pracy i dzia\u0142aj\u0105c wsp\u00f3lnie na rzecz ochrony lokalnego dziedzictwa, wyra\u017caj\u0105c to poprzez j\u0119zyk (gwar\u0119) oraz wsp\u00f3lne pielgrzymki. Obecnie, stowarzyszenie liczy oko\u0142o 1 000 cz\u0142onk\u00f3w, z czego po\u0142owa to osoby czynnie p\u0142ywaj\u0105ce.<\/p>\n<p>Str\u00f3j flisaka odgrywa wa\u017cn\u0105 rol\u0119 w zachowaniu tradycyjnego charakteru sp\u0142ywu. Najbardziej charakterystycznym elementem stroju s\u0105 niebieskie kamizelki, bogato zdobione, noszone na bia\u0142ych koszulach, z metalow\u0105 spink\u0105 na piersi. Kamizelki s\u0105 wykonane z cienkiego sukna i haftowane, a na ich brzegach widoczne s\u0105 stylizowane barwne hafty w formie kwiat\u00f3w. G\u0142ow\u0119 flisaka ozdabia czarny kapelusz z muszelkami na czerwonej tasiemce. Spodnie flisak\u00f3w, zwane portkami, s\u0105 jasne, wykonane z grubego, bia\u0142ego sukna, ozdobione haftami w ro\u015blinne wzory. Istotne elementy stroju to r\u00f3wnie\u017c sk\u00f3rzany pas i kierpce jako letnie obuwie. Pe\u0142ny str\u00f3j g\u00f3rali Pieni\u0144skich flisak\u00f3w noszony jest zwykle podczas \u015bwi\u0105t, uroczysto\u015bci pa\u0144stwowych, ko\u015bcielnych, regionalnych i rodzinnych.<\/p>\n<p><img loading=\"lazy\" decoding=\"async\" src=\"https:\/\/niematerialne.nid.pl\/wp-content\/uploads\/2023\/07\/Tradycje-flisackie-na-Dunajcu-w-Pieninach_3.jpg\" width=\"500\" height=\"376\" \/> <img loading=\"lazy\" decoding=\"async\" src=\"https:\/\/niematerialne.nid.pl\/wp-content\/uploads\/2023\/07\/Tradycje-flisackie-na-Dunajcu-w-Pieninach_5.jpg\" width=\"500\" height=\"376\" \/> <img loading=\"lazy\" decoding=\"async\" src=\"https:\/\/niematerialne.nid.pl\/wp-content\/uploads\/2023\/07\/Tradycje-flisackie-na-Dunajcu-w-Pieninach_4.jpg\" width=\"500\" height=\"376\" \/><\/p>\n<p>[\/et_pb_toggle][et_pb_toggle title=&#8221;76. Tradycje rze\u017abiarskie o\u015brodka w Kutnie  |  Sculptural traditions of the Kutno facility&#8221; open_toggle_text_color=&#8221;#e52330&#8243; _builder_version=&#8221;4.16&#8243; _module_preset=&#8221;default&#8221; title_font=&#8221;|600|||||||&#8221; closed_title_font=&#8221;|600|||||||&#8221; closed_title_font_size=&#8221;14px&#8221; min_height=&#8221;26px&#8221; custom_margin=&#8221;1px||4px||false|false&#8221; global_colors_info=&#8221;{}&#8221;]<\/p>\n<p style=\"text-align: right;\">Data wpisu na list\u0119: <strong>28 czerwca 2023<\/strong><\/p>\n<p>&nbsp;<\/p>\n<p><img loading=\"lazy\" decoding=\"async\" src=\"https:\/\/niematerialne.nid.pl\/wp-content\/uploads\/2023\/07\/Tradycje-rzezbiarskie-osrodka-w-Kutnie_1.jpg\" width=\"500\" height=\"376\" \/>\u00a0 \u00a0 \u00a0 \u00a0<img loading=\"lazy\" decoding=\"async\" src=\"https:\/\/niematerialne.nid.pl\/wp-content\/uploads\/2023\/07\/Tradycje-rzezbiarskie-osrodka-w-Kutnie_2-scaled.jpg\" width=\"277\" height=\"367\" style=\"font-size: 14px; background-color: #ffffff;\" \/><span style=\"font-size: 14px;\">\u00a0 \u00a0<\/span><\/p>\n<p>Historia rze\u017aby kutnowskiej rozpoczyna si\u0119 od trzech wybitnych rze\u017abiarzy, kt\u00f3rych nazwiska s\u0105 nieod\u0142\u0105cznie zwi\u0105zane z tym nurtem artystycznym: Tadeusz Kacalak, Antoni Kami\u0144ski i Andrzej Wojtczak. W roku 1975 spotkali si\u0119 jako uczestnicy konkursu zorganizowanego przez Muzeum w \u0141\u0119czycy. W\u0142a\u015bnie tam ich talenty zosta\u0142y dostrze\u017cone, a pierwsze sukcesy dodatkowo umocni\u0142y ich pewno\u015b\u0107 siebie. Poprzez rze\u017abienie odkryli w sobie g\u0142\u0119bok\u0105 ch\u0119\u0107 i pasj\u0119 do tworzenia. Sukcesy odnoszone w kolejnych konkursach, przysporzy\u0142y im rozg\u0142osu, a etnografowie i kolekcjonerzy zacz\u0119li zwraca\u0107 uwag\u0119 na kutnowskich artyst\u00f3w. W rezultacie, gromadzi\u0142y si\u0119 liczne informacje na temat tego nurtu artystycznego, co z kolei zainspirowa\u0142o innych do podejmowania pr\u00f3b rze\u017abienia.<\/p>\n<p>Obecnie w grupie aktywnych rze\u017abiarzy kutnowskich jest 14 os\u00f3b. Wi\u0119kszo\u015b\u0107 z nich ma znacz\u0105cy dorobek artystyczny i nale\u017cy do Stowarzyszenia Tw\u00f3rc\u00f3w Ludowych z Zarz\u0105dem G\u0142\u00f3wnym w Lublinie. Ich prace s\u0105 prezentowane na wystawach indywidualnych i zbiorowych w kraju i za granic\u0105. Wsp\u00f3\u0142za\u0142o\u017cyciele rze\u017aby kutnowskiej, Antoni Kami\u0144ski, Tadeusz Kacalak i Andrzej Wojtczak, zostali uhonorowani presti\u017cowymi nagrodami, takimi jak Nagroda Oskara Kolberga i medale &#8220;Zas\u0142u\u017cony dla Kultury Ludowej&#8221;.<\/p>\n<p>Tw\u00f3rczo\u015b\u0107 rze\u017abiarzy kutnowskich wyr\u00f3\u017cnia si\u0119 charakterystycznym stylem, kt\u00f3ry sta\u0142 si\u0119 rozpoznawalnym znakiem tego nurtu artystycznego w Polsce. Zacz\u0119li oni tworzy\u0107 wielopostaciowe kompozycje z drewna lipowego, niezale\u017cnie od siebie, o rozbudowanej formie pi\u0119trowej lub horyzontalnej, z rytmicznie powtarzaj\u0105cymi si\u0119 elementami. Jak opisa\u0142 to Aleksander Jackowski w ksi\u0105\u017cce &#8220;O rze\u017abach i rze\u017abiarzach&#8221;, wypracowali sw\u00f3j charakterystyczny spos\u00f3b tworzenia, polegaj\u0105cy na powtarzaniu g\u0142\u00f3wek w r\u00f3\u017cnych konfiguracjach. Prace w tym stylu wyr\u00f3\u017cniaj\u0105 si\u0119 bogat\u0105 dekoracyjno\u015bci\u0105 i kolorystyk\u0105, przyci\u0105gaj\u0105c wzrok. Rze\u017abiarze kutnowscy podejmuj\u0105 r\u00f3wnie\u017c prace figuralne, nawi\u0105zuj\u0105ce do tematyki sakralnej, obrz\u0119dowej i \u015bwieckiej. Tworz\u0105 one postacie i sceny biblijne, nie ograniczaj\u0105c si\u0119 jedynie do znanych motyw\u00f3w ikonograficznych, lecz wzbogacaj\u0105c je o swoje w\u0142asne tre\u015bci dzi\u0119ki wyobra\u017ani i talentowi.<\/p>\n<p>W kolekcji rze\u017ab zgromadzonej od 1983 roku w Muzeum Regionalnym w Kutnie, najcz\u0119\u015bciej wybieranymi motywami s\u0105 cztery g\u0142\u00f3wne grupy tematyczne. Pierwsza grupa to motywy sakralne, dominuj\u0105ce w niej rze\u017aby Jezusa, Matki Bo\u017cej, \u015bwi\u0119tych, sceny pasyjne, Piet\u00e0 i szopki bo\u017conarodzeniowe. Przyk\u0142ady to np. rze\u017aba Madonny autorstwa Jerzego \u017bandarowskiego oraz Ucieczka do Egiptu autorstwa Andrzeja Cichonia. Druga grupa tematyczna obejmuje przedstawienia zwi\u0105zane z obrz\u0119dowo\u015bci\u0105, \u017cyciem wiejskim i prac\u0105 rolnicz\u0105. Tw\u00f3rcy ch\u0119tnie podejmuj\u0105 wiejsk\u0105 tematyk\u0119, tworz\u0105c prace ukazuj\u0105ce wesela, kol\u0119dnik\u00f3w, ludowe obrz\u0119dy i zespo\u0142y muzyczne w tradycyjnych \u0142\u0119czyckich strojach. Przyk\u0142adami s\u0105 prace takie jak Wesele Kutnowskie autorstwa J\u00f3zefa Sta\u0144czyka czy Kapela \u0141\u0119czycka autorstwa Antoniego Kami\u0144skiego. Trzecia grupa to postacie diab\u0142a Boruty, kt\u00f3re s\u0105 prezentowane w r\u00f3\u017cnych wcieleniach, na przyk\u0142ad Boruta B\u0142otny autorstwa Andrzeja Cichonia. Czwarta grupa tematyczna dotyczy postaci historycznych z polskiej historii, przedstawiaj\u0105c wa\u017cne postacie z przesz\u0142o\u015bci. Przyk\u0142ady to prace autorstwa Tadeusza Kacalaka, Andrzeja Wojtczaka i Zbigniewa Szczepa\u0144skiego.<\/p>\n<p>Rze\u017aba kutnowska to nie tylko wielopostaciowe kompozycje, ale tak\u017ce monumentalne prace, takie jak kapela ludowa i zesp\u00f3\u0142 \u015bpiewaczy, kt\u00f3re przyci\u0105gaj\u0105 uwag\u0119 odwiedzaj\u0105cych Kutno.<\/p>\n<p><img loading=\"lazy\" decoding=\"async\" src=\"https:\/\/niematerialne.nid.pl\/wp-content\/uploads\/2023\/07\/Tradycje-rzezbiarskie-osrodka-w-Kutnie_3-scaled.jpg\" width=\"444\" height=\"333\" \/>\u00a0 \u00a0 <img loading=\"lazy\" decoding=\"async\" src=\"https:\/\/niematerialne.nid.pl\/wp-content\/uploads\/2023\/07\/Tradycje-rzezbiarskie-osrodka-w-Kutnie_4-scaled.jpg\" width=\"444\" height=\"333\" \/> \u00a0 <img loading=\"lazy\" decoding=\"async\" src=\"https:\/\/niematerialne.nid.pl\/wp-content\/uploads\/2023\/07\/Tradycje-rzezbiarskie-osrodka-w-Kutnie_5.jpg\" width=\"503\" height=\"333\" \/><\/p>\n<p>[\/et_pb_toggle][et_pb_toggle title=&#8221;77. Hafciarstwo kurpiowskie z Puszczy Zielonej  |  Kurpie embroidery in Puszcza Zielona region&#8221; open_toggle_text_color=&#8221;#e52330&#8243; _builder_version=&#8221;4.16&#8243; _module_preset=&#8221;default&#8221; title_font=&#8221;|600|||||||&#8221; closed_title_font=&#8221;|600|||||||&#8221; closed_title_font_size=&#8221;14px&#8221; min_height=&#8221;26px&#8221; custom_margin=&#8221;1px||4px||false|false&#8221; global_colors_info=&#8221;{}&#8221;]<\/p>\n<p style=\"text-align: right;\">Data wpisu na list\u0119: <strong>28 czerwca 2023<\/strong><\/p>\n<p>&nbsp;<\/p>\n<p><img loading=\"lazy\" decoding=\"async\" src=\"https:\/\/niematerialne.nid.pl\/wp-content\/uploads\/2023\/07\/Hafciarstwo-kurpiowskie-z-Puszczy-Zielonej_3.jpg\" width=\"500\" height=\"376\" \/>\u00a0 \u00a0 <img loading=\"lazy\" decoding=\"async\" src=\"https:\/\/niematerialne.nid.pl\/wp-content\/uploads\/2023\/07\/Hafciarstwo-kurpiowskie-z-Puszczy-Zielonej_4.jpg\" width=\"500\" height=\"376\" \/>\u00a0 \u00a0 <img loading=\"lazy\" decoding=\"async\" src=\"https:\/\/niematerialne.nid.pl\/wp-content\/uploads\/2023\/07\/Hafciarstwo-kurpiowskie-z-Puszczy-Zielonej_5.jpg\" width=\"500\" height=\"376\" \/><\/p>\n<p>Hafciarstwo kurpiowskie to wa\u017cny element dziedzictwa niematerialnego regionu Kurpie Puszcza Zielona, praktykowane przez kobiety, kt\u00f3re r\u0119cznie wykonuj\u0105 wzory haftu na r\u00f3\u017cnych elementach stroju, takich jak ko\u0142nierze, mankiety, fartuchy i chusty, korzystaj\u0105c z charakterystycznych kolor\u00f3w i \u015bcieg\u00f3w.<\/p>\n<p>Umiej\u0119tno\u015b\u0107 wykonywania haft\u00f3w kurpiowskich w Puszczy Zielonej jest przekazywana z pokolenia g\u0142\u00f3wnie w rodzinach i lokalnych spo\u0142eczno\u015bciach. Do\u015bwiadczone hafciarki ucz\u0105 m\u0142ode adeptki, przekazuj\u0105c swoje umiej\u0119tno\u015bci podczas spotka\u0144, warsztat\u00f3w i lekcji. Ten \u017cywy proces przekazu mi\u0119dzypokoleniowego cieszy si\u0119 rosn\u0105cym zainteresowaniem w\u015br\u00f3d m\u0142odych mieszka\u0144c\u00f3w regionu.<\/p>\n<p>Tradycyjne hafty zwi\u0105zane s\u0105 ze strojem noszonym na wa\u017cne uroczysto\u015bci. Odzie\u017c kurpiowska, zar\u00f3wno m\u0119ska jak i kobieca, wykonana jest z prostych tkanin lnianych i we\u0142nianych, i zdobiona haftami, kt\u00f3re r\u00f3\u017cni\u0105 si\u0119 w zale\u017cno\u015bci od p\u0142ci i element\u00f3w stroju, takich jak koszule, chusty, kaftany.<\/p>\n<p>M\u0119ski str\u00f3j od\u015bwi\u0119tny sk\u0142ada\u0142 si\u0119 z nast\u0119puj\u0105cych element\u00f3w: filcowego kapelusza lub rogatywki, lnianej koszuli, wsuni\u0119tej w lniane lub we\u0142niane spodnie, kaftana, sukmany i but\u00f3w z \u0142yka lub sk\u00f3ry. Ca\u0142y str\u00f3j utrzymany by\u0142 w odcieniach br\u0105zu, a jedynymi zdobieniami by\u0142y drobne hafty na koszuli i stebn\u00f3wki na kaftanie.<\/p>\n<p>Kobiecy str\u00f3j by\u0142 bardziej ozdobny. W podstawowej wersji sk\u0142ada\u0142 si\u0119 z cz\u00f3\u0142ka dla panny m\u0142odej lub chustki dla m\u0119\u017catki, koszuli o kroju przyramkowym lub z karczkiem, gorsetu lub kaftanika, sp\u00f3dnicy, zapaski i sk\u00f3rzanych but\u00f3w. Niepowtarzalne pi\u0119kno tego stroju wynika\u0142o przede wszystkim kolorowych tkanin, z kt\u00f3rych by\u0142 wykonany. Dodatkowo ozdabiano go haftami, pocz\u0105tkowo tylko na koszulach, a p\u00f3\u017aniej tak\u017ce na p\u0142\u00f3ciennych chustkach, zapaskach, stebn\u00f3wkach na kaftanikach oraz koronkami szyde\u0142kowymi na brzegach koszul i jako wstawki do fartucha.<\/p>\n<p>Na \u015bwi\u0105tecznych koszulach m\u0119skich przed I wojn\u0105 \u015bwiatow\u0105 haftem ozdabiano tylko jedn\u0105, kr\u00f3tsz\u0105 stron\u0119 ko\u0142nierzyka, a wzory nazywano kulasami. Najstarsze hafty by\u0142y pierwotnie czerwone, ale p\u00f3\u017aniej modne sta\u0142y si\u0119 tak\u017ce bia\u0142e i niebieskie. Haft na koszulach kobiecych by\u0142 nieco bardziej rozbudowany, ale nadal skromny i delikatny. Umieszczano go wzd\u0142u\u017c brzeg\u00f3w ko\u0142nierzyka i mankiet\u00f3w, oraz na przyramkach, a czasami tak\u017ce wzd\u0142u\u017c rozci\u0119cia na przodach. Najcz\u0119\u015bciej spotykane motywy na koszulach kobiecych to gwiazdki, \u0142apki, szczyty, panienki.<\/p>\n<p>Innym tradycyjnym sposobem ozdabiania m\u0119skich i kobiecych kaftan\u00f3w jest haftowanie stebn\u00f3wk\u0105 na ich przodach. Zwykle stosuje si\u0119 kontrastuj\u0105cy kolor wzgl\u0119dem tkaniny kaftana. Ten rodzaj zdobienia by\u0142 szczeg\u00f3lnie popularny po 1900 roku, gdy na tych terenach rozpowszechni\u0142a si\u0119 maszyna do szycia, zast\u0119puj\u0105c r\u0119czne haftowanie stebn\u00f3wk\u0105.<\/p>\n<p>Relatywnie niedawno na Kurpiach pojawi\u0142 si\u0119 r\u00f3wnie\u017c kolorowy haft p\u0142aski. W okresie mi\u0119dzywojennym m\u0142ode dziewcz\u0119ta zacz\u0119\u0142y zdobi\u0107 nim p\u0142\u00f3cienne zapaski, a p\u00f3\u017aniej tak\u017ce koszule o kroju z karczkiem. Po II wojnie \u015bwiatowej starsze kobiety zaakceptowa\u0142y ten trend i zacz\u0119\u0142y ozdabia\u0107 kolorowymi haftami tak\u017ce chusty na g\u0142ow\u0119, zw\u0142aszcza w okolicach Myszy\u0144ca. Wszystkie te hafty s\u0105 wielobarwne, a motywy o naturalistycznym charakterze s\u0105 wyszywane na bia\u0142ym bawe\u0142nianym p\u0142\u00f3tnie za pomoc\u0105 r\u00f3\u017cnych \u015bcieg\u00f3w, takich jak sznureczek, p\u0142aski at\u0142asek i czasem tylko cieniowany at\u0142asek.<\/p>\n<p>Na zapaskach haftuje si\u0119 zawsze w uk\u0142adzie pasowym, jako uzupe\u0142nienie haftowanych wstawek z p\u0142\u00f3tna i koronek. Hafty p\u0142askie na koszulach umieszcza si\u0119 na karczku (symetrycznie po obu stronach rozci\u0119cia) oraz na dolnej cz\u0119\u015bci r\u0119kaw\u00f3w pozbawionych mankiet\u00f3w. Natomiast na chustkach, motywy zwykle maj\u0105 form\u0119 ma\u0142ych kwiatowych bukiecik\u00f3w, cz\u0119sto r\u00f3\u017cowych, tak rozmieszczonych, \u017ce po z\u0142o\u017ceniu chustki w tzw. r\u00f3\u017cki zdaje si\u0119, \u017ce hafty pokrywaj\u0105 ca\u0142\u0105 powierzchni\u0119 chustki. Zwyczajowo, chustki noszone przez m\u0142ode kobiety ozdabia si\u0119 r\u00f3\u017cowymi kwiatami, a u\u017cywane przez starsze kobiety maj\u0105 liliowe lub fioletowe hafty.<\/p>\n<p>Sztuka haftowania na p\u0142\u00f3tnie nigdy nie zanik\u0142a na Kurpiach, wiele starszych i m\u0142odych kobiet z regionu aktywnie uczestniczy w warsztatach hafciarskich i kontynuuje umiej\u0119tno\u015bci przekazane z domu rodzinnego. Hafciarki kurpiowskie z Puszczy Zielonej od wielu lat czynnie uczestnicz\u0105 w warsztatach i lekcjach dla szk\u00f3\u0142, na kt\u00f3rych ucz\u0105 m\u0142odych sztuki haftowania.<\/p>\n<p>Podstawowe wzory haftu kurpiowskiego w Puszczy Zielonej to: stebn\u00f3wka, \u0142a\u0144cuszek, \u0142apki, kulasiki i gwiazdki, scyciki, ptaszki, \u015bcieg kurpiowski, panienki.<\/p>\n<p><img loading=\"lazy\" decoding=\"async\" src=\"https:\/\/niematerialne.nid.pl\/wp-content\/uploads\/2023\/07\/Hafciarstwo-kurpiowskie-z-Puszczy-Zielonej_1.jpg\" width=\"500\" height=\"376\" \/>\u00a0 \u00a0 <img loading=\"lazy\" decoding=\"async\" src=\"https:\/\/niematerialne.nid.pl\/wp-content\/uploads\/2023\/07\/Hafciarstwo-kurpiowskie-z-Puszczy-Zielonej_2.jpg\" width=\"500\" height=\"376\" \/>\u00a0 \u00a0 <img loading=\"lazy\" decoding=\"async\" src=\"https:\/\/niematerialne.nid.pl\/wp-content\/uploads\/2023\/07\/Hafciarstwo-kurpiowskie-z-Puszczy-Zielonej_6.jpg\" width=\"500\" height=\"376\" \/><\/p>\n<p>[\/et_pb_toggle][et_pb_toggle title=&#8221;78. Garncarstwo w Medyni G\u0142ogowskiej, Medyni \u0141a\u0144cuckiej, Pogwizdowie i Zalesiu  |  Pottery in Medynia G\u0142ogowska, Medynia \u0141a\u0144cuckiej, Pogwizd\u00f3w and Zalesie&#8221; open_toggle_text_color=&#8221;#e52330&#8243; _builder_version=&#8221;4.16&#8243; _module_preset=&#8221;default&#8221; title_font=&#8221;|600|||||||&#8221; closed_title_font=&#8221;|600|||||||&#8221; closed_title_font_size=&#8221;14px&#8221; min_height=&#8221;26px&#8221; custom_margin=&#8221;1px||4px||false|false&#8221; global_colors_info=&#8221;{}&#8221;]<\/p>\n<p style=\"text-align: right;\">Data wpisu na list\u0119: <strong>28 czerwca 2023<\/strong><\/p>\n<p><img loading=\"lazy\" decoding=\"async\" src=\"https:\/\/niematerialne.nid.pl\/wp-content\/uploads\/2023\/07\/Garncarstwo-w-Medyni-Glogowskiej-Medyni-Lancuckiej-Pogwizdowie-i-Zalesiu_1_fot.-Wrzeslaw-Zurawski-1975r..jpg\" width=\"359\" height=\"515\" \/><br \/><em>fot. Wrzes\u0142aw \u017burawski, 1975 r.\u00a0<\/em><\/p>\n<p>Od po\u0142owy XIX wieku, miasta Medynia G\u0142ogowska, Medyni \u0141a\u0144cucka, Pogwizd\u00f3w i Zalesie by\u0142y znane z garncarstwa. Pomimo zmieniaj\u0105cych si\u0119 warunk\u00f3w, przemian politycznych i rosn\u0105cych potrzeb spo\u0142ecznych, rzemios\u0142o garncarskie na tym obszarze przetrwa\u0142o i nadal jest praktykowane przez kolejne pokolenia mieszka\u0144c\u00f3w. Chocia\u017c warunki pracy garncarzy ulegaj\u0105 zmianie, w pracowniach stosuje si\u0119 nowoczesne technologie, takie jak piece elektryczne, walcarki i walce, to jednak tradycyjne, najstarsze znane techniki nadal s\u0105 kontynuowane (np. zdobienie naczy\u0144 i wypa\u0142 w tradycyjnych piecach). Rodziny garncarskie naturalnie przekazuj\u0105 umiej\u0119tno\u015bci rzemie\u015blnicze z pokolenia na pokolenie. M\u0142odzi ludzie, pracuj\u0105c razem z rodzicami i dziadkami, zdobywaj\u0105c do\u015bwiadczenie w przygotowywaniu gliny, toczeniu naczy\u0144, suszeniu i zdobieniu ich. Poprzez uczestnictwo w trudnym procesie wypalania ceramiki w tradycyjnych piecach, poznaj\u0105 r\u00f3\u017cne etapy tego procesu.<\/p>\n<p>W przesz\u0142o\u015bci rejon ten by\u0142 uznawany za najwi\u0119ksze zag\u0142\u0119bie garncarskie w Polsce. Najbardziej intensywny okres rozwoju przypada\u0142 na II po\u0142ow\u0119 XIX wieku, czyli na pocz\u0105tek uformowania si\u0119 o\u015brodka, a nast\u0119pnie na lata 60. i 70. XX wieku. Produkcja ceramiki obejmowa\u0142a pocz\u0105tkowo g\u0142\u00f3wnie naczynia u\u017cytkowe, a p\u00f3\u017aniej skoncentrowano si\u0119 na ceramice dekoracyjnej<\/p>\n<p>Surowcem do produkcji jest dost\u0119pna lokalnie glina, a techniki wypalania r\u00f3\u017cni\u0105 si\u0119 w zale\u017cno\u015bci od rodzaju ceramiki. Wzory zdobnicze wykonywane s\u0105 tradycyjnymi metodami, takimi jak rysowanie kamieniem lub naklejanie element\u00f3w ro\u015blinnych z gliny. Obecnie w o\u015brodku garncarskim wytwarzane s\u0105 r\u00f3\u017cnorodne rodzaje ceramiki, w tym naczynia u\u017cytkowe, dekoracyjne, rze\u017aby, mozaiki, zabawki i ceramika okoliczno\u015bciowa.<br \/><em><\/em><\/p>\n<table border=\"1\" style=\"border-collapse: collapse; width: 58.1301%;\" height=\"590\">\n<tbody>\n<tr>\n<td style=\"width: 33.3333%;\"><img loading=\"lazy\" decoding=\"async\" src=\"https:\/\/niematerialne.nid.pl\/wp-content\/uploads\/2023\/07\/Garncarstwo-w-Medyni-Glogowskiej-Medyni-Lancuckiej-Pogwizdowie-i-Zalesiu_4_fot.-PION-fotografia-2015r..jpg\" width=\"343\" height=\"515\" style=\"display: block; margin-left: auto; margin-right: auto;\" \/><\/td>\n<td style=\"width: 33.3333%;\"><img loading=\"lazy\" decoding=\"async\" src=\"https:\/\/niematerialne.nid.pl\/wp-content\/uploads\/2023\/07\/Garncarstwo-w-Medyni-Glogowskiej-Medyni-Lancuckiej-Pogwizdowie-i-Zalesiu_3_fot.-Pracownia-artystyczna-dotyk-ziemi-2023r..jpg\" width=\"292\" height=\"519\" style=\"display: block; margin-left: auto; margin-right: auto;\" \/><\/td>\n<td style=\"width: 33.3333%;\"><img loading=\"lazy\" decoding=\"async\" src=\"https:\/\/niematerialne.nid.pl\/wp-content\/uploads\/2023\/07\/Garncarstwo-w-Medyni-Glogowskiej-Medyni-Lancuckiej-Pogwizdowie-i-Zalesiu_5_-fot.-PION-fotografia-2015r..jpg\" width=\"346\" height=\"522\" style=\"display: block; margin-left: auto; margin-right: auto;\" \/><\/td>\n<\/tr>\n<tr>\n<td style=\"width: 33.3333%; text-align: center;\"><em>fot. PION fotografia, 2015r.<\/em><\/td>\n<td style=\"width: 33.3333%; text-align: center;\"><em>fot. Pracownia artystyczna dotyk ziemi, 2023r.<\/em><\/td>\n<td style=\"width: 33.3333%; text-align: center;\"><em>fot. PION fotografia, 2015r.<\/em><\/td>\n<\/tr>\n<\/tbody>\n<\/table>\n<p>&nbsp;<\/p>\n<p>Dzi\u015b w o\u015brodku garncarskim dzia\u0142a 20 rzemie\u015blnik\u00f3w, kt\u00f3rzy aktywnie pracuj\u0105 w produkcji ceramiki. Istnieje r\u00f3wnie\u017c 7 wielopokoleniowych pracowni rodzinnych, kt\u00f3re stale korzystaj\u0105 z umiej\u0119tno\u015bci toczenia na kole garncarskim. Wytw\u00f3rcy sprzedaj\u0105 swoje wyroby w sklepach z pami\u0105tkami oraz na targach i jarmarkach. Ze wzgl\u0119du na ich umiej\u0119tno\u015bci i wiedz\u0119 rzemie\u015blnicz\u0105, wielu garncarzy z regionu znajduje zatrudnienie w instytucjach kultury, takich jak skanseny, muzea i domy kultury, gdzie prowadz\u0105 warsztaty dla dzieci i m\u0142odzie\u017cy oraz prezentuj\u0105 pokazy toczenia naczy\u0144 i wypa\u0142u w piecu w okresie sezonu turystycznego.<\/p>\n<p><img loading=\"lazy\" decoding=\"async\" src=\"https:\/\/niematerialne.nid.pl\/wp-content\/uploads\/2023\/07\/Garncarstwo-w-Medyni-Glogowskiej-Medyni-Lancuckiej-Pogwizdowie-i-Zalesiu_3_fot.-PION-fotografia-2015r..jpg\" width=\"500\" height=\"376\" \/><br \/><em>fot. PION fotografia, 2015r.<\/em><\/p>\n<p>[\/et_pb_toggle][et_pb_toggle title=&#8221;79. Barabanienie wielkanocne w I\u0142\u017cy  |  Easter drumming in I\u0142\u017ca&#8221; open_toggle_text_color=&#8221;#e52330&#8243; _builder_version=&#8221;4.16&#8243; _module_preset=&#8221;default&#8221; title_font=&#8221;|600|||||||&#8221; closed_title_font=&#8221;|600|||||||&#8221; closed_title_font_size=&#8221;14px&#8221; min_height=&#8221;26px&#8221; custom_margin=&#8221;1px||4px||false|false&#8221; global_colors_info=&#8221;{}&#8221;]<\/p>\n<p style=\"text-align: right;\">Data wpisu na list\u0119: <strong>28 czerwca 2023<\/strong><\/p>\n<p>&nbsp;<\/p>\n<p>Barabanienie, zwane r\u00f3wnie\u017c tarabanieniem w niekt\u00f3rych regionach Polski, jest tradycj\u0105 wielkanocn\u0105 specyficzn\u0105 dla miejscowo\u015bci I\u0142\u017ca. Nazwa tego zwyczaju pochodzi od instrumentu muzycznego, znanego jako baraban, kt\u00f3ry by\u0142 u\u017cywany przez oddzia\u0142y wojsk Rzeczypospolitej. Baraban to rodzaj kot\u0142a przypominaj\u0105cego b\u0119ben, a samo s\u0142owo &#8220;baraban&#8221; wywodzi si\u0119 z tureckiego &#8220;daraban&#8221;, co oznacza\u0142o b\u0119ben u\u017cywany przez pu\u0142ki janczarskie.<\/p>\n<p>Barabanienie na tym instrumencie polega na wybijaniu okre\u015blonego rytmu. Jest to tak\u017ce og\u00f3lna nazwa dla ca\u0142ej ceremonii i obrz\u0119du. Dla barabaniarzy granie ma ogromne znaczenie, ich rodzin oraz mieszka\u0144c\u00f3w I\u0142\u017cy. Jest to stara tradycja i\u0142\u017cecka, kt\u00f3ra stanowi istotny element to\u017csamo\u015bci lokalnej spo\u0142eczno\u015bci. Zwi\u0105zane jest zar\u00f3wno z religi\u0105 katolick\u0105, jak i z histori\u0105 miasta. Obecnie barabanienie prezentuje si\u0119 podobnie jak kilkadziesi\u0105t lat temu. Grupa sk\u0142adaj\u0105ca si\u0119 z o\u015bmiu m\u0119\u017cczyzn, w tym solisty i siedmiu barabaniarzy, gromadzi si\u0119 w nocy z Wielkiej Soboty na Wielk\u0105 Niedziel\u0119. O p\u00f3\u0142nocy wyruszaj\u0105 w tradycyjny poch\u00f3d przez miasto, maj\u0105c przy sobie historyczny b\u0119ben. Zatrzymuj\u0105 si\u0119 na ustalonych przystankach, gdzie wykonuj\u0105 rytmiczne serie uderze\u0144.<\/p>\n<p>Barabanienie jest nieod\u0142\u0105czn\u0105 cz\u0119\u015bci\u0105 \u017cywej kultury i\u0142\u017ceckiej i przyczynia si\u0119 do integralno\u015bci spo\u0142ecznej. I\u0142\u017canie dumnie podkre\u015blaj\u0105, \u017ce do ich miasta co roku przybywaj\u0105 ludzie, aby uczestniczy\u0107 w barabanieniu, aby osobi\u015bcie zobaczy\u0107 i us\u0142ysze\u0107 charakterystyczne bicie i\u0142\u017ceckiego b\u0119bna. Coroczny zwyczaj jest powodem do dumy dla lokalnej spo\u0142eczno\u015bci.<\/p>\n<p>&nbsp;<\/p>\n<p><img loading=\"lazy\" decoding=\"async\" src=\"https:\/\/niematerialne.nid.pl\/wp-content\/uploads\/2023\/07\/Barabanienie-wielkanocne-w-Ilzy_1-scaled.jpg\" width=\"500\" height=\"376\" \/>\u00a0 \u00a0 <img loading=\"lazy\" decoding=\"async\" src=\"https:\/\/niematerialne.nid.pl\/wp-content\/uploads\/2023\/07\/Barabanienie-wielkanocne-w-Ilzy_2-scaled.jpg\" width=\"500\" height=\"376\" \/>\u00a0 \u00a0 <img loading=\"lazy\" decoding=\"async\" src=\"https:\/\/niematerialne.nid.pl\/wp-content\/uploads\/2023\/07\/Barabanienie-wielkanocne-w-Ilzy_3-scaled.jpg\" width=\"500\" height=\"376\" \/><\/p>\n<p>[\/et_pb_toggle][et_pb_toggle title=&#8221;80. Wyplatanie koron \u017cniwnych w Gogolinie  |  Weaving of the harvest crowns in Gogolin&#8221; open_toggle_text_color=&#8221;#e52330&#8243; _builder_version=&#8221;4.16&#8243; _module_preset=&#8221;default&#8221; title_font=&#8221;|600|||||||&#8221; closed_title_font=&#8221;|600|||||||&#8221; closed_title_font_size=&#8221;14px&#8221; min_height=&#8221;26px&#8221; custom_margin=&#8221;1px||4px||false|false&#8221; custom_padding=&#8221;|||22px||&#8221; global_colors_info=&#8221;{}&#8221;]<\/p>\n<p style=\"text-align: right;\">Data wpisu na list\u0119: <strong>13 lipca 2023<\/strong><\/p>\n<p>&nbsp;<\/p>\n<p><img loading=\"lazy\" decoding=\"async\" src=\"https:\/\/niematerialne.nid.pl\/wp-content\/uploads\/2023\/07\/Wyplatanie-koron-zniwnych-w-Gogolinie_1_grupa-dozynkowa-z-Gogolina-scaled.jpg\" width=\"500\" height=\"376\" \/><\/p>\n<p>Gogolin-Kar\u0142ubiec, w gminie i wojew\u00f3dztwie opolskim, znane jest z tworzenia misternych wie\u0144c\u00f3w do\u017cynkowych, kt\u00f3re miejscowi depozytariusze i mieszka\u0144cy nazywaj\u0105 &#8220;koronami \u017cniwnymi&#8221; lub &#8220;koronami do\u017cynkowymi&#8221;. Te do\u017cynkowe wie\u0144ce symbolizuj\u0105 prac\u0119 \u017cniwn\u0105, obfito\u015b\u0107 ziemi i zebrane plony. Przybieraj\u0105 r\u00f3\u017cne formy, najcz\u0119\u015bciej w postaci wiank\u00f3w lub koron. Szczeg\u00f3lnie skomplikowane konstrukcje to w\u0142a\u015bnie korony, kt\u00f3rych tradycja wyplatania si\u0119ga oko\u0142o 150 lat.<\/p>\n<p>W Gogolinie korony \u017cniwne wykonywane s\u0105 w charakterystycznym splocie tzw. &#8220;a\u017curowym&#8221;. Pierwsz\u0105 tak\u0105 koron\u0119 w a\u017curowym splocie stworzy\u0142 w 1961 roku znany kroszonkarz Jerzy Lipka z Gogolina. Ta technika szybko zyska\u0142a popularno\u015b\u0107 i &#8220;zrewolucjonizowa\u0142a&#8221; wyplatanie koron \u017cniwnych, wyprzedzaj\u0105c w tradycji wcze\u015bniejszy splot &#8220;gar\u015bciowy&#8221;, kt\u00f3ry w latach 60. XX wieku stopniowo zanika\u0142.<\/p>\n<p>Niezwykle wa\u017cnym elementem tradycji jest czas zbierania zbo\u017ca na przysz\u0142\u0105 koron\u0119. Dawniej, \u017cniwne korony by\u0142y bardzo skromne, jednak zawsze z naj\u0142adniejszych k\u0142os\u00f3w. Te proste wie\u0144ce zdobione by\u0142y owocami i warzywami. Dzi\u015b to prawdziwie okaza\u0142e dzie\u0142a sztuki.<\/p>\n<p>Zbi\u00f3r najpi\u0119kniejszych k\u0142os\u00f3w zaczyna si\u0119 ju\u017c w czerwcu. W\u00f3wczas zbiera si\u0119 z pola j\u0119czmie\u0144 ozimy. W lipcu natomiast zbiera si\u0119 inne zbo\u017ca. Nast\u0119pnie, k\u0142osy suszy si\u0119 w przewiewnym pomieszczeniu. W\u00f3wczas tak\u017ce powstaje koncepcja korony.<\/p>\n<p>Kluczowym elementem jest szkielet korony, kt\u00f3ry sk\u0142ada si\u0119 z okr\u0105g\u0142ej podstawy wykonanej ze stalowych pr\u0119t\u00f3w oraz dw\u00f3ch lub wi\u0119cej p\u00f3\u0142okr\u0105g\u0142ych pa\u0142\u0105k\u00f3w przymocowanych do podstawy, kt\u00f3re si\u0119 nad ni\u0105 krzy\u017cuj\u0105. W Gogolinie najcz\u0119\u015bciej spotyka si\u0119 korony o kszta\u0142cie w\u0119gierskiej korony. Jest to korona zamkni\u0119ta, sk\u0142adaj\u0105ca si\u0119 z sze\u015bciu pa\u0142\u0105k\u00f3w splecionych na g\u00f3rze, a ca\u0142o\u015b\u0107 zwie\u0144czona jest krzy\u017cem. Warto doda\u0107, \u017ce korony tego typu s\u0105 znane na ziemiach polskich od czas\u00f3w kr\u00f3la Stefana Batorego.<\/p>\n<p>Praca nad wyplataniem korony zwykle rozpoczyna si\u0119 w lipcu po przygotowaniu stela\u017ca i owini\u0119ciu go sznurkiem konopnym lub jutowym, a tak\u017ce nawleczeniu ziarenek na druty. W sierpniu, kontynuowana jest praca, ale tym razem w grupach, zgodnie z wcze\u015bniej ustalonym podzia\u0142em na zadania. Ca\u0142y proces wymaga wsp\u00f3lnej pracy i koordynacji licznej grupy os\u00f3b zaanga\u017cowanych przy koronie. W przygotowaniu koron ch\u0119tnie uczestnicz\u0105 r\u00f3wnie\u017c dzieci, kt\u00f3re depozytariuszki staraj\u0105 si\u0119 w\u0142\u0105cza\u0107 do pomocy na ka\u017cdym etapie tworzenia korony.<\/p>\n<p>Gotowy wieniec do\u017cynkowy jest uroczy\u015bcie przenoszony na specjalnej lektyce do ko\u015bcio\u0142a, gdzie corocznie odbywa si\u0119 msza \u015bw. dzi\u0119kczynna za udane \u017cniwa.<\/p>\n<p><img loading=\"lazy\" decoding=\"async\" src=\"https:\/\/niematerialne.nid.pl\/wp-content\/uploads\/2023\/07\/Wyplatanie-koron-zniwnych-w-Gogolinie_2-scaled.jpg\" width=\"500\" height=\"376\" \/> <img loading=\"lazy\" decoding=\"async\" src=\"https:\/\/niematerialne.nid.pl\/wp-content\/uploads\/2023\/07\/Wyplatanie-koron-zniwnych-w-Gogolinie_3-scaled.jpg\" width=\"500\" height=\"376\" \/> <img loading=\"lazy\" decoding=\"async\" src=\"https:\/\/niematerialne.nid.pl\/wp-content\/uploads\/2023\/07\/Wyplatanie-koron-zniwnych-w-Gogolinie_4-scaled.jpg\" width=\"500\" height=\"376\" \/><\/p>\n<p>[\/et_pb_toggle][et_pb_toggle title=&#8221;81. Wawrzy\u0144cowe hudy  |  Saint Lawrence bonfire (\u201ehudy\u201d)&#8221; open_toggle_text_color=&#8221;#e52330&#8243; _builder_version=&#8221;4.16&#8243; _module_preset=&#8221;default&#8221; title_font=&#8221;|600|||||||&#8221; closed_title_font=&#8221;|600|||||||&#8221; closed_title_font_size=&#8221;14px&#8221; min_height=&#8221;26px&#8221; custom_margin=&#8221;1px||4px||false|false&#8221; global_colors_info=&#8221;{}&#8221;]<\/p>\n<p style=\"text-align: right;\">Data wpisu na list\u0119: <strong>13 lipca 2023<\/strong><\/p>\n<p>&nbsp;<\/p>\n<p><img loading=\"lazy\" decoding=\"async\" src=\"https:\/\/niematerialne.nid.pl\/wp-content\/uploads\/2023\/07\/Wawrzyncowe-hudy_1_lata70-zdj.Gmina-Ujsoly.jpg\" width=\"359\" height=\"515\" \/><\/p>\n<p>Tradycja palenia Wawrzy\u0144cowych hud obejmuje ca\u0142\u0105 Gmin\u0119 Ujso\u0142y. Corocznie w r\u00f3\u017cnych lokalizacjach zwi\u0105zanych z poszczeg\u00f3lnymi miejscowo\u015bciami so\u0142eckimi (Glinka, Sobl\u00f3wka, Ujso\u0142y, Z\u0142atna) oraz przyleg\u0142ymi przysi\u00f3\u0142kami, rozpalane s\u0105 ogniska. Te miejsca znajduj\u0105 si\u0119 na licznych wzg\u00f3rzach i wy\u017cej po\u0142o\u017conych terenach g\u00f3rskich, co dodaje widowiskowo\u015bci i atrakcyjno\u015bci tej tradycji.<\/p>\n<p>Zwyczaj upami\u0119tnienia m\u0119cze\u0144skiej \u015bmierci \u015bw. Wawrzy\u0144ca na stosie zwi\u0105zany jest z magicznym dzia\u0142aniem ognia, kt\u00f3ry wed\u0142ug legendy pom\u00f3g\u0142 g\u00f3ralom w pokonaniu epidemii na po\u0142udniu \u017bywiecczyzny mi\u0119dzy XVII a XIX wiekiem. Podczas zarazy g\u00f3rale wznosili strzeliste ogniska na szczytach g\u00f3r, halach i zboczach otaczaj\u0105cych Ujso\u0142y, a tak\u017ce podpalali je w noc \u015bwi\u0119tego Wawrzy\u0144ca. Uwa\u017cano, \u017ce ta magiczna si\u0142a ognia ocali\u0142a Ujso\u0142y i okoliczne tereny od wyniszczenia.<\/p>\n<p>Istniej\u0105, co najmniej dwie legendy, kt\u00f3re koresponduj\u0105 z t\u0105 historyczn\u0105 perspektyw\u0105. Wed\u0142ug jednej opowie\u015bci, najstarszy mieszkaniec o nazwisku Sporek mia\u0142 sen o wielkich s\u0142upach ognia i podzieli\u0142 si\u0119 t\u0105 wiedz\u0105 z proboszczem z parafii w Rajczy, kt\u00f3ra w\u00f3wczas administrowa\u0142a terenami obecnych Ujso\u0142. Proboszcz zainspirowa\u0142 parafian do rozpalenia wielkich ognisk na okolicznych halach w wigili\u0119 wspomnienia \u015bw. Wawrzy\u0144ca. Wed\u0142ug tej legendy ogniska te mia\u0142y zatrzyma\u0107 epidemi\u0119.<\/p>\n<p>Druga hipoteza m\u00f3wi, \u017ce najstarszemu g\u00f3ralowi ukaza\u0142y si\u0119 duchy zmar\u0142ych na zaraz\u0119, kt\u00f3re pojawi\u0142y si\u0119 w rejonie starego m\u0142yna. Gospodarz poinformowa\u0142 proboszcza z parafii w Mil\u00f3wce, kt\u00f3ra wtedy by\u0142a jedyn\u0105 parafi\u0105 w okolicy. Duchowny podj\u0105\u0142 dzia\u0142ania i zleci\u0142 budow\u0119 nowego ko\u015bcio\u0142a, dzi\u0119ki czemu powsta\u0142a parafia w Rajczy obejmuj\u0105ca tereny dzisiejszej Gminy Ujso\u0142y. To wydarzenie wi\u0105za\u0142o si\u0119 z ocaleniem od epidemii, a patronem nowo powsta\u0142ego ko\u015bcio\u0142a zosta\u0142 \u015bw. Wawrzyniec. Po ustaniu epidemii, palenie wielkich ognisk sta\u0142o si\u0119 cykliczn\u0105 praktyk\u0105 o charakterze sakralnym.<\/p>\n<p>Przygotowania do podpalenia hudy zaczynaj\u0105 si\u0119 zazwyczaj dwa tygodnie przed wydarzeniem. Gromadzi si\u0119 wtedy opa\u0142, czyli ga\u0142\u0119zie, k\u0142ody i pnie drzew iglastych (zw\u0142aszcza \u015bwierki i ja\u0142owce), ale tak\u017ce brzozy i inne dost\u0119pne drzewa.<\/p>\n<p>Niezwykle istotny jest wyb\u00f3r lokalizacji. Zwykle jest to miejsce blisko lasu, gdzie mo\u017cna pozyska\u0107 drewno, a tak\u017ce uwzgl\u0119dnia si\u0119 warunki terenowe stoku lub wzg\u00f3rza, tak aby ognisko by\u0142o dobrze widoczne z doliny. Podczas gromadzenia drewna dba si\u0119 o rozmieszczenie go wok\u00f3\u0142 wybranej lokalizacji, aby zapobiec podpaleniu opa\u0142u przez konkurencyjne ekipy. Czasami organizowana jest nocna ochrona drewna, aby unikn\u0105\u0107 sabota\u017cu.<\/p>\n<p>Budow\u0119 konstrukcji hudy wykonuj\u0105 najbardziej do\u015bwiadczeni m\u0142odzie\u0144cy. Konstrukcja mo\u017ce by\u0107 prosta, gdzie ga\u0142\u0119zie i k\u0142ody s\u0105 uk\u0142adane r\u00f3wnolegle, lub bardziej rozbudowana, z \u017cerdziami wbitymi w ziemi\u0119 i poziomymi poprzeczkami. Gotow\u0105 konstrukcj\u0119 pilnuje si\u0119, aby nie zosta\u0142a celowo podpalona przez inne ekipy.<\/p>\n<p>Ca\u0142y obrz\u0119d palenia hudy jest mocno zakorzeniony w kulturze g\u00f3ralskiej i stanowi wa\u017cny element tradycji gminy Ujso\u0142y.<\/p>\n<p>Przed g\u0142\u00f3wnym podpaleniem, rozpalane s\u0105 mniejsze ogniska, kt\u00f3re pe\u0142ni\u0105 funkcj\u0119 zaproszenia i mobilizuj\u0105 uczestnik\u00f3w do przybycia na miejsce. Ostateczne podpalenie hudy nast\u0119puje zazwyczaj o p\u00f3\u0142nocy, a zaszczytu dokonania tego aktu dost\u0119puje zwykle szanowany lub najstarszy uczestnik. Uczestnicy s\u0142uchaj\u0105 opowie\u015bci, \u015bpiewaj\u0105 piosenki, a muzykanci akompaniuj\u0105 na heligonkach.<\/p>\n<p>Tradycja palenia hudy jest wa\u017cnym elementem roku agrarnego i kultury g\u00f3ralskiej. Obecnie jest kontynuowana w celu podtrzymania tradycji, piel\u0119gnowania wi\u0119zi spo\u0142ecznych, integracji oraz upami\u0119tnienia historycznych wydarze\u0144.<\/p>\n<p>Lokalizacje Wawrzy\u0144cowych Hud: Z\u0142atna Huta, Z\u0142atna Cerla, Bura Polana, Motyk\u00f3wka, Zapolanka, Z\u0142atna G\u0142\u0119bokie, Z\u0142atna Zagro\u0144, Jastrz\u0119bie, Kotrysia Polana, Ujso\u0142y Baildon, Ujso\u0142y Hutyr\u00f3w, Sobl\u00f3wka Ma\u0142y i Du\u017cy Smyrek\u00f3w, Kie\u0142bas\u00f3wka, Glinka Wornicki, Glinka Tajh.<\/p>\n<p>&nbsp;<\/p>\n<table border=\"1\" style=\"height: 488px; width: 80%; border-collapse: collapse; float: left;\">\n<tbody>\n<tr style=\"height: 478px;\">\n<td style=\"width: 33.3333%; height: 478px;\"><img loading=\"lazy\" decoding=\"async\" src=\"https:\/\/niematerialne.nid.pl\/wp-content\/uploads\/2023\/07\/Wawrzyncowe-hudy_2_zdj.-Wojciech-Domagala.jpg\" width=\"359\" height=\"515\" style=\"display: block; margin-left: auto; margin-right: auto;\" \/><\/td>\n<td style=\"width: 33.3333%; height: 478px;\"><img loading=\"lazy\" decoding=\"async\" src=\"https:\/\/niematerialne.nid.pl\/wp-content\/uploads\/2023\/07\/Wawrzyncowe-hudy_3_zdj.-Henryk-Kaminski.jpg\" width=\"359\" height=\"515\" style=\"display: block; margin-left: auto; margin-right: auto;\" \/><\/td>\n<td style=\"width: 33.3333%; height: 478px;\"><img loading=\"lazy\" decoding=\"async\" src=\"https:\/\/niematerialne.nid.pl\/wp-content\/uploads\/2023\/07\/Wawrzyncowe-hudy_4_zdj.-Henryk-Kaminski.jpg\" width=\"359\" height=\"515\" style=\"display: block; margin-left: auto; margin-right: auto;\" \/><\/td>\n<\/tr>\n<tr style=\"height: 10px;\">\n<td style=\"width: 33.3333%; height: 10px; text-align: center;\"><\/td>\n<td style=\"width: 33.3333%; height: 10px; text-align: center;\"><\/td>\n<td style=\"width: 33.3333%; height: 10px; text-align: center;\"><\/td>\n<\/tr>\n<\/tbody>\n<\/table>\n<p>&nbsp;<\/p>\n<p>&nbsp;<\/p>\n<p>&nbsp;<\/p>\n<p>[\/et_pb_toggle][et_pb_toggle title=&#8221;82. Hafciarstwo kaszubskie  |  Embroidery in Kaszuby&#8221; open_toggle_text_color=&#8221;#e52330&#8243; _builder_version=&#8221;4.16&#8243; _module_preset=&#8221;default&#8221; title_font=&#8221;|600|||||||&#8221; closed_title_font=&#8221;|600|||||||&#8221; closed_title_font_size=&#8221;14px&#8221; min_height=&#8221;26px&#8221; custom_margin=&#8221;1px||4px||false|false&#8221; global_colors_info=&#8221;{}&#8221;]<\/p>\n<p style=\"text-align: right;\">Data wpisu na list\u0119: <strong>13 lipca 2023<\/strong><\/p>\n<p>&nbsp;<\/p>\n<p><img loading=\"lazy\" decoding=\"async\" src=\"https:\/\/niematerialne.nid.pl\/wp-content\/uploads\/2023\/07\/Hafciarstwo-kaszubskie_1_Kolko-hafciarskie-dzialajace-przy-PSS-Spolem-w-Chojnicach-1988-rok-scaled.jpg\" width=\"561\" height=\"361\" \/> <img loading=\"lazy\" decoding=\"async\" src=\"https:\/\/niematerialne.nid.pl\/wp-content\/uploads\/2023\/07\/Hafciarstwo-kaszubskie_3_Kronika-Klubu-Hafciarskiego-_Mikolajek-Nadmorski_-z-Pucka.jpg\" width=\"456\" height=\"342\" \/> <img loading=\"lazy\" decoding=\"async\" src=\"https:\/\/niematerialne.nid.pl\/wp-content\/uploads\/2023\/07\/Hafciarstwo-kaszubskie_2_Plansza-z-kompozycja-hafciarska-_wzor-na-poduszke_-Tuchola-1932-scaled.jpg\" width=\"500\" height=\"376\" \/><\/p>\n<p>Haft kaszubski jest zjawiskiem kulturowym niezwykle popularnym, dynamicznym i wci\u0105\u017c rozwijaj\u0105cym si\u0119, funkcjonuje w r\u00f3\u017cnych odmianach nazywanych \u201eszko\u0142ami\u201d oraz w licznych lokalnych wariantach i indywidualnych opracowaniach.<\/p>\n<p>Haft wielobarwny zosta\u0142 zaprojektowany\/wykreowany na pocz\u0105tku XX wieku przez Teodor\u0119 Gulgowsk\u0105 we Wdzydzach Kiszewskich. Autorka tworz\u0105c haft inspirowa\u0142a si\u0119 wzorami na zabytkowych czepcach zwanych \u201ez\u0142otnicami\u201d (b\u0119d\u0105cych dawnym, od\u015bwi\u0119tny nakryciem g\u0142owy zamo\u017cnych Kaszubek), malaturami na kaszubskich meblach, obrazach na szkle i ceramice, a tak\u017ce wzornictwem zabytkowych szat liturgicznych oraz kompozycjami zamieszczanymi w niemieckich czasopismach dla kobiet.<\/p>\n<p>Hafty kolorowe stawa\u0142y si\u0119 popularne i inspiruj\u0105ce \u2013 w proces ich tworzenia i modyfikacji w\u0142\u0105cza\u0142o si\u0119 coraz liczniejsze grono znakomitych hafciarek i hafciarzy. Wsp\u00f3\u0142cze\u015bnie wyr\u00f3\u017cni\u0107 mo\u017cna dziewi\u0119\u0107 zasadniczych odmian haftu kaszubskiego nazywanych szko\u0142ami, ukszta\u0142towanych w ci\u0105gu ponad stulecia funkcjonowania tej formy tw\u00f3rczo\u015bci w\u015br\u00f3d spo\u0142eczno\u015bci kaszubskiej i borowiackiej. Poszczeg\u00f3lne odmiany \u2013 <strong>wdzydzka, \u017cukowska, pucka, wejherowska, borowiacka, tucholska, chojnicka, s\u0142upska i gda\u0144ska<\/strong> r\u00f3\u017cni\u0105 si\u0119 akcentami kolorystycznymi, zasadami kompozycji, nieco odmiennymi motywami (cho\u0107 wiele jest wsp\u00f3lnych) i ich plastycznym opracowaniem oraz szczeg\u00f3\u0142ami technicznego wykonania. Poza haftami wielobarwnymi bardzo wa\u017cn\u0105 dziedzin\u0105 s\u0105 hafty wykonywane metalowymi (z\u0142otymi i srebrnymi) ni\u0107mi na aksamicie, zdobi\u0105ce <strong>czepce-z\u0142otnice<\/strong> oraz ich pochodne, czyli tzw. <strong>wzory czepcowe na p\u0142\u00f3tnie.<\/strong><\/p>\n<p>W\u015br\u00f3d motyw\u00f3w kaszubskich stosowanych w ka\u017cdej odmianie najcz\u0119\u015bciej pojawiaj\u0105 si\u0119 tulipany przybieraj\u0105ce r\u00f3\u017cnorodne formy, zdarza si\u0119, \u017ce w jednej szkole stosowanych jest kilkana\u015bcie ich wersji. Pod wieloma postaciami przedstawiany jest te\u017c owoc granatu \u2013 jego warianty okre\u015blane s\u0105 np. jako \u0142eb, mak\u00f3wka, b\u0105k, jab\u0142uszko. Powszechnie stosowane s\u0105 r\u00f3\u017cnego rodzaju r\u00f3\u017ce, rozety, palmety, serca, gwiazdy morskie, modraki, koniczynka. Wyst\u0119puj\u0105 te\u017c drobne elementy: wisienki, niezapominajki, pszcz\u00f3\u0142ki, \u017cuki, dzwoneczki, pawie oczka, p\u0105ki, s\u0142oneczka oraz wielka rozmaito\u015b\u0107 li\u015bci. Nazwy nadawane poszczeg\u00f3lnym motywom s\u0105 swoistym wk\u0142adem hafciarek kaszubskich w kreacj\u0119 haft\u00f3w, odniesienia nazw do konkretnych form wzorniczych maj\u0105 charakter skojarzeniowy.<\/p>\n<p>Istotn\u0105 cech\u0105 poszczeg\u00f3lnych szk\u00f3\u0142 haftu kaszubskiego jest kolor \u2013 jego zasadnicza, najbardziej popularna, siedmiobarwna kolorystyka ustali\u0142a si\u0119 w okresie mi\u0119dzywojennym \u2013 s\u0105 to trzy odcienie niebieskiego, kolor zielony, czerwony, \u017c\u00f3\u0142ty i czarny, barwy te stosowane s\u0105 w r\u00f3\u017cnych proporcjach i odcieniach w odmianie \u017cukowskiej, puckiej, wejherowskiej i chojnickiej. Wielka rozmaito\u015b\u0107 kolor\u00f3w, kilkana\u015bcie barw, wyst\u0119puje w hafcie wdzydzkim. Z kolei w szkole borowiackiej i tucholskiej znajdujemy odcienie \u017c\u00f3\u0142ci, br\u0105zu, kolor oliwkowy i pomara\u0144czowy. Specyficzna kolorystyka ustali\u0142a si\u0119 w hafcie s\u0142upskim \u2013 odcienie niebieskiego i zielonego oraz \u017c\u00f3\u0142\u0107 i br\u0105z oraz w odmianie gda\u0144skiej \u2013 trzy odcienie koloru niebieskiego.<\/p>\n<p>Haftem kaszubskim tradycyjnie zdobione s\u0105 najcz\u0119\u015bciej nakrycia sto\u0142\u00f3w (serwety, bie\u017cniki, obrusy etc.), a tak\u017ce mi\u0119dzy innymi poduszki, zas\u0142ony na okna, makaty, po\u015bciel, paramenty ko\u015bcielne, elementy odzie\u017cy od\u015bwi\u0119tnej\/reprezentacyjnej oraz stroje regionalne. Wsp\u00f3\u0142cze\u015bnie zdecydowanie poszerza si\u0119 zakres zastosowania wzor\u00f3w kaszubskich zar\u00f3wno wielobarwnych jak i wykonywanych z\u0142ot\u0105 nici\u0105. Hafciarki wci\u0105\u017c poszukuj\u0105 inspiruj\u0105cych warto\u015bci tej dziedziny sztuki i przedstawiaj\u0105 j\u0105 w nowych kontekstach funkcjonowania, haft przenoszony jest na r\u00f3\u017cne wsp\u00f3\u0142czesne formy u\u017cytkowe, w tym elementy odzie\u017cy, broszki, przepaski na w\u0142osy, torebki oraz tkaniny dekoracyjne do wn\u0119trz dom\u00f3w.<\/p>\n<p>Umiej\u0119tno\u015bci wykonywania haftu kaszubskiego przekazywane s\u0105 pokoleniowo i stale odtwarzane przez wsp\u00f3lnoty, dla kt\u00f3rych stanowi on wa\u017cn\u0105 cz\u0119\u015b\u0107 dziedzictwa. Transmisja umiej\u0119tno\u015bci dokonuje si\u0119 drog\u0105 przekazu bezpo\u015bredniego zwykle poprzez udzia\u0142 w kursach i warsztatach hafciarskich prowadzonych przez tw\u00f3rc\u00f3w i animator\u00f3w uznawanych w spo\u0142eczno\u015bciach lokalnych za mistrz\u00f3w a tak\u017ce poprzez uczestnictwo (jako cz\u0142onek) w pracach zespo\u0142\u00f3w\/klub\u00f3w\/k\u00f3\u0142 hafciarskich, nauka haftu nast\u0119puje tak\u017ce w przekazie rodzinnym.<\/p>\n<p>Hafciarstwo kaszubskie to sztuka wyst\u0119puj\u0105ca na obszarze Kaszub i Bor\u00f3w Tucholskich. Intensywnie wykonywane w cz\u0119\u015bci wojew\u00f3dztwa pomorskiego (w powiatach: bytowskim, chojnickim, cz\u0142uchowskim, gda\u0144skim, kartuskim, ko\u015bcierskim, l\u0119borskim, puckim, s\u0142upskim, wejherowskim) oraz w powiecie tucholskim w wojew\u00f3dztwie kujawsko-pomorskim.<\/p>\n<p><img loading=\"lazy\" decoding=\"async\" src=\"https:\/\/niematerialne.nid.pl\/wp-content\/uploads\/2023\/07\/Hafciarstwo-kaszubskie_6_Haft-kaszubski-szkola-pucka.jpg\" width=\"561\" height=\"361\" \/> <img loading=\"lazy\" decoding=\"async\" src=\"https:\/\/niematerialne.nid.pl\/wp-content\/uploads\/2023\/07\/Hafciarstwo-kaszubskie_7_Haft-kaszubski-szkola-slupska.jpg\" width=\"561\" height=\"361\" \/> <img loading=\"lazy\" decoding=\"async\" src=\"https:\/\/niematerialne.nid.pl\/wp-content\/uploads\/2023\/07\/Hafciarstwo-kaszubskie_8_Haft-kaszubski-czepcowy-zolty.jpg\" width=\"561\" height=\"361\" \/><\/p>\n<p>[\/et_pb_toggle][et_pb_toggle title=&#8221;83. Cymba\u0142y &#8211; umiej\u0119tno\u015b\u0107 budowania i praktyka gry w Polsce po\u0142udniowo-wschodniej  |  Cymbals &#8211; building skills and playing practice in south-eastern Poland&#8221; open_toggle_text_color=&#8221;#e52330&#8243; _builder_version=&#8221;4.27.0&#8243; _module_preset=&#8221;default&#8221; title_font=&#8221;|600|||||||&#8221; closed_title_font=&#8221;|600|||||||&#8221; closed_title_font_size=&#8221;14px&#8221; min_height=&#8221;26px&#8221; custom_margin=&#8221;1px||4px||false|false&#8221; global_colors_info=&#8221;{}&#8221;]<\/p>\n<p style=\"text-align: right;\">Data wpisu na list\u0119: <strong>13 lipca 2023<\/strong><\/p>\n<p>&nbsp;<\/p>\n<p><img loading=\"lazy\" decoding=\"async\" src=\"https:\/\/niematerialne.nid.pl\/wp-content\/uploads\/2023\/07\/Cymbaly-umiejetnosc-budowania-i-praktyka-gry-w-Polsce-poludniowo-wschodniej_1_Jakub-Czapla-scaled.jpg\" width=\"561\" height=\"361\" \/> <img loading=\"lazy\" decoding=\"async\" src=\"https:\/\/niematerialne.nid.pl\/wp-content\/uploads\/2023\/07\/Cymbaly-umiejetnosc-budowania-i-praktyka-gry-w-Polsce-poludniowo-wschodniej_2_Przemyslaw-Dyndal-scaled.jpg\" width=\"561\" height=\"361\" \/> <img loading=\"lazy\" decoding=\"async\" src=\"https:\/\/niematerialne.nid.pl\/wp-content\/uploads\/2023\/07\/Cymbaly-umiejetnosc-budowania-i-praktyka-gry-w-Polsce-poludniowo-wschodniej_3_wspolne-muzykowanie-kapel-w-przerwie-konkursu-scaled.jpg\" width=\"617\" height=\"402\" \/><\/p>\n<p>Cymba\u0142y to najbardziej charakterystyczny instrument w muzyce ludowej Polski po\u0142udniowo-wschodniej. Przyby\u0142y na tereny Rzeszowszczyzny z regionu karpackiego i na sta\u0142e zago\u015bci\u0142y w lokalnych zespo\u0142ach muzycznych. Proces ten mia\u0142 miejsce przed I wojn\u0105 \u015bwiatow\u0105 lub w okresie mi\u0119dzywojennym, cho\u0107 sam instrument znany by\u0142 w tym regionie ju\u017c od XIX wieku. W\u00f3wczas wykorzystywany by\u0142 przez kapele miejskie, zar\u00f3wno \u017cydowskie, jak i cyga\u0144skie.<\/p>\n<p>Nale\u017c\u0105 do grupy instrument\u00f3w strunowych uderzanych, kt\u00f3re sk\u0142adaj\u0105 si\u0119 z drewnianego, trapezoidalnego pud\u0142a rezonansowego z metalowymi strunami r\u00f3\u017cnej d\u0142ugo\u015bci. Struny opieraj\u0105 si\u0119 na dw\u00f3ch drewnianych podstawkach, dziel\u0105c si\u0119 w stosunku 2:3, co powoduje wsp\u00f3\u0142brzmienie w kwincie. D\u017awi\u0119k powstaje poprzez uderzenie drewnianymi pa\u0142eczkami (palcatkami) w r\u00f3wno nastrojone struny. Wsp\u00f3\u0142cze\u015bnie cymba\u0142y maj\u0105 od 22 do 30 pasm strun, co daje wi\u0119ksze mo\u017cliwo\u015bci brzmieniowe. Strojenie cymba\u0142\u00f3w odbywa si\u0119 przewa\u017cnie chromatycznie, w oktawach od dolnego A po D. Istniej\u0105 te\u017c cymbali\u015bci, kt\u00f3rzy stroj\u0105 cymba\u0142y diatonicznie.<\/p>\n<p>Instrument ten od lat wytwarzany by\u0142 przez ludowych rzemie\u015blnik\u00f3w. Tradycja gry na cymba\u0142ach by\u0142a przekazywana w rodzinach, przechodz\u0105c z ojca na syna, cho\u0107 rzadziej zdarza\u0142o si\u0119, \u017ce adept\u00f3w nauczano przez innych muzykant\u00f3w. By\u0142o to zbyt kosztowne, a muzycy obawiali si\u0119 konkurencji. Zwykle ogranicza\u0142o si\u0119 to do kilku lekcji, w kt\u00f3rych przekazywano podstawow\u0105 wiedz\u0119, a ucze\u0144 musia\u0142 sam doskonali\u0107 swoje umiej\u0119tno\u015bci.<\/p>\n<p>Wyj\u0105tkowy \u015bwiat cymba\u0142\u00f3w zachwyca zar\u00f3wno m\u0142odszych, jak i starszych muzyk\u00f3w, kt\u00f3rzy doskonale rozr\u00f3\u017cniaj\u0105 charakterystyczne subregiony pod wzgl\u0119dem konstrukcji i brzmienia tego instrumentu. Na terenach wok\u00f3\u0142 Jas\u0142a dominuj\u0105 wi\u0119ksze instrumenty, tworzone przez wybitnego W\u0142adys\u0142awa Chocho\u0142ka. Chocia\u017c mo\u017ce nie zachwycaj\u0105 wygl\u0105dem, to za to emanuj\u0105 pi\u0119knym brzmieniem. Natomiast w okolicach Grodziska i Przeworska przewa\u017caj\u0105 mniejsze cymba\u0142y.<\/p>\n<p>Dzi\u015b g\u0142\u00f3wnym promotorem gry na cymba\u0142ach jest Wojew\u00f3dzki Dom Kultury w Rzeszowie, kt\u00f3ry upowszechnia gr\u0119 na cymba\u0142ach, organizuj\u0105c Spotkania Cymbalist\u00f3w. Dzi\u0119ki takim inicjatywom wzrasta zapotrzebowanie na cymba\u0142y. Instrument zdobywa coraz wi\u0119ksz\u0105 popularno\u015b\u0107, nie tylko w regionie.<\/p>\n<p><img loading=\"lazy\" decoding=\"async\" src=\"https:\/\/niematerialne.nid.pl\/wp-content\/uploads\/2023\/07\/Cymbaly-umiejetnosc-budowania-i-praktyka-gry-w-Polsce-poludniowo-wschodniej_4-scaled.jpg\" width=\"561\" height=\"361\" \/> <img loading=\"lazy\" decoding=\"async\" src=\"https:\/\/niematerialne.nid.pl\/wp-content\/uploads\/2023\/07\/Cymbaly-umiejetnosc-budowania-i-praktyka-gry-w-Polsce-poludniowo-wschodniej_5-scaled.jpg\" width=\"561\" height=\"361\" \/><\/p>\n<p>[\/et_pb_toggle][et_pb_toggle title=&#8221;84. Tkactwo dwuosnowowe powiatu w\u0119growskiego  |  Two-strand weaving in W\u0119gr\u00f3w district&#8221; open_toggle_text_color=&#8221;#e52330&#8243; _builder_version=&#8221;4.27.4&#8243; _module_preset=&#8221;default&#8221; title_font=&#8221;|600|||||||&#8221; closed_title_font=&#8221;|600|||||||&#8221; closed_title_font_size=&#8221;14px&#8221; min_height=&#8221;26px&#8221; custom_margin=&#8221;1px||4px||false|false&#8221; global_colors_info=&#8221;{}&#8221;]<\/p>\n<p style=\"text-align: right;\">Data wpisu na list\u0119: <strong>12 wrze\u015bnia 2023<\/strong><\/p>\n<p>&nbsp;<\/p>\n<p>Tkactwo dwuosnowowe rozwin\u0119\u0142o si\u0119 w W\u0119growie w okresie powojennym, dzi\u0119ki wyj\u0105tkowej mistrzyni tego rzemios\u0142a, siostrze Dominice Bujnowskiej. Przez wiele dziesi\u0119cioleci lokalne mistrzynie tkactwa zwi\u0105zane by\u0142y z Podlask\u0105 Sp\u00f3\u0142dzielni\u0105 Pracy R\u0119kodzie\u0142a Ludowego i Artystycznego w W\u0119growie, tworz\u0105c tkaniny dwuosnowowe, kt\u00f3re stanowi\u0142y wa\u017cny element kulturowego dziedzictwa Ziemi W\u0119growskiej. Umiej\u0119tno\u015b\u0107 tkania tkanin podw\u00f3jnych przetrwa\u0142a w regionie nawet po rozwi\u0105zaniu Sp\u00f3\u0142dzielni i jest nadal praktykowana przez Ma\u0142gorzat\u0119 Pep\u0142owsk\u0105 ze wsi Ruchna ko\u0142o W\u0119growa, kt\u00f3ra obecnie przekazuje swoj\u0105 wiedz\u0119 i umiej\u0119tno\u015bci Kornelii Czaplickiej-Rychlik, r\u00f3wnie\u017c z Ruchnej.<\/p>\n<p>Historia tkactwa dwuosnowowego na Ziemi W\u0119growskiej \u0142\u0105czy si\u0119 z konkretnymi osobami, zw\u0142aszcza tw\u00f3rczyniami z cepeliowskiej sp\u00f3\u0142dzielni w W\u0119growie. Jednak technika ta ma znacznie d\u0142u\u017csze korzenie. Najstarsza znana tkanina dwuosnowowa w Europie pochodzi z oko\u0142o 1500 roku i znajduje si\u0119 w szwedzkich zbiorach muzealnych. Prawdopodobnie ta technika narodzi\u0142a si\u0119 w ok. X-XI wieku na Rusi. W Polsce pierwsze zachowane egzemplarze pochodz\u0105 z XVIII wieku.<\/p>\n<p>Zasi\u0119g wyst\u0119powania tkaniny dwuosnowowej w Polsce to obszar od Sejn i Suwa\u0142k na p\u00f3\u0142nocy do W\u0119growa, Bia\u0142ej Podlaskiej na po\u0142udniu. Od Zachodu obejmuje Wyszk\u00f3w, a wschodnia granica wyst\u0119powania ko\u0144czy si\u0119 w okolicach Grodna na Bia\u0142orusi.<\/p>\n<p>Na prze\u0142omie XX wieku technika ta by\u0142a praktykowana na bardzo ograniczonym obszarze, ze wzgl\u0119du na koszty i pracoch\u0142onno\u015b\u0107. Dopiero w okresie mi\u0119dzywojennym i powojennym popularno\u015b\u0107 tkanin dwuosnowowych odnowi\u0142a prof. Eleonora Pluty\u0144ska (1886-1969). By\u0142a ona wsp\u00f3\u0142za\u0142o\u017cycielk\u0105 &#8220;Sp\u00f3\u0142dzielni Artyst\u00f3w Lad&#8221; przed II wojn\u0105 \u015bwiatow\u0105, w kt\u00f3rej poszukiwano inspiracji w ludowych technikach, wzorach i surowcach. Po II wojnie \u015bwiatowej Pluty\u0144ska stara\u0142a si\u0119 zachowa\u0107 dziedzictwo tkaniny dwuosnowowej w Polsce, cho\u0107 ju\u017c okrojonej granicami i odci\u0119tej od tkaczek z Kres\u00f3w.<\/p>\n<p>Symbol tkactwa dwuosnowowego w W\u0119growie to siostra Dominika Bujnowska (1903-1989), kt\u00f3ra uczyni\u0142a z tego rzemios\u0142a prawdziw\u0105 sztuk\u0119 i przekaza\u0142a swoje umiej\u0119tno\u015bci kolejnym pokoleniom tkaczek na Ziemi W\u0119growskiej. Dominika Bujnowska pozna\u0142a technik\u0119 dwuosnowow\u0105 w latach 1931-33, kiedy mieszka\u0142a w domu zakonnym w Sok\u00f3\u0142ce. Ju\u017c jako m\u0142oda dziewczyna, urodzona na Podlasiu, zajmowa\u0142a si\u0119 tkactwem na potrzeby rodziny i s\u0105siad\u00f3w. Wykonywa\u0142a lniane p\u0142\u00f3tna, r\u0119czniki i obrusy, a tajniki tkactwa przekaza\u0142a jej matka. Ca\u0142y czas rozwija\u0142a swoje umiej\u0119tno\u015bci, zw\u0142aszcza w tkaniu podw\u00f3jnym.<\/p>\n<p>W 1949 roku Dominika Bujnowska pozna\u0142a Zofi\u0119 Tomrle, znawczyni\u0119 sztuki ludowej i instruktork\u0119 przedwojenn\u0105. Wraz z lokalnymi tkaczkami Zofia Tomrle i Hanna Roguska za\u0142o\u017cy\u0142y w 1946 roku Podlask\u0105 Sp\u00f3\u0142dzielni\u0119 Sztuki i Przemys\u0142u Ludowego. Trzy lata p\u00f3\u017aniej, po utworzeniu Centrali Przemys\u0142u Ludowego i Artystycznego, w\u0119growska sp\u00f3\u0142dzielnia wesz\u0142a w jej sk\u0142ad i sta\u0142a si\u0119 Podlask\u0105 Sp\u00f3\u0142dzielni\u0105 Pracy R\u0119kodzie\u0142a Ludowego i Artystycznego w W\u0119growie.<\/p>\n<p>Po latach wojennej zawieruchy i przerwy w tkaniu, to Zofia Tomrle nam\u00f3wi\u0142a Dominik\u0119 Bujnowsk\u0105 do powrotu do tkactwa dwuosnowowego. Bujnowska stworzy\u0142a nowy rodzaj tkanin przeznaczonych wy\u0142\u0105cznie do dekoracji \u015bcian, a nie do tradycyjnego przykrywania \u0142\u00f3\u017cka czy o\u0142tarza. Jej styl tkanin zach\u0119ci\u0142 inne tkaczki z w\u0119growskiej sp\u00f3\u0142dzielni do podj\u0119cia w\u0142asnych pr\u00f3b. Tkackie obrazy sta\u0142y si\u0119 charakterystyczn\u0105 cech\u0105 tego lokalnego o\u015brodka tkackiego.<br \/>Styl tkanin opracowany przez Dominik\u0119 Bujnowsk\u0105 inspirowa\u0142 r\u00f3wnie\u017c inne tkaczki z W\u0119growa.<\/p>\n<p>Tkackie obrazy sta\u0142y si\u0119 wyr\u00f3\u017cnikiem tego lokalnego o\u015brodka tkackiego. Bujnowska nie tylko tworzy\u0142a tkaniny dwuosnowowe, ale zach\u0119ca\u0142a inne tkaczki do kontynuowania jej pracy. Najwybitniejsz\u0105 uczennic\u0105 Bujnowskiej by\u0142a Halina Fijo\u0142ek, nauczycielka Ma\u0142gorzaty Pep\u0142owskiej (z domu Rychlik), pracownica cepeliowskiej sp\u00f3\u0142dzielni w W\u0119growie do 1994 roku. Po rozwi\u0105zaniu sp\u00f3\u0142dzielnia Ma\u0142gorzata Pep\u0142owska, odkupi\u0142a stare krosna i rozpocz\u0119\u0142a prac\u0119 na w\u0142asny rachunek. Do przej\u015bcia na emerytur\u0119 w 2020 roku pracowa\u0142a tak\u017ce w Miejskiej Bibliotece Publicznej w W\u0119growie, gdzie z czasem powsta\u0142o ma\u0142e Muzeum Tkaniny Podlaskiej. Tam tka\u0142a nowe tkaniny, prowadzi\u0142a zaj\u0119cia dla dzieci i warsztaty dla doros\u0142ych. Nast\u0119pnie, w 2010 roku przenios\u0142a swoje krosna do swojej pracowni w Ruchnej. Tam nadal kontynuuje tkanie tkanin dwuosnowowych i dzieli si\u0119 swoj\u0105 wiedz\u0105 i umiej\u0119tno\u015bciami z kolejnym pokoleniem tkaczek.<\/p>\n<p>&nbsp;<\/p>\n<p><img loading=\"lazy\" decoding=\"async\" src=\"https:\/\/niematerialne.nid.pl\/wp-content\/uploads\/2023\/09\/Tkactwo-dwuosnowowe-powiatu-wegrowskiego-fot.-Pawel-Czarnecki.jpg\" width=\"561\" height=\"361\" \/><\/p>\n<p>[\/et_pb_toggle][et_pb_toggle title=&#8221;85. Tradycyjna hodowla i loty go\u0142\u0119bi pocztowych  |  Traditional breeding and flying of racing pigeons&#8221; open_toggle_text_color=&#8221;#e52330&#8243; _builder_version=&#8221;4.16&#8243; _module_preset=&#8221;default&#8221; title_font=&#8221;|600|||||||&#8221; closed_title_font=&#8221;|600|||||||&#8221; closed_title_font_size=&#8221;14px&#8221; min_height=&#8221;26px&#8221; custom_margin=&#8221;1px||4px||false|false&#8221; global_colors_info=&#8221;{}&#8221;]<\/p>\n<p style=\"text-align: right;\">Data wpisu na list\u0119: <strong>12 wrze\u015bnia 2023<\/strong><\/p>\n<p>&nbsp;<\/p>\n<p><img loading=\"lazy\" decoding=\"async\" src=\"https:\/\/niematerialne.nid.pl\/wp-content\/uploads\/2023\/09\/Tradycyjna-hodowla-i-loty-golebi-pocztowych-Polski-Zwiazek-Hodowcow-Golebi-Pocztowych.jpg\" width=\"422\" height=\"356\" \/>\u00a0 \u00a0<\/p>\n<p>Umiej\u0119tno\u015bci go\u0142\u0119bi pocztowych, w ukierunkowanych lotach i powroty do rodzinnego go\u0142\u0119bnika, znane by\u0142y ju\u017c od staro\u017cytno\u015bci. Ptaki te, wyr\u00f3\u017cniaj\u0105 si\u0119 nie tylko szybkim i wytrwa\u0142ym lotem, ale tak\u017ce niesamowit\u0105 orientacj\u0105 i zdolno\u015bci\u0105 do powrotu do gniazda. Maj\u0105 tak\u017ce niezwyk\u0142\u0105 pami\u0119\u0107 przestrzenn\u0105, kt\u00f3rej mechanizmy wci\u0105\u017c nie s\u0105 ca\u0142kowicie zbadane. Wed\u0142ug naukowc\u00f3w, kluczowymi czynnikami wp\u0142ywaj\u0105cymi na ich nawigacyjne zdolno\u015bci s\u0105: orientacja s\u0142oneczna, pole magnetyczne, zapami\u0119tywanie trasy oraz zdolno\u015b\u0107 do rozpoznawania kierunk\u00f3w wzrokowo i wyczuwanie zapach\u00f3w.<\/p>\n<p>Go\u0142\u0119bie pocztowe zosta\u0142y udomowione prawdopodobnie w neolicie. Pierwsze wizerunki go\u0142\u0119bi i ludzi pochodz\u0105 z oko\u0142o 5000 lat p.n.e. &#8211; odkryto je na glinianych tabliczkach mieszka\u0144c\u00f3w Mezopotamii.<br \/>Go\u0142\u0119bie pocztowe by\u0142y niegdy\u015b najszybszym i najbardziej niezawodnym \u015brodkiem komunikacji, a\u017c do wynalezienia telegrafu w 1833 roku. W Polsce pierwsza go\u0142\u0119bia poczta powsta\u0142a w Zamo\u015bciu w XVI wieku. Hetman Jan Zamoyski, przebywaj\u0105c we W\u0142oszech zetkn\u0105\u0142 si\u0119 z wykorzystywaniem go\u0142\u0119bi do komunikacji.<\/p>\n<p>Go\u0142\u0119bie pocztowe by\u0142y tak\u017ce wykorzystywane podczas wojen do przekazywania wa\u017cnych meldunk\u00f3w. By\u0142y r\u00f3wnie\u017c wykorzystywane do wykonywania lotniczych zdj\u0119\u0107 na potrzeby wojska, wyposa\u017cone w lekk\u0105 zbroj\u0119 plastikow\u0105 i aparat fotograficzny z samowyzwalaczem. Podczas I wojny \u015bwiatowej go\u0142\u0119bie pocztowe by\u0142y cz\u0119sto jedynym \u015brodkiem komunikacji mi\u0119dzy oddzia\u0142ami na d\u0142u\u017cszych pozycjach obronnych.<\/p>\n<p>Pierwsze stowarzyszenia hodowc\u00f3w go\u0142\u0119bi na G\u00f3rnym \u015al\u0105sku powsta\u0142y ju\u017c na pocz\u0105tku XX wieku. W Zabrzu zwi\u0105zek hodowc\u00f3w zosta\u0142 za\u0142o\u017cony w 1905 roku, a w Chorzowie (dawniej Kr\u00f3lewskiej Hucie) pierwszy zwi\u0105zek zosta\u0142 zarejestrowany w 1911 roku. Po odzyskaniu niepodleg\u0142o\u015bci w Polsce, pierwsze polskie stowarzyszenie hodowc\u00f3w go\u0142\u0119bi powsta\u0142o w Grudzi\u0105dzu w 1920 roku. W latach 1920-1925 hodowcy go\u0142\u0119bi w Polsce byli zorganizowani w 10 okr\u0119gach, a najdynamiczniejszy rozw\u00f3j mia\u0142 miejsce w okr\u0119gu pi\u0105tym, obejmuj\u0105cym wojew\u00f3dztwa kieleckie, krakowskie i \u015bl\u0105skie. Osobna organizacja \u015bl\u0105ska zacz\u0119\u0142a si\u0119 kszta\u0142towa\u0107 dopiero po zako\u0144czeniu kszta\u0142towania granic po powstaniach \u015bl\u0105skich, w 1921 roku.<\/p>\n<p>Polski Zwi\u0105zek Hodowc\u00f3w Go\u0142\u0119bi Pocztowych jest pierwsz\u0105 i jedyn\u0105 og\u00f3lnopolsk\u0105 organizacj\u0105 hodowc\u00f3w w historii naszego kraju. Powstawa\u0142 razem z odradzaj\u0105c\u0105 si\u0119 Polsk\u0105.<\/p>\n<p>Dzieje powstania PZHGP zwi\u0105zane s\u0105 z Wojskiem Polskim. W 1928 r. patronat nad Zwi\u0105zkiem obj\u0105\u0142 Marsza\u0142ek J\u00f3zef Pi\u0142sudski, a Prezesem Zjednoczenia Polskich Stowarzysze\u0144 Hodowc\u00f3w Go\u0142\u0119bi Pocztowych (do kt\u00f3rego nale\u017ca\u0142o 239 towarzystw z ca\u0142ego kraju), by\u0142 wybitny polski genera\u0142 Tadeusz Rozwadowski. Uchwalono tak\u017ce ustaw\u0119 reguluj\u0105c\u0105 hodowl\u0119 go\u0142\u0119bi, kt\u00f3ra umo\u017cliwi\u0142a nadanie jej podstaw prawnych. Warto zaznaczy\u0107, \u017ce zgodnie z t\u0105 ustaw\u0105 hodowc\u0105 go\u0142\u0119bi pocztowych m\u00f3g\u0142 by\u0107 tylko obywatel Polski, kt\u00f3ry otrzyma\u0142 odpowiednie zezwolenie od w\u0142adz administracyjnych.<\/p>\n<p>Opr\u00f3cz hodowc\u00f3w cywilnych, istnia\u0142y tak\u017ce hodowle do\u015bwiadczalne i wojskowe, w tym ruchome go\u0142\u0119bniki zdolne do przemieszczania si\u0119 za lini\u0105 frontu. Hodowcy zar\u00f3wno w cywilu, jak i w mundurach wsp\u00f3\u0142pracowali nad doskonaleniem metod hodowli, treningu go\u0142\u0119bi oraz badaniem ich mo\u017cliwo\u015bci.<\/p>\n<p>Podczas II wojny \u015bwiatowej go\u0142\u0119bie pocztowe w Polsce, ze wzgl\u0119du na ich unikalne umiej\u0119tno\u015bci, by\u0142y masowo zwalczane przez nazist\u00f3w. Niemieccy okupanci zakazywali Polakom hodowli go\u0142\u0119bi &#8211; uznawano to bowiem za szpiegostwo, za co grozi\u0142a kara \u015bmierci. Niemniej, hodowle go\u0142\u0119bi na \u015al\u0105sku, kt\u00f3ry by\u0142 traktowany jako cz\u0119\u015b\u0107 Rzeszy Niemieckiej, przetrwa\u0142y wojn\u0119 i sta\u0142y si\u0119 baz\u0105 dla odtworzenia hodowli po wojnie.<br \/>Po II wojnie \u015bwiatowej przyst\u0105piono do odbudowy polskich hodowli go\u0142\u0119bi pocztowych. Mi\u0142o\u015bnicy tych ptak\u00f3w odbudowali go\u0142\u0119bniki i zasiedlali je, chocia\u017c w okresie stalinowskim i wczesnego PRL hodowla wymaga\u0142a zezwolenia. Pomimo trudno\u015bci, tradycja hodowli go\u0142\u0119bi przetrwa\u0142a. Odtworzono struktury zwi\u0105zkowe, wybudowano Dom Zwi\u0105zkowy w Chorzowie w Parku Kultury i Wypoczynku.<\/p>\n<p>W czasach mi\u0119dzywojennych hodowla go\u0142\u0119bi pocztowych by\u0142a \u015bci\u015ble zwi\u0105zana z wojskiem, ale w Polsce po II wojnie \u015bwiatowej nabra\u0142a charakteru sportowego. Organizowano zawody, wystawy i kultywowano tradycje \u015brodowiskowe. Tworzone by\u0142y nowe sekcje i oddzia\u0142y w ramach okr\u0119g\u00f3w. Pracowano nad doskonaleniem metod hodowli, rozwijaniem opieki medycznej nad ptakami oraz wprowadzaniem rozwi\u0105za\u0144 poprawiaj\u0105cych ich dobrostan zar\u00f3wno w go\u0142\u0119bnikach, jak i podczas transportu. Polski Zwi\u0105zek Hodowc\u00f3w Go\u0142\u0119bi Pocztowych by\u0142 gospodarzem czterech Olimpiad Go\u0142\u0119bi Pocztowych, na kt\u00f3re przyje\u017cd\u017ca\u0142y reprezentacje go\u0142\u0119bi z kilkudziesi\u0119ciu kraj\u00f3w.<\/p>\n<p>Wsp\u00f3\u0142cze\u015bnie Polski Zwi\u0105zek Hodowc\u00f3w Go\u0142\u0119bi Pocztowych zrzesza ponad 40 000 hodowc\u00f3w. Jest on cz\u0142onkiem Federation Colombophile Internationale (FCI) z siedzib\u0105 w Brukseli. Obecna siedziba Zarz\u0105du G\u0142\u00f3wnego PZHGP znajduje si\u0119 w Domu Zwi\u0105zkowym w Orzeszu. Nadal publikowany jest specjalistyczny miesi\u0119cznik &#8220;Hodowca Go\u0142\u0119bi Pocztowych&#8221; w wersji papierowej, a od 2020 roku dost\u0119pna jest tak\u017ce edycja internetowa gazety. Jest to jedyna pe\u0142nowymiarowa gazeta po\u015bwi\u0119cona hodowli i lotom go\u0142\u0119bi pocztowych w Europie.<\/p>\n<p><img loading=\"lazy\" decoding=\"async\" src=\"https:\/\/niematerialne.nid.pl\/wp-content\/uploads\/2023\/09\/Tradycyjna-hodowla-i-loty-golebi-pocztowych-fot.-Joanna-Banik-NID.jpg\" width=\"561\" height=\"356\" \/><\/p>\n<p>[\/et_pb_toggle][et_pb_text _builder_version=&#8221;4.23.1&#8243; _module_preset=&#8221;default&#8221; custom_margin=&#8221;25px||8px||false|false&#8221; custom_padding=&#8221;||0px|||&#8221; global_colors_info=&#8221;{}&#8221;]<\/p>\n<h5><span style=\"color: #e52330;\"><strong>2024<\/strong><\/span><\/h5>\n<p>[\/et_pb_text][et_pb_toggle title=&#8221;86. Poch\u00f3d inauguracyjny Uniwersytetu Jagiello\u0144skiego&#8221; open_toggle_text_color=&#8221;#e52330&#8243; _builder_version=&#8221;4.27.4&#8243; _module_preset=&#8221;default&#8221; title_font=&#8221;|600|||||||&#8221; closed_title_font=&#8221;|600|||||||&#8221; closed_title_font_size=&#8221;14px&#8221; min_height=&#8221;26px&#8221; custom_margin=&#8221;1px||4px||false|false&#8221; global_colors_info=&#8221;{}&#8221;]<\/p>\n<p style=\"text-align: right;\">Data wpisu na list\u0119: <strong>29 stycznia 2024<\/strong><\/p>\n<p><img loading=\"lazy\" decoding=\"async\" src=\"https:\/\/niematerialne.nid.pl\/wp-content\/uploads\/2024\/02\/Pochod-inauguracyjny-Uniwersytetu-Jagiellonskiego_6-scaled.jpg\" width=\"560\" height=\"371\" \/>\u00a0 \u00a0 <img loading=\"lazy\" decoding=\"async\" src=\"https:\/\/niematerialne.nid.pl\/wp-content\/uploads\/2024\/02\/Pochod-inauguracyjny-Uniwersytetu-Jagiellonskiego_7-scaled.jpg\" width=\"454\" height=\"341\" \/><\/p>\n<p>Przez wieki wiele z wydarze\u0144 na uniwersytetach mia\u0142o charakter ceremonii, takich jak ustanowienie nowych rektor\u00f3w, celebracja przyj\u0119cia nowych profesor\u00f3w do kolegi\u00f3w czy promocje na stopnie naukowe. W XIX wieku wprowadzono r\u00f3wnie\u017c uroczyste inauguracje roku akademickiego, obchodzone na pocz\u0105tku pa\u017adziernika. Do dzi\u015b w Krakowie nieod\u0142\u0105cznym elementem tych ceremonii jest poch\u00f3d profesor\u00f3w w tradycyjnych togach, kt\u00f3ry wyrusza z Collegium Maius na miejsce g\u0142\u00f3wnej uroczysto\u015bci.<\/p>\n<p>Jeden z najstarszych znanych opis\u00f3w tego pochodu opisuje inauguracj\u0119 otwarcia gmachu Collegium Novum w 1887 roku, kiedy to cz\u0142onkowie Senatu Akademickiego zbierali si\u0119 w Sali Senackiej. Nast\u0119pnie, ubrani w togi, udawali si\u0119 w porz\u0105dku hierarchicznym do kolegiaty \u015bw. Anny. Najwa\u017cniejsi szli na ko\u0144cu, a orszak zamyka\u0142 rektor. Pocz\u0105tkowo poch\u00f3d by\u0142 niewielki, podobnie jak sam Senat, kt\u00f3ry sk\u0142ada\u0142 si\u0119 z zaledwie trzech przedstawicieli z czterech wydzia\u0142\u00f3w.<\/p>\n<p>Obecnie w pochodzie uczestnicz\u0105 przedstawiciele, wszystkich szesnastu wydzia\u0142\u00f3w uczelni, a ka\u017cdy profesor nosi tog\u0119 o kolorze symbolizuj\u0105cym jego wydzia\u0142 (np. br\u0105zowy dla Wydzia\u0142u Zarz\u0105dzania i Komunikacji Spo\u0142ecznej, zielony dla Wydzia\u0142u Biologii, \u017c\u00f3\u0142ty dla Wydzia\u0142u Chemii). Przed ka\u017cdym wydzia\u0142em i przed rektorem idzie wyznaczony pedel, zwykle zwi\u0105zany zawodowo z dan\u0105 jednostk\u0105. Pedel niesie ber\u0142o wydzia\u0142owe lub rektorskie, tak\u017ce ubrany w odpowiedni\u0105 tog\u0119 zgodnie z pe\u0142nion\u0105 rol\u0105 w pochodzie.<\/p>\n<p>Jak przed wiekami, tak i dzi\u015b inauguracj\u0119 nowego roku akademickiego poprzedza msza \u015bwi\u0119ta w kolegiacie \u015bw. Anny oraz uroczysty poch\u00f3d profesor\u00f3w z Collegium Maius do Auditorium Maximum, miejsca corocznej immatrykulacji student\u00f3w. Poch\u00f3d zatrzymuje si\u0119 tak\u017ce pod D\u0119bem Wolno\u015bci przed g\u0142\u00f3wnym budynkiem uczelni \u2013 Collegium Novum, gdzie rektor sk\u0142ada wieniec. Uroczysto\u015b\u0107 otwierana jest pie\u015bni\u0105 \u201eGaude Mater Polonia\u201d w wykonaniu Ch\u00f3ru Akademickiego UJ \u201eCamerata Iagellonica\u201d. W trakcie uroczysto\u015bci rektor Uniwersytetu Jagiello\u0144skiego wyg\u0142asza mow\u0119 inauguracyjn\u0105, zako\u0144czon\u0105 tradycyjn\u0105 formu\u0142\u0105: \u201eQuod felix, faustum, fortunatumque sit\u201d (Oby by\u0142o szcz\u0119\u015bliwie, pomy\u015blnie i z powodzeniem) na rozpocz\u0119cie nowego roku akademickiego. Po immatrykulacji odbywa si\u0119 pierwszy inauguracyjny wyk\u0142ad w danym roku akademickim, wyg\u0142oszony przez wybranego profesora z Uniwersytetu Jagiello\u0144skiego.<\/p>\n<p><img loading=\"lazy\" decoding=\"async\" src=\"https:\/\/niematerialne.nid.pl\/wp-content\/uploads\/2024\/02\/Pochod-inauguracyjny-Uniwersytetu-Jagiellonskiego_1-scaled.jpg\" width=\"359\" height=\"515\" \/>\u00a0 \u00a0\u00a0 <img loading=\"lazy\" decoding=\"async\" src=\"https:\/\/niematerialne.nid.pl\/wp-content\/uploads\/2024\/02\/Pochod-inauguracyjny-Uniwersytetu-Jagiellonskiego_5-scaled.jpg\" width=\"359\" height=\"515\" \/>\u00a0 \u00a0\u00a0 <img loading=\"lazy\" decoding=\"async\" src=\"https:\/\/niematerialne.nid.pl\/wp-content\/uploads\/2024\/02\/Pochod-inauguracyjny-Uniwersytetu-Jagiellonskiego_4-scaled.jpg\" width=\"359\" height=\"515\" \/><\/p>\n<p>[\/et_pb_toggle][et_pb_toggle title=&#8221;87. Procesja z figurami podczas odpustu \u015bw. Rocha w Dobrzeniu Wielkim&#8221; open_toggle_text_color=&#8221;#e52330&#8243; _builder_version=&#8221;4.23.1&#8243; _module_preset=&#8221;default&#8221; title_font=&#8221;|600|||||||&#8221; closed_title_font=&#8221;|600|||||||&#8221; closed_title_font_size=&#8221;14px&#8221; min_height=&#8221;26px&#8221; custom_margin=&#8221;1px||4px||false|false&#8221; global_colors_info=&#8221;{}&#8221;]<\/p>\n<p style=\"text-align: right;\">\u00a0 \u00a0Data wpisu na list\u0119: <strong>29 stycznia 2024<\/strong><\/p>\n<p>&nbsp;<\/p>\n<p><img loading=\"lazy\" decoding=\"async\" src=\"https:\/\/niematerialne.nid.pl\/wp-content\/uploads\/2024\/02\/Procesja-z-figurami-podczas-odpustu-sw.-Rocha-w-Dobrzeniu-Wielkim-Niewodniki-1.jpg\" width=\"454\" height=\"341\" \/>\u00a0 \u00a0 <img loading=\"lazy\" decoding=\"async\" src=\"https:\/\/niematerialne.nid.pl\/wp-content\/uploads\/2024\/02\/Procesja-z-figurami-podczas-odpustu-sw.-Rocha-w-Dobrzeniu-Wielkim-Popielow1950-scaled.jpg\" width=\"500\" height=\"376\" \/>\u00a0 \u00a0 \u00a0 <img loading=\"lazy\" decoding=\"async\" src=\"https:\/\/niematerialne.nid.pl\/wp-content\/uploads\/2024\/02\/Procesja-z-figurami-podczas-odpustu-sw.-Rocha-w-Dobrzeniu-Wielkim-Niewodniki-2.jpg\" width=\"219\" height=\"337\" \/><\/p>\n<p>Podczas uroczysto\u015bci odpustowych \u015bw. Rocha w Dobrzeniu Wielkim, procesja z figurami stanowi centralny punkt obchod\u00f3w. Miejscowy ko\u015bci\u00f3\u0142 przyci\u0105ga, co roku pielgrzym\u00f3w z pobliskich miejscowo\u015bci, modl\u0105cych si\u0119 o zdrowie, urodzajne plony i opiek\u0119 nad inwentarzem. \u015awi\u0119ty Roch, jak podaj\u0105 p\u0105tnicy z Fa\u0142kowic, by\u0142 dla ich przodk\u00f3w or\u0119downikiem w czasie zarazy i chor\u00f3b. Jest te\u017c patronem byd\u0142a i pasterzy.<\/p>\n<p>Odpust ku czci \u015bw. Rocha, pierwotnie obchodzony 16 sierpnia, zosta\u0142 przeniesiony na niedziel\u0119 po tej dacie po II wojnie \u015bwiatowej. Tradycyjnie, w dniu odpustu, liczne procesje wiernych z miejscowo\u015bci takich jak Popiel\u00f3w, S\u0142awice, Niewodniki, \u0141ubniany, Chr\u00f3\u015bcice i Fa\u0142kowice, przybywaj\u0105 do Dobrzenia Wielkiego. Pielgrzymi z Fa\u0142kowic wyruszaj\u0105 pieszo ju\u017c w sobot\u0119, nios\u0105c figur\u0119 \u015bw. Rocha przez ca\u0142\u0105 drog\u0119. Po dotarciu do Dobrzenia Wielkiego, s\u0105 witani na wiadukcie i wprowadzani na teren ko\u015bcio\u0142a przy akompaniamencie orkiestry d\u0119tej. Pierwsze Wielkie Nieszpory rozpoczynaj\u0105 si\u0119 dopiero po iprzybyciu pielgrzym\u00f3w z Fa\u0142kowic, kontynuuj\u0105cych swoj\u0105 tradycj\u0119 pielgrzymowania od oko\u0142o 300 lat.<\/p>\n<p>Popiel\u00f3w z kolei, do\u0142\u0105cza do uroczysto\u015bci w niedziel\u0119, zachowuj\u0105c tradycj\u0119 pielgrzymek z przed II wojny \u015bwiatowej. Procesje z Niewodnik przyci\u0105ga uwag\u0119 najwi\u0119ksz\u0105 niesion\u0105 figur\u0105, kt\u00f3r\u0105 niesie o\u015bmiu m\u0119\u017cczyzn. Pierwotnie jednak pielgrzymka z Niewodnik odbywa\u0142a si\u0119 promem przez rzek\u0119 Odr\u0119.<\/p>\n<p>Przebieg uroczystej procesji kszta\u0142tuje si\u0119 w nast\u0119puj\u0105cy spos\u00f3b: po zako\u0144czeniu Mszy \u015bw. przed b\u0142ogos\u0142awie\u0144stwem ko\u0144cowym tworzy si\u0119 procesja, a jej uk\u0142ad, jest zakorzeniony w tradycji od wiek\u00f3w. Na czele ustawi si\u0119 krzy\u017c procesyjny, za nim znajduje si\u0119 pierwsza grupa nios\u0105ca figur\u0119 \u015bw. Rocha z Dobrzenia Wielkiego oraz reprezentacje z innych miejscowo\u015bci, a za nimi m\u0119\u017cczy\u017ani. Kolejno do\u0142\u0105czaj\u0105 poczty sztandarowe, siostry zakonne, ministranci, orkiestra, duchowie\u0144stwo, ministranci z dzwonkami i kadzid\u0142em oraz duchowny nios\u0105cy monstrancj\u0119 i zamykaj\u0105ce kolumn\u0119 kobiety.<\/p>\n<p>Uformowana w ten spos\u00f3b procesja przechodzi wzd\u0142u\u017c parkanu ko\u015bcielnego. Na zako\u0144czenie zebrani pielgrzymi \u015bpiewaj\u0105 uroczyste Te Deum Laudamus oraz udzielane jest b\u0142ogos\u0142awie\u0144stwo Naj\u015bwi\u0119tszym Sakramentem.<br \/>Po zako\u0144czeniu uroczysto\u015bci, orkiestra d\u0119ta daje kr\u00f3tki koncert, a grupy z figurami rozchodz\u0105 si\u0119 do swoich dom\u00f3w. Dodatkowo, uroczysto\u015bci odpustowe s\u0105 okazj\u0105 do koncert\u00f3w orkiestr d\u0119tych i prezentacji regionalnych stroj\u00f3w. Nie brakuje te\u017c kolorowych stragan\u00f3w oferuj\u0105cych regionalne przysmaki, takie jak makrony, oblaty czy szkloki. Wszystko to tworzy wyj\u0105tkow\u0105 atmosfer\u0119 tego wydarzenia.<\/p>\n<p><img loading=\"lazy\" decoding=\"async\" src=\"https:\/\/niematerialne.nid.pl\/wp-content\/uploads\/2024\/02\/Procesja-z-figurami-podczas-odpustu-sw.-Rocha-w-Dobrzeniu-Wielkim-Lubniany-scaled.jpg\" width=\"405\" height=\"304\" \/>\u00a0 \u00a0 <img loading=\"lazy\" decoding=\"async\" src=\"https:\/\/niematerialne.nid.pl\/wp-content\/uploads\/2024\/02\/Procesja-z-figurami-podczas-odpustu-sw.-Rocha-w-Dobrzeniu-Wielkim-Niewodniki3-scaled.jpg\" width=\"454\" height=\"341\" \/><\/p>\n<p>[\/et_pb_toggle][et_pb_toggle title=&#8221;88. \u015awi\u0119to Ogniowe w \u017borach&#8221; open_toggle_text_color=&#8221;#e52330&#8243; _builder_version=&#8221;4.23.1&#8243; _module_preset=&#8221;default&#8221; title_font=&#8221;|600|||||||&#8221; closed_title_font=&#8221;|600|||||||&#8221; closed_title_font_size=&#8221;14px&#8221; min_height=&#8221;26px&#8221; custom_margin=&#8221;1px||4px||false|false&#8221; global_colors_info=&#8221;{}&#8221;]<\/p>\n<p style=\"text-align: right;\">Data wpisu na list\u0119: <strong>29 stycznia 2024<\/strong><\/p>\n<p>&nbsp;<\/p>\n<p><img loading=\"lazy\" decoding=\"async\" src=\"https:\/\/niematerialne.nid.pl\/wp-content\/uploads\/2024\/02\/Swieto-Ogniowe-w-Zorach-kronika-paraf.1981-1.jpg\" width=\"454\" height=\"341\" \/>\u00a0 \u00a0\u00a0 <img loading=\"lazy\" decoding=\"async\" src=\"https:\/\/niematerialne.nid.pl\/wp-content\/uploads\/2024\/02\/Swieto-Ogniowe-w-Zorach-kronika-paraf.1981-2.jpg\" width=\"454\" height=\"341\" \/><\/p>\n<p>Historia \u017bor zaznaczona jest licznymi po\u017carami. W wielu historycznych opracowaniach cz\u0119sto podkre\u015bla si\u0119, \u017ce s\u0142owo &#8220;\u017car&#8221; stanowi \u017ar\u00f3d\u0142os\u0142\u00f3w nazwy miasta.<\/p>\n<p>Po jednym z po\u017car\u00f3w, kt\u00f3ry mia\u0142 miejsce 11 maja 1702 roku, mieszka\u0144cy \u017bor z\u0142o\u017cyli uroczyst\u0105 obietnic\u0119, \u017ce co roku b\u0119d\u0105 celebrowa\u0107 \u015awi\u0119to Ogniowe. Tego dnia po\u017car wybuch\u0142 p\u00f3\u0142 godziny przed p\u00f3\u0142noc\u0105. Ca\u0142e budynki w otoczeniu rynku uleg\u0142y zniszczeniu. W wyniku tragedii zgin\u0105\u0142 \u00f3wczesny burmistrz, a razem z nim jego g\u0142\u00f3wny rywal w mie\u015bcie, kt\u00f3ry pospieszy\u0142 mu na pomoc.<\/p>\n<p>\u015alubowanie, z\u0142o\u017cone przez mieszka\u0144c\u00f3w \u017bor w 1702 roku, jest sumiennie przestrzegane do dzi\u015b. Pocz\u0105tkowo, procesje prawdopodobnie przemierza\u0142y w\u0105skie uliczki wzd\u0142u\u017c istniej\u0105cych w\u00f3wczas mur\u00f3w obronnych, kt\u00f3re odpowiadaj\u0105 dzisiejszym ulicom Garncarskiej, Bramkowej i Murarskiej. Augustyn Weltzel, autor pierwszej historii miasta (opublikowanej w j\u0119zyku niemieckim w 1888 roku), opisywa\u0142 dziewi\u0119tnastowieczne uroczysto\u015bci zwi\u0105zane z obchodami \u015awi\u0119ta. Poprzedzane by\u0142y one nabo\u017ce\u0144stwem, po kt\u00f3rym procesja kierowa\u0142a si\u0119 na Rynek, gdzie na jego czterech rogach odbywa\u0142o si\u0119 b\u0142ogos\u0142awie\u0144stwo monstrancj\u0105 z Naj\u015bwi\u0119tszym Sakramentem. W czasie procesji na czele maszerowali mieszka\u0144cy wraz z w\u0142adzami miejskimi.<\/p>\n<p>\u015awi\u0119to Ogniowe w spos\u00f3b szczeg\u00f3lny obchodzono w okresie dwudziestolecia mi\u0119dzywojennego. Dzie\u0144 ten by\u0142 wolny od pracy. Poranne nabo\u017ce\u0144stwo mia\u0142o miejsce w ko\u015bciele parafialnym \u015awi\u0119tych Aposto\u0142\u00f3w Filipa i Jakuba, po kt\u00f3rym wyrusza\u0142a procesja na Rynek. M\u0142odzie\u017c i dzieci maszerowa\u0142y na czele, a za nimi sz\u0142a orkiestra miejska i rzemie\u015blnicy z cechowymi sztandarami. Pod baldachimem szed\u0142 proboszcz z monstrancj\u0105, a za nim burmistrz miasta ze wsp\u00f3\u0142pracownikami, a nast\u0119pnie mieszka\u0144cy. Po po\u0142udniu odbywa\u0142y si\u0119 festyny na wolnym powietrzu, trwaj\u0105ce do p\u00f3\u017anej nocy. Obchod\u00f3w uroczysto\u015bci nie zaprzestano podczas pierwszej wojny \u015bwiatowej.<\/p>\n<p>W okresie okupacji Niemcy zakazali procesji obawiaj\u0105c si\u0119 antyniemieckich protest\u00f3w. Mieszka\u0144cy w\u00f3wczas przepowiadali kl\u0119sk\u0119 po\u017caru, kt\u00f3ra si\u0119 spe\u0142ni\u0142a 24 marca 1945 roku, gdy \u017bory zosta\u0142y zniszczone w trakcie walk radziecko-niemieckich. Po\u017car spowodowany ostrza\u0142em artyleryjskim trwa\u0142 trzy dni, niszcz\u0105c 82 procent zabudowy miejskiej.<\/p>\n<p>Odbudowa \u017bor po wojnie trwa\u0142a d\u0142ugo, ale pierwsza procesja po wojnie odby\u0142a si\u0119 ju\u017c w roku 1946. W okresie walki w\u0142adzy ludowej z Ko\u015bcio\u0142em, obchody \u015awi\u0119ta Ogniowego w tradycyjnej formie zosta\u0142y przerwane. Dopiero w 1957 roku, po pa\u017adziernikowej odwil\u017cy, nowy proboszcz parafii, ks. dziekan Adam Bie\u017canowski, uzyska\u0142 zgod\u0119 na procesj\u0119 wok\u00f3\u0142 Rynku, kt\u00f3ra odbywa si\u0119 nieprzerwanie do dzi\u015b. W okresie PRL-u \u015awi\u0119to Ogniowe przekszta\u0142ci\u0142o si\u0119 w \u015bwi\u0119to ko\u015bcielne, z msz\u0105 i procesj\u0105 wieczorn\u0105. Jedynie Ochotnicza Stra\u017c Po\u017carna i organizacje rzemie\u015blnicze bra\u0142y udzia\u0142 w procesjach. W czasie stanu wojennego, \u00f3wczesne w\u0142adze nie zezwoli\u0142y na procesj\u0119 wok\u00f3\u0142 Rynku, wi\u0119c odby\u0142a si\u0119 ona wok\u00f3\u0142 ko\u015bcio\u0142a.<\/p>\n<p>Wsp\u00f3\u0142cze\u015bnie g\u0142\u00f3wn\u0105 uroczysto\u015b\u0107 \u015awi\u0119ta Ogniowego rozpoczyna msza \u015bwi\u0119ta celebrowane przez arcybiskupa metropolit\u0119 katowickiego. Udzia\u0142 w niej bior\u0105 liczne delegacje, w tym prezydent miasta, w\u00f3jtowie, burmistrzowie, radni, poczty sztandarowe, grupy zawodowe, organizacje pozarz\u0105dowe, oraz mieszka\u0144cy i tury\u015bci. Ko\u015bci\u00f3\u0142 jest dekorowany kwiatami w kolorach miejskiej flagi. Po mszy, o godzinie 21:00, procesja wyrusza z ko\u015bcio\u0142a, a jej uczestnicy nios\u0105 pochodnie i sztuczne ognie. Procesj\u0119 prowadzi krzy\u017c, za nim id\u0105 ministranci, orkiestra, kap\u0142ani, zakonnice, w\u0142adze miejskie, oraz mieszka\u0144cy. Po uroczysto\u015bciach religijnych, nast\u0119puje cz\u0119\u015b\u0107 \u015bwiecka, z koncertem na miejskim rynku.<\/p>\n<p><img loading=\"lazy\" decoding=\"async\" src=\"https:\/\/niematerialne.nid.pl\/wp-content\/uploads\/2024\/02\/Swieto-Ogniowe-w-Zorach-Rafal-Kalinowski4768.jpg\" width=\"454\" height=\"341\" \/>\u00a0 \u00a0 \u00a0<img loading=\"lazy\" decoding=\"async\" src=\"https:\/\/niematerialne.nid.pl\/wp-content\/uploads\/2024\/02\/Swieto-Ogniowe-w-Zorach-Rafal-Kalinowski5390.jpg\" width=\"454\" height=\"341\" \/>\u00a0 \u00a0 \u00a0<img loading=\"lazy\" decoding=\"async\" src=\"https:\/\/niematerialne.nid.pl\/wp-content\/uploads\/2024\/02\/Swieto-Ogniowe-w-Zorach-Rafal-Kalinowski5457.jpg\" width=\"454\" height=\"341\" \/><\/p>\n<p>[\/et_pb_toggle][et_pb_toggle title=&#8221;89. Warszawska pielgrzymka piesza na Jasn\u0105 G\u00f3r\u0119&#8221; open_toggle_text_color=&#8221;#e52330&#8243; _builder_version=&#8221;4.27.4&#8243; _module_preset=&#8221;default&#8221; title_font=&#8221;|600|||||||&#8221; closed_title_font=&#8221;|600|||||||&#8221; closed_title_font_size=&#8221;14px&#8221; min_height=&#8221;26px&#8221; custom_margin=&#8221;1px||4px||false|false&#8221; locked=&#8221;off&#8221; global_colors_info=&#8221;{}&#8221;]<\/p>\n<p style=\"text-align: right;\">Data wpisu na list\u0119: <strong>15 kwietnia 2024<\/strong><\/p>\n<p>Pielgrzymka warszawska to od pocz\u0105tku dzie\u0142o ludzi \u015bwieckich, skupionych wok\u00f3\u0142 Bractwa Pi\u0119ciora\u0144skiego i to tak naprawd\u0119 oni, a\u017c do okresu po II wojnie \u015bwiatowej byli odpowiedzialni nie tylko za jej stron\u0119 organizacyjn\u0105, ale tak\u017ce religijn\u0105. Pierwszym ksi\u0119dzem, kt\u00f3ry towarzyszy\u0142 pielgrzymce przez ca\u0142y czas na trasie, by\u0142 w 1945 roku ks. Stefan Batory.<\/p>\n<p>Tradycja pieszego pielgrzymowania z Warszawy na Jasn\u0105 G\u00f3r\u0119 ma swoje korzenie w XVIII wieku, konkretnie w roku 1711. W\u00f3wczas Bractwo Pi\u0119ciu Ran Chrystusa z warszawskiego ko\u015bcio\u0142a paulin\u00f3w postanowi\u0142o zorganizowa\u0107 w\u0119dr\u00f3wk\u0119, aby wyrazi\u0107 wdzi\u0119czno\u015b\u0107 Matce Bo\u017cej za ocalenie Warszawy przed epidemi\u0105 d\u017cumy w latach 1708-1711. W\u00f3wczas wyruszy\u0142o oko\u0142o 20 m\u0119\u017cczyzn, ofiaruj\u0105c srebrne wota jako podzi\u0119kowanie. Pielgrzymowanie kontynuowano w trudnych czasach stopniowej utraty niepodleg\u0142o\u015bci Rzeczypospolitej w XVIII wieku.<\/p>\n<p>Historia pielgrzymki pokazuje wytrwa\u0142o\u015b\u0107 pielgrzym\u00f3w, determinacj\u0119 i walk\u0119 z przeciwno\u015bciami. W czasach, kiedy Polski ju\u017c nie by\u0142o na mapie, uczestnictwo w niej by\u0142o wyrazem patriotycznego oddania i manifestacji polsko\u015bci. W okresie zabor\u00f3w pielgrzymka sta\u0142a si\u0119 symbolem wierno\u015bci i wdzi\u0119czno\u015bci wobec Matki Bo\u017cej Cz\u0119stochowskiej.<\/p>\n<p>Pocz\u0105wszy od 1950 roku Warszawska Pielgrzymka Piesza wyrusza\u0142a z odbudowanego ko\u015bcio\u0142a Ducha \u015awi\u0119tego, tradycyjnego miejsca wymarszu. Opiek\u0119 duszpastersk\u0105 nad p\u0105tnikami zapewniali ojcowie paulini, kt\u00f3rzy powr\u00f3cili do swego dawnego klasztoru w Warszawie w 1948 roku. Funkcj\u0119 kierownika pielgrzymki pe\u0142ni odt\u0105d ka\u017cdorazowo przeor warszawskiego konwentu paulin\u00f3w.<\/p>\n<p>W latach 60-tych pomimo zakazu zgromadze\u0144 religijnych, pielgrzymka odbywa\u0142a si\u0119 dzi\u0119ki staraniom organizator\u00f3w i wsparciu paulin\u00f3w. W okresie komunistycznym, pielgrzymom stawiano liczne przeszkody. Zwyczajem aparatu bezpiecze\u0144stwa by\u0142o stosowanie r\u00f3\u017cnych form represji (m.in. wy\u0142\u0105czanie energii elektrycznej w miejscowo\u015bciach noclegowych czy wzniecanie po\u017car\u00f3w, za kt\u00f3re win\u0105 obarczano pielgrzym\u00f3w, usuwanie towar\u00f3w ze sklepu czy zamykanie studni), kt\u00f3re wcale nie zniech\u0119ci\u0142y pielgrzym\u00f3w a wr\u0119cz\u00a0 przeciwnie, umacnia\u0142o to w nich ducha i ch\u0119\u0107 do dalszego pielgrzymowania.<\/p>\n<p>Podczas marszu wykonywano \u015bpiewy religijne, jak r\u00f3wnie\u017c codziennie odmawiano ca\u0142y r\u00f3\u017caniec i rozmaite koronki. Pielgrzymka nabra\u0142a charakteru swoistych rekolekcji w drodze od momentu, gdy w spos\u00f3b sta\u0142y zacz\u0119li towarzyszy\u0107 jej prezbiterzy. Ka\u017cda pielgrzymka idzie na Jasn\u0105 G\u00f3r\u0119 z wybranym has\u0142em, do kt\u00f3rego opracowywany jest program rozpisany na 9 dni.<\/p>\n<p>Chodzi si\u0119 ca\u0142ymi rodzinami, wielopokoleniowo. Na pocz\u0105tku wiele os\u00f3b chodzi\u0142o jako m\u0142odzi ludzie, p\u00f3\u017aniej jako ma\u0142\u017ce\u0144stwa, potem z dzie\u0107mi, a teraz z wnukami. Jest bardzo wiele rodzin, kt\u00f3re chodz\u0105 w trzy pokolenia.<\/p>\n<p>\n\t\t<style type=\"text\/css\">\n\t\t\t#gallery-1 {\n\t\t\t\tmargin: auto;\n\t\t\t}\n\t\t\t#gallery-1 .gallery-item {\n\t\t\t\tfloat: left;\n\t\t\t\tmargin-top: 10px;\n\t\t\t\ttext-align: center;\n\t\t\t\twidth: 25%;\n\t\t\t}\n\t\t\t#gallery-1 img {\n\t\t\t\tborder: 2px solid #cfcfcf;\n\t\t\t}\n\t\t\t#gallery-1 .gallery-caption {\n\t\t\t\tmargin-left: 0;\n\t\t\t}\n\t\t\t\/* see gallery_shortcode() in wp-includes\/media.php *\/\n\t\t<\/style>\n\t\t<div id='gallery-1' class='gallery galleryid-5387 gallery-columns-4 gallery-size-large'><dl class='gallery-item'>\n\t\t\t<dt class='gallery-icon landscape'>\n\t\t\t\t<a href='https:\/\/niematerialne.nid.pl\/wp-content\/uploads\/2025\/01\/Warszawska-pielgrzymka-piesza-na-Jasna-Gore_01.jpg'><img loading=\"lazy\" decoding=\"async\" width=\"1024\" height=\"683\" src=\"https:\/\/niematerialne.nid.pl\/wp-content\/uploads\/2025\/01\/Warszawska-pielgrzymka-piesza-na-Jasna-Gore_01.jpg\" class=\"attachment-large size-large\" alt=\"\" srcset=\"https:\/\/niematerialne.nid.pl\/wp-content\/uploads\/2025\/01\/Warszawska-pielgrzymka-piesza-na-Jasna-Gore_01.jpg 1024w, https:\/\/niematerialne.nid.pl\/wp-content\/uploads\/2025\/01\/Warszawska-pielgrzymka-piesza-na-Jasna-Gore_01-980x654.jpg 980w, https:\/\/niematerialne.nid.pl\/wp-content\/uploads\/2025\/01\/Warszawska-pielgrzymka-piesza-na-Jasna-Gore_01-480x320.jpg 480w\" sizes=\"(min-width: 0px) and (max-width: 480px) 480px, (min-width: 481px) and (max-width: 980px) 980px, (min-width: 981px) 1024px, 100vw\" \/><\/a>\n\t\t\t<\/dt><\/dl><dl class='gallery-item'>\n\t\t\t<dt class='gallery-icon landscape'>\n\t\t\t\t<a href='https:\/\/niematerialne.nid.pl\/wp-content\/uploads\/2025\/01\/Warszawska-pielgrzymka-piesza-na-Jasna-Gore_02.jpg'><img loading=\"lazy\" decoding=\"async\" width=\"980\" height=\"653\" src=\"https:\/\/niematerialne.nid.pl\/wp-content\/uploads\/2025\/01\/Warszawska-pielgrzymka-piesza-na-Jasna-Gore_02.jpg\" class=\"attachment-large size-large\" alt=\"\" srcset=\"https:\/\/niematerialne.nid.pl\/wp-content\/uploads\/2025\/01\/Warszawska-pielgrzymka-piesza-na-Jasna-Gore_02.jpg 980w, https:\/\/niematerialne.nid.pl\/wp-content\/uploads\/2025\/01\/Warszawska-pielgrzymka-piesza-na-Jasna-Gore_02-480x320.jpg 480w\" sizes=\"(min-width: 0px) and (max-width: 480px) 480px, (min-width: 481px) 980px, 100vw\" \/><\/a>\n\t\t\t<\/dt><\/dl><dl class='gallery-item'>\n\t\t\t<dt class='gallery-icon landscape'>\n\t\t\t\t<a href='https:\/\/niematerialne.nid.pl\/wp-content\/uploads\/2025\/01\/Warszawska-pielgrzymka-piesza-na-Jasna-Gore_04-scaled.jpg'><img loading=\"lazy\" decoding=\"async\" width=\"1024\" height=\"683\" src=\"https:\/\/niematerialne.nid.pl\/wp-content\/uploads\/2025\/01\/Warszawska-pielgrzymka-piesza-na-Jasna-Gore_04-1024x683.jpg\" class=\"attachment-large size-large\" alt=\"pielgrzymka\" srcset=\"https:\/\/niematerialne.nid.pl\/wp-content\/uploads\/2025\/01\/Warszawska-pielgrzymka-piesza-na-Jasna-Gore_04-980x653.jpg 980w, https:\/\/niematerialne.nid.pl\/wp-content\/uploads\/2025\/01\/Warszawska-pielgrzymka-piesza-na-Jasna-Gore_04-480x320.jpg 480w\" sizes=\"(min-width: 0px) and (max-width: 480px) 480px, (min-width: 481px) and (max-width: 980px) 980px, (min-width: 981px) 1024px, 100vw\" \/><\/a>\n\t\t\t<\/dt><\/dl><dl class='gallery-item'>\n\t\t\t<dt class='gallery-icon landscape'>\n\t\t\t\t<a href='https:\/\/niematerialne.nid.pl\/wp-content\/uploads\/2025\/01\/Warszawska-pielgrzymka-piesza-na-Jasna-Gore_03-scaled.jpg'><img loading=\"lazy\" decoding=\"async\" width=\"1024\" height=\"683\" src=\"https:\/\/niematerialne.nid.pl\/wp-content\/uploads\/2025\/01\/Warszawska-pielgrzymka-piesza-na-Jasna-Gore_03-1024x683.jpg\" class=\"attachment-large size-large\" alt=\"\" srcset=\"https:\/\/niematerialne.nid.pl\/wp-content\/uploads\/2025\/01\/Warszawska-pielgrzymka-piesza-na-Jasna-Gore_03-980x653.jpg 980w, https:\/\/niematerialne.nid.pl\/wp-content\/uploads\/2025\/01\/Warszawska-pielgrzymka-piesza-na-Jasna-Gore_03-480x320.jpg 480w\" sizes=\"(min-width: 0px) and (max-width: 480px) 480px, (min-width: 481px) and (max-width: 980px) 980px, (min-width: 981px) 1024px, 100vw\" \/><\/a>\n\t\t\t<\/dt><\/dl><br style=\"clear: both\" \/>\n\t\t<\/div>\n[\/et_pb_toggle][et_pb_toggle title=&#8221;90. Pok\u0142ony feretron\u00f3w podczas pielgrzymek na Kalwari\u0119 Wejherowsk\u0105&#8221; open_toggle_text_color=&#8221;#e52330&#8243; _builder_version=&#8221;4.27.4&#8243; _module_preset=&#8221;default&#8221; title_font=&#8221;|600|||||||&#8221; closed_title_font=&#8221;|600|||||||&#8221; closed_title_font_size=&#8221;14px&#8221; min_height=&#8221;26px&#8221; custom_margin=&#8221;1px||4px||false|false&#8221; locked=&#8221;off&#8221; global_colors_info=&#8221;{}&#8221;]<\/p>\n<p style=\"text-align: right;\">Data wpisu na list\u0119: <strong>15 kwietnia 2024<\/strong><\/p>\n\n\t\t<style type=\"text\/css\">\n\t\t\t#gallery-2 {\n\t\t\t\tmargin: auto;\n\t\t\t}\n\t\t\t#gallery-2 .gallery-item {\n\t\t\t\tfloat: left;\n\t\t\t\tmargin-top: 10px;\n\t\t\t\ttext-align: center;\n\t\t\t\twidth: 25%;\n\t\t\t}\n\t\t\t#gallery-2 img {\n\t\t\t\tborder: 2px solid #cfcfcf;\n\t\t\t}\n\t\t\t#gallery-2 .gallery-caption {\n\t\t\t\tmargin-left: 0;\n\t\t\t}\n\t\t\t\/* see gallery_shortcode() in wp-includes\/media.php *\/\n\t\t<\/style>\n\t\t<div id='gallery-2' class='gallery galleryid-5387 gallery-columns-4 gallery-size-large'><dl class='gallery-item'>\n\t\t\t<dt class='gallery-icon landscape'>\n\t\t\t\t<a href='https:\/\/niematerialne.nid.pl\/wp-content\/uploads\/2025\/01\/Poklony-feretronow_03-scaled.jpg'><img loading=\"lazy\" decoding=\"async\" width=\"1024\" height=\"683\" src=\"https:\/\/niematerialne.nid.pl\/wp-content\/uploads\/2025\/01\/Poklony-feretronow_03-1024x683.jpg\" class=\"attachment-large size-large\" alt=\"\" srcset=\"https:\/\/niematerialne.nid.pl\/wp-content\/uploads\/2025\/01\/Poklony-feretronow_03-980x653.jpg 980w, https:\/\/niematerialne.nid.pl\/wp-content\/uploads\/2025\/01\/Poklony-feretronow_03-480x320.jpg 480w\" sizes=\"(min-width: 0px) and (max-width: 480px) 480px, (min-width: 481px) and (max-width: 980px) 980px, (min-width: 981px) 1024px, 100vw\" \/><\/a>\n\t\t\t<\/dt><\/dl><dl class='gallery-item'>\n\t\t\t<dt class='gallery-icon landscape'>\n\t\t\t\t<a href='https:\/\/niematerialne.nid.pl\/wp-content\/uploads\/2025\/01\/Poklony-feretronow_02-scaled.jpg'><img loading=\"lazy\" decoding=\"async\" width=\"1024\" height=\"684\" src=\"https:\/\/niematerialne.nid.pl\/wp-content\/uploads\/2025\/01\/Poklony-feretronow_02-1024x684.jpg\" class=\"attachment-large size-large\" alt=\"\" srcset=\"https:\/\/niematerialne.nid.pl\/wp-content\/uploads\/2025\/01\/Poklony-feretronow_02-980x654.jpg 980w, https:\/\/niematerialne.nid.pl\/wp-content\/uploads\/2025\/01\/Poklony-feretronow_02-480x320.jpg 480w\" sizes=\"(min-width: 0px) and (max-width: 480px) 480px, (min-width: 481px) and (max-width: 980px) 980px, (min-width: 981px) 1024px, 100vw\" \/><\/a>\n\t\t\t<\/dt><\/dl>\n\t\t\t<br style='clear: both' \/>\n\t\t<\/div>\n\n<p>Kalwaria Wejherowska, od XVIII wieku uznawana za Duchow\u0105 Stolic\u0119 Kaszub, stanowi serce katolickiego \u017cycia religijnego w p\u00f3\u0142nocnej cz\u0119\u015bci Pomorza Gda\u0144skiego. W tym malowniczym miejscu, wykreowany w ruchu pielgrzymkowym na Kalwari\u0119 Wejherowsk\u0105, praktykowany jest widowiskowy obrz\u0119d pok\u0142onu feretron\u00f3w. To zjawisko nie tylko spektakularne pod wzgl\u0119dem widowiskowym, lecz przede wszystkim g\u0142\u0119bokie religijno-kulturowe prze\u017cycie.<\/p>\n<p>W ci\u0105gu roku, Kalwaria Wejherowska staje si\u0119 miejscem licznych wydarze\u0144 religijnych. Najwa\u017cniejsze uroczysto\u015bci religijne, takie jak Misterium M\u0119ki Pa\u0144skiej w Wielkim Tygodniu czy odpusty Wniebowst\u0105pienia Pa\u0144skiego i Tr\u00f3jcy \u015awi\u0119tej w maju i czerwcu, przyci\u0105gaj\u0105 pielgrzym\u00f3w od wiek\u00f3w. Pielgrzymki maj\u0105 bogat\u0105 histori\u0119, si\u0119gaj\u0105c\u0105 nawet XVII wieku, kiedy to pierwsze grupy z Gda\u0144ska Oliwy i Ko\u015bcierzyny wyruszy\u0142y do Wejherowa.<\/p>\n<p>Centralnym elementem tych pielgrzymek jest tradycja pok\u0142onu feretron\u00f3w. Pok\u0142ony te, stanowi\u0105ce wyraz oddania czci Bogu, s\u0105 nie tylko symbolicznym aktem wiary, lecz tak\u017ce ukazuj\u0105 jedno\u015b\u0107 i to\u017csamo\u015b\u0107 spo\u0142eczno\u015bci kaszubskiej. Wykonywane przez grupy obra\u017aniczek i obra\u017anik\u00f3w, pok\u0142ony s\u0105 precyzyjnie przygotowane i wykonane z szacunkiem, nios\u0105c ze sob\u0105 g\u0142\u0119bok\u0105 symbolik\u0119 chrze\u015bcija\u0144sk\u0105. G\u0142\u00f3wne gesty podczas pok\u0142onu feretron\u00f3w to znak krzy\u017ca oraz pok\u0142on, kt\u00f3re s\u0105 powszechnie stosowane przez wszystkie grupy obra\u017anik\u00f3w. Jednak ka\u017cda z tych grup wypracowuje r\u00f3wnie\u017c swoje w\u0142asne, charakterystyczne dla siebie ruchy.<\/p>\n<p>Stroje obra\u017aniczek, zdobione kaszubskim haftem, oraz muzyka orkiestry podkre\u015blaj\u0105 uroczysty charakter tego rytua\u0142u. R\u00f3\u017cnice w pok\u0142onach z poszczeg\u00f3lnych parafii dodaj\u0105 koloru i r\u00f3\u017cnorodno\u015bci temu wyj\u0105tkowemu obrz\u0119dowi, jednocze\u015bnie podkre\u015blaj\u0105c bogactwo tradycji kaszubskiej.<\/p>\n<p>Pok\u0142ony nie tylko integruj\u0105 uczestnik\u00f3w pielgrzymki, ale tak\u017ce stanowi\u0105 okazj\u0119 do modlitwy, refleksji i wsp\u00f3lnego \u015bpiewu. Przygotowania do nich s\u0105 starannie planowane, a samo wydarzenie, cho\u0107 wymagaj\u0105ce wysi\u0142ku fizycznego, niesie ze sob\u0105 g\u0142\u0119bokie duchowe bogactwo.<\/p>\n<p>Pok\u0142on feretron\u00f3w na Kalwari\u0119 Wejherowsk\u0105 to nie tylko widowiskowy obrz\u0119d, lecz przede wszystkim wyraz wiary, jedno\u015bci spo\u0142eczno\u015bci i kontynuacji bogatej tradycji kaszubskiej. Ta duchowa podr\u00f3\u017c, przesi\u0105kni\u0119ta modlitw\u0105 i wsp\u00f3lnot\u0105, pozostaje niezapomnianym do\u015bwiadczeniem dla wszystkich jej uczestnik\u00f3w.<\/p>\n\n\t\t<style type=\"text\/css\">\n\t\t\t#gallery-3 {\n\t\t\t\tmargin: auto;\n\t\t\t}\n\t\t\t#gallery-3 .gallery-item {\n\t\t\t\tfloat: left;\n\t\t\t\tmargin-top: 10px;\n\t\t\t\ttext-align: center;\n\t\t\t\twidth: 25%;\n\t\t\t}\n\t\t\t#gallery-3 img {\n\t\t\t\tborder: 2px solid #cfcfcf;\n\t\t\t}\n\t\t\t#gallery-3 .gallery-caption {\n\t\t\t\tmargin-left: 0;\n\t\t\t}\n\t\t\t\/* see gallery_shortcode() in wp-includes\/media.php *\/\n\t\t<\/style>\n\t\t<div id='gallery-3' class='gallery galleryid-5387 gallery-columns-4 gallery-size-large'><dl class='gallery-item'>\n\t\t\t<dt class='gallery-icon portrait'>\n\t\t\t\t<a href='https:\/\/niematerialne.nid.pl\/wp-content\/uploads\/2025\/01\/Poklony-feretronow_01.jpg'><img loading=\"lazy\" decoding=\"async\" width=\"683\" height=\"1024\" src=\"https:\/\/niematerialne.nid.pl\/wp-content\/uploads\/2025\/01\/Poklony-feretronow_01-683x1024.jpg\" class=\"attachment-large size-large\" alt=\"\" \/><\/a>\n\t\t\t<\/dt><\/dl>\n\t\t\t<br style='clear: both' \/>\n\t\t<\/div>\n\n<p>&nbsp;<\/p>\n<p>[\/et_pb_toggle][et_pb_toggle title=&#8221;91. Zabawkarstwo drewniane o\u015brodka \u0141\u0105czna &#8211; Ostoj\u00f3w | Wooden toy-making in \u0141\u0105czna and Ostoj\u00f3w&#8221; open_toggle_text_color=&#8221;#e52330&#8243; _builder_version=&#8221;4.27.5&#8243; _module_preset=&#8221;default&#8221; title_font=&#8221;|600|||||||&#8221; closed_title_font=&#8221;|600|||||||&#8221; closed_title_font_size=&#8221;14px&#8221; min_height=&#8221;26px&#8221; custom_margin=&#8221;1px||4px||false|false&#8221; hover_enabled=&#8221;0&#8243; locked=&#8221;off&#8221; global_colors_info=&#8221;{}&#8221; sticky_enabled=&#8221;0&#8243;]<\/p>\n<p style=\"text-align: right;\">Data wpisu na list\u0119: <strong>15 kwietnia 2024<\/strong><\/p>\n<p>&nbsp;<\/p>\n\n\t\t<style type=\"text\/css\">\n\t\t\t#gallery-4 {\n\t\t\t\tmargin: auto;\n\t\t\t}\n\t\t\t#gallery-4 .gallery-item {\n\t\t\t\tfloat: left;\n\t\t\t\tmargin-top: 10px;\n\t\t\t\ttext-align: center;\n\t\t\t\twidth: 33%;\n\t\t\t}\n\t\t\t#gallery-4 img {\n\t\t\t\tborder: 2px solid #cfcfcf;\n\t\t\t}\n\t\t\t#gallery-4 .gallery-caption {\n\t\t\t\tmargin-left: 0;\n\t\t\t}\n\t\t\t\/* see gallery_shortcode() in wp-includes\/media.php *\/\n\t\t<\/style>\n\t\t<div id='gallery-4' class='gallery galleryid-5387 gallery-columns-3 gallery-size-large'><dl class='gallery-item'>\n\t\t\t<dt class='gallery-icon landscape'>\n\t\t\t\t<a href='https:\/\/niematerialne.nid.pl\/wp-content\/uploads\/2025\/01\/Zabawkarstwo-drewniane-osrodka-Laczna-Ostojow_04-scaled.jpg'><img loading=\"lazy\" decoding=\"async\" width=\"1024\" height=\"683\" src=\"https:\/\/niematerialne.nid.pl\/wp-content\/uploads\/2025\/01\/Zabawkarstwo-drewniane-osrodka-Laczna-Ostojow_04-1024x683.jpg\" class=\"attachment-large size-large\" alt=\"\" srcset=\"https:\/\/niematerialne.nid.pl\/wp-content\/uploads\/2025\/01\/Zabawkarstwo-drewniane-osrodka-Laczna-Ostojow_04-980x653.jpg 980w, https:\/\/niematerialne.nid.pl\/wp-content\/uploads\/2025\/01\/Zabawkarstwo-drewniane-osrodka-Laczna-Ostojow_04-480x320.jpg 480w\" sizes=\"(min-width: 0px) and (max-width: 480px) 480px, (min-width: 481px) and (max-width: 980px) 980px, (min-width: 981px) 1024px, 100vw\" \/><\/a>\n\t\t\t<\/dt><\/dl><dl class='gallery-item'>\n\t\t\t<dt class='gallery-icon landscape'>\n\t\t\t\t<a href='https:\/\/niematerialne.nid.pl\/wp-content\/uploads\/2025\/01\/Zabawkarstwo-drewniane-osrodka-Laczna-Ostojow_03-scaled.jpg'><img loading=\"lazy\" decoding=\"async\" width=\"1024\" height=\"683\" src=\"https:\/\/niematerialne.nid.pl\/wp-content\/uploads\/2025\/01\/Zabawkarstwo-drewniane-osrodka-Laczna-Ostojow_03-1024x683.jpg\" class=\"attachment-large size-large\" alt=\"\" srcset=\"https:\/\/niematerialne.nid.pl\/wp-content\/uploads\/2025\/01\/Zabawkarstwo-drewniane-osrodka-Laczna-Ostojow_03-980x653.jpg 980w, https:\/\/niematerialne.nid.pl\/wp-content\/uploads\/2025\/01\/Zabawkarstwo-drewniane-osrodka-Laczna-Ostojow_03-480x320.jpg 480w\" sizes=\"(min-width: 0px) and (max-width: 480px) 480px, (min-width: 481px) and (max-width: 980px) 980px, (min-width: 981px) 1024px, 100vw\" \/><\/a>\n\t\t\t<\/dt><\/dl>\n\t\t\t<br style='clear: both' \/>\n\t\t<\/div>\n\n<p>Historia o\u015brodka zabawkarskiego Ostoj\u00f3w-\u0141\u0105czna si\u0119ga drugiej po\u0142owy XIX wieku. Obszar ten, ze wzgl\u0119du na dost\u0119p do drewna z obszar\u00f3w zalesionych, sta\u0142 si\u0119 centrum produkcji drobnych przedmiot\u00f3w drewnianych ju\u017c od ko\u0144ca XVIII wieku. O\u015brodek zabawkarski prawdopodobnie powsta\u0142 za spraw\u0105 kilku rodzin, g\u0142\u00f3wnie Sitarzy, Krawczyk\u00f3w i Pa\u017adzior\u00f3w, kt\u00f3re osiedli\u0142y si\u0119 tam w latach 80. i 90. XIX wieku, przybywaj\u0105c z okolic Wadowic i \u017bywca. Rodziny te, zwane \u201cGalicjokami\u201d, przynios\u0142y ze sob\u0105 umiej\u0119tno\u015b\u0107 wytwarzania drewnianych zabawek, co przyczyni\u0142o si\u0119 do rozwoju nowej ga\u0142\u0119zi rzemie\u015blniczej.<\/p>\n<p>W okresie mi\u0119dzywojennym zabawki zyska\u0142y popularno\u015b\u0107 na targach, a ich produkcja sta\u0142a si\u0119 coraz bardziej zr\u00f3\u017cnicowana, obejmuj\u0105c r\u00f3\u017cne formy, takie jak konie na biegunach, ko\u0142yski czy taczki. W czasie II wojny \u015bwiatowej pojawi\u0142y si\u0119 nowe wzory, takie jak ruszaj\u0105ce si\u0119 skrzyd\u0142ami ptaki i motyle oraz karuzele z obracaj\u0105cymi si\u0119 figurkami.<\/p>\n<p>Przed wojn\u0105 zabawki by\u0142y wytwarzane r\u0119cznie poprzez ci\u0119cie pnia drzewa na mniejsze deseczki, kt\u00f3re nast\u0119pnie by\u0142y g\u0142adzone i kszta\u0142towane wed\u0142ug szablonu. Poszczeg\u00f3lne elementy \u0142\u0105czono gwo\u017adzikami, drutem i klejem, a gotowe wyroby malowano. Od lat 60. XX wieku zacz\u0119to wykorzystywa\u0107 maszyny, takie jak pi\u0142y, heblarki, banzegi, szlifierki, wiertarki i tokarki, kt\u00f3re u\u0142atwiaj\u0105 proces produkcji zabawek. Po wojnie, pomimo migracji ludno\u015bci do wi\u0119kszych miast, tradycja produkcji zabawek nadal przetrwa\u0142a. Powstanie \u201eCepelii\u201d umo\u017cliwi\u0142o wielu rzemie\u015blnikom sprzeda\u017c swoich wyrob\u00f3w.<\/p>\n<p>Dzi\u015b proces tworzenia zabawek polega na odrysowaniu wzoru z szablonu na wysuszonych deseczkach i ich wyci\u0119ciu za pomoc\u0105 banzegi. Nast\u0119pnie formy s\u0105 oczyszczane, nawiercane i r\u0119cznie wyka\u0144czane. Wi\u0119kszo\u015b\u0107 procesu, w tym \u0142\u0105czenie element\u00f3w, szlifowanie kraw\u0119dzi, zdobienie oraz malowanie, odbywa si\u0119 r\u0119cznie. Zwykle u\u017cywa si\u0119 co najmniej dw\u00f3ch warstw farby, a ozdoby s\u0105 tworzone wed\u0142ug w\u0142asnego pomys\u0142u, cz\u0119sto inspirowane geometri\u0105 lub motywami ro\u015blinnymi.<\/p>\n<p>W literaturze czasem spotyka si\u0119 okre\u015blenie zabawkarstwo o\u015brodka kieleckiego. Nie jest ono jednak precyzyjne, obejmuj\u0105c ca\u0142\u0105 Kielecczyzn\u0119 oraz r\u00f3\u017cne typy zabawek (obok drewnianych, tak\u017ce papierowe lub s\u0142omiane). W o\u015brodku wok\u00f3\u0142 Ostojowa i \u0141\u0105cznej mo\u017cna m\u00f3wi\u0107 o ci\u0105g\u0142o\u015bci produkcji zabawek drewnianych od drugiej po\u0142owy XIX wieku. O\u015brodek zabawkarski Ostoj\u00f3w-\u0141\u0105czna wyr\u00f3\u017cnia si\u0119 specyficznym stylem i ci\u0105g\u0142o\u015bci\u0105 produkcji, kt\u00f3ra przetrwa\u0142a przez wiele pokole\u0144. W latach 80. XX wieku produkcj\u0119 zabawek drewnianych pr\u00f3cz miejscowo\u015bci Ostoj\u00f3w, \u0141\u0105czna, Czerwona G\u00f3rka, Krzy\u017cka i Pod\u0142azie, notowano jeszcze na terenie wsi Kamionki, Ose\u0142k\u00f3w, Jagodne, G\u00f3zd i \u0141ag\u00f3w. By\u0142y to jednak miejscowo\u015bci po\u0142o\u017cone w pewnej odleg\u0142o\u015bci i wywodz\u0105ce si\u0119 z r\u00f3\u017cnych tradycji. Chocia\u017c obecnie tradycja ta jest utrzymywana tylko przez pojedyncze osoby, jej znaczenie kulturowe i historyczne dla regionu pozostaje niezaprzeczalne.<\/p>\n\n\t\t<style type=\"text\/css\">\n\t\t\t#gallery-5 {\n\t\t\t\tmargin: auto;\n\t\t\t}\n\t\t\t#gallery-5 .gallery-item {\n\t\t\t\tfloat: left;\n\t\t\t\tmargin-top: 10px;\n\t\t\t\ttext-align: center;\n\t\t\t\twidth: 25%;\n\t\t\t}\n\t\t\t#gallery-5 img {\n\t\t\t\tborder: 2px solid #cfcfcf;\n\t\t\t}\n\t\t\t#gallery-5 .gallery-caption {\n\t\t\t\tmargin-left: 0;\n\t\t\t}\n\t\t\t\/* see gallery_shortcode() in wp-includes\/media.php *\/\n\t\t<\/style>\n\t\t<div id='gallery-5' class='gallery galleryid-5387 gallery-columns-4 gallery-size-large'><dl class='gallery-item'>\n\t\t\t<dt class='gallery-icon portrait'>\n\t\t\t\t<a href='https:\/\/niematerialne.nid.pl\/wp-content\/uploads\/2025\/01\/Zabawkarstwo-drewniane-osrodka-Laczna-Ostojow_02-scaled.jpg'><img loading=\"lazy\" decoding=\"async\" width=\"683\" height=\"1024\" src=\"https:\/\/niematerialne.nid.pl\/wp-content\/uploads\/2025\/01\/Zabawkarstwo-drewniane-osrodka-Laczna-Ostojow_02-683x1024.jpg\" class=\"attachment-large size-large\" alt=\"\" \/><\/a>\n\t\t\t<\/dt><\/dl><dl class='gallery-item'>\n\t\t\t<dt class='gallery-icon portrait'>\n\t\t\t\t<a href='https:\/\/niematerialne.nid.pl\/wp-content\/uploads\/2025\/01\/Zabawkarstwo-drewniane-osrodka-Laczna-Ostojow_01-scaled.jpg'><img loading=\"lazy\" decoding=\"async\" width=\"683\" height=\"1024\" src=\"https:\/\/niematerialne.nid.pl\/wp-content\/uploads\/2025\/01\/Zabawkarstwo-drewniane-osrodka-Laczna-Ostojow_01-683x1024.jpg\" class=\"attachment-large size-large\" alt=\"\" \/><\/a>\n\t\t\t<\/dt><\/dl>\n\t\t\t<br style='clear: both' \/>\n\t\t<\/div>\n\n<p>&nbsp;<\/p>\n<p>&#8212;<\/p>\n<p style=\"text-align: right;\">Date of the inclusion in the inventory: <strong>April 15, 2024<\/strong><\/p>\n<p>The history of the Ostoj\u00f3w-\u0141\u0105czna toymaking center dates back to the second half of the 19th century. Due to its access to wood from forested areas, this region became a center for the production of small wooden items as early as the end of the 18th century. Several families probably established the toymaking center, mainly the Sitarz, Krawczyk, and Pa\u017adzior families, who settled there in the 1880s and 1890s, coming from the vicinity of Wadowice and \u017bywiec. These families, known as \u201cGalicjoki,\u201d brought with them the skill of making wooden toys, which helped develop a new branch of craftsmanship.<\/p>\n<p>During the interwar period, toys gained popularity at fairs, and their production became increasingly diverse, encompassing rocking horses, cradles, and wheelbarrows. During World War II, new designs appeared, such as birds and butterflies with moving wings and carousels with rotating figures.<br \/>Before WWII, toys were handmade by cutting tree trunks into smaller boards, which were then smoothed and shaped according to a template. Artisans joined individual elements with nails, wire, and glue, and painted the finished products. From the 1960s, machines such as saws, planers, band saws, grinders, drills, and lathes began to be used, which facilitated the toy production process. After WWII, despite population migration to larger cities, the tradition of toy production continued. The establishment of \u201cCepelia\u201d Cooperative enabled many craftsmen to sell their products.<\/p>\n<p>Today, making toys involves tracing a pattern from a template onto dried boards and cutting them out with a banzegi(?). The molds are then cleaned, drilled, and finished by hand. Most of the process is done by hand, including joining the pieces, sanding the edges, decorating, and painting. Usually, at least two coats of paint are applied, and decorations are created according to individual designs, often inspired by geometry or plant motifs.<\/p>\n<p>The term \u201ctoy-making in the Kielce region\u201d is sometimes used in literature. However, it is not precise, as it covers the entire Kielce region and various types of toys (not only wooden ones, but also paper or straw ones). In the area around Ostoj\u00f3w and \u0141\u0105czna, wooden toys have been continuous since the second half of the 19th century. The Ostoj\u00f3w-\u0141\u0105czna toymaking center has a distinctive style and the continuity of its production, which has endured for many generations. In the 1980s, apart from the villages of Ostoj\u00f3w, \u0141\u0105czna, Czerwona G\u00f3rka, Krzy\u017cka, and Pod\u0142azie, wooden toy production was also recorded in Kamionki, Ose\u0142k\u00f3w, Jagodne, G\u00f3zd, and \u0141ag\u00f3w. However, these were villages located some distance apart and originating from different traditions. Although this tradition is currently maintained only by a few individuals, its cultural and historical significance for the region remains undeniable.<\/p>\n<p>[\/et_pb_toggle][et_pb_toggle title=&#8221;92. Tradycja wykonywania palm wielkanocnych Kurpi\u00f3w Puszczy Zielonej&#8221; open_toggle_text_color=&#8221;#e52330&#8243; _builder_version=&#8221;4.27.4&#8243; _module_preset=&#8221;default&#8221; title_font=&#8221;|600|||||||&#8221; closed_title_font=&#8221;|600|||||||&#8221; closed_title_font_size=&#8221;14px&#8221; min_height=&#8221;26px&#8221; custom_margin=&#8221;1px||4px||false|false&#8221; locked=&#8221;off&#8221; global_colors_info=&#8221;{}&#8221;]<\/p>\n<p style=\"text-align: right;\">Data wpisu na list\u0119: <strong>15 kwietnia 2024<\/strong><\/p>\n\n\t\t<style type=\"text\/css\">\n\t\t\t#gallery-6 {\n\t\t\t\tmargin: auto;\n\t\t\t}\n\t\t\t#gallery-6 .gallery-item {\n\t\t\t\tfloat: left;\n\t\t\t\tmargin-top: 10px;\n\t\t\t\ttext-align: center;\n\t\t\t\twidth: 25%;\n\t\t\t}\n\t\t\t#gallery-6 img {\n\t\t\t\tborder: 2px solid #cfcfcf;\n\t\t\t}\n\t\t\t#gallery-6 .gallery-caption {\n\t\t\t\tmargin-left: 0;\n\t\t\t}\n\t\t\t\/* see gallery_shortcode() in wp-includes\/media.php *\/\n\t\t<\/style>\n\t\t<div id='gallery-6' class='gallery galleryid-5387 gallery-columns-4 gallery-size-large'><dl class='gallery-item'>\n\t\t\t<dt class='gallery-icon portrait'>\n\t\t\t\t<a href='https:\/\/niematerialne.nid.pl\/wp-content\/uploads\/2025\/01\/Tradycja-wykonywania-palm-wielkanocnych_01.jpg'><img loading=\"lazy\" decoding=\"async\" width=\"679\" height=\"1024\" src=\"https:\/\/niematerialne.nid.pl\/wp-content\/uploads\/2025\/01\/Tradycja-wykonywania-palm-wielkanocnych_01-679x1024.jpg\" class=\"attachment-large size-large\" alt=\"\" \/><\/a>\n\t\t\t<\/dt><\/dl>\n\t\t\t<br style='clear: both' \/>\n\t\t<\/div>\n\n<p>Tradycja wykonywania palm wielkanocnych na Kurpiach Puszczy Zielonej jest g\u0142\u0119boko zakorzeniona w kulturze tego regionu, odzwierciedlaj\u0105c g\u0142\u0119bok\u0105 religijno\u015b\u0107 oraz kulturowe i spo\u0142eczne znaczenie tego czasu. Palma, b\u0119d\u0105ca symbolem Wielkanocy, jest obok \u015bwi\u0119conki wyrazem lokalnej wiary i jednoczy spo\u0142eczno\u015bci, kt\u00f3re z dum\u0105 prezentuj\u0105 swoje dzie\u0142a podczas procesji w Niedziel\u0119 Palmow\u0105.<\/p>\n<p>Dawniej przygotowywane by\u0142y skromne palmy oparte na ga\u0142\u0105zkach naturalnej ro\u015blinno\u015bci zielonej, dost\u0119pnej w tym okresie roku. Z biegiem czasu zacz\u0119to ozdabia\u0107 palmy wst\u0105\u017ckami i sztucznymi kwiatami z kolorowego papieru. Dzi\u015b dominuj\u0105 palmy wykonane g\u0142\u00f3wnie z element\u00f3w ozdobnych, takich jak kwiaty z papieru, owijki imituj\u0105ce ziele i traw\u0119, kolorowe wst\u0105\u017cki i ga\u0142\u0105zki z papierowych li\u015bci.<\/p>\n<p>Proces tworzenia palm rozpoczyna si\u0119 ju\u017c na pocz\u0105tku Wielkiego Postu. W czynno\u015bci tej specjalizuj\u0105 si\u0119 kobiety, cho\u0107 wsp\u00f3\u0142cze\u015bnie zdarzaj\u0105 si\u0119 wyj\u0105tki. M\u0119\u017cczy\u017ani natomiast zajmuj\u0105 si\u0119 wyborem i przygotowaniem drzewa na trzon palmy. Konieczne jest, aby drzewko by\u0142o proste, wysokie i niezbyt grube. Po usuni\u0119ciu dolnych ga\u0142\u0119zi, pozostawia si\u0119 rozga\u0142\u0119ziony wierzcho\u0142ek. Nast\u0119pnie &#8211; jak to m\u00f3wi\u0105 Kurpie &#8211; <em>wije<\/em> lub <em>kr\u0119ci si\u0119<\/em> palm\u0119. Te okre\u015blenia odzwierciedlaj\u0105 spos\u00f3b i technik\u0119 wykonania.<\/p>\n<p>Istnieje wiele wariant\u00f3w palm, obejmuj\u0105cych r\u00f3\u017cnice w wielko\u015bci, u\u017cytych materia\u0142ach i technikach wykonania. Du\u017ce, efektowne palmy s\u0105 cz\u0119sto dzie\u0142em przygotowywanym przez rodziny lub spo\u0142eczno\u015bci na procesj\u0119 do ko\u015bcio\u0142a lub konkursy. Osi\u0105gaj\u0105 wysoko\u015b\u0107 od 1 do 8 metr\u00f3w, czasem zdarzaj\u0105 si\u0119 nawet okazy kilkunastometrowe.<\/p>\n<p>Palmy kurpiowskie prezentuj\u0105 realistyczne odwzorowanie natury, uwydatniaj\u0105c bogactwo kolor\u00f3w oraz harmonijne kompozycje, co nadaje im wyj\u0105tkowy charakter artystyczny. Kwiaty uk\u0142adane s\u0105 warstwowo, zgodnie z naturaln\u0105 kolejno\u015bci\u0105 kwitnienia i kolorami, unikaj\u0105c mieszania r\u00f3\u017cnych gatunk\u00f3w na jednym poziomie. Poza tradycyjnym uk\u0142adem warstwowym, stosowany jest tak\u017ce uk\u0142ad spiralny, gdzie kwiaty otaczaj\u0105 drewniany kij schodz\u0105c w d\u00f3\u0142. Niekt\u00f3re tw\u00f3rczynie preferuj\u0105 proste, zielone palmy z minimaln\u0105 ilo\u015bci\u0105 papierowych ozd\u00f3b. Kwiaty s\u0105 wykonane z g\u0142adkiego papieru, bibu\u0142y i krepiny. Dawniej inspiracj\u0105 by\u0142a lokalna przyroda. Tw\u00f3rczynie wykonywa\u0142y papierowe malwy, kacze\u0144ce czy stokrotki. Dzi\u015b zdarza si\u0119, \u017ce dodaj\u0105 akcenty egzotyczne.<\/p>\n<p>Istotny jest kolor kwiat\u00f3w zdobi\u0105cych palm\u0119. Kurpie przywi\u0105zuj\u0105 wag\u0119 do intensywnych barw, uwa\u017caj\u0105c, \u017ce tkwi w nich moc. W tradycyjnych palmach nie mo\u017ce zabrakn\u0105\u0107 zielonego (nadzieja), fioletowego (oczekiwanie na dobro), czerwonego (mi\u0142o\u015b\u0107), \u017c\u00f3\u0142tego (s\u0142o\u0144ce), r\u00f3\u017cowego (niewinno\u015b\u0107 i nadzieja), niebieskiego (si\u0142a i niebo) oraz bia\u0142ego (niewinno\u015b\u0107, czysto\u015b\u0107 i \u017cycie bez grzechu).<\/p>\n<p>Tradycja wykonywania palm kurpiowskich z Puszczy Zielonej przekazywana jest z pokolenia na pokolenie. W rodzinach i lokalnych spo\u0142eczno\u015bciach, niemal ka\u017cdy wykonuje je na w\u0142asne potrzeby lub na zlecenie. Umiej\u0119tno\u015b\u0107 przygotowywania kwiat\u00f3w z papieru i tworzenia palm wielkanocnych jest nauczana tak\u017ce na wielu warsztatach, kt\u00f3re s\u0105 organizowane przez regionalne centra kultury, biblioteki, szko\u0142y, ko\u0142a gospody\u0144 wiejskich i stowarzyszenia tw\u00f3rc\u00f3w kurpiowskich.<\/p>\n\n\t\t<style type=\"text\/css\">\n\t\t\t#gallery-7 {\n\t\t\t\tmargin: auto;\n\t\t\t}\n\t\t\t#gallery-7 .gallery-item {\n\t\t\t\tfloat: left;\n\t\t\t\tmargin-top: 10px;\n\t\t\t\ttext-align: center;\n\t\t\t\twidth: 25%;\n\t\t\t}\n\t\t\t#gallery-7 img {\n\t\t\t\tborder: 2px solid #cfcfcf;\n\t\t\t}\n\t\t\t#gallery-7 .gallery-caption {\n\t\t\t\tmargin-left: 0;\n\t\t\t}\n\t\t\t\/* see gallery_shortcode() in wp-includes\/media.php *\/\n\t\t<\/style>\n\t\t<div id='gallery-7' class='gallery galleryid-5387 gallery-columns-4 gallery-size-large'><dl class='gallery-item'>\n\t\t\t<dt class='gallery-icon landscape'>\n\t\t\t\t<a href='https:\/\/niematerialne.nid.pl\/wp-content\/uploads\/2025\/01\/Tradycja-wykonywania-palm-wielkanocnych_04-scaled.jpg'><img loading=\"lazy\" decoding=\"async\" width=\"1024\" height=\"683\" src=\"https:\/\/niematerialne.nid.pl\/wp-content\/uploads\/2025\/01\/Tradycja-wykonywania-palm-wielkanocnych_04-1024x683.jpg\" class=\"attachment-large size-large\" alt=\"\" srcset=\"https:\/\/niematerialne.nid.pl\/wp-content\/uploads\/2025\/01\/Tradycja-wykonywania-palm-wielkanocnych_04-980x653.jpg 980w, https:\/\/niematerialne.nid.pl\/wp-content\/uploads\/2025\/01\/Tradycja-wykonywania-palm-wielkanocnych_04-480x320.jpg 480w\" sizes=\"(min-width: 0px) and (max-width: 480px) 480px, (min-width: 481px) and (max-width: 980px) 980px, (min-width: 981px) 1024px, 100vw\" \/><\/a>\n\t\t\t<\/dt><\/dl><dl class='gallery-item'>\n\t\t\t<dt class='gallery-icon landscape'>\n\t\t\t\t<a href='https:\/\/niematerialne.nid.pl\/wp-content\/uploads\/2025\/01\/Tradycja-wykonywania-palm-wielkanocnych_03-scaled.jpg'><img loading=\"lazy\" decoding=\"async\" width=\"1024\" height=\"683\" src=\"https:\/\/niematerialne.nid.pl\/wp-content\/uploads\/2025\/01\/Tradycja-wykonywania-palm-wielkanocnych_03-1024x683.jpg\" class=\"attachment-large size-large\" alt=\"\" srcset=\"https:\/\/niematerialne.nid.pl\/wp-content\/uploads\/2025\/01\/Tradycja-wykonywania-palm-wielkanocnych_03-980x653.jpg 980w, https:\/\/niematerialne.nid.pl\/wp-content\/uploads\/2025\/01\/Tradycja-wykonywania-palm-wielkanocnych_03-480x320.jpg 480w\" sizes=\"(min-width: 0px) and (max-width: 480px) 480px, (min-width: 481px) and (max-width: 980px) 980px, (min-width: 981px) 1024px, 100vw\" \/><\/a>\n\t\t\t<\/dt><\/dl><dl class='gallery-item'>\n\t\t\t<dt class='gallery-icon landscape'>\n\t\t\t\t<a href='https:\/\/niematerialne.nid.pl\/wp-content\/uploads\/2025\/01\/Tradycja-wykonywania-palm-wielkanocnych_02-scaled.jpg'><img loading=\"lazy\" decoding=\"async\" width=\"1024\" height=\"683\" src=\"https:\/\/niematerialne.nid.pl\/wp-content\/uploads\/2025\/01\/Tradycja-wykonywania-palm-wielkanocnych_02-1024x683.jpg\" class=\"attachment-large size-large\" alt=\"\" srcset=\"https:\/\/niematerialne.nid.pl\/wp-content\/uploads\/2025\/01\/Tradycja-wykonywania-palm-wielkanocnych_02-980x653.jpg 980w, https:\/\/niematerialne.nid.pl\/wp-content\/uploads\/2025\/01\/Tradycja-wykonywania-palm-wielkanocnych_02-480x320.jpg 480w\" sizes=\"(min-width: 0px) and (max-width: 480px) 480px, (min-width: 481px) and (max-width: 980px) 980px, (min-width: 981px) 1024px, 100vw\" \/><\/a>\n\t\t\t<\/dt><\/dl>\n\t\t\t<br style='clear: both' \/>\n\t\t<\/div>\n\n<p>&nbsp;<\/p>\n<p>[\/et_pb_toggle][et_pb_toggle title=&#8221;93. Oklejanka kurpiowska z Puszczy Bia\u0142ej&#8221; open_toggle_text_color=&#8221;#e52330&#8243; _builder_version=&#8221;4.27.4&#8243; _module_preset=&#8221;default&#8221; title_font=&#8221;|600|||||||&#8221; closed_title_font=&#8221;|600|||||||&#8221; closed_title_font_size=&#8221;14px&#8221; min_height=&#8221;26px&#8221; custom_margin=&#8221;1px||4px||false|false&#8221; locked=&#8221;off&#8221; global_colors_info=&#8221;{}&#8221;]<\/p>\n<p style=\"text-align: right;\">Data wpisu na list\u0119: <strong>15 kwietnia 2024<\/strong><\/p>\n<p>&nbsp;<\/p>\n<p>Do II wojny \u015bwiatowej na terenie Puszczy Bia\u0142ej jajka barwi\u0142o si\u0119 w naturalnych wywarach, np. z \u0142upin cebuli czy li\u015bci czerwonej kapusty. Popularne by\u0142y r\u00f3wnie\u017c &#8220;piski&#8221; wykonywane metod\u0105 batikow\u0105. Jednak ju\u017c od pocz\u0105tku XX wieku zacz\u0119\u0142y pojawia\u0107 si\u0119 pisanki zwane oklejankami, pocz\u0105tkowo w grupie pu\u0142tuskiej, a nast\u0119pnie w innych miejscach regionu. Tradycja ozdabiania jajek rdzeniem sitowia i kolorow\u0105 w\u0142\u00f3czk\u0105 prawdopodobnie przyw\u0119drowa\u0142a na kurpiowszczyzn\u0119 z s\u0105siedniego Podlasia.<\/p>\n<p>Jako g\u0142\u00f3wny materia\u0142 zdobniczy s\u0142u\u017cy elastyczne w\u0142\u00f3kno sitowia (tzw. <em>dusza<\/em>), zbierane jesieni\u0105 na puszcza\u0144skich \u0142\u0105kach. Kolorowy akcent oklejankom nadaje w\u0142\u00f3czka, pochodz\u0105ca ze zniszczonych kiecek lub fartuch\u00f3w gospody\u0144. Dzi\u0119ki nim oklejanki zdobne s\u0105 w tradycyjne kurpiowskie kolory: czerwony, bia\u0142y, czarny i charakterystyczny zielony. Zdobi si\u0119 wydmuszki jajek kurzych i g\u0119sich, kt\u00f3re zbierane s\u0105 przez ca\u0142y rok. Natomiast do klejenia u\u017cywa si\u0119 kleju z m\u0105ki \u017cytniej, tzw. klajstra.<\/p>\n<p>Prace zdobnicze rozpoczynaj\u0105 si\u0119 zaraz po Nowym Roku. Przed oklejaniem rdze\u0144 sitowia zawijany jest na kilka godzin w wilgotn\u0105 \u015bciereczk\u0119, aby <em>dusza<\/em> odzyska\u0142a elastyczno\u015b\u0107. R\u00f3wnie\u017c w\u0142\u00f3czka jest odpowiednio przygotowywania &#8211; przed u\u017cyciem nale\u017cy sparzy\u0107 j\u0105 wrz\u0105tkiem, dla zwi\u0119kszenia obj\u0119to\u015bci. Ta technika sprawia, \u017ce pisanki maj\u0105 wypuk\u0142\u0105 faktur\u0119 oraz unikalny motyw zdobniczy, mo\u017cliwy do uzyskania dzi\u0119ki wykorzystanemu materia\u0142owi.<\/p>\n<p>Pisanka wykonywana jest etapami, pokrywaj\u0105c ca\u0142\u0105 skorupk\u0119 jajka rdzeniem sitowia i w\u0142\u00f3czk\u0105. Najpierw podstawa i g\u00f3ra wydmuszki (okr\u0105g\u0142e \u015blimaczki), nast\u0119pnie wykonuje si\u0119 boki, niejako przepo\u0142awiaj\u0105c wydmuszk\u0119. Kolejny etap to nak\u0142adanie wzoru, kt\u00f3ry jest inspirowany haftem kurpiowskim z Puszczy Bia\u0142ej. Charakterystyczne dla tego regionu s\u0105 ornamenty spiralne, \u0142\u0105czone falistymi liniami.<\/p>\n<p>Pierwotnie na obszarze Puszczy Bia\u0142ej pisanki s\u0142u\u017cy\u0142y do ozdabiania szklanych p\u00f3\u0142ek kredens\u00f3w, bo\u017conarodzeniowych choinek, ale przede wszystkim by\u0142y tradycyjn\u0105 dekoracj\u0105 wielkanocnej \u015bwi\u0119conki oraz \u015bwi\u0105tecznego sto\u0142u. Pisanki wykorzystywano tak\u017ce jako podarki. Podczas obchod\u00f3w dyngusowych, kt\u00f3re zawsze mia\u0142y zabarwienie mi\u0142osne, dziewcz\u0119ta wr\u0119cza\u0142y ch\u0142opcom pisanki wykonane w\u0142asnor\u0119cznie. Zdobienie jajek by\u0142o rodzajem konkurencji mi\u0119dzy kobietami, szczeg\u00f3lnie m\u0142odymi dziewcz\u0119tami, kt\u00f3re chcia\u0142y wykaza\u0107 si\u0119 umiej\u0119tno\u015bciami tworzenia najpi\u0119kniejszych i najbardziej wymy\u015blnych wzor\u00f3w.<\/p>\n<p>Umiej\u0119tno\u015bci w tworzeniu oklejanek kurpiowskich tradycyjnie przekazywane s\u0105 w rodzinie. Zazwyczaj m\u0142ode dziewcz\u0119ta ucz\u0105 si\u0119 od swoich matek i bab\u0107. Przygotowane przez nie pisanki s\u0105 prezentowane bliskim, umo\u017cliwiaj\u0105c im podkre\u015blenie swojego dziedzictwa kulturowego poprzez umieszczenie ich w koszyczku wielkanocnym. W okresie \u015awi\u0105t Wielkanocnych lokalne instytucje kulturalne, plac\u00f3wki o\u015bwiatowe, biblioteki, muzea oraz Ko\u0142a Gospody\u0144 Wiejskich organizuj\u0105 warsztaty zwi\u0105zane z tworzeniem pisanki, aby podtrzymywa\u0107 t\u0119 tradycj\u0119.<\/p>\n\n\t\t<style type=\"text\/css\">\n\t\t\t#gallery-8 {\n\t\t\t\tmargin: auto;\n\t\t\t}\n\t\t\t#gallery-8 .gallery-item {\n\t\t\t\tfloat: left;\n\t\t\t\tmargin-top: 10px;\n\t\t\t\ttext-align: center;\n\t\t\t\twidth: 25%;\n\t\t\t}\n\t\t\t#gallery-8 img {\n\t\t\t\tborder: 2px solid #cfcfcf;\n\t\t\t}\n\t\t\t#gallery-8 .gallery-caption {\n\t\t\t\tmargin-left: 0;\n\t\t\t}\n\t\t\t\/* see gallery_shortcode() in wp-includes\/media.php *\/\n\t\t<\/style>\n\t\t<div id='gallery-8' class='gallery galleryid-5387 gallery-columns-4 gallery-size-large'><dl class='gallery-item'>\n\t\t\t<dt class='gallery-icon landscape'>\n\t\t\t\t<a href='https:\/\/niematerialne.nid.pl\/wp-content\/uploads\/2025\/01\/Oklejanka-kurpiowska-z-Puszczy-Bialej_03-scaled.jpg'><img loading=\"lazy\" decoding=\"async\" width=\"1024\" height=\"683\" src=\"https:\/\/niematerialne.nid.pl\/wp-content\/uploads\/2025\/01\/Oklejanka-kurpiowska-z-Puszczy-Bialej_03-1024x683.jpg\" class=\"attachment-large size-large\" alt=\"\" srcset=\"https:\/\/niematerialne.nid.pl\/wp-content\/uploads\/2025\/01\/Oklejanka-kurpiowska-z-Puszczy-Bialej_03-980x653.jpg 980w, https:\/\/niematerialne.nid.pl\/wp-content\/uploads\/2025\/01\/Oklejanka-kurpiowska-z-Puszczy-Bialej_03-480x320.jpg 480w\" sizes=\"(min-width: 0px) and (max-width: 480px) 480px, (min-width: 481px) and (max-width: 980px) 980px, (min-width: 981px) 1024px, 100vw\" \/><\/a>\n\t\t\t<\/dt><\/dl><dl class='gallery-item'>\n\t\t\t<dt class='gallery-icon landscape'>\n\t\t\t\t<a href='https:\/\/niematerialne.nid.pl\/wp-content\/uploads\/2025\/01\/Oklejanka-kurpiowska-z-Puszczy-Bialej_02-scaled.jpg'><img loading=\"lazy\" decoding=\"async\" width=\"1024\" height=\"683\" src=\"https:\/\/niematerialne.nid.pl\/wp-content\/uploads\/2025\/01\/Oklejanka-kurpiowska-z-Puszczy-Bialej_02-1024x683.jpg\" class=\"attachment-large size-large\" alt=\"\" srcset=\"https:\/\/niematerialne.nid.pl\/wp-content\/uploads\/2025\/01\/Oklejanka-kurpiowska-z-Puszczy-Bialej_02-980x653.jpg 980w, https:\/\/niematerialne.nid.pl\/wp-content\/uploads\/2025\/01\/Oklejanka-kurpiowska-z-Puszczy-Bialej_02-480x320.jpg 480w\" sizes=\"(min-width: 0px) and (max-width: 480px) 480px, (min-width: 481px) and (max-width: 980px) 980px, (min-width: 981px) 1024px, 100vw\" \/><\/a>\n\t\t\t<\/dt><\/dl><dl class='gallery-item'>\n\t\t\t<dt class='gallery-icon landscape'>\n\t\t\t\t<a href='https:\/\/niematerialne.nid.pl\/wp-content\/uploads\/2025\/01\/Oklejanka-kurpiowska-z-Puszczy-Bialej_01-scaled.jpg'><img loading=\"lazy\" decoding=\"async\" width=\"1024\" height=\"683\" src=\"https:\/\/niematerialne.nid.pl\/wp-content\/uploads\/2025\/01\/Oklejanka-kurpiowska-z-Puszczy-Bialej_01-1024x683.jpg\" class=\"attachment-large size-large\" alt=\"\" srcset=\"https:\/\/niematerialne.nid.pl\/wp-content\/uploads\/2025\/01\/Oklejanka-kurpiowska-z-Puszczy-Bialej_01-980x653.jpg 980w, https:\/\/niematerialne.nid.pl\/wp-content\/uploads\/2025\/01\/Oklejanka-kurpiowska-z-Puszczy-Bialej_01-480x320.jpg 480w\" sizes=\"(min-width: 0px) and (max-width: 480px) 480px, (min-width: 481px) and (max-width: 980px) 980px, (min-width: 981px) 1024px, 100vw\" \/><\/a>\n\t\t\t<\/dt><\/dl><dl class='gallery-item'>\n\t\t\t<dt class='gallery-icon landscape'>\n\t\t\t\t<a href='https:\/\/niematerialne.nid.pl\/wp-content\/uploads\/2025\/01\/Oklejanka-kurpiowska-z-Puszczy-Bialej_04-scaled.jpg'><img loading=\"lazy\" decoding=\"async\" width=\"1024\" height=\"683\" src=\"https:\/\/niematerialne.nid.pl\/wp-content\/uploads\/2025\/01\/Oklejanka-kurpiowska-z-Puszczy-Bialej_04-1024x683.jpg\" class=\"attachment-large size-large\" alt=\"\" srcset=\"https:\/\/niematerialne.nid.pl\/wp-content\/uploads\/2025\/01\/Oklejanka-kurpiowska-z-Puszczy-Bialej_04-980x653.jpg 980w, https:\/\/niematerialne.nid.pl\/wp-content\/uploads\/2025\/01\/Oklejanka-kurpiowska-z-Puszczy-Bialej_04-480x320.jpg 480w\" sizes=\"(min-width: 0px) and (max-width: 480px) 480px, (min-width: 481px) and (max-width: 980px) 980px, (min-width: 981px) 1024px, 100vw\" \/><\/a>\n\t\t\t<\/dt><\/dl><br style=\"clear: both\" \/>\n\t\t<\/div>\n\n<p>&nbsp;<\/p>\n<p>[\/et_pb_toggle][et_pb_toggle title=&#8221;94. Poch\u00f3d Gwarkowski w Tarnowskich G\u00f3rach&#8221; open_toggle_text_color=&#8221;#e52330&#8243; _builder_version=&#8221;4.27.0&#8243; _module_preset=&#8221;default&#8221; title_font=&#8221;|600|||||||&#8221; closed_title_font=&#8221;|600|||||||&#8221; closed_title_font_size=&#8221;14px&#8221; min_height=&#8221;26px&#8221; custom_margin=&#8221;1px||4px||false|false&#8221; locked=&#8221;off&#8221; global_colors_info=&#8221;{}&#8221;]<\/p>\n<p style=\"text-align: right;\">Data wpisu na list\u0119: <strong>10 maja 2024<\/strong><\/p>\n<p><img loading=\"lazy\" decoding=\"async\" src=\"https:\/\/niematerialne.nid.pl\/wp-content\/uploads\/2024\/08\/Pochod-Gwarkowski-w-Tarnowskich-Gorach_2.jpg\" alt=\"Poch\u00f3d Gwarkowski 1959 \u2013 Poczt\u00f3wka\" width=\"500\" height=\"528\" \/><\/p>\n<p>Poch\u00f3d Gwarkowski to barwny korow\u00f3d przemierzaj\u0105cy ulice Tarnowskich G\u00f3r w ramach \u201eGwark\u00f3w\u201d \u2013 corocznego \u015bwi\u0119ta miasta organizowanego na pocz\u0105tku wrze\u015bnia (zwykle pierwszy lub drugi weekend wrze\u015bnia). Pierwsza edycja Pochodu, zainicjowana podczas \u201eDni Tarnog\u00f3rskich Gwark\u00f3w\u201d w 1957 roku, odby\u0142a si\u0119 z inspiracji Antoniego G\u0142adysza, mi\u0142o\u015bnika historii lokalnej. Wydarzenie by\u0142o ho\u0142dem dla tradycji festyn\u00f3w i parad g\u00f3rniczych z pocz\u0105tku XX wieku. Mieszka\u0144cy miasta, dbaj\u0105c o autentyczno\u015b\u0107 stroj\u00f3w, wcielali si\u0119 w historyczne postaci, przekazuj\u0105c t\u0119 praktyk\u0119 z pokolenia na pokolenie.<\/p>\n<p>R\u00f3wnie\u017c wsp\u00f3\u0142cze\u015bnie mieszka\u0144cy miasta przybieraj\u0105 stroje zwi\u0105zane z histori\u0105 regionu, prezentuj\u0105c za\u0142o\u017cycieli, zas\u0142u\u017conych mieszka\u0144c\u00f3w oraz wydarzenia z przesz\u0142o\u015bci. W pochodzie uwzgl\u0119dnia si\u0119 tak\u017ce wielokulturowo\u015b\u0107 miasta, reprezentuj\u0105c trzy g\u0142\u00f3wne wyznania religijne (katolik\u00f3w, ewangelik\u00f3w i \u017cyd\u00f3w). Scenariusz, obejmuj\u0105cy ponad 100 postaci, zaprezentowanych chronologicznie od czas\u00f3w \u015bredniowiecznych do lat 30. XX wieku.<br \/>Cz\u0119\u015b\u0107 historyczna Pochodu poprzedza kolumn\u0119 honorow\u0105 z w\u0142adzami miasta i go\u015b\u0107mi. Nast\u0119pnie prezentowane s\u0105: cz\u0119\u015b\u0107 regionalna z zespo\u0142ami ludowymi i orkiestrami, m\u0142odzie\u017c reprezentuj\u0105ca szko\u0142y, inne organizacje oraz pojazdy zabytkowe, wojskowe i s\u0142u\u017cb publicznych.<\/p>\n<p>Przygotowania do pochodu trwaj\u0105 przez ca\u0142y rok. Udoskonalany jest scenariusz, przegl\u0105dane i szyte stroje, a tak\u017ce umawiane s\u0105 grupy rekonstrukcyjne oraz rekrutowane osoby odtwarzaj\u0105ce postaci historyczne.<\/p>\n<p>Wydarzenie organizowane jest dzi\u0119ki zaanga\u017cowaniu przedstawicieli lokalnej spo\u0142eczno\u015bci, stowarzysze\u0144, samorz\u0105du oraz instytucji kulturalnych. Od pocz\u0105tku by\u0142 inicjatyw\u0105 spo\u0142eczn\u0105, rozwijaj\u0105c\u0105 si\u0119 z troski o g\u00f3rnicze dziedzictwo miasta.<\/p>\n<p><img loading=\"lazy\" decoding=\"async\" src=\"https:\/\/niematerialne.nid.pl\/wp-content\/uploads\/2024\/08\/Pochod-Gwarkowski-w-Tarnowskich-Gorach_1.jpg\" alt=\"Poch\u00f3d Gwarkowski 1957 \u2013 Mieszczanie i mieszczki\" width=\"500\" height=\"528\" \/>\u00a0 \u00a0 <img loading=\"lazy\" decoding=\"async\" src=\"https:\/\/niematerialne.nid.pl\/wp-content\/uploads\/2024\/08\/Pochod-Gwarkowski-w-Tarnowskich-Gorach_3.jpg\" alt=\"Poch\u00f3d Gwarkowski 2023 - Damy dworu Ksi\u0105\u017c\u0105t Za\u0142o\u017cycieli\" width=\"500\" height=\"528\" \/><\/p>\n<p>[\/et_pb_toggle][et_pb_toggle title=&#8221;95. Obchody Dnia Hutnika i tradycje hutnicze&#8221; open_toggle_text_color=&#8221;#e52330&#8243; _builder_version=&#8221;4.27.0&#8243; _module_preset=&#8221;default&#8221; title_font=&#8221;|600|||||||&#8221; closed_title_font=&#8221;|600|||||||&#8221; closed_title_font_size=&#8221;14px&#8221; min_height=&#8221;26px&#8221; custom_margin=&#8221;1px||4px||false|false&#8221; locked=&#8221;off&#8221; global_colors_info=&#8221;{}&#8221;]<\/p>\n<p style=\"text-align: right;\">Data wpisu na list\u0119: <strong>10 maja 2024<\/strong><\/p>\n<p>&nbsp;<\/p>\n<p>Dzie\u0144 Hutnika &#8211; przypadaj\u0105cy 4. maja &#8211; obchodzony jest przez obecnych i by\u0142ych pracownik\u00f3w hut \u017celaza i metali nie\u017celaznych oraz \u015brodowisko akademickie zwi\u0105zane z metalurgi\u0105. Tradycja ta si\u0119ga XIX wieku. Pierwotnie zwi\u0105zana by\u0142a z g\u00f3rnicz\u0105 Barb\u00f3rk\u0105, a p\u00f3\u017aniej z dniem \u015bw. Floriana, patrona chroni\u0105cego przed po\u017carem.<\/p>\n<p>Obchody Dnia Hutnika to nie tylko okazja do uczczenia tych, kt\u00f3rzy przez lata tworzyli dziedzictwo metalurgiczne. To tak\u017ce wyraz uznania dla wsp\u00f3lnoty, kt\u00f3ra od wiek\u00f3w kszta\u0142tuje t\u0119 wa\u017cn\u0105 ga\u0142\u0105\u017a przemys\u0142u. Uroczysto\u015bci odbywaj\u0105 si\u0119 zar\u00f3wno w zak\u0142adach pracy, jak i w lokalnych ko\u015bcio\u0142ach, zgodnie z bogat\u0105 tradycj\u0105 i rytua\u0142em.<\/p>\n<p>W wielu spo\u0142eczno\u015bciach hutniczych figura \u015bw. Floriana, patrona hutnik\u00f3w, jest centralnym punktem spotka\u0144. Pracownicy, rodziny i lokalne spo\u0142eczno\u015bci gromadz\u0105 si\u0119 przy niej. Po z\u0142o\u017ceniu kwiat\u00f3w pod pomnikiem, dyrekcja, przedstawiciele samorz\u0105d\u00f3w i zwi\u0105zk\u00f3w zawodowych wyg\u0142aszaj\u0105 kr\u00f3tkie przemowy. Niekt\u00f3re grupy hutnik\u00f3w gromadz\u0105 si\u0119 tak\u017ce przy bramie zak\u0142ad\u00f3w albo w innych wyznaczonych miejscach, gdzie formuj\u0105 si\u0119 kolumny marszowe, na kt\u00f3rych czele znajduje si\u0119 orkiestra &#8211; cz\u0119sto zak\u0142adowa &#8211; oraz poczty sztandarowe.<\/p>\n<p>Obchody Dnia Hutnika s\u0105 tak\u017ce istotnym wydarzeniem dla nauczycieli akademickich oraz student\u00f3w kierunk\u00f3w i specjalno\u015bci metalurgicznych w Akademii G\u00f3rniczo-Hutniczej w Krakowie, Politechnice \u015al\u0105skiej i Politechnice Cz\u0119stochowskiej. Z tej okazji akademicy organizuj\u0105 sesje naukowe oraz uroczyste posiedzenia Senatu uczelni. W Krakowie obchody rozpoczynaj\u0105 si\u0119 msz\u0105 \u015bwi\u0119t\u0105 w intencji pracownik\u00f3w i student\u00f3w Wydzia\u0142u In\u017cynierii Metali i Informatyki.<\/p>\n<p>Wa\u017cnym elementem Dnia Hutnika s\u0105 uroczysto\u015bci o charakterze ludycznym \u2013 festyny, karczmy piwne czy babskie combry. Odbywaj\u0105 si\u0119 one mi\u0119dzy innymi w Chorzowie, Rudzie \u015al\u0105skiej, Katowicach, Ozimku, D\u0105browie G\u00f3rniczej, Sosnowcu czy G\u0142ogowie i Legnicy. Festyny s\u0105, obok uroczysto\u015bci religijnych, najtrwalszym elementem hutniczego dziedzictwa, poniewa\u017c organizowano je ju\u017c na pocz\u0105tku XX w. dla za\u0142\u00f3g hutniczych i ich rodzin.<\/p>\n<p>W \u015brodowisku hutniczym rozwin\u0119\u0142a si\u0119 kultura hutnicza. Funkcjonowanie w jej obr\u0119bie wynika bezpo\u015brednio z wykonywania zawodu hutnika. Dla przyk\u0142adu, w ramach formalnej edukacji, uczniowie i studenci poznaj\u0105 nie tylko wiedz\u0119 techniczn\u0105, lecz tak\u017ce obyczaje i j\u0119zyk hutniczy. Ponadto zar\u00f3wno w zak\u0142adach, jak i na uczelniach praktykowane s\u0105 wprowadzaj\u0105ce do tego stanu ceremonie \u015blubowania.<\/p>\n<p>Integraln\u0105 cz\u0119\u015bci\u0105 \u015brodowiska hutniczego s\u0105 tradycje muzyczne. Wa\u017cnym elementem hutniczej kultury s\u0105 zak\u0142adowe orkiestry. Funkcjonuje tak\u017ce tradycja \u015bpiewacza. Obecnie hutniczy folklor muzyczny jest propagowany mi\u0119dzy innymi w czasie karczm piwnych, biesiad i festyn\u00f3w. Z tej okazji wydawane s\u0105 okazjonalne \u015bpiewniki.<\/p>\n<p>Elementem kultury hutniczej s\u0105 tak\u017ce pielgrzymki bran\u017cowe organizowane od pocz\u0105tku lat 90. XX wieku. Pierwsze organizowa\u0142 NSZZ \u201eSolidarno\u015b\u0107\u201d Huty Metali Nie\u017celaznych w Katowicach-Szopienicach do Austrii \u201e\u015aladami \u015bw. Floriana\u201d. Od 27 lat Krajowa Sekcja Hutnictwa NSZZ \u201eSolidarno\u015b\u0107\u201d organizuje pielgrzymki hutnik\u00f3w do sanktuarium Matki Boskiej Bolesnej Kr\u00f3lowej Polski w Ka\u0142kowie-Godowie (wojew\u00f3dztwo \u015bwi\u0119tokrzyskie).Do kultury hutnik\u00f3w zalicza si\u0119 tak\u017ce umieszczanie wizerunk\u00f3w \u015bw. Floriana na terenie zak\u0142ad\u00f3w pracy lub w ich bezpo\u015brednim pobli\u017cu.<\/p>\n<p>Hutnicza kultura to tak\u017ce charakterystyczna ikonosfera obejmuj\u0105ca galowy mundur, pomara\u0144czowo-czarn\u0105 flag\u0119 i god\u0142o hutnicze sk\u0142adaj\u0105ce si\u0119 ze skrzy\u017cowanego m\u0142otka i kleszczy umieszczonych w kole z\u0119batym.<\/p>\n<p><img loading=\"lazy\" decoding=\"async\" src=\"https:\/\/niematerialne.nid.pl\/wp-content\/uploads\/2024\/08\/Obchody-Dnia-Hutnika-i-tradycje-hutnicze_3-scaled.jpg\" alt=\"Obchody Dnia Hutnika i tradycje hutnicze, w\u0142asno\u015b\u0107 SDMP, Skok przez sk\u00f3r\u0119\" width=\"500\" height=\"528\" \/>\u00a0 \u00a0<img loading=\"lazy\" decoding=\"async\" src=\"https:\/\/niematerialne.nid.pl\/wp-content\/uploads\/2024\/08\/Obchody-Dnia-Hutnika-i-tradycje-hutnicze_2-scaled.jpg\" alt=\"Dzie\u0144 Hutnika i tradycje hutnicze, maj 2023\" width=\"500\" height=\"528\" \/>\u00a0 \u00a0<img loading=\"lazy\" decoding=\"async\" src=\"https:\/\/niematerialne.nid.pl\/wp-content\/uploads\/2024\/08\/Obchody-Dnia-Hutnika-i-tradycje-hutnicze_1-scaled.jpg\" alt=\"Dzie\u0144 Hutnika i tradycje hutnicze, maj 2023\" width=\"500\" height=\"528\" \/>[\/et_pb_toggle][et_pb_toggle title=&#8221;96. Tradycje kulturowe regionu opoczy\u0144skiego&#8221; open_toggle_text_color=&#8221;#e52330&#8243; _builder_version=&#8221;4.27.0&#8243; _module_preset=&#8221;default&#8221; title_font=&#8221;|600|||||||&#8221; closed_title_font=&#8221;|600|||||||&#8221; closed_title_font_size=&#8221;14px&#8221; min_height=&#8221;26px&#8221; custom_margin=&#8221;1px||4px||false|false&#8221; locked=&#8221;off&#8221; global_colors_info=&#8221;{}&#8221;]<\/p>\n<p style=\"text-align: right;\">Data wpisu na list\u0119: <strong>10 maja 2024<\/strong><\/p>\n<p><img loading=\"lazy\" decoding=\"async\" src=\"https:\/\/niematerialne.nid.pl\/wp-content\/uploads\/2024\/08\/Tradycje-kulturowe-regionu-opoczynskiego_1.jpg\" title=\"Tradycje kulturowe regionu opoczy\u0144skiego\" width=\"500\" height=\"528\" \/><\/p>\n<p>Wp\u0142yw na kultur\u0119 ludow\u0105 regionu opoczy\u0144skiego kszta\u0142towa\u0142y lokalne osadnictwo, nap\u0142yw ludno\u015bci zwi\u0105zany z przemys\u0142em oraz XIX-wieczny podzia\u0142 d\u00f3br dworskich. Na po\u0142udniu, gdzie rozwija\u0142 si\u0119 przemys\u0142 i g\u00f3rnictwo, zanik\u0142y tradycje ludowe Zupe\u0142nie inaczej przedstawia si\u0119 p\u00f3\u0142nocno-zachodnia cz\u0119\u015b\u0107, a wi\u0119c te obszary, gdzie koncentruj\u0105 si\u0119 dawne wsie kr\u00f3lewskie i biskupie. Na terenach tych wyst\u0119puje wyj\u0105tkowa aktywno\u015b\u0107 artystyczna, znajduj\u0105ca swoje odbicie w rzemio\u015ble zdobniczym i sztuce stosowanej. Tutaj te\u017c zachowa\u0142y si\u0119 nie tylko stroje kobiece, ale r\u00f3wnie\u017c ciekawe zwyczaje, wierzenia, pie\u015bni, obrz\u0119dy, a nawet niekt\u00f3re ta\u0144ce.<\/p>\n<h5><strong>Gwara opoczy\u0144ska<\/strong><\/h5>\n<p>Na terenie ziemi opoczy\u0144skiej gwara jest nadal \u017cywa. Charakteryzuje si\u0119 tzw. mazurzeniem. Drug\u0105 cech\u0105 gwary opoczy\u0144skiej jest ud\u017awi\u0119czniaj\u0105ca fonetyka mi\u0119dzywyrazowa. Polega na tym, \u017ce ko\u0144cowa sp\u00f3\u0142g\u0142oska wyrazu wyst\u0119puj\u0105cego przed wyrazem rozpoczynaj\u0105cym si\u0119 od samog\u0142oski lub sp\u00f3\u0142g\u0142oski p\u00f3\u0142otwartej jest wymawiana zawsze d\u017awi\u0119cznie, np. piez i kot (tzn. pies i kot). Ponadto tzw. \u015bcie\u015bnione wymawiane jest jak \u201ei\u201d po sp\u00f3\u0142g\u0142oskach mi\u0119kkich oraz \u201ey\u201d po sp\u00f3\u0142g\u0142oskach twardych, np. wim, \u015bnik, syr, g\u017cych, tzn. wiem, \u015bnieg, ser, grzech. Ponadto samog\u0142osk\u0119 \u201eo\u201d wymawia si\u0119 na miejscu staropolskiego \u201ea\u201d, np. \u201eswojok\u201d, \u201ebli\u017aniok\u201d, \u201ebidok\u201d itd., tzn. \u201eswojak\u201d, \u201ebli\u017aniak\u201d, \u201ebiedak\u201d.<\/p>\n<h5><strong>Tradycje muzyczne<\/strong><\/h5>\n<p>Muzykowanie w Opoczy\u0144skim by\u0142o niegdy\u015b bardzo popularne, niemal w ka\u017cdej wiosce zamieszkiwali ludzie posiadaj\u0105cy umiej\u0119tno\u015bci gry na instrumentach. W tradycyjnej kulturze ludowej nic si\u0119 nie odbywa\u0142o i odbywa bez muzyki i \u015bpiewu.<\/p>\n<p>Wa\u017cnym elementem pograjek weselnych i zabaw tanecznych, by\u0142 dobrze dobrany repertuar kapel, zazwyczaj zaczynano od chodzonego, na wz\u00f3r dworskich bali. Do ta\u0144ca grano natomiast siarczyste oberki i skoczne polki.<\/p>\n<h5><strong>Doroczne zwyczaje, obrz\u0119dy i \u015bwi\u0119ta<\/strong><\/h5>\n<p>Doroczne zwyczaje, obrz\u0119dy i \u015bwi\u0119ta s\u0105 istotn\u0105 cz\u0119\u015bci\u0105 opoczy\u0144skiej kultury. Maj\u0105 one charakter tradycyjny i s\u0105 wa\u017cne dla wsp\u00f3lnoty, integruj\u0105c j\u0105 i dostarczaj\u0105c rozrywki. W regionie opoczy\u0144skim wiele \u015bwi\u0105t i obrz\u0119d\u00f3w jest wci\u0105\u017c praktykowanych, odzwierciedlaj\u0105c r\u00f3\u017cnorodno\u015b\u0107 obrz\u0119dowo\u015bci ludowej. Wyr\u00f3\u017cniaj\u0105 si\u0119 m.in. obchody ostatk\u00f3w, Niedziela Palmowa, Lany Poniedzia\u0142ek, Zielone \u015awi\u0105tki oraz Bo\u017ce Cia\u0142o, kt\u00f3re s\u0105 okazj\u0105 do wsp\u00f3lnego uczestnictwa w tradycyjnych praktykach ludowych i obrz\u0119dach religijnych.<\/p>\n<h5><strong>Rzemios\u0142o i r\u0119kodzie\u0142o<\/strong><\/h5>\n<p>Na ziemi opoczy\u0144skiej jest wielu tw\u00f3rc\u00f3w ludowych specjalizuj\u0105cych si\u0119 w r\u00f3\u017cnych dziedzinach, takich jak: tkactwo, hafciarstwo, wycinankarstwo, bibu\u0142karstwo i plastyka obrz\u0119dowa. Tradycje zwi\u0105zane z umiej\u0119tno\u015bciami r\u0119kodzielniczymi przekazywane s\u0105 przewa\u017cnie w rodzinach z pokolenia na pokolenie. Najwi\u0119kszym skupiskiem tw\u00f3rc\u00f3w ludowych jest wie\u015b Bielowice, gdzie ca\u0142e rodziny zajmuj\u0105 si\u0119 sztuk\u0105 regionaln\u0105.<\/p>\n<p>Niegdy\u015b istotn\u0105 rol\u0119 w \u017cyciu spo\u0142eczno\u015bci wiejskich odgrywa\u0142 str\u00f3j ludowy, b\u0119d\u0105cy nie tylko wyrazem estetyki, ale tak\u017ce przynale\u017cno\u015bci etnicznej. Tradycyjny str\u00f3j ludowy wykonany z w\u0142asnor\u0119cznie utkanego p\u0142\u00f3tna i materia\u0142\u00f3w we\u0142nianych by\u0142 bardzo trwa\u0142y i przystosowany do warunk\u00f3w \u017cycia na wsi.<\/p>\n<p>Na rozw\u00f3j opoczy\u0144skiego tkactwa ludowego, a w szczeg\u00f3lno\u015bci na rozszerzenie skali kolorystycznej w tkaninach wp\u0142yn\u0119\u0142y farbiarnie we\u0142ny i drukarnie p\u0142\u00f3cien, kt\u00f3re po powstaniu listopadowym otwarto w Drzewicy, a p\u00f3\u017aniej w Opocznie. Tkactwo opoczy\u0144skie pos\u0142ugiwa\u0142o si\u0119 w zasadzie surowcem wyprodukowanym na miejscu, we w\u0142asnym gospodarstwie, tj. we\u0142n\u0105, lnem i w niewielkiej ilo\u015bci konopiami. Pocz\u0105tkowo prz\u0119dziono na wrzecionie, co zabiera\u0142o wiele czasu. Dopiero od XX w. pojawi\u0142y si\u0119 u\u0142atwiaj\u0105ce prac\u0119 ko\u0142owrotki.<\/p>\n<p>W regionie wa\u017cn\u0105 rol\u0119 odgrywa\u0142y farbiarnie. Uzyskiwano r\u00f3\u017cne barwy, kt\u00f3re mia\u0142y ciekawe nazwy, np. w\u015bciek\u0142y, lekstrycny, lachmusowy, cielistopunsowy, gunsiontkowy czy cia\u0142owy. Nale\u017cy nadmieni\u0107, \u017ce opr\u00f3cz tkactwa odzie\u017cowego popularne by\u0142o i jest tkactwo dekoracyjne.<\/p>\n<p>Nieod\u0142\u0105cznym elementem tradycji kulturowych regionu opoczy\u0144skiego do dzi\u015b jest haft, kt\u00f3rym zdobiono damskie i m\u0119skie koszule. Haftem wzbogacono tak\u017ce poszewki, obrusy czy chusteczki, zaspakajaj\u0105c wewn\u0119trzn\u0105 potrzeb\u0119 upi\u0119kszania przedmiot\u00f3w u\u017cytkowych. Najbardziej powszechnym i uznawanym za charakterystyczny dla regionu opoczy\u0144skiego, jest haft krzy\u017cykowy. Wykonuje si\u0119 go na kanwie lub p\u0142\u00f3tnie bawe\u0142nianym, wykorzystuj\u0105c do tego kolorow\u0105 mulin\u0119.<\/p>\n<p>Wycinanka, jako tradycyjna ozdoba izby, znana ju\u017c od II po\u0142owy XIX wieku, stanowi\u0142a nieod\u0142\u0105czny element wystroju wiejskich dom\u00f3w, zdobi\u0105c belki, \u015bciany wok\u00f3\u0142 obraz\u00f3w, okna i drzwi. Jej charakterystyczn\u0105 cech\u0105 jest powtarzalno\u015b\u0107 motyw\u00f3w dekoracyjnych osi\u0105gana poprzez precyzyjne ci\u0119cie papieru oraz symetryczno\u015b\u0107 kompozycji. Obecnie, mimo zmian w technikach wykonania, wycinanki (dawniej pos\u0142ugiwano si\u0119 no\u017cycami do strzy\u017cenia owiec) wci\u0105\u017c s\u0105 wykonywane przez artyst\u00f3w ludowych, stanowi\u0105c wa\u017cny element dziedzictwa kulturowego regionu opoczy\u0144skiego. Podobnie paj\u0105ki i pisanki, kt\u00f3re pe\u0142ni\u0105 istotn\u0105 rol\u0119 zar\u00f3wno jako ozdoba, jak i symboliczny element tradycji wielkanocnych.<\/p>\n<p>Tak\u017ce rze\u017aba odgrywa istotn\u0105 rol\u0119 w kszta\u0142towaniu lokalnej kultury ludowej. Pocz\u0105tkowo o tematyce sakralnej, rozszerzy\u0142a sw\u00f3j zakres na sceny rodzajowe i postacie historyczne, pozostaj\u0105c wa\u017cnym dziedzictwem tej ziemi.<\/p>\n<p><img loading=\"lazy\" decoding=\"async\" src=\"https:\/\/niematerialne.nid.pl\/wp-content\/uploads\/2024\/08\/Tradycje-kulturowe-regionu-opoczynskiego_2.jpg\" alt=\"Tradycje kulturowe regionu opoczy\u0144skiego\" width=\"500\" height=\"528\" \/>\u00a0 \u00a0<img loading=\"lazy\" decoding=\"async\" src=\"https:\/\/niematerialne.nid.pl\/wp-content\/uploads\/2024\/08\/Tradycje-kulturowe-regionu-opoczynskiego_3.jpg\" alt=\"Esperanto\" width=\"500\" height=\"528\" \/><\/p>\n<p>&nbsp;<\/p>\n<p>[\/et_pb_toggle][et_pb_toggle title=&#8221;97. Wycinankarstwo \u015bwi\u0119tokrzyskie&#8221; open_toggle_text_color=&#8221;#e52330&#8243; _builder_version=&#8221;4.27.4&#8243; _module_preset=&#8221;default&#8221; title_font=&#8221;|600|||||||&#8221; closed_title_font=&#8221;|600|||||||&#8221; closed_title_font_size=&#8221;14px&#8221; min_height=&#8221;26px&#8221; custom_margin=&#8221;1px||4px||false|false&#8221; locked=&#8221;off&#8221; global_colors_info=&#8221;{}&#8221;]<\/p>\n<p style=\"text-align: right;\">Data wpisu na list\u0119: <strong>10 maja 2024<\/strong><\/p>\n<p>&nbsp;<\/p>\n<p><img loading=\"lazy\" decoding=\"async\" src=\"https:\/\/niematerialne.nid.pl\/wp-content\/uploads\/2024\/08\/Wycinanka-swietokrzyska_1.jpg\" alt=\"Wycinanka \u015bwi\u0119tokrzyska, wystawa prac Lucyny Koz\u0142owskiej, fot. Andrzej Koz\u0142owski, 2022\" width=\"500\" height=\"528\" \/><\/p>\n<p>Wycinanka \u015bwi\u0119tokrzyska powsta\u0142a pod wp\u0142ywem wycinanki rawsko-opoczy\u0144skiej, ale wida\u0107 w niej tak\u017ce wp\u0142ywy podlaskie. W tej odmianie dominowa\u0142y formy kwadratowe lub okr\u0105g\u0142e oparte na prostych wzorach geometrycznych, powsta\u0142ych z tr\u00f3jk\u0105t\u00f3w, p\u00f3\u0142kul i kwadrat\u00f3w, wycinanych na kraw\u0119dziach oraz wzd\u0142u\u017c g\u0142\u00f3wnych osi (pionowej, poziomej i po przek\u0105tnych). Dawne wycinanki \u015bwi\u0119tokrzyskie reprezentuj\u0105 proste formy (kwadratowe lub koliste wycinanki i gwiazdy) zdobione z\u0105bkami, promieniami i strza\u0142kami. Formy takie spotykane s\u0105 na terenie ca\u0142ego kraju, ale w tym rejonie by\u0142y one bardzo rozpowszechnione. Inne motywy, jak drzewo \u017cycia, laleczki i koguty, spotykane tu by\u0142y rzadziej.<\/p>\n<p>Nazwa zjawiska jest umowna. W literaturze przedmiotu wycinanki z tego regionu okre\u015bla si\u0119, jako kieleckie. Natomiast miejsca, w kt\u00f3rych g\u0142\u00f3wnie je tworzono to miejscowo\u015bci rozlokowane pod G\u00f3rami \u015awi\u0119tokrzyskimi, kt\u00f3rych mieszka\u0144cy identyfikuj\u0105 si\u0119 obecnie bardziej z regionem \u015bwi\u0119tokrzyskim.<\/p>\n<p>We wsp\u00f3\u0142czesnych wycinankach \u015bwi\u0119tokrzyskich (od 2 po\u0142owy XX wieku) mo\u017cna wyr\u00f3\u017cni\u0107 dwa g\u0142\u00f3wne style. Pierwszy to tradycyjne wzory z tego regionu. Drugi to wycinanki narracyjne, oparte na legendach \u015bwi\u0119tokrzyskich, z postaciami takimi jak baba jaga i diabe\u0142. Prekursork\u0105 tego nurtu by\u0142a Cecylia Czernikiewicz z Bodzentyna, a obecnie do perfekcji doprowadzi\u0142a go Lucyna Koz\u0142owska ze Skar\u017cyska-Kamiennej. Wycinanki te charakteryzuje jedno- lub dwuosiowa kompozycja, co wymusza lustrzane odbicie przedstawianych wzor\u00f3w oraz rytmiczno\u015b\u0107 powtarzanych wzor\u00f3w (na og\u00f3\u0142 geometrycznych) wype\u0142niaj\u0105cych pola pomi\u0119dzy przedstawieniami figuralnymi i narracyjnymi. Wzory wycinane s\u0105 z g\u0142owy, bez uprzedniego narysowania szkicu. Cz\u0119sto wykorzystywanym motywem jest jednoosiowa kompozycja wok\u00f3\u0142 drzewa \u017cycia. Wycinanki stanowi\u0105 jednak na og\u00f3\u0142 ilustracj\u0119 \u015bwi\u0119tokrzyskich legend (podania o sabatach czarownic, o \u015bw. Emeryku i jeleniu spod \u015bw. Krzy\u017ca, o Madejowym \u0141o\u017cu, o powstaniu go\u0142oborza).<\/p>\n<p>Dawniej \u015bwi\u0119tokrzyskie wycinanki s\u0142u\u017cy\u0142y, jako ozdoba dom\u00f3w wiejskich. Teraz cz\u0119\u015bciej spotyka si\u0119 je w domach miejskich kolekcjoner\u00f3w sztuki ludowej. Nadal s\u0105 u\u017cywane na konkursach i zam\u00f3wieniach muzealnych, zachowuj\u0105c i promuj\u0105c tradycje ustne oraz legendy \u015bwi\u0119tokrzyskie.<\/p>\n<p><img loading=\"lazy\" decoding=\"async\" src=\"https:\/\/niematerialne.nid.pl\/wp-content\/uploads\/2024\/08\/Wycinanka-swietokrzyska_3.png\" alt=\"Wycinanka \u015bwi\u0119tokrzyska, wycinanka Lucyny Koz\u0142owskiej, fot. Andrzej Koz\u0142owski, 2023\" width=\"500\" height=\"528\" \/> <img loading=\"lazy\" decoding=\"async\" src=\"https:\/\/niematerialne.nid.pl\/wp-content\/uploads\/2024\/08\/Wycinanka-swietokrzyska_2.png\" alt=\"Wycinanka-\u015bwi\u0119tokrzyska,wycinanka-Lucyny-Koz\u0142owskiej,-fot.-Andrzej-Koz\u0142owski, 2023\" width=\"500\" height=\"528\" \/><\/p>\n<p>&nbsp;<\/p>\n<p>[\/et_pb_toggle][et_pb_toggle title=&#8221;98. Tradycje kulturowe Chaz\u00f3w\/Haz\u00f3w&#8221; open_toggle_text_color=&#8221;#e52330&#8243; _builder_version=&#8221;4.27.0&#8243; _module_preset=&#8221;default&#8221; title_font=&#8221;|600|||||||&#8221; closed_title_font=&#8221;|600|||||||&#8221; closed_title_font_size=&#8221;14px&#8221; min_height=&#8221;26px&#8221; custom_margin=&#8221;1px||4px||false|false&#8221; locked=&#8221;off&#8221; global_colors_info=&#8221;{}&#8221;]<\/p>\n<p style=\"text-align: right;\">Data wpisu na list\u0119: <strong>8 sierpnia 2024<\/strong><\/p>\n<p><img loading=\"lazy\" decoding=\"async\" src=\"https:\/\/niematerialne.nid.pl\/wp-content\/uploads\/2024\/08\/Tradycje-kulturowe-Chazow-Hazow_01.jpg\" title=\"ND Tradycje kulturowe Haz\u00f3w 05 Kapela Rawickich Dudziarzy Anna Brzeskot 1968, arch. MZR\" width=\"500\" height=\"528\" \/>\u00a0 \u00a0 <img loading=\"lazy\" decoding=\"async\" src=\"https:\/\/niematerialne.nid.pl\/wp-content\/uploads\/2024\/08\/Tradycje-kulturowe-Chazow-Hazow_02.jpg\" title=\"ND Tradycje kulturowe Haz\u00f3w 09 promocja haftu w Rawiczu 1988, arch. Wisieloki\" width=\"500\" height=\"528\" \/><\/p>\n<p>Chazy\/Hazy to mikroregion etnograficzny w po\u0142udniowo-zachodniej Wielkopolsce, gdzie osadnicy z p\u00f3\u0142nocnego \u015al\u0105ska, dzi\u0119ki izolacji spowodowanej powodziami, wykszta\u0142cili odr\u0119bn\u0105 to\u017csamo\u015b\u0107 i specjalizacj\u0119 w melioracji, rybo\u0142\u00f3wstwie oraz produkcji w\u0119gla drzewnego.<\/p>\n<p>Kultura Chazy\/Haz\u00f3w cechuje si\u0119 unikaln\u0105 gwar\u0105 z mazurzeniem oraz tradycj\u0105 muzyczn\u0105, w kt\u00f3rej dominuj\u0105 kapele ludowe graj\u0105ce na dudach i skrzypcach. Najbardziej charakterystyczny chazacki\/hazacki zwyczaj roku obrz\u0119dowego, utrwalony obecnie w formie widowiska obrz\u0119dowego to \u201ePalenie \u017curu\u201d, czyli rytua\u0142 \u017cegnania Wielkiego Postu. Podobnie praktykowany jest w formie barwnego widowiska tzw. \u201epoch\u00f3d smolorzy\u201d, nawi\u0105zuj\u0105cy do zwyczaju dawnych le\u015bnik\u00f3w zajmuj\u0105cych si\u0119 wyr\u0119bem drzew i wyrobem dziegciu.<\/p>\n<p>Chazacy\/Hazacy znani s\u0105 tak\u017ce z r\u0119kodzie\u0142a artystycznego, zw\u0142aszcza bia\u0142ego haftu, kt\u00f3ry zdobi ich tradycyjne stroje. Charakterystyczny jest r\u00f3wnie\u017c tamtejszy krajobraz kulturowy, niezwykle bogaty w kapliczki pasyjne, b\u0119d\u0105ce zabytkami ludowej architektury sakralnej. Ponadto w Chazach\/Hazach centralnych zauwa\u017cy\u0107 mo\u017cna charakterystyczn\u0105 cech\u0119 budownictwa &#8211; tamtejsze budynki z ma\u0142ymi okienkami w \u015bcianach szczytowych stawianie \u00a0by\u0142y szczytami do drogi. Taki uk\u0142ad mia\u0142 chroni\u0107 je przed wylewami rzek, a przyk\u0142ady tej zabudowy mo\u017cna znale\u017a\u0107 w miejscowo\u015bciach Ugoda, Wydawy i Zawady.<\/p>\n<p>\u00a0<img loading=\"lazy\" decoding=\"async\" src=\"https:\/\/niematerialne.nid.pl\/wp-content\/uploads\/2024\/08\/Tradycje-kulturowe-Chazow-Hazow_03.jpg\" title=\"ND Tradycje kulturowe Haz\u00f3w 21 poch\u00f3d smolorzy 2017, arch. Wisieloki\" width=\"500\" height=\"528\" \/>\u00a0 \u00a0<img loading=\"lazy\" decoding=\"async\" src=\"https:\/\/niematerialne.nid.pl\/wp-content\/uploads\/2024\/08\/Tradycje-kulturowe-Chazow-Hazow_04.jpg\" title=\"ND Tradycje kulturowe Haz\u00f3w 26 Palenie \u017curu_2022, arch MZR\" width=\"500\" height=\"528\" \/><\/p>\n<p>[\/et_pb_toggle][et_pb_toggle title=&#8221;99. Wykonywanie krywulek \u0142emkowskich wed\u0142ug tradycji z Koma\u0144czy i okolic&#8221; open_toggle_text_color=&#8221;#e52330&#8243; _builder_version=&#8221;4.27.0&#8243; _module_preset=&#8221;default&#8221; title_font=&#8221;|600|||||||&#8221; closed_title_font=&#8221;|600|||||||&#8221; closed_title_font_size=&#8221;14px&#8221; min_height=&#8221;26px&#8221; custom_margin=&#8221;1px||4px||false|false&#8221; locked=&#8221;off&#8221; global_colors_info=&#8221;{}&#8221;]<\/p>\n<p style=\"text-align: right;\">\u00a0Data wpisu na list\u0119: <strong>8 sierpnia 2024<\/strong><\/p>\n<p><img loading=\"lazy\" decoding=\"async\" src=\"https:\/\/niematerialne.nid.pl\/wp-content\/uploads\/2024\/08\/Wykonywanie-krywulek-lemkowskich_01.jpg\" title=\"Wykonywanie krywulek \u0142emkowskich wed\u0142ug tradycji z Koma\u0144czy i okolic, Z15_sygn479_24\" width=\"500\" height=\"528\" \/><\/p>\n<p>Krywulka to rodzaj szerokiego ozdobnego naszyjnika, plecionego z ma\u0142ych szklanych koralik\u00f3w. Niegdy\u015b zak\u0142adany do \u0142emkowskiego stroju \u015bwi\u0105tecznego. Okre\u015blenie \u201estyl komenecki\u201d, oznacza przede wszystkim krywulki z Koma\u0144czy i okolicznych wsi, gdzie s\u0105 wyrabiane.<\/p>\n<p>Typowa krywulka ma szeroko\u015b\u0107 od 15 do 20 cm . To co wyr\u00f3\u017cnia komaneckie,krywulki, to przede wszystkim ich \u015bci\u015ble okre\u015blona budowa. Naszyjnik sk\u0142ada si\u0119 z trzech cz\u0119\u015bci (pas\u00f3w):<\/p>\n<ol>\n<li>sztywnej, w\u0105skiej st\u00f3jki, zwanej <em>krajk\u0105<\/em>, kt\u00f3ra \u015bci\u015ble okala szyj\u0119, kt\u00f3r\u0105 tka si\u0119 splotem siatkowym z ma\u0142ych oczek;<\/li>\n<li>szeroki pas poni\u017cej st\u00f3jki to <em>po\u0142otence<\/em>. Sk\u0142ada si\u0119 on z koralik\u00f3w uplecionych w romby o wyra\u017anej strukturze siatki. Wz\u00f3r g\u0142\u00f3wny sk\u0142ada si\u0119 najcz\u0119\u015bciej ze stylizowanych romb\u00f3w lub sze\u015bciok\u0105t\u00f3w w kolorach \u017c\u00f3\u0142tym, bia\u0142ym, niebieskim, r\u00f3\u017cowym lub czarnym, najcz\u0119\u015bciej na czerwonym lub bordowym tle;<\/li>\n<li>krywulk\u0119 ko\u0144czy dolny brzeg, kt\u00f3ry nazywa si\u0119 <em>gondoczka<\/em>. Jest on najcz\u0119\u015bciej zbudowany ze splot\u00f3w w kszta\u0142cie ma\u0142ych tr\u00f3jk\u0105cik\u00f3w, p\u00f3\u0142koli lub pojedynczych zwisaj\u0105cych koralik\u00f3w.<\/li>\n<\/ol>\n<p>Ornamentyka i kolorystyka krywulek nawi\u0105zuje do motyw\u00f3w znanych z haftu \u0142emkowskiego, zw\u0142aszcza tego z dawnych koszul kobiecych.<\/p>\n<p>W strukturze i kompozycji krywulki zawarta jest symbolika solarna, dzi\u0119ki czemu krywulki s\u0105 traktowane jako rodzaj amuletu. W dawnej kulturze \u0142emkowskiej, z okolic Koma\u0144czy, krywulka by\u0142a oznak\u0105 statusu spo\u0142ecznego i maj\u0105tkowego nosz\u0105cej j\u0105 kobiety. Tylko bogate \u0141emkinie sta\u0107 by\u0142o na szerokie i du\u017ce krywulki, kt\u00f3re mog\u0142y kosztowa\u0107 tyle co krowa.<\/p>\n<p>Do wykonania szerokiej krywulki trzeba zu\u017cy\u0107 od 20 do 25 tysi\u0119cy ma\u0142ych szklanych koralik\u00f3w. \u015arednio, na wyplecenie du\u017cej krywulki \u00a0potrzebne jest oko\u0142o 100 godzin pracy.<\/p>\n<p><img loading=\"lazy\" decoding=\"async\" src=\"https:\/\/niematerialne.nid.pl\/wp-content\/uploads\/2024\/08\/Wykonywanie-krywulek-lemkowskich_02.jpg\" title=\"DULEBA portrety depozytariuszek\" width=\"500\" height=\"528\" \/>\u00a0 \u00a0 <img loading=\"lazy\" decoding=\"async\" src=\"https:\/\/niematerialne.nid.pl\/wp-content\/uploads\/2024\/08\/Wykonywanie-krywulek-lemkowskich_03.jpg\" title=\"DULEBA portrety depozytariuszek\" width=\"500\" height=\"528\" \/>\u00a0 \u00a0 <img loading=\"lazy\" decoding=\"async\" src=\"https:\/\/niematerialne.nid.pl\/wp-content\/uploads\/2024\/08\/Wykonywanie-krywulek-lemkowskich_04.jpg\" title=\"DULEBA tworzenie krywulek w Krzywej\" width=\"500\" height=\"528\" \/><\/p>\n<p>[\/et_pb_toggle][et_pb_toggle title=&#8221;100. Tradycja wykonywania ozd\u00f3b \u015bwi\u0105tecznych z op\u0142atka w Dolinie Liwca  |  The tradition of making Christmas decoration from wafer in the Valley of Liwiec River&#8221; open_toggle_text_color=&#8221;#e52330&#8243; _builder_version=&#8221;4.27.4&#8243; _module_preset=&#8221;default&#8221; title_font=&#8221;|600|||||||&#8221; closed_title_font=&#8221;|600|||||||&#8221; closed_title_font_size=&#8221;14px&#8221; min_height=&#8221;26px&#8221; custom_margin=&#8221;1px||4px||false|false&#8221; locked=&#8221;off&#8221; global_colors_info=&#8221;{}&#8221;]<\/p>\n<p style=\"text-align: right;\">Data wpisu na list\u0119: <strong>8 sierpnia 2024<\/strong><\/p>\n<p><img loading=\"lazy\" decoding=\"async\" src=\"https:\/\/niematerialne.nid.pl\/wp-content\/uploads\/2024\/08\/Tradycja-wykonywania-ozdob-swiatecznych-w-Dolinie-Liwca_02.jpg\" title=\"Ozdoby w pracowni Pep\u0142owskiej\" width=\"500\" height=\"528\" \/><\/p>\n<p>Zwyczaj tworzenia ozd\u00f3b z op\u0142atk\u00f3w si\u0119ga po\u0142owy XVIII wieku. W kulturze ludowej op\u0142atki mia\u0142y du\u017ce znaczenie. Wierzono, \u017ce chroni\u0105 dom przed ogniem i piorunami. Tworzono z nich przestrzenne wycinanki, kt\u00f3rymi zdobiono pod\u0142a\u017aniki, belki stropowe czy &#8220;\u015bwi\u0119te k\u0105ty&#8221;.<\/p>\n<p>Zwyczaj pocz\u0105tkowo praktykowany w szlacheckich dworach, stopniowo przenikn\u0105\u0142 na wie\u015b, szczeg\u00f3lnie w\u00a0Polsce po\u0142udniowej . Umiej\u0119tno\u015b\u0107 wykonywania tych kruchych ozd\u00f3b \u015bwi\u0105tecznych znana by\u0142a r\u00f3wnie\u017c w innych cz\u0119\u015bciach Polski, jak na przyk\u0142ad na Mazowszu czy Podlasiu. Po II Wojnie \u015awiatowej tradycja robienia ozd\u00f3b bo\u017conarodzeniowych z op\u0142atka powoli zanika\u0142a. Dzi\u0119ki zaanga\u017cowaniu p. Ma\u0142gorzaty Pep\u0142owskiej, tradycja wykonywania ozd\u00f3b z op\u0142atka do dzi\u015b jest \u017cywa mi\u0119dzy innymi w Dolinie Liwca ko\u0142o W\u0119growa. Ta jedyna czynna depozytariuszka w regionie, kt\u00f3ra naby\u0142a umiej\u0119tno\u015b\u0107 dzi\u0119ki bezpo\u015bredniemu przekazowi mi\u0119dzypokoleniowemu \u2013 od babci, mamy oraz mistrzyni Czes\u0142awy Rowickiej.<\/p>\n<p>Dzi\u015b Ma\u0142gorzata Pep\u0142owska wykonuje nie tylko tradycyjne \u015bwiaty, rozetki czy gwiazdy, ale r\u00f3wnie\u017c szopki i sceny bo\u017conarodzeniowe w formie kartek \u015bwi\u0105tecznych. Technika i materia\u0142 do wykonywania ozd\u00f3b \u015bwi\u0105tecznych z op\u0142atka nie zmieni\u0142y si\u0119 od pokole\u0144. Wyci\u0119te z op\u0142atka kszta\u0142ty skleja ze sob\u0105 na \u015blin\u0119.<\/p>\n<p><img loading=\"lazy\" decoding=\"async\" src=\"https:\/\/niematerialne.nid.pl\/wp-content\/uploads\/2024\/08\/Tradycja-wykonywania-ozdob-swiatecznych-w-Dolinie-Liwca_01.jpg\" title=\"DUL_2018\" width=\"500\" height=\"528\" \/>\u00a0 \u00a0<img loading=\"lazy\" decoding=\"async\" src=\"https:\/\/niematerialne.nid.pl\/wp-content\/uploads\/2024\/08\/Tradycja-wykonywania-ozdob-swiatecznych-w-Dolinie-Liwca_03.jpg\" title=\"Pep\u0142owska - ozdoby z op\u0142atka 2019\" width=\"500\" height=\"528\" \/>\u00a0 \u00a0<img loading=\"lazy\" decoding=\"async\" src=\"https:\/\/niematerialne.nid.pl\/wp-content\/uploads\/2024\/08\/Tradycja-wykonywania-ozdob-swiatecznych-w-Dolinie-Liwca_04.jpg\" title=\"Pracownia_Ruchna\" width=\"500\" height=\"528\" \/><\/p>\n<p>&#8212;<\/p>\n<p style=\"text-align: right;\">Date of the inclusion in the inventory: <strong>August 8, 2024<\/strong><\/p>\n<p style=\"text-align: right;\"><strong><\/strong><\/p>\n<p>The tradition of making ornaments from wafers dates back to the mid-18th century. In folk culture, wafers have great significance. They are believed to protect the house from fire and lightning. Spatial cut-outs made of wafers are used to to decorate Christmas tree,\u00a0 ceiling beams or \u201csacred corners\u201d in the house.<\/p>\n<p>The tradition, initially practiced in noble manors and among petty nobility, gradually penetrated the countryside, especially in southern Poland, Mazovia and Podlasie regions. After World War II, the tradition of making Christmas decorations from wafer slowly disappeared. Thanks to Ms. Ma\u0142gorzata Pep\u0142owska, folk artist and master from the village of Ruchna, the tradition of making ornaments from wafer is still alive today, among others in the Liwiec Valley near W\u0119gr\u00f3w. She is the only active depositary in the region. She acquired the skill directly from her grandmother, mother and the master Czes\u0142awa Rowicka from W\u0119gr\u00f3w.<\/p>\n<p>Today, Ma\u0142gorzata Pep\u0142owska makes not only traditional special \u201eworlds\u201d, rosettes or stars, but also nativity scenes and Christmas scenes from wafer. The technique and material for making Christmas decorations from wafer have not changed for generations. Shapes cut out of wafer are glued together with saliva.<\/p>\n<p>[\/et_pb_toggle][et_pb_toggle title=&#8221;101. Tradycja kwestowania na Cmentarzu Stare Pow\u0105zki w Warszawie jako element obchod\u00f3w  Dnia Wszystkich \u015awi\u0119tych oraz Dnia Zadusznego&#8221; open_toggle_text_color=&#8221;#e52330&#8243; _builder_version=&#8221;4.27.4&#8243; _module_preset=&#8221;default&#8221; title_font=&#8221;|600|||||||&#8221; closed_title_font=&#8221;|600|||||||&#8221; closed_title_font_size=&#8221;14px&#8221; min_height=&#8221;26px&#8221; custom_margin=&#8221;1px||4px||false|false&#8221; locked=&#8221;off&#8221; global_colors_info=&#8221;{}&#8221;]<\/p>\n<p style=\"text-align: right;\">\u00a0 Data wpisu na list\u0119: <strong>8 sierpnia 2024<\/strong><\/p>\n<p><a href=\"https:\/\/niematerialne.nid.pl\/wp-content\/uploads\/2024\/08\/Tradycja-kwestowania-na-Cmentarzu-Stare-Powazki_01.jpg\"><img loading=\"lazy\" decoding=\"async\" src=\"https:\/\/niematerialne.nid.pl\/wp-content\/uploads\/2024\/08\/Tradycja-kwestowania-na-Cmentarzu-Stare-Powazki_01.jpg\" title=\"Tradycja kwestowania na Cmentarzu Stare Pow\u0105zki w Warszawie, fot.Zbiory-SKONSP-im.J.Waldorffa\" width=\"500\" height=\"528\" \/>\u00a0\u00a0\u00a0<\/a> <a href=\"https:\/\/niematerialne.nid.pl\/wp-content\/uploads\/2024\/08\/Tradycja-kwestowania-na-Cmentarzu-Stare-Powazki_02-scaled.jpg\"><img loading=\"lazy\" decoding=\"async\" src=\"https:\/\/niematerialne.nid.pl\/wp-content\/uploads\/2024\/08\/Tradycja-kwestowania-na-Cmentarzu-Stare-Powazki_02-scaled.jpg\" title=\"Tradycja kwestowania na Cmentarzu Stare Pow\u0105zki w Warszawie, fot.Zbiory-SKONSP-im.J.Waldorffa\" width=\"485\" height=\"485\" \/><\/a><\/p>\n<p>Kwesta pow\u0105zkowska to co\u015b wi\u0119cej ni\u017c zbi\u00f3rka na renowacj\u0119 grob\u00f3w. To tradycja, kt\u00f3ra jednoczy warszawiak\u00f3w w ochronie dziedzictwa kulturowego i przekazuje warto\u015bci m\u0142odszym pokoleniom. Zapocz\u0105tkowana w 1975 roku przez Jerzego Waldorffa, akcja od pocz\u0105tku przyci\u0105ga znane postacie z r\u00f3\u017cnych \u015brodowisk, a z czasem do\u0142\u0105czyli do niej kolejarze, g\u00f3rale, uczniowie, stra\u017cacy, politycy i cz\u0142onkowie Bractwa Kurkowego.<\/p>\n<p>Kwestowanie uwa\u017cane jest przez depozytariuszy za obywatelsk\u0105 powinno\u015b\u0107. Na uroczysto\u015bci z okazji 50-lecia Komitetu w marcu 2024 roku zidentyfikowano ponad 60 \u017cyj\u0105cych kwestarzy, kt\u00f3rzy w wydarzeniu brali udzia\u0142 co najmniej 25 razy. Wykaz wszystkich, kt\u00f3rzy kiedykolwiek kwestowali zbli\u017ca si\u0119 do 800 os\u00f3b. Wsp\u00f3\u0142praca ze Spo\u0142ecznym Komitetem Opieki nad Starymi Pow\u0105zkami sta\u0142a si\u0119 dla wielu z nich rodzinn\u0105 tradycj\u0105. Na przyk\u0142ad, w pierwszym sk\u0142adzie Komitetu uczestniczy\u0142 zaprzyja\u017aniony z Waldorffem w\u0142a\u015bciciel firmy cukierniczej Jerzy Blikle, kt\u00f3ra to zaopatrywa\u0142a kwestarzy w p\u0105czki. Nast\u0119pnie do Komitetu do\u0142\u0105czy\u0142 jego syn, profesor Andrzej Blikle, kt\u00f3ry dzi\u015b na zbi\u00f3rk\u0119 przychodzi z synem \u0141ukaszem i jego dzie\u0107mi. Inne przyk\u0142ady przechodzenia kwestowania na nast\u0119pne pokolenia s\u0105 u rodzin aktorskich: Dami\u0119ckich, Barcisi\u00f3w,\u00a0 Szczepkowskich, Stali\u0144skich.<\/p>\n<p><a href=\"https:\/\/niematerialne.nid.pl\/wp-content\/uploads\/2025\/11\/Tradycja-kwestowania-na-Cmentarzu-Stare-Powazki-w-Warszawie-fot.-Anna-Borkowska-KniolekNID_01.jpg\"><img loading=\"lazy\" decoding=\"async\" src=\"https:\/\/niematerialne.nid.pl\/wp-content\/uploads\/2025\/11\/Tradycja-kwestowania-na-Cmentarzu-Stare-Powazki-w-Warszawie-fot.-Anna-Borkowska-KniolekNID_01.jpg\" title=\"Tradycja kwestowania na Cmentarzu Stare Pow\u0105zki w Warszawie, fot. Anna Borkowska-Knio\u0142ek | NID\" width=\"500\" height=\"528\" \/><\/a><\/p>\n<p>Jak podkre\u015blaj\u0105 depozytariusze, Kwesta Pow\u0105zkowska to wydarzenie, kt\u00f3re \u0142\u0105czy ludzi w ich wsp\u00f3lnej trosce o dziedzictwo kulturowe i pami\u0119\u0107 o przodkach. Troska o Narodow\u0105 Nekropoli\u0119 jest przedmiotem zainteresowania ca\u0142ego spo\u0142ecze\u0144stwa i daje pi\u0119kny przyk\u0142ad jednocz\u0105cej tradycji. Jak m\u00f3wi\u0142 Jerzy Waldorff: \u201ePami\u0119tajmy \u017ce walcz\u0105c o przysz\u0142o\u015b\u0107 narodu musimy si\u0119 mocno oprze\u0107 si\u0119 o jego groby.\u201d.<\/p>\n<p>Miejsce kwesty jest szczeg\u00f3lne pod wieloma wzgl\u0119dami. Cmentarz Pow\u0105zkowski w Warszawie jest jedn\u0105 z najstarszych i najbardziej szacownych nekropolii w Polsce. Powsta\u0142 na terenie ofiarowanym przez rodzin\u0119 Szymanowskich, jako odpowied\u017a na zamykanie tradycyjnych miejsc poch\u00f3wku wewn\u0105trz miast, na terenach przyko\u015bcielnych czy przyszpitalnych. Od XIX wieku sta\u0142 si\u0119 miejscem spoczynku warszawskich elit, w tym artyst\u00f3w, pisarzy, wojskowych i polityk\u00f3w. W okresie zabor\u00f3w pe\u0142ni\u0142 rol\u0119 Narodowego Panteonu. Pochowani s\u0105 tu m.in. Ignacy Mo\u015bcicki, W\u0142adys\u0142aw Reymont, Boles\u0142aw Prus, Stefan Grot-Rowecki, Stanis\u0142aw Moniuszko, Czes\u0142aw Niemen, Irena Sendlerowa, i wielu innych zas\u0142u\u017conych dla polskiej kultury i historii.<\/p>\n<p>&nbsp;<\/p>\n<p><a href=\"https:\/\/niematerialne.nid.pl\/wp-content\/uploads\/2025\/11\/Tradycja-kwestowania-na-Cmentarzu-Stare-Powazki-w-Warszawie-fot.-Anna-Borkowska-KniolekNID_08.jpg\"><img loading=\"lazy\" decoding=\"async\" src=\"https:\/\/niematerialne.nid.pl\/wp-content\/uploads\/2025\/11\/Tradycja-kwestowania-na-Cmentarzu-Stare-Powazki-w-Warszawie-fot.-Anna-Borkowska-KniolekNID_08.jpg\" title=\"Tradycja kwestowania na Cmentarzu Stare Pow\u0105zki w Warszawie, fot. Anna Borkowska-Knio\u0142ek | NID\" width=\"222\" height=\"333\" \/>\u00a0\u00a0\u00a0<\/a> <a href=\"https:\/\/niematerialne.nid.pl\/wp-content\/uploads\/2025\/11\/Tradycja-kwestowania-na-Cmentarzu-Stare-Powazki-w-Warszawie-fot.-Anna-Borkowska-KniolekNID_10.jpg\"><img loading=\"lazy\" decoding=\"async\" src=\"https:\/\/niematerialne.nid.pl\/wp-content\/uploads\/2025\/11\/Tradycja-kwestowania-na-Cmentarzu-Stare-Powazki-w-Warszawie-fot.-Anna-Borkowska-KniolekNID_10.jpg\" title=\"Tradycja kwestowania na Cmentarzu Stare Pow\u0105zki w Warszawie, fot. Anna Borkowska-Knio\u0142ek | NID\" width=\"222\" height=\"333\" \/><\/a> \u00a0\u00a0 <a href=\"https:\/\/niematerialne.nid.pl\/wp-content\/uploads\/2025\/11\/Tradycja-kwestowania-na-Cmentarzu-Stare-Powazki-w-Warszawie-fot.-Anna-Borkowska-KniolekNID_14.jpg\"><img loading=\"lazy\" decoding=\"async\" src=\"https:\/\/niematerialne.nid.pl\/wp-content\/uploads\/2025\/11\/Tradycja-kwestowania-na-Cmentarzu-Stare-Powazki-w-Warszawie-fot.-Anna-Borkowska-KniolekNID_14.jpg\" title=\"Tradycja kwestowania na Cmentarzu Stare Pow\u0105zki w Warszawie, fot. Anna Borkowska-Knio\u0142ek | NID\" width=\"222\" height=\"333\" \/>\u00a0\u00a0\u00a0<\/a> <a href=\"https:\/\/niematerialne.nid.pl\/wp-content\/uploads\/2025\/11\/Tradycja-kwestowania-na-Cmentarzu-Stare-Powazki-w-Warszawie-fot.-Anna-Borkowska-KniolekNID_17.jpg\"><img loading=\"lazy\" decoding=\"async\" src=\"https:\/\/niematerialne.nid.pl\/wp-content\/uploads\/2025\/11\/Tradycja-kwestowania-na-Cmentarzu-Stare-Powazki-w-Warszawie-fot.-Anna-Borkowska-KniolekNID_17.jpg\" title=\"Tradycja kwestowania na Cmentarzu Stare Pow\u0105zki w Warszawie, fot. Anna Borkowska-Knio\u0142ek | NID\" width=\"222\" height=\"333\" \/><\/a><\/p>\n<p>[\/et_pb_toggle][et_pb_toggle title=&#8221;102. Tradycyjne malarstwo Zalipia i Powi\u015bla D\u0105browskiego&#8221; open_toggle_text_color=&#8221;#e52330&#8243; _builder_version=&#8221;4.27.4&#8243; _module_preset=&#8221;default&#8221; title_font=&#8221;|600|||||||&#8221; closed_title_font=&#8221;|600|||||||&#8221; closed_title_font_size=&#8221;14px&#8221; min_height=&#8221;26px&#8221; custom_margin=&#8221;1px||4px||false|false&#8221; locked=&#8221;off&#8221; global_colors_info=&#8221;{}&#8221;]<\/p>\n<p style=\"text-align: right;\">Data wpisu na list\u0119: <strong>8 sierpnia 2024<\/strong><\/p>\n<p><img loading=\"lazy\" decoding=\"async\" src=\"https:\/\/niematerialne.nid.pl\/wp-content\/uploads\/2024\/08\/Tradycyjne-malarstwo-Zalipia-i-Powisla-Dabrowskiego_03-scaled.jpg\" title=\"Chata malow. Joanna Krok, Zalipie, fot. U. Giero\u0144, 2017\" width=\"500\" height=\"528\" \/>\u00a0 <img loading=\"lazy\" decoding=\"async\" src=\"https:\/\/niematerialne.nid.pl\/wp-content\/uploads\/2024\/08\/Tradycyjne-malarstwo-Zalipia-i-Powisla-Dabrowskiego_02-scaled.jpg\" title=\"Stajnia, studnia mal. Lucyna \u0141ata, Zalipie, fot. U. Giero\u0144, 2014\" width=\"500\" height=\"528\" \/><\/p>\n<p>Pocz\u0105tki tradycji zdobniczych w regionie si\u0119gaj\u0105 ko\u0144ca XIX wieku i s\u0105 zwi\u0105zane z archaicznym stylem dekoracji przy u\u017cyciu &#8220;pack&#8221; (plam wapna) na suficie i piecu w &#8220;czarnej izbie&#8221; (kuchni). Kobiety malowa\u0142y osmolone dymem miejsca jasnymi plamami wapna, uderzaj\u0105c p\u0119dzlem zwanym &#8220;pro\u015bniank\u0105&#8221; (ze s\u0142omy prosa), tworz\u0105c geometryczne, koliste wzory w pasowych uk\u0142adach. Z czasem te wzory przekszta\u0142ci\u0142y si\u0119 w proste motywy ro\u015blinne, cz\u0119sto przedstawiaj\u0105ce koliste, sercowate lub gwia\u017adziste kwiaty z d\u0142ug\u0105 \u0142odyg\u0105. Pocz\u0105tkowe geometryczne formy ewoluowa\u0142y w bardziej kolorowe i z\u0142o\u017cone wzory ro\u015blinne oraz niekiedy motywy zoomorficzne (ptaki). Inspiracj\u0105 dla tego rozwoju mog\u0142y by\u0107 wzory z tradycyjnych powi\u015bla\u0144skich haft\u00f3w, takich jak motywy bukiet\u00f3w.<\/p>\n<p>Niestety rozwijaj\u0105ce si\u0119 w okresie mi\u0119dzywojennym zalipia\u0144skie malarstwo w czasie okupacji zacz\u0119\u0142o przygasa\u0107. Kobiety boj\u0105c si\u0119 represji ze strony hitlerowc\u00f3w wola\u0142y nie zwraca\u0107 na siebie uwagi. Dopiero na prze\u0142omie lat 40. i 50. XX wieku\u00a0 tutejsze malarstwo zacz\u0119\u0142o si\u0119 powoli odradza\u0107. Przyczyni\u0142 si\u0119 do tego konkurs \u201eMalowana Chata\u201d, kt\u00f3ry odbywa si\u0119 od 1948 r. do chwili obecnej, corocznie od 1965 roku. Od 1976 roku g\u0142\u00f3wnym jego organizatorem jest Muzeum Okr\u0119gowe w Tarnowie (od 2024 r. zwane Muzeum Ziemi Tarnowskiej) przy wsp\u00f3\u0142pracy Domu Malarek w Zalipiu.<\/p>\n<p>Kreatywno\u015b\u0107 i talent zalipia\u0144skich malarek, wprowadzi\u0142y nowe formy artystycznego wyrazu dzi\u0119ki inicjatywom organizator\u00f3w konkursu. Malarki, wcze\u015bniej tworz\u0105ce jedynie wewn\u0119trzne dekoracje, zacz\u0119\u0142y ozdabia\u0107 elewacje dom\u00f3w: przestrzenie wok\u00f3\u0142 okien, drzwi oraz \u015bciany szczytowe. Z czasem malowankami zacz\u0119to pokrywa\u0107 r\u00f3wnie\u017c budynki gospodarcze, takie jak stajnie, stodo\u0142y, szopy, a nawet piwnice, studnie, psie budy, kurniki, go\u0142\u0119bniki i drzewa. W latach 60. i 70. XX wieku zdobnictwo prze\u017cy\u0142o rozkwit, z Zalipiem jako g\u0142\u00f3wnym o\u015brodkiem, co doprowadzi\u0142o do powstania terminu \u201emalowanki zalipia\u0144skie\u201d. W innych wsiach Powi\u015bla, bogato dokumentowanych w sonda\u017cu z 1948 roku, tradycje zdobnicze zacz\u0119\u0142y zanika\u0107. Przyczyn\u0105 tego by\u0142a nie tylko brak motywacji konkursowych i promuj\u0105cych zdobnictwo osobowo\u015bci, ale tak\u017ce rozproszenie ma\u0142ych malarskich enklaw. Aby o\u017cywi\u0107 te tradycje, od 1976 roku do konkursu zacz\u0119to zaprasza\u0107 przedstawicielki z innych wsi Powi\u015bla D\u0105browskiego.<\/p>\n<p>W latach 90. oraz na prze\u0142omie XX i XXI wieku rozwija\u0142y si\u0119 wsp\u00f3\u0142czesne odmiany zdobnictwa. Nowe rozwi\u0105zania artystyczne pojawi\u0142y si\u0119 r\u00f3wnocze\u015bnie z urbanizacyjnymi zmianami na wsi, gdzie tradycyjna drewniana architektura niemal zanik\u0142a. Murowane budynki i nowe wystroje wn\u0119trz ograniczy\u0142y przestrze\u0144 do malowania, co stanowi\u0142o wyzwanie dla artystek z Powi\u015bla D\u0105browskiego. Dzi\u0119ki talentowi i do\u015bwiadczeniu kompozycyjnemu, malarki potrafi\u0142y dostosowa\u0107 swoje wzornictwo do wsp\u00f3\u0142czesnych form architektury i wn\u0119trz. Pojawienie si\u0119 lepszych materia\u0142\u00f3w malarskich, takich jak farby olejne, akrylowe i niezmywalne, otworzy\u0142o nowe mo\u017cliwo\u015bci tw\u00f3rcze, szczeg\u00f3lnie dla m\u0142odszych artystek.<\/p>\n<p><img loading=\"lazy\" decoding=\"async\" src=\"https:\/\/niematerialne.nid.pl\/wp-content\/uploads\/2024\/08\/Tradycyjne-malarstwo-Zalipia-i-Powisla-Dabrowskiego_04-scaled.jpg\" title=\"Rodzina Marii Chlastawa fot. Gabriela Mi\u015b\" width=\"500\" height=\"528\" \/>\u00a0 \u00a0<img loading=\"lazy\" decoding=\"async\" src=\"https:\/\/niematerialne.nid.pl\/wp-content\/uploads\/2024\/08\/Tradycyjne-malarstwo-Zalipia-i-Powisla-Dabrowskiego_01-scaled.jpg\" title=\"Bart\u0142omiej Ruta fot. Gabriela Mi\u015b\" width=\"222\" height=\"333\" \/>\u00a0 \u00a0<img loading=\"lazy\" decoding=\"async\" src=\"https:\/\/niematerialne.nid.pl\/wp-content\/uploads\/2024\/08\/Tradycyjne-malarstwo-Zalipia-i-Powisla-Dabrowskiego_05-scaled.jpg\" title=\"Malowane wyroby pami\u0105tkarskie, pok\u00f3j Heleny Lelek, Zalipie, fot. U. Giero\u0144,  2014\" width=\"500\" height=\"528\" \/><\/p>\n<p>[\/et_pb_toggle][et_pb_toggle title=&#8221;103. Sob\u00f3tka w Jastarni&#8221; open_toggle_text_color=&#8221;#e52330&#8243; _builder_version=&#8221;4.27.0&#8243; _module_preset=&#8221;default&#8221; title_font=&#8221;|600|||||||&#8221; closed_title_font=&#8221;|600|||||||&#8221; closed_title_font_size=&#8221;14px&#8221; min_height=&#8221;26px&#8221; custom_margin=&#8221;1px||4px||false|false&#8221; locked=&#8221;off&#8221; global_colors_info=&#8221;{}&#8221;]<\/p>\n<p style=\"text-align: right;\">Data wpisu na list\u0119: <strong>8 sierpnia 2024<\/strong><\/p>\n<p><img loading=\"lazy\" decoding=\"async\" src=\"https:\/\/niematerialne.nid.pl\/wp-content\/uploads\/2024\/08\/Sobotka-w-Jastarni_01.jpg\" title=\"Przemarsz korowodu sob\u00f3tkowego przez Jastarni\u0119, 1980 r.\" width=\"500\" height=\"528\" \/><\/p>\n<p>Wyj\u0105tkowo\u015b\u0107 zwyczaj\u00f3w na P\u00f3\u0142wyspie Helskim polega na tym, \u017ce rok obrz\u0119dowy jest tu\u00a0 zwi\u0105zany z rytmem morza, a nie z og\u00f3lnokrajowymi \u015bwi\u0119tami agrarnymi. Tutejsi\u00a0 mieszka\u0144cy, zwani M\u00f2rzanami, czerpi\u0105 r\u00f3wnie\u017c z tradycji marynarskich. \u017bycie rybackie wymaga pracowito\u015bci, wiedzy i szcz\u0119\u015bcia, dlatego tutejsza ludno\u015b\u0107 cechuje si\u0119 przes\u0105dno\u015bci\u0105. Codzienne i \u015bwi\u0105teczne rytua\u0142y, zw\u0142aszcza podczas Sob\u00f3tki, podkre\u015blaj\u0105 symbolik\u0119 ognia, kt\u00f3ry daje ciep\u0142o, bezpiecze\u0144stwo i chroni przed z\u0142em.<\/p>\n<p>Dla rybak\u00f3w z Jastarni, sob\u00f3tkowy ogie\u0144 mia\u0142 wr\u0119cz moc oczyszczaj\u0105c\u0105. Tradycyjnie tylko w tym ogniu palono zu\u017cyte sieci, co podkre\u015bla\u0142o ich szczeg\u00f3lne znaczenie. By\u0142 to zwyczaj praktykowany w czasach, gdy sieci wykonywano z w\u0142\u00f3kien naturalnych (do ko\u0144ca lat 70. XX wieku). Obecnie, gdy s\u0105 one produkowane ze sztucznych, syntetycznych materia\u0142\u00f3w zaprzestano tego rodzaju praktyk.<\/p>\n<p>Wsp\u00f3\u0142czesna Sob\u00f3tka w Jastarni to widowisko \u0142\u0105cz\u0105ce stare i nowe rytua\u0142y, g\u0142\u00f3wnie z lat 80. i 90. XX wieku. W Jastarni Sob\u00f3tki obchodzone s\u0105 23 czerwca, w wigili\u0119 \u015bw. Jana Chrzciciela. Tradycyjnie rozpalany jest symboliczny ogie\u0144 w beczkach na wysokich dr\u0105gach, co ma na\u015bladowa\u0107 \u015bwiat\u0142o latarni morskiej. Dawniej nieuczciwi mieszka\u0144cy wykorzystywali te ognie do zwabiania statk\u00f3w na mielizny w celu rabunku. Wsp\u00f3\u0142czesne uroczysto\u015bci nawi\u0105zuj\u0105 do tych pirackich tradycji poprzez symbolik\u0119 i stroje. Cz\u0119\u015b\u0107 uczestnik\u00f3w wierzy, \u017ce ogie\u0144 w beczce niszczy zgromadzone z\u0142o. Obecnie taka forma palenia sob\u00f3tkowego ognia konsekwentnie zachowana jest tylko w Jastarni. Mieszka\u0144cy innych, rybackich miejscowo\u015bci ograniczaj\u0105 si\u0119 do palenia na pla\u017cach naziemnych ognisk.<\/p>\n<p>Dawniej przygotowanie sob\u00f3tkowej ceremonii by\u0142o obowi\u0105zkiem m\u0142odzie\u017cy m\u0119skiej z rocznika poborowego. Obecnie zajmuj\u0105 si\u0119 tym 19-latkowie, zar\u00f3wno ch\u0142opcy, jak i dziewcz\u0119ta, kt\u00f3rzy przejmuj\u0105 zadanie rok wcze\u015bniej od starszego rocznika. Przygotowania trwaj\u0105 rok i obejmuj\u0105 wyb\u00f3r lidera, przydzielenie r\u00f3l oraz planowanie techniczne i stroj\u00f3w.<\/p>\n<p>Wsp\u00f3\u0142czesna Sob\u00f3tka w Jastarni zaczyna si\u0119 o godzinie 20.00. Mieszka\u0144cy i tury\u015bci zbieraj\u0105 si\u0119 na placu przy skrzy\u017cowaniu ulic Mickiewicza i Ba\u0142tyckiej, by w korowodzie przej\u015b\u0107 przez udekorowane ulice. Korow\u00f3d prowadzi \u201eRybacka Orkiestra D\u0119ta\u201d z Jastarni, za kt\u00f3r\u0105 jedzie w\u00f3z z dr\u0105giem i beczk\u0105. Nad Zatok\u0105, na Placu Sob\u00f3tkowym, 19-latkowie ustawiaj\u0105 dr\u0105g z beczk\u0105 i strzelaj\u0105 rakietnicami, pr\u00f3buj\u0105c wznieci\u0107 ogie\u0144. Bohaterem wieczoru zostaje ten, komu si\u0119 to uda.<\/p>\n<p><img loading=\"lazy\" decoding=\"async\" src=\"https:\/\/niematerialne.nid.pl\/wp-content\/uploads\/2024\/08\/Sobotka-w-Jastarni_02.jpg\" title=\"M\u0119ska cz\u0119\u015b\u0107 organizator\u00f3w Sob\u00f3tki w Jastarni w roku 1992\" width=\"500\" height=\"528\" \/>\u00a0 \u00a0 <img loading=\"lazy\" decoding=\"async\" src=\"https:\/\/niematerialne.nid.pl\/wp-content\/uploads\/2024\/08\/Sobotka-w-Jastarni_03.jpg\" title=\"Powitanie pala z beczk\u0105 na Placu Sob\u00f3tkowym, Jastarnia, 2006 r., fot. Miros\u0142aw Kuklik\" width=\"500\" height=\"528\" \/>[\/et_pb_toggle][et_pb_toggle title=&#8221;104. Rucznik\/rusznyk &#8211; bielski r\u0119cznik obrz\u0119dowy&#8221; open_toggle_text_color=&#8221;#e52330&#8243; _builder_version=&#8221;4.27.4&#8243; _module_preset=&#8221;default&#8221; title_font=&#8221;|600|||||||&#8221; closed_title_font=&#8221;|600|||||||&#8221; closed_title_font_size=&#8221;14px&#8221; min_height=&#8221;26px&#8221; custom_margin=&#8221;1px||4px||false|false&#8221; locked=&#8221;off&#8221; global_colors_info=&#8221;{}&#8221;]<\/p>\n<p style=\"text-align: right;\">Data wpisu na list\u0119: <strong>17 grudnia 2024<\/strong><\/p>\n\n\t\t<style type=\"text\/css\">\n\t\t\t#gallery-9 {\n\t\t\t\tmargin: auto;\n\t\t\t}\n\t\t\t#gallery-9 .gallery-item {\n\t\t\t\tfloat: left;\n\t\t\t\tmargin-top: 10px;\n\t\t\t\ttext-align: center;\n\t\t\t\twidth: 25%;\n\t\t\t}\n\t\t\t#gallery-9 img {\n\t\t\t\tborder: 2px solid #cfcfcf;\n\t\t\t}\n\t\t\t#gallery-9 .gallery-caption {\n\t\t\t\tmargin-left: 0;\n\t\t\t}\n\t\t\t\/* see gallery_shortcode() in wp-includes\/media.php *\/\n\t\t<\/style>\n\t\t<div id='gallery-9' class='gallery galleryid-5387 gallery-columns-4 gallery-size-large'><dl class='gallery-item'>\n\t\t\t<dt class='gallery-icon landscape'>\n\t\t\t\t<a href='https:\/\/niematerialne.nid.pl\/wp-content\/uploads\/2025\/01\/Rucznik-rusznyk-bielski-recznik-obrzedowy_01-scaled.jpg'><img loading=\"lazy\" decoding=\"async\" width=\"1024\" height=\"683\" src=\"https:\/\/niematerialne.nid.pl\/wp-content\/uploads\/2025\/01\/Rucznik-rusznyk-bielski-recznik-obrzedowy_01-1024x683.jpg\" class=\"attachment-large size-large\" alt=\"\" aria-describedby=\"gallery-9-22991\" srcset=\"https:\/\/niematerialne.nid.pl\/wp-content\/uploads\/2025\/01\/Rucznik-rusznyk-bielski-recznik-obrzedowy_01-980x653.jpg 980w, https:\/\/niematerialne.nid.pl\/wp-content\/uploads\/2025\/01\/Rucznik-rusznyk-bielski-recznik-obrzedowy_01-480x320.jpg 480w\" sizes=\"(min-width: 0px) and (max-width: 480px) 480px, (min-width: 481px) and (max-width: 980px) 980px, (min-width: 981px) 1024px, 100vw\" \/><\/a>\n\t\t\t<\/dt>\n\t\t\t\t<dd class='wp-caption-text gallery-caption' id='gallery-9-22991'>\n\t\t\t\tIkony z r\u0119cznikiem, fot. A. D\u0119bowska-Jankiewicz\n\t\t\t\t<\/dd><\/dl>\n\t\t\t<br style='clear: both' \/>\n\t\t<\/div>\n\n<p>Bielski r\u0119cznik obrz\u0119dowy to niezwykle wa\u017cny element tradycji Podlasia, kt\u00f3ry od wiek\u00f3w towarzyszy mieszka\u0144com regionu w najwa\u017cniejszych momentach \u017cycia.<br \/>Rucznik wykonuje si\u0119 z najpi\u0119kniejszego lnu. Jego wymiary wahaj\u0105 si\u0119 od 2 do 3,5 metra d\u0142ugo\u015bci i 35\u201344 cm szeroko\u015bci. Ka\u017cdy zdobiony jest misternymi wzorami \u2013 haftem krzy\u017cykowym, p\u0142askim, koronk\u0105 szyde\u0142kow\u0105 lub wi\u0105zan\u0105.<\/p>\n<p>Niegdy\u015b rucznik by\u0142 nieodzownym elementem posagu m\u0142odych dziewcz\u0105t, kt\u00f3re od najm\u0142odszych lat uczy\u0142y si\u0119 rzemios\u0142a tkackiego i hafciarskiego. Do dzi\u015b bielski r\u0119cznik obrz\u0119dowy odgrywa wa\u017cn\u0105 rol\u0119 w ceremoniach za\u015blubin i obrz\u0119dach weselnych &#8211; w czasie \u015blubu, w cerkwi m\u0142oda para staje na roz\u0142o\u017conym r\u0119czniku, co ma symbolizowa\u0107 trwa\u0142o\u015b\u0107 zwi\u0105zku. Za\u015blubionych, po powrocie z cerkwi, na progu wita matka z korowajem \u2013 obrz\u0119dowym pieczywem, kt\u00f3re spoczywa na ozdobnym ruczniku. W codziennym \u017cyciu rucznik zdobi\u0142 \u015bwi\u0119ty k\u0105t w domu, gdzie otacza\u0142 ikony.<br \/>Rucznik wykorzystywano r\u00f3wnie\u017c w obrz\u0119dach pogrzebowych. Towarzyszy\u0142 zmar\u0142emu w ostatniej drodze, wieszany na krzy\u017cu lub umieszczany na ikonie przez 40 dni, aby dusza zmar\u0142ego mia\u0142a schronienie.<\/p>\n<p>Wsp\u00f3\u0142cze\u015bnie tradycja r\u0119cznika obrz\u0119dowego jest nadal \u017cywa, zar\u00f3wno w codziennych praktykach, jak i podczas warsztat\u00f3w organizowanych w muzeach i domach kultury. M\u0142ode kobiety cz\u0119sto same wykonuj\u0105 ruczniki na swoje \u015bluby, a lokalne zespo\u0142y ludowe wykorzystuj\u0105 je podczas wyst\u0119p\u00f3w.<\/p>\n\n\t\t<style type=\"text\/css\">\n\t\t\t#gallery-10 {\n\t\t\t\tmargin: auto;\n\t\t\t}\n\t\t\t#gallery-10 .gallery-item {\n\t\t\t\tfloat: left;\n\t\t\t\tmargin-top: 10px;\n\t\t\t\ttext-align: center;\n\t\t\t\twidth: 25%;\n\t\t\t}\n\t\t\t#gallery-10 img {\n\t\t\t\tborder: 2px solid #cfcfcf;\n\t\t\t}\n\t\t\t#gallery-10 .gallery-caption {\n\t\t\t\tmargin-left: 0;\n\t\t\t}\n\t\t\t\/* see gallery_shortcode() in wp-includes\/media.php *\/\n\t\t<\/style>\n\t\t<div id='gallery-10' class='gallery galleryid-5387 gallery-columns-4 gallery-size-large'><dl class='gallery-item'>\n\t\t\t<dt class='gallery-icon portrait'>\n\t\t\t\t<a href='https:\/\/niematerialne.nid.pl\/wp-content\/uploads\/2025\/01\/Rucznik-rusznyk-bielski-recznik-obrzedowy_03-scaled.jpg'><img loading=\"lazy\" decoding=\"async\" width=\"768\" height=\"1024\" src=\"https:\/\/niematerialne.nid.pl\/wp-content\/uploads\/2025\/01\/Rucznik-rusznyk-bielski-recznik-obrzedowy_03-768x1024.jpg\" class=\"attachment-large size-large\" alt=\"\" \/><\/a>\n\t\t\t<\/dt><\/dl><dl class='gallery-item'>\n\t\t\t<dt class='gallery-icon portrait'>\n\t\t\t\t<a href='https:\/\/niematerialne.nid.pl\/wp-content\/uploads\/2025\/01\/Rucznik-rusznyk-bielski-recznik-obrzedowy_02-scaled.jpg'><img loading=\"lazy\" decoding=\"async\" width=\"768\" height=\"1024\" src=\"https:\/\/niematerialne.nid.pl\/wp-content\/uploads\/2025\/01\/Rucznik-rusznyk-bielski-recznik-obrzedowy_02-768x1024.jpg\" class=\"attachment-large size-large\" alt=\"\" \/><\/a>\n\t\t\t<\/dt><\/dl>\n\t\t\t<br style='clear: both' \/>\n\t\t<\/div>\n\n<p>&nbsp;<\/p>\n<p>[\/et_pb_toggle][et_pb_toggle title=&#8221;105. Umiej\u0119tno\u015b\u0107 wykonywania paj\u0105k\u00f3w ze s\u0142omy, papieru i bibu\u0142y na Lubelszczy\u017anie&#8221; open_toggle_text_color=&#8221;#e52330&#8243; _builder_version=&#8221;4.27.4&#8243; _module_preset=&#8221;default&#8221; title_font=&#8221;|600|||||||&#8221; closed_title_font=&#8221;|600|||||||&#8221; closed_title_font_size=&#8221;14px&#8221; min_height=&#8221;26px&#8221; custom_margin=&#8221;1px||4px||false|false&#8221; locked=&#8221;off&#8221; global_colors_info=&#8221;{}&#8221;]<\/p>\n<p style=\"text-align: right;\">Data wpisu na list\u0119: <strong>17 grudnia 2024<\/strong><\/p>\n\n\t\t<style type=\"text\/css\">\n\t\t\t#gallery-11 {\n\t\t\t\tmargin: auto;\n\t\t\t}\n\t\t\t#gallery-11 .gallery-item {\n\t\t\t\tfloat: left;\n\t\t\t\tmargin-top: 10px;\n\t\t\t\ttext-align: center;\n\t\t\t\twidth: 25%;\n\t\t\t}\n\t\t\t#gallery-11 img {\n\t\t\t\tborder: 2px solid #cfcfcf;\n\t\t\t}\n\t\t\t#gallery-11 .gallery-caption {\n\t\t\t\tmargin-left: 0;\n\t\t\t}\n\t\t\t\/* see gallery_shortcode() in wp-includes\/media.php *\/\n\t\t<\/style>\n\t\t<div id='gallery-11' class='gallery galleryid-5387 gallery-columns-4 gallery-size-large'><dl class='gallery-item'>\n\t\t\t<dt class='gallery-icon landscape'>\n\t\t\t\t<a href='https:\/\/niematerialne.nid.pl\/wp-content\/uploads\/2025\/01\/Umiejetnosc-wykonywania-pajakow-na-Lubelszczyznie_02.jpg'><img loading=\"lazy\" decoding=\"async\" width=\"489\" height=\"489\" src=\"https:\/\/niematerialne.nid.pl\/wp-content\/uploads\/2025\/01\/Umiejetnosc-wykonywania-pajakow-na-Lubelszczyznie_02.jpg\" class=\"attachment-large size-large\" alt=\"\" srcset=\"https:\/\/niematerialne.nid.pl\/wp-content\/uploads\/2025\/01\/Umiejetnosc-wykonywania-pajakow-na-Lubelszczyznie_02.jpg 489w, https:\/\/niematerialne.nid.pl\/wp-content\/uploads\/2025\/01\/Umiejetnosc-wykonywania-pajakow-na-Lubelszczyznie_02-480x480.jpg 480w\" sizes=\"(min-width: 0px) and (max-width: 480px) 480px, (min-width: 481px) 489px, 100vw\" \/><\/a>\n\t\t\t<\/dt><\/dl>\n\t\t\t<br style='clear: both' \/>\n\t\t<\/div>\n\n<p>Paj\u0105ki ludowe to przestrzenne konstrukcje ze s\u0142omy, papieru i bibu\u0142y, kt\u00f3re przez wieki pe\u0142ni\u0142y wa\u017cn\u0105 rol\u0119 w tradycji ludowej na Lubelszczy\u017anie. Te misternie wykonane ozdoby posiadaj\u0105 wielowiekow\u0105 tradycj\u0119. Paj\u0105ki popularne by\u0142y na wsiach w wielu krajach, w tym w Polsce, Estonii, Litwie, \u0141otwie, Rosji, Szwecji, Czechach, S\u0142owacji czy W\u0119grzech.<\/p>\n<p>Na Lubelszczy\u017anie g\u0142\u00f3wnym materia\u0142em by\u0142a s\u0142oma \u017cytnia. Wa\u017cne by\u0142o staranne przygotowanie s\u0142omy \u2013 oczyszczenie, podzia\u0142 na odpowiednie d\u0142ugo\u015bci oraz moczenie w wodzie, co nadawa\u0142o jej gi\u0119tko\u015bci. Opr\u00f3cz s\u0142omy, wykorzystywano bibu\u0142\u0119 i kolorowy papier, z kt\u00f3rych tworzono dekoracyjne kwiaty, \u0142a\u0144cuchy czy charakterystyczne je\u017cyki. Paj\u0105ki wykonywano przede wszystkim w okresie jesienno-zimowym, gdy gospodynie mia\u0142y wi\u0119cej wolnego czasu po zebraniu plon\u00f3w. Gotowe paj\u0105ki wieszano w izbach, g\u0142\u00f3wnie podczas \u015bwi\u0105t Bo\u017cego Narodzenia.<\/p>\n<p>Paj\u0105ki mia\u0142y r\u00f3\u017cne funkcje. Przede wszystkim zdobi\u0142y wiejskie cha\u0142upy, nadaj\u0105c im od\u015bwi\u0119tny charakter. Wieszane w centralnym punkcie izby lub w tzw. \u015bwi\u0119tym k\u0105cie, mia\u0142y r\u00f3wnie\u017c znaczenie symboliczne. Wierzono, \u017ce przynosz\u0105 szcz\u0119\u015bcie, urodzaj i ochron\u0119 przed z\u0142ymi mocami.<\/p>\n<p>Stare, zniszczone ozdoby z wyblakni\u0119tymi bibu\u0142kami by\u0142y palone z szacunku do \u017cyta, kt\u00f3re na wsi uwa\u017cano niemal za \u015bwi\u0119to\u015b\u0107, ze wzgl\u0119du na ziarno, z kt\u00f3rego robi si\u0119 m\u0105k\u0119 na chleb.<\/p>\n<p>W latach 50. XX wieku paj\u0105ki niemal ca\u0142kowicie ust\u0105pi\u0142y miejsca choinkom jako g\u0142\u00f3wnej ozdobie \u015bwi\u0105tecznej. Obecnie prze\u017cywaj\u0105 swoisty renesans. Zyskuj\u0105 popularno\u015b\u0107 jako element dekoracyjny we wsp\u00f3\u0142czesnych wn\u0119trzach, cho\u0107 coraz cz\u0119\u015bciej trac\u0105 swoje pierwotne znaczenie.<\/p>\n\n\t\t<style type=\"text\/css\">\n\t\t\t#gallery-12 {\n\t\t\t\tmargin: auto;\n\t\t\t}\n\t\t\t#gallery-12 .gallery-item {\n\t\t\t\tfloat: left;\n\t\t\t\tmargin-top: 10px;\n\t\t\t\ttext-align: center;\n\t\t\t\twidth: 25%;\n\t\t\t}\n\t\t\t#gallery-12 img {\n\t\t\t\tborder: 2px solid #cfcfcf;\n\t\t\t}\n\t\t\t#gallery-12 .gallery-caption {\n\t\t\t\tmargin-left: 0;\n\t\t\t}\n\t\t\t\/* see gallery_shortcode() in wp-includes\/media.php *\/\n\t\t<\/style>\n\t\t<div id='gallery-12' class='gallery galleryid-5387 gallery-columns-4 gallery-size-large'><dl class='gallery-item'>\n\t\t\t<dt class='gallery-icon portrait'>\n\t\t\t\t<a href='https:\/\/niematerialne.nid.pl\/wp-content\/uploads\/2025\/01\/Umiejetnosc-wykonywania-pajakow-na-Lubelszczyznie_01.jpg'><img loading=\"lazy\" decoding=\"async\" width=\"333\" height=\"500\" src=\"https:\/\/niematerialne.nid.pl\/wp-content\/uploads\/2025\/01\/Umiejetnosc-wykonywania-pajakow-na-Lubelszczyznie_01.jpg\" class=\"attachment-large size-large\" alt=\"\" srcset=\"https:\/\/niematerialne.nid.pl\/wp-content\/uploads\/2025\/01\/Umiejetnosc-wykonywania-pajakow-na-Lubelszczyznie_01.jpg 333w, https:\/\/niematerialne.nid.pl\/wp-content\/uploads\/2025\/01\/Umiejetnosc-wykonywania-pajakow-na-Lubelszczyznie_01-200x300.jpg 200w, https:\/\/niematerialne.nid.pl\/wp-content\/uploads\/2025\/01\/Umiejetnosc-wykonywania-pajakow-na-Lubelszczyznie_01-8x12.jpg 8w\" sizes=\"(max-width: 333px) 100vw, 333px\" \/><\/a>\n\t\t\t<\/dt><\/dl>\n\t\t\t<br style='clear: both' \/>\n\t\t<\/div>\n\n<p>&nbsp;<\/p>\n<p>[\/et_pb_toggle][et_pb_toggle title=&#8221;106. Tradycje tkackie Bodzentyna i okolic&#8221; open_toggle_text_color=&#8221;#e52330&#8243; _builder_version=&#8221;4.27.4&#8243; _module_preset=&#8221;default&#8221; title_font=&#8221;|600|||||||&#8221; closed_title_font=&#8221;|600|||||||&#8221; closed_title_font_size=&#8221;14px&#8221; min_height=&#8221;26px&#8221; custom_margin=&#8221;1px||4px||false|false&#8221; locked=&#8221;off&#8221; global_colors_info=&#8221;{}&#8221;]<\/p>\n<p style=\"text-align: right;\">Data wpisu na list\u0119: <strong>17 grudnia 2024<\/strong><\/p>\n<p><a href=\"https:\/\/niematerialne.nid.pl\/wp-content\/uploads\/2025\/01\/Tradycje-tkackie-Bodzentyna-i-okolic_01-scaled.jpg\"><img loading=\"lazy\" decoding=\"async\" src=\"https:\/\/niematerialne.nid.pl\/wp-content\/uploads\/2025\/01\/Tradycje-tkackie-Bodzentyna-i-okolic_01-300x290.jpg\" width=\"300\" height=\"290\" alt=\"\" class=\"wp-image-22995 alignleft size-medium\" \/><\/a><\/p>\n<p>&nbsp;<\/p>\n<p>&nbsp;<\/p>\n<p>&nbsp;<\/p>\n<p>&nbsp;<\/p>\n<p>&nbsp;<\/p>\n<p>&nbsp;<\/p>\n<p>&nbsp;<\/p>\n<p>&nbsp;<\/p>\n<p>Rejon Bodzentyna to jeden z nielicznych obszar\u00f3w w Polsce, gdzie tradycje tkackie s\u0105 wci\u0105\u017c \u017cywe, cho\u0107 nie pe\u0142ni\u0105 ju\u017c tak istotnej roli jak dawniej.\u00a0 Krosna, ko\u0142owrotki czy snowad\u0142a mo\u017cna do dzi\u015b znale\u017a\u0107 w wielu domach lub na strychach, cz\u0119sto osnute i gotowe do pracy. Tradycje te s\u0105 pieczo\u0142owicie chronione i o\u017cywiane przez grupy pasjonat\u00f3w. Dzi\u0119ki warsztatom i pokazom tkackim dawne techniki s\u0105 dzi\u015b ponownie popularne.<\/p>\n<p>Historia tkactwa na Kielecczy\u017anie si\u0119ga co najmniej XVI wieku. Pierwsze wzmianki o cechu sukiennik\u00f3w w Bodzentynie pochodz\u0105 z 1506 roku. Najstarsze tkaniny ludowe z regionu charakteryzowa\u0142y si\u0119 prostot\u0105 wzoru i kolorystyki. Pasiaki \u2013 dwukolorowe, najcz\u0119\u015bciej w czerni (zwanej tu modrym) i czerwieni \u2013 s\u0105 typowe dla G\u00f3r \u015awi\u0119tokrzyskich.<\/p>\n<p>W XX wieku, dzi\u0119ki dzia\u0142alno\u015bci Sp\u00f3\u0142dzielni \u201eTkactwo \u015awi\u0119tokrzyskie\u201d w Bodzentynie, tradycyjny wz\u00f3r zyska\u0142 na popularno\u015bci. Sp\u00f3\u0142dzielnia dzia\u0142a\u0142a od 1950 roku, produkuj\u0105c kilimy, narzuty oraz elementy stroju ludowego. Wz\u00f3r czerwono-czarnych pas\u00f3w sta\u0142 si\u0119 wizyt\u00f3wk\u0105 regionu, a produkty sp\u00f3\u0142dzielni by\u0142y prezentowane na Cepeliadach i wystawach w ca\u0142ej Polsce.<\/p>\n<p>Tkactwo jest procesem wieloetapowym, wymagaj\u0105cym precyzji i cierpliwo\u015bci. Pierwszym krokiem jest przygotowanie osnowy, czyli pionowych nici, kt\u00f3re s\u0105 podstaw\u0105 tkaniny. Do jej wykonania s\u0142u\u017cy snowad\u0142o \u2013 obrotowe urz\u0105dzenie, na kt\u00f3rym uk\u0142ada si\u0119 pasma nici, tworz\u0105c charakterystyczne \u201e\u00f3semki\u201d. Proces ten, zwany snuciem, by\u0142 w regionie specjalno\u015bci\u0105 snowaczy, kt\u00f3rzy precyzyjnie przeliczali ilo\u015b\u0107 nitek i d\u0142ugo\u015b\u0107 osnowy.<\/p>\n<p>Nast\u0119pnie osnowa by\u0142a nawijana na wa\u0142 krosna, a nici przeplatano w\u0105tkiem za pomoc\u0105 cz\u00f3\u0142enka. Charakterystyczne dla \u015bwi\u0119tokrzyskich tkaczek by\u0142o u\u017cywanie prostych wzor\u00f3w geometrycznych, kt\u00f3re mimo swojej oszcz\u0119dno\u015bci estetycznej, wymaga\u0142y du\u017cej wprawy. Wytworzenie jednej narzuty lub kilimu mog\u0142o zaj\u0105\u0107 wiele tygodni, a w proces zaanga\u017cowana by\u0142a cz\u0119sto ca\u0142a rodzina.<\/p>\n<p><img loading=\"lazy\" decoding=\"async\" src=\"https:\/\/niematerialne.nid.pl\/wp-content\/uploads\/2025\/01\/Tradycje-tkackie-Bodzentyna-i-okolic_02.jpg\" title=\"Tradycje tkackie Bodzentyna i okolic_2, fot. Beata Syzd\u00f3\u0142\" width=\"500\" height=\"528\" \/>\u00a0 \u00a0 <img loading=\"lazy\" decoding=\"async\" src=\"https:\/\/niematerialne.nid.pl\/wp-content\/uploads\/2025\/01\/Tradycje-tkackie-Bodzentyna-i-okolic_03.jpg\" title=\"Tradycje tkackie Bodzentyna i okolic 3, fot. E. Pstr\u0105gowska\" height=\"333\" width=\"222\" \/>\u00a0 \u00a0 <img loading=\"lazy\" decoding=\"async\" src=\"https:\/\/niematerialne.nid.pl\/wp-content\/uploads\/2025\/01\/Tradycje-tkackie-Bodzentyna-i-okolic_04.jpg\" title=\"Tradycje tkackie Bodzentyna i okolic 4, fot. E. Pstr\u0105gowska\" height=\"336\" width=\"223\" \/><\/p>\n<p>&nbsp;<\/p>\n<p>[\/et_pb_toggle][et_pb_toggle title=&#8221;107. Tradycje G\u00f3rali Czadeckich&#8221; open_toggle_text_color=&#8221;#e52330&#8243; _builder_version=&#8221;4.27.4&#8243; _module_preset=&#8221;default&#8221; title_font=&#8221;|600|||||||&#8221; closed_title_font=&#8221;|600|||||||&#8221; closed_title_font_size=&#8221;14px&#8221; min_height=&#8221;26px&#8221; custom_margin=&#8221;1px||4px||false|false&#8221; locked=&#8221;off&#8221; global_colors_info=&#8221;{}&#8221;]<\/p>\n<p style=\"text-align: right;\">Data wpisu na list\u0119: <strong>17 grudnia 2024<\/strong><\/p>\n<p><a href=\"https:\/\/niematerialne.nid.pl\/wp-content\/uploads\/2025\/01\/Tradycje-Gorali-Czadeckich_01-scaled.jpg\"><img loading=\"lazy\" decoding=\"async\" src=\"https:\/\/niematerialne.nid.pl\/wp-content\/uploads\/2025\/01\/Tradycje-Gorali-Czadeckich_01-scaled.jpg\" title=\"G\u00f3ralka z \u017bagania (woj. Lubuskie), fot. P. B\u0105czkiewicz\" width=\"222\" height=\"333\" \/><\/a> <a href=\"https:\/\/niematerialne.nid.pl\/wp-content\/uploads\/2025\/01\/Tradycje-Gorali-Czadeckich_02-scaled.jpg\"><img loading=\"lazy\" decoding=\"async\" src=\"https:\/\/niematerialne.nid.pl\/wp-content\/uploads\/2025\/01\/Tradycje-Gorali-Czadeckich_02-scaled.jpg\" title=\"G\u00f3ral z Ko\u017alic (pow. g\u0142ogowski), fot. P. B\u0105czkiewicz\" width=\"222\" height=\"333\" \/><\/a><\/p>\n<p>&nbsp;<\/p>\n<p>G\u00f3rale Czadeccy to grupa kulturowa, kt\u00f3rej historia i tradycje \u0142\u0105cz\u0105 wp\u0142ywy wielu kultur oraz region\u00f3w. Wywodzi si\u0119 z Beskidu \u017bywieckiego i \u015al\u0105skiego, a tak\u017ce Ziemi Cieszy\u0144skiej, sk\u0105d w XVI i XVII wieku g\u00f3rale rozpocz\u0119li migracj\u0119 na tereny obecnej S\u0142owacji, osiedlaj\u0105c si\u0119 w okolicach miasta Czadca (s\u0142ow. \u010cadca). To w\u0142a\u015bnie od tej miejscowo\u015bci pochodzi nazwa G\u00f3rale Czadeccy. W XVIII i XIX wieku ich w\u0119dr\u00f3wka obj\u0119\u0142a Bukowin\u0119, gdzie na terenach dzisiejszej Ukrainy i Rumunii stworzyli nowe osady. Po II wojnie \u015bwiatowej, w wyniku repatriacji, osiedlili si\u0119 na Dolnym \u015al\u0105sku, w wojew\u00f3dztwie lubuskim i wielkopolskim, gdzie do dzi\u015b piel\u0119gnuj\u0105 swoj\u0105 odr\u0119bno\u015b\u0107 kulturow\u0105.<\/p>\n<p>Tradycje G\u00f3rali Czadeckich odzwierciedlaj\u0105 bogactwo wielokulturowych wp\u0142yw\u00f3w. W ich obyczajach mo\u017cna dostrzec elementy kultury s\u0142owackiej, rumu\u0144skiej, w\u0119gierskiej, ukrai\u0144skiej, niemieckiej, \u017cydowskiej oraz cyga\u0144skiej. Dzi\u0119ki temu wypracowali w\u0142asn\u0105 to\u017csamo\u015b\u0107, kt\u00f3ra jest widoczna w ich j\u0119zyku, muzyce, r\u0119kodziele oraz stroju. Gwara, u\u017cywana obecnie przez starsze pokolenie, \u0142\u0105czy w sobie cechy j\u0119zyk\u00f3w region\u00f3w, przez kt\u00f3re migrowali.<\/p>\n<p>Tradycyjny str\u00f3j G\u00f3rali Czadeckich to jeden z najbardziej rozpoznawalnych element\u00f3w ich kultury. Kobiety nosz\u0105 haftowane koszule, we\u0142niane sp\u00f3dnice szyte \u201ena zak\u0142adk\u0119\u201d, chusty lub wianki z mirtu, a na nogach \u2013 kierpce. M\u0119\u017cczy\u017ani z kolei zak\u0142adaj\u0105 lniane koszule, sk\u00f3rzane pasy, czarne kapelusze oraz ma\u0142e torby zwane \u201etorbinkami\u201d, kt\u00f3re cz\u0119sto s\u0105 zdobione haftem. Ka\u017cdy element stroju podkre\u015bla przynale\u017cno\u015b\u0107 do grupy i wyr\u00f3\u017cnia ich spo\u015br\u00f3d innych spo\u0142eczno\u015bci.<\/p>\n<p>Charakterystycznym r\u0119kodzie\u0142em, podobnym do \u0142emkowskich krywulek, s\u0105 \u201epiesek\u201d i \u201edziordanek\u201d. \u201ePiesek\u201d to cienki pasek wykonany z delikatnych koralik\u00f3w noszony przez kobiety ciasno na szyi. Do \u201epieska\u201d dopinany jest \u201edziordanek\u201d \u2013 r\u00f3wnie\u017c zrobiony z drobnych koralik\u00f3w, ale w przeciwie\u0144stwie do \u201epieska\u201d delikatnie opadaj\u0105cy na koszul\u0119. Te misternie wykonane ozdoby wyr\u00f3\u017cniaj\u0105 G\u00f3rali Czadeckich na tle innych grup g\u00f3ralskich w Polsce.<\/p>\n<p>R\u0119kodzie\u0142o G\u00f3rali Czadeckich obejmuje r\u00f3wnie\u017c tradycyjn\u0105 sztuk\u0119 zdobienia pisanek oraz plecenia przez m\u0119\u017cczyzn \u201e\u015bmiergust\u00f3w\u201d, kt\u00f3rymi na powodzenie i szcz\u0119\u015bcie smagane s\u0105 panny w Wielkanoc.<\/p>\n<p>Do tradycji tej grupy nale\u017c\u0105 tak\u017ce pie\u015bni i ta\u0144ce, mi\u0119dzy innymi takie jak \u201eKoszulinka Cinka\u201d i \u201eDawidenka\u201d, kt\u00f3re s\u0105 integraln\u0105 cz\u0119\u015bci\u0105 obrz\u0119d\u00f3w.<\/p>\n<p>Codzienno\u015b\u0107 i \u015bwi\u0119ta G\u00f3rali Czadeckich wype\u0142niaj\u0105 unikalne zwyczaje. W czasie Bo\u017cego Narodzenia kol\u0119duj\u0105, a na Wigili\u0119 podaj\u0105 grochow\u0105 zup\u0119. W okresie zapust\u00f3w przygotowuj\u0105 charakterystyczne \u201epampuchy\u201d.<\/p>\n<p><a href=\"https:\/\/niematerialne.nid.pl\/wp-content\/uploads\/2025\/01\/Tradycje-Gorali-Czadeckich_03-scaled.jpg\"><img loading=\"lazy\" decoding=\"async\" src=\"https:\/\/niematerialne.nid.pl\/wp-content\/uploads\/2025\/01\/Tradycje-Gorali-Czadeckich_03-scaled.jpg\" title=\"Dziordanek z pieskiem \u2013 prz\u00f3d, fot. P. B\u0105czkiewicz\"  width=\"500\" height=\"528\" \/><\/a>\u00a0 <a href=\"https:\/\/niematerialne.nid.pl\/wp-content\/uploads\/2025\/01\/Tradycje-Gorali-Czadeckich_04-scaled.jpg\"><img loading=\"lazy\" decoding=\"async\" src=\"https:\/\/niematerialne.nid.pl\/wp-content\/uploads\/2025\/01\/Tradycje-Gorali-Czadeckich_04-scaled.jpg\" title=\"Pisanki, fot. P. B\u0105czkiewicz\"  width=\"500\" height=\"528\" \/><\/a>\u00a0 \u00a0<br \/>\n\u00a0\t\t<\/p>\n<p>&nbsp;[\/et_pb_toggle][et_pb_text _builder_version=&#8221;4.27.4&#8243; _module_preset=&#8221;default&#8221; custom_margin=&#8221;25px||8px||false|false&#8221; custom_padding=&#8221;||0px|||&#8221; global_colors_info=&#8221;{}&#8221;]<\/p>\n<h5><span style=\"color: #e52330;\"><strong>2025<\/strong><\/span><\/h5>\n<p>[\/et_pb_text][et_pb_toggle title=&#8221;108. Tradycje Wigilii Bo\u017cego Narodzenia w Polsce  | Christmas Eve celebration in Poland&#8221; open_toggle_text_color=&#8221;#e52330&#8243; _builder_version=&#8221;4.27.4&#8243; _module_preset=&#8221;default&#8221; title_font=&#8221;|600|||||||&#8221; closed_title_font=&#8221;|600|||||||&#8221; closed_title_font_size=&#8221;14px&#8221; min_height=&#8221;26px&#8221; custom_margin=&#8221;1px||4px||false|false&#8221; hover_enabled=&#8221;0&#8243; locked=&#8221;off&#8221; global_colors_info=&#8221;{}&#8221; sticky_enabled=&#8221;0&#8243;]<\/p>\n<p style=\"text-align: right;\">\u00a0Data wpisu na list\u0119: <strong>15 stycznia 2025 r.<\/strong><\/p>\n<p>&nbsp;<\/p>\n<p><a href=\"https:\/\/niematerialne.nid.pl\/wp-content\/uploads\/2025\/02\/Tradycje-Wigilii-Bozego-Narodzenia-w-Polsce-_01-scaled.jpg\"><img loading=\"lazy\" decoding=\"async\" src=\"https:\/\/niematerialne.nid.pl\/wp-content\/uploads\/2025\/02\/Tradycje-Wigilii-Bozego-Narodzenia-w-Polsce-_01-scaled.jpg\" title=\"Pasterka w Kolbuszowej G\u00f3rnej 2024, fot. J. Radwa\u0144ski\" width=\"500\" height=\"528\" \/> \u00a0 <\/a>\u00a0<a href=\"https:\/\/niematerialne.nid.pl\/wp-content\/uploads\/2025\/02\/Tradycje-Wigilii-Bozego-Narodzenia-w-Polsce-_02-scaled.jpg\"><img loading=\"lazy\" decoding=\"async\" src=\"https:\/\/niematerialne.nid.pl\/wp-content\/uploads\/2025\/02\/Tradycje-Wigilii-Bozego-Narodzenia-w-Polsce-_02-scaled.jpg\" title=\"Zalesie G\u00f3rne, odczyt Pisma \u015awi\u0119tego2, fot. J. \u017beligowski\" width=\"500\" height=\"528\" \/>\u00a0\u00a0\u00a0<\/a> <a href=\"https:\/\/niematerialne.nid.pl\/wp-content\/uploads\/2025\/02\/Tradycje-Wigilii-Bozego-Narodzenia-w-Polsce-_05.jpg\"><img loading=\"lazy\" decoding=\"async\" src=\"https:\/\/niematerialne.nid.pl\/wp-content\/uploads\/2025\/02\/Tradycje-Wigilii-Bozego-Narodzenia-w-Polsce-_05.jpg\" title=\"Grudniowe spotkanie Szko\u0142y \u015bw. Rocha w 2023 roku, fot. M. Strzelec\" width=\"500\" height=\"528\" \/><\/a><\/p>\n<p>Wigilia Bo\u017cego Narodzenia, obchodzona 24 grudnia, to jeden z najwa\u017cniejszych dni w polskiej tradycji, \u0142\u0105cz\u0105cy elementy religijne, kulturowe i rodzinne. Sama nazwa \u201eWigilia\u201d wywodzi si\u0119 z \u0142aci\u0144skiego s\u0142owa oznaczaj\u0105cego \u201eczuwanie\u201d, co oddaje charakter tego dnia jako przygotowania do \u015bwi\u0119towania Bo\u017cego Narodzenia.<\/p>\n<h4>Charakter i znaczenie Wigilii<\/h4>\n<p>W Polsce Wigilia jest obchodzona zar\u00f3wno przez osoby g\u0142\u0119boko religijne, jak i przez te, dla kt\u00f3rych jest przede wszystkim czasem rodzinnym. Chocia\u017c to \u015bwi\u0119ta chrze\u015bcija\u0144skie, wiele rodzin podkre\u015bla ich kulturowy wymiar. Jest to dzie\u0144 szczeg\u00f3lny, kt\u00f3ry sprzyja jednoczeniu si\u0119 i celebrowaniu wsp\u00f3lnych tradycji, niezale\u017cnie od przekona\u0144 religijnych.<\/p>\n<h4><span style=\"font-family: inherit;\">Zwyczaje wigilijne<\/span><\/h4>\n<p>Wiecz\u00f3r wigilijny rozpoczyna si\u0119 z chwil\u0105 pojawienia si\u0119 pierwszej gwiazdki na niebie, symbolizuj\u0105cej gwiazd\u0119 betlejemsk\u0105. Na sto\u0142ach w polskich domach pojawia si\u0119 bia\u0142y obrus, pod kt\u00f3rym umieszcza si\u0119 siano \u2013 symbol pokory i narodzin Jezusa w stajence. Zgodnie z tradycj\u0105 przygotowuje si\u0119 12 postnych da\u0144, co symbolizuje 12 aposto\u0142\u00f3w lub 12 miesi\u0119cy w roku.<br \/>W zale\u017cno\u015bci od regionu w menu mo\u017cna znale\u017a\u0107 potrawy takie jak barszcz z uszkami, kapusta z grochem, pierogi, ryby (przede wszystkim karp). W tradycji zachowa\u0142y si\u0119 r\u00f3wnie\u017c zaduszkowe akcenty, takie jak mak i suszone owoce, kt\u00f3re dawniej uwa\u017cano za pokarm dla dusz przodk\u00f3w.<br \/>Dodatkowe nakrycie na stole to znak otwarto\u015bci i gotowo\u015bci przyj\u0119cia niespodziewanego go\u015bcia. Zwyczaj ten wywodzi si\u0119 z dawnych wierze\u0144 zwi\u0105zanych z kultem przodk\u00f3w, ale dzi\u015b symbolizuje r\u00f3wnie\u017c ducha solidarno\u015bci.<\/p>\n<h4>Op\u0142atek i \u017cyczenia<\/h4>\n<p>Wigilijn\u0105 wieczerz\u0119 poprzedza wsp\u00f3lna modlitwa oraz dzielenie si\u0119 op\u0142atkiem, podczas kt\u00f3rego uczestnicy sk\u0142adaj\u0105 sobie \u017cyczenia. Ten gest, zakorzeniony w chrze\u015bcija\u0144skiej tradycji eucharystycznej, symbolizuje przebaczenie, jedno\u015b\u0107 i wzajemn\u0105 \u017cyczliwo\u015b\u0107.<\/p>\n<h4>Kol\u0119dy i prezenty<\/h4>\n<p>Wa\u017cnym elementem tradycji wigilijnej oraz ca\u0142ego okresu Bo\u017cego Narodzenia jest \u015bpiewanie kol\u0119d. Polskie kol\u0119dy, mi\u0119dzy innymi takie jak \u201eW\u015br\u00f3d nocnej ciszy\u201d czy \u201eB\u00f3g si\u0119 rodzi\u201d, by\u0142y g\u0142\u00f3wnie przekazywane drog\u0105 ustn\u0105, co przyczynia si\u0119 do regionalnych r\u00f3\u017cnic w ich tre\u015bciach i melodiach.<br \/>Podczas Wigilii wr\u0119cza si\u0119 tak\u017ce prezenty, kt\u00f3re dzieci znajduj\u0105 pod choink\u0105. W zale\u017cno\u015bci od regionu uwa\u017ca si\u0119, \u017ce upominki przynosi \u015awi\u0119ty Miko\u0142aj, Anio\u0142ek, Dzieci\u0105tko Jezus lub Gwiazdor.<\/p>\n<h4>Pasterka<\/h4>\n<p>Kulturowym i religijnym zwie\u0144czeniem wieczoru wigilijnego w katolickich domach jest Pasterka \u2013 uroczysta Msza \u015awi\u0119ta o p\u00f3\u0142nocy, kt\u00f3ra upami\u0119tnia narodziny Jezusa. W czasie jej trwania wnoszona jest figura Dzieci\u0105tka Jezus do \u017c\u0142\u00f3bka w szopce przedstawiaj\u0105cej scen\u0119 narodzin Syna Bo\u017cego, cz\u0119sto z figurkami Maryi, J\u00f3zefa, anio\u0142\u00f3w, pasterzy oraz zwierz\u0105t.<\/p>\n<h4>Kol\u0119dnicy<\/h4>\n<p>W Wigili\u0119, w r\u00f3\u017cnych regionach Polski, nadal praktykowany jest zwyczaj kol\u0119dowania. Grupy przebiera\u0144c\u00f3w odwiedzaj\u0105 gospodarstwa, sk\u0142adaj\u0105c \u017cyczenia pomy\u015blno\u015bci, w zamian za co otrzymuj\u0105 dary w postaci jedzenia lub drobnych datk\u00f3w. Na przyk\u0142ad na Kaszubach wci\u0105\u017c praktykowany jest zwyczaj gwi\u00f4zdki \u2013 grupy m\u0142odych m\u0119\u017cczyzn w maskach odwiedzaj\u0105 domy, \u015bpiewaj\u0105c kol\u0119dy w j\u0119zyku kaszubskim. W Borach Tucholskich wyst\u0119puj\u0105 gwiazdory. Z kolei w okolicach Kalisza kol\u0119duj\u0105 Wilijarze \u2013 kawalerowie w strojach wzorowanych na napoleo\u0144skich, kt\u00f3rzy kol\u0119duj\u0105c odgrywaj\u0105 \u017cartobliwe scenki, pozostawiaj\u0105c cukierki i przyjmuj\u0105c zap\u0142at\u0119.<\/p>\n<h4>Zwyczaje wigilijne greckokatolickiej, prawos\u0142awnej i ewangelickiej tradycji<\/h4>\n<p>W rodzinach greckokatolickich Wigilia obchodzona jest 24 grudnia (od 2023 roku), natomiast wierni Polskiego Autokefalicznego Ko\u015bcio\u0142a Prawos\u0142awnego celebruj\u0105 j\u0105 zar\u00f3wno 24 grudnia, lub 6 stycznia, w zale\u017cno\u015bci od parafii.<br \/>Na wigilijnym stole w obu tradycjach znajduj\u0105 si\u0119 podobne elementy: siano symbolizuj\u0105ce miejsce narodzin Jezusa, czosnek spo\u017cywany dla zdrowia oraz \u015bwieca. W niekt\u00f3rych domach stawia si\u0119 tak\u017ce ozdobnego diducha ze s\u0142omy. Wigilia rozpoczyna si\u0119 modlitw\u0105 Otcze nasz i Bohorodyce Diwo. Nast\u0119pnie dzieli si\u0119 prosfor\u0105, kt\u00f3ra jest odpowiednikiem op\u0142atka, cz\u0119sto maczan\u0105 w miodzie.<br \/>Podczas wigilijnej wieczerzy, podobnie jak u katolik\u00f3w, podawane s\u0105 postne potrawy, takie jak pierogi z r\u00f3\u017cnymi farszami, sma\u017cona ryba, groch z kapust\u0105 i grzybami. Obowi\u0105zkowe s\u0105 r\u00f3wnie\u017c kutia i kompot z suszu. Po wieczerzy w wielu domach \u015bpiewane s\u0105 kol\u0119dy, takie jak Dobryj weczir Tobi czy Nowa radist sta\u0142a, a po jej zako\u0144czeniu uczestnicy udaj\u0105 si\u0119 do cerkwi na Welyke Poweczeria z lytijeju.<br \/>Wierni ko\u015bcio\u0142\u00f3w wywodz\u0105cych si\u0119 z nurtu reformacyjnego (ewangelicko-augsburskiego i ewangelicko-reformowanego) obchodz\u0105 \u015awi\u0119ta Bo\u017cego Narodzenia w r\u00f3\u017cny spos\u00f3b, poniewa\u017c Ko\u015bci\u00f3\u0142 Ewangelicki w Polsce nie ustali\u0142 jednolitego modelu obchod\u00f3w. Zwyczaje wigilijne r\u00f3\u017cni\u0105 si\u0119 w zale\u017cno\u015bci od wsp\u00f3lnoty, a w teologii ewangelickiej traktowane s\u0105 jako adiafora \u2013 sprawy neutralne w kontek\u015bcie zbawienia, cho\u0107 maj\u0105 na celu umocnienie wi\u0119zi z Bogiem. Niemniej, ewangelicy staraj\u0105 si\u0119, aby te tradycje umacnia\u0142y ich wi\u0119\u017a z Bogiem. Na wigilijnych sto\u0142ach pojawia si\u0119 Pismo \u015awi\u0119te, \u015bwiece Diakonii. Nie mo\u017ce zabrakn\u0105\u0107 tak\u017ce tradycyjnych polskich i regionalnych potraw. Wa\u017cnym elementem wieczoru s\u0105 kol\u0119dy, kt\u00f3re traktowane s\u0105 jako forma modlitwy. Centralnym punktem obchod\u00f3w jest udzia\u0142 w nabo\u017ce\u0144stwie wigilijnym lub jutrzni, kt\u00f3re symbolicznie otwieraj\u0105 czas \u015awi\u0105t Bo\u017cego Narodzenia.<\/p>\n<h4>Uniwersalna warto\u015b\u0107 Wigilii<\/h4>\n<p>Polska Wigilia to nie tylko czas rado\u015bci i wsp\u00f3lnego \u015bwi\u0119towania, ale tak\u017ce moment refleksji, jednocz\u0105cy rodziny przy wsp\u00f3lnym stole. Wszystkie tradycje przypominaj\u0105 o duchowym wymiarze \u015awi\u0105t Bo\u017cego Narodzenia. Niezale\u017cnie jednak od wyzna\u0144 i przekona\u0144, tradycje te \u0142\u0105cz\u0105 ludzi, podkre\u015blaj\u0105c warto\u015bci takie jak mi\u0142o\u015b\u0107, przebaczenie i wsp\u00f3lnota.<\/p>\n<p>&nbsp;<\/p>\n<p><a href=\"https:\/\/niematerialne.nid.pl\/wp-content\/uploads\/2025\/02\/Tradycje-Wigilii-Bozego-Narodzenia-w-Polsce-_03-scaled.jpg\"><img loading=\"lazy\" decoding=\"async\" src=\"https:\/\/niematerialne.nid.pl\/wp-content\/uploads\/2025\/02\/Tradycje-Wigilii-Bozego-Narodzenia-w-Polsce-_03-scaled.jpg\" title=\"Wigilia 2024, Kobylnica Ruska, fot. Karolina Witt\" width=\"222\" height=\"333\" \/>\u00a0 \u00a0\u00a0<\/a><a href=\"https:\/\/niematerialne.nid.pl\/wp-content\/uploads\/2025\/02\/Tradycje-Wigilii-Bozego-Narodzenia-w-Polsce-_04-scaled.jpg\"><img loading=\"lazy\" decoding=\"async\" src=\"https:\/\/niematerialne.nid.pl\/wp-content\/uploads\/2025\/02\/Tradycje-Wigilii-Bozego-Narodzenia-w-Polsce-_04-scaled.jpg\" title=\"Wigilia 2024, Cha\u0142upki D\u0119bnia\u0144skie, lepienie uszek, fot. Magdalena Fo\u0142ta\" width=\"222\" height=\"333\" \/>\u00a0\u00a0\u00a0<\/a> <a href=\"https:\/\/niematerialne.nid.pl\/wp-content\/uploads\/2025\/02\/Tradycje-Wigilii-Bozego-Narodzenia-w-Polsce-_06-scaled.jpg\"><img loading=\"lazy\" decoding=\"async\" src=\"https:\/\/niematerialne.nid.pl\/wp-content\/uploads\/2025\/02\/Tradycje-Wigilii-Bozego-Narodzenia-w-Polsce-_06-scaled.jpg\" title=\"Uszka do barszczu. Opole, Wigilia 2024, fot. J. Banik\" width=\"222\" height=\"333\" \/><\/a><\/p>\n<p>\u00a0&#8212;<\/p>\n<p style=\"text-align: right;\">Date of the inclusion in the inventory: <strong>January 15<\/strong><strong>, 2025<\/strong><\/p>\n<p>&nbsp;<\/p>\n<p>Christmas Eve, celebrated on December 24, is one of the most celebrated days in Polish tradition, combining religious, cultural, and family elements. The name &#8220;Christmas Eve&#8221; comes from the Latin word &#8220;vigil,&#8221; which reflects the nature of this day as a preparation for celebrating Christmas.<\/p>\n<p><strong>THE NATURE AND SIGNIFICANCE OF CHRISTMAS EVE<\/strong><\/p>\n<p>In Poland, Christmas Eve is celebrated by deeply religious people and those for whom it is primarily a family time. Although it is a Christian holiday, many families emphasize its cultural dimension. This special day encourages unity and celebrating common traditions, regardless of religious beliefs.<strong>\u00a0<\/strong><\/p>\n<p><strong>CHRISTMAS EVE CUSTOMS<\/strong><\/p>\n<p>Christmas Eve begins when the first star appears in the sky, symbolizing the star of Bethlehem. A white tablecloth appears on the tables in Polish homes, under which hay is placed &#8211; a symbol of humility and the birth of Jesus in a stable. According to tradition, 12 fasting dishes are prepared, symbolizing the 12 apostles or the 12 months of the year.<\/p>\n<p>Depending on the region, the menu includes borscht with dumplings, cabbage with peas, pierogi, and fish (mainly carp). The tradition also preserves All Souls&#8217; Day accents, such as poppy seeds and dried fruit, which were once considered food for the souls of the ancestors.<\/p>\n<p>An additional table setting shows openness and readiness to accept an unexpected guest. This custom comes from old beliefs related to the cult of ancestors. Today, it also symbolizes the spirit of solidarity.<\/p>\n<p><strong>CHRISTMAS WAFER AND WISHES<\/strong><\/p>\n<p>A joint prayer precedes the Christmas Eve supper and the sharing of the wafer, during which the participants exchange wishes. This gesture, rooted in the Christian Eucharistic tradition, symbolizes forgiveness, unity, and mutual kindness.<\/p>\n<p><strong>CAROLS AND PRESENTS<\/strong><\/p>\n<p>A vital element of the Christmas Eve tradition and the entire Christmas period is the singing of carols. Polish carols like &#8220;W\u015br\u00f3d nocnej ciszy&#8221; or &#8220;B\u00f3g si\u0119 rodzi&#8221; were generally passed on orally, which contributes to regional differences in their content and melodies.<\/p>\n<p>During Christmas Eve, gifts are also given to children that they find under the Christmas tree. Saint Nicholas, an Angel, Baby Jesus, or Santa Claus could bring the gifts depending on the region.<\/p>\n<p><strong>MIDNIGHT MASS<\/strong><\/p>\n<p>Christmas Eve&#8217;s cultural and religious culmination in Catholic homes is Midnight Mass &#8211; a solemn Mass at midnight commemorating Jesus&#8217;s birth, called <em>pasterka<\/em>. During this time, a figure of Baby Jesus is carried to the manger in the nativity scene, depicting the birth of the Son of God, often with figurines of Mary, Joseph, angels, shepherds, and animals.<\/p>\n<p><strong>CAROLERS<\/strong><\/p>\n<p>On Christmas Eve, in various regions of Poland, the custom of singing Christmas carols is still practiced. Groups of people in disguise visit households, offering wishes of prosperity, in return for which they receive gifts in the form of food or small donations. For example, in Kashubia, the custom of <em>gwi\u00f4zdki<\/em> is still practiced \u2013 groups of young men in masks visit homes, singing carols in the Kashubian language. In the Tuchola Forest, there are star singers. In the vicinity of Kalisz, there are <em>Wilijarz<\/em> &#8211; cavaliers in Napoleonic costumes, who, while singing carols, act out humorous scenes, leaving candy and accepting payment.<\/p>\n<p><strong>CHRISTMAS EVE CUSTOMS OF GREEK CATHOLIC, ORTHODOX, AND EVANGELICAL TRADITIONS<\/strong><\/p>\n<p>In Greek Catholic families, Christmas Eve is celebrated on December 24 (since 2023), while the faithful of the Polish Autocephalous Orthodox Church celebrate it on December 24 or January 6, depending on the parish.<\/p>\n<p>Both traditions have similar elements on the Christmas Eve table: hay symbolizing the place of Jesus&#8217; birth, garlic eaten for health, and a candle. In some homes, a decorative straw <em>diduch<\/em> also appears. Christmas Eve begins with the prayers \u201cOtcze nasz\u201d and \u201cBohorodyce Diwo\u201d. Then, prosphora, the equivalent of a wafer (a flatbread), is shared, often dipped in honey.<\/p>\n<p>Like for Catholics, fasting dishes are served during Christmas Eve supper in Orthodox and Unites families, such as pierogi with various fillings, fried fish, peas with cabbage, and mushrooms. Kutia and dried fruit compote are also obligatory. After supper, people sing carols such as \u201cDobryj vechir Tobi\u201d or \u201cNowa radist usta\u201d in many homes. After it is over, the participants go to the church on \u201cVelyke Powecheria z lytijeju\u201d praying.<\/p>\n<p>The members of churches originating from the Reformation movement (Evangelical-Augsburg and Evangelical-Reformed) celebrate Christmas differently because the Evangelical Church in Poland has not established a uniform model of celebrations. Christmas Eve customs vary depending on the community. Evangelical theology treats them as adiaphora \u2013 matters neutral in the context of salvation. However, they exist to strengthen the followers&#8217; bond with God. Nevertheless, Evangelicals try to ensure these traditions reinforce their bond with God. The Holy Scriptures and the candles of the Deacon appear on Christmas Eve tables. Traditional Polish and regional dishes must make their appearance, too. A key element of the evening is carols, a form of prayer. The central point of the celebrations is participation in the Christmas Eve service or matins, which symbolically open the Christmas season.<\/p>\n<p><strong>THE UNIVERSAL VALUE OF CHRISTMAS EVE<\/strong><\/p>\n<p>Polish Christmas Eve is a time of joy, shared celebration, and reflection moment, uniting families at a typical table. All traditions remind us of the spiritual dimension of Christmas. These traditions unite people regardless of denominations and beliefs, emphasizing love, forgiveness, and community.<\/p>\n<p>[\/et_pb_toggle][et_pb_toggle title=&#8221;109. Hafciarstwo pa\u0142uckie&#8221; open_toggle_text_color=&#8221;#e52330&#8243; _builder_version=&#8221;4.27.4&#8243; _module_preset=&#8221;default&#8221; title_font=&#8221;|600|||||||&#8221; closed_title_font=&#8221;|600|||||||&#8221; closed_title_font_size=&#8221;14px&#8221; min_height=&#8221;26px&#8221; custom_margin=&#8221;1px||4px||false|false&#8221; locked=&#8221;off&#8221; global_colors_info=&#8221;{}&#8221;]<\/p>\n<p style=\"text-align: right;\">\u00a0Data wpisu na list\u0119: <strong>14 marca 2025 r.<\/strong><\/p>\n<p>&nbsp;<\/p>\n<p><a href=\"https:\/\/niematerialne.nid.pl\/wp-content\/uploads\/2025\/02\/Tradycje-Wigilii-Bozego-Narodzenia-w-Polsce-_01-scaled.jpg\"><img loading=\"lazy\" decoding=\"async\" src=\"https:\/\/niematerialne.nid.pl\/wp-content\/uploads\/2025\/04\/Zespol-Paluki-arch.-MET-300x211.jpg\" width=\"330\" height=\"232\" alt=\"\" class=\"wp-image-23128 alignnone size-medium\" \/>\u00a0 \u00a0<\/a> <img loading=\"lazy\" decoding=\"async\" src=\"https:\/\/niematerialne.nid.pl\/wp-content\/uploads\/2025\/04\/Brzeg-halki-czerwonej-wyk.-H.-Kaszewska-fot.-A.-Zakrzewski-Arch.-MET-300x200.jpg\" width=\"348\" height=\"232\" alt=\"\" class=\"wp-image-23126 alignnone size-medium\" \/><a href=\"https:\/\/niematerialne.nid.pl\/wp-content\/uploads\/2025\/02\/Tradycje-Wigilii-Bozego-Narodzenia-w-Polsce-_02-scaled.jpg\">\u00a0 \u00a0<\/a><\/p>\n<p>Hafciarstwo pa\u0142uckie wyst\u0119puje w regionie etnograficznym Pa\u0142uki, po\u0142o\u017conym w wojew\u00f3dztwach: kujawsko-pomorskim (Kcynia, Szubin i \u017bnin) i wielkopolskim (W\u0105growiec i jego okolice). Wywodzi si\u0119 z tradycyjnego kobiecego stroju ludowego. Rozw\u00f3j stroju pa\u0142uckiego na prze\u0142omie XIX i XX wieku by\u0142 odpowiedzi\u0105 na pr\u00f3b\u0119 germanizacji ludno\u015bci podczas zabor\u00f3w.\u00a0 Sta\u0142 si\u0119 on w\u00f3wczas symbolem polsko\u015bci i patriotyzmu.<\/p>\n<p>Na tle innych tradycyjnych haft\u00f3w r\u0119kodzielniczych hafciarstwo pa\u0142uckie charakteryzuje si\u0119 powszechnym u\u017cyciem bia\u0142ych nici na p\u0142\u00f3tnie lnianym, bawe\u0142nianym i tiulu oraz nici czarnych zastrze\u017conych dla flanelowego (dawniej lnianego) p\u0142\u00f3tna czerwonego s\u0142u\u017c\u0105cego wyrobowi halek nazywanych piekielnicami. Haft pierwotnie zdobi\u0142 elementy stroju (m.in. koszule, kryzy, halki, fartuchy oraz &#8211; najpi\u0119kniejsz\u0105 cz\u0119\u015b\u0107 stroju pa\u0142uckiego &#8211; czepce z d\u0142ugimi wi\u0105zaniami, czyli bandami). Obecnie przenoszony jest na serwetki, bie\u017cniki, obrusy, bielizn\u0119 po\u015bcielow\u0105 i wiele innych przedmiot\u00f3w u\u017cytkowych. Za typowe dla haftu pa\u0142uckiego uznawane s\u0105 motywy ro\u015blinne, m. in. kwiaty, ga\u0142\u0105zki i li\u015bcie, owoce. W celu uzyskania odpowiednich efekt\u00f3w estetycznych wykorzystywane s\u0105 r\u00f3\u017cnorodne techniki \u015bciegu, dzi\u0119ki kt\u00f3rym to zdobienie jest bardzo wypuk\u0142e.<\/p>\n<p><img loading=\"lazy\" decoding=\"async\" src=\"https:\/\/niematerialne.nid.pl\/wp-content\/uploads\/2025\/04\/Paluczanka-w-stroju-swiatecznym-Kcynia-2022r.-fot.-Andrzej-Kowalewski-200x300.jpg\" width=\"214\" height=\"321\" alt=\"\" class=\"wp-image-23127 alignnone size-medium\" \/><\/p>\n<p>Do popularyzacji hafciarstwa pa\u0142uckiego przyczyni\u0142y si\u0119 kursy organizowane od lat 50. XX wieku w Kcyni, \u017bninie i Szubinie, odbywaj\u0105cy si\u0119 od 1963 roku coroczny Konkurs Sztuka Ludowa Pa\u0142uk im. Wandy Szkulmowskiej oraz cykliczny kiermasz sztuki ludowej \u201eJesie\u0144 na Pa\u0142ukach\u201d. Fenomenem jest dzia\u0142aj\u0105ce od ponad 10 lat Ko\u0142o hafciarskie przy Muzeum Regionalnym w W\u0105growcu, jedno z najwi\u0119kszych w Polsce k\u00f3\u0142 r\u0119kodzielniczych. Haft pa\u0142ucki pozostaje wci\u0105\u017c symbolem lokalnej to\u017csamo\u015bci, kultury i tradycji regionu.<\/p>\n<p>[\/et_pb_toggle][et_pb_toggle title=&#8221;110. Hafciarstwo i haft sieradzki &#8221; open_toggle_text_color=&#8221;#e52330&#8243; _builder_version=&#8221;4.27.4&#8243; _module_preset=&#8221;default&#8221; title_font=&#8221;|600|||||||&#8221; closed_title_font=&#8221;|600|||||||&#8221; closed_title_font_size=&#8221;14px&#8221; min_height=&#8221;26px&#8221; custom_margin=&#8221;1px||4px||false|false&#8221; locked=&#8221;off&#8221; global_colors_info=&#8221;{}&#8221;]<\/p>\n<p style=\"text-align: right;\">\u00a0Data wpisu na list\u0119: <strong>14 marca 2025 r.<\/strong><\/p>\n<p>&nbsp;<\/p>\n<p><a href=\"https:\/\/niematerialne.nid.pl\/wp-content\/uploads\/2025\/02\/Tradycje-Wigilii-Bozego-Narodzenia-w-Polsce-_01-scaled.jpg\"><img loading=\"lazy\" decoding=\"async\" src=\"https:\/\/niematerialne.nid.pl\/wp-content\/uploads\/2025\/04\/Haft-sieradzki-na-tiulu_fot.-A.-Curul-225x300.png\" width=\"260\" height=\"346\" alt=\"\" class=\"wp-image-23131 alignnone size-medium\" srcset=\"https:\/\/niematerialne.nid.pl\/wp-content\/uploads\/2025\/04\/Haft-sieradzki-na-tiulu_fot.-A.-Curul-225x300.png 225w, https:\/\/niematerialne.nid.pl\/wp-content\/uploads\/2025\/04\/Haft-sieradzki-na-tiulu_fot.-A.-Curul-9x12.png 9w, https:\/\/niematerialne.nid.pl\/wp-content\/uploads\/2025\/04\/Haft-sieradzki-na-tiulu_fot.-A.-Curul.png 464w\" sizes=\"(max-width: 260px) 100vw, 260px\" \/>\u00a0 \u00a0<\/a> <img loading=\"lazy\" decoding=\"async\" src=\"https:\/\/niematerialne.nid.pl\/wp-content\/uploads\/2025\/04\/2.-Warsztaty-haftu-sieradzkiego_fot.-A.-Curul-300x300.png\" width=\"346\" height=\"346\" alt=\"\" class=\"wp-image-23130 alignnone size-medium\" \/><a href=\"https:\/\/niematerialne.nid.pl\/wp-content\/uploads\/2025\/02\/Tradycje-Wigilii-Bozego-Narodzenia-w-Polsce-_02-scaled.jpg\">\u00a0 \u00a0<\/a><\/p>\n<p><strong>Haft sieradzki<\/strong> jest charakterystycznym elementem kultury ludowej regionu sieradzkiego. W pocz\u0105tkowej fazie, do 1914 roku, haft by\u0142 prosty i ograniczony do kilku podstawowych \u015bcieg\u00f3w oraz kolor\u00f3w, takich jak czerwony, niebieski, bia\u0142y i rzadziej \u017c\u00f3\u0142ty. W okresie mi\u0119dzywojennym i po II wojnie \u015bwiatowej haft sieradzki zyska\u0142 na z\u0142o\u017cono\u015bci, z wi\u0119ksz\u0105<strong> ilo\u015bci\u0105 kolor\u00f3w<\/strong> i bardziej skomplikowanymi wzorami.<\/p>\n<p>Tradycyjne kobiece koszule \u015bwi\u0105teczne by\u0142y bogato haftowane, szczeg\u00f3lnie przy ramionach i mankietach, r\u00f3wnie\u017c m\u0119skie koszule zdobione haftem na ko\u0142nierzykach i mankietach. <strong>Haft bia\u0142y i kolorowy <\/strong>ozdabia\u0142 tak\u017ce fartuchy w pasy. Do wykonania zdobie\u0144 stosuje si\u0119 kilka technik, w tym haft p\u0142aski, cieniowany, na tiulu oraz charakterystyczny haft marszczony, zwany \u201ewod\u0105\u201d, kt\u00f3ry daje efekt strukturalny.<\/p>\n<p><img loading=\"lazy\" decoding=\"async\" src=\"https:\/\/niematerialne.nid.pl\/wp-content\/uploads\/2025\/04\/1.-Warsztaty-haftu-sieradzkiego_fot.-A.-Curul-300x168.png\" width=\"334\" height=\"187\" alt=\"\" class=\"wp-image-23129 alignnone size-medium\" \/><\/p>\n<p>Motywy haftu sieradzkiego s\u0105 <strong>inspirowane natur\u0105 i obejmuj\u0105 r\u00f3\u017cne kwiaty,<\/strong> najs\u0142ynniejszym z nich jest r\u00f3\u017ca sieradzka. Wzory s\u0105 wyraziste i szczeg\u00f3\u0142owe, a sam haft wci\u0105\u017c u\u017cywany jest do ozdabiania tradycyjnych stroj\u00f3w, jak i przedmiot\u00f3w u\u017cytkowych. Obecnie wzory haftu sieradzkiego znajduj\u0105 r\u00f3wnie\u017c swoje miejsce w innych formach tw\u00f3rczo\u015bci, takich jak malowanie na tkaninie czy filcowanie.<\/p>\n<p>[\/et_pb_toggle][et_pb_toggle title=&#8221;111. Kultura toru\u0144skiego piernika&#8221; open_toggle_text_color=&#8221;#e52330&#8243; _builder_version=&#8221;4.27.4&#8243; _module_preset=&#8221;default&#8221; title_font=&#8221;|600|||||||&#8221; closed_title_font=&#8221;|600|||||||&#8221; closed_title_font_size=&#8221;14px&#8221; min_height=&#8221;26px&#8221; custom_margin=&#8221;1px||4px||false|false&#8221; locked=&#8221;off&#8221; global_colors_info=&#8221;{}&#8221;]<\/p>\n<p style=\"text-align: right;\">\u00a0Data wpisu na list\u0119: <strong>14 marca 2025 r.<\/strong><\/p>\n<p>&nbsp;<\/p>\n<p><a href=\"https:\/\/niematerialne.nid.pl\/wp-content\/uploads\/2025\/02\/Tradycje-Wigilii-Bozego-Narodzenia-w-Polsce-_01-scaled.jpg\"><img loading=\"lazy\" decoding=\"async\" src=\"https:\/\/niematerialne.nid.pl\/wp-content\/uploads\/2025\/04\/Warsztaty-piernikarskie_arch.-Muzeum-Okregowe-w-Toruniu-300x200.jpg\" width=\"323\" height=\"215\" alt=\"\" class=\"wp-image-23138 alignnone size-medium\" \/><\/a><a href=\"https:\/\/niematerialne.nid.pl\/wp-content\/uploads\/2025\/02\/Tradycje-Wigilii-Bozego-Narodzenia-w-Polsce-_01-scaled.jpg\">\u00a0\u00a0<\/a> <img loading=\"lazy\" decoding=\"async\" src=\"https:\/\/niematerialne.nid.pl\/wp-content\/uploads\/2025\/04\/Torunski-piernikarz-z-praca-mistrzowska-dwudziestolecie-miedzywojenne_arch.-Muzeum-Okregowe-w-Toruniu-300x196.jpg\" width=\"329\" height=\"215\" alt=\"\" class=\"wp-image-23139 alignnone size-medium\" \/><a href=\"https:\/\/niematerialne.nid.pl\/wp-content\/uploads\/2025\/02\/Tradycje-Wigilii-Bozego-Narodzenia-w-Polsce-_02-scaled.jpg\">\u00a0 \u00a0<\/a><\/p>\n<p>Historia toru\u0144skiego piernika si\u0119ga \u015bredniowiecza, a jego nazwa wywodzi si\u0119 od staropolskiego s\u0142owa \u201epierny&#8221;, kt\u00f3re oznacza\u0142o pieprzny. Pierniki toru\u0144skie, oparte na prostych sk\u0142adnikach jak m\u0105ka, mi\u00f3d i przyprawy korzenne, sta\u0142y si\u0119 jednym z symboli Torunia, a ich wyj\u0105tkowy smak i aromat przez wieki przyci\u0105ga\u0142y uwag\u0119 nie tylko mieszka\u0144c\u00f3w, ale i go\u015bci z ca\u0142ej Polski.<\/p>\n<p>Pierniki toru\u0144skie charakteryzuj\u0105 si\u0119 tak\u017ce unikalnym wygl\u0105dem. Formowane w przer\u00f3\u017cne kszta\u0142ty, cz\u0119sto ozdobione misternymi wzorami, sta\u0142y si\u0119 swoist\u0105 form\u0105 sztuki. Stare drewniane formy, kt\u00f3re przetrwa\u0142y do dzi\u015b, ukazuj\u0105, jak pierniki by\u0142y wypiekane w przesz\u0142o\u015bci, a popularnymi motywami by\u0142y wizerunki postaci, karety, serca czy symbole Torunia.<\/p>\n<p>Pierniki, pocz\u0105tkowo luksusowy towar, wr\u0119czane by\u0142y na dworach kr\u00f3lewskich i jako cenne podarunki. Z biegiem czasu, tradycja sta\u0142a si\u0119 popularna w Toruniu, a same pierniki zacz\u0119\u0142y pe\u0142ni\u0107 rol\u0119 prezent\u00f3w wr\u0119czanych podczas wa\u017cnych wydarze\u0144.<\/p>\n<p><img loading=\"lazy\" decoding=\"async\" src=\"https:\/\/niematerialne.nid.pl\/wp-content\/uploads\/2025\/04\/Formy-piernikarskie-z-kolekcji-Muzeum-Okregowego-w-Toruniu_arch.-MOT-300x200.jpg\" width=\"350\" height=\"233\" alt=\"\" class=\"wp-image-23135 alignnone size-medium\" \/><\/p>\n<p>Dzi\u015b toru\u0144skie pierniki to nie tylko kulinarna tradycja, ale tak\u017ce symbol miasta. Toru\u0144 kontynuuje swoj\u0105 piernikarsk\u0105 histori\u0119, organizuj\u0105c wydarzenia jak \u015awi\u0119to Piernika czy \u015awi\u0105teczny Festiwal Toru\u0144skiej Katarzynki. Muzeum Toru\u0144skiego Piernika oraz prywatne piernikarnie oferuj\u0105 interaktywne warsztaty, \u0142\u0105cz\u0105c edukacj\u0119 z zabaw\u0105. Piernik sta\u0142 si\u0119 tak\u017ce inspiracj\u0105 dla nowych produkt\u00f3w kulinarnych, takich jak piernikowe lody, ciasta czy piwa o korzennym smaku.<\/p>\n<p>[\/et_pb_toggle][et_pb_toggle title=&#8221;112. Wi\u015bla\u0144skie kol\u0119dowanie pod oknami&#8221; open_toggle_text_color=&#8221;#e52330&#8243; _builder_version=&#8221;4.27.4&#8243; _module_preset=&#8221;default&#8221; title_font=&#8221;|600|||||||&#8221; closed_title_font=&#8221;|600|||||||&#8221; closed_title_font_size=&#8221;14px&#8221; min_height=&#8221;26px&#8221; custom_margin=&#8221;1px||4px||false|false&#8221; locked=&#8221;off&#8221; global_colors_info=&#8221;{}&#8221;]<\/p>\n<p style=\"text-align: right;\">\u00a0Data wpisu na list\u0119: <strong>14 marca 2025 r.<\/strong><\/p>\n<p>&nbsp;<\/p>\n<p><a href=\"https:\/\/niematerialne.nid.pl\/wp-content\/uploads\/2025\/02\/Tradycje-Wigilii-Bozego-Narodzenia-w-Polsce-_01-scaled.jpg\"><img loading=\"lazy\" decoding=\"async\" src=\"https:\/\/niematerialne.nid.pl\/wp-content\/uploads\/2025\/04\/fot.-Szymon-Brodacki-2-300x200.jpg\" width=\"330\" height=\"220\" alt=\"\" class=\"wp-image-23133 alignnone size-medium\" \/>\u00a0 <\/a> <img loading=\"lazy\" decoding=\"async\" src=\"https:\/\/niematerialne.nid.pl\/wp-content\/uploads\/2025\/04\/fot.-Szymon-Brodacki-300x200.jpg\" width=\"330\" height=\"220\" alt=\"\" class=\"wp-image-23134 alignnone size-medium\" \/><a href=\"https:\/\/niematerialne.nid.pl\/wp-content\/uploads\/2025\/02\/Tradycje-Wigilii-Bozego-Narodzenia-w-Polsce-_02-scaled.jpg\">\u00a0 \u00a0<\/a><\/p>\n<p>Wi\u015bla\u0144skie kol\u0119dowanie pod oknami to jeden z najstarszych i najpi\u0119kniejszych zwyczaj\u00f3w \u015bwi\u0105tecznych w Wi\u015ble, piel\u0119gnowany przez pokolenia. Kol\u0119dnicy, ubrani w tradycyjne stroje g\u00f3ralskie, odwiedzaj\u0105 domy w drugi dzie\u0144 \u015awi\u0105t Bo\u017cego Narodzenia, \u015bpiewaj\u0105c kol\u0119dy pod oknami, sk\u0142adaj\u0105c gospodarzom \u017cyczenia zdrowia, pomy\u015blno\u015bci i b\u0142ogos\u0142awie\u0144stwa.<\/p>\n<p>Tradycyjne kol\u0119dy maj\u0105 charakter osobisty, skierowany do poszczeg\u00f3lnych cz\u0142onk\u00f3w rodziny, a ich s\u0142owa pe\u0142ne s\u0105 melodyjnych powt\u00f3rze\u0144 i zdrobnie\u0144, nadaj\u0105cych im serdeczny charakter. W repertuarze doros\u0142ych kol\u0119dnik\u00f3w dominuj\u0105 pie\u015bni \u017cycz\u0105ce szcz\u0119\u015bcia w mi\u0142o\u015bci, z motywami pier\u015bcienia, jab\u0142ka czy zielonego orzecha. Kol\u0119dowanie ma symboliczne znaczenie, przynosz\u0105c gospodarzom szcz\u0119\u015bcie i dobrobyt na nadchodz\u0105cy rok.<\/p>\n<p><img loading=\"lazy\" decoding=\"async\" src=\"https:\/\/niematerialne.nid.pl\/wp-content\/uploads\/2025\/04\/fot.-Szymon-Brodacki-1-300x200.jpg\" width=\"330\" height=\"220\" alt=\"\" class=\"wp-image-23132 alignnone size-medium\" \/><\/p>\n<p>Kol\u0119dnicy, ubrani w we\u0142niane spodnie, bia\u0142e koszule, czarne kamizelki i ciep\u0142e p\u0142aszcze, s\u0105 rozpoznawani przez swoje charakterystyczne stroje. Dla gospodarzy to wielki zaszczyt, gdy kol\u0119dnicy odwiedz\u0105 ich dom, co wed\u0142ug tradycji przynosi szcz\u0119\u015bcie i powodzenie.<\/p>\n<p>[\/et_pb_toggle][et_pb_toggle title=&#8221;113. Wesele G\u00f3rali Bukowi\u0144skich&#8221; open_toggle_text_color=&#8221;#e52330&#8243; _builder_version=&#8221;4.27.4&#8243; _module_preset=&#8221;default&#8221; title_font=&#8221;|600|||||||&#8221; closed_title_font=&#8221;|600|||||||&#8221; closed_title_font_size=&#8221;14px&#8221; min_height=&#8221;26px&#8221; custom_margin=&#8221;1px||4px||false|false&#8221; locked=&#8221;off&#8221; global_colors_info=&#8221;{}&#8221;]<\/p>\n<p style=\"text-align: right;\">\u00a0Data wpisu na list\u0119: <strong>21 maja 2025 r.<\/strong><\/p>\n<p>&nbsp;<\/p>\n<p><a href=\"https:\/\/niematerialne.nid.pl\/wp-content\/uploads\/2025\/02\/Tradycje-Wigilii-Bozego-Narodzenia-w-Polsce-_01-scaled.jpg\"><img loading=\"lazy\" decoding=\"async\" src=\"https:\/\/niematerialne.nid.pl\/wp-content\/uploads\/2025\/06\/Wesele-Gorali-Bukowinski-fot.-Archiwum-NID-2-300x184.jpg\" width=\"324\" height=\"199\" alt=\"\" class=\"wp-image-23169 alignnone size-medium\" \/>\u00a0\u00a0<\/a> <img loading=\"lazy\" decoding=\"async\" src=\"https:\/\/niematerialne.nid.pl\/wp-content\/uploads\/2025\/06\/Wesele-Gorali-Bukowinski-fot.-Archiwum-NID-3-300x199.jpg\" width=\"300\" height=\"199\" alt=\"\" class=\"wp-image-23170 alignnone size-medium\" \/><a href=\"https:\/\/niematerialne.nid.pl\/wp-content\/uploads\/2025\/02\/Tradycje-Wigilii-Bozego-Narodzenia-w-Polsce-_02-scaled.jpg\">\u00a0 \u00a0<\/a><\/p>\n<p>Wesele G\u00f3rali Bukowi\u0144skich to obrz\u0119d przej\u015bcia, piel\u0119gnowany przez spo\u0142eczno\u015b\u0107 Bukowi\u0144czyk\u00f3w z Brze\u017anicy i s\u0105siednich miejscowo\u015bci: Stanowa, Marcinowa oraz Karcz\u00f3wki. Tradycja wywodzi si\u0119 z Bukowiny Rumu\u0144skiej \u2013 krainy, z kt\u00f3rej po II wojnie \u015bwiatowej przesiedleni zostali polscy osadnicy.\u00a0<\/p>\n<p>Symbolicznymi punktami wesela s\u0105: b\u0142ogos\u0142awie\u0144stwo m\u0142odych przez rodzic\u00f3w, orszak weselny, \u201epripytowanie si\u0119\u201d \u2013 czyli \u015bpiewane proszenie o\u00a0wpuszczenie do domu po powrocie z ko\u015bcio\u0142a, obdarowywanie nowo\u017ce\u0144c\u00f3w (\u201edulci pohar\u201d) i oczepiny, zwane te\u017c \u201eczepieniem m\u0142odej\u201d.\u00a0\u00a0<\/p>\n<p>&nbsp;<\/p>\n<p><img loading=\"lazy\" decoding=\"async\" src=\"https:\/\/niematerialne.nid.pl\/wp-content\/uploads\/2025\/06\/Wesele-Gorali-Bukowinski-fot.-Archiwum-NID-4-300x196.jpg\" width=\"300\" height=\"196\" alt=\"\" class=\"wp-image-23171 alignnone size-medium\" \/> \u00a0<img loading=\"lazy\" decoding=\"async\" src=\"https:\/\/niematerialne.nid.pl\/wp-content\/uploads\/2025\/06\/Wesele-Gorali-Bukowinski-fot.-Archiwum-NID-1-300x196.jpg\" width=\"300\" height=\"196\" alt=\"\" class=\"wp-image-23168 alignnone size-medium\" \/><\/p>\n<p>W pi\u0105tek przed weselem odbywaj\u0105 si\u0119 przygotowania: zapraszanie go\u015bci przez dru\u017cb\u00f3w oraz tworzenie ozdobnych zaprosze\u0144. W dniu \u015blubu panna m\u0142oda ubierana jest przez kobiety z rodziny, czemu towarzysz\u0105 tradycyjne pie\u015bni. P\u00f3\u017aniej nast\u0119puje b\u0142ogos\u0142awie\u0144stwo rodzic\u00f3w oraz po\u017cegnanie z domem. Orszak weselny prowadzi do ko\u015bcio\u0142a, a po powrocie nast\u0119puje symboliczne proszenie o wpuszczenie do domu.\u00a0<\/p>\n<p>Uroczysto\u015b\u0107 weselna wype\u0142niona jest pie\u015bniami, \u017cartami i symbolicznymi gestami \u2013 jak wr\u0119czanie prezent\u00f3w, podanie kaszy mannej zamiast tortu czy humorystyczne wprowadzenie kucharki. Ca\u0142o\u015b\u0107 wie\u0144czy oczepinowy rytua\u0142 przej\u015bcia panny m\u0142odej w stan zam\u0119\u017cny.<\/p>\n<p>[\/et_pb_toggle][et_pb_toggle title=&#8221;114. Chodzenie po szczodrokach  w Karczmiskach&#8221; open_toggle_text_color=&#8221;#e52330&#8243; _builder_version=&#8221;4.27.4&#8243; _module_preset=&#8221;default&#8221; title_font=&#8221;|600|||||||&#8221; closed_title_font=&#8221;|600|||||||&#8221; closed_title_font_size=&#8221;14px&#8221; min_height=&#8221;26px&#8221; custom_margin=&#8221;1px||4px||false|false&#8221; locked=&#8221;off&#8221; global_colors_info=&#8221;{}&#8221;]<\/p>\n<p style=\"text-align: right;\">\u00a0Data wpisu na list\u0119: <strong>21 maja 2025 r.<\/strong><\/p>\n<p>&nbsp;<\/p>\n<p>Chodzenie po \u00a0szczodrokach w Karczmiskach to tradycja niematerialnego dziedzictwa kulturowego, kultywowana od ponad 100 lat w Karczmiskach Pierwszych i Drugich (woj. lubelskie). Obrz\u0119d odbywa si\u0119 co roku 5 stycznia, w wigili\u0119 \u015bwi\u0119ta Trzech Kr\u00f3li. Tego dnia lokalne grupy kol\u0119dnicze \u2013 dzieci, m\u0142odzie\u017c i doro\u015bli \u2013 odwiedzaj\u0105 domy mieszka\u0144c\u00f3w, \u015bpiewaj\u0105c charakterystyczne kol\u0119dy i przy\u015bpiewki, cz\u0119sto w lokalnej gwarze.<\/p>\n<p>Kol\u0119dnicy, zwani scodrocarzami, witaj\u0105 si\u0119 okrzykiem: \u201eKo\u017ccie \u015bpiwo\u0107! Ko\u017ccie!\u201d. Je\u015bli gospodarze odpowiadaj\u0105 \u201e\u015apiwojta!\u201d, zapraszaj\u0105 ich do \u015brodka, gdzie sk\u0142adaj\u0105 \u017cyczenia i s\u0105 cz\u0119stowani s\u0142odyczami, owocami, pieni\u0119dzmi oraz wypiekanymi na t\u0119 okazj\u0119 rogalikami \u2013 szczodrokami W przypadku odmowy kol\u0119dnicy \u015bpiewaj\u0105 \u017cartobliwe przy\u015bpiewki pi\u0119tnuj\u0105ce sk\u0105pstwo, np.:<\/p>\n<p>\u201eNie piek\u0142a, nie piek\u0142a<br \/>\u00a0Pojecha\u0142a na \u0142opacie do piek\u0142a<br \/>\u00a0Nie m\u0142\u00f3ciu\u0142, nie m\u0142\u00f3ciu\u0142,<br \/>\u00a0By mu wicher stodoline przewr\u00f3ci\u0142.\u201d<\/p>\n<p>&nbsp;<\/p>\n<p><img loading=\"lazy\" decoding=\"async\" src=\"https:\/\/niematerialne.nid.pl\/wp-content\/uploads\/2025\/06\/Chodzenie-po-szczodrokach-w-Karczmiskach-fot.-Archiwum-NID-225x300.jpeg\" width=\"200\" height=\"267\" alt=\"\" class=\"wp-image-23181 alignnone size-medium\" \/> \u00a0<\/p>\n<p>Tradycja prawdopodobnie wywodzi si\u0119 z prze\u0142omu XIX i XX wieku, gdy mieszka\u0144cy prosili o pomoc w trudnych czasach, a w podzi\u0119ce \u015bpiewali kol\u0119dy. Obecnie chodzenie po \u00a0szczodrokach \u00a0to okazja do integracji, rado\u015bci i piel\u0119gnowania wi\u0119zi spo\u0142ecznych. Cho\u0107 obrz\u0119d ewoluowa\u0142, jego istota \u2013 wsp\u00f3lnotowo\u015b\u0107 i go\u015bcinno\u015b\u0107 \u2013 pozostaje niezmienna.<\/p>\n<p>[\/et_pb_toggle][et_pb_toggle title=&#8221;115. Procesja Bo\u017cego Cia\u0142a w Myszy\u0144cu&#8221; open_toggle_text_color=&#8221;#e52330&#8243; _builder_version=&#8221;4.27.4&#8243; _module_preset=&#8221;default&#8221; title_font=&#8221;|600|||||||&#8221; closed_title_font=&#8221;|600|||||||&#8221; closed_title_font_size=&#8221;14px&#8221; min_height=&#8221;26px&#8221; custom_margin=&#8221;1px||4px||false|false&#8221; locked=&#8221;off&#8221; global_colors_info=&#8221;{}&#8221;]<\/p>\n<p style=\"text-align: right;\">\u00a0Data wpisu na list\u0119: <strong>21 maja 2025 r.<\/strong><\/p>\n<p>&nbsp;<\/p>\n<p><a href=\"https:\/\/niematerialne.nid.pl\/wp-content\/uploads\/2025\/02\/Tradycje-Wigilii-Bozego-Narodzenia-w-Polsce-_01-scaled.jpg\"><img loading=\"lazy\" decoding=\"async\" src=\"https:\/\/niematerialne.nid.pl\/wp-content\/uploads\/2025\/06\/Procesja-Bozego-Ciala-w-Myszyncu-fot.-NID-1-298x300.jpg\" width=\"298\" height=\"300\" alt=\"\" class=\"wp-image-23177 alignnone size-medium\" \/> \u00a0<\/a> <img loading=\"lazy\" decoding=\"async\" src=\"https:\/\/niematerialne.nid.pl\/wp-content\/uploads\/2025\/06\/Procesja-Bozego-Ciala-w-Myszyncu-fot.-NID-2-296x300.jpg\" width=\"296\" height=\"300\" alt=\"\" class=\"wp-image-23178 alignnone size-medium\" \/><a href=\"https:\/\/niematerialne.nid.pl\/wp-content\/uploads\/2025\/02\/Tradycje-Wigilii-Bozego-Narodzenia-w-Polsce-_02-scaled.jpg\">\u00a0 \u00a0<\/a><\/p>\n<p>Procesja Bo\u017cego Cia\u0142a w Myszy\u0144cu to \u017cywa tradycja g\u0142\u0119boko zakorzeniona w kurpiowskiej kulturze, si\u0119gaj\u0105ca 1774 roku. Mimo up\u0142ywu czasu zachowa\u0142a wiele niezmiennych element\u00f3w, kt\u00f3re \u015bwiadcz\u0105 o ci\u0105g\u0142o\u015bci lokalnego dziedzictwa.<\/p>\n<p>Uroczysto\u015bci rozpoczynaj\u0105 si\u0119 msz\u0105 \u015bwi\u0119t\u0105 z wyra\u017anymi lokalnymi akcentami: kap\u0142ani ubrani w ornaty z regionalnym haftem wchodz\u0105 do \u015bwi\u0105tyni w asy\u015bcie strzelc\u00f3w, a liturgia zawiera elementy dialektu kurpiowskiego. W momencie podniesienia Naj\u015bwi\u0119tszego Sakramentu rozlegaj\u0105 si\u0119 salwy i d\u017awi\u0119k ligawki. Nast\u0119pnie wyrusza procesja, prowadzona przez kap\u0142ana nios\u0105cego zabytkow\u0105 monstrancj\u0119 z 1731 roku. Jej obecna forma, ukszta\u0142towana w latach 30. XX wieku, obejmuje m.in. feretrony, chor\u0105gwie i sztandary \u2013 przypisane od pokole\u0144 konkretnym wsiom i rodzinom. Ich kolejno\u015b\u0107 w procesji jest niezmienna, a wiele z nich to obiekty zabytkowe z XVIII wieku.<\/p>\n<p>&nbsp;<\/p>\n<p><img loading=\"lazy\" decoding=\"async\" src=\"https:\/\/niematerialne.nid.pl\/wp-content\/uploads\/2025\/06\/Procesja-Bozego-Ciala-w-Myszyncu-fot.-NID-4-300x200.jpg\" width=\"300\" height=\"200\" alt=\"\" class=\"wp-image-23180 alignnone size-medium\" \/> <img loading=\"lazy\" decoding=\"async\" src=\"https:\/\/niematerialne.nid.pl\/wp-content\/uploads\/2025\/06\/Procesja-Bozego-Ciala-w-Myszyncu-fot.-NID-3-295x300.jpg\" width=\"295\" height=\"300\" alt=\"\" class=\"wp-image-23179 alignnone size-medium\" \/><\/p>\n<p>Procesji towarzyszy tradycyjny str\u00f3j kurpiowski, noszony przez uczestnik\u00f3w i organizator\u00f3w. Obecny od ponad dw\u00f3ch wiek\u00f3w, nadaje uroczysto\u015bci wyj\u0105tkowy charakter i wyra\u017ca przywi\u0105zanie do lokalnej to\u017csamo\u015bci. Procesja przechodzi ulicami miasta, zatrzymuj\u0105c si\u0119 przy czterech o\u0142tarzach polowych \u2013 od lat zlokalizowanych w sta\u0142ych miejscach i przygotowywanych przez te same grupy mieszka\u0144c\u00f3w. Ich dekoracje \u2013 zielonokurpiowskie hafty, wycinanki i kwiaty z bibu\u0142y \u2013 odzwierciedlaj\u0105 specyfik\u0119 kultury kurpiowskiej. Ciekawostk\u0105 jest tr\u00f3jcz\u0142onowa leluja zwana \u201ehostyj\u0105\u201d, przypominaj\u0105ca monstrancj\u0119, znana od pocz\u0105tku XX wieku.<\/p>\n<p>[\/et_pb_toggle][et_pb_toggle title=&#8221;116. Tradycja wykonywania pisanek batikowych na Lubelszczy\u017anie&#8221; open_toggle_text_color=&#8221;#e52330&#8243; _builder_version=&#8221;4.27.4&#8243; _module_preset=&#8221;default&#8221; title_font=&#8221;|600|||||||&#8221; closed_title_font=&#8221;|600|||||||&#8221; closed_title_font_size=&#8221;14px&#8221; min_height=&#8221;26px&#8221; custom_margin=&#8221;1px||4px||false|false&#8221; locked=&#8221;off&#8221; global_colors_info=&#8221;{}&#8221;]<\/p>\n<p style=\"text-align: right;\">\u00a0Data wpisu na list\u0119: <strong>21 maja 2025 r.<\/strong><\/p>\n<p>&nbsp;<\/p>\n<p><a href=\"https:\/\/niematerialne.nid.pl\/wp-content\/uploads\/2025\/02\/Tradycje-Wigilii-Bozego-Narodzenia-w-Polsce-_01-scaled.jpg\"><img loading=\"lazy\" decoding=\"async\" src=\"https:\/\/niematerialne.nid.pl\/wp-content\/uploads\/2025\/06\/Tradycja-wykonywania-pisanek-batikowych-na-Lubelszczyznie-fot.-Archiwum-NID-4-300x221.jpg\" width=\"300\" height=\"221\" alt=\"\" class=\"wp-image-23175 alignnone size-medium\" \/> \u00a0<\/a> <img loading=\"lazy\" decoding=\"async\" src=\"https:\/\/niematerialne.nid.pl\/wp-content\/uploads\/2025\/06\/Tradycja-wykonywania-pisanek-batikowych-na-Lubelszczyznie-fot.-Archiwum-NID-5-300x211.jpg\" width=\"313\" height=\"220\" alt=\"\" class=\"wp-image-23176 alignnone size-medium\" \/><a href=\"https:\/\/niematerialne.nid.pl\/wp-content\/uploads\/2025\/02\/Tradycje-Wigilii-Bozego-Narodzenia-w-Polsce-_02-scaled.jpg\">\u00a0 \u00a0<\/a><\/p>\n<p>Dekorowanie jaj metod\u0105 batikow\u0105 polega na nanoszeniu wzoru z gor\u0105cego wosku na skorupk\u0119 jajka. Do jego aplikacji wykorzystuje si\u0119 narz\u0119dzia takie jak: szpilka wbita w patyczek (do wzor\u00f3w kropelkowych) oraz lejek z blaszan\u0105 ko\u0144c\u00f3wk\u0105 (do linii i bardziej z\u0142o\u017conych ornament\u00f3w). Po na\u0142o\u017ceniu wzoru jajko zanurza si\u0119 w barwniku \u2013 zazwyczaj zaczynaj\u0105c od najja\u015bniejszego koloru. Proces ten mo\u017cna powtarza\u0107 kilkukrotnie: po ka\u017cdym barwieniu dodaje si\u0119 kolejn\u0105 warstw\u0119 wosku, chroni\u0105c wybrane fragmenty przed zafarbowaniem, a nast\u0119pnie zanurza jajko w coraz ciemniejszych barwnikach. Na ko\u0144cu wosk usuwa si\u0119 przez podgrzanie i delikatne wytarcie, ods\u0142aniaj\u0105c barwny, wielowarstwowy wz\u00f3r. Technika ta umo\u017cliwia tworzenie skomplikowanych, wielokolorowych kompozycji o wysokich walorach estetycznych.<\/p>\n<p>&nbsp;<\/p>\n<p><img loading=\"lazy\" decoding=\"async\" src=\"https:\/\/niematerialne.nid.pl\/wp-content\/uploads\/2025\/06\/Tradycja-wykonywania-pisanek-batikowych-na-Lubelszczyznie-fot.-Archiwum-NID-2-300x225.jpg\" width=\"300\" height=\"225\" alt=\"\" class=\"wp-image-23173 alignnone size-medium\" \/> \u00a0<img loading=\"lazy\" decoding=\"async\" src=\"https:\/\/niematerialne.nid.pl\/wp-content\/uploads\/2025\/06\/Tradycja-wykonywania-pisanek-batikowych-na-Lubelszczyznie-fot.-Archiwum-NID-1-225x300.jpg\" width=\"225\" height=\"300\" alt=\"\" class=\"wp-image-23172 alignnone size-medium\" \/>\u00a0 <img loading=\"lazy\" decoding=\"async\" src=\"https:\/\/niematerialne.nid.pl\/wp-content\/uploads\/2025\/06\/Tradycja-wykonywania-pisanek-batikowych-na-Lubelszczyznie-fot.-Archiwum-NID-3-300x243.jpg\" width=\"277\" height=\"224\" alt=\"\" class=\"wp-image-23174 alignnone size-medium\" \/><\/p>\n<p>Tradycja batikowego zdobienia pisanek jest wci\u0105\u017c \u017cywa na Lubelszczy\u017anie, szczeg\u00f3lnie w \u015brodowiskach wiejskich \u2013 w okolicach Krzczonowa, Bi\u0142goraja, Opola Lubelskiego, Lubartowa, Krasnegostawu, Che\u0142ma i Bia\u0142ej Podlaskiej. Wzory i kolorystyka r\u00f3\u017cni\u0105 si\u0119 w zale\u017cno\u015bci od miejscowo\u015bci, co nadaje ka\u017cdej lokalnej tradycji unikalny charakter. W Krzczonowie dominuj\u0105 motywy geometryczne i ro\u015blinne, w Lubartowie \u2013 krzy\u017cowe i gwia\u017adziste, natomiast w okolicach Bia\u0142ej Podlaskiej popularne s\u0105 wzory inspirowane haftem ludowym. W regionie che\u0142mskim przewa\u017caj\u0105 ornamenty geometryczne. R\u00f3wnie\u017c kolorystyka bywa charakterystyczna \u2013 od wyrazistych zestawie\u0144 czerwieni i czerni po delikatniejsze, pastelowe kompozycje z wykorzystaniem naturalnej barwy jajka.<\/p>\n<p>Rozkwit tej techniki zdobienia przypada na prze\u0142om XIX i XX wieku. Przekazywanie umiej\u0119tno\u015bci odbywa si\u0119 g\u0142\u00f3wnie w ramach rodzinnych tradycji, z pokolenia na pokolenie.<\/p>\n<p>[\/et_pb_toggle][et_pb_toggle title=&#8221;117. Kultura g\u00f3rali polskich Karpat &#8221; open_toggle_text_color=&#8221;#e52330&#8243; disabled_on=&#8221;off|off|off&#8221; _builder_version=&#8221;4.27.4&#8243; _module_preset=&#8221;default&#8221; title_font=&#8221;|600|||||||&#8221; closed_title_font=&#8221;|600|||||||&#8221; closed_title_font_size=&#8221;14px&#8221; min_height=&#8221;26px&#8221; custom_margin=&#8221;1px||4px||false|false&#8221; locked=&#8221;off&#8221; global_colors_info=&#8221;{}&#8221;]<\/p>\n<p style=\"text-align: right;\">\u00a0Data wpisu na list\u0119: <strong>24 wrze\u015bnia 2025 r.<\/strong><\/p>\n<p>&nbsp;<\/p>\n<p><a href=\"https:\/\/nid.pl\/wp-content\/uploads\/2025\/10\/Kultura-gorali-polskich-Karpat_01.jpg\"><img loading=\"lazy\" decoding=\"async\" src=\"https:\/\/nid.pl\/wp-content\/uploads\/2025\/10\/Kultura-gorali-polskich-Karpat_01.jpg\" title=\"Zdj\u0119cie \u015blubne, g\u00f3rale \u015bl\u0105scy, fot. Muzeum w Wi\u015ble\" width=\"500\" height=\"528\" \/><\/a><\/p>\n<p>Kultura g\u00f3rali polskich Karpat to \u017cywe dziedzictwo niematerialne, g\u0142\u0119boko zakorzenione w codziennym \u017cyciu mieszka\u0144c\u00f3w po\u0142udniowych teren\u00f3w Polski. Tworz\u0105 j\u0105 wsp\u00f3lnoty g\u00f3rali <strong>\u015bl\u0105skich, \u017cywieckich, babiog\u00f3rskich, orawskich, podhala\u0144skich, zag\u00f3rza\u0144skich, gorcza\u0144skich, kliszczackich, spiskich, pieni\u0144skich, \u0142\u0105cko-kamienickich oraz nadpopradzkich.<\/strong> Mimo zr\u00f3\u017cnicowania regionalnego, \u0142\u0105czy je wsp\u00f3lna historia, warunki \u017cycia oraz g\u0142\u0119boko zakorzeniona to\u017csamo\u015b\u0107 kulturowa.<\/p>\n<p>Cho\u0107 obszar ten obejmuje g\u0142\u00f3wnie tereny dw\u00f3ch wojew\u00f3dztw &#8211; \u015bl\u0105skiego i ma\u0142opolskiego &#8211; g\u00f3rale polskich Karpat postrzegaj\u0105 siebie jako jedn\u0105 wsp\u00f3lnot\u0119. Tradycje g\u00f3ralskie kultywowane s\u0105 nie tylko w miejscach pochodzenia, lecz tak\u017ce w\u015br\u00f3d spo\u0142eczno\u015bci emigracyjnych &#8211; tam, gdzie dzia\u0142aj\u0105 lokalne stowarzyszenia i organizacje g\u00f3ralskie, podtrzymuj\u0105ce wi\u0119\u017a z ojczyst\u0105 kultur\u0105.<\/p>\n<p><strong>To\u017csamo\u015b\u0107 oparta na tradycji<\/strong><br \/>Kultura g\u00f3ralska wyrasta z do\u015bwiadczenia \u017cycia w g\u00f3rach &#8211; w trudnych warunkach przyrodniczych, z ograniczonym dost\u0119pem do urodzajnej ziemi i kr\u00f3tkim okresem wegetacji. To ukszta\u0142towa\u0142o styl \u017cycia oparty na pasterstwie i rolnictwie, kt\u00f3re do dzi\u015b pozostaj\u0105 wa\u017cnym odniesieniem kulturowym. Charakterystyczne dla g\u00f3rali s\u0105 silne wi\u0119zi rodzinne i s\u0105siedzkie, wsp\u00f3\u0142praca wsp\u00f3lnotowa oraz g\u0142\u0119bokie zakorzenienie w religii i rytmie roku liturgicznego.<\/p>\n<p><strong>Rodzina i wsp\u00f3lnota<\/strong><br \/>Rodzina g\u00f3ralska to nie tylko podstawowa jednostka spo\u0142eczna &#8211; to przede wszystkim miejsce przekazywania tradycji, gwary, pie\u015bni, obrz\u0119d\u00f3w i zasad \u017cycia. W rodzinie odbywa si\u0119 transmisja mi\u0119dzypokoleniowa, a starsi cz\u0142onkowie rodu pe\u0142ni\u0105 wa\u017cn\u0105 rol\u0119 wychowawcz\u0105. Niezwykle istotn\u0105 funkcj\u0119 pe\u0142ni\u0105 chrzestni, starostowie weselni i osoby uczestnicz\u0105ce w wa\u017cnych rytua\u0142ach rodzinnych &#8211; od chrztu, przez wesele, po pogrzeb.<\/p>\n<p>Wsp\u00f3lnota lokalna &#8211; wiejska lub parafialna &#8211; r\u00f3wnie\u017c odgrywa ogromn\u0105 rol\u0119. Jej si\u0142a objawia si\u0119 we wzajemnej pomocy, a tak\u017ce we wsp\u00f3lnym prze\u017cywaniu \u015bwi\u0105t.<\/p>\n<p><strong>Obrz\u0119dowo\u015b\u0107<\/strong><br \/>Obrz\u0119dy rodzinne i doroczne zajmuj\u0105 wa\u017cne miejsce w kulturze g\u00f3ralskiej. Wydarzenia takie jak wesele, prymicje, chrzest czy pogrzeb maj\u0105 \u015bci\u015ble okre\u015blon\u0105 form\u0119, z elementami symbolicznymi zwi\u0105zanymi z regionem. \u015awi\u0119ta religijne &#8211; Bo\u017ce Narodzenie, Wielkanoc, Zielone \u015awi\u0105tki &#8211; s\u0105 obchodzone uroczy\u015bcie, z zachowaniem dawnych zwyczaj\u00f3w, modlitw i regionalnych potraw.<\/p>\n<p>W wielu wsiach \u017cywe s\u0105 zwyczaje kol\u0119dnicze, procesje, adoracje przy Grobie Pa\u0144skim, \u015bwi\u0119cenie p\u00f3l i dom\u00f3w. Wszystko to tworzy sp\u00f3jn\u0105, wielopokoleniow\u0105 narracj\u0119 kulturow\u0105, w kt\u00f3rej sacrum i profanum przenikaj\u0105 si\u0119 w codziennym \u017cyciu.<\/p>\n<p><strong>Dom i gospodarstwo<\/strong><br \/>G\u00f3ralski dom &#8211; dawniej drewniana cha\u0142upa, dzi\u015b cz\u0119sto nowoczesny budynek &#8211; nadal zachowuje elementy tradycyjnej architektury (np. sosr\u0119by z napisami, krzy\u017ce, \u015bwi\u0119te obrazy, kapliczki). Kuchnia pozostaje sercem domu, a go\u015bcinno\u015b\u0107 i uprzejmo\u015b\u0107 wobec odwiedzaj\u0105cych to trwa\u0142a cecha obyczajowo\u015bci, kt\u00f3rej do\u015bwiadczaj\u0105 r\u00f3wnie\u017c przyjezdni.<\/p>\n<p><strong>Pasterstwo<\/strong><br \/>Pasterstwo to fundament g\u00f3ralskiej to\u017csamo\u015bci &#8211; wypas owiec na halach, produkcja bundzu, bryndzy i oscypk\u00f3w, rytua\u0142y redyku i \u015bwi\u0119ta pasterskie tworz\u0105 unikalny cykl obrz\u0119dowy. Pasterzom towarzysz\u0105 owczarki podhala\u0144skie, a sam sza\u0142as to przestrze\u0144 pracy, modlitwy i relacji z natur\u0105. W pasterskim krajobrazie d\u017awi\u0119k <strong>piszcza\u0142, fujar, rog\u00f3w i tr\u0105bit<\/strong> od wiek\u00f3w stanowi charakterystyczny element muzyki i codzienno\u015bci g\u00f3rali.<\/p>\n<p><strong>Kuchnia i lecznictwo<\/strong><br \/>Kuchnia g\u00f3ralska to dziedzictwo smaku i praktyczno\u015bci: kwa\u015bnica, moskole, ha\u0142uski, sery owcze, kwa\u015bne mleko czy potrawy \u015bwi\u0105teczne &#8211; przygotowywane wed\u0142ug dawnych receptur &#8211; stanowi\u0105 wa\u017cny element to\u017csamo\u015bci. Tradycja kiszenia kapusty, pieczenia ko\u0142aczy czy przygotowywania potraw na \u015bwi\u0119ta wci\u0105\u017c jest \u017cywa w wielu domach i wsp\u00f3lnotach.<\/p>\n<p>Uzupe\u0142nieniem dziedzictwa kulinarnego jest medycyna ludowa &#8211; oparta na zio\u0142ach, miodzie, ma\u015bciach z t\u0142uszcz\u00f3w zwierz\u0119cych i naturalnych miksturach. Znajomo\u015b\u0107 zi\u00f3\u0142 i ich zastosowa\u0144 w leczeniu przekazywana jest w rodzinach i praktykowana do dzi\u015b, cz\u0119sto w po\u0142\u0105czeniu z medycyn\u0105 konwencjonaln\u0105.<\/p>\n<p><strong>Str\u00f3j, muzyka, taniec, gwara<\/strong><br \/>Str\u00f3j g\u00f3ralski to nie tylko element estetyczny, ale tak\u017ce symbol przynale\u017cno\u015bci. Noszony z dum\u0105 na \u015bwi\u0119ta, wesela i uroczysto\u015bci, pe\u0142ni funkcj\u0119 identyfikacyjn\u0105 i reprezentacyjn\u0105.<\/p>\n<p>R\u00f3wnie wa\u017cna jest muzyka &#8211; <strong>skrzypce, basy, dudy<\/strong>, a tak\u017ce <strong>instrumenty pasterskie (piszcza\u0142y, fujary, rogi i tr\u0105bity)<\/strong> nadaj\u0105 jej charakterystyczne, rozpoznawalne brzmienie. Taniec i \u015bpiew stanowi\u0105 nieod\u0142\u0105czn\u0105 cz\u0119\u015b\u0107 \u017cycia wsp\u00f3lnotowego i rodzinnego. Pie\u015bni g\u00f3ralskie, cz\u0119sto improwizowane, s\u0105 przekazem emocji, historii i lokalnych warto\u015bci.<\/p>\n<p>Gwara g\u00f3ralska, cho\u0107 r\u00f3\u017cna w zale\u017cno\u015bci od subregionu, jest nadal j\u0119zykiem codziennym, literackim (np. w poezji ludowej) i religijnym. Jest tak\u017ce kluczem do zrozumienia \u015bwiata warto\u015bci g\u00f3rali \u2013 pe\u0142nego humoru, szacunku i m\u0105dro\u015bci \u017cyciowej.<\/p>\n<p><strong>Wsp\u00f3\u0142czesno\u015b\u0107 i ci\u0105g\u0142o\u015b\u0107 tradycji<\/strong><br \/>Dzi\u0119ki aktywno\u015bci rodzin, wsp\u00f3lnot lokalnych, parafii i licznych organizacji regionalnych, kultura g\u00f3ralska nie tylko przetrwa\u0142a, ale dynamicznie si\u0119 rozwija. Organizowane s\u0105 festiwale, przegl\u0105dy folkloru, warsztaty, rekonstrukcje obrz\u0119d\u00f3w, publikacje ksi\u0105\u017cek kucharskich i gwarowych, a tak\u017ce dzia\u0142ania edukacyjne i promocyjne.<\/p>\n<p>Wielk\u0105 rol\u0119 odgrywa \u015bwiadome przekazywanie tradycji m\u0142odszym pokoleniom &#8211; w domu, szkole, zespo\u0142ach regionalnych, ko\u0142ach gospody\u0144 wiejskich i podczas wsp\u00f3lnego \u015bwi\u0119towania. Dzi\u0119ki temu kultura g\u00f3rali polskich Karpat pozostaje \u017cywym, autentycznym i rozpoznawalnym elementem niematerialnego dziedzictwa kulturowego Polski.<\/p>\n<p><a href=\"https:\/\/nid.pl\/wp-content\/uploads\/2025\/10\/Kultura-gorali-polskich-Karpat_02.jpg\">\u00a0 \u00a0<\/a><br \/><a href=\"https:\/\/nid.pl\/wp-content\/uploads\/2025\/10\/Kultura-gorali-polskich-Karpat_04.jpg\"><img loading=\"lazy\" decoding=\"async\" src=\"https:\/\/nid.pl\/wp-content\/uploads\/2025\/10\/Kultura-gorali-polskich-Karpat_04.jpg\" title=\"G\u00f3rale Kliszczaccy, fot. Piotr Dro\u017adzik, MCK SOK\u00d3\u0141\" width=\"500\" height=\"528\" \/><\/a>\u00a0 \u00a0<a href=\"https:\/\/nid.pl\/wp-content\/uploads\/2025\/10\/Kultura-gorali-polskich-Karpat_05.jpg\"><img loading=\"lazy\" decoding=\"async\" src=\"https:\/\/nid.pl\/wp-content\/uploads\/2025\/10\/Kultura-gorali-polskich-Karpat_05.jpg\" title=\"G\u00f3rale \u0141\u0105ccy, fot. Piotr Dro\u017adzik, MCK SOK\u00d3\u0141\" width=\"500\" height=\"528\" \/><\/a>\u00a0 \u00a0<a href=\"https:\/\/nid.pl\/wp-content\/uploads\/2025\/10\/Kultura-gorali-polskich-Karpat_06.jpg\"><img loading=\"lazy\" decoding=\"async\" src=\"https:\/\/nid.pl\/wp-content\/uploads\/2025\/10\/Kultura-gorali-polskich-Karpat_06.jpg\" title=\"G\u00f3rale Nadpopradzcy fot. Piotr Dro\u017adzik\" width=\"500\" height=\"528\" \/><\/a>\u00a0 \u00a0<a href=\"https:\/\/nid.pl\/wp-content\/uploads\/2025\/10\/Kultura-gorali-polskich-Karpat_07.jpg\"><img loading=\"lazy\" decoding=\"async\" src=\"https:\/\/nid.pl\/wp-content\/uploads\/2025\/10\/Kultura-gorali-polskich-Karpat_07.jpg\" title=\"G\u00f3rale Orawscy, fot. Piotr Dro\u017adzik, MCK SOK\u00d3\u0141\" width=\"500\" height=\"528\" \/><\/a>\u00a0 \u00a0<a href=\"https:\/\/nid.pl\/wp-content\/uploads\/2025\/10\/Kultura-gorali-polskich-Karpat_08.jpg\"><img loading=\"lazy\" decoding=\"async\" src=\"https:\/\/nid.pl\/wp-content\/uploads\/2025\/10\/Kultura-gorali-polskich-Karpat_08.jpg\" title=\"G\u00f3rale Pieni\u0144scy fot. Piotr Dro\u017adzik, MCK SOK\u00d3\u0141\" width=\"500\" height=\"528\" \/><\/a>\u00a0 \u00a0<a href=\"https:\/\/nid.pl\/wp-content\/uploads\/2025\/10\/Kultura-gorali-polskich-Karpat_09.jpg\"><img loading=\"lazy\" decoding=\"async\" src=\"https:\/\/nid.pl\/wp-content\/uploads\/2025\/10\/Kultura-gorali-polskich-Karpat_09.jpg\" title=\"G\u00f3rale Podhala\u0144scy fot. Piotr Dro\u017adzik MCK SOK\u00d3\u0141\" width=\"500\" height=\"528\" \/><\/a>\u00a0 \u00a0<a href=\"https:\/\/nid.pl\/wp-content\/uploads\/2025\/10\/Kultura-gorali-polskich-Karpat_10.jpg\"><img loading=\"lazy\" decoding=\"async\" src=\"https:\/\/nid.pl\/wp-content\/uploads\/2025\/10\/Kultura-gorali-polskich-Karpat_10.jpg\" title=\"G\u00f3rale Spiscy, fot. Piotr Dro\u017adzik MCK SOK\u00d3\u0141\" width=\"500\" height=\"528\" \/><\/a>\u00a0 \u00a0<a href=\"https:\/\/nid.pl\/wp-content\/uploads\/2025\/10\/Kultura-gorali-polskich-Karpat_12.jpg\"><img loading=\"lazy\" decoding=\"async\" src=\"https:\/\/nid.pl\/wp-content\/uploads\/2025\/10\/Kultura-gorali-polskich-Karpat_12.jpg\" title=\"G\u00f3rale \u017bywieccy, Dziady Norowoczne fot. Dariusz Kocemba\" width=\"500\" height=\"528\" \/><\/a>\u00a0 \u00a0\u00a0 \u00a0<a href=\"https:\/\/nid.pl\/wp-content\/uploads\/2025\/10\/Kultura-gorali-polskich-Karpat_02.jpg\"><img loading=\"lazy\" decoding=\"async\" src=\"https:\/\/nid.pl\/wp-content\/uploads\/2025\/10\/Kultura-gorali-polskich-Karpat_02.jpg\" title=\"G\u00f3rale Babiog\u00f3rscy, fot. Piotr Dro\u017adzik, MCK SOK\u00d3\u0141\" width=\"500\" height=\"528\" \/><\/a><\/p>\n<p>[\/et_pb_toggle][et_pb_toggle title=&#8221;118. \u017bywieckie tradycje zdobnictwa bibu\u0142kowego &#8221; open_toggle_text_color=&#8221;#e52330&#8243; disabled_on=&#8221;off|off|off&#8221; _builder_version=&#8221;4.27.4&#8243; _module_preset=&#8221;default&#8221; title_font=&#8221;|600|||||||&#8221; closed_title_font=&#8221;|600|||||||&#8221; closed_title_font_size=&#8221;14px&#8221; min_height=&#8221;26px&#8221; custom_margin=&#8221;1px||4px||false|false&#8221; locked=&#8221;off&#8221; global_colors_info=&#8221;{}&#8221;]<\/p>\n<p style=\"text-align: right;\">\u00a0 Data wpisu na list\u0119: <strong>24 wrze\u015bnia 2025 r.<\/strong><\/p>\n<p>&nbsp;<\/p>\n<p><a href=\"https:\/\/niematerialne.nid.pl\/wp-content\/uploads\/2025\/10\/zywieckie-tradycje-zdobnictwa-bibulkowego_01.jpg\"><img loading=\"lazy\" decoding=\"async\" src=\"https:\/\/niematerialne.nid.pl\/wp-content\/uploads\/2025\/10\/zywieckie-tradycje-zdobnictwa-bibulkowego_01.jpg\" title=\"Wieniec, fot. Ewa Wolf\" width=\"500\" height=\"528\" \/><\/a> \u00a0<a href=\"https:\/\/niematerialne.nid.pl\/wp-content\/uploads\/2025\/10\/zywieckie-tradycje-zdobnictwa-bibulkowego_03.jpg\"><img loading=\"lazy\" decoding=\"async\" src=\"https:\/\/niematerialne.nid.pl\/wp-content\/uploads\/2025\/10\/zywieckie-tradycje-zdobnictwa-bibulkowego_03.jpg\" title=\"Bibu\u0142karki, przygotowania do wystawy, fot. Ewa Wolf\" width=\"500\" height=\"528\" \/>\u00a0<\/a> <a href=\"https:\/\/niematerialne.nid.pl\/wp-content\/uploads\/2025\/10\/zywieckie-tradycje-zdobnictwa-bibulkowego_05.jpg\"><img loading=\"lazy\" decoding=\"async\" src=\"https:\/\/niematerialne.nid.pl\/wp-content\/uploads\/2025\/10\/zywieckie-tradycje-zdobnictwa-bibulkowego_05.jpg\" title=\"Przygotowania wie\u0144ca, fot. Ewa Wolf\" width=\"500\" height=\"528\" \/><\/a><\/p>\n<p>Wykonywanie kwiat\u00f3w z bibu\u0142y i tworzenie z nich r\u00f3\u017cnorodnych kompozycji ma na \u017bywiecczy\u017anie ponadstuletni\u0105 tradycj\u0119. Pocz\u0105tkowo bibu\u0142kowe ozdoby mia\u0142y proste formy. Na Bo\u017ce Narodzenie przypinano je do ga\u0142\u0105zek jedliny zdobi\u0105cych \u015bwi\u0119te k\u0105ty w izbie.<\/p>\n<p>W okresie mi\u0119dzywojennym umiej\u0119tno\u015b\u0107 ich wykonywania sta\u0142a si\u0119 powszechna, a kompozycje coraz bardziej rozbudowane. Z bibu\u0142y ozdabiano tak\u017ce paj\u0105ki, po\u0142a\u017anice i choinki. Z czasem dekoracje te przybiera\u0142y coraz wi\u0119ksze formy i zacz\u0119\u0142y pojawia\u0107 si\u0119 nie tylko w domach, lecz tak\u017ce w przestrzeni sakralnej &#8211; przyozdabia\u0142y przydro\u017cne kapliczki, wn\u0119trza ko\u015bcio\u0142\u00f3w, feretrony, palmy wielkanocne, wie\u0144ce do\u017cynkowe i nagrobne. Aby zwi\u0119kszy\u0107 ich trwa\u0142o\u015b\u0107, kwiaty woskowano. Najwi\u0119cej bibu\u0142kowych ozd\u00f3b wykonywano z okazji wesel &#8211; dekorowano nimi dom, par\u0119 m\u0142od\u0105, go\u015bci i konie w orszaku \u015blubnym. Charakterystyczne dla regionu by\u0142y te\u017c imieninowe wie\u0144ce, kt\u00f3rymi dziewcz\u0119ta obdarowywa\u0142y swoich narzeczonych.<\/p>\n<p>Tradycyjne zdobnictwo bibu\u0142kowe inspirowane by\u0142o przede wszystkim natur\u0105. Ka\u017cda tw\u00f3rczyni tworzy\u0142a w\u0142asne stylizacje r\u00f3\u017c, mak\u00f3w czy chabr\u00f3w, nadaj\u0105c im indywidualny charakter. Kwiaty mia\u0142y cz\u0119sto wi\u0119ksze rozmiary ni\u017c w rzeczywisto\u015bci, co wynika\u0142o z ich dekoracyjnej funkcji.<\/p>\n<p>Dzi\u015b na \u017bywiecczy\u017anie funkcjonuj\u0105 dwa nurty zdobnictwa bibu\u0142kowego &#8211; tradycyjny i wsp\u00f3\u0142czesny. Nurt tradycyjny, oparty na dawnych formach i wzorach, jest praktykowany w ramach konkurs\u00f3w, warsztat\u00f3w, wystaw i edukacji regionalnej. Pe\u0142ni on r\u00f3wnie\u017c wa\u017cn\u0105 rol\u0119 w podtrzymywaniu lokalnych zwyczaj\u00f3w, takich jak wykonywanie palm wielkanocnych czy dekorowanie obiekt\u00f3w sakralnych. Z kolei nurt wsp\u00f3\u0142czesny czerpie z tradycji, ale dostosowuje j\u0105 do dzisiejszych gust\u00f3w i potrzeb estetycznych. Wsp\u00f3\u0142czesne tw\u00f3rczynie eksperymentuj\u0105 z kolorem, kszta\u0142tem i materia\u0142em.<\/p>\n<p>Dzisiejsze kwiaty bibu\u0142kowe wci\u0105\u017c inspirowane s\u0105 natur\u0105, jednak coraz cz\u0119\u015bciej d\u0105\u017c\u0105 do realizmu. Kompozycje powstaj\u0105 przez ca\u0142y rok i odpowiadaj\u0105 porom roku: wiosn\u0105 dominuj\u0105 jasne, delikatne barwy, latem &#8211; intensywne kolory mak\u00f3w i chabr\u00f3w, jesieni\u0105 &#8211; ciep\u0142e odcienie s\u0142onecznik\u00f3w i jarz\u0119biny.<\/p>\n<p>Obecnie mo\u017cna r\u00f3wnie\u017c zauwa\u017cy\u0107, \u017ce zmieni\u0142a si\u0119 funkcja \u017cywieckich kompozycji bibu\u0142kowych. Dzi\u015b popularne s\u0105 miniatury dawnych wie\u0144c\u00f3w czy drzewek, a tak\u017ce ma\u0142e bukiety, kt\u00f3re cz\u0119sto pe\u0142ni\u0105 rol\u0119 pami\u0105tek regionalnych, dekoracji wn\u0119trz i upomink\u00f3w.<\/p>\n<p>W ostatnich latach obserwuje si\u0119 rosn\u0105ce zainteresowanie t\u0105 form\u0105 r\u0119kodzie\u0142a, zw\u0142aszcza w\u015br\u00f3d m\u0142odego pokolenia. Bibu\u0142kowe kwiaty staj\u0105 si\u0119 inspiracj\u0105 do dzia\u0142a\u0144 artystycznych i edukacyjnych, a jednocze\u015bnie pozostaj\u0105 elementem codziennej praktyki w wielu rodzinach. Dzi\u0119ki temu tradycja \u017cywieckiego zdobnictwa bibu\u0142kowego nie tylko przetrwa\u0142a, ale nadal rozwija si\u0119 i odgrywa istotn\u0105 rol\u0119 w \u017cyciu mieszka\u0144c\u00f3w regionu.<\/p>\n<p>&nbsp;<\/p>\n<p><a href=\"https:\/\/niematerialne.nid.pl\/wp-content\/uploads\/2025\/10\/zywieckie-tradycje-zdobnictwa-bibulkowego_09.jpg\"><img loading=\"lazy\" decoding=\"async\" src=\"https:\/\/niematerialne.nid.pl\/wp-content\/uploads\/2025\/10\/zywieckie-tradycje-zdobnictwa-bibulkowego_09.jpg\" title=\"Warsztaty z bibu\u0142karkami, fot. Ewa Wolf\" width=\"222\" height=\"333\" \/>\u00a0\u00a0\u00a0<\/a> <a href=\"https:\/\/niematerialne.nid.pl\/wp-content\/uploads\/2025\/10\/zywieckie-tradycje-zdobnictwa-bibulkowego_06.jpg\"><img loading=\"lazy\" decoding=\"async\" src=\"https:\/\/niematerialne.nid.pl\/wp-content\/uploads\/2025\/10\/zywieckie-tradycje-zdobnictwa-bibulkowego_06.jpg\" title=\"Bibu\u0142karka Maria \u0141\u0105cz, fot. Ewa Wolf\" width=\"222\" height=\"333\" \/>\u00a0\u00a0\u00a0<\/a> <a href=\"https:\/\/niematerialne.nid.pl\/wp-content\/uploads\/2025\/10\/zywieckie-tradycje-zdobnictwa-bibulkowego_07.jpeg\"><img loading=\"lazy\" decoding=\"async\" src=\"https:\/\/niematerialne.nid.pl\/wp-content\/uploads\/2025\/10\/zywieckie-tradycje-zdobnictwa-bibulkowego_07.jpeg\" title=\"Bibu\u0142karka Maria W\u0105s, fot. Dawid Wojty\u0142a\" width=\"222\" height=\"333\" \/>\u00a0\u00a0\u00a0<\/a> <a href=\"https:\/\/niematerialne.nid.pl\/wp-content\/uploads\/2025\/10\/zywieckie-tradycje-zdobnictwa-bibulkowego_10.jpeg\"><img loading=\"lazy\" decoding=\"async\" src=\"https:\/\/niematerialne.nid.pl\/wp-content\/uploads\/2025\/10\/zywieckie-tradycje-zdobnictwa-bibulkowego_10.jpeg\" title=\"Bibu\u0142karka Maria Grzegorek, Fot. Dawid Wojty\u0142a 2024\" width=\"222\" height=\"333\" \/><\/a><\/p>\n<p>[\/et_pb_toggle][et_pb_toggle title=&#8221;119. Nied\u017awiedzie wielkanocne z G\u00f3ry&#8221; open_toggle_text_color=&#8221;#e52330&#8243; disabled_on=&#8221;off|off|off&#8221; _builder_version=&#8221;4.27.5&#8243; _module_preset=&#8221;default&#8221; title_font=&#8221;|600|||||||&#8221; closed_title_font=&#8221;|600|||||||&#8221; closed_title_font_size=&#8221;14px&#8221; min_height=&#8221;26px&#8221; custom_margin=&#8221;1px||4px||false|false&#8221; locked=&#8221;off&#8221; global_colors_info=&#8221;{}&#8221;]<\/p>\n<p style=\"text-align: right;\">\u00a0Data wpisu na list\u0119: <strong>27 listopada 2025 r.<\/strong><\/p>\n<p>&nbsp;<\/p>\n<p><a href=\"https:\/\/niematerialne.nid.pl\/wp-content\/uploads\/2025\/12\/niedzwiedzie-wielkanocne-z-gory_03.jpg\"><img loading=\"lazy\" decoding=\"async\" src=\"https:\/\/niematerialne.nid.pl\/wp-content\/uploads\/2025\/12\/niedzwiedzie-wielkanocne-z-gory_03.jpg\" title=\"Nied\u017awiedzie wielkanocne z G\u00f3ry, fot. archiwalna\" width=\"500\" height=\"528\" \/><\/a><\/p>\n<p>Nied\u017awiedzie wielkanocne w G\u00f3rze (woj. wielkopolskie) to tradycja praktykowana w niemal niezmienionej formie od ponad stu lat. Najstarsze fotografia tego zwyczaju pochodzi z 1913 roku, z broszury w\u0142a\u015bcicieli miejscowego pa\u0142acu &#8211; rodziny Fischer von Mollard. Od tego czasu barwny korow\u00f3d przebiera\u0144c\u00f3w niemal co roku przemierza ulice wsi. Wyj\u0105tkiem z przyczyn obiektywnych by\u0142 okres II wojny \u015bwiatowej oraz dw\u00f3ch sytuacji w XXI wieku &#8211; pandemii i \u017ca\u0142oby po \u015bmierci papie\u017ca Jana Paw\u0142a II.<\/p>\n<p>Dzi\u015b obrz\u0119d odbywa si\u0119 w oba dni \u015awi\u0105t Wielkanocnych. W niedziel\u0119 Zmartwychwstania wyst\u0119puje tzw. \u201eStara Ekipa\u201d &#8211; do\u015bwiadczeni depozytariusze, kt\u00f3rzy od lat przygotowuj\u0105 stroje i dbaj\u0105 o przebieg zwyczaju. W Poniedzia\u0142ek Wielkanocny pojawia si\u0119 \u201eM\u0142oda Ekipa\u201d, czyli nastolatkowie dopiero zdobywaj\u0105cy do\u015bwiadczenie i aspiruj\u0105cy do \u201eStarej Ekipy\u201d. W pochodzie cz\u0119sto bior\u0105 udzia\u0142 ca\u0142e rodziny, a mo\u017cliwo\u015b\u0107 wcielenia si\u0119 w rol\u0119 przebiera\u0144ca uchodzi za presti\u017c i wyr\u00f3\u017cnienie.<\/p>\n<p>Sk\u0142ad korowodu od dziesi\u0119cioleci pozostaje niemal niezmienny. Na czele id\u0105 Baba i Dziad, prezentuj\u0105cy taniec przy akompaniamencie Grajka z akordeonem. W dalszej cz\u0119\u015bci pojawiaj\u0105 si\u0119 dwa Nied\u017awiedzie w s\u0142omianych strojach i Poganiacze. Poch\u00f3d zamykaj\u0105 Kominiarze. Przebiera\u0144cy odwiedzaj\u0105 ka\u017cdy dom, zbieraj\u0105 datki i witaj\u0105 si\u0119 z mieszka\u0144cami. Niezmienn\u0105 atrakcj\u0105, szczeg\u00f3lnie dla dzieci, jest tzw. \u201emurzenie\u201d, czyli brudzenie twarzy sadz\u0105. W\u00f3zek pchany przez Bab\u0119 i Dziada s\u0142u\u017cy do przewo\u017cenia garnka z sadz\u0105 oraz zbierania dar\u00f3w. Po zako\u0144czeniu pochodu datki s\u0105 dzielone &#8211; cz\u0119\u015b\u0107 przekazywana na cele charytatywne, reszta mi\u0119dzy uczestnik\u00f3w.<\/p>\n<p>Stroje postaci s\u0105 wyraziste i pe\u0142ne symboliki. Baba i Dziad maj\u0105 charakterystyczny makija\u017c, peruki, kaszkiety i wypchane elementy garderoby. Grajek wyr\u00f3\u017cnia si\u0119 okularami \u201elenonkami\u201d. Kominiarze ubrani w czarne stroje z kapeluszem ozdobionym drabink\u0105 i pomponem, natomiast Poganiacze nosz\u0105 kolorowe stroje i czapki z wst\u0105\u017ckami, pos\u0142uguj\u0105c si\u0119 batem o dono\u015bnym trzasku. Najbardziej pracoch\u0142onne s\u0105 kostiumy Nied\u017awiedzi. Powstaj\u0105 ze s\u0142omianych powroz\u00f3w, przygotowywanych kilka tygodni wcze\u015bniej, a samo ubieranie postaci trwa kilka godzin. Do s\u0142omianych rog\u00f3w i ogona przywi\u0105zuje si\u0119 dzwonki, kt\u00f3re rozbrzmiewaj\u0105 na d\u0142ugo przed pojawieniem si\u0119 korowodu.<\/p>\n<p>Tradycja Nied\u017awiedzi wielkanocnych w G\u00f3rze stanowi wa\u017cny element lokalnej to\u017csamo\u015bci i integruje mieszka\u0144c\u00f3w. Mieszka\u0144cy z niecierpliwo\u015bci\u0105 czekaj\u0105 na przebiera\u0144c\u00f3w, przyjmuj\u0105 ich w domach i cz\u0119stuj\u0105 wielkanocnymi potrawami. Dzi\u0119ki zaanga\u017cowaniu starszych i m\u0142odszych uczestnik\u00f3w zwyczaj ten pozostaje \u017cywym dziedzictwem kulturowym, kt\u00f3re \u0142\u0105czy pokolenia i nadaje wyj\u0105tkowy charakter \u015bwi\u0119tom wielkanocnym.<\/p>\n<p><a href=\"https:\/\/niematerialne.nid.pl\/wp-content\/uploads\/2025\/12\/niedzwiedzie-wielkanocne-z-gory_02.jpg\"><img loading=\"lazy\" decoding=\"async\" src=\"https:\/\/niematerialne.nid.pl\/wp-content\/uploads\/2025\/12\/niedzwiedzie-wielkanocne-z-gory_02.jpg\" title=\"Nied\u017awiedzie wielkanocne z G\u00f3ry, fot. \u0141ukasz Ma\u0107kowiak\" width=\"500\" height=\"528\" \/><\/a>\u00a0 \u00a0<a href=\"https:\/\/niematerialne.nid.pl\/wp-content\/uploads\/2025\/12\/niedzwiedzie-wielkanocne-z-gory_01.jpg\"><img loading=\"lazy\" decoding=\"async\" src=\"https:\/\/niematerialne.nid.pl\/wp-content\/uploads\/2025\/12\/niedzwiedzie-wielkanocne-z-gory_01.jpg\" title=\"Nied\u017awiedzie wielkanocne z G\u00f3ry, fot. \u0141ukasz Ma\u0107kowiak\" width=\"500\" height=\"528\" \/><\/a>\u00a0 \u00a0<\/p>\n<p>&nbsp;<\/p>\n<p>[\/et_pb_toggle][et_pb_toggle title=&#8221;120. Procesja Bo\u017cego Cia\u0142a z tradycj\u0105 dywan\u00f3w kwietnych w Sk\u0119czniewie&#8221; open_toggle_text_color=&#8221;#e52330&#8243; disabled_on=&#8221;off|off|off&#8221; _builder_version=&#8221;4.27.5&#8243; _module_preset=&#8221;default&#8221; title_font=&#8221;|600|||||||&#8221; closed_title_font=&#8221;|600|||||||&#8221; closed_title_font_size=&#8221;14px&#8221; min_height=&#8221;26px&#8221; custom_margin=&#8221;1px||4px||false|false&#8221; locked=&#8221;off&#8221; global_colors_info=&#8221;{}&#8221;]<\/p>\n<p style=\"text-align: right;\">\u00a0Data wpisu na list\u0119: <strong>27 listopada 2025 r.<\/strong><\/p>\n<p>&nbsp;<\/p>\n<p><a href=\"https:\/\/niematerialne.nid.pl\/wp-content\/uploads\/2025\/12\/procesja-Bozego-Ciala-z-tradycja-dywanow-kwietnych-w-Skeczniewie_01.jpg\"><img loading=\"lazy\" decoding=\"async\" src=\"https:\/\/niematerialne.nid.pl\/wp-content\/uploads\/2025\/12\/procesja-Bozego-Ciala-z-tradycja-dywanow-kwietnych-w-Skeczniewie_01.jpg\" title=\"Procesja Bo\u017cego Cia\u0142a z tradycj\u0105 dywan\u00f3w kwietnych w Sk\u0119czniewie, fot. P. G\u0105siorek\" width=\"500\" height=\"528\" \/><\/a> <a href=\"https:\/\/niematerialne.nid.pl\/wp-content\/uploads\/2025\/12\/procesja-Bozego-Ciala-z-tradycja-dywanow-kwietnych-w-Skeczniewie_02.jpg\"><img loading=\"lazy\" decoding=\"async\" src=\"https:\/\/niematerialne.nid.pl\/wp-content\/uploads\/2025\/12\/procesja-Bozego-Ciala-z-tradycja-dywanow-kwietnych-w-Skeczniewie_02.jpg\" title=\"Procesja Bo\u017cego Cia\u0142a z tradycj\u0105 dywan\u00f3w kwietnych w Sk\u0119czniewie, fot. P. G\u0105siorek\" width=\"500\" height=\"528\" \/><\/a><\/p>\n<p>Uk\u0142adanie dywan\u00f3w kwiatowych na procesj\u0119 Bo\u017cego Cia\u0142a to \u017cywy, wielopokoleniowy zwyczaj mieszka\u0144c\u00f3w parafii Sk\u0119czniew, po\u0142o\u017conej w wojew\u00f3dztwie wielkopolskim (powiat turecki, gmina Dobra), w parafii pw. \u015awi\u0119tej Tr\u00f3jcy. Tradycja ta narodzi\u0142a si\u0119 zaraz po zako\u0144czeniu II wojny \u015bwiatowej jako wyraz wdzi\u0119czno\u015bci mieszka\u0144c\u00f3w za ocalenie wioski z wojennej po\u017cogi. Proboszczem w\u00f3wczas by\u0142 ks. Stanis\u0142aw Zwierz (1945 \u2013 1948). Dalszym rozwojem i tworzeniem dywan\u00f3w kwiatowych zaj\u0105\u0142 si\u0119 proboszcz parafii ks. Karol Mendela , kt\u00f3ry przyby\u0142 do Sk\u0119czniewa w 1958 roku ze Spycimierza &#8211; miejscowo\u015bci znanej z bogatej tradycji uk\u0142adania kwietnych dywan\u00f3w na Bo\u017ce Cia\u0142o. Uznano w\u00f3wczas, \u017ce coroczne, uroczyste udekorowanie trasy procesji b\u0119dzie form\u0105 dzi\u0119kczynienia i modlitwy o dalsz\u0105 opiek\u0119. Od tamtej pory lokalna spo\u0142eczno\u015b\u0107 jednoczy si\u0119 wok\u00f3\u0142 tego wyj\u0105tkowego zwyczaju, kt\u00f3ry \u0142\u0105czy w sobie g\u0142\u0119boki wymiar duchowy, artystyczny i wsp\u00f3lnotowy. Jego dzie\u0142o kontynuowali ks. Aleksander Maciejewski, ks. Marian W\u0142odarczyk, ks. Stanis\u0142aw Portasi\u0144ski oraz obecnie ks. Grzegorz Wawrzyniak.<\/p>\n<p>Tradycja polega na r\u0119cznym tworzeniu kolorowych dywan\u00f3w kwietnych na trasie procesji, przebiegaj\u0105cej przez centrum wsi. Dywany uk\u0142adane s\u0105 w formie d\u0142ugich pas\u00f3w, najcz\u0119\u015bciej o szeroko\u015bci od 1 do 2 metr\u00f3w i \u0142\u0105cznej d\u0142ugo\u015bci si\u0119gaj\u0105cej kilkuset metr\u00f3w. Wykonywane s\u0105 na uprzednio przygotowanej nawierzchni &#8211; z piasku, trawy lub ziemi. Do ich tworzenia u\u017cywa si\u0119 wy\u0142\u0105cznie naturalnych materia\u0142\u00f3w: \u015bwie\u017cych kwiat\u00f3w (takich jak r\u00f3\u017ce, piwonie, chabry, rumianek, ja\u015bmin), li\u015bci, zi\u00f3\u0142, traw, ga\u0142\u0105zek oraz trocin barwionych na r\u00f3\u017cne kolory.<\/p>\n<p>Motywy zdobnicze maj\u0105 charakter religijny &#8211; pojawiaj\u0105 si\u0119 symbole eucharystyczne, krzy\u017ce, postacie \u015bwi\u0119tych &#8211; ale r\u00f3wnie\u017c florystyczny i geometryczny. Wzory tworzone s\u0105 na miejscu &#8211; rysowane kred\u0105 jako szkic na pod\u0142o\u017cu lub odtwarzane z pami\u0119ci, a nast\u0119pnie wype\u0142niane materia\u0142em ro\u015blinnym. Ca\u0142o\u015b\u0107 kompozycji cechuje du\u017ca dba\u0142o\u015b\u0107 o estetyk\u0119, symbolik\u0119 i kolorystyk\u0119.<\/p>\n<p>Przygotowania do uk\u0142adania rozpoczynaj\u0105 si\u0119 na kilka dni przed uroczysto\u015bci\u0105 i obejmuj\u0105 zbieranie kwiat\u00f3w z ogrod\u00f3w, \u0142\u0105k i p\u00f3l, suszenie i barwienie trocin, planowanie wzor\u00f3w oraz organizacj\u0119 pracy. Samo uk\u0142adanie dywan\u00f3w ma miejsce bardzo wcze\u015bnie rano w dniu uroczysto\u015bci Bo\u017cego Cia\u0142a &#8211; cz\u0119sto jeszcze przed \u015bwitem &#8211; tak aby zako\u0144czy\u0107 dekorowanie trasy przed rozpocz\u0119ciem procesji eucharystycznej.<\/p>\n<p>W tworzenie dywan\u00f3w anga\u017cuj\u0105 si\u0119 ca\u0142e rodziny \u2013 dzieci, m\u0142odzie\u017c, doro\u015bli i seniorzy. Wsp\u00f3lna praca przebiega w atmosferze skupienia i rado\u015bci. Dla mieszka\u0144c\u00f3w parafii Sk\u0119czniew to nie tylko forma religijnej ekspresji, ale r\u00f3wnie\u017c wa\u017cny moment integracji, przekazywania tradycji m\u0142odszym pokoleniom oraz budowania poczucia wsp\u00f3lnoty. Ka\u017cdego roku udzia\u0142 w przygotowaniach i samym wydarzeniu traktowany jest jako zaszczyt i wyraz przywi\u0105zania do lokalnego dziedzictwa.<\/p>\n<p>&nbsp;<\/p>\n<p><a href=\"https:\/\/niematerialne.nid.pl\/wp-content\/uploads\/2025\/12\/procesja-Bozego-Ciala-z-tradycja-dywanow-kwietnych-w-Skeczniewie_03.jpg\"><img loading=\"lazy\" decoding=\"async\" src=\"https:\/\/niematerialne.nid.pl\/wp-content\/uploads\/2025\/12\/procesja-Bozego-Ciala-z-tradycja-dywanow-kwietnych-w-Skeczniewie_03.jpg\" title=\"Procesja Bo\u017cego Cia\u0142a z tradycj\u0105 dywan\u00f3w kwietnych w Sk\u0119czniewie, fot. P. G\u0105siorek\"  width=\"222\" height=\"333\" \/><\/a>\u00a0 \u00a0\t\t<\/p>\n<p>&nbsp;[\/et_pb_toggle][et_pb_toggle title=&#8221;121. Procesja emaus i turki &#8211; stra\u017c Grobu Pa\u0144skiego w parafii Dobra&#8221; open_toggle_text_color=&#8221;#e52330&#8243; disabled_on=&#8221;off|off|off&#8221; _builder_version=&#8221;4.27.5&#8243; _module_preset=&#8221;default&#8221; title_font=&#8221;|600|||||||&#8221; closed_title_font=&#8221;|600|||||||&#8221; closed_title_font_size=&#8221;14px&#8221; min_height=&#8221;26px&#8221; custom_margin=&#8221;1px||4px||false|false&#8221; locked=&#8221;off&#8221; global_colors_info=&#8221;{}&#8221;]<\/p>\n<p style=\"text-align: right;\">\u00a0Data wpisu na list\u0119: <strong>27 listopada 2025 r.<\/strong><\/p>\n<p>&nbsp;<\/p>\n<p><a href=\"https:\/\/niematerialne.nid.pl\/wp-content\/uploads\/2025\/12\/procesja-emaus-i-turki-straz-grobu-panskiego-w-parafi-dobra_03.jpg\"><img loading=\"lazy\" decoding=\"async\" src=\"https:\/\/niematerialne.nid.pl\/wp-content\/uploads\/2025\/12\/procesja-emaus-i-turki-straz-grobu-panskiego-w-parafi-dobra_03.jpg\" title=\"Procesja emaus i turki \u2013 stra\u017c Grobu Pa\u0144skiego w parafii Dobra, TURKI, zdj\u0119cie archiwalne, fot. Piotr Borycki\" width=\"500\" height=\"528\" \/><\/a><\/p>\n<p><strong>Procesja Emaus<\/strong><br \/>\nW parafii Narodzenia Naj\u015bwi\u0119tszej Maryi Panny w Dobrej od pokole\u0144 kultywowana jest wyj\u0105tkowa tradycja wielkanocna &#8211; <strong>procesja Emaus,<\/strong> odbywaj\u0105ca si\u0119 w Poniedzia\u0142ek Wielkanocny. Punktualnie o godzinie 5.30 z ko\u015bcio\u0142a wyrusza procesja m\u0119\u017cczyzn &#8211; od najm\u0142odszych ch\u0142opc\u00f3w po senior\u00f3w &#8211; kt\u00f3rzy pod\u0105\u017caj\u0105 polnymi i le\u015bnymi drogami, modl\u0105c si\u0119 i \u015bpiewaj\u0105c pie\u015bni religijne. Trasa wiedzie wok\u00f3\u0142 miasteczka i liczy oko\u0142o 12 kilometr\u00f3w, co nawi\u0105zuje do ewangelicznej drogi uczni\u00f3w Jezusa do Emaus.<\/p>\n<p>Maksyma towarzysz\u0105ca uczestnikom brzmi: \u201eDo krzy\u017cy w procesji pod\u0105\u017ca lud bez wzgl\u0119du na pogod\u0119, wiek i trud\u201d. P\u0105tnicy zatrzymuj\u0105 si\u0119 przy osiemnastu krzy\u017cach ustawionych na trasie procesji, kt\u00f3re wznoszono przez wieki w r\u00f3\u017cnych intencjach &#8211; z wdzi\u0119czno\u015bci za ocalenie, z pro\u015bb\u0105 o b\u0142ogos\u0142awie\u0144stwo, a tak\u017ce jako znaki graniczne i symbole ochrony przed chorobami i kl\u0119skami.<\/p>\n<p>Na czele niesiony jest krzy\u017c i figura Zmartwychwsta\u0142ego Chrystusa, pascha\u0142 i chor\u0105gwie ko\u015bcielne. Pielgrzymi mijaj\u0105c pola, zrywaj\u0105 \u017ad\u017ab\u0142a zb\u00f3\u017c i wij\u0105 z nich wianki, kt\u00f3rymi ozdabiaj\u0105 figur\u0119 Chrystusa i chor\u0105gwie. W miejscach modlitwy zakopuj\u0105 odrobin\u0119 wosku, co ma zapewni\u0107 urodzaj i pomy\u015blno\u015b\u0107 &#8211; to zwyczaj o dawnym, przedchrze\u015bcija\u0144skim rodowodzie, wpisany w rytua\u0142 nowej wiary. Nad strumieniem p\u0142yn\u0105cym z chrapczewskiego lasu obmywaj\u0105 twarze wod\u0105 \u201edla zdrowia\u201d, a na cmentarzu cholerycznym modl\u0105 si\u0119 za ofiary dawnych epidemii. Szczeg\u00f3lnym miejscem na trasie jest Grota Emausowa, wzniesiona w 2000 roku przez uczestnik\u00f3w corocznych procesji. Tam te\u017c pielgrzymi zatrzymuj\u0105 si\u0119 na odpoczynek, po czym wyruszaj\u0105 w dalsz\u0105 drog\u0119.<\/p>\n<p>Kulminacyjnym momentem procesji jest wej\u015bcie do centrum miasteczka, kiedy p\u0105tnikom towarzyszy orkiestra d\u0119ta Dobra &#8211; \u017beronice. Gromkie Alleluja rozbrzmiewa w\u015br\u00f3d d\u017awi\u0119k\u00f3w muzyki i huku petard. Na rynku oczekuj\u0105 kobiety i kap\u0142ani. Po modlitwie procesja wchodzi do ko\u015bcio\u0142a, gdzie sprawowana jest Msza \u015awi\u0119ta. Obrz\u0119dy ko\u0144czy tradycyjne polewanie wod\u0105 &#8211; dzi\u015b symboliczne, dawniej bardzo obfite.<\/p>\n<p><strong>Turki &#8211; Stra\u017c Grobu Pa\u0144skiego<\/strong><\/p>\n<p>Drugim filarem wielkanocnych tradycji parafii Dobra jest dzia\u0142alno\u015b\u0107 <strong>Turk\u00f3w &#8211; Stra\u017cy Grobu Pa\u0144skiego<\/strong>, czyli m\u0119\u017cczyzn pe\u0142ni\u0105cych honorow\u0105 wart\u0119 przy grobie Chrystusa. To formacja o wojskowym charakterze, kt\u00f3rej obecno\u015b\u0107 nadaje obchodom Triduum Paschalnego wyj\u0105tkow\u0105 podnios\u0142o\u015b\u0107 i uroczysty nastr\u00f3j.<\/p>\n<p>S\u0142u\u017cba rozpoczyna si\u0119 w Wielki Pi\u0105tek po nabo\u017ce\u0144stwie Drogi Krzy\u017cowej Po ceremonii z\u0142o\u017cenia Naj\u015bwi\u0119tszego Sakramentu w grobie, Turki obejmuj\u0105 wart\u0119, kt\u00f3ra trwa przez ca\u0142\u0105 noc i ca\u0142y nast\u0119pny dzie\u0144 a\u017c do porannej Rezurekcji. Stra\u017c zmienia si\u0119 co p\u00f3\u0142 godziny, a w Niedziel\u0119 Wielkanocn\u0105, godzin\u0119 przed Rezurekcj\u0105 &#8211; co kwadrans. W czasie Rezurekcji, gdy kap\u0142an og\u0142asza Zmartwychwstanie, prowadz\u0105cy uderza lask\u0105 o posadzk\u0119 &#8211; Turki padaj\u0105, a po kolejnym uderzeniu wstaj\u0105 i wsp\u00f3lnie z wiernymi wychodz\u0105 w procesji rezurekcyjnej.<\/p>\n<p>Po zako\u0144czeniu uroczysto\u015bci Turki spotykaj\u0105 si\u0119 z kap\u0142anami na wsp\u00f3lnym \u015bniadaniu wielkanocnym, podczas kt\u00f3rego \u015bwi\u0119c\u0105 pokarmy, dziel\u0105 si\u0119 jajkiem i \u015bpiewaj\u0105 pie\u015bni wielkanocne. Nast\u0119pnie wracaj\u0105 do rodzin, aby \u015bwi\u0119towa\u0107 razem z bliskimi.<\/p>\n<p>Tradycja Turk\u00f3w w Dobrej si\u0119ga ko\u0144ca XIX wieku. Wed\u0142ug przekazu, w 1882 roku mieszkanka Dobrej, Maria Jaworska, zobaczy\u0142a podobn\u0105 stra\u017c przy grobie w miejscowo\u015bci T\u0142okinia Ko\u015bcielna i po powrocie zainicjowa\u0142a utworzenie takiej formacji we w\u0142asnej parafii. Mundury wzorowane by\u0142y na strojach \u017co\u0142nierzy tureckich. Obecnie mundury szeregowych Turk\u00f3w s\u0105 w kolorze czerwonym, zapinane na z\u0142ote guziki z niewielk\u0105 st\u00f3jk\u0105 ozdobion\u0105 z\u0142ot\u0105 ta\u015bm\u0105 po \u015brodku oraz naramiennikami w z\u0142otej obram\u00f3wce z bia\u0142ymi fr\u0119dzlami. Na mundur zak\u0142adany jest bia\u0142y pas, a str\u00f3j uzupe\u0142niaj\u0105 czarne spodnie z ozdobnymi lampasami i charakterystyczna czapka w kszta\u0142cie fezu z czarnym chwostem.<\/p>\n<p>Turki przez lata towarzyszy\u0142y nie tylko wielkanocnym obchodom, ale r\u00f3wnie\u017c innym uroczysto\u015bciom parafialnym &#8211; procesjom Bo\u017cego Cia\u0142a, odpustom, wizytacjom biskupim, a tak\u017ce uroczysto\u015bciom patriotycznym.<\/p>\n<p><a href=\"https:\/\/niematerialne.nid.pl\/wp-content\/uploads\/2025\/12\/procesja-emaus-i-turki-straz-grobu-panskiego-w-parafi-dobra_02.jpg\"><img loading=\"lazy\" decoding=\"async\" src=\"https:\/\/niematerialne.nid.pl\/wp-content\/uploads\/2025\/12\/procesja-emaus-i-turki-straz-grobu-panskiego-w-parafi-dobra_02.jpg\" title=\"Procesja emaus i turki \u2013 stra\u017c Grobu Pa\u0144skiego w parafii Dobra, TURKI fot. SPZD\"  width=\"500\" height=\"528\" \/><\/a>   <a href=\"https:\/\/niematerialne.nid.pl\/wp-content\/uploads\/2025\/12\/procesja-emaus-i-turki-straz-grobu-panskiego-w-parafi-dobra_01.jpg\"><img loading=\"lazy\" decoding=\"async\" src=\"https:\/\/niematerialne.nid.pl\/wp-content\/uploads\/2025\/12\/procesja-emaus-i-turki-straz-grobu-panskiego-w-parafi-dobra_01.jpg\" title=\"https:\/\/niematerialne.nid.pl\/wp-content\/uploads\/2025\/12\/procesja-emaus-i-turki-straz-grobu-panskiego-w-parafi-dobra_01.jpg\"  width=\"500\" height=\"528\" \/><\/a>[\/et_pb_toggle][et_pb_toggle title=&#8221;122. Umiej\u0119tno\u015b\u0107 wykonywania pisanek technik\u0105 drapan\u0105 \u2013 krasek z Krasnegostawu i okolic&#8221; open_toggle_text_color=&#8221;#e52330&#8243; disabled_on=&#8221;off|off|off&#8221; _builder_version=&#8221;4.27.5&#8243; _module_preset=&#8221;default&#8221; title_font=&#8221;|600|||||||&#8221; closed_title_font=&#8221;|600|||||||&#8221; closed_title_font_size=&#8221;14px&#8221; min_height=&#8221;26px&#8221; custom_margin=&#8221;1px||4px||false|false&#8221; locked=&#8221;off&#8221; global_colors_info=&#8221;{}&#8221;]<\/p>\n<p style=\"text-align: right;\">\u00a0Data wpisu na list\u0119: <strong>27 listopada 2025 r.<\/strong><\/p>\n<p><a href=\"https:\/\/niematerialne.nid.pl\/wp-content\/uploads\/2025\/12\/umiejetnosc-wyk-pisanek-technika-drapana-krasek-z-Krasnegostawu_02.jpg\"><img loading=\"lazy\" decoding=\"async\" src=\"https:\/\/niematerialne.nid.pl\/wp-content\/uploads\/2025\/12\/umiejetnosc-wyk-pisanek-technika-drapana-krasek-z-Krasnegostawu_02.jpg\" title=\"Umiej\u0119tno\u015b\u0107 wykonywania pisanek technik\u0105 drapan\u0105 \u2013 krasek z Krasnegostawu i okolic, fot. Stanis\u0142aw Kliszcz\"  width=\"500\" height=\"528\" \/><\/a>\u00a0 \u00a0\t\t<\/p>\n<p>Kraski to tradycyjne pisanki z powiatu krasnostawskiego, wykonywane technik\u0105 drapan\u0105 na jajach kurzych barwionych w naturalnym odwarze z \u0142upin cebuli, zwanym zwarem, co nadaje im odcienie czerwieni, br\u0105zu i wi\u015bni. Zwyczaj ich wykonywania ma ponad stuletni\u0105 tradycj\u0119 i stanowi rozpoznawalny element dziedzictwa regionu.<\/p>\n<p>Wydrapywane na skorupkach wzory przybieraj\u0105 formy geometryczne, solarne, ro\u015blinne i religijne. Na kraskach cz\u0119sto pojawiaj\u0105 si\u0119 motywy krzy\u017ca, swarzycy, trykwetru, ga\u0142\u0105zek jedliny czy opasek biegn\u0105cych na krzy\u017c. Typowe s\u0105 tak\u017ce mi\u0119kkie, kr\u0105g\u0142e linie \u015blimacznic i pastora\u0142\u00f3w z listkami, inspirowane przyrod\u0105 i zdobnictwem ludowym. Wzory cechuje p\u0142ynno\u015b\u0107, kt\u00f3ra nadaje im szczeg\u00f3lny, malarski charakter. W\u015br\u00f3d motyw\u00f3w symbolicznych dominuj\u0105 s\u0142o\u0144ce, kogut, rozety, stylizowane r\u00f3\u017ce, gwiazdy, serca, paprocie, jedliny i drzewka &#8211; znaki \u017cycia, pomy\u015blno\u015bci i ochrony.<\/p>\n<p>Kraski powstaj\u0105 na pe\u0142nych, gotowanych jajach kurzych o jasnej, g\u0142adkiej i mocnej skorupce, kt\u00f3ra po zdrapaniu barwnika tworzy kontrastowy bia\u0142y ornament. Tw\u00f3rcy zwracaj\u0105 szczeg\u00f3ln\u0105 uwag\u0119 na dob\u00f3r odpowiednich jaj &#8211; wybieraj\u0105 te najbardziej kszta\u0142tne, bez defekt\u00f3w i o mo\u017cliwie najja\u015bniejszej skorupce. Niekt\u00f3rzy hoduj\u0105 nawet specjalne rasy kur znosz\u0105ce jaja o \u015bnie\u017cnobia\u0142ej barwie, dzi\u0119ki czemu uzyskany po drapaniu wz\u00f3r jest wyj\u0105tkowo wyra\u017any i delikatny.<\/p>\n<p>Do barwienia u\u017cywa si\u0119 emaliowanych naczy\u0144 i obfitego odwaru z \u0142upin cebuli, przygotowywanego z gromadzonych od jesieni \u0142usek. Jajka gotuje si\u0119 na ma\u0142ym ogniu przez oko\u0142o dwie godziny, a d\u0142ugo\u015b\u0107 k\u0105pieli decyduje o intensywno\u015bci barwy &#8211; od jasnoceglastej po ciemnobordow\u0105. Po ostudzeniu i osuszeniu przyst\u0119puje si\u0119 do drapania. U\u017cywa si\u0119 do tego ostrych narz\u0119dzi, takich jak \u017cyletki, no\u017cyki lub skalpele. Prac\u0119 rozpoczyna si\u0119 od szerszej cz\u0119\u015bci jajka, gdzie pod skorupk\u0105 znajduje si\u0119 kom\u00f3rka powietrzna &#8211; miejsce najbardziej podatne na p\u0119kni\u0119cia. Jajko trzymane jest w d\u0142oni na mi\u0119kkiej \u015bciereczce, co zapobiega jego przegrzewaniu i zarysowaniu. Py\u0142 ze skorupki usuwa si\u0119 delikatnie, a po zako\u0144czeniu pracy powierzchni\u0119 nat\u0142uszcza, najcz\u0119\u015bciej olejem lnianym, kt\u00f3ry podkre\u015bla g\u0142\u0119bi\u0119 koloru. Ca\u0142y proces wykonywany jest r\u0119cznie &#8211; nie u\u017cywa si\u0119 \u017cadnych narz\u0119dzi mechanicznych, poniewa\u017c to w\u0142a\u015bnie precyzja i kunszt r\u0119cznego wykonania stanowi\u0105 istot\u0119 tej tradycji.<\/p>\n<p>Wzornictwo krasek pozostaje wierne lokalnemu kanonowi, w kt\u00f3rym rytm, harmonia i malarskie prowadzenie linii tworz\u0105 sp\u00f3jn\u0105 ca\u0142o\u015b\u0107. Wzory przekazywane s\u0105 poprzez przyk\u0142ad, cz\u0119sto w obr\u0119bie rodzin lub w kr\u0119gu s\u0105siedzkim. Dzi\u0119ki temu zachowuj\u0105 ci\u0105g\u0142o\u015b\u0107 i jednocze\u015bnie pozwalaj\u0105 na indywidualne interpretacje, \u015bwiadcz\u0105ce o \u017cywotno\u015bci tradycji. Kraski wykonywane niezmiennie t\u0105 sam\u0105 metod\u0105 i z poszanowaniem dawnych zasad, pozostaj\u0105 jednym z najbardziej charakterystycznych przyk\u0142ad\u00f3w lokalnego pisankarstwa w Polsce.<\/p>\n<p>&nbsp;<br \/>\n<a href=\"https:\/\/niematerialne.nid.pl\/wp-content\/uploads\/2025\/12\/umiejetnosc-wyk-pisanek-technika-drapana-krasek-z-Krasnegostawu_01.jpg\"><img loading=\"lazy\" decoding=\"async\" src=\"https:\/\/niematerialne.nid.pl\/wp-content\/uploads\/2025\/12\/umiejetnosc-wyk-pisanek-technika-drapana-krasek-z-Krasnegostawu_01.jpg\" title=\"Umiej\u0119tno\u015b\u0107 wykonywania pisanek technik\u0105 drapan\u0105 \u2013 krasek z Krasnegostawu i okolic, fot. Stanis\u0142aw Kliszcz\"  width=\"500\" height=\"528\" \/><\/a>   <a href=\"https:\/\/niematerialne.nid.pl\/wp-content\/uploads\/2025\/12\/umiejetnosc-wyk-pisanek-technika-drapana-krasek-z-Krasnegostawu_03.jpg\"><img loading=\"lazy\" decoding=\"async\" src=\"https:\/\/niematerialne.nid.pl\/wp-content\/uploads\/2025\/12\/umiejetnosc-wyk-pisanek-technika-drapana-krasek-z-Krasnegostawu_03.jpg\" title=\"Umiej\u0119tno\u015b\u0107 wykonywania pisanek technik\u0105 drapan\u0105 \u2013 krasek z Krasnegostawu i okolic, fot. fot. Sylwia Czapla\"  width=\"500\" height=\"528\" \/><\/a>\u00a0 \u00a0\t\t[\/et_pb_toggle][et_pb_toggle title=&#8221;123. Zabawkarstwo drewniane z Brz\u00f3zy Stadnickiej | Wooden toy-making from Brz\u00f3za Stadnicka&#8221; open_toggle_text_color=&#8221;#e52330&#8243; disabled_on=&#8221;off|off|off&#8221; _builder_version=&#8221;4.27.5&#8243; _module_preset=&#8221;default&#8221; title_font=&#8221;|600|||||||&#8221; closed_title_font=&#8221;|600|||||||&#8221; closed_title_font_size=&#8221;14px&#8221; min_height=&#8221;26px&#8221; custom_margin=&#8221;1px||4px||false|false&#8221; hover_enabled=&#8221;0&#8243; locked=&#8221;off&#8221; global_colors_info=&#8221;{}&#8221; sticky_enabled=&#8221;0&#8243;]<\/p>\n<p style=\"text-align: right;\">\u00a0Data wpisu na list\u0119: <strong>22 grudnia 2025 r.<\/strong><\/p>\n<p><a href=\"https:\/\/niematerialne.nid.pl\/wp-content\/uploads\/2026\/01\/zabawkarstwo-drewniane-z-brzozy-stadnickiej_05.jpg\"><img loading=\"lazy\" decoding=\"async\" src=\"https:\/\/niematerialne.nid.pl\/wp-content\/uploads\/2026\/01\/zabawkarstwo-drewniane-z-brzozy-stadnickiej_05.jpg\" title=\"Zabawkarstwo drewniane z Brz\u00f3zy Stadnickiej, fot. J. Niepok\u00f3j-Gil\" width=\"500\" height=\"528\" \/><\/a> <a href=\"https:\/\/niematerialne.nid.pl\/wp-content\/uploads\/2026\/01\/zabawkarstwo-drewniane-z-brzozy-stadnickiej_04.jpg\"><img loading=\"lazy\" decoding=\"async\" src=\"https:\/\/niematerialne.nid.pl\/wp-content\/uploads\/2026\/01\/zabawkarstwo-drewniane-z-brzozy-stadnickiej_04.jpg\" title=\"Zabawkarstwo drewniane z Brz\u00f3zy Stadnickiej, fot. J. Niepok\u00f3j-Gil\" width=\"500\" height=\"528\" \/><\/a><\/p>\n<p>Zabawkarstwo drewniane z Brz\u00f3zy Stadnickiej to charakterystyczna forma ludowego rzemios\u0142a, kt\u00f3ra rozwin\u0119\u0142a si\u0119 pod silnym wp\u0142ywem le\u017cajskiego o\u015brodka zabawkarskiego, a jednocze\u015bnie wykszta\u0142ci\u0142a w\u0142asny, \u0142atwo rozpoznawalny styl. Zgodnie z miejscow\u0105 tradycj\u0105 pocz\u0105tki wyrobu zabawek w tej wsi zwi\u0105zane s\u0105 z Marcinem Guzym (1872\u20131924), kt\u00f3ry pod koniec XIX wieku wystruga\u0142 pierwsze drewniane koniki, wzorowane na ozdobie chom\u0105ta w kszta\u0142cie ko\u0144skiej g\u0142owy. Pierwsze zabawki nie by\u0142y malowane \u2013 oczy zaznaczano jedynie wypalaniem gor\u0105cym drutem.<\/p>\n<p>Wraz z up\u0142ywem czasu do pracy w\u0142\u0105czyli si\u0119 synowie Marcina Guzego, wprowadzaj\u0105c nowe rozmiary konik\u00f3w \u201ena cztery nogi\u201d, a tak\u017ce Franciszek Boho, tw\u00f3rca bryczek z p\u0142askimi konikami \u201ena dwie nogi\u201d, wzorowane na zabawkach masowo produkowanych w Jaworowie (dzi\u015b Ukraina). To w\u0142a\u015bnie rodziny Guzych i Boho odegra\u0142y kluczow\u0105 rol\u0119 w kszta\u0142towaniu form oraz wprowadzeniu charakterystycznego malowania.<\/p>\n<p>Zabawkarstwo w Brz\u00f3zie Stadnickiej bardzo si\u0119 rozwin\u0119\u0142o po II wojnie \u015bwiatowej, gdy dzia\u0142a\u0142o tu ponad 50 wytw\u00f3rc\u00f3w zabawek. Opr\u00f3cz konik\u00f3w i prostych instrument\u00f3w, takich jak gwizdki czy fujarki, wykonywali tak\u017ce taczki, ko\u0142yski, w\u00f3zki oraz zabawki ruchome takie jak ptaki \u2013 klepaki, kurki dziobi\u0105ce, k\u00f3\u0142ka terkocz\u0105ce itd.<\/p>\n<p>Wa\u017cn\u0105 postaci\u0105 miejscowego zabawkarstwa by\u0142 tak\u017ce Stanis\u0142aw Nar\u00f3g (1922-1998), posiadaj\u0105cy niezwyk\u0142y zmys\u0142 konstrukcyjny. Autor kilkudziesi\u0119ciu wzor\u00f3w zabawek \u2013 od tradycyjnych form po rozbudowane ruchome konstrukcje, takie jak karuzele, karety z je\u017ad\u017acem i przer\u00f3\u017cne pojazdy.<\/p>\n<p>Obecnie, podobnie jak dawniej, podstawowym materia\u0142em wykorzystywanym do wyrobu zabawek jest drewno osikowe, cz\u0119\u015bciowo zast\u0119powane drewnem wierzbowym, uznawanym za \u0142atwe w obr\u00f3bce. Prace wykonywane s\u0105 nadal przy u\u017cyciu prostych narz\u0119dzi, takich jak siekiera, o\u015bnik, n\u00f3\u017c czy kobylica. Cz\u0119\u015b\u0107 bardziej wyspecjalizowanych narz\u0119dzi zabawkarze wykonuj\u0105 samodzielnie.<\/p>\n<p>Wyj\u0105tkow\u0105 cech\u0105 zabawek z Brz\u00f3zy Stadnickiej jest ich bogata, barwna malatura. Po I wojnie \u015bwiatowej zacz\u0119to stosowa\u0107 farby anilinowe w intensywnych kolorach \u2013 \u017c\u00f3\u0142tym, r\u00f3\u017cowym i zielonym \u2013 uzupe\u0142nianych biel\u0105 i czerni\u0105. Zdobnictwo opiera si\u0119 na prostych motywach geometrycznych i ro\u015blinnych, rozmieszczanych swobodnie na powierzchniach zabawek, z wyra\u017anym podzia\u0142em na malatur\u0119 realistyczn\u0105 (np. uprz\u0105\u017c, grzywy i ogony konik\u00f3w) oraz dekoracyjn\u0105.<\/p>\n<p>Zabawki z Brz\u00f3zy Stadnickiej s\u0105 wa\u017cnym \u015bwiadectwem lokalnej pomys\u0142owo\u015bci, umiej\u0119tno\u015bci pracy w drewnie oraz estetyki wykszta\u0142conej na styku tradycji lasowiackiej i wp\u0142yw\u00f3w wschodnich, stanowi\u0105c istotny element niematerialnego dziedzictwa kulturowego regionu.<br \/>Dzi\u015b zabawkarstwo brz\u00f3za\u0144skie nie ma ju\u017c charakteru masowego, jednak jego tradycja pozostaje \u017cywa dzi\u0119ki dw\u00f3m tw\u00f3rcom kontynuuj\u0105cym dawne wzory, techniki i estetyk\u0119 \u2013 Ryszardowi Marci\u0144cowi i Janowi Dudziakowi.<\/p>\n<p><a href=\"https:\/\/niematerialne.nid.pl\/wp-content\/uploads\/2026\/01\/zabawkarstwo-drewniane-z-brzozy-stadnickiej_03.jpg\"><img loading=\"lazy\" decoding=\"async\" src=\"https:\/\/niematerialne.nid.pl\/wp-content\/uploads\/2026\/01\/zabawkarstwo-drewniane-z-brzozy-stadnickiej_03.jpg\" title=\"Zabawkarstwo drewniane z Brz\u00f3zy Stadnickiej, fot. J. Niepok\u00f3j-Gil\" width=\"500\" height=\"528\" \/><\/a>\u00a0 <a href=\"https:\/\/niematerialne.nid.pl\/wp-content\/uploads\/2026\/01\/zabawkarstwo-drewniane-z-brzozy-stadnickiej_02.jpg\"><img loading=\"lazy\" decoding=\"async\" src=\"https:\/\/niematerialne.nid.pl\/wp-content\/uploads\/2026\/01\/zabawkarstwo-drewniane-z-brzozy-stadnickiej_02.jpg\" title=\"Zabawkarstwo drewniane z Brz\u00f3zy Stadnickiej, fot. J. Niepok\u00f3j-Gil\" width=\"500\" height=\"528\" \/><\/a> <a href=\"https:\/\/niematerialne.nid.pl\/wp-content\/uploads\/2026\/01\/zabawkarstwo-drewniane-z-brzozy-stadnickiej_01.jpg\"><img loading=\"lazy\" decoding=\"async\" src=\"https:\/\/niematerialne.nid.pl\/wp-content\/uploads\/2026\/01\/zabawkarstwo-drewniane-z-brzozy-stadnickiej_01.jpg\" title=\"Zabawkarstwo drewniane z Brz\u00f3zy Stadnickiej, fot. J. Niepok\u00f3j-Gil\" width=\"222\" height=\"333\" \/><\/a><\/p>\n<p>&#8212;<\/p>\n<p style=\"text-align: right;\">Date of the inclusion in the inventory: <strong>December 22<\/strong><strong>, 2025<\/strong><\/p>\n<p style=\"text-align: left;\">Wooden toys from the village of Brz\u00f3za Stadnicka are a distinctive form of folk craft that developed under the strong influence of the toymaking center in the city of Le\u017cajsk, while at the same time developing its own easily recognizable style. According to local tradition, Marcin Guzy (1872\u20131924) began toymaking in this village, carving the first wooden horses modeled on the decoration of a horse-head-shaped bridle at the end of the 19th century. The early toys were unpainted \u2013 only a hot wire marked the eyes.<\/p>\n<p>Over time, Marcin Guzy&#8217;s sons joined the craft, introducing new sizes of &#8220;four-legged&#8221; horses, as did Franciszek Boho, the creator of carriages with flat &#8220;two-legged&#8221; horses, modeled on mass-produced toys in Jawor\u00f3w (today Ukraine). It was the Guzy and Boho families who played a key role in shaping the forms and introducing the characteristic painting.<br \/>Toymaking in the village of Brz\u00f3za Stadnicka flourished after World War II, when over 50 toymakers operated there. In addition to horses and simple instruments such as whistles and pipes, they also made wheelbarrows, cradles, carts, and moving toys such as birds, pecking chickens, rattling wheels, etc.<\/p>\n<p>Today, as in the past, the primary material used to make toys is aspen wood, partially replaced by willow wood (considered easy to work with). Simple tools are still used for crafting, such as an axe, an adze, a knife, or a carpenter&#8217;s plane. Toymakers make some of the more specialized tools themselves.<\/p>\n<p>A unique feature of toys from the village of Brzoza Stadnicka is their rich, colorful paintwork. After World War I, artisans began to use aniline paints in intense colors \u2013 yellow, pink, and green \u2013 complemented by white and brown(?). The decoration is simple, with geometric and floral motifs arranged on the toy&#8217;s surfaces, with a clear division between realistic painting (e.g., harnesses, manes, and tails of horses) and decorative painting.<\/p>\n<p>Wooden toys from Brz\u00f3za Stadnicka are an important testament to local ingenuity, woodworking skills, and aesthetics developed at the intersection of the Lasowiak region tradition and Eastern influences, constituting an essential element of the region&#8217;s intangible cultural heritage.<\/p>\n<p>Today, toymaking in Brz\u00f3za is no longer a mass industry. Still, its tradition remains alive thanks to families of two artists who continue the old designs, techniques, and aesthetics \u2013 Ryszard Marciniec and Jan Dudziak.<\/p>\n<p>[\/et_pb_toggle][et_pb_toggle title=&#8221; 124. Lasowiackie zabawkarstwo drewniane w wid\u0142ach Wis\u0142y i Sanu | The Lasowiak wooden toy-making in the forks of the Vistula and San rivers.&#8221; open_toggle_text_color=&#8221;#e52330&#8243; disabled_on=&#8221;off|off|off&#8221; _builder_version=&#8221;4.27.5&#8243; _module_preset=&#8221;default&#8221; title_font=&#8221;|600|||||||&#8221; closed_title_font=&#8221;|600|||||||&#8221; closed_title_font_size=&#8221;14px&#8221; min_height=&#8221;26px&#8221; custom_margin=&#8221;1px||4px||false|false&#8221; hover_enabled=&#8221;0&#8243; locked=&#8221;off&#8221; global_colors_info=&#8221;{}&#8221; sticky_enabled=&#8221;0&#8243;]<\/p>\n<p style=\"text-align: right;\">\u00a0Data wpisu na list\u0119: <strong>22 grudnia 2025 r.<\/strong><\/p>\n<p><a href=\"https:\/\/niematerialne.nid.pl\/wp-content\/uploads\/2026\/01\/lasowiackie-zabawkarstwo-drewniane_02.jpg\"><img loading=\"lazy\" decoding=\"async\" src=\"https:\/\/niematerialne.nid.pl\/wp-content\/uploads\/2026\/01\/lasowiackie-zabawkarstwo-drewniane_02.jpg\" title=\"Lasowiackie zabawkarstwo drewniane w wid\u0142ach Wis\u0142y i Sanu, fot. Dominik Plaza\" width=\"500\" height=\"528\" \/><\/a><\/p>\n<p>Lasowiackie Zabawkarstwo jest tradycyjn\u0105 form\u0105 wiejskiego rzemios\u0142a, silnie zakorzenion\u0105 w kulturze Lasowiak\u00f3w \u2013 mieszka\u0144c\u00f3w p\u00f3\u0142nocnej cz\u0119\u015bci dawnej Puszczy Sandomierskiej. Jego najbardziej charakterystyczn\u0105 cech\u0105 jest prostota i surowo\u015b\u0107 formy. Tradycyjne zabawki wykonywano z naturalnych materia\u0142\u00f3w, przede wszystkim z drewna, bez malowania i zdobie\u0144, tak aby zachowa\u0107 ich skromny charakter oraz bliski zwi\u0105zek z codziennym \u017cyciem wsi.<\/p>\n<p>Do dzi\u015b tradycj\u0119 t\u0119 kontynuuje Jan Puk \u2013 jedyny wsp\u00f3\u0142czesny tw\u00f3rca, kt\u00f3ry praktykuje lasowiack\u0105 tradycj\u0119 wytwarzania drewnianych zabawek na tym obszarze. Wykonuje on zar\u00f3wno proste formy, takie jak ptaszki, gwizdki czy grzechotki, cz\u0119sto rze\u017abione z jednego kawa\u0142ka drewna, jak i bardziej z\u0142o\u017cone konstrukcje: b\u0105czki, chodziki dla dzieci czy mechaniczne sceny przedstawiaj\u0105ce \u017cycie dawnej lasowiackiej wsi, m.in. pilarzy, kowali czy szatkowanie kapusty. Te wieloelementowe, ruchome zabawki, wielokrotnie nagradzane w konkursach, odtwarzaj\u0105 dawne czynno\u015bci i narz\u0119dzia, pe\u0142ni\u0105 r\u00f3wnolegle funkcj\u0119 edukacyjn\u0105.<\/p>\n<p><a href=\"https:\/\/niematerialne.nid.pl\/wp-content\/uploads\/2026\/01\/lasowiackie-zabawkarstwo-drewniane_01.jpg\"><img loading=\"lazy\" decoding=\"async\" src=\"https:\/\/niematerialne.nid.pl\/wp-content\/uploads\/2026\/01\/lasowiackie-zabawkarstwo-drewniane_01.jpg\" title=\"Lasowiackie zabawkarstwo drewniane w wid\u0142ach Wis\u0142y i Sanu, fot. Dominik Plaza\" width=\"222\" height=\"333\" \/><\/a><\/p>\n<p>Proces wytwarzania zabawek odbywa si\u0119 nieprzerwanie przez dwana\u015bcie miesi\u0119cy i jest podporz\u0105dkowany rytmowi natury. P\u00f3\u017an\u0105 zim\u0105 i wiosn\u0105 pozyskuje si\u0119 odpowiednie gatunki drewna. Najcz\u0119\u015bciej s\u0105 to lipa i sosna. Przez ca\u0142y rok ale g\u0142\u00f3wnie p\u00f3\u017an\u0105 jesieni\u0105 i zim\u0105 w domowym warsztacie przygotowywane s\u0105 poszczeg\u00f3lne elementy. Z kolei latem i jesieni\u0105, zabawki s\u0105 prezentowane na r\u00f3\u017cnego rodzaju festiwalach i targach.<\/p>\n<p>Co bardzo wa\u017cne, wiejskie zabawki lasowiackie posiadaj\u0105 wyra\u017anie okre\u015blon\u0105 specyfik\u0119 wykonania, wynikaj\u0105c\u0105 z lokalnej tradycji i przekazu mi\u0119dzypokoleniowego. Tworzone s\u0105 wy\u0142\u0105cznie z naturalnych materia\u0142\u00f3w, bez u\u017cycia element\u00f3w metalowych, plastikowych ani ozdobnych dodatk\u00f3w. Zgodnie z dawnym zwyczajem poszczeg\u00f3lne cz\u0119\u015bci \u0142\u0105czone s\u0105 poprzez klejenie i klinowanie, bez stosowania gwo\u017adzi czy spinek. Podstawowym narz\u0119dziem pozostaje n\u00f3\u017c, wykorzystywany do kszta\u0142towania, wyka\u0144czania i dekorowania form, cho\u0107 od lat 80. XX wieku Jan Puk si\u0119ga r\u00f3wnie\u017c po narz\u0119dzia mechaniczne, ka\u017cdorazowo dostosowywane do w\u0142asnych potrzeb.<\/p>\n<p>Zabawkarstwo lasowiackie w wid\u0142ach Wis\u0142y i Sanu jest dzi\u015b zjawiskiem rzadkim, lecz wci\u0105\u017c \u017cywym dzi\u0119ki dzia\u0142alno\u015bci jednego depozytariusza. Surowe, niemalowane wyroby z drewna, wykonywane z poszanowaniem dawnych zasad, stanowi\u0105 \u015bwiadectwo codziennej kultury wsi lasowiackiej. Wsp\u00f3\u0142cze\u015bnie zabawki przypominaj\u0105 o dawnych zaj\u0119ciach, relacji cz\u0142owieka z przyrod\u0105 oraz lokalnej to\u017csamo\u015bci kulturowej regionu, stanowi\u0105c wa\u017cny element niematerialnego dziedzictwa kulturowego p\u00f3\u0142nocnego Podkarpacia.<\/p>\n<p><a href=\"https:\/\/niematerialne.nid.pl\/wp-content\/uploads\/2026\/01\/lasowiackie-zabawkarstwo-drewniane_05.jpg\"><img loading=\"lazy\" decoding=\"async\" src=\"https:\/\/niematerialne.nid.pl\/wp-content\/uploads\/2026\/01\/lasowiackie-zabawkarstwo-drewniane_05.jpg\" title=\"Lasowiackie zabawkarstwo drewniane w wid\u0142ach Wis\u0142y i Sanu, fot. Dominik Plaza\" width=\"222\" height=\"333\" \/><\/a>\u00a0 \u00a0 <a href=\"https:\/\/niematerialne.nid.pl\/wp-content\/uploads\/2026\/01\/lasowiackie-zabawkarstwo-drewniane_04.jpg\"><img loading=\"lazy\" decoding=\"async\" src=\"https:\/\/niematerialne.nid.pl\/wp-content\/uploads\/2026\/01\/lasowiackie-zabawkarstwo-drewniane_04.jpg\" title=\"Lasowiackie zabawkarstwo drewniane w wid\u0142ach Wis\u0142y i Sanu, fot. Dominik Plaza\" width=\"222\" height=\"333\" \/><\/a>\u00a0 \u00a0 <a href=\"https:\/\/niematerialne.nid.pl\/wp-content\/uploads\/2026\/01\/lasowiackie-zabawkarstwo-drewniane_03.jpg\"><img loading=\"lazy\" decoding=\"async\" src=\"https:\/\/niematerialne.nid.pl\/wp-content\/uploads\/2026\/01\/lasowiackie-zabawkarstwo-drewniane_03.jpg\" title=\"Lasowiackie zabawkarstwo drewniane w wid\u0142ach Wis\u0142y i Sanu, fot. Dominik Plaza\" width=\"222\" height=\"333\" \/><\/a><\/p>\n<p>&#8212;<\/p>\n<p style=\"text-align: right;\">Date of the inclusion in the inventory: <strong>December 22<\/strong><strong>, 2025<\/strong><\/p>\n<p style=\"text-align: left;\">Toymaking is a traditional craft deeply rooted in the culture of the Lasowiak group, inhabitants of the northern part of the Sandomierz Forest. Its most characteristic feature is its simplicity and austerity of form. Traditional toys were made from natural materials, primarily wood, without painting or decoration, to preserve their modest character and close connection with everyday village life.<\/p>\n<p>Jan Puk, the only contemporary artist practicing the Lasowiak tradition of wooden toymaking in this area, continues this tradition. He makes both simple forms, such as birds, whistles, and rattles, often carved from a single piece of wood, as well as more complex structures: spinning tops, baby walkers, and mechanical scenes depicting life in the old Lasowiacy countryside, including woodcutters, blacksmiths, and cabbage shredding. These multi-component, movable toys, which have won numerous awards in competitions, recreate old activities and tools and also serve an educational purpose.<\/p>\n<p>The toymaking process continues throughout the year, guided by the rhythms of nature. The villagers source appropriate types of wood in late winter and spring. These are most often linden and pine. In late autumn and winter, the artisans prepare individual elements in their home workshop. In summer and autumn, they present the toys at various festivals and fairs.<\/p>\n<p>Rural Lasowiak toys exhibit a clearly defined craftsmanship, rooted in local tradition and intergenerational transmission. They are made exclusively from natural materials, without any metal, plastic, or decorative elements. Following old patterns, individual parts are joined by gluing and wedging, without nails or pins. The basic tool remains the knife, used for shaping, finishing, and decorating the forms. However, since the 1980s, Jan Puk has also used mechanical tools, adapting them each time to his own needs.<\/p>\n<p>Lasowiak toymaking in the fork of the Vistula and San rivers is a rare phenomenon. However, it is still alive in the work of a single master. Rough, unpainted wooden toys, crafted with respect for old traditions, are a testament to the everyday culture of the Lasowiak village. Today, the toys serve as a reminder of old crafts, man&#8217;s relationship with nature, and the region&#8217;s local cultural identity, constituting an important element of the intangible cultural heritage of the northern Podkarpacie region.<\/p>\n<p>[\/et_pb_toggle][\/et_pb_column][\/et_pb_row][\/et_pb_section][et_pb_section fb_built=&#8221;1&#8243; _builder_version=&#8221;4.7.4&#8243; _module_preset=&#8221;default&#8221; custom_margin=&#8221;43px||||false|false&#8221; custom_padding=&#8221;0px||0px||false|false&#8221; global_module=&#8221;353&#8243; saved_tabs=&#8221;all&#8221; global_colors_info=&#8221;{}&#8221;][et_pb_row column_structure=&#8221;1_3,1_3,1_3&#8243; use_custom_gutter=&#8221;on&#8221; gutter_width=&#8221;1&#8243; disabled_on=&#8221;on|on|on&#8221; _builder_version=&#8221;4.16&#8243; _module_preset=&#8221;default&#8221; background_color=&#8221;rgba(0,0,0,0)&#8221; width=&#8221;100%&#8221; max_width=&#8221;2560px&#8221; custom_padding=&#8221;0px||0px||false|false&#8221; disabled=&#8221;on&#8221; global_colors_info=&#8221;{}&#8221;][et_pb_column type=&#8221;1_3&#8243; _builder_version=&#8221;4.16&#8243; _module_preset=&#8221;default&#8221; background_color=&#8221;#e52330&#8243; global_colors_info=&#8221;{}&#8221;][et_pb_blurb title=&#8221;Logotypy NID&#8221; url_new_window=&#8221;on&#8221; use_icon=&#8221;on&#8221; font_icon=&#8221;&#xe004;||divi||400&#8243; icon_color=&#8221;#FFFFFF&#8221; icon_placement=&#8221;left&#8221; image_icon_width=&#8221;50px&#8221; module_class=&#8221;bigButtonModules&#8221; _builder_version=&#8221;4.27.2&#8243; _module_preset=&#8221;default&#8221; header_level=&#8221;h3&#8243; header_font=&#8221;|700|||||||&#8221; header_text_color=&#8221;#ffffff&#8221; body_text_color=&#8221;#ffffff&#8221; background_color=&#8221;#e52330&#8243; custom_margin=&#8221;||22px||false|false&#8221; custom_padding=&#8221;25px|25px|25px|25px|false|false&#8221; animation=&#8221;off&#8221; link_option_url=&#8221;https:\/\/nid.pl\/logotypy\/&#8221; link_option_url_new_window=&#8221;on&#8221; custom_css_blurb_image=&#8221;padding-right: 20px;||vertical-align: middle;&#8221; icon_font_size=&#8221;50px&#8221; global_colors_info=&#8221;{}&#8221;]<\/p>\n<p>Pobierz znaki promocyjne Narodowego Instytutu Dziedzictwa<\/p>\n<p>[\/et_pb_blurb][\/et_pb_column][et_pb_column type=&#8221;1_3&#8243; _builder_version=&#8221;4.16&#8243; _module_preset=&#8221;default&#8221; background_color=&#8221;#e52330&#8243; global_colors_info=&#8221;{}&#8221;][et_pb_blurb title=&#8221;Ksi\u0119garnia NID&#8221; url_new_window=&#8221;on&#8221; use_icon=&#8221;on&#8221; font_icon=&#8221;&#xe022;||divi||400&#8243; icon_color=&#8221;#FFFFFF&#8221; icon_placement=&#8221;left&#8221; image_icon_width=&#8221;50px&#8221; module_class=&#8221;bigButtonModules&#8221; _builder_version=&#8221;4.27.2&#8243; _module_preset=&#8221;default&#8221; header_level=&#8221;h3&#8243; header_font=&#8221;|700|||||||&#8221; header_text_color=&#8221;#ffffff&#8221; body_text_color=&#8221;#ffffff&#8221; background_color=&#8221;#444444&#8243; custom_margin=&#8221;||||false|false&#8221; custom_padding=&#8221;25px|25px|25px|25px|false|false&#8221; animation=&#8221;off&#8221; link_option_url=&#8221;https:\/\/ksiegarnia.nid.pl\/&#8221; link_option_url_new_window=&#8221;on&#8221; custom_css_blurb_image=&#8221;padding-right: 20px;||vertical-align: middle;&#8221; icon_font_size=&#8221;50px&#8221; global_colors_info=&#8221;{}&#8221;]<\/p>\n<p>Sprawd\u017a nasze produkty w ksi\u0119garni. Zamawiaj bez wychodzenia z domu ju\u017c teraz!<\/p>\n<p>[\/et_pb_blurb][\/et_pb_column][et_pb_column type=&#8221;1_3&#8243; _builder_version=&#8221;4.16&#8243; _module_preset=&#8221;default&#8221; background_color=&#8221;#e52330&#8243; global_colors_info=&#8221;{}&#8221;][et_pb_blurb title=&#8221;Platforma szkoleniowa&#8221; url_new_window=&#8221;on&#8221; use_icon=&#8221;on&#8221; font_icon=&#8221;&#xe0e9;||divi||400&#8243; icon_color=&#8221;#FFFFFF&#8221; icon_placement=&#8221;left&#8221; image_icon_width=&#8221;50px&#8221; module_class=&#8221;bigButtonModules&#8221; _builder_version=&#8221;4.27.2&#8243; _module_preset=&#8221;default&#8221; header_level=&#8221;h3&#8243; header_font=&#8221;|700|||||||&#8221; header_text_color=&#8221;#ffffff&#8221; body_text_color=&#8221;#ffffff&#8221; background_color=&#8221;#6b6b6b&#8221; custom_margin=&#8221;||||false|false&#8221; custom_padding=&#8221;25px|25px|25px|25px|false|false&#8221; animation=&#8221;off&#8221; link_option_url=&#8221;https:\/\/szkolenianid.learncom.pl&#8221; link_option_url_new_window=&#8221;on&#8221; custom_css_blurb_image=&#8221;padding-right: 20px;||vertical-align: middle;&#8221; icon_font_size=&#8221;50px&#8221; global_colors_info=&#8221;{}&#8221;]<\/p>\n<p>Zapisz si\u0119 na nasz\u0105 platform\u0119 e-szkoleniow\u0105 i dowiedz si\u0119 jak zarz\u0105dza\u0107 dziedzictwem i wykorzysta\u0107 jego potencja\u0142.<\/p>\n<p>[\/et_pb_blurb][\/et_pb_column][\/et_pb_row][\/et_pb_section]<\/p>","protected":false},"excerpt":{"rendered":"<p>\u2190Powr\u00f3t Ratyfikowana przez Polsk\u0119 Konwencja UNESCO w sprawie ochrony niematerialnego dziedzictwa kulturowego z 2003 r. nak\u0142ada na Pa\u0144stwa-Strony obowi\u0105zek inwentaryzacji przejaw\u00f3w tego dziedzictwa znajduj\u0105cych si\u0119 na ich terytoriach zgodnie z [&hellip;]<\/p>","protected":false},"author":4,"featured_media":0,"parent":0,"menu_order":0,"comment_status":"closed","ping_status":"closed","template":"","meta":{"_et_pb_use_builder":"on","_et_pb_old_content":"","_et_gb_content_width":"","_monsterinsights_skip_tracking":false,"_monsterinsights_sitenote_active":false,"_monsterinsights_sitenote_note":"","_monsterinsights_sitenote_category":0,"footnotes":""},"class_list":["post-5387","page","type-page","status-publish","hentry"],"yoast_head":"<!-- This site is optimized with the Yoast SEO plugin v26.5 - https:\/\/yoast.com\/wordpress\/plugins\/seo\/ -->\n<title>Krajowa Lista Niematerialnego Dziedzictwa Kulturowego - NID<\/title>\n<meta name=\"robots\" content=\"index, follow, max-snippet:-1, max-image-preview:large, max-video-preview:-1\" \/>\n<link rel=\"canonical\" href=\"https:\/\/niematerialne.nid.pl\/en\/krajowa-lista-niematerialnego-dziedzictwa-kulturowego\/\" \/>\n<meta property=\"og:locale\" content=\"en_GB\" \/>\n<meta property=\"og:type\" content=\"article\" \/>\n<meta property=\"og:title\" content=\"Krajowa Lista Niematerialnego Dziedzictwa Kulturowego - NID\" \/>\n<meta property=\"og:description\" content=\"\u2190Powr\u00f3t Ratyfikowana przez Polsk\u0119 Konwencja UNESCO w sprawie ochrony niematerialnego dziedzictwa kulturowego z 2003 r. nak\u0142ada na Pa\u0144stwa-Strony obowi\u0105zek inwentaryzacji przejaw\u00f3w tego dziedzictwa znajduj\u0105cych si\u0119 na ich terytoriach zgodnie z [&hellip;]\" \/>\n<meta property=\"og:url\" content=\"https:\/\/niematerialne.nid.pl\/en\/krajowa-lista-niematerialnego-dziedzictwa-kulturowego\/\" \/>\n<meta property=\"og:site_name\" content=\"NID\" \/>\n<meta property=\"article:modified_time\" content=\"2026-02-26T16:02:15+00:00\" \/>\n<meta property=\"og:image\" content=\"https:\/\/niematerialne.nid.pl\/wp-content\/uploads\/2023\/01\/Rusznikarstwo-artystyczne-i-historyczne-wyroby-wedlug-tradycyjnej-szkoly-cieszynskiej.jpg\" \/>\n<meta name=\"twitter:card\" content=\"summary_large_image\" \/>\n<script type=\"application\/ld+json\" class=\"yoast-schema-graph\">{\"@context\":\"https:\/\/schema.org\",\"@graph\":[{\"@type\":\"WebPage\",\"@id\":\"https:\/\/niematerialne.nid.pl\/krajowa-lista-niematerialnego-dziedzictwa-kulturowego\/\",\"url\":\"https:\/\/niematerialne.nid.pl\/krajowa-lista-niematerialnego-dziedzictwa-kulturowego\/\",\"name\":\"Krajowa Lista Niematerialnego Dziedzictwa Kulturowego - NID\",\"isPartOf\":{\"@id\":\"https:\/\/niematerialne.nid.pl\/#website\"},\"primaryImageOfPage\":{\"@id\":\"https:\/\/niematerialne.nid.pl\/krajowa-lista-niematerialnego-dziedzictwa-kulturowego\/#primaryimage\"},\"image\":{\"@id\":\"https:\/\/niematerialne.nid.pl\/krajowa-lista-niematerialnego-dziedzictwa-kulturowego\/#primaryimage\"},\"thumbnailUrl\":\"https:\/\/niematerialne.nid.pl\/wp-content\/uploads\/2023\/01\/Rusznikarstwo-artystyczne-i-historyczne-wyroby-wedlug-tradycyjnej-szkoly-cieszynskiej.jpg\",\"datePublished\":\"2022-12-15T08:05:07+00:00\",\"dateModified\":\"2026-02-26T16:02:15+00:00\",\"inLanguage\":\"en-GB\",\"potentialAction\":[{\"@type\":\"ReadAction\",\"target\":[\"https:\/\/niematerialne.nid.pl\/krajowa-lista-niematerialnego-dziedzictwa-kulturowego\/\"]}]},{\"@type\":\"ImageObject\",\"inLanguage\":\"en-GB\",\"@id\":\"https:\/\/niematerialne.nid.pl\/krajowa-lista-niematerialnego-dziedzictwa-kulturowego\/#primaryimage\",\"url\":\"https:\/\/niematerialne.nid.pl\/wp-content\/uploads\/2023\/01\/Rusznikarstwo-artystyczne-i-historyczne-wyroby-wedlug-tradycyjnej-szkoly-cieszynskiej.jpg\",\"contentUrl\":\"https:\/\/niematerialne.nid.pl\/wp-content\/uploads\/2023\/01\/Rusznikarstwo-artystyczne-i-historyczne-wyroby-wedlug-tradycyjnej-szkoly-cieszynskiej.jpg\"},{\"@type\":\"WebSite\",\"@id\":\"https:\/\/niematerialne.nid.pl\/#website\",\"url\":\"https:\/\/niematerialne.nid.pl\/\",\"name\":\"NID\",\"description\":\"Narodowy Instytut Dziedzictwa\",\"publisher\":{\"@id\":\"https:\/\/niematerialne.nid.pl\/#organization\"},\"potentialAction\":[{\"@type\":\"SearchAction\",\"target\":{\"@type\":\"EntryPoint\",\"urlTemplate\":\"https:\/\/niematerialne.nid.pl\/?s={search_term_string}\"},\"query-input\":{\"@type\":\"PropertyValueSpecification\",\"valueRequired\":true,\"valueName\":\"search_term_string\"}}],\"inLanguage\":\"en-GB\"},{\"@type\":\"Organization\",\"@id\":\"https:\/\/niematerialne.nid.pl\/#organization\",\"name\":\"NID\",\"url\":\"https:\/\/niematerialne.nid.pl\/\",\"logo\":{\"@type\":\"ImageObject\",\"inLanguage\":\"en-GB\",\"@id\":\"https:\/\/niematerialne.nid.pl\/#\/schema\/logo\/image\/\",\"url\":\"https:\/\/niematerialne.nid.pl\/wp-content\/uploads\/2022\/10\/logoRedDark.png\",\"contentUrl\":\"https:\/\/niematerialne.nid.pl\/wp-content\/uploads\/2022\/10\/logoRedDark.png\",\"width\":200,\"height\":197,\"caption\":\"NID\"},\"image\":{\"@id\":\"https:\/\/niematerialne.nid.pl\/#\/schema\/logo\/image\/\"}}]}<\/script>\n<!-- \/ Yoast SEO plugin. -->","yoast_head_json":{"title":"Krajowa Lista Niematerialnego Dziedzictwa Kulturowego - NID","robots":{"index":"index","follow":"follow","max-snippet":"max-snippet:-1","max-image-preview":"max-image-preview:large","max-video-preview":"max-video-preview:-1"},"canonical":"https:\/\/niematerialne.nid.pl\/en\/krajowa-lista-niematerialnego-dziedzictwa-kulturowego\/","og_locale":"en_GB","og_type":"article","og_title":"Krajowa Lista Niematerialnego Dziedzictwa Kulturowego - NID","og_description":"\u2190Powr\u00f3t Ratyfikowana przez Polsk\u0119 Konwencja UNESCO w sprawie ochrony niematerialnego dziedzictwa kulturowego z 2003 r. nak\u0142ada na Pa\u0144stwa-Strony obowi\u0105zek inwentaryzacji przejaw\u00f3w tego dziedzictwa znajduj\u0105cych si\u0119 na ich terytoriach zgodnie z [&hellip;]","og_url":"https:\/\/niematerialne.nid.pl\/en\/krajowa-lista-niematerialnego-dziedzictwa-kulturowego\/","og_site_name":"NID","article_modified_time":"2026-02-26T16:02:15+00:00","og_image":[{"url":"https:\/\/niematerialne.nid.pl\/wp-content\/uploads\/2023\/01\/Rusznikarstwo-artystyczne-i-historyczne-wyroby-wedlug-tradycyjnej-szkoly-cieszynskiej.jpg","type":"","width":"","height":""}],"twitter_card":"summary_large_image","schema":{"@context":"https:\/\/schema.org","@graph":[{"@type":"WebPage","@id":"https:\/\/niematerialne.nid.pl\/krajowa-lista-niematerialnego-dziedzictwa-kulturowego\/","url":"https:\/\/niematerialne.nid.pl\/krajowa-lista-niematerialnego-dziedzictwa-kulturowego\/","name":"Krajowa Lista Niematerialnego Dziedzictwa Kulturowego - NID","isPartOf":{"@id":"https:\/\/niematerialne.nid.pl\/#website"},"primaryImageOfPage":{"@id":"https:\/\/niematerialne.nid.pl\/krajowa-lista-niematerialnego-dziedzictwa-kulturowego\/#primaryimage"},"image":{"@id":"https:\/\/niematerialne.nid.pl\/krajowa-lista-niematerialnego-dziedzictwa-kulturowego\/#primaryimage"},"thumbnailUrl":"https:\/\/niematerialne.nid.pl\/wp-content\/uploads\/2023\/01\/Rusznikarstwo-artystyczne-i-historyczne-wyroby-wedlug-tradycyjnej-szkoly-cieszynskiej.jpg","datePublished":"2022-12-15T08:05:07+00:00","dateModified":"2026-02-26T16:02:15+00:00","inLanguage":"en-GB","potentialAction":[{"@type":"ReadAction","target":["https:\/\/niematerialne.nid.pl\/krajowa-lista-niematerialnego-dziedzictwa-kulturowego\/"]}]},{"@type":"ImageObject","inLanguage":"en-GB","@id":"https:\/\/niematerialne.nid.pl\/krajowa-lista-niematerialnego-dziedzictwa-kulturowego\/#primaryimage","url":"https:\/\/niematerialne.nid.pl\/wp-content\/uploads\/2023\/01\/Rusznikarstwo-artystyczne-i-historyczne-wyroby-wedlug-tradycyjnej-szkoly-cieszynskiej.jpg","contentUrl":"https:\/\/niematerialne.nid.pl\/wp-content\/uploads\/2023\/01\/Rusznikarstwo-artystyczne-i-historyczne-wyroby-wedlug-tradycyjnej-szkoly-cieszynskiej.jpg"},{"@type":"WebSite","@id":"https:\/\/niematerialne.nid.pl\/#website","url":"https:\/\/niematerialne.nid.pl\/","name":"NID","description":"Narodowy Instytut Dziedzictwa","publisher":{"@id":"https:\/\/niematerialne.nid.pl\/#organization"},"potentialAction":[{"@type":"SearchAction","target":{"@type":"EntryPoint","urlTemplate":"https:\/\/niematerialne.nid.pl\/?s={search_term_string}"},"query-input":{"@type":"PropertyValueSpecification","valueRequired":true,"valueName":"search_term_string"}}],"inLanguage":"en-GB"},{"@type":"Organization","@id":"https:\/\/niematerialne.nid.pl\/#organization","name":"NID","url":"https:\/\/niematerialne.nid.pl\/","logo":{"@type":"ImageObject","inLanguage":"en-GB","@id":"https:\/\/niematerialne.nid.pl\/#\/schema\/logo\/image\/","url":"https:\/\/niematerialne.nid.pl\/wp-content\/uploads\/2022\/10\/logoRedDark.png","contentUrl":"https:\/\/niematerialne.nid.pl\/wp-content\/uploads\/2022\/10\/logoRedDark.png","width":200,"height":197,"caption":"NID"},"image":{"@id":"https:\/\/niematerialne.nid.pl\/#\/schema\/logo\/image\/"}}]}},"_links":{"self":[{"href":"https:\/\/niematerialne.nid.pl\/en\/wp-json\/wp\/v2\/pages\/5387","targetHints":{"allow":["GET"]}}],"collection":[{"href":"https:\/\/niematerialne.nid.pl\/en\/wp-json\/wp\/v2\/pages"}],"about":[{"href":"https:\/\/niematerialne.nid.pl\/en\/wp-json\/wp\/v2\/types\/page"}],"author":[{"embeddable":true,"href":"https:\/\/niematerialne.nid.pl\/en\/wp-json\/wp\/v2\/users\/4"}],"replies":[{"embeddable":true,"href":"https:\/\/niematerialne.nid.pl\/en\/wp-json\/wp\/v2\/comments?post=5387"}],"version-history":[{"count":102,"href":"https:\/\/niematerialne.nid.pl\/en\/wp-json\/wp\/v2\/pages\/5387\/revisions"}],"predecessor-version":[{"id":23365,"href":"https:\/\/niematerialne.nid.pl\/en\/wp-json\/wp\/v2\/pages\/5387\/revisions\/23365"}],"wp:attachment":[{"href":"https:\/\/niematerialne.nid.pl\/en\/wp-json\/wp\/v2\/media?parent=5387"}],"curies":[{"name":"wp","href":"https:\/\/api.w.org\/{rel}","templated":true}]}}