{"id":2688,"date":"2021-11-18T12:51:04","date_gmt":"2021-11-18T11:51:04","guid":{"rendered":"https:\/\/niematerialne.nid.pl\/?post_type=tribe_events&#038;p=2688"},"modified":"2021-11-18T13:14:10","modified_gmt":"2021-11-18T12:14:10","slug":"zarzadzanie-dziedzictwem-lokalnym-dziedzictwo-w-rewitalizacji","status":"publish","type":"tribe_events","link":"https:\/\/niematerialne.nid.pl\/en\/wydarzenie\/zarzadzanie-dziedzictwem-lokalnym-dziedzictwo-w-rewitalizacji\/","title":{"rendered":"Szkolenie dla gmin z woj. mazowieckiego &#8211; Dzie\u0144 1"},"content":{"rendered":"<p>[et_pb_section admin_label=&#8221;section&#8221;]<br \/>\n\t\t\t[et_pb_row admin_label=&#8221;row&#8221;]<br \/>\n\t\t\t\t[et_pb_column type=&#8221;4_4&#8243;][et_pb_text admin_label=&#8221;Text&#8221;]<strong>Szkolenie \u201eZarz\u0105dzanie dziedzictwem lokalnym i ujmowanie dziedzictwa w rewitalizacji\u201d dla gmin z woj. mazowieckiego &#8211; Dzie\u0144 1<\/strong><\/p>\n<p>Program:<\/p>\n<p>10.00-10.45: Wprowadzenie do zagadnie\u0144 zwi\u0105zanych z dziedzictwem, Aleksandra Chabiera<\/p>\n<p>10.45-11.00: przerwa<\/p>\n<p>11.00-13.00: Prawo ochrony zabytk\u00f3w, mec. Jacek Brudnicki<\/p>\n<p>&nbsp;<\/p>\n<p class=\"x_MsoNormal\">Szkolenie przeznaczone jest g\u0142\u00f3wnie dla urz\u0119dnik\u00f3w gminnych odpowiedzialnych za zabytki, rozw\u00f3j gospodarczy, promocj\u0119, kultur\u0119 i planowanie przestrzenne. Zapraszamy tak\u017ce przedstawicieli lokalnych i regionalnych instytucji kultury, organizacji pozarz\u0105dowych, muze\u00f3w, przedsi\u0119biorc\u00f3w, aktywist\u00f3w. Zarz\u0105dzanie dziedzictwem wymaga wsp\u00f3\u0142pracy wielu lokalnych \u00a0podmiot\u00f3w &#8211; dziedzictwo jest obecne w wielu dziedzinach \u017cycia gminy.<\/p>\n<p class=\"x_MsoNormal\">Szkolenie jest interdyscyplinarne, prowadzone przez ekspert\u00f3w z r\u00f3\u017cnych dziedzin. Pokazujemy, jak je efektywnie wykorzysta\u0107 dziedzictwo w rozwoju lokalnym.<\/p>\n<p class=\"x_MsoNormal\">Szkolenie dla zarejestrowanych uczestnik\u00f3w odb\u0119dzie si\u0119 online w trybie modu\u0142owym, w dniach 25 i 29 listopada oraz 1, 3 i 6 grudnia br.<\/p>\n<p class=\"x_MsoNormal\">Nale\u017cy zarejestrowa\u0107 si\u0119 na ka\u017cdy dzie\u0144 szkoleniowy oddzielnie. System rejestruje obecno\u015b\u0107 zapisanych uczestnik\u00f3w na szkoleniu w kolejnych dniach, co pozwala na wydanie certyfikat\u00f3w uczestnictwa zainteresowanym osobom.<\/p>\n<p class=\"x_MsoNormal\">Linki rejestracyjne:<\/p>\n<p class=\"x_MsoNormal\">Dzie\u0144 1:\u00a0<span class=\"x_roleattendee\"><a href=\"https:\/\/app.livewebinar.com\/127-668-375\" target=\"_blank\" rel=\"noopener noreferrer\" data-auth=\"NotApplicable\" data-linkindex=\"0\">https:\/\/app.livewebinar.com\/127-668-375<\/a><\/span><\/p>\n<p class=\"x_MsoNormal\"><span class=\"x_roleattendee\">Dzie\u0144 2:\u00a0<a href=\"https:\/\/app.livewebinar.com\/276-045-686\" target=\"_blank\" rel=\"noopener noreferrer\" data-auth=\"NotApplicable\" data-linkindex=\"1\">https:\/\/app.livewebinar.com\/276-045-686<\/a><\/span><\/p>\n<p class=\"x_MsoNormal\">Dzie\u0144 3:\u00a0<span class=\"x_roleattendee\"><a href=\"https:\/\/app.livewebinar.com\/815-690-314\" target=\"_blank\" rel=\"noopener noreferrer\" data-auth=\"NotApplicable\" data-linkindex=\"2\">https:\/\/app.livewebinar.com\/815-690-314<\/a><\/span><\/p>\n<p class=\"x_MsoNormal\"><span class=\"x_roleattendee\">Dzie\u0144 4:\u00a0<a href=\"https:\/\/app.livewebinar.com\/199-293-472\" target=\"_blank\" rel=\"noopener noreferrer\" data-auth=\"NotApplicable\" data-linkindex=\"3\">https:\/\/app.livewebinar.com\/199-293-472<\/a><\/span><\/p>\n<p class=\"x_MsoNormal\"><span class=\"x_roleattendee\">Dzie\u0144 5:\u00a0<a href=\"https:\/\/app.livewebinar.com\/536-742-284\" target=\"_blank\" rel=\"noopener noreferrer\" data-auth=\"NotApplicable\" data-linkindex=\"4\">https:\/\/app.livewebinar.com\/536-742-284<\/a><\/span><\/p>\n<p class=\"x_MsoNormal\">Szkolenie jest bezp\u0142atne i nie ma limit\u00f3w liczby zg\u0142osze\u0144 z jednej organizacji.<\/p>\n<p class=\"x_MsoNormal\">W razie pyta\u0144 prosimy o kontakt: Aleksandra Chabiera, e-mail:\u00a0<a href=\"mailto:achabiera@niematerialne.nid.pl\" target=\"_blank\" rel=\"noopener noreferrer\" data-auth=\"NotApplicable\" data-linkindex=\"5\">achabiera@niematerialne.nid.pl<\/a><\/p>\n<p>[\/et_pb_text][\/et_pb_column]<br \/>\n\t\t\t[\/et_pb_row]<br \/>\n\t\t[\/et_pb_section]<\/p>","protected":false},"excerpt":{"rendered":"<p>Szkolenie \u201eZarz\u0105dzanie dziedzictwem lokalnym i ujmowanie dziedzictwa w rewitalizacji\u201d dla gmin z woj. mazowieckiego &#8211; Dzie\u0144 1 Program: 10.00-10.45: Wprowadzenie do zagadnie\u0144 zwi\u0105zanych z dziedzictwem, Aleksandra Chabiera 10.45-11.00: przerwa 11.00-13.00: [&hellip;]<\/p>","protected":false},"author":1,"featured_media":0,"template":"","meta":{"_et_pb_use_builder":"on","_et_pb_old_content":"<strong>Szkolenie \u201eZarz\u0105dzanie dziedzictwem lokalnym i ujmowanie dziedzictwa w rewitalizacji\u201d dla gmin z woj. mazowieckiego - Dzie\u0144 1<\/strong>\r\n\r\nProgram:\r\n\r\n10.00-10.45: Wprowadzenie do zagadnie\u0144 zwi\u0105zanych z dziedzictwem, Aleksandra Chabiera\r\n\r\n10.45-11.00: przerwa\r\n\r\n11.00-13.00: Prawo ochrony zabytk\u00f3w, mec. Jacek Brudnicki\r\n\r\n&nbsp;\r\n<p class=\"x_MsoNormal\">Szkolenie przeznaczone jest g\u0142\u00f3wnie dla urz\u0119dnik\u00f3w gminnych odpowiedzialnych za zabytki, rozw\u00f3j gospodarczy, promocj\u0119, kultur\u0119 i planowanie przestrzenne. Zapraszamy tak\u017ce przedstawicieli lokalnych i regionalnych instytucji kultury, organizacji pozarz\u0105dowych, muze\u00f3w, przedsi\u0119biorc\u00f3w, aktywist\u00f3w. Zarz\u0105dzanie dziedzictwem wymaga wsp\u00f3\u0142pracy wielu lokalnych \u00a0podmiot\u00f3w - dziedzictwo jest obecne w wielu dziedzinach \u017cycia gminy.<\/p>\r\n<p class=\"x_MsoNormal\">Szkolenie jest interdyscyplinarne, prowadzone przez ekspert\u00f3w z r\u00f3\u017cnych dziedzin. Pokazujemy, jak je efektywnie wykorzysta\u0107 dziedzictwo w rozwoju lokalnym.<\/p>\r\n<p class=\"x_MsoNormal\">Szkolenie dla zarejestrowanych uczestnik\u00f3w odb\u0119dzie si\u0119 online w trybie modu\u0142owym, w dniach 25 i 29 listopada oraz 1, 3 i 6 grudnia br.<\/p>\r\n<p class=\"x_MsoNormal\">Nale\u017cy zarejestrowa\u0107 si\u0119 na ka\u017cdy dzie\u0144 szkoleniowy oddzielnie. System rejestruje obecno\u015b\u0107 zapisanych uczestnik\u00f3w na szkoleniu w kolejnych dniach, co pozwala na wydanie certyfikat\u00f3w uczestnictwa zainteresowanym osobom.<\/p>\r\n<p class=\"x_MsoNormal\">Linki rejestracyjne:<\/p>\r\n<p class=\"x_MsoNormal\">Dzie\u0144 1:\u00a0<span class=\"x_roleattendee\"><a href=\"https:\/\/app.livewebinar.com\/127-668-375\" target=\"_blank\" rel=\"noopener noreferrer\" data-auth=\"NotApplicable\" data-linkindex=\"0\">https:\/\/app.livewebinar.com\/127-668-375<\/a><\/span><\/p>\r\n<p class=\"x_MsoNormal\"><span class=\"x_roleattendee\">Dzie\u0144 2:\u00a0<a href=\"https:\/\/app.livewebinar.com\/276-045-686\" target=\"_blank\" rel=\"noopener noreferrer\" data-auth=\"NotApplicable\" data-linkindex=\"1\">https:\/\/app.livewebinar.com\/276-045-686<\/a><\/span><\/p>\r\n<p class=\"x_MsoNormal\">Dzie\u0144 3:\u00a0<span class=\"x_roleattendee\"><a href=\"https:\/\/app.livewebinar.com\/815-690-314\" target=\"_blank\" rel=\"noopener noreferrer\" data-auth=\"NotApplicable\" data-linkindex=\"2\">https:\/\/app.livewebinar.com\/815-690-314<\/a><\/span><\/p>\r\n<p class=\"x_MsoNormal\"><span class=\"x_roleattendee\">Dzie\u0144 4:\u00a0<a href=\"https:\/\/app.livewebinar.com\/199-293-472\" target=\"_blank\" rel=\"noopener noreferrer\" data-auth=\"NotApplicable\" data-linkindex=\"3\">https:\/\/app.livewebinar.com\/199-293-472<\/a><\/span><\/p>\r\n<p class=\"x_MsoNormal\"><span class=\"x_roleattendee\">Dzie\u0144 5:\u00a0<a href=\"https:\/\/app.livewebinar.com\/536-742-284\" target=\"_blank\" rel=\"noopener noreferrer\" data-auth=\"NotApplicable\" data-linkindex=\"4\">https:\/\/app.livewebinar.com\/536-742-284<\/a><\/span><\/p>\r\n<p class=\"x_MsoNormal\">Szkolenie jest bezp\u0142atne i nie ma limit\u00f3w liczby zg\u0142osze\u0144 z jednej organizacji.<\/p>\r\n<p class=\"x_MsoNormal\">W razie pyta\u0144 prosimy o kontakt: Aleksandra Chabiera, e-mail:\u00a0<a href=\"mailto:achabiera@niematerialne.nid.pl\" target=\"_blank\" rel=\"noopener noreferrer\" data-auth=\"NotApplicable\" data-linkindex=\"5\">achabiera@niematerialne.nid.pl<\/a><\/p>","_et_gb_content_width":"","_monsterinsights_skip_tracking":false,"_monsterinsights_sitenote_active":false,"_monsterinsights_sitenote_note":"","_monsterinsights_sitenote_category":0,"_tribe_events_status":"","_tribe_events_status_reason":"","footnotes":""},"tags":[],"tribe_events_cat":[],"class_list":["post-2688","tribe_events","type-tribe_events","status-publish","hentry"],"yoast_head":"<!-- This site is optimized with the Yoast SEO plugin v26.5 - https:\/\/yoast.com\/wordpress\/plugins\/seo\/ -->\n<title>Szkolenie dla gmin z woj. mazowieckiego - Dzie\u0144 1 - NID<\/title>\n<meta name=\"robots\" content=\"index, follow, max-snippet:-1, max-image-preview:large, max-video-preview:-1\" \/>\n<link rel=\"canonical\" href=\"https:\/\/niematerialne.nid.pl\/en\/wydarzenie\/zarzadzanie-dziedzictwem-lokalnym-dziedzictwo-w-rewitalizacji\/\" \/>\n<meta property=\"og:locale\" content=\"en_GB\" \/>\n<meta property=\"og:type\" content=\"article\" \/>\n<meta property=\"og:title\" content=\"Szkolenie dla gmin z woj. mazowieckiego - Dzie\u0144 1 - NID\" \/>\n<meta property=\"og:description\" content=\"Szkolenie \u201eZarz\u0105dzanie dziedzictwem lokalnym i ujmowanie dziedzictwa w rewitalizacji\u201d dla gmin z woj. mazowieckiego - Dzie\u0144 1 Program: 10.00-10.45: Wprowadzenie do zagadnie\u0144 zwi\u0105zanych z dziedzictwem, Aleksandra Chabiera 10.45-11.00: przerwa 11.00-13.00: [&hellip;]\" \/>\n<meta property=\"og:url\" content=\"https:\/\/niematerialne.nid.pl\/en\/wydarzenie\/zarzadzanie-dziedzictwem-lokalnym-dziedzictwo-w-rewitalizacji\/\" \/>\n<meta property=\"og:site_name\" content=\"NID\" \/>\n<meta property=\"article:modified_time\" content=\"2021-11-18T12:14:10+00:00\" \/>\n<meta name=\"twitter:card\" content=\"summary_large_image\" \/>\n<meta name=\"twitter:label1\" content=\"Estimated reading time\" \/>\n\t<meta name=\"twitter:data1\" content=\"1 minute\" \/>\n<script type=\"application\/ld+json\" class=\"yoast-schema-graph\">{\"@context\":\"https:\/\/schema.org\",\"@graph\":[{\"@type\":\"WebPage\",\"@id\":\"https:\/\/niematerialne.nid.pl\/wydarzenie\/zarzadzanie-dziedzictwem-lokalnym-dziedzictwo-w-rewitalizacji\/\",\"url\":\"https:\/\/niematerialne.nid.pl\/wydarzenie\/zarzadzanie-dziedzictwem-lokalnym-dziedzictwo-w-rewitalizacji\/\",\"name\":\"Szkolenie dla gmin z woj. mazowieckiego - Dzie\u0144 1 - NID\",\"isPartOf\":{\"@id\":\"https:\/\/niematerialne.nid.pl\/#website\"},\"datePublished\":\"2021-11-18T11:51:04+00:00\",\"dateModified\":\"2021-11-18T12:14:10+00:00\",\"breadcrumb\":{\"@id\":\"https:\/\/niematerialne.nid.pl\/wydarzenie\/zarzadzanie-dziedzictwem-lokalnym-dziedzictwo-w-rewitalizacji\/#breadcrumb\"},\"inLanguage\":\"en-GB\",\"potentialAction\":[{\"@type\":\"ReadAction\",\"target\":[\"https:\/\/niematerialne.nid.pl\/wydarzenie\/zarzadzanie-dziedzictwem-lokalnym-dziedzictwo-w-rewitalizacji\/\"]}]},{\"@type\":\"BreadcrumbList\",\"@id\":\"https:\/\/niematerialne.nid.pl\/wydarzenie\/zarzadzanie-dziedzictwem-lokalnym-dziedzictwo-w-rewitalizacji\/#breadcrumb\",\"itemListElement\":[{\"@type\":\"ListItem\",\"position\":1,\"name\":\"Wydarzenia\",\"item\":\"https:\/\/niematerialne.nid.pl\/wydarzenia\/\"},{\"@type\":\"ListItem\",\"position\":2,\"name\":\"Szkolenie dla gmin z woj. mazowieckiego &#8211; Dzie\u0144 1\"}]},{\"@type\":\"WebSite\",\"@id\":\"https:\/\/niematerialne.nid.pl\/#website\",\"url\":\"https:\/\/niematerialne.nid.pl\/\",\"name\":\"NID\",\"description\":\"Narodowy Instytut Dziedzictwa\",\"publisher\":{\"@id\":\"https:\/\/niematerialne.nid.pl\/#organization\"},\"potentialAction\":[{\"@type\":\"SearchAction\",\"target\":{\"@type\":\"EntryPoint\",\"urlTemplate\":\"https:\/\/niematerialne.nid.pl\/?s={search_term_string}\"},\"query-input\":{\"@type\":\"PropertyValueSpecification\",\"valueRequired\":true,\"valueName\":\"search_term_string\"}}],\"inLanguage\":\"en-GB\"},{\"@type\":\"Organization\",\"@id\":\"https:\/\/niematerialne.nid.pl\/#organization\",\"name\":\"NID\",\"url\":\"https:\/\/niematerialne.nid.pl\/\",\"logo\":{\"@type\":\"ImageObject\",\"inLanguage\":\"en-GB\",\"@id\":\"https:\/\/niematerialne.nid.pl\/#\/schema\/logo\/image\/\",\"url\":\"https:\/\/niematerialne.nid.pl\/wp-content\/uploads\/2022\/10\/logoRedDark.png\",\"contentUrl\":\"https:\/\/niematerialne.nid.pl\/wp-content\/uploads\/2022\/10\/logoRedDark.png\",\"width\":200,\"height\":197,\"caption\":\"NID\"},\"image\":{\"@id\":\"https:\/\/niematerialne.nid.pl\/#\/schema\/logo\/image\/\"}}]}<\/script>\n<!-- \/ Yoast SEO plugin. -->","yoast_head_json":{"title":"Szkolenie dla gmin z woj. mazowieckiego - Dzie\u0144 1 - NID","robots":{"index":"index","follow":"follow","max-snippet":"max-snippet:-1","max-image-preview":"max-image-preview:large","max-video-preview":"max-video-preview:-1"},"canonical":"https:\/\/niematerialne.nid.pl\/en\/wydarzenie\/zarzadzanie-dziedzictwem-lokalnym-dziedzictwo-w-rewitalizacji\/","og_locale":"en_GB","og_type":"article","og_title":"Szkolenie dla gmin z woj. mazowieckiego - Dzie\u0144 1 - NID","og_description":"Szkolenie \u201eZarz\u0105dzanie dziedzictwem lokalnym i ujmowanie dziedzictwa w rewitalizacji\u201d dla gmin z woj. mazowieckiego - Dzie\u0144 1 Program: 10.00-10.45: Wprowadzenie do zagadnie\u0144 zwi\u0105zanych z dziedzictwem, Aleksandra Chabiera 10.45-11.00: przerwa 11.00-13.00: [&hellip;]","og_url":"https:\/\/niematerialne.nid.pl\/en\/wydarzenie\/zarzadzanie-dziedzictwem-lokalnym-dziedzictwo-w-rewitalizacji\/","og_site_name":"NID","article_modified_time":"2021-11-18T12:14:10+00:00","twitter_card":"summary_large_image","twitter_misc":{"Estimated reading time":"1 minute"},"schema":{"@context":"https:\/\/schema.org","@graph":[{"@type":"WebPage","@id":"https:\/\/niematerialne.nid.pl\/wydarzenie\/zarzadzanie-dziedzictwem-lokalnym-dziedzictwo-w-rewitalizacji\/","url":"https:\/\/niematerialne.nid.pl\/wydarzenie\/zarzadzanie-dziedzictwem-lokalnym-dziedzictwo-w-rewitalizacji\/","name":"Szkolenie dla gmin z woj. mazowieckiego - Dzie\u0144 1 - NID","isPartOf":{"@id":"https:\/\/niematerialne.nid.pl\/#website"},"datePublished":"2021-11-18T11:51:04+00:00","dateModified":"2021-11-18T12:14:10+00:00","breadcrumb":{"@id":"https:\/\/niematerialne.nid.pl\/wydarzenie\/zarzadzanie-dziedzictwem-lokalnym-dziedzictwo-w-rewitalizacji\/#breadcrumb"},"inLanguage":"en-GB","potentialAction":[{"@type":"ReadAction","target":["https:\/\/niematerialne.nid.pl\/wydarzenie\/zarzadzanie-dziedzictwem-lokalnym-dziedzictwo-w-rewitalizacji\/"]}]},{"@type":"BreadcrumbList","@id":"https:\/\/niematerialne.nid.pl\/wydarzenie\/zarzadzanie-dziedzictwem-lokalnym-dziedzictwo-w-rewitalizacji\/#breadcrumb","itemListElement":[{"@type":"ListItem","position":1,"name":"Wydarzenia","item":"https:\/\/niematerialne.nid.pl\/wydarzenia\/"},{"@type":"ListItem","position":2,"name":"Szkolenie dla gmin z woj. mazowieckiego &#8211; Dzie\u0144 1"}]},{"@type":"WebSite","@id":"https:\/\/niematerialne.nid.pl\/#website","url":"https:\/\/niematerialne.nid.pl\/","name":"NID","description":"Narodowy Instytut Dziedzictwa","publisher":{"@id":"https:\/\/niematerialne.nid.pl\/#organization"},"potentialAction":[{"@type":"SearchAction","target":{"@type":"EntryPoint","urlTemplate":"https:\/\/niematerialne.nid.pl\/?s={search_term_string}"},"query-input":{"@type":"PropertyValueSpecification","valueRequired":true,"valueName":"search_term_string"}}],"inLanguage":"en-GB"},{"@type":"Organization","@id":"https:\/\/niematerialne.nid.pl\/#organization","name":"NID","url":"https:\/\/niematerialne.nid.pl\/","logo":{"@type":"ImageObject","inLanguage":"en-GB","@id":"https:\/\/niematerialne.nid.pl\/#\/schema\/logo\/image\/","url":"https:\/\/niematerialne.nid.pl\/wp-content\/uploads\/2022\/10\/logoRedDark.png","contentUrl":"https:\/\/niematerialne.nid.pl\/wp-content\/uploads\/2022\/10\/logoRedDark.png","width":200,"height":197,"caption":"NID"},"image":{"@id":"https:\/\/niematerialne.nid.pl\/#\/schema\/logo\/image\/"}}]}},"_links":{"self":[{"href":"https:\/\/niematerialne.nid.pl\/en\/wp-json\/wp\/v2\/tribe_events\/2688","targetHints":{"allow":["GET"]}}],"collection":[{"href":"https:\/\/niematerialne.nid.pl\/en\/wp-json\/wp\/v2\/tribe_events"}],"about":[{"href":"https:\/\/niematerialne.nid.pl\/en\/wp-json\/wp\/v2\/types\/tribe_events"}],"author":[{"embeddable":true,"href":"https:\/\/niematerialne.nid.pl\/en\/wp-json\/wp\/v2\/users\/1"}],"version-history":[{"count":0,"href":"https:\/\/niematerialne.nid.pl\/en\/wp-json\/wp\/v2\/tribe_events\/2688\/revisions"}],"wp:attachment":[{"href":"https:\/\/niematerialne.nid.pl\/en\/wp-json\/wp\/v2\/media?parent=2688"}],"wp:term":[{"taxonomy":"post_tag","embeddable":true,"href":"https:\/\/niematerialne.nid.pl\/en\/wp-json\/wp\/v2\/tags?post=2688"},{"taxonomy":"tribe_events_cat","embeddable":true,"href":"https:\/\/niematerialne.nid.pl\/en\/wp-json\/wp\/v2\/tribe_events_cat?post=2688"}],"curies":[{"name":"wp","href":"https:\/\/api.w.org\/{rel}","templated":true}]}}